{"id":47,"date":"2023-05-02T12:49:07","date_gmt":"2023-05-02T10:49:07","guid":{"rendered":"https:\/\/hoyre.no\/osteroy\/?page_id=47"},"modified":"2025-02-14T13:08:56","modified_gmt":"2025-02-14T12:08:56","slug":"politikk","status":"publish","type":"page","link":"https:\/\/hoyre.no\/osteroy\/politikk\/","title":{"rendered":"Politikk"},"content":{"rendered":"\n<div class=\"wp-block-hoyre-hero with-image-gradient text-color-light  has-media alignfull has-background\"><div class=\"hoyre-hero has-image\"><h1 class=\"title\">7 gode grunnar<\/h1><p class=\"preamble\">til at H\u00f8gre er rett parti for deg p\u00e5 Oster\u00f8y.<\/p>\t\t\t<div class=\"post-meta wp-block teft-byline-wrapper\">\n\t\t\t\t<div class=\"top\">\n\t\t\t\t\t<div class=\"signature\">\n\t\t\t\t\t\t<div class=\"teft-byline\">\n\t\t\t\t\t\t\t\t\t\t\t\t\t\t<div>\n\t\t\t\t\t\t\t\t<h3>H\u00f8yres redaksjon<\/h3>\t\t\t\t\t\t\t\t\n\t\t\t\t\t\t\t\t\t\t\t\t\t\t\t\t\t<span class=\"date\">Sist oppdatert: 14. februar 2025<\/span>\n\t\t\t\t\t\t\t\t\t\t\t\t\t\t\t\t\t\t\t\t\t\t\t\t\t<span class=\"reading-time\" itemprop=\"timeRequired\" content=\"PT5M\"><em>Ca. 5 minutter lesetid<\/em><\/span>\n\t\t\t\t\t\t\t\t\t\t\t\t\t\t\t<\/div>\n\t\t\t\t\t\t<\/div>\n\t\t\t\t\t<\/div>\n\t\t\t\t\t\t<div class=\"sharing\">\n\t\t<a class=\"share-button share-link copy-link\" data-copy=\"https:\/\/hoyre.no\/osteroy\/politikk\/\" target=\"_blank\"><span class=\"screen-reader-text\">Del link<\/span><\/a>\n\t\t<a class=\"share-button share-twitter\" href=\"http:\/\/twitter.com\/share?text=Politikk&#038;url=https:\/\/hoyre.no\/osteroy\/politikk\/&#038;hashtags=Hoyre\" target=\"_blank\"><span class=\"screen-reader-text\">Del p\u00e5 twitter<\/span><\/a>\n\t\t<a class=\"share-button share-facebook\" href=\"https:\/\/www.facebook.com\/sharer\/sharer.php?u=https:\/\/hoyre.no\/osteroy\/politikk\/\" target=\"_blank\"><span class=\"screen-reader-text\">Del p\u00e5 facebook<\/span><\/a>\n\t<\/div>\n\t\t\t\t\t<\/div>\n\t\t\t<\/div>\n\n\t\t\t<figure class=\"hoyre-image-wrapper\"><div class=\"hoyre-image\"><img loading=\"lazy\" decoding=\"async\" width=\"2500\" height=\"1272\" src=\"https:\/\/hoyre.no\/content\/uploads\/sites\/324\/2023\/08\/haeddena-mot-nord-scaled.jpg\" class=\"attachment-scaled size-scaled\" alt=\"Utsikt mot Rolland\" style=\"object-position: 50% 50%\" srcset=\"https:\/\/hoyre.no\/content\/uploads\/sites\/324\/2023\/08\/haeddena-mot-nord-scaled.jpg 2500w, https:\/\/hoyre.no\/content\/uploads\/sites\/324\/2023\/08\/haeddena-mot-nord-300x153.jpg 300w, https:\/\/hoyre.no\/content\/uploads\/sites\/324\/2023\/08\/haeddena-mot-nord-1024x521.jpg 1024w, https:\/\/hoyre.no\/content\/uploads\/sites\/324\/2023\/08\/haeddena-mot-nord-768x391.jpg 768w, https:\/\/hoyre.no\/content\/uploads\/sites\/324\/2023\/08\/haeddena-mot-nord-1536x781.jpg 1536w, https:\/\/hoyre.no\/content\/uploads\/sites\/324\/2023\/08\/haeddena-mot-nord-2048x1042.jpg 2048w\" sizes=\"auto, (max-width: 2500px) 100vw, 2500px\" \/><\/div><\/figure><\/div><\/div>\n\n\n\n<div class=\"wp-block-media-text has-media-on-the-right is-stacked-on-mobile is-image-fill alignwide is-style-darkest-blue\"><div class=\"wp-block-media-text__content\">\n<h2 class=\"wp-block-heading\">Moglegheiter for alle p\u00e5 Oster\u00f8y<\/h2>\n\n\n\n<p>H\u00f8gre vil at Oster\u00f8y skal vera ein god kommune \u00e5 leva i og ein attraktiv kommune \u00e5 busetja seg, arbeida og driva bedrifter i.<\/p>\n\n\n\n<p>Me meiner at det er du sj\u00f8lv som veit best kva som er rett for deg. Derfor vil H\u00f8gre kjempa for retten din til \u00e5 velja sj\u00f8lv, og din rett til \u00e5 vera annleis. Fridom er \u00f2g ansvar. Fridom til \u00e5 velja sj\u00f8lv vil seia at ein ogs\u00e5 m\u00e5 ta ansvar for konsekvensane, men samstundes skal alle kjenna p\u00e5 grunnleggjande velferd og tryggleik.<\/p>\n<\/div><figure class=\"wp-block-media-text__media\" style=\"background-image:url('https:\/\/hoyre.no\/content\/uploads\/sites\/324\/2023\/08\/Sebastian-IMG_1140-768x1024.jpeg');background-position:50% 0%\"><img loading=\"lazy\" decoding=\"async\" width=\"768\" height=\"1024\" src=\"https:\/\/hoyre.no\/content\/uploads\/sites\/324\/2023\/08\/Sebastian-IMG_1140-768x1024.jpeg\" alt=\"Sebastian Haugland\" class=\"wp-image-68 size-full\" srcset=\"https:\/\/hoyre.no\/content\/uploads\/sites\/324\/2023\/08\/Sebastian-IMG_1140-768x1024.jpeg 768w, https:\/\/hoyre.no\/content\/uploads\/sites\/324\/2023\/08\/Sebastian-IMG_1140-225x300.jpeg 225w, https:\/\/hoyre.no\/content\/uploads\/sites\/324\/2023\/08\/Sebastian-IMG_1140-1152x1536.jpeg 1152w, https:\/\/hoyre.no\/content\/uploads\/sites\/324\/2023\/08\/Sebastian-IMG_1140-1536x2048.jpeg 1536w, https:\/\/hoyre.no\/content\/uploads\/sites\/324\/2023\/08\/Sebastian-IMG_1140-scaled.jpeg 1875w\" sizes=\"auto, (max-width: 768px) 100vw, 768px\" \/><\/figure><\/div>\n\n\n\n<div class=\"wp-block-media-text is-stacked-on-mobile is-image-fill alignwide is-style-lightest-blue\"><figure class=\"wp-block-media-text__media\" style=\"background-image:url('https:\/\/hoyre.no\/content\/uploads\/sites\/324\/2023\/08\/skule-t9t9yT6D-977x1024.jpeg');background-position:50% 50%\"><img loading=\"lazy\" decoding=\"async\" width=\"977\" height=\"1024\" src=\"https:\/\/hoyre.no\/content\/uploads\/sites\/324\/2023\/08\/skule-t9t9yT6D-977x1024.jpeg\" alt=\"Skulejente\" class=\"wp-image-71 size-full\" srcset=\"https:\/\/hoyre.no\/content\/uploads\/sites\/324\/2023\/08\/skule-t9t9yT6D-977x1024.jpeg 977w, https:\/\/hoyre.no\/content\/uploads\/sites\/324\/2023\/08\/skule-t9t9yT6D-286x300.jpeg 286w, https:\/\/hoyre.no\/content\/uploads\/sites\/324\/2023\/08\/skule-t9t9yT6D-768x805.jpeg 768w, https:\/\/hoyre.no\/content\/uploads\/sites\/324\/2023\/08\/skule-t9t9yT6D.jpeg 1419w\" sizes=\"auto, (max-width: 977px) 100vw, 977px\" \/><\/figure><div class=\"wp-block-media-text__content\">\n<h2 class=\"wp-block-heading\">1. Ein skule der folk lukkast<\/h2>\n\n\n\n<p class=\"has-text-align-left\">For \u00e5 skapa eit samfunn der alle kan lukkast er det avgjerande med gode skular. H\u00f8gre vil prioritera l\u00e6rarane sine vilk\u00e5r, tidleg innsats, meir lesing p\u00e5 barnetrinnet og ny ungdomsskule. Alt dette for at fleire elevar skal trivast og oppleva meistring ved l\u00e6ring.<\/p>\n\n\n\n<p>I tillegg vil me syta for at skulen blir betre tilpassa kvar enkelt elev og arbeida vidare for \u00e5 sikra trygg tilkomst til skulane, mellom anna med fleire gang- og sykkelvegar.<\/p>\n\n\n\n<p>H\u00f8gre vil ikkje ha noko endring p\u00e5 den skulestrukturen me alt har p\u00e5 Oster\u00f8y.<\/p>\n<\/div><\/div>\n\n\n\n<div class=\"wp-block-media-text has-media-on-the-right is-stacked-on-mobile is-image-fill alignwide is-style-lightest-blue\"><div class=\"wp-block-media-text__content\">\n<h2 class=\"wp-block-heading\">2. Du skal gle deg til \u00e5 bli gamal p\u00e5 Oster\u00f8y<\/h2>\n\n\n\n<p>H\u00f8gre vil at Oster\u00f8y skal bli eit meir aldersvenleg samfunn. Kommunen m\u00e5 i h\u00f8gare grad prioritera f\u00f8rebyggjande arbeid for \u00e5 redusera sjukdom og slitasje, og leggja til rette for ein sosial og aktiv alderdom. Eldre som treng pleie skal m\u00f8ta ei kompetent helseteneste som gjev dei valfridom og tek dei med p\u00e5 r\u00e5d.<\/p>\n\n\n\n<p>Me vil ogs\u00e5 at kommunen unders\u00f8kjer innf\u00f8ring av \u00abNordsj\u00f8turnus\u00bb i helse\u2013 og omsorgssektoren saman med h\u00f8velege strukturendringar. I andre kommunar har slikt gjeve tilsette ein betre kvardag og f\u00f8rt til l\u00e5gare sjukefr\u00e5v\u00e6r.<\/p>\n<\/div><figure class=\"wp-block-media-text__media\" style=\"background-image:url('https:\/\/hoyre.no\/content\/uploads\/sites\/324\/2023\/08\/Eldre-GettyImages-1212931050-1024x937.jpg');background-position:50% 50%\"><img loading=\"lazy\" decoding=\"async\" width=\"1024\" height=\"937\" src=\"https:\/\/hoyre.no\/content\/uploads\/sites\/324\/2023\/08\/Eldre-GettyImages-1212931050-1024x937.jpg\" alt=\"\" class=\"wp-image-73 size-full\" srcset=\"https:\/\/hoyre.no\/content\/uploads\/sites\/324\/2023\/08\/Eldre-GettyImages-1212931050-1024x937.jpg 1024w, https:\/\/hoyre.no\/content\/uploads\/sites\/324\/2023\/08\/Eldre-GettyImages-1212931050-300x274.jpg 300w, https:\/\/hoyre.no\/content\/uploads\/sites\/324\/2023\/08\/Eldre-GettyImages-1212931050-768x703.jpg 768w, https:\/\/hoyre.no\/content\/uploads\/sites\/324\/2023\/08\/Eldre-GettyImages-1212931050-1536x1405.jpg 1536w, https:\/\/hoyre.no\/content\/uploads\/sites\/324\/2023\/08\/Eldre-GettyImages-1212931050-2048x1873.jpg 2048w\" sizes=\"auto, (max-width: 1024px) 100vw, 1024px\" \/><\/figure><\/div>\n\n\n\n<div class=\"wp-block-media-text is-stacked-on-mobile is-image-fill alignwide is-style-lightest-blue\"><figure class=\"wp-block-media-text__media\" style=\"background-image:url('https:\/\/hoyre.no\/content\/uploads\/sites\/324\/2023\/08\/IMG_4407-1024x768.jpeg');background-position:0% 50%\"><img loading=\"lazy\" decoding=\"async\" width=\"1024\" height=\"768\" src=\"https:\/\/hoyre.no\/content\/uploads\/sites\/324\/2023\/08\/IMG_4407-1024x768.jpeg\" alt=\"\" class=\"wp-image-74 size-full\" srcset=\"https:\/\/hoyre.no\/content\/uploads\/sites\/324\/2023\/08\/IMG_4407-1024x768.jpeg 1024w, https:\/\/hoyre.no\/content\/uploads\/sites\/324\/2023\/08\/IMG_4407-300x225.jpeg 300w, https:\/\/hoyre.no\/content\/uploads\/sites\/324\/2023\/08\/IMG_4407-768x576.jpeg 768w, https:\/\/hoyre.no\/content\/uploads\/sites\/324\/2023\/08\/IMG_4407-1536x1152.jpeg 1536w, https:\/\/hoyre.no\/content\/uploads\/sites\/324\/2023\/08\/IMG_4407.jpeg 2016w\" sizes=\"auto, (max-width: 1024px) 100vw, 1024px\" \/><\/figure><div class=\"wp-block-media-text__content\">\n<h2 class=\"wp-block-heading\">3. Ta vare p\u00e5 naturen v\u00e5r<\/h2>\n\n\n\n<p>H\u00f8gre meiner at me har eit viktig ansvar for \u00e5 s\u00f8rgje for at ogs\u00e5 komande generasjonar f\u00e5r nyta verdien av dei unike natur- og friluftsopplevingane som Oster\u00f8y har i dag. Me vil derfor f\u00f8ra ein forsvarleg forvaltningspolitikk gjennom vern av unike naturomr\u00e5de, og sikring av allmenn tilgang til strandsona.<\/p>\n\n\n\n<p>Me vil ogs\u00e5 verna om og styrkja det landbruket og naturen me har, og arbeida for arealn\u00f8ytralitet som prinsipp ut fr\u00e5 jordvernomsyn.<\/p>\n<\/div><\/div>\n\n\n\n<div class=\"wp-block-media-text has-media-on-the-right is-stacked-on-mobile is-image-fill alignwide is-style-lightest-blue\"><div class=\"wp-block-media-text__content\">\n<h2 class=\"wp-block-heading\">4. Det rike kulturlivet i bygdene<\/h2>\n\n\n\n<p>Oster\u00f8y har lange, stolte og sterke tradisjonar innanfor kultur og idrettsliv. Deltaking i frivillige organisasjonar med ulik form og f\u00f8rem\u00e5l skapar samhald, tilh\u00f8yrsle og lokal identitet.<\/p>\n\n\n\n<p>H\u00f8gre vil utvida Oster\u00f8yhallen med ein tredel og installera alternative energi- og oppvarmingskjelder. Me vil samtidig byggja ny symjehall same stad.<\/p>\n<\/div><figure class=\"wp-block-media-text__media\" style=\"background-image:url('https:\/\/hoyre.no\/content\/uploads\/sites\/324\/2023\/08\/IMG_3547-1024x768.jpeg');background-position:50% 33%\"><img loading=\"lazy\" decoding=\"async\" width=\"1024\" height=\"768\" src=\"https:\/\/hoyre.no\/content\/uploads\/sites\/324\/2023\/08\/IMG_3547-1024x768.jpeg\" alt=\"\" class=\"wp-image-76 size-full\" srcset=\"https:\/\/hoyre.no\/content\/uploads\/sites\/324\/2023\/08\/IMG_3547-1024x768.jpeg 1024w, https:\/\/hoyre.no\/content\/uploads\/sites\/324\/2023\/08\/IMG_3547-300x225.jpeg 300w, https:\/\/hoyre.no\/content\/uploads\/sites\/324\/2023\/08\/IMG_3547-768x576.jpeg 768w, https:\/\/hoyre.no\/content\/uploads\/sites\/324\/2023\/08\/IMG_3547-1536x1152.jpeg 1536w, https:\/\/hoyre.no\/content\/uploads\/sites\/324\/2023\/08\/IMG_3547.jpeg 2016w\" sizes=\"auto, (max-width: 1024px) 100vw, 1024px\" \/><\/figure><\/div>\n\n\n\n<div class=\"wp-block-media-text is-stacked-on-mobile is-image-fill alignwide is-style-lightest-blue\"><figure class=\"wp-block-media-text__media\" style=\"background-image:url('https:\/\/hoyre.no\/content\/uploads\/sites\/324\/2023\/10\/Nonaas-IMG_2990-788x1024.jpg');background-position:38% 42%\"><img loading=\"lazy\" decoding=\"async\" width=\"788\" height=\"1024\" src=\"https:\/\/hoyre.no\/content\/uploads\/sites\/324\/2023\/10\/Nonaas-IMG_2990-788x1024.jpg\" alt=\"\" class=\"wp-image-133 size-large\" srcset=\"https:\/\/hoyre.no\/content\/uploads\/sites\/324\/2023\/10\/Nonaas-IMG_2990-788x1024.jpg 788w, https:\/\/hoyre.no\/content\/uploads\/sites\/324\/2023\/10\/Nonaas-IMG_2990-231x300.jpg 231w, https:\/\/hoyre.no\/content\/uploads\/sites\/324\/2023\/10\/Nonaas-IMG_2990-768x998.jpg 768w, https:\/\/hoyre.no\/content\/uploads\/sites\/324\/2023\/10\/Nonaas-IMG_2990-1182x1536.jpg 1182w, https:\/\/hoyre.no\/content\/uploads\/sites\/324\/2023\/10\/Nonaas-IMG_2990-1576x2048.jpg 1576w, https:\/\/hoyre.no\/content\/uploads\/sites\/324\/2023\/10\/Nonaas-IMG_2990.jpg 1602w\" sizes=\"auto, (max-width: 788px) 100vw, 788px\" \/><\/figure><div class=\"wp-block-media-text__content\">\n<h2 class=\"wp-block-heading\">5. Trygge og godt vedlikehaldne vegar<\/h2>\n\n\n\n<p>Som \u00f8ykommune m\u00e5 Oster\u00f8y ta vare p\u00e5 alle eksisterande transportlinjer mot fastlandet, men ogs\u00e5 vurdera alternative samband. Medan Oster\u00f8yvegen fr\u00e5 brua til Lonev\u00e5g er den udiskutable hovudfarts\u00e5ra, er ferjesambandet Valestrand\u2013Breistein eit viktig alternativ til den.<\/p>\n\n\n\n<p>H\u00f8gre vil arbeida vidare opp mot fylkeskommunen for \u00e5 f\u00e5 utbetra m.a. vegane til Fotlandsv\u00e5g, Tysse og Bruvik kor det m\u00e5 bli trygt \u00e5 kj\u00f8ra med b\u00e5de bil, buss og lastebil.<\/p>\n\n\n\n<p>Me vil ogs\u00e5 styrkja vedlikehaldet av v\u00e5re eigne kommunale vegar.<\/p>\n<\/div><\/div>\n\n\n\n<div class=\"wp-block-media-text has-media-on-the-right is-stacked-on-mobile is-image-fill alignwide is-style-lightest-blue\"><div class=\"wp-block-media-text__content\">\n<h2 class=\"wp-block-heading\">6. Me er p\u00e5 lag med jobbskaparane<\/h2>\n\n\n\n<p>Det skal vera l\u00f8nsamt og attraktivt \u00e5 skapa arbeidsplassar p\u00e5 Oster\u00f8y. Me heiar p\u00e5 og er p\u00e5 lag med alle som vil skapa jobbar og verdiar i kommunen. H\u00f8gre kjempar aktivt mot rekkjef\u00f8lgjekrav, og har som m\u00e5l \u00e5 redusera og \u2013 p\u00e5 sikt \u2013 fjerna skatten p\u00e5 n\u00e6ringseigedom.<\/p>\n\n\n\n<p>N\u00e5r skatten likevel er der \u00f8nskjer me \u00e5 bruka minst 5% av den til \u00e5 finansiera Oster\u00f8y utvikling slik at noko av den i det minste g\u00e5r til investeringar i v\u00e5r felles framtid.<\/p>\n\n\n\n<p>Me vil f\u00e5 fjerna st\u00f8rre rekkjefylgjekrav til mindre private utbyggingsplanar som kommunalt verkemedel til utbygging av offentleg infrastruktur. I st\u00f8rre planar vil me f\u00e5 kommunen til \u00e5 samarbeide med utbyggjar til \u00e5 inng\u00e5 spleiselag ogs\u00e5 saman med andre offentlege mynde.<\/p>\n<\/div><figure class=\"wp-block-media-text__media\" style=\"background-image:url('https:\/\/hoyre.no\/content\/uploads\/sites\/324\/2023\/08\/IMG_1054-1-766x1024.jpg');background-position:50% 50%\"><img loading=\"lazy\" decoding=\"async\" width=\"766\" height=\"1024\" src=\"https:\/\/hoyre.no\/content\/uploads\/sites\/324\/2023\/08\/IMG_1054-1-766x1024.jpg\" alt=\"\" class=\"wp-image-83 size-full\" srcset=\"https:\/\/hoyre.no\/content\/uploads\/sites\/324\/2023\/08\/IMG_1054-1-766x1024.jpg 766w, https:\/\/hoyre.no\/content\/uploads\/sites\/324\/2023\/08\/IMG_1054-1-224x300.jpg 224w, https:\/\/hoyre.no\/content\/uploads\/sites\/324\/2023\/08\/IMG_1054-1-768x1027.jpg 768w, https:\/\/hoyre.no\/content\/uploads\/sites\/324\/2023\/08\/IMG_1054-1.jpg 905w\" sizes=\"auto, (max-width: 766px) 100vw, 766px\" \/><\/figure><\/div>\n\n\n\n<div class=\"wp-block-media-text is-stacked-on-mobile is-image-fill alignwide is-style-lightest-blue\"><figure class=\"wp-block-media-text__media\" style=\"background-image:url('https:\/\/hoyre.no\/content\/uploads\/sites\/324\/2023\/08\/Naering-GettyImages-1203723927-1024x886.jpg');background-position:50% 50%\"><img loading=\"lazy\" decoding=\"async\" width=\"1024\" height=\"886\" src=\"https:\/\/hoyre.no\/content\/uploads\/sites\/324\/2023\/08\/Naering-GettyImages-1203723927-1024x886.jpg\" alt=\"\" class=\"wp-image-82 size-full\" srcset=\"https:\/\/hoyre.no\/content\/uploads\/sites\/324\/2023\/08\/Naering-GettyImages-1203723927-1024x886.jpg 1024w, https:\/\/hoyre.no\/content\/uploads\/sites\/324\/2023\/08\/Naering-GettyImages-1203723927-300x259.jpg 300w, https:\/\/hoyre.no\/content\/uploads\/sites\/324\/2023\/08\/Naering-GettyImages-1203723927-768x664.jpg 768w, https:\/\/hoyre.no\/content\/uploads\/sites\/324\/2023\/08\/Naering-GettyImages-1203723927-1536x1329.jpg 1536w, https:\/\/hoyre.no\/content\/uploads\/sites\/324\/2023\/08\/Naering-GettyImages-1203723927-2048x1771.jpg 2048w\" sizes=\"auto, (max-width: 1024px) 100vw, 1024px\" \/><\/figure><div class=\"wp-block-media-text__content\">\n<h2 class=\"wp-block-heading\">7. Kommunen og n\u00e6ringslivet<\/h2>\n\n\n\n<p>Kommunen lyt leggja til rette for fleire samarbeidsprosjekt og nyetableringar, og vidare vekst av eksisterande verksemder for \u00e5 skapa fleire arbeidsplassar.<\/p>\n\n\n\n<p>H\u00f8gre vil at n\u00e6ringslivet vert m\u00f8tt med ein positiv, open, hjelpsam og velviljug haldning fr\u00e5 kommunen, og at alt vert gjort for at sakshandssamingstida og kostnadane kan reduserast vesentleg.<\/p>\n<\/div><\/div>\n\n\n\n\n<div class=\"wp-block-teft-file icon-link-block\"><a href=\"https:\/\/hoyre.no\/content\/uploads\/sites\/324\/2023\/08\/Osteroy-Hogre-Politisk-program-2023-2027.pdf\" download><span class=\"file-title\">Her kan du lesa heile v\u00e5rt valprogram for 2023-2027<\/span><\/a><\/div>\n\n","protected":false},"excerpt":{"rendered":"<p>Moglegheiter for alle p\u00e5 Oster\u00f8y H\u00f8gre vil at Oster\u00f8y skal vera ein god kommune \u00e5 leva i og ein attraktiv kommune \u00e5 busetja seg, arbeida og driva bedrifter i. Me meiner at det er du sj\u00f8lv som veit best kva som er rett for deg. Derfor vil H\u00f8gre kjempa for retten din til \u00e5 velja [&hellip;]<\/p>\n","protected":false},"author":27738,"featured_media":0,"parent":0,"menu_order":0,"comment_status":"closed","ping_status":"closed","template":"","meta":{"teft_cards_image_url":"","teft_cards_custom_pretitle":"","teft_cards_image_id":0,"teft_cards_image_focal_point_x":0,"teft_cards_image_focal_point_y":0,"teft_cards_title":"","teft_cards_excerpt":"","teft_show_chapters":false,"footnotes":""},"class_list":["post-47","page","type-page","status-publish","hentry"],"yoast_head":"<!-- This site is optimized with the Yoast SEO plugin v26.6 - https:\/\/yoast.com\/wordpress\/plugins\/seo\/ -->\n<title>Politikk - Oster\u00f8y H\u00f8gre<\/title>\n<meta name=\"description\" content=\"Politikk 2023-2027: H\u00f8gre vil at Oster\u00f8y skal vere ein god kommune \u00e5 leve i og ein attraktiv kommune \u00e5 busetje seg, arbeide og driva bedrifter i.\" \/>\n<meta name=\"robots\" content=\"index, follow, max-snippet:-1, max-image-preview:large, max-video-preview:-1\" \/>\n<link rel=\"canonical\" href=\"https:\/\/hoyre.no\/osteroy\/politikk\/\" \/>\n<meta property=\"og:locale\" content=\"nn_NO\" \/>\n<meta property=\"og:type\" content=\"article\" \/>\n<meta property=\"og:title\" content=\"Politikk - Oster\u00f8y H\u00f8gre\" \/>\n<meta property=\"og:description\" content=\"Politikk 2023-2027: H\u00f8gre vil at Oster\u00f8y skal vere ein god kommune \u00e5 leve i og ein attraktiv kommune \u00e5 busetje seg, arbeide og driva bedrifter i.\" \/>\n<meta property=\"og:url\" content=\"https:\/\/hoyre.no\/osteroy\/politikk\/\" \/>\n<meta property=\"og:site_name\" content=\"Oster\u00f8y H\u00f8gre\" \/>\n<meta property=\"article:modified_time\" content=\"2025-02-14T12:08:56+00:00\" \/>\n<meta property=\"og:image\" content=\"https:\/\/hoyre.no\/content\/uploads\/sites\/324\/2023\/08\/Sebastian-IMG_1140-768x1024.jpeg\" \/>\n<meta name=\"twitter:card\" content=\"summary_large_image\" \/>\n<meta name=\"twitter:label1\" content=\"Est. reading time\" \/>\n\t<meta name=\"twitter:data1\" content=\"6 minutt\" \/>\n<script type=\"application\/ld+json\" class=\"yoast-schema-graph\">{\"@context\":\"https:\/\/schema.org\",\"@graph\":[{\"@type\":\"WebPage\",\"@id\":\"https:\/\/hoyre.no\/osteroy\/politikk\/\",\"url\":\"https:\/\/hoyre.no\/osteroy\/politikk\/\",\"name\":\"Politikk - Oster\u00f8y H\u00f8gre\",\"isPartOf\":{\"@id\":\"https:\/\/hoyre.no\/osteroy\/#website\"},\"image\":{\"@id\":\"https:\/\/hoyre.no\/osteroy\/politikk\/#primaryimage\"},\"thumbnailUrl\":\"https:\/\/hoyre.no\/content\/uploads\/sites\/324\/2023\/08\/Sebastian-IMG_1140-768x1024.jpeg\",\"datePublished\":\"2023-05-02T10:49:07+00:00\",\"dateModified\":\"2025-02-14T12:08:56+00:00\",\"description\":\"Politikk 2023-2027: H\u00f8gre vil at Oster\u00f8y skal vere ein god kommune \u00e5 leve i og ein attraktiv kommune \u00e5 busetje seg, arbeide og driva bedrifter i.\",\"breadcrumb\":{\"@id\":\"https:\/\/hoyre.no\/osteroy\/politikk\/#breadcrumb\"},\"inLanguage\":\"nn-NO\",\"potentialAction\":[{\"@type\":\"ReadAction\",\"target\":[\"https:\/\/hoyre.no\/osteroy\/politikk\/\"]}]},{\"@type\":\"ImageObject\",\"inLanguage\":\"nn-NO\",\"@id\":\"https:\/\/hoyre.no\/osteroy\/politikk\/#primaryimage\",\"url\":\"https:\/\/hoyre.no\/content\/uploads\/sites\/324\/2023\/08\/Sebastian-IMG_1140-768x1024.jpeg\",\"contentUrl\":\"https:\/\/hoyre.no\/content\/uploads\/sites\/324\/2023\/08\/Sebastian-IMG_1140-768x1024.jpeg\"},{\"@type\":\"BreadcrumbList\",\"@id\":\"https:\/\/hoyre.no\/osteroy\/politikk\/#breadcrumb\",\"itemListElement\":[{\"@type\":\"ListItem\",\"position\":1,\"name\":\"Til hoyre.no\",\"item\":\"https:\/\/hoyre.no\"},{\"@type\":\"ListItem\",\"position\":2,\"name\":\"Hjem\",\"item\":\"https:\/\/hoyre.no\/osteroy\/\"},{\"@type\":\"ListItem\",\"position\":3,\"name\":\"Politikk\"}]},{\"@type\":\"WebSite\",\"@id\":\"https:\/\/hoyre.no\/osteroy\/#website\",\"url\":\"https:\/\/hoyre.no\/osteroy\/\",\"name\":\"Oster\u00f8y H\u00f8gre\",\"description\":\"Bare enda et H\u00f8yres nettsteder-nettsted\",\"inLanguage\":\"nn-NO\"}]}<\/script>\n<!-- \/ Yoast SEO plugin. -->","yoast_head_json":{"title":"Politikk - Oster\u00f8y H\u00f8gre","description":"Politikk 2023-2027: H\u00f8gre vil at Oster\u00f8y skal vere ein god kommune \u00e5 leve i og ein attraktiv kommune \u00e5 busetje seg, arbeide og driva bedrifter i.","robots":{"index":"index","follow":"follow","max-snippet":"max-snippet:-1","max-image-preview":"max-image-preview:large","max-video-preview":"max-video-preview:-1"},"canonical":"https:\/\/hoyre.no\/osteroy\/politikk\/","og_locale":"nn_NO","og_type":"article","og_title":"Politikk - Oster\u00f8y H\u00f8gre","og_description":"Politikk 2023-2027: H\u00f8gre vil at Oster\u00f8y skal vere ein god kommune \u00e5 leve i og ein attraktiv kommune \u00e5 busetje seg, arbeide og driva bedrifter i.","og_url":"https:\/\/hoyre.no\/osteroy\/politikk\/","og_site_name":"Oster\u00f8y H\u00f8gre","article_modified_time":"2025-02-14T12:08:56+00:00","og_image":[{"url":"https:\/\/hoyre.no\/content\/uploads\/sites\/324\/2023\/08\/Sebastian-IMG_1140-768x1024.jpeg","type":"","width":"","height":""}],"twitter_card":"summary_large_image","twitter_misc":{"Est. reading time":"6 minutt"},"schema":{"@context":"https:\/\/schema.org","@graph":[{"@type":"WebPage","@id":"https:\/\/hoyre.no\/osteroy\/politikk\/","url":"https:\/\/hoyre.no\/osteroy\/politikk\/","name":"Politikk - Oster\u00f8y H\u00f8gre","isPartOf":{"@id":"https:\/\/hoyre.no\/osteroy\/#website"},"image":{"@id":"https:\/\/hoyre.no\/osteroy\/politikk\/#primaryimage"},"thumbnailUrl":"https:\/\/hoyre.no\/content\/uploads\/sites\/324\/2023\/08\/Sebastian-IMG_1140-768x1024.jpeg","datePublished":"2023-05-02T10:49:07+00:00","dateModified":"2025-02-14T12:08:56+00:00","description":"Politikk 2023-2027: H\u00f8gre vil at Oster\u00f8y skal vere ein god kommune \u00e5 leve i og ein attraktiv kommune \u00e5 busetje seg, arbeide og driva bedrifter i.","breadcrumb":{"@id":"https:\/\/hoyre.no\/osteroy\/politikk\/#breadcrumb"},"inLanguage":"nn-NO","potentialAction":[{"@type":"ReadAction","target":["https:\/\/hoyre.no\/osteroy\/politikk\/"]}]},{"@type":"ImageObject","inLanguage":"nn-NO","@id":"https:\/\/hoyre.no\/osteroy\/politikk\/#primaryimage","url":"https:\/\/hoyre.no\/content\/uploads\/sites\/324\/2023\/08\/Sebastian-IMG_1140-768x1024.jpeg","contentUrl":"https:\/\/hoyre.no\/content\/uploads\/sites\/324\/2023\/08\/Sebastian-IMG_1140-768x1024.jpeg"},{"@type":"BreadcrumbList","@id":"https:\/\/hoyre.no\/osteroy\/politikk\/#breadcrumb","itemListElement":[{"@type":"ListItem","position":1,"name":"Til hoyre.no","item":"https:\/\/hoyre.no"},{"@type":"ListItem","position":2,"name":"Hjem","item":"https:\/\/hoyre.no\/osteroy\/"},{"@type":"ListItem","position":3,"name":"Politikk"}]},{"@type":"WebSite","@id":"https:\/\/hoyre.no\/osteroy\/#website","url":"https:\/\/hoyre.no\/osteroy\/","name":"Oster\u00f8y H\u00f8gre","description":"Bare enda et H\u00f8yres nettsteder-nettsted","inLanguage":"nn-NO"}]}},"distributor_meta":false,"distributor_terms":false,"distributor_media":false,"distributor_original_site_name":"Oster\u00f8y H\u00f8gre","distributor_original_site_url":"https:\/\/hoyre.no\/osteroy","push-errors":false,"_links":{"self":[{"href":"https:\/\/hoyre.no\/osteroy\/wp-json\/wp\/v2\/pages\/47","targetHints":{"allow":["GET"]}}],"collection":[{"href":"https:\/\/hoyre.no\/osteroy\/wp-json\/wp\/v2\/pages"}],"about":[{"href":"https:\/\/hoyre.no\/osteroy\/wp-json\/wp\/v2\/types\/page"}],"author":[{"embeddable":true,"href":"https:\/\/hoyre.no\/osteroy\/wp-json\/wp\/v2\/users\/27738"}],"replies":[{"embeddable":true,"href":"https:\/\/hoyre.no\/osteroy\/wp-json\/wp\/v2\/comments?post=47"}],"version-history":[{"count":19,"href":"https:\/\/hoyre.no\/osteroy\/wp-json\/wp\/v2\/pages\/47\/revisions"}],"predecessor-version":[{"id":249,"href":"https:\/\/hoyre.no\/osteroy\/wp-json\/wp\/v2\/pages\/47\/revisions\/249"}],"wp:attachment":[{"href":"https:\/\/hoyre.no\/osteroy\/wp-json\/wp\/v2\/media?parent=47"}],"curies":[{"name":"wp","href":"https:\/\/api.w.org\/{rel}","templated":true}]}}