{"id":194,"date":"2023-04-23T14:23:04","date_gmt":"2023-04-23T12:23:04","guid":{"rendered":"https:\/\/hoyre.no\/rade\/?post_type=teft-events&#038;p=194"},"modified":"2023-04-23T14:25:27","modified_gmt":"2023-04-23T12:25:27","slug":"valgkamp-kick-off","status":"publish","type":"teft-events","link":"https:\/\/hoyre.no\/rade\/arrangementer\/valgkamp-kick-off\/","title":{"rendered":"Valgkamp kick-off"},"content":{"rendered":"\n<div class=\"wp-block-teft-event-top\">\n\n<div class=\"teft-event-date-top\">\n<div class=\"teft-event-date-wrapper\">\n\t<div class=\"date-square\" aria-hidden=\"true\">\n\t\t11\t\t\t<\/div>\n<\/div>\n\t<div class=\"top-text\">\n\t\t\t\t\t<p class=\"top-date-text\">torsdag 11. mai 2023<\/p>\n\t\t\t\t\t\t\t<p class=\"top-time-text\">18:00 &#8211; 21:30<\/p>\n\t\t\t\t\t\t<\/div>\n\t\t<div class=\"sharing\">\n\t\t<a class=\"share-button share-link copy-link\" data-copy=\"https:\/\/hoyre.no\/rade\/arrangementer\/valgkamp-kick-off\/\" target=\"_blank\"><span class=\"screen-reader-text\">Del link<\/span><\/a>\n\t\t<a class=\"share-button share-twitter\" href=\"http:\/\/twitter.com\/share?text=Valgkamp kick-off&#038;url=https:\/\/hoyre.no\/rade\/arrangementer\/valgkamp-kick-off\/&#038;hashtags=Hoyre\" target=\"_blank\"><span class=\"screen-reader-text\">Del p\u00e5 twitter<\/span><\/a>\n\t\t<a class=\"share-button share-facebook\" href=\"https:\/\/www.facebook.com\/sharer\/sharer.php?u=https:\/\/hoyre.no\/rade\/arrangementer\/valgkamp-kick-off\/\" target=\"_blank\"><span class=\"screen-reader-text\">Del p\u00e5 facebook<\/span><\/a>\n\t<\/div>\n\t<\/div>\n<p class=\"preamble\">Kandidatoppl\u00e6ring ved Martin Engeset og valgprogrammet vedtas<\/p><figure class=\"hoyre-image-wrapper\"><div class=\"hoyre-image\"><img loading=\"lazy\" decoding=\"async\" width=\"2374\" height=\"2500\" src=\"https:\/\/hoyre.no\/content\/uploads\/sites\/164\/2023\/04\/FB1-scaled.jpg\" class=\"attachment-scaled size-scaled\" alt=\"\" style=\"object-position: 50% 50%\" srcset=\"https:\/\/hoyre.no\/content\/uploads\/sites\/164\/2023\/04\/FB1-scaled.jpg 2374w, https:\/\/hoyre.no\/content\/uploads\/sites\/164\/2023\/04\/FB1-285x300.jpg 285w, https:\/\/hoyre.no\/content\/uploads\/sites\/164\/2023\/04\/FB1-972x1024.jpg 972w, https:\/\/hoyre.no\/content\/uploads\/sites\/164\/2023\/04\/FB1-768x809.jpg 768w, https:\/\/hoyre.no\/content\/uploads\/sites\/164\/2023\/04\/FB1-1458x1536.jpg 1458w, https:\/\/hoyre.no\/content\/uploads\/sites\/164\/2023\/04\/FB1-1944x2048.jpg 1944w\" sizes=\"auto, (max-width: 2374px) 100vw, 2374px\" \/><\/div><\/figure>\n\n<div class=\"panel teft-details-panel\">\n\t\t<h3>Detaljer<\/h3>\n\n\t\t\t\t\t<dl class=\"info-misc-with-icons\">\n\t\t\t\t<dt class=\"venue\"><span class=\"screen-reader-text\">Stedet<\/span><\/dt>\n\t\t\t\t<dd>\n\t\t\t\t\t\t\t\t\t\t<a href=\"https:\/\/www.google.com\/maps\/place\/Elgveien+6,+1640+R%C3%A5de\/@59.3544616,10.8631075,17z\/data=!3m1!4b1!4m6!3m5!1s0x4646aae4d08dda07:0x703597189bab3712!8m2!3d59.3544616!4d10.8656878!16s%2Fg%2F11c2fqh_p0?authuser=0\">Raa Bryggeri<\/a>\n\t\t\t\t\t\t\t\t\t\t\t\t\t\t\t\t<span class=\"address-line-2\">Elgveien 6, 1640 R\u00e5de<\/span>\n\t\t\t\t\t\t\t\t\t<\/dd>\n\t\t\t<\/dl>\n\t\t\t\t\t\t\t<dl class=\"info-misc-with-icons\">\n\t\t<dt class=\"time\"><span class=\"screen-reader-text\">Arrangement dato<\/span><\/dt>\n\t\t<dd class=\"time\">\n\t\t\ttor 11. mai 2023 fra  18:00 &#8211; 21:30\t\t<\/dd>\n\t<\/dl>\n\t\t\t\t<\/dl>\n<\/div>\n<\/div>\n\n\n\n\n<h2 class=\"wp-block-heading\">Informasjon<\/h2>\n\n\n\n<p>Martin Engeset starter kvelden med kandidatoppl\u00e6ring med temaer som valgkamp, ideologi i lokalpolitikken, kandidatrollen og hvordan v\u00e6re en god folkevalgt.<\/p>\n\n\n\n<p>Valgprogrammet for R\u00e5de H\u00f8yre vedtas.<\/p>\n\n\n\n<p>Alle listekandidater oppfordres til \u00e5 delta<\/p>\n\n\n<div class=\"post-meta wp-block\">\n\t<div class=\"top\">\n\t\t<div class=\"sharing\">\n\t\t\t<a class=\"share-button share-link\" target=\"_blank\"><span class=\"screen-reader-text\">Del link<\/span><\/a>\n\t\t\t<a class=\"share-button share-twitter\" href=\"http:\/\/twitter.com\/share?text=Valgkamp kick-off&#038;url=https:\/\/hoyre.no\/rade\/arrangementer\/valgkamp-kick-off\/&#038;hashtags=Hoyre\"><span class=\"screen-reader-text\">Del p\u00e5 twitter<\/span><\/a>\n\t\t\t<a class=\"share-button share-facebook\" href=\"https:\/\/www.facebook.com\/sharer\/sharer.php?u=https:\/\/hoyre.no\/rade\/arrangementer\/valgkamp-kick-off\/\" target=\"_blank\"><span class=\"screen-reader-text\">Del p\u00e5 facebook<\/span><\/a>\n\t\t<\/div>\n\t<\/div>\n<\/div>\n","protected":false},"template":"","meta":{"teft_cards_image_url":"","teft_cards_custom_pretitle":"","teft_cards_image_id":195,"teft_cards_image_focal_point_x":0.5,"teft_cards_image_focal_point_y":0.5,"teft_cards_title":"","teft_cards_excerpt":"","teft_show_chapters":false,"event_organizer":[],"event_start_date":"2023-05-11T18:00:00","event_end_date":"2023-05-11T21:30:00","event_registration_url":"","event_registration_deadline":"","event_ticket_cost":"","event_venue_name":"Raa Bryggeri","event_venue_url":"https:\/\/www.google.com\/maps\/place\/Elgveien+6,+1640+R%C3%A5de\/@59.3544616,10.8631075,17z\/data=!3m1!4b1!4m6!3m5!1s0x4646aae4d08dda07:0x703597189bab3712!8m2!3d59.3544616!4d10.8656878!16s%2Fg%2F11c2fqh_p0?authuser=0","event_venue_address":"Elgveien 6, 1640 R\u00e5de"},"teft-events-category":[],"class_list":["post-194","teft-events","type-teft-events","status-publish","hentry"],"yoast_head":"<!-- This site is optimized with the Yoast SEO plugin v26.6 - https:\/\/yoast.com\/wordpress\/plugins\/seo\/ -->\n<title>Valgkamp kick-off - R\u00e5de H\u00f8yre<\/title>\n<meta name=\"robots\" content=\"index, follow, max-snippet:-1, max-image-preview:large, max-video-preview:-1\" \/>\n<link rel=\"canonical\" href=\"https:\/\/hoyre.no\/rade\/arrangementer\/valgkamp-kick-off\/\" \/>\n<meta property=\"og:locale\" content=\"nb_NO\" \/>\n<meta property=\"og:type\" content=\"article\" \/>\n<meta property=\"og:title\" content=\"Valgkamp kick-off - R\u00e5de H\u00f8yre\" \/>\n<meta property=\"og:url\" content=\"https:\/\/hoyre.no\/rade\/arrangementer\/valgkamp-kick-off\/\" \/>\n<meta property=\"og:site_name\" content=\"R\u00e5de H\u00f8yre\" \/>\n<meta property=\"article:modified_time\" content=\"2023-04-23T12:25:27+00:00\" \/>\n<meta property=\"og:image\" content=\"https:\/\/hoyre.no\/content\/uploads\/sites\/164\/2023\/04\/FB1-972x1024.jpg\" \/>\n<meta name=\"twitter:card\" content=\"summary_large_image\" \/>\n<meta name=\"twitter:label1\" content=\"Ansl. lesetid\" \/>\n\t<meta name=\"twitter:data1\" content=\"1 minutt\" \/>\n<script type=\"application\/ld+json\" class=\"yoast-schema-graph\">{\"@context\":\"https:\/\/schema.org\",\"@graph\":[{\"@type\":\"WebPage\",\"@id\":\"https:\/\/hoyre.no\/rade\/arrangementer\/valgkamp-kick-off\/\",\"url\":\"https:\/\/hoyre.no\/rade\/arrangementer\/valgkamp-kick-off\/\",\"name\":\"Valgkamp kick-off - R\u00e5de H\u00f8yre\",\"isPartOf\":{\"@id\":\"https:\/\/hoyre.no\/rade\/#website\"},\"datePublished\":\"2023-04-23T12:23:04+00:00\",\"dateModified\":\"2023-04-23T12:25:27+00:00\",\"breadcrumb\":{\"@id\":\"https:\/\/hoyre.no\/rade\/arrangementer\/valgkamp-kick-off\/#breadcrumb\"},\"inLanguage\":\"nb-NO\",\"potentialAction\":[{\"@type\":\"ReadAction\",\"target\":[\"https:\/\/hoyre.no\/rade\/arrangementer\/valgkamp-kick-off\/\"]}]},{\"@type\":\"BreadcrumbList\",\"@id\":\"https:\/\/hoyre.no\/rade\/arrangementer\/valgkamp-kick-off\/#breadcrumb\",\"itemListElement\":[{\"@type\":\"ListItem\",\"position\":1,\"name\":\"Til hoyre.no\",\"item\":\"https:\/\/hoyre.no\"},{\"@type\":\"ListItem\",\"position\":2,\"name\":\"Hjem\",\"item\":\"https:\/\/hoyre.no\/rade\/\"},{\"@type\":\"ListItem\",\"position\":3,\"name\":\"Arrangement\",\"item\":\"https:\/\/hoyre.no\/rade\/arrangementer\/\"},{\"@type\":\"ListItem\",\"position\":4,\"name\":\"Valgkamp kick-off\"}]},{\"@type\":\"WebSite\",\"@id\":\"https:\/\/hoyre.no\/rade\/#website\",\"url\":\"https:\/\/hoyre.no\/rade\/\",\"name\":\"R\u00e5de H\u00f8yre\",\"description\":\"Bare enda et H\u00f8yres nettsteder-nettsted\",\"inLanguage\":\"nb-NO\"}]}<\/script>\n<!-- \/ Yoast SEO plugin. -->","yoast_head_json":{"title":"Valgkamp kick-off - R\u00e5de H\u00f8yre","robots":{"index":"index","follow":"follow","max-snippet":"max-snippet:-1","max-image-preview":"max-image-preview:large","max-video-preview":"max-video-preview:-1"},"canonical":"https:\/\/hoyre.no\/rade\/arrangementer\/valgkamp-kick-off\/","og_locale":"nb_NO","og_type":"article","og_title":"Valgkamp kick-off - R\u00e5de H\u00f8yre","og_url":"https:\/\/hoyre.no\/rade\/arrangementer\/valgkamp-kick-off\/","og_site_name":"R\u00e5de H\u00f8yre","article_modified_time":"2023-04-23T12:25:27+00:00","og_image":[{"url":"https:\/\/hoyre.no\/content\/uploads\/sites\/164\/2023\/04\/FB1-972x1024.jpg","width":"","height":"","type":""}],"twitter_card":"summary_large_image","twitter_misc":{"Ansl. lesetid":"1 minutt"},"schema":{"@context":"https:\/\/schema.org","@graph":[{"@type":"WebPage","@id":"https:\/\/hoyre.no\/rade\/arrangementer\/valgkamp-kick-off\/","url":"https:\/\/hoyre.no\/rade\/arrangementer\/valgkamp-kick-off\/","name":"Valgkamp kick-off - R\u00e5de H\u00f8yre","isPartOf":{"@id":"https:\/\/hoyre.no\/rade\/#website"},"datePublished":"2023-04-23T12:23:04+00:00","dateModified":"2023-04-23T12:25:27+00:00","breadcrumb":{"@id":"https:\/\/hoyre.no\/rade\/arrangementer\/valgkamp-kick-off\/#breadcrumb"},"inLanguage":"nb-NO","potentialAction":[{"@type":"ReadAction","target":["https:\/\/hoyre.no\/rade\/arrangementer\/valgkamp-kick-off\/"]}]},{"@type":"BreadcrumbList","@id":"https:\/\/hoyre.no\/rade\/arrangementer\/valgkamp-kick-off\/#breadcrumb","itemListElement":[{"@type":"ListItem","position":1,"name":"Til hoyre.no","item":"https:\/\/hoyre.no"},{"@type":"ListItem","position":2,"name":"Hjem","item":"https:\/\/hoyre.no\/rade\/"},{"@type":"ListItem","position":3,"name":"Arrangement","item":"https:\/\/hoyre.no\/rade\/arrangementer\/"},{"@type":"ListItem","position":4,"name":"Valgkamp kick-off"}]},{"@type":"WebSite","@id":"https:\/\/hoyre.no\/rade\/#website","url":"https:\/\/hoyre.no\/rade\/","name":"R\u00e5de H\u00f8yre","description":"Bare enda et H\u00f8yres nettsteder-nettsted","inLanguage":"nb-NO"}]}},"distributor_meta":false,"distributor_terms":false,"distributor_media":false,"distributor_original_site_name":"R\u00e5de H\u00f8yre","distributor_original_site_url":"https:\/\/hoyre.no\/rade","push-errors":false,"_links":{"self":[{"href":"https:\/\/hoyre.no\/rade\/wp-json\/wp\/v2\/teft-events\/194","targetHints":{"allow":["GET"]}}],"collection":[{"href":"https:\/\/hoyre.no\/rade\/wp-json\/wp\/v2\/teft-events"}],"about":[{"href":"https:\/\/hoyre.no\/rade\/wp-json\/wp\/v2\/types\/teft-events"}],"wp:attachment":[{"href":"https:\/\/hoyre.no\/rade\/wp-json\/wp\/v2\/media?parent=194"}],"wp:term":[{"taxonomy":"teft-events-category","embeddable":true,"href":"https:\/\/hoyre.no\/rade\/wp-json\/wp\/v2\/teft-events-category?post=194"}],"curies":[{"name":"wp","href":"https:\/\/api.w.org\/{rel}","templated":true}]}}