{"id":463,"date":"2023-09-04T12:23:11","date_gmt":"2023-09-04T10:23:11","guid":{"rendered":"https:\/\/hoyre.no\/rade\/?post_type=teft-events&#038;p=463"},"modified":"2023-09-04T12:31:44","modified_gmt":"2023-09-04T10:31:44","slug":"valgvake","status":"publish","type":"teft-events","link":"https:\/\/hoyre.no\/rade\/arrangementer\/valgvake\/","title":{"rendered":"Valgvake"},"content":{"rendered":"\n<div class=\"wp-block-teft-event-top\">\n\n<div class=\"teft-event-date-top\">\n<div class=\"teft-event-date-wrapper\">\n\t<div class=\"date-square\" aria-hidden=\"true\">\n\t\t11\t\t\t<\/div>\n<\/div>\n\t<div class=\"top-text\">\n\t\t\t\t\t<p class=\"top-date-text\">11 &#8211; 12 september 2023<\/p>\n\t\t\t<p class=\"top-time-text\">19:30<\/p>\n\t\t\t<\/div>\n\t\t<div class=\"sharing\">\n\t\t<a class=\"share-button share-link copy-link\" data-copy=\"https:\/\/hoyre.no\/rade\/arrangementer\/valgvake\/\" target=\"_blank\"><span class=\"screen-reader-text\">Del link<\/span><\/a>\n\t\t<a class=\"share-button share-twitter\" href=\"http:\/\/twitter.com\/share?text=Valgvake&#038;url=https:\/\/hoyre.no\/rade\/arrangementer\/valgvake\/&#038;hashtags=Hoyre\" target=\"_blank\"><span class=\"screen-reader-text\">Del p\u00e5 twitter<\/span><\/a>\n\t\t<a class=\"share-button share-facebook\" href=\"https:\/\/www.facebook.com\/sharer\/sharer.php?u=https:\/\/hoyre.no\/rade\/arrangementer\/valgvake\/\" target=\"_blank\"><span class=\"screen-reader-text\">Del p\u00e5 facebook<\/span><\/a>\n\t<\/div>\n\t<\/div>\n<p class=\"preamble\">Vi inviterer alle medlemmer av R\u00e5de H\u00f8yre til valgvake<\/p><figure class=\"hoyre-image-wrapper\"><div class=\"hoyre-image\"><img loading=\"lazy\" decoding=\"async\" width=\"1389\" height=\"642\" src=\"https:\/\/hoyre.no\/content\/uploads\/sites\/164\/2023\/09\/Valgkamp-kick-off-23.jpeg\" class=\"attachment-scaled size-scaled\" alt=\"\" style=\"object-position: 50% 50%\" srcset=\"https:\/\/hoyre.no\/content\/uploads\/sites\/164\/2023\/09\/Valgkamp-kick-off-23.jpeg 1389w, https:\/\/hoyre.no\/content\/uploads\/sites\/164\/2023\/09\/Valgkamp-kick-off-23-300x139.jpeg 300w, https:\/\/hoyre.no\/content\/uploads\/sites\/164\/2023\/09\/Valgkamp-kick-off-23-1024x473.jpeg 1024w, https:\/\/hoyre.no\/content\/uploads\/sites\/164\/2023\/09\/Valgkamp-kick-off-23-768x355.jpeg 768w\" sizes=\"auto, (max-width: 1389px) 100vw, 1389px\" \/><\/div><\/figure>\n\n<div class=\"panel teft-details-panel\">\n\t\t<h3>Detaljer<\/h3>\n\n\t\t\t\t\t<dl class=\"info-misc-with-icons\">\n\t\t\t\t<dt class=\"venue\"><span class=\"screen-reader-text\">Stedet<\/span><\/dt>\n\t\t\t\t<dd>\n\t\t\t\t\t\t\t\t\t\t\t<span class=\"address-line-1\">Raa Bryggeri<\/span>\n\t\t\t\t\t\t\t\t\t\t\t\t\t\t\t\t<span class=\"address-line-2\">Elgveien 6, 1640 R\u00e5de<\/span>\n\t\t\t\t\t\t\t\t\t<\/dd>\n\t\t\t<\/dl>\n\t\t\t\t\t\t\t<dl class=\"info-misc-with-icons\">\n\t\t<dt class=\"time\"><span class=\"screen-reader-text\">Arrangement dato<\/span><\/dt>\n\t\t<dd class=\"time\">\n\t\t\tman 11. september 2023 fra  19:30 &#8211; tir 12. september 2023 01:00\t\t<\/dd>\n\t<\/dl>\n\t\t\t\t<\/dl>\n<\/div>\n<\/div>\n\n\n\n\n<h2 class=\"wp-block-heading\">Informasjon<\/h2>\n\n\n\n<p>Solveigs pizza spanderer pizza p\u00e5 oss.<\/p>\n\n\n\n<p>Dere kan kj\u00f8pe \u00f8l av Raa bryggeri. Det registreres antall bokser pr.person, og den som kj\u00f8per \u00f8l f\u00e5r en Vipps faktura fra Raa bryggeri i etterkant.<br>Ellers kan dere ta med drikke til eget forbruk.<br>Vi serverer kaffe, kake og diverse knask<\/p>\n\n\n\n<p>Vi vil f\u00f8lge valgresultatet via skjerm<\/p>\n\n\n\n<p>Satser p\u00e5 god stemning og mange blide fjes mens resultatene tikker inn.<\/p>\n\n\n\n<p>Ta med egen stol hvis du syns det blir slitsomt \u00e5 sitte p\u00e5 benkene en hel kveld<\/p>\n\n\n\n<p>Hilsen<br>Styret i R\u00e5de H\u00f8yre&nbsp;<\/p>\n\n\n<div class=\"post-meta wp-block\">\n\t<div class=\"top\">\n\t\t<div class=\"sharing\">\n\t\t\t<a class=\"share-button share-link\" target=\"_blank\"><span class=\"screen-reader-text\">Del link<\/span><\/a>\n\t\t\t<a class=\"share-button share-twitter\" href=\"http:\/\/twitter.com\/share?text=Valgvake&#038;url=https:\/\/hoyre.no\/rade\/arrangementer\/valgvake\/&#038;hashtags=Hoyre\"><span class=\"screen-reader-text\">Del p\u00e5 twitter<\/span><\/a>\n\t\t\t<a class=\"share-button share-facebook\" href=\"https:\/\/www.facebook.com\/sharer\/sharer.php?u=https:\/\/hoyre.no\/rade\/arrangementer\/valgvake\/\" target=\"_blank\"><span class=\"screen-reader-text\">Del p\u00e5 facebook<\/span><\/a>\n\t\t<\/div>\n\t<\/div>\n<\/div>\n","protected":false},"template":"","meta":{"teft_cards_image_url":"","teft_cards_custom_pretitle":"","teft_cards_image_id":464,"teft_cards_image_focal_point_x":0.5,"teft_cards_image_focal_point_y":0.5,"teft_cards_title":"","teft_cards_excerpt":"","teft_show_chapters":false,"event_organizer":[],"event_start_date":"2023-09-11T19:30:00","event_end_date":"2023-09-12T01:00:00","event_registration_url":"","event_registration_deadline":"","event_ticket_cost":"","event_venue_name":"Raa Bryggeri","event_venue_url":"","event_venue_address":"Elgveien 6, 1640 R\u00e5de"},"teft-events-category":[],"class_list":["post-463","teft-events","type-teft-events","status-publish","hentry"],"yoast_head":"<!-- This site is optimized with the Yoast SEO plugin v26.6 - https:\/\/yoast.com\/wordpress\/plugins\/seo\/ -->\n<title>Valgvake - R\u00e5de H\u00f8yre<\/title>\n<meta name=\"robots\" content=\"index, follow, max-snippet:-1, max-image-preview:large, max-video-preview:-1\" \/>\n<link rel=\"canonical\" href=\"https:\/\/hoyre.no\/rade\/arrangementer\/valgvake\/\" \/>\n<meta property=\"og:locale\" content=\"nb_NO\" \/>\n<meta property=\"og:type\" content=\"article\" \/>\n<meta property=\"og:title\" content=\"Valgvake - R\u00e5de H\u00f8yre\" \/>\n<meta property=\"og:url\" content=\"https:\/\/hoyre.no\/rade\/arrangementer\/valgvake\/\" \/>\n<meta property=\"og:site_name\" content=\"R\u00e5de H\u00f8yre\" \/>\n<meta property=\"article:modified_time\" content=\"2023-09-04T10:31:44+00:00\" \/>\n<meta property=\"og:image\" content=\"https:\/\/hoyre.no\/content\/uploads\/sites\/164\/2023\/09\/Valgkamp-kick-off-23-kopi.jpg\" \/>\n<meta name=\"twitter:card\" content=\"summary_large_image\" \/>\n<meta name=\"twitter:label1\" content=\"Ansl. lesetid\" \/>\n\t<meta name=\"twitter:data1\" content=\"1 minutt\" \/>\n<script type=\"application\/ld+json\" class=\"yoast-schema-graph\">{\"@context\":\"https:\/\/schema.org\",\"@graph\":[{\"@type\":\"WebPage\",\"@id\":\"https:\/\/hoyre.no\/rade\/arrangementer\/valgvake\/\",\"url\":\"https:\/\/hoyre.no\/rade\/arrangementer\/valgvake\/\",\"name\":\"Valgvake - R\u00e5de H\u00f8yre\",\"isPartOf\":{\"@id\":\"https:\/\/hoyre.no\/rade\/#website\"},\"datePublished\":\"2023-09-04T10:23:11+00:00\",\"dateModified\":\"2023-09-04T10:31:44+00:00\",\"breadcrumb\":{\"@id\":\"https:\/\/hoyre.no\/rade\/arrangementer\/valgvake\/#breadcrumb\"},\"inLanguage\":\"nb-NO\",\"potentialAction\":[{\"@type\":\"ReadAction\",\"target\":[\"https:\/\/hoyre.no\/rade\/arrangementer\/valgvake\/\"]}]},{\"@type\":\"BreadcrumbList\",\"@id\":\"https:\/\/hoyre.no\/rade\/arrangementer\/valgvake\/#breadcrumb\",\"itemListElement\":[{\"@type\":\"ListItem\",\"position\":1,\"name\":\"Til hoyre.no\",\"item\":\"https:\/\/hoyre.no\"},{\"@type\":\"ListItem\",\"position\":2,\"name\":\"Hjem\",\"item\":\"https:\/\/hoyre.no\/rade\/\"},{\"@type\":\"ListItem\",\"position\":3,\"name\":\"Arrangement\",\"item\":\"https:\/\/hoyre.no\/rade\/arrangementer\/\"},{\"@type\":\"ListItem\",\"position\":4,\"name\":\"Valgvake\"}]},{\"@type\":\"WebSite\",\"@id\":\"https:\/\/hoyre.no\/rade\/#website\",\"url\":\"https:\/\/hoyre.no\/rade\/\",\"name\":\"R\u00e5de H\u00f8yre\",\"description\":\"Bare enda et H\u00f8yres nettsteder-nettsted\",\"inLanguage\":\"nb-NO\"}]}<\/script>\n<!-- \/ Yoast SEO plugin. -->","yoast_head_json":{"title":"Valgvake - R\u00e5de H\u00f8yre","robots":{"index":"index","follow":"follow","max-snippet":"max-snippet:-1","max-image-preview":"max-image-preview:large","max-video-preview":"max-video-preview:-1"},"canonical":"https:\/\/hoyre.no\/rade\/arrangementer\/valgvake\/","og_locale":"nb_NO","og_type":"article","og_title":"Valgvake - R\u00e5de H\u00f8yre","og_url":"https:\/\/hoyre.no\/rade\/arrangementer\/valgvake\/","og_site_name":"R\u00e5de H\u00f8yre","article_modified_time":"2023-09-04T10:31:44+00:00","og_image":[{"url":"https:\/\/hoyre.no\/content\/uploads\/sites\/164\/2023\/09\/Valgkamp-kick-off-23-kopi.jpg","width":"","height":"","type":""}],"twitter_card":"summary_large_image","twitter_misc":{"Ansl. lesetid":"1 minutt"},"schema":{"@context":"https:\/\/schema.org","@graph":[{"@type":"WebPage","@id":"https:\/\/hoyre.no\/rade\/arrangementer\/valgvake\/","url":"https:\/\/hoyre.no\/rade\/arrangementer\/valgvake\/","name":"Valgvake - R\u00e5de H\u00f8yre","isPartOf":{"@id":"https:\/\/hoyre.no\/rade\/#website"},"datePublished":"2023-09-04T10:23:11+00:00","dateModified":"2023-09-04T10:31:44+00:00","breadcrumb":{"@id":"https:\/\/hoyre.no\/rade\/arrangementer\/valgvake\/#breadcrumb"},"inLanguage":"nb-NO","potentialAction":[{"@type":"ReadAction","target":["https:\/\/hoyre.no\/rade\/arrangementer\/valgvake\/"]}]},{"@type":"BreadcrumbList","@id":"https:\/\/hoyre.no\/rade\/arrangementer\/valgvake\/#breadcrumb","itemListElement":[{"@type":"ListItem","position":1,"name":"Til hoyre.no","item":"https:\/\/hoyre.no"},{"@type":"ListItem","position":2,"name":"Hjem","item":"https:\/\/hoyre.no\/rade\/"},{"@type":"ListItem","position":3,"name":"Arrangement","item":"https:\/\/hoyre.no\/rade\/arrangementer\/"},{"@type":"ListItem","position":4,"name":"Valgvake"}]},{"@type":"WebSite","@id":"https:\/\/hoyre.no\/rade\/#website","url":"https:\/\/hoyre.no\/rade\/","name":"R\u00e5de H\u00f8yre","description":"Bare enda et H\u00f8yres nettsteder-nettsted","inLanguage":"nb-NO"}]}},"distributor_meta":false,"distributor_terms":false,"distributor_media":false,"distributor_original_site_name":"R\u00e5de H\u00f8yre","distributor_original_site_url":"https:\/\/hoyre.no\/rade","push-errors":false,"_links":{"self":[{"href":"https:\/\/hoyre.no\/rade\/wp-json\/wp\/v2\/teft-events\/463","targetHints":{"allow":["GET"]}}],"collection":[{"href":"https:\/\/hoyre.no\/rade\/wp-json\/wp\/v2\/teft-events"}],"about":[{"href":"https:\/\/hoyre.no\/rade\/wp-json\/wp\/v2\/types\/teft-events"}],"wp:attachment":[{"href":"https:\/\/hoyre.no\/rade\/wp-json\/wp\/v2\/media?parent=463"}],"wp:term":[{"taxonomy":"teft-events-category","embeddable":true,"href":"https:\/\/hoyre.no\/rade\/wp-json\/wp\/v2\/teft-events-category?post=463"}],"curies":[{"name":"wp","href":"https:\/\/api.w.org\/{rel}","templated":true}]}}