{"id":48,"date":"2021-02-18T15:36:07","date_gmt":"2021-02-18T14:36:07","guid":{"rendered":"https:\/\/hoyre.no\/rade\/?post_type=teft-events&#038;p=48"},"modified":"2021-02-18T15:36:08","modified_gmt":"2021-02-18T14:36:08","slug":"webinar-om-eiendomsskatt","status":"publish","type":"teft-events","link":"https:\/\/hoyre.no\/rade\/arrangementer\/webinar-om-eiendomsskatt\/","title":{"rendered":"Webinar om eiendomsskatt"},"content":{"rendered":"\n<div class=\"wp-block-teft-event-top\">\n\n<div class=\"teft-event-date-top\">\n<div class=\"teft-event-date-wrapper\">\n\t<div class=\"date-square\" aria-hidden=\"true\">\n\t\t17\t\t\t<\/div>\n<\/div>\n\t<div class=\"top-text\">\n\t\t\t\t\t<p class=\"top-date-text\">onsdag 17. mars 2021<\/p>\n\t\t\t\t\t\t\t<p class=\"top-time-text\">18:00 &#8211; 19:30<\/p>\n\t\t\t\t\t\t<\/div>\n\t\t<div class=\"sharing\">\n\t\t<a class=\"share-button share-link copy-link\" data-copy=\"https:\/\/hoyre.no\/rade\/arrangementer\/webinar-om-eiendomsskatt\/\" target=\"_blank\"><span class=\"screen-reader-text\">Del link<\/span><\/a>\n\t\t<a class=\"share-button share-twitter\" href=\"http:\/\/twitter.com\/share?text=Webinar om eiendomsskatt&#038;url=https:\/\/hoyre.no\/rade\/arrangementer\/webinar-om-eiendomsskatt\/&#038;hashtags=Hoyre\" target=\"_blank\"><span class=\"screen-reader-text\">Del p\u00e5 twitter<\/span><\/a>\n\t\t<a class=\"share-button share-facebook\" href=\"https:\/\/www.facebook.com\/sharer\/sharer.php?u=https:\/\/hoyre.no\/rade\/arrangementer\/webinar-om-eiendomsskatt\/\" target=\"_blank\"><span class=\"screen-reader-text\">Del p\u00e5 facebook<\/span><\/a>\n\t<\/div>\n\t<\/div>\n<p class=\"preamble\">R\u00e5de H\u00f8yre inviterer medlemmene til webinar om eiendomsskatt i kommunen<\/p><figure class=\"hoyre-image-wrapper\"><div class=\"hoyre-image\"><img loading=\"lazy\" decoding=\"async\" width=\"1280\" height=\"720\" src=\"https:\/\/hoyre.no\/content\/uploads\/sites\/164\/2021\/02\/Frederikke-og-Rene.jpg\" class=\"attachment-scaled size-scaled\" alt=\"\" style=\"object-position: 50% 50%\" srcset=\"https:\/\/hoyre.no\/content\/uploads\/sites\/164\/2021\/02\/Frederikke-og-Rene.jpg 1280w, https:\/\/hoyre.no\/content\/uploads\/sites\/164\/2021\/02\/Frederikke-og-Rene-300x169.jpg 300w, https:\/\/hoyre.no\/content\/uploads\/sites\/164\/2021\/02\/Frederikke-og-Rene-1024x576.jpg 1024w, https:\/\/hoyre.no\/content\/uploads\/sites\/164\/2021\/02\/Frederikke-og-Rene-768x432.jpg 768w\" sizes=\"auto, (max-width: 1280px) 100vw, 1280px\" \/><\/div><\/figure>\n\n<div class=\"panel teft-details-panel\">\n\t\t<h3>Detaljer<\/h3>\n\n\t\t\t\t\t<dl class=\"info-misc-with-icons\">\n\t\t\t\t<dt class=\"venue\"><span class=\"screen-reader-text\">Stedet<\/span><\/dt>\n\t\t\t\t<dd>\n\t\t\t\t\t\t\t\t\t\t\t<span class=\"address-line-1\">Digitalt p\u00e5 Teams, invitasjon er sendt alle medlemmer p\u00e5 e-post<\/span>\n\t\t\t\t\t\t\t\t\t\t\t\t\t\t<\/dd>\n\t\t\t<\/dl>\n\t\t\t\t\t\t\t<dl class=\"info-misc-with-icons\">\n\t\t<dt class=\"time\"><span class=\"screen-reader-text\">Arrangement dato<\/span><\/dt>\n\t\t<dd class=\"time\">\n\t\t\tons 17. mars 2021 fra  18:00 &#8211; 19:30\t\t<\/dd>\n\t<\/dl>\n\t\t\t\t\t\t<dl class=\"info-misc-with-icons\">\n\t\t<dt class=\"registration\"><span class=\"screen-reader-text\">P\u00e5meldingsdetajer<\/span><\/dt>\n\t\t<dd class=\"registration\">\n\t\t\tGratis\t\t\t\t\t<\/dd>\n\t<\/dl>\n\t\t<\/dl>\n<\/div>\n<\/div>\n\n\n\n\n<h3 class=\"wp-block-heading\">Velkommen til et dialogm\u00f8te med tema eiendomsskatt i R\u00e5de kommune. <\/h3>\n\n\n\n<h5 class=\"wp-block-heading\">R\u00e5de H\u00f8yres egen ordf\u00f8rer Ren\u00e9 Rafshol og R\u00e5de H\u00f8yres gruppeleder, Frederikke Stensr\u00f8d er innledere.<\/h5>\n\n\n\n<p>I 2010 ble det innf\u00f8rt eiendomsskatt mot H\u00f8yres stemmer. For H\u00f8yres sin del har det v\u00e6rt et m\u00e5l \u00e5 redusere, for s\u00e5 \u00e5 fjerne denne skatten.<\/p>\n\n\n\n<p>Det har n\u00e5 g\u00e5tt 10 \u00e5r med eiendomsskatt, og vi har fortsatt ikke hatt rom for \u00e5 fjerne denne skatten. Betydelig underskudd i kommunen samt et skrikende behov for oppgradering av begge barneskolene har gjort dette vanskelig, og flere investeringer st\u00e5r p\u00e5 trappene.<\/p>\n\n\n\n<p>If\u00f8lge eiendomsskatteloven skal eiendommer etter 10 \u00e5r takseres p\u00e5 nytt.<\/p>\n\n\n\n<p>Kommunen kan velge \u00e5 retaksere alle eiendommene p\u00e5 to m\u00e5ter. Den ene er en s\u00e5kalt kontortakst, hvor man \u00f8ker verdien p\u00e5 eiendommene med for eksempel 10%, eller man kan hyre en takstmann som gj\u00f8r en fysisk vurdering av alle hus i R\u00e5de.<\/p>\n\n\n\n<p>Det har v\u00e6rt delte meninger om dette i R\u00e5de H\u00f8yres gruppe, men flertallet har falt ned p\u00e5 at vi skal hyre inn en takstmann for \u00e5 gj\u00f8re jobben i 2022.<\/p>\n\n\n\n<p>R\u00e5de H\u00f8yre inviterer derfor til et dialogm\u00f8te med alle medlemmene, slik at vi kan f\u00e5 belyst konsekvensene av dette vedtaket.<\/p>\n\n\n\n<p>Ordf\u00f8rer Ren\u00e9 Rafshol og gruppeleder, Frederikke Stensr\u00f8d starter kvelden og det blir mulighet til \u00e5 stille sp\u00f8rsm\u00e5l og diskutere underveis.<\/p>\n\n\n\n<p>Har du ikke mottatt e-post med invitasjon til m\u00f8tet, s\u00e5 ta kontakt p\u00e5 e-post: janne.myrvang@gmail.com<\/p>\n\n\n<div class=\"post-meta wp-block\">\n\t<div class=\"top\">\n\t\t<div class=\"sharing\">\n\t\t\t<a class=\"share-button share-link\" target=\"_blank\"><span class=\"screen-reader-text\">Del link<\/span><\/a>\n\t\t\t<a class=\"share-button share-twitter\" href=\"http:\/\/twitter.com\/share?text=Webinar om eiendomsskatt&#038;url=https:\/\/hoyre.no\/rade\/arrangementer\/webinar-om-eiendomsskatt\/&#038;hashtags=Hoyre\"><span class=\"screen-reader-text\">Del p\u00e5 twitter<\/span><\/a>\n\t\t\t<a class=\"share-button share-facebook\" href=\"https:\/\/www.facebook.com\/sharer\/sharer.php?u=https:\/\/hoyre.no\/rade\/arrangementer\/webinar-om-eiendomsskatt\/\" target=\"_blank\"><span class=\"screen-reader-text\">Del p\u00e5 facebook<\/span><\/a>\n\t\t<\/div>\n\t<\/div>\n<\/div>\n","protected":false},"template":"","meta":{"teft_cards_image_url":"","teft_cards_custom_pretitle":"","teft_cards_image_id":0,"teft_cards_image_focal_point_x":0,"teft_cards_image_focal_point_y":0,"teft_cards_title":"","teft_cards_excerpt":"","teft_show_chapters":false,"event_organizer":[],"event_start_date":"2021-03-17T18:00:00","event_end_date":"2021-03-17T19:30:00","event_registration_url":"","event_registration_deadline":"","event_ticket_cost":"Gratis","event_venue_name":"Digitalt p\u00e5 Teams, invitasjon er sendt alle medlemmer p\u00e5 e-post","event_venue_url":"","event_venue_address":""},"teft-events-category":[],"class_list":["post-48","teft-events","type-teft-events","status-publish","hentry"],"yoast_head":"<!-- This site is optimized with the Yoast SEO plugin v26.6 - https:\/\/yoast.com\/wordpress\/plugins\/seo\/ -->\n<title>Webinar om eiendomsskatt - R\u00e5de H\u00f8yre<\/title>\n<meta name=\"robots\" content=\"index, follow, max-snippet:-1, max-image-preview:large, max-video-preview:-1\" \/>\n<link rel=\"canonical\" href=\"https:\/\/hoyre.no\/rade\/arrangementer\/webinar-om-eiendomsskatt\/\" \/>\n<meta property=\"og:locale\" content=\"nb_NO\" \/>\n<meta property=\"og:type\" content=\"article\" \/>\n<meta property=\"og:title\" content=\"Webinar om eiendomsskatt - R\u00e5de H\u00f8yre\" \/>\n<meta property=\"og:url\" content=\"https:\/\/hoyre.no\/rade\/arrangementer\/webinar-om-eiendomsskatt\/\" \/>\n<meta property=\"og:site_name\" content=\"R\u00e5de H\u00f8yre\" \/>\n<meta property=\"article:modified_time\" content=\"2021-02-18T14:36:08+00:00\" \/>\n<meta property=\"og:image\" content=\"https:\/\/hoyre.no\/content\/uploads\/sites\/164\/2022\/11\/Hoyres-logo.png\" \/>\n\t<meta property=\"og:image:width\" content=\"1000\" \/>\n\t<meta property=\"og:image:height\" content=\"1000\" \/>\n\t<meta property=\"og:image:type\" content=\"image\/png\" \/>\n<meta name=\"twitter:card\" content=\"summary_large_image\" \/>\n<meta name=\"twitter:label1\" content=\"Ansl. lesetid\" \/>\n\t<meta name=\"twitter:data1\" content=\"1 minutt\" \/>\n<script type=\"application\/ld+json\" class=\"yoast-schema-graph\">{\"@context\":\"https:\/\/schema.org\",\"@graph\":[{\"@type\":\"WebPage\",\"@id\":\"https:\/\/hoyre.no\/rade\/arrangementer\/webinar-om-eiendomsskatt\/\",\"url\":\"https:\/\/hoyre.no\/rade\/arrangementer\/webinar-om-eiendomsskatt\/\",\"name\":\"Webinar om eiendomsskatt - R\u00e5de H\u00f8yre\",\"isPartOf\":{\"@id\":\"https:\/\/hoyre.no\/rade\/#website\"},\"datePublished\":\"2021-02-18T14:36:07+00:00\",\"dateModified\":\"2021-02-18T14:36:08+00:00\",\"breadcrumb\":{\"@id\":\"https:\/\/hoyre.no\/rade\/arrangementer\/webinar-om-eiendomsskatt\/#breadcrumb\"},\"inLanguage\":\"nb-NO\",\"potentialAction\":[{\"@type\":\"ReadAction\",\"target\":[\"https:\/\/hoyre.no\/rade\/arrangementer\/webinar-om-eiendomsskatt\/\"]}]},{\"@type\":\"BreadcrumbList\",\"@id\":\"https:\/\/hoyre.no\/rade\/arrangementer\/webinar-om-eiendomsskatt\/#breadcrumb\",\"itemListElement\":[{\"@type\":\"ListItem\",\"position\":1,\"name\":\"Til hoyre.no\",\"item\":\"https:\/\/hoyre.no\"},{\"@type\":\"ListItem\",\"position\":2,\"name\":\"Hjem\",\"item\":\"https:\/\/hoyre.no\/rade\/\"},{\"@type\":\"ListItem\",\"position\":3,\"name\":\"Arrangement\",\"item\":\"https:\/\/hoyre.no\/rade\/arrangementer\/\"},{\"@type\":\"ListItem\",\"position\":4,\"name\":\"Webinar om eiendomsskatt\"}]},{\"@type\":\"WebSite\",\"@id\":\"https:\/\/hoyre.no\/rade\/#website\",\"url\":\"https:\/\/hoyre.no\/rade\/\",\"name\":\"R\u00e5de H\u00f8yre\",\"description\":\"Bare enda et H\u00f8yres nettsteder-nettsted\",\"inLanguage\":\"nb-NO\"}]}<\/script>\n<!-- \/ Yoast SEO plugin. -->","yoast_head_json":{"title":"Webinar om eiendomsskatt - R\u00e5de H\u00f8yre","robots":{"index":"index","follow":"follow","max-snippet":"max-snippet:-1","max-image-preview":"max-image-preview:large","max-video-preview":"max-video-preview:-1"},"canonical":"https:\/\/hoyre.no\/rade\/arrangementer\/webinar-om-eiendomsskatt\/","og_locale":"nb_NO","og_type":"article","og_title":"Webinar om eiendomsskatt - R\u00e5de H\u00f8yre","og_url":"https:\/\/hoyre.no\/rade\/arrangementer\/webinar-om-eiendomsskatt\/","og_site_name":"R\u00e5de H\u00f8yre","article_modified_time":"2021-02-18T14:36:08+00:00","og_image":[{"width":1000,"height":1000,"url":"https:\/\/hoyre.no\/content\/uploads\/sites\/164\/2022\/11\/Hoyres-logo.png","type":"image\/png"}],"twitter_card":"summary_large_image","twitter_misc":{"Ansl. lesetid":"1 minutt"},"schema":{"@context":"https:\/\/schema.org","@graph":[{"@type":"WebPage","@id":"https:\/\/hoyre.no\/rade\/arrangementer\/webinar-om-eiendomsskatt\/","url":"https:\/\/hoyre.no\/rade\/arrangementer\/webinar-om-eiendomsskatt\/","name":"Webinar om eiendomsskatt - R\u00e5de H\u00f8yre","isPartOf":{"@id":"https:\/\/hoyre.no\/rade\/#website"},"datePublished":"2021-02-18T14:36:07+00:00","dateModified":"2021-02-18T14:36:08+00:00","breadcrumb":{"@id":"https:\/\/hoyre.no\/rade\/arrangementer\/webinar-om-eiendomsskatt\/#breadcrumb"},"inLanguage":"nb-NO","potentialAction":[{"@type":"ReadAction","target":["https:\/\/hoyre.no\/rade\/arrangementer\/webinar-om-eiendomsskatt\/"]}]},{"@type":"BreadcrumbList","@id":"https:\/\/hoyre.no\/rade\/arrangementer\/webinar-om-eiendomsskatt\/#breadcrumb","itemListElement":[{"@type":"ListItem","position":1,"name":"Til hoyre.no","item":"https:\/\/hoyre.no"},{"@type":"ListItem","position":2,"name":"Hjem","item":"https:\/\/hoyre.no\/rade\/"},{"@type":"ListItem","position":3,"name":"Arrangement","item":"https:\/\/hoyre.no\/rade\/arrangementer\/"},{"@type":"ListItem","position":4,"name":"Webinar om eiendomsskatt"}]},{"@type":"WebSite","@id":"https:\/\/hoyre.no\/rade\/#website","url":"https:\/\/hoyre.no\/rade\/","name":"R\u00e5de H\u00f8yre","description":"Bare enda et H\u00f8yres nettsteder-nettsted","inLanguage":"nb-NO"}]}},"distributor_meta":false,"distributor_terms":false,"distributor_media":false,"distributor_original_site_name":"R\u00e5de H\u00f8yre","distributor_original_site_url":"https:\/\/hoyre.no\/rade","push-errors":false,"_links":{"self":[{"href":"https:\/\/hoyre.no\/rade\/wp-json\/wp\/v2\/teft-events\/48","targetHints":{"allow":["GET"]}}],"collection":[{"href":"https:\/\/hoyre.no\/rade\/wp-json\/wp\/v2\/teft-events"}],"about":[{"href":"https:\/\/hoyre.no\/rade\/wp-json\/wp\/v2\/types\/teft-events"}],"wp:attachment":[{"href":"https:\/\/hoyre.no\/rade\/wp-json\/wp\/v2\/media?parent=48"}],"wp:term":[{"taxonomy":"teft-events-category","embeddable":true,"href":"https:\/\/hoyre.no\/rade\/wp-json\/wp\/v2\/teft-events-category?post=48"}],"curies":[{"name":"wp","href":"https:\/\/api.w.org\/{rel}","templated":true}]}}