{"id":94,"date":"2022-06-02T18:06:42","date_gmt":"2022-06-02T16:06:42","guid":{"rendered":"https:\/\/hoyre.no\/rade\/?post_type=teft-events&#038;p=94"},"modified":"2022-09-20T21:21:26","modified_gmt":"2022-09-20T19:21:26","slug":"provenominasjon-ostfold-hoyre","status":"publish","type":"teft-events","link":"https:\/\/hoyre.no\/rade\/arrangementer\/provenominasjon-ostfold-hoyre\/","title":{"rendered":"Pr\u00f8venominasjonsm\u00f8te til fylkestingsvalget 2023"},"content":{"rendered":"\n<div class=\"wp-block-teft-event-top\">\n\n<div class=\"teft-event-date-top\">\n<div class=\"teft-event-date-wrapper\">\n\t<div class=\"date-square\" aria-hidden=\"true\">\n\t\t27\t\t\t<\/div>\n<\/div>\n\t<div class=\"top-text\">\n\t\t\t\t\t<p class=\"top-date-text\">tirsdag 27. september 2022<\/p>\n\t\t\t\t\t\t\t<p class=\"top-time-text\">18:30 &#8211; 20:00<\/p>\n\t\t\t\t\t\t<\/div>\n\t\t<div class=\"sharing\">\n\t\t<a class=\"share-button share-link copy-link\" data-copy=\"https:\/\/hoyre.no\/rade\/arrangementer\/provenominasjon-ostfold-hoyre\/\" target=\"_blank\"><span class=\"screen-reader-text\">Del link<\/span><\/a>\n\t\t<a class=\"share-button share-twitter\" href=\"http:\/\/twitter.com\/share?text=Pr\u00f8venominasjonsm\u00f8te til fylkestingsvalget 2023&#038;url=https:\/\/hoyre.no\/rade\/arrangementer\/provenominasjon-ostfold-hoyre\/&#038;hashtags=Hoyre\" target=\"_blank\"><span class=\"screen-reader-text\">Del p\u00e5 twitter<\/span><\/a>\n\t\t<a class=\"share-button share-facebook\" href=\"https:\/\/www.facebook.com\/sharer\/sharer.php?u=https:\/\/hoyre.no\/rade\/arrangementer\/provenominasjon-ostfold-hoyre\/\" target=\"_blank\"><span class=\"screen-reader-text\">Del p\u00e5 facebook<\/span><\/a>\n\t<\/div>\n\t<\/div>\n<p class=\"preamble\">Styret i R\u00e5de H\u00f8yre inviterer alle medlemmer i R\u00e5de H\u00f8yre til pr\u00f8venominasjon for \u00d8stfold H\u00f8yre<\/p><figure class=\"hoyre-image-wrapper\"><div class=\"hoyre-image\"><img loading=\"lazy\" decoding=\"async\" width=\"750\" height=\"1000\" src=\"https:\/\/hoyre.no\/content\/uploads\/sites\/164\/2021\/06\/193270241_175694874378982_857878064334097903_n.jpg\" class=\"attachment-scaled size-scaled\" alt=\"\" style=\"object-position: 50% 50%\" srcset=\"https:\/\/hoyre.no\/content\/uploads\/sites\/164\/2021\/06\/193270241_175694874378982_857878064334097903_n.jpg 750w, https:\/\/hoyre.no\/content\/uploads\/sites\/164\/2021\/06\/193270241_175694874378982_857878064334097903_n-225x300.jpg 225w\" sizes=\"auto, (max-width: 750px) 100vw, 750px\" \/><\/div><\/figure>\n\n<div class=\"panel teft-details-panel\">\n\t\t<h3>Detaljer<\/h3>\n\n\t\t\t\t\t<dl class=\"info-misc-with-icons\">\n\t\t\t\t<dt class=\"venue\"><span class=\"screen-reader-text\">Stedet<\/span><\/dt>\n\t\t\t\t<dd>\n\t\t\t\t\t\t\t\t\t\t\t<span class=\"address-line-1\">Kommunestyresalen R\u00e5dhuset<\/span>\n\t\t\t\t\t\t\t\t\t\t\t\t\t\t\t\t<span class=\"address-line-2\">Skr\u00e5torpveien 2A<\/span>\n\t\t\t\t\t\t\t\t\t<\/dd>\n\t\t\t<\/dl>\n\t\t\t\t\t\t\t<dl class=\"info-misc-with-icons\">\n\t\t<dt class=\"time\"><span class=\"screen-reader-text\">Arrangement dato<\/span><\/dt>\n\t\t<dd class=\"time\">\n\t\t\ttir 27. september 2022 fra  18:30 &#8211; 20:00\t\t<\/dd>\n\t<\/dl>\n\t\t\t\t<\/dl>\n<\/div>\n<\/div>\n\n\n\n\n<h2 class=\"wp-block-heading\">Informasjon<\/h2>\n\n\n\n<p>I m\u00f8tet skal vi innstille kandidatene p\u00e5 listen vi f\u00e5r fra nominasjonskomit\u00e9en i \u00d8stfold H\u00f8yre og velge 5 delegater til nominasjonsm\u00f8tet som avholdes 22.november 2022.<\/p>\n\n\n\n<p>Pr\u00f8venominasjon gjennomf\u00f8res p\u00e5 bakgrunn av den alfabetiske listen fra nominasjonskomiteen &#8211; <a href=\"https:\/\/hoyre.no\/viken\/aktuelt\/kandidatliste-fylkestingslisten-i-ostfold\/?fbclid=IwAR0WQs57rEZzAKkLdHZYvgUeGlzrWgh2zAXeZm5aN0P9X3snlVpFmtvfOSQ\">Kandidatliste &#8211; fylkestingslisten i \u00d8stfold &#8211; Viken H\u00f8yre (hoyre.no)<\/a>&nbsp;<\/p>\n\n\n\n<p>Glenn H Melby som er leder av programkomit\u00e9en i \u00d8stfold H\u00f8yre vil innlede og fortelle litt om arbeidet som p\u00e5g\u00e5r.<\/p>\n\n\n\n<p>Dette m\u00f8tet i foreningene skal b\u00e5de gjennomf\u00f8re pr\u00f8venominasjon og velge utsendinger til nominasjonsm\u00f8tet. For \u00e5 ha stemmerett p\u00e5 medlemsm\u00f8tet m\u00e5 man ha v\u00e6rt medlem i H\u00f8yre i minst 4 uker og betalt kontingent f\u00f8r m\u00f8testart, samt ha stemmerett i den aktuelle kommunen ved det kommende valget.<\/p>\n\n\n\n<p>Forslag til dagsorden for m\u00f8tet:<\/p>\n\n\n\n<ul class=\"wp-block-list\"><li>Godkjenning av innkalling og dagsorden<\/li><li>Valg av m\u00f8teleder, protokollf\u00f8rer, tellekorps og 2 personer til \u00e5 signere protokollen<\/li><li>Nominasjon av kandidater til fylkestingslisten<\/li><li>Valg av delegater og varadelegater til nominasjonsm\u00f8tet for \u00d8stfold H\u00f8yre den 22.november 2022 samt eventuelle fullmakter.<\/li><\/ul>\n\n\n\n<p><\/p>\n\n\n\n<p>Vi \u00f8nsker alle medlemmer av R\u00e5de H\u00f8yre hjertelig velkommen!<\/p>\n\n\n\n<p>P\u00e5 vegne av R\u00e5de H\u00f8yre<\/p>\n\n\n\n<p>Janne Myrvang, leder<\/p>\n\n\n\n<p><\/p>\n\n\n<div class=\"post-meta wp-block\">\n\t<div class=\"top\">\n\t\t<div class=\"sharing\">\n\t\t\t<a class=\"share-button share-link\" target=\"_blank\"><span class=\"screen-reader-text\">Del link<\/span><\/a>\n\t\t\t<a class=\"share-button share-twitter\" href=\"http:\/\/twitter.com\/share?text=Pr\u00f8venominasjonsm\u00f8te til fylkestingsvalget 2023&#038;url=https:\/\/hoyre.no\/rade\/arrangementer\/provenominasjon-ostfold-hoyre\/&#038;hashtags=Hoyre\"><span class=\"screen-reader-text\">Del p\u00e5 twitter<\/span><\/a>\n\t\t\t<a class=\"share-button share-facebook\" href=\"https:\/\/www.facebook.com\/sharer\/sharer.php?u=https:\/\/hoyre.no\/rade\/arrangementer\/provenominasjon-ostfold-hoyre\/\" target=\"_blank\"><span class=\"screen-reader-text\">Del p\u00e5 facebook<\/span><\/a>\n\t\t<\/div>\n\t<\/div>\n<\/div>\n","protected":false},"template":"","meta":{"teft_cards_image_url":"","teft_cards_custom_pretitle":"","teft_cards_image_id":72,"teft_cards_image_focal_point_x":0.5,"teft_cards_image_focal_point_y":0.5,"teft_cards_title":"","teft_cards_excerpt":"","teft_show_chapters":false,"event_organizer":[],"event_start_date":"2022-09-27T18:30:00","event_end_date":"2022-09-27T20:00:00","event_registration_url":"","event_registration_deadline":"","event_ticket_cost":"","event_venue_name":"Kommunestyresalen R\u00e5dhuset","event_venue_url":"","event_venue_address":"Skr\u00e5torpveien 2A"},"teft-events-category":[],"class_list":["post-94","teft-events","type-teft-events","status-publish","hentry"],"yoast_head":"<!-- This site is optimized with the Yoast SEO plugin v26.6 - https:\/\/yoast.com\/wordpress\/plugins\/seo\/ -->\n<title>Pr\u00f8venominasjonsm\u00f8te til fylkestingsvalget 2023 - R\u00e5de H\u00f8yre<\/title>\n<meta name=\"robots\" content=\"index, follow, max-snippet:-1, max-image-preview:large, max-video-preview:-1\" \/>\n<link rel=\"canonical\" href=\"https:\/\/hoyre.no\/rade\/arrangementer\/provenominasjon-ostfold-hoyre\/\" \/>\n<meta property=\"og:locale\" content=\"nb_NO\" \/>\n<meta property=\"og:type\" content=\"article\" \/>\n<meta property=\"og:title\" content=\"Pr\u00f8venominasjonsm\u00f8te til fylkestingsvalget 2023 - R\u00e5de H\u00f8yre\" \/>\n<meta property=\"og:url\" content=\"https:\/\/hoyre.no\/rade\/arrangementer\/provenominasjon-ostfold-hoyre\/\" \/>\n<meta property=\"og:site_name\" content=\"R\u00e5de H\u00f8yre\" \/>\n<meta property=\"article:modified_time\" content=\"2022-09-20T19:21:26+00:00\" \/>\n<meta property=\"og:image\" content=\"https:\/\/hoyre.no\/content\/uploads\/sites\/164\/2021\/06\/193270241_175694874378982_857878064334097903_n.jpg\" \/>\n<meta name=\"twitter:card\" content=\"summary_large_image\" \/>\n<meta name=\"twitter:label1\" content=\"Ansl. lesetid\" \/>\n\t<meta name=\"twitter:data1\" content=\"2 minutter\" \/>\n<script type=\"application\/ld+json\" class=\"yoast-schema-graph\">{\"@context\":\"https:\/\/schema.org\",\"@graph\":[{\"@type\":\"WebPage\",\"@id\":\"https:\/\/hoyre.no\/rade\/arrangementer\/provenominasjon-ostfold-hoyre\/\",\"url\":\"https:\/\/hoyre.no\/rade\/arrangementer\/provenominasjon-ostfold-hoyre\/\",\"name\":\"Pr\u00f8venominasjonsm\u00f8te til fylkestingsvalget 2023 - R\u00e5de H\u00f8yre\",\"isPartOf\":{\"@id\":\"https:\/\/hoyre.no\/rade\/#website\"},\"datePublished\":\"2022-06-02T16:06:42+00:00\",\"dateModified\":\"2022-09-20T19:21:26+00:00\",\"breadcrumb\":{\"@id\":\"https:\/\/hoyre.no\/rade\/arrangementer\/provenominasjon-ostfold-hoyre\/#breadcrumb\"},\"inLanguage\":\"nb-NO\",\"potentialAction\":[{\"@type\":\"ReadAction\",\"target\":[\"https:\/\/hoyre.no\/rade\/arrangementer\/provenominasjon-ostfold-hoyre\/\"]}]},{\"@type\":\"BreadcrumbList\",\"@id\":\"https:\/\/hoyre.no\/rade\/arrangementer\/provenominasjon-ostfold-hoyre\/#breadcrumb\",\"itemListElement\":[{\"@type\":\"ListItem\",\"position\":1,\"name\":\"Til hoyre.no\",\"item\":\"https:\/\/hoyre.no\"},{\"@type\":\"ListItem\",\"position\":2,\"name\":\"Hjem\",\"item\":\"https:\/\/hoyre.no\/rade\/\"},{\"@type\":\"ListItem\",\"position\":3,\"name\":\"Arrangement\",\"item\":\"https:\/\/hoyre.no\/rade\/arrangementer\/\"},{\"@type\":\"ListItem\",\"position\":4,\"name\":\"Pr\u00f8venominasjonsm\u00f8te til fylkestingsvalget 2023\"}]},{\"@type\":\"WebSite\",\"@id\":\"https:\/\/hoyre.no\/rade\/#website\",\"url\":\"https:\/\/hoyre.no\/rade\/\",\"name\":\"R\u00e5de H\u00f8yre\",\"description\":\"Bare enda et H\u00f8yres nettsteder-nettsted\",\"inLanguage\":\"nb-NO\"}]}<\/script>\n<!-- \/ Yoast SEO plugin. -->","yoast_head_json":{"title":"Pr\u00f8venominasjonsm\u00f8te til fylkestingsvalget 2023 - R\u00e5de H\u00f8yre","robots":{"index":"index","follow":"follow","max-snippet":"max-snippet:-1","max-image-preview":"max-image-preview:large","max-video-preview":"max-video-preview:-1"},"canonical":"https:\/\/hoyre.no\/rade\/arrangementer\/provenominasjon-ostfold-hoyre\/","og_locale":"nb_NO","og_type":"article","og_title":"Pr\u00f8venominasjonsm\u00f8te til fylkestingsvalget 2023 - R\u00e5de H\u00f8yre","og_url":"https:\/\/hoyre.no\/rade\/arrangementer\/provenominasjon-ostfold-hoyre\/","og_site_name":"R\u00e5de H\u00f8yre","article_modified_time":"2022-09-20T19:21:26+00:00","og_image":[{"url":"https:\/\/hoyre.no\/content\/uploads\/sites\/164\/2021\/06\/193270241_175694874378982_857878064334097903_n.jpg","width":"","height":"","type":""}],"twitter_card":"summary_large_image","twitter_misc":{"Ansl. lesetid":"2 minutter"},"schema":{"@context":"https:\/\/schema.org","@graph":[{"@type":"WebPage","@id":"https:\/\/hoyre.no\/rade\/arrangementer\/provenominasjon-ostfold-hoyre\/","url":"https:\/\/hoyre.no\/rade\/arrangementer\/provenominasjon-ostfold-hoyre\/","name":"Pr\u00f8venominasjonsm\u00f8te til fylkestingsvalget 2023 - R\u00e5de H\u00f8yre","isPartOf":{"@id":"https:\/\/hoyre.no\/rade\/#website"},"datePublished":"2022-06-02T16:06:42+00:00","dateModified":"2022-09-20T19:21:26+00:00","breadcrumb":{"@id":"https:\/\/hoyre.no\/rade\/arrangementer\/provenominasjon-ostfold-hoyre\/#breadcrumb"},"inLanguage":"nb-NO","potentialAction":[{"@type":"ReadAction","target":["https:\/\/hoyre.no\/rade\/arrangementer\/provenominasjon-ostfold-hoyre\/"]}]},{"@type":"BreadcrumbList","@id":"https:\/\/hoyre.no\/rade\/arrangementer\/provenominasjon-ostfold-hoyre\/#breadcrumb","itemListElement":[{"@type":"ListItem","position":1,"name":"Til hoyre.no","item":"https:\/\/hoyre.no"},{"@type":"ListItem","position":2,"name":"Hjem","item":"https:\/\/hoyre.no\/rade\/"},{"@type":"ListItem","position":3,"name":"Arrangement","item":"https:\/\/hoyre.no\/rade\/arrangementer\/"},{"@type":"ListItem","position":4,"name":"Pr\u00f8venominasjonsm\u00f8te til fylkestingsvalget 2023"}]},{"@type":"WebSite","@id":"https:\/\/hoyre.no\/rade\/#website","url":"https:\/\/hoyre.no\/rade\/","name":"R\u00e5de H\u00f8yre","description":"Bare enda et H\u00f8yres nettsteder-nettsted","inLanguage":"nb-NO"}]}},"distributor_meta":false,"distributor_terms":false,"distributor_media":false,"distributor_original_site_name":"R\u00e5de H\u00f8yre","distributor_original_site_url":"https:\/\/hoyre.no\/rade","push-errors":false,"_links":{"self":[{"href":"https:\/\/hoyre.no\/rade\/wp-json\/wp\/v2\/teft-events\/94","targetHints":{"allow":["GET"]}}],"collection":[{"href":"https:\/\/hoyre.no\/rade\/wp-json\/wp\/v2\/teft-events"}],"about":[{"href":"https:\/\/hoyre.no\/rade\/wp-json\/wp\/v2\/types\/teft-events"}],"wp:attachment":[{"href":"https:\/\/hoyre.no\/rade\/wp-json\/wp\/v2\/media?parent=94"}],"wp:term":[{"taxonomy":"teft-events-category","embeddable":true,"href":"https:\/\/hoyre.no\/rade\/wp-json\/wp\/v2\/teft-events-category?post=94"}],"curies":[{"name":"wp","href":"https:\/\/api.w.org\/{rel}","templated":true}]}}