{"id":139,"date":"2023-03-20T16:06:30","date_gmt":"2023-03-20T15:06:30","guid":{"rendered":"https:\/\/hoyre.no\/raelingen\/?post_type=teft-events&#038;p=139"},"modified":"2023-03-21T12:54:57","modified_gmt":"2023-03-21T11:54:57","slug":"kaffeprat-22-mars-2023","status":"publish","type":"teft-events","link":"https:\/\/hoyre.no\/raelingen\/arrangementer\/kaffeprat-22-mars-2023\/","title":{"rendered":"Kaffeprat 22. mars 2023"},"content":{"rendered":"\n<div class=\"wp-block-teft-event-top\">\n\n<div class=\"teft-event-date-top\">\n<div class=\"teft-event-date-wrapper\">\n\t<div class=\"date-square\" aria-hidden=\"true\">\n\t\t22\t\t\t<\/div>\n<\/div>\n\t<div class=\"top-text\">\n\t\t\t\t\t<p class=\"top-date-text\">onsdag 22. mars 2023<\/p>\n\t\t\t\t\t\t\t<p class=\"top-time-text\">10:30 &#8211; 11:30<\/p>\n\t\t\t\t\t\t<\/div>\n\t\t<div class=\"sharing\">\n\t\t<a class=\"share-button share-link copy-link\" data-copy=\"https:\/\/hoyre.no\/raelingen\/arrangementer\/kaffeprat-22-mars-2023\/\" target=\"_blank\"><span class=\"screen-reader-text\">Del link<\/span><\/a>\n\t\t<a class=\"share-button share-twitter\" href=\"http:\/\/twitter.com\/share?text=Kaffeprat 22. mars 2023&#038;url=https:\/\/hoyre.no\/raelingen\/arrangementer\/kaffeprat-22-mars-2023\/&#038;hashtags=Hoyre\" target=\"_blank\"><span class=\"screen-reader-text\">Del p\u00e5 twitter<\/span><\/a>\n\t\t<a class=\"share-button share-facebook\" href=\"https:\/\/www.facebook.com\/sharer\/sharer.php?u=https:\/\/hoyre.no\/raelingen\/arrangementer\/kaffeprat-22-mars-2023\/\" target=\"_blank\"><span class=\"screen-reader-text\">Del p\u00e5 facebook<\/span><\/a>\n\t<\/div>\n\t<\/div>\n<p class=\"preamble\"><strong>Du trenger ikke kjenne en politiker for \u00e5 snakke med en politiker!<\/strong><\/p><figure class=\"hoyre-image-wrapper\"><div class=\"hoyre-image\"><img loading=\"lazy\" decoding=\"async\" width=\"960\" height=\"960\" src=\"https:\/\/hoyre.no\/content\/uploads\/sites\/165\/2023\/03\/Kaffe-22.03.jpg\" class=\"attachment-scaled size-scaled\" alt=\"\" style=\"object-position: 49% 34%\" srcset=\"https:\/\/hoyre.no\/content\/uploads\/sites\/165\/2023\/03\/Kaffe-22.03.jpg 960w, https:\/\/hoyre.no\/content\/uploads\/sites\/165\/2023\/03\/Kaffe-22.03-300x300.jpg 300w, https:\/\/hoyre.no\/content\/uploads\/sites\/165\/2023\/03\/Kaffe-22.03-150x150.jpg 150w, https:\/\/hoyre.no\/content\/uploads\/sites\/165\/2023\/03\/Kaffe-22.03-768x768.jpg 768w\" sizes=\"auto, (max-width: 960px) 100vw, 960px\" \/><\/div><\/figure>\n\n<div class=\"panel teft-details-panel\">\n\t\t<h3>Detaljer<\/h3>\n\n\t\t\t\t\t<dl class=\"info-misc-with-icons\">\n\t\t\t\t<dt class=\"venue\"><span class=\"screen-reader-text\">Stedet<\/span><\/dt>\n\t\t\t\t<dd>\n\t\t\t\t\t\t\t\t\t\t<a href=\"https:\/\/goo.gl\/maps\/MxjJknuqKxNRb8S89\">Gar\u00e7on Marikollen, Ravinen<\/a>\n\t\t\t\t\t\t\t\t\t\t\t\t\t\t<\/dd>\n\t\t\t<\/dl>\n\t\t\t\t\t\t\t<dl class=\"info-misc-with-icons\">\n\t\t<dt class=\"time\"><span class=\"screen-reader-text\">Arrangement dato<\/span><\/dt>\n\t\t<dd class=\"time\">\n\t\t\tons 22. mars 2023 fra  10:30 &#8211; 11:30\t\t<\/dd>\n\t<\/dl>\n\t\t\t\t\t\t<dl class=\"info-misc-with-icons\">\n\t\t<dt class=\"registration\"><span class=\"screen-reader-text\">P\u00e5meldingsdetajer<\/span><\/dt>\n\t\t<dd class=\"registration\">\n\t\t\tGratis\t\t\t\t\t<\/dd>\n\t<\/dl>\n\t\t<\/dl>\n<\/div>\n<\/div>\n\n\n\n\n<h2 class=\"wp-block-heading\">Informasjon<\/h2>\n\n\n\n<p>Onsdag 22. mars sitter v\u00e5r ordf\u00f8rerkandidat <a href=\"https:\/\/hoyre.no\/raelingen\/var-ordforerkandidat\/\">Gro Langdalen<\/a> og v\u00e5r 2. kandidat <a href=\"https:\/\/hoyre.no\/personprofiler\/bjorn-ole-uglem\/\">Bj\u00f8rn Ole Uglem<\/a> p\u00e5 <a href=\"https:\/\/www.facebook.com\/Garcon.marikollen?__cft__[0]=AZXa5WcovgzXiVVDOns4uae_HDVrW0I96spzFhsqcUiBkSJlrl6ZXCiy2oAUUke-O97kCXNGv6RC-MaQsnyUTfmO3a4jtwJK11Aqn49eC2l16WBhOC7-LSKIpMS1EQWeM6qCutBRcPzn66ps9vlJrH_SsrUoFrg5OTfbh43aS5umYw170oNQINaX6XgHlXRoiLY&amp;__tn__=-]K-R\">Gar\u00e7on Marikollen<\/a> fra kl 10.30 til 11.30 hvis du vil sl\u00e5 av en prat!<br>Da sees vi?<\/p>\n\n\n<div class=\"post-meta wp-block\">\n\t<div class=\"top\">\n\t\t<div class=\"sharing\">\n\t\t\t<a class=\"share-button share-link\" target=\"_blank\"><span class=\"screen-reader-text\">Del link<\/span><\/a>\n\t\t\t<a class=\"share-button share-twitter\" href=\"http:\/\/twitter.com\/share?text=Kaffeprat 22. mars 2023&#038;url=https:\/\/hoyre.no\/raelingen\/arrangementer\/kaffeprat-22-mars-2023\/&#038;hashtags=Hoyre\"><span class=\"screen-reader-text\">Del p\u00e5 twitter<\/span><\/a>\n\t\t\t<a class=\"share-button share-facebook\" href=\"https:\/\/www.facebook.com\/sharer\/sharer.php?u=https:\/\/hoyre.no\/raelingen\/arrangementer\/kaffeprat-22-mars-2023\/\" target=\"_blank\"><span class=\"screen-reader-text\">Del p\u00e5 facebook<\/span><\/a>\n\t\t<\/div>\n\t<\/div>\n<\/div>\n","protected":false},"template":"","meta":{"teft_cards_image_url":"","teft_cards_custom_pretitle":"","teft_cards_image_id":140,"teft_cards_image_focal_point_x":0.49,"teft_cards_image_focal_point_y":0.33,"teft_cards_title":"","teft_cards_excerpt":"","teft_show_chapters":false,"event_organizer":[],"event_start_date":"2023-03-22T10:30:00","event_end_date":"2023-03-22T11:30:00","event_registration_url":"","event_registration_deadline":"","event_ticket_cost":"Gratis","event_venue_name":"Gar\u00e7on Marikollen, Ravinen","event_venue_url":"https:\/\/goo.gl\/maps\/MxjJknuqKxNRb8S89","event_venue_address":""},"teft-events-category":[],"class_list":["post-139","teft-events","type-teft-events","status-publish","hentry"],"yoast_head":"<!-- This site is optimized with the Yoast SEO plugin v26.6 - https:\/\/yoast.com\/wordpress\/plugins\/seo\/ -->\n<title>Kaffeprat 22. mars 2023 - R\u00e6lingen H\u00f8yre<\/title>\n<meta name=\"robots\" content=\"index, follow, max-snippet:-1, max-image-preview:large, max-video-preview:-1\" \/>\n<link rel=\"canonical\" href=\"https:\/\/hoyre.no\/raelingen\/arrangementer\/kaffeprat-22-mars-2023\/\" \/>\n<meta property=\"og:locale\" content=\"nb_NO\" \/>\n<meta property=\"og:type\" content=\"article\" \/>\n<meta property=\"og:title\" content=\"Kaffeprat 22. mars 2023 - R\u00e6lingen H\u00f8yre\" \/>\n<meta property=\"og:url\" content=\"https:\/\/hoyre.no\/raelingen\/arrangementer\/kaffeprat-22-mars-2023\/\" \/>\n<meta property=\"og:site_name\" content=\"R\u00e6lingen H\u00f8yre\" \/>\n<meta property=\"article:modified_time\" content=\"2023-03-21T11:54:57+00:00\" \/>\n<meta property=\"og:image\" content=\"https:\/\/hoyre.no\/content\/uploads\/sites\/165\/2023\/03\/Kaffe-22.03.jpg\" \/>\n<meta name=\"twitter:card\" content=\"summary_large_image\" \/>\n<meta name=\"twitter:label1\" content=\"Ansl. lesetid\" \/>\n\t<meta name=\"twitter:data1\" content=\"1 minutt\" \/>\n<script type=\"application\/ld+json\" class=\"yoast-schema-graph\">{\"@context\":\"https:\/\/schema.org\",\"@graph\":[{\"@type\":\"WebPage\",\"@id\":\"https:\/\/hoyre.no\/raelingen\/arrangementer\/kaffeprat-22-mars-2023\/\",\"url\":\"https:\/\/hoyre.no\/raelingen\/arrangementer\/kaffeprat-22-mars-2023\/\",\"name\":\"Kaffeprat 22. mars 2023 - R\u00e6lingen H\u00f8yre\",\"isPartOf\":{\"@id\":\"https:\/\/hoyre.no\/raelingen\/#website\"},\"datePublished\":\"2023-03-20T15:06:30+00:00\",\"dateModified\":\"2023-03-21T11:54:57+00:00\",\"breadcrumb\":{\"@id\":\"https:\/\/hoyre.no\/raelingen\/arrangementer\/kaffeprat-22-mars-2023\/#breadcrumb\"},\"inLanguage\":\"nb-NO\",\"potentialAction\":[{\"@type\":\"ReadAction\",\"target\":[\"https:\/\/hoyre.no\/raelingen\/arrangementer\/kaffeprat-22-mars-2023\/\"]}]},{\"@type\":\"BreadcrumbList\",\"@id\":\"https:\/\/hoyre.no\/raelingen\/arrangementer\/kaffeprat-22-mars-2023\/#breadcrumb\",\"itemListElement\":[{\"@type\":\"ListItem\",\"position\":1,\"name\":\"Til hoyre.no\",\"item\":\"https:\/\/hoyre.no\"},{\"@type\":\"ListItem\",\"position\":2,\"name\":\"Hjem\",\"item\":\"https:\/\/hoyre.no\/raelingen\/\"},{\"@type\":\"ListItem\",\"position\":3,\"name\":\"Arrangement\",\"item\":\"https:\/\/hoyre.no\/raelingen\/arrangementer\/\"},{\"@type\":\"ListItem\",\"position\":4,\"name\":\"Kaffeprat 22. mars 2023\"}]},{\"@type\":\"WebSite\",\"@id\":\"https:\/\/hoyre.no\/raelingen\/#website\",\"url\":\"https:\/\/hoyre.no\/raelingen\/\",\"name\":\"R\u00e6lingen H\u00f8yre\",\"description\":\"Bare enda et H\u00f8yres nettsteder-nettsted\",\"inLanguage\":\"nb-NO\"}]}<\/script>\n<!-- \/ Yoast SEO plugin. -->","yoast_head_json":{"title":"Kaffeprat 22. mars 2023 - R\u00e6lingen H\u00f8yre","robots":{"index":"index","follow":"follow","max-snippet":"max-snippet:-1","max-image-preview":"max-image-preview:large","max-video-preview":"max-video-preview:-1"},"canonical":"https:\/\/hoyre.no\/raelingen\/arrangementer\/kaffeprat-22-mars-2023\/","og_locale":"nb_NO","og_type":"article","og_title":"Kaffeprat 22. mars 2023 - R\u00e6lingen H\u00f8yre","og_url":"https:\/\/hoyre.no\/raelingen\/arrangementer\/kaffeprat-22-mars-2023\/","og_site_name":"R\u00e6lingen H\u00f8yre","article_modified_time":"2023-03-21T11:54:57+00:00","og_image":[{"url":"https:\/\/hoyre.no\/content\/uploads\/sites\/165\/2023\/03\/Kaffe-22.03.jpg","width":"","height":"","type":""}],"twitter_card":"summary_large_image","twitter_misc":{"Ansl. lesetid":"1 minutt"},"schema":{"@context":"https:\/\/schema.org","@graph":[{"@type":"WebPage","@id":"https:\/\/hoyre.no\/raelingen\/arrangementer\/kaffeprat-22-mars-2023\/","url":"https:\/\/hoyre.no\/raelingen\/arrangementer\/kaffeprat-22-mars-2023\/","name":"Kaffeprat 22. mars 2023 - R\u00e6lingen H\u00f8yre","isPartOf":{"@id":"https:\/\/hoyre.no\/raelingen\/#website"},"datePublished":"2023-03-20T15:06:30+00:00","dateModified":"2023-03-21T11:54:57+00:00","breadcrumb":{"@id":"https:\/\/hoyre.no\/raelingen\/arrangementer\/kaffeprat-22-mars-2023\/#breadcrumb"},"inLanguage":"nb-NO","potentialAction":[{"@type":"ReadAction","target":["https:\/\/hoyre.no\/raelingen\/arrangementer\/kaffeprat-22-mars-2023\/"]}]},{"@type":"BreadcrumbList","@id":"https:\/\/hoyre.no\/raelingen\/arrangementer\/kaffeprat-22-mars-2023\/#breadcrumb","itemListElement":[{"@type":"ListItem","position":1,"name":"Til hoyre.no","item":"https:\/\/hoyre.no"},{"@type":"ListItem","position":2,"name":"Hjem","item":"https:\/\/hoyre.no\/raelingen\/"},{"@type":"ListItem","position":3,"name":"Arrangement","item":"https:\/\/hoyre.no\/raelingen\/arrangementer\/"},{"@type":"ListItem","position":4,"name":"Kaffeprat 22. mars 2023"}]},{"@type":"WebSite","@id":"https:\/\/hoyre.no\/raelingen\/#website","url":"https:\/\/hoyre.no\/raelingen\/","name":"R\u00e6lingen H\u00f8yre","description":"Bare enda et H\u00f8yres nettsteder-nettsted","inLanguage":"nb-NO"}]}},"distributor_meta":false,"distributor_terms":false,"distributor_media":false,"distributor_original_site_name":"R\u00e6lingen H\u00f8yre","distributor_original_site_url":"https:\/\/hoyre.no\/raelingen","push-errors":false,"_links":{"self":[{"href":"https:\/\/hoyre.no\/raelingen\/wp-json\/wp\/v2\/teft-events\/139","targetHints":{"allow":["GET"]}}],"collection":[{"href":"https:\/\/hoyre.no\/raelingen\/wp-json\/wp\/v2\/teft-events"}],"about":[{"href":"https:\/\/hoyre.no\/raelingen\/wp-json\/wp\/v2\/types\/teft-events"}],"wp:attachment":[{"href":"https:\/\/hoyre.no\/raelingen\/wp-json\/wp\/v2\/media?parent=139"}],"wp:term":[{"taxonomy":"teft-events-category","embeddable":true,"href":"https:\/\/hoyre.no\/raelingen\/wp-json\/wp\/v2\/teft-events-category?post=139"}],"curies":[{"name":"wp","href":"https:\/\/api.w.org\/{rel}","templated":true}]}}