{"id":409,"date":"2025-11-04T16:41:52","date_gmt":"2025-11-04T15:41:52","guid":{"rendered":"https:\/\/hoyre.no\/raelingen\/?post_type=teft-events&#038;p=409"},"modified":"2025-11-04T17:19:55","modified_gmt":"2025-11-04T16:19:55","slug":"arsmote-i-raelingen-hoyre-2025","status":"publish","type":"teft-events","link":"https:\/\/hoyre.no\/raelingen\/arrangementer\/arsmote-i-raelingen-hoyre-2025\/","title":{"rendered":"\u00c5rsm\u00f8te i R\u00e6lingen H\u00f8yre 2025"},"content":{"rendered":"\n<div class=\"wp-block-teft-event-top\">\n\n<div class=\"teft-event-date-top\">\n<div class=\"teft-event-date-wrapper\">\n\t<div class=\"date-square\" aria-hidden=\"true\">\n\t\t26\t\t\t<\/div>\n<\/div>\n\t<div class=\"top-text\">\n\t\t\t\t\t<p class=\"top-date-text\">onsdag 26. november 2025<\/p>\n\t\t\t\t\t\t\t<p class=\"top-time-text\">18:00 &#8211; 21:00<\/p>\n\t\t\t\t\t\t<\/div>\n\t\t<div class=\"sharing\">\n\t\t<a class=\"share-button share-link copy-link\" data-copy=\"https:\/\/hoyre.no\/raelingen\/arrangementer\/arsmote-i-raelingen-hoyre-2025\/\" target=\"_blank\"><span class=\"screen-reader-text\">Del link<\/span><\/a>\n\t\t<a class=\"share-button share-twitter\" href=\"http:\/\/twitter.com\/share?text=\u00c5rsm\u00f8te i R\u00e6lingen H\u00f8yre 2025&#038;url=https:\/\/hoyre.no\/raelingen\/arrangementer\/arsmote-i-raelingen-hoyre-2025\/&#038;hashtags=Hoyre\" target=\"_blank\"><span class=\"screen-reader-text\">Del p\u00e5 twitter<\/span><\/a>\n\t\t<a class=\"share-button share-facebook\" href=\"https:\/\/www.facebook.com\/sharer\/sharer.php?u=https:\/\/hoyre.no\/raelingen\/arrangementer\/arsmote-i-raelingen-hoyre-2025\/\" target=\"_blank\"><span class=\"screen-reader-text\">Del p\u00e5 facebook<\/span><\/a>\n\t<\/div>\n\t<\/div>\n<figure class=\"hoyre-image-wrapper\"><div class=\"hoyre-image\"><img loading=\"lazy\" decoding=\"async\" width=\"2500\" height=\"925\" src=\"https:\/\/hoyre.no\/content\/uploads\/sites\/165\/2025\/11\/RH-04112025-scaled.png\" class=\"attachment-scaled size-scaled\" alt=\"\" style=\"object-position: 50% 50%\" srcset=\"https:\/\/hoyre.no\/content\/uploads\/sites\/165\/2025\/11\/RH-04112025-scaled.png 2500w, https:\/\/hoyre.no\/content\/uploads\/sites\/165\/2025\/11\/RH-04112025-300x111.png 300w, https:\/\/hoyre.no\/content\/uploads\/sites\/165\/2025\/11\/RH-04112025-1024x379.png 1024w, https:\/\/hoyre.no\/content\/uploads\/sites\/165\/2025\/11\/RH-04112025-768x284.png 768w, https:\/\/hoyre.no\/content\/uploads\/sites\/165\/2025\/11\/RH-04112025-1536x568.png 1536w, https:\/\/hoyre.no\/content\/uploads\/sites\/165\/2025\/11\/RH-04112025-2048x758.png 2048w\" sizes=\"auto, (max-width: 2500px) 100vw, 2500px\" \/><\/div><\/figure>\n\n<div class=\"panel teft-details-panel\">\n\t\t<h3>Detaljer<\/h3>\n\n\t\t\t\t\t\t\t<dl class=\"info-misc-with-icons\">\n\t\t<dt class=\"time\"><span class=\"screen-reader-text\">Arrangement dato<\/span><\/dt>\n\t\t<dd class=\"time\">\n\t\t\tons 26. november 2025 fra  18:00 &#8211; 21:00\t\t<\/dd>\n\t<\/dl>\n\t\t\t\t<\/dl>\n<\/div>\n<\/div>\n\n\n\n\n<h2 class=\"wp-block-heading\">Informasjon<\/h2>\n\n\n\n<p>Innkalling til \u00e5rsm\u00f8te i R\u00e6lingen H\u00f8yre&nbsp;<\/p>\n\n\n\n<p>Dato 26.11.2025<\/p>\n\n\n\n<p>Tid 18.00<\/p>\n\n\n\n<p>M\u00f8tested Kommunestyresalen, R\u00e6lingen r\u00e5dhus<\/p>\n\n\n\n<p>M\u00f8tet starter med innlegg fra Kjersti Vevstad, direkt\u00f8r for helse og mestring i Nordre Follo, om fremtidseksperimentet i kommunen. Kjersti er ogs\u00e5 medlem i Lillestr\u00f8m H\u00f8yre og er p\u00e5troppende fylkeskommunedirekt\u00f8r i Finnmark.<\/p>\n\n\n\n<p><strong>Saksliste<\/strong><\/p>\n\n\n\n<ol class=\"wp-block-list\">\n<li>Velkommen og godkjenning av innkalling<\/li>\n\n\n\n<li>Valg av m\u00f8teleder<\/li>\n\n\n\n<li>Valg av m\u00f8tesekret\u00e6r<\/li>\n\n\n\n<li>Valg av 2 til \u00e5 underskrive protokoll<\/li>\n\n\n\n<li>Styrets \u00e5rsberetning<\/li>\n\n\n\n<li>Rapport fra kommunestyregruppen<\/li>\n\n\n\n<li>Sist avlagte \u00e5rsregnskap med revisjonsberetning &#8211; tas til orientering<\/li>\n\n\n\n<li>Regnskap innev\u00e6rende \u00e5r frem til siste m\u00e5ned f\u00f8r \u00e5rsm\u00f8te<\/li>\n\n\n\n<li>Valg til styret<\/li>\n\n\n\n<li>Valg av revisorer<\/li>\n\n\n\n<li>Valg av delegater til Akershus H\u00f8yres \u00e5rsm\u00f8te<\/li>\n\n\n\n<li>Valg av valgkomite for neste \u00e5rsm\u00f8te<\/li>\n<\/ol>\n\n\n\n<p><\/p>\n\n\n\n<p>Styrets \u00e5rsberetning, regnskap for 2024 og innstillinger til verv vil sendes ut per e-post separat i god tid f\u00f8r m\u00f8tet.<br><\/p>\n\n\n\n<p>Saker som \u00f8nskes behandlet m\u00e5 sendes til leder p\u00e5 e-post til foreningsleder p\u00e5 e-post jorgenjuliusjohansenhoyre@gmail.com. Frist for forslag er 10.11. kl 12.<\/p>\n\n\n\n<p>R\u00e6lingen 4.11.2025<\/p>\n\n\n\n<p><br>J\u00f8rgen Julius Johansen<br>Foreningsleder<\/p>\n\n\n<div class=\"post-meta wp-block\">\n\t<div class=\"top\">\n\t\t<div class=\"sharing\">\n\t\t\t<a class=\"share-button share-link\" target=\"_blank\"><span class=\"screen-reader-text\">Del link<\/span><\/a>\n\t\t\t<a class=\"share-button share-twitter\" href=\"http:\/\/twitter.com\/share?text=\u00c5rsm\u00f8te i R\u00e6lingen H\u00f8yre 2025&#038;url=https:\/\/hoyre.no\/raelingen\/arrangementer\/arsmote-i-raelingen-hoyre-2025\/&#038;hashtags=Hoyre\"><span class=\"screen-reader-text\">Del p\u00e5 twitter<\/span><\/a>\n\t\t\t<a class=\"share-button share-facebook\" href=\"https:\/\/www.facebook.com\/sharer\/sharer.php?u=https:\/\/hoyre.no\/raelingen\/arrangementer\/arsmote-i-raelingen-hoyre-2025\/\" target=\"_blank\"><span class=\"screen-reader-text\">Del p\u00e5 facebook<\/span><\/a>\n\t\t<\/div>\n\t<\/div>\n<\/div>\n","protected":false},"template":"","meta":{"teft_cards_image_url":"","teft_cards_custom_pretitle":"","teft_cards_image_id":404,"teft_cards_image_focal_point_x":0.5,"teft_cards_image_focal_point_y":0.5,"teft_cards_title":"\u00c5rsm\u00f8te i R\u00e6lingen H\u00f8yre 2025","teft_cards_excerpt":"Velkommen til \u00e5rsm\u00f8te i R\u00e6lingen H\u00f8yre 2025 - \u00c5pent for alle medlemmer","teft_show_chapters":false,"event_organizer":[],"event_start_date":"2025-11-26T18:00:00","event_end_date":"2025-11-26T21:00:00","event_registration_url":"","event_registration_deadline":"","event_ticket_cost":"","event_venue_name":"","event_venue_url":"","event_venue_address":"Kommunestyresalen, R\u00e6lingen R\u00e5dhus"},"teft-events-category":[],"class_list":["post-409","teft-events","type-teft-events","status-publish","hentry"],"yoast_head":"<!-- This site is optimized with the Yoast SEO plugin v26.6 - https:\/\/yoast.com\/wordpress\/plugins\/seo\/ -->\n<title>\u00c5rsm\u00f8te i R\u00e6lingen H\u00f8yre 2025 - R\u00e6lingen H\u00f8yre<\/title>\n<meta name=\"robots\" content=\"index, follow, max-snippet:-1, max-image-preview:large, max-video-preview:-1\" \/>\n<link rel=\"canonical\" href=\"https:\/\/hoyre.no\/raelingen\/arrangementer\/arsmote-i-raelingen-hoyre-2025\/\" \/>\n<meta property=\"og:locale\" content=\"nb_NO\" \/>\n<meta property=\"og:type\" content=\"article\" \/>\n<meta property=\"og:title\" content=\"\u00c5rsm\u00f8te i R\u00e6lingen H\u00f8yre 2025 - R\u00e6lingen H\u00f8yre\" \/>\n<meta property=\"og:url\" content=\"https:\/\/hoyre.no\/raelingen\/arrangementer\/arsmote-i-raelingen-hoyre-2025\/\" \/>\n<meta property=\"og:site_name\" content=\"R\u00e6lingen H\u00f8yre\" \/>\n<meta property=\"article:modified_time\" content=\"2025-11-04T16:19:55+00:00\" \/>\n<meta property=\"og:image\" content=\"https:\/\/hoyre.no\/content\/uploads\/sites\/165\/2025\/11\/RH-04112025-1024x379.png\" \/>\n<meta name=\"twitter:card\" content=\"summary_large_image\" \/>\n<meta name=\"twitter:label1\" content=\"Ansl. lesetid\" \/>\n\t<meta name=\"twitter:data1\" content=\"1 minutt\" \/>\n<script type=\"application\/ld+json\" class=\"yoast-schema-graph\">{\"@context\":\"https:\/\/schema.org\",\"@graph\":[{\"@type\":\"WebPage\",\"@id\":\"https:\/\/hoyre.no\/raelingen\/arrangementer\/arsmote-i-raelingen-hoyre-2025\/\",\"url\":\"https:\/\/hoyre.no\/raelingen\/arrangementer\/arsmote-i-raelingen-hoyre-2025\/\",\"name\":\"\u00c5rsm\u00f8te i R\u00e6lingen H\u00f8yre 2025 - R\u00e6lingen H\u00f8yre\",\"isPartOf\":{\"@id\":\"https:\/\/hoyre.no\/raelingen\/#website\"},\"datePublished\":\"2025-11-04T15:41:52+00:00\",\"dateModified\":\"2025-11-04T16:19:55+00:00\",\"breadcrumb\":{\"@id\":\"https:\/\/hoyre.no\/raelingen\/arrangementer\/arsmote-i-raelingen-hoyre-2025\/#breadcrumb\"},\"inLanguage\":\"nb-NO\",\"potentialAction\":[{\"@type\":\"ReadAction\",\"target\":[\"https:\/\/hoyre.no\/raelingen\/arrangementer\/arsmote-i-raelingen-hoyre-2025\/\"]}]},{\"@type\":\"BreadcrumbList\",\"@id\":\"https:\/\/hoyre.no\/raelingen\/arrangementer\/arsmote-i-raelingen-hoyre-2025\/#breadcrumb\",\"itemListElement\":[{\"@type\":\"ListItem\",\"position\":1,\"name\":\"Til hoyre.no\",\"item\":\"https:\/\/hoyre.no\"},{\"@type\":\"ListItem\",\"position\":2,\"name\":\"Hjem\",\"item\":\"https:\/\/hoyre.no\/raelingen\/\"},{\"@type\":\"ListItem\",\"position\":3,\"name\":\"Arrangement\",\"item\":\"https:\/\/hoyre.no\/raelingen\/arrangementer\/\"},{\"@type\":\"ListItem\",\"position\":4,\"name\":\"\u00c5rsm\u00f8te i R\u00e6lingen H\u00f8yre 2025\"}]},{\"@type\":\"WebSite\",\"@id\":\"https:\/\/hoyre.no\/raelingen\/#website\",\"url\":\"https:\/\/hoyre.no\/raelingen\/\",\"name\":\"R\u00e6lingen H\u00f8yre\",\"description\":\"Bare enda et H\u00f8yres nettsteder-nettsted\",\"inLanguage\":\"nb-NO\"}]}<\/script>\n<!-- \/ Yoast SEO plugin. -->","yoast_head_json":{"title":"\u00c5rsm\u00f8te i R\u00e6lingen H\u00f8yre 2025 - R\u00e6lingen H\u00f8yre","robots":{"index":"index","follow":"follow","max-snippet":"max-snippet:-1","max-image-preview":"max-image-preview:large","max-video-preview":"max-video-preview:-1"},"canonical":"https:\/\/hoyre.no\/raelingen\/arrangementer\/arsmote-i-raelingen-hoyre-2025\/","og_locale":"nb_NO","og_type":"article","og_title":"\u00c5rsm\u00f8te i R\u00e6lingen H\u00f8yre 2025 - R\u00e6lingen H\u00f8yre","og_url":"https:\/\/hoyre.no\/raelingen\/arrangementer\/arsmote-i-raelingen-hoyre-2025\/","og_site_name":"R\u00e6lingen H\u00f8yre","article_modified_time":"2025-11-04T16:19:55+00:00","og_image":[{"url":"https:\/\/hoyre.no\/content\/uploads\/sites\/165\/2025\/11\/RH-04112025-1024x379.png","width":"","height":"","type":""}],"twitter_card":"summary_large_image","twitter_misc":{"Ansl. lesetid":"1 minutt"},"schema":{"@context":"https:\/\/schema.org","@graph":[{"@type":"WebPage","@id":"https:\/\/hoyre.no\/raelingen\/arrangementer\/arsmote-i-raelingen-hoyre-2025\/","url":"https:\/\/hoyre.no\/raelingen\/arrangementer\/arsmote-i-raelingen-hoyre-2025\/","name":"\u00c5rsm\u00f8te i R\u00e6lingen H\u00f8yre 2025 - R\u00e6lingen H\u00f8yre","isPartOf":{"@id":"https:\/\/hoyre.no\/raelingen\/#website"},"datePublished":"2025-11-04T15:41:52+00:00","dateModified":"2025-11-04T16:19:55+00:00","breadcrumb":{"@id":"https:\/\/hoyre.no\/raelingen\/arrangementer\/arsmote-i-raelingen-hoyre-2025\/#breadcrumb"},"inLanguage":"nb-NO","potentialAction":[{"@type":"ReadAction","target":["https:\/\/hoyre.no\/raelingen\/arrangementer\/arsmote-i-raelingen-hoyre-2025\/"]}]},{"@type":"BreadcrumbList","@id":"https:\/\/hoyre.no\/raelingen\/arrangementer\/arsmote-i-raelingen-hoyre-2025\/#breadcrumb","itemListElement":[{"@type":"ListItem","position":1,"name":"Til hoyre.no","item":"https:\/\/hoyre.no"},{"@type":"ListItem","position":2,"name":"Hjem","item":"https:\/\/hoyre.no\/raelingen\/"},{"@type":"ListItem","position":3,"name":"Arrangement","item":"https:\/\/hoyre.no\/raelingen\/arrangementer\/"},{"@type":"ListItem","position":4,"name":"\u00c5rsm\u00f8te i R\u00e6lingen H\u00f8yre 2025"}]},{"@type":"WebSite","@id":"https:\/\/hoyre.no\/raelingen\/#website","url":"https:\/\/hoyre.no\/raelingen\/","name":"R\u00e6lingen H\u00f8yre","description":"Bare enda et H\u00f8yres nettsteder-nettsted","inLanguage":"nb-NO"}]}},"distributor_meta":false,"distributor_terms":false,"distributor_media":false,"distributor_original_site_name":"R\u00e6lingen H\u00f8yre","distributor_original_site_url":"https:\/\/hoyre.no\/raelingen","push-errors":false,"_links":{"self":[{"href":"https:\/\/hoyre.no\/raelingen\/wp-json\/wp\/v2\/teft-events\/409","targetHints":{"allow":["GET"]}}],"collection":[{"href":"https:\/\/hoyre.no\/raelingen\/wp-json\/wp\/v2\/teft-events"}],"about":[{"href":"https:\/\/hoyre.no\/raelingen\/wp-json\/wp\/v2\/types\/teft-events"}],"wp:attachment":[{"href":"https:\/\/hoyre.no\/raelingen\/wp-json\/wp\/v2\/media?parent=409"}],"wp:term":[{"taxonomy":"teft-events-category","embeddable":true,"href":"https:\/\/hoyre.no\/raelingen\/wp-json\/wp\/v2\/teft-events-category?post=409"}],"curies":[{"name":"wp","href":"https:\/\/api.w.org\/{rel}","templated":true}]}}