{"id":426,"date":"2026-02-07T17:12:11","date_gmt":"2026-02-07T16:12:11","guid":{"rendered":"https:\/\/hoyre.no\/raelingen\/?post_type=teft-events&#038;p=426"},"modified":"2026-02-07T17:23:08","modified_gmt":"2026-02-07T16:23:08","slug":"folkemote-om-kvinner-i-politikk-naeringsliv-og-andre-lederroller","status":"publish","type":"teft-events","link":"https:\/\/hoyre.no\/raelingen\/arrangementer\/folkemote-om-kvinner-i-politikk-naeringsliv-og-andre-lederroller\/","title":{"rendered":"Folkem\u00f8te om kvinner i politikk, n\u00e6ringsliv og andre lederroller"},"content":{"rendered":"\n<div class=\"wp-block-teft-event-top\">\n\n<div class=\"teft-event-date-top\">\n<div class=\"teft-event-date-wrapper\">\n\t<div class=\"date-square\" aria-hidden=\"true\">\n\t\t09\t\t\t<\/div>\n<\/div>\n\t<div class=\"top-text\">\n\t\t\t\t\t<p class=\"top-date-text\">mandag 09. mars 2026<\/p>\n\t\t\t\t\t\t\t<p class=\"top-time-text\">19:30 &#8211; 21:30<\/p>\n\t\t\t\t\t\t<\/div>\n\t\t<div class=\"sharing\">\n\t\t<a class=\"share-button share-link copy-link\" data-copy=\"https:\/\/hoyre.no\/raelingen\/arrangementer\/folkemote-om-kvinner-i-politikk-naeringsliv-og-andre-lederroller\/\" target=\"_blank\"><span class=\"screen-reader-text\">Del link<\/span><\/a>\n\t\t<a class=\"share-button share-twitter\" href=\"http:\/\/twitter.com\/share?text=Folkem\u00f8te om kvinner i politikk, n\u00e6ringsliv og andre lederroller&#038;url=https:\/\/hoyre.no\/raelingen\/arrangementer\/folkemote-om-kvinner-i-politikk-naeringsliv-og-andre-lederroller\/&#038;hashtags=Hoyre\" target=\"_blank\"><span class=\"screen-reader-text\">Del p\u00e5 twitter<\/span><\/a>\n\t\t<a class=\"share-button share-facebook\" href=\"https:\/\/www.facebook.com\/sharer\/sharer.php?u=https:\/\/hoyre.no\/raelingen\/arrangementer\/folkemote-om-kvinner-i-politikk-naeringsliv-og-andre-lederroller\/\" target=\"_blank\"><span class=\"screen-reader-text\">Del p\u00e5 facebook<\/span><\/a>\n\t<\/div>\n\t<\/div>\n<p class=\"preamble\">Hvordan lykkes som kvinne i politikk og n\u00e6ringsliv?<br>Hvordan gj\u00f8r kvinner i politikken en forskjell?<\/p><figure class=\"hoyre-image-wrapper\"><div class=\"hoyre-image\"><img loading=\"lazy\" decoding=\"async\" width=\"968\" height=\"1210\" src=\"https:\/\/hoyre.no\/content\/uploads\/sites\/165\/2026\/02\/9-mars-2026.jpg\" class=\"attachment-scaled size-scaled\" alt=\"\" style=\"object-position: 50% 50%\" srcset=\"https:\/\/hoyre.no\/content\/uploads\/sites\/165\/2026\/02\/9-mars-2026.jpg 968w, https:\/\/hoyre.no\/content\/uploads\/sites\/165\/2026\/02\/9-mars-2026-240x300.jpg 240w, https:\/\/hoyre.no\/content\/uploads\/sites\/165\/2026\/02\/9-mars-2026-819x1024.jpg 819w, https:\/\/hoyre.no\/content\/uploads\/sites\/165\/2026\/02\/9-mars-2026-768x960.jpg 768w\" sizes=\"auto, (max-width: 968px) 100vw, 968px\" \/><\/div><\/figure>\n\n<div class=\"panel teft-details-panel\">\n\t\t<h3>Detaljer<\/h3>\n\n\t\t\t\t\t<dl class=\"info-misc-with-icons\">\n\t\t\t\t<dt class=\"venue\"><span class=\"screen-reader-text\">Stedet<\/span><\/dt>\n\t\t\t\t<dd>\n\t\t\t\t\t\t\t\t\t\t<a href=\"https:\/\/maps.app.goo.gl\/FLhfVL7KS5SapwAk7\">Fleksisalen, Ravinen, R\u00e6lingen<\/a>\n\t\t\t\t\t\t\t\t\t\t\t\t\t\t<\/dd>\n\t\t\t<\/dl>\n\t\t\t\t\t\t\t<dl class=\"info-misc-with-icons\">\n\t\t<dt class=\"time\"><span class=\"screen-reader-text\">Arrangement dato<\/span><\/dt>\n\t\t<dd class=\"time\">\n\t\t\tman 9. mars 2026 fra  19:30 &#8211; 21:30\t\t<\/dd>\n\t<\/dl>\n\t\t\t\t\t\t<dl class=\"info-misc-with-icons\">\n\t\t<dt class=\"registration\"><span class=\"screen-reader-text\">P\u00e5meldingsdetajer<\/span><\/dt>\n\t\t<dd class=\"registration\">\n\t\t\tGratis\t\t\t\t\t<\/dd>\n\t<\/dl>\n\t\t<\/dl>\n<\/div>\n<\/div>\n\n\n\n\n<h2 class=\"wp-block-heading\"><\/h2>\n\n\n\n<blockquote class=\"wp-block-quote is-layout-flow wp-block-quote-is-layout-flow\">\n<p>Allerede i 1901 ble de f\u00f8rste kvinnene valgt til lokalpolitiske verv rundt om i landet. Godt over 100 \u00e5r senere har kvinneandelen i lokalpolitikken aldri v\u00e6rt over 50 %.<\/p>\n<\/blockquote>\n\n\n\n<p>Hvordan lykkes som kvinne i politikk og n\u00e6ringsliv?<br>Hvordan gj\u00f8r kvinner i politikken en forskjell?<\/p>\n\n\n\n<p><strong>Innledning ved<\/strong><\/p>\n\n\n\n<ul class=\"wp-block-list\">\n<li><strong>Margareth Hagerup<\/strong>: <em>Stortingspolitikker og firebarnsmor<\/em><\/li>\n\n\n\n<li><strong>Heidi Finstad<\/strong>: <em>Fra sekret\u00e6r til adm.dir. i en mannsdominert n\u00e6ring<\/em><\/li>\n\n\n\n<li><strong>Gro Langdalen<\/strong>: <em>Fra fotballmamma til ordf\u00f8rer<\/em><\/li>\n<\/ul>\n\n\n\n<p><\/p>\n\n\n\n<p>Hjertelig velkommen til alle kvinner (og menn)<\/p>\n\n\n<div class=\"post-meta wp-block\">\n\t<div class=\"top\">\n\t\t<div class=\"sharing\">\n\t\t\t<a class=\"share-button share-link\" target=\"_blank\"><span class=\"screen-reader-text\">Del link<\/span><\/a>\n\t\t\t<a class=\"share-button share-twitter\" href=\"http:\/\/twitter.com\/share?text=Folkem\u00f8te om kvinner i politikk, n\u00e6ringsliv og andre lederroller&#038;url=https:\/\/hoyre.no\/raelingen\/arrangementer\/folkemote-om-kvinner-i-politikk-naeringsliv-og-andre-lederroller\/&#038;hashtags=Hoyre\"><span class=\"screen-reader-text\">Del p\u00e5 twitter<\/span><\/a>\n\t\t\t<a class=\"share-button share-facebook\" href=\"https:\/\/www.facebook.com\/sharer\/sharer.php?u=https:\/\/hoyre.no\/raelingen\/arrangementer\/folkemote-om-kvinner-i-politikk-naeringsliv-og-andre-lederroller\/\" target=\"_blank\"><span class=\"screen-reader-text\">Del p\u00e5 facebook<\/span><\/a>\n\t\t<\/div>\n\t<\/div>\n<\/div>\n","protected":false},"template":"","meta":{"teft_cards_image_url":"","teft_cards_custom_pretitle":"","teft_cards_image_id":0,"teft_cards_image_focal_point_x":0,"teft_cards_image_focal_point_y":0,"teft_cards_title":"","teft_cards_excerpt":"","teft_show_chapters":false,"event_organizer":[],"event_start_date":"2026-03-09T19:30:00","event_end_date":"2026-03-09T21:30:00","event_registration_url":"","event_registration_deadline":"","event_ticket_cost":"Gratis","event_venue_name":"Fleksisalen, Ravinen, R\u00e6lingen","event_venue_url":"https:\/\/maps.app.goo.gl\/FLhfVL7KS5SapwAk7","event_venue_address":""},"teft-events-category":[],"class_list":["post-426","teft-events","type-teft-events","status-publish","hentry"],"yoast_head":"<!-- This site is optimized with the Yoast SEO plugin v26.6 - https:\/\/yoast.com\/wordpress\/plugins\/seo\/ -->\n<title>Folkem\u00f8te om kvinner i politikk, n\u00e6ringsliv og andre lederroller - R\u00e6lingen H\u00f8yre<\/title>\n<meta name=\"description\" content=\"Folkem\u00f8te om kvinner i politikk, n\u00e6ringsliv og andre lederroller. Med Margareth Hagerup, Heidi Finstad og Gro Langdalen som innledere.\" \/>\n<meta name=\"robots\" content=\"index, follow, max-snippet:-1, max-image-preview:large, max-video-preview:-1\" \/>\n<link rel=\"canonical\" href=\"https:\/\/hoyre.no\/raelingen\/arrangementer\/folkemote-om-kvinner-i-politikk-naeringsliv-og-andre-lederroller\/\" \/>\n<meta property=\"og:locale\" content=\"nb_NO\" \/>\n<meta property=\"og:type\" content=\"article\" \/>\n<meta property=\"og:title\" content=\"Folkem\u00f8te om kvinner i politikk, n\u00e6ringsliv og andre lederroller - R\u00e6lingen H\u00f8yre\" \/>\n<meta property=\"og:description\" content=\"Folkem\u00f8te om kvinner i politikk, n\u00e6ringsliv og andre lederroller. Med Margareth Hagerup, Heidi Finstad og Gro Langdalen som innledere.\" \/>\n<meta property=\"og:url\" content=\"https:\/\/hoyre.no\/raelingen\/arrangementer\/folkemote-om-kvinner-i-politikk-naeringsliv-og-andre-lederroller\/\" \/>\n<meta property=\"og:site_name\" content=\"R\u00e6lingen H\u00f8yre\" \/>\n<meta property=\"article:modified_time\" content=\"2026-02-07T16:23:08+00:00\" \/>\n<meta property=\"og:image\" content=\"https:\/\/hoyre.no\/content\/uploads\/sites\/165\/2022\/11\/Hoyres-logo.png\" \/>\n\t<meta property=\"og:image:width\" content=\"1000\" \/>\n\t<meta property=\"og:image:height\" content=\"1000\" \/>\n\t<meta property=\"og:image:type\" content=\"image\/png\" \/>\n<meta name=\"twitter:card\" content=\"summary_large_image\" \/>\n<meta name=\"twitter:label1\" content=\"Ansl. lesetid\" \/>\n\t<meta name=\"twitter:data1\" content=\"1 minutt\" \/>\n<script type=\"application\/ld+json\" class=\"yoast-schema-graph\">{\"@context\":\"https:\/\/schema.org\",\"@graph\":[{\"@type\":\"WebPage\",\"@id\":\"https:\/\/hoyre.no\/raelingen\/arrangementer\/folkemote-om-kvinner-i-politikk-naeringsliv-og-andre-lederroller\/\",\"url\":\"https:\/\/hoyre.no\/raelingen\/arrangementer\/folkemote-om-kvinner-i-politikk-naeringsliv-og-andre-lederroller\/\",\"name\":\"Folkem\u00f8te om kvinner i politikk, n\u00e6ringsliv og andre lederroller - R\u00e6lingen H\u00f8yre\",\"isPartOf\":{\"@id\":\"https:\/\/hoyre.no\/raelingen\/#website\"},\"datePublished\":\"2026-02-07T16:12:11+00:00\",\"dateModified\":\"2026-02-07T16:23:08+00:00\",\"description\":\"Folkem\u00f8te om kvinner i politikk, n\u00e6ringsliv og andre lederroller. Med Margareth Hagerup, Heidi Finstad og Gro Langdalen som innledere.\",\"breadcrumb\":{\"@id\":\"https:\/\/hoyre.no\/raelingen\/arrangementer\/folkemote-om-kvinner-i-politikk-naeringsliv-og-andre-lederroller\/#breadcrumb\"},\"inLanguage\":\"nb-NO\",\"potentialAction\":[{\"@type\":\"ReadAction\",\"target\":[\"https:\/\/hoyre.no\/raelingen\/arrangementer\/folkemote-om-kvinner-i-politikk-naeringsliv-og-andre-lederroller\/\"]}]},{\"@type\":\"BreadcrumbList\",\"@id\":\"https:\/\/hoyre.no\/raelingen\/arrangementer\/folkemote-om-kvinner-i-politikk-naeringsliv-og-andre-lederroller\/#breadcrumb\",\"itemListElement\":[{\"@type\":\"ListItem\",\"position\":1,\"name\":\"Til hoyre.no\",\"item\":\"https:\/\/hoyre.no\"},{\"@type\":\"ListItem\",\"position\":2,\"name\":\"Hjem\",\"item\":\"https:\/\/hoyre.no\/raelingen\/\"},{\"@type\":\"ListItem\",\"position\":3,\"name\":\"Arrangement\",\"item\":\"https:\/\/hoyre.no\/raelingen\/arrangementer\/\"},{\"@type\":\"ListItem\",\"position\":4,\"name\":\"Folkem\u00f8te om kvinner i politikk, n\u00e6ringsliv og andre lederroller\"}]},{\"@type\":\"WebSite\",\"@id\":\"https:\/\/hoyre.no\/raelingen\/#website\",\"url\":\"https:\/\/hoyre.no\/raelingen\/\",\"name\":\"R\u00e6lingen H\u00f8yre\",\"description\":\"Bare enda et H\u00f8yres nettsteder-nettsted\",\"inLanguage\":\"nb-NO\"}]}<\/script>\n<!-- \/ Yoast SEO plugin. -->","yoast_head_json":{"title":"Folkem\u00f8te om kvinner i politikk, n\u00e6ringsliv og andre lederroller - R\u00e6lingen H\u00f8yre","description":"Folkem\u00f8te om kvinner i politikk, n\u00e6ringsliv og andre lederroller. Med Margareth Hagerup, Heidi Finstad og Gro Langdalen som innledere.","robots":{"index":"index","follow":"follow","max-snippet":"max-snippet:-1","max-image-preview":"max-image-preview:large","max-video-preview":"max-video-preview:-1"},"canonical":"https:\/\/hoyre.no\/raelingen\/arrangementer\/folkemote-om-kvinner-i-politikk-naeringsliv-og-andre-lederroller\/","og_locale":"nb_NO","og_type":"article","og_title":"Folkem\u00f8te om kvinner i politikk, n\u00e6ringsliv og andre lederroller - R\u00e6lingen H\u00f8yre","og_description":"Folkem\u00f8te om kvinner i politikk, n\u00e6ringsliv og andre lederroller. Med Margareth Hagerup, Heidi Finstad og Gro Langdalen som innledere.","og_url":"https:\/\/hoyre.no\/raelingen\/arrangementer\/folkemote-om-kvinner-i-politikk-naeringsliv-og-andre-lederroller\/","og_site_name":"R\u00e6lingen H\u00f8yre","article_modified_time":"2026-02-07T16:23:08+00:00","og_image":[{"width":1000,"height":1000,"url":"https:\/\/hoyre.no\/content\/uploads\/sites\/165\/2022\/11\/Hoyres-logo.png","type":"image\/png"}],"twitter_card":"summary_large_image","twitter_misc":{"Ansl. lesetid":"1 minutt"},"schema":{"@context":"https:\/\/schema.org","@graph":[{"@type":"WebPage","@id":"https:\/\/hoyre.no\/raelingen\/arrangementer\/folkemote-om-kvinner-i-politikk-naeringsliv-og-andre-lederroller\/","url":"https:\/\/hoyre.no\/raelingen\/arrangementer\/folkemote-om-kvinner-i-politikk-naeringsliv-og-andre-lederroller\/","name":"Folkem\u00f8te om kvinner i politikk, n\u00e6ringsliv og andre lederroller - R\u00e6lingen H\u00f8yre","isPartOf":{"@id":"https:\/\/hoyre.no\/raelingen\/#website"},"datePublished":"2026-02-07T16:12:11+00:00","dateModified":"2026-02-07T16:23:08+00:00","description":"Folkem\u00f8te om kvinner i politikk, n\u00e6ringsliv og andre lederroller. Med Margareth Hagerup, Heidi Finstad og Gro Langdalen som innledere.","breadcrumb":{"@id":"https:\/\/hoyre.no\/raelingen\/arrangementer\/folkemote-om-kvinner-i-politikk-naeringsliv-og-andre-lederroller\/#breadcrumb"},"inLanguage":"nb-NO","potentialAction":[{"@type":"ReadAction","target":["https:\/\/hoyre.no\/raelingen\/arrangementer\/folkemote-om-kvinner-i-politikk-naeringsliv-og-andre-lederroller\/"]}]},{"@type":"BreadcrumbList","@id":"https:\/\/hoyre.no\/raelingen\/arrangementer\/folkemote-om-kvinner-i-politikk-naeringsliv-og-andre-lederroller\/#breadcrumb","itemListElement":[{"@type":"ListItem","position":1,"name":"Til hoyre.no","item":"https:\/\/hoyre.no"},{"@type":"ListItem","position":2,"name":"Hjem","item":"https:\/\/hoyre.no\/raelingen\/"},{"@type":"ListItem","position":3,"name":"Arrangement","item":"https:\/\/hoyre.no\/raelingen\/arrangementer\/"},{"@type":"ListItem","position":4,"name":"Folkem\u00f8te om kvinner i politikk, n\u00e6ringsliv og andre lederroller"}]},{"@type":"WebSite","@id":"https:\/\/hoyre.no\/raelingen\/#website","url":"https:\/\/hoyre.no\/raelingen\/","name":"R\u00e6lingen H\u00f8yre","description":"Bare enda et H\u00f8yres nettsteder-nettsted","inLanguage":"nb-NO"}]}},"distributor_meta":false,"distributor_terms":false,"distributor_media":false,"distributor_original_site_name":"R\u00e6lingen H\u00f8yre","distributor_original_site_url":"https:\/\/hoyre.no\/raelingen","push-errors":false,"_links":{"self":[{"href":"https:\/\/hoyre.no\/raelingen\/wp-json\/wp\/v2\/teft-events\/426","targetHints":{"allow":["GET"]}}],"collection":[{"href":"https:\/\/hoyre.no\/raelingen\/wp-json\/wp\/v2\/teft-events"}],"about":[{"href":"https:\/\/hoyre.no\/raelingen\/wp-json\/wp\/v2\/types\/teft-events"}],"wp:attachment":[{"href":"https:\/\/hoyre.no\/raelingen\/wp-json\/wp\/v2\/media?parent=426"}],"wp:term":[{"taxonomy":"teft-events-category","embeddable":true,"href":"https:\/\/hoyre.no\/raelingen\/wp-json\/wp\/v2\/teft-events-category?post=426"}],"curies":[{"name":"wp","href":"https:\/\/api.w.org\/{rel}","templated":true}]}}