{"id":53,"date":"2022-06-10T17:25:54","date_gmt":"2022-06-10T15:25:54","guid":{"rendered":"https:\/\/hoyre.no\/raelingen\/?post_type=teft-events&#038;p=53"},"modified":"2022-06-10T17:25:54","modified_gmt":"2022-06-10T15:25:54","slug":"nominasjonsmote-ordforerkandidat","status":"publish","type":"teft-events","link":"https:\/\/hoyre.no\/raelingen\/arrangementer\/nominasjonsmote-ordforerkandidat\/","title":{"rendered":"Nominasjonsm\u00f8te &#8211; Ordf\u00f8rerkandidat"},"content":{"rendered":"\n<div class=\"wp-block-teft-event-top\">\n\n<div class=\"teft-event-date-top\">\n<div class=\"teft-event-date-wrapper\">\n\t<div class=\"date-square\" aria-hidden=\"true\">\n\t\t20\t\t\t<\/div>\n<\/div>\n\t<div class=\"top-text\">\n\t\t\t\t\t<p class=\"top-date-text\">mandag 20. juni 2022<\/p>\n\t\t\t\t\t\t\t<p class=\"top-time-text\">19:30 &#8211; 20:30<\/p>\n\t\t\t\t\t\t<\/div>\n\t\t<div class=\"sharing\">\n\t\t<a class=\"share-button share-link copy-link\" data-copy=\"https:\/\/hoyre.no\/raelingen\/arrangementer\/nominasjonsmote-ordforerkandidat\/\" target=\"_blank\"><span class=\"screen-reader-text\">Del link<\/span><\/a>\n\t\t<a class=\"share-button share-twitter\" href=\"http:\/\/twitter.com\/share?text=Nominasjonsm\u00f8te &#8211; Ordf\u00f8rerkandidat&#038;url=https:\/\/hoyre.no\/raelingen\/arrangementer\/nominasjonsmote-ordforerkandidat\/&#038;hashtags=Hoyre\" target=\"_blank\"><span class=\"screen-reader-text\">Del p\u00e5 twitter<\/span><\/a>\n\t\t<a class=\"share-button share-facebook\" href=\"https:\/\/www.facebook.com\/sharer\/sharer.php?u=https:\/\/hoyre.no\/raelingen\/arrangementer\/nominasjonsmote-ordforerkandidat\/\" target=\"_blank\"><span class=\"screen-reader-text\">Del p\u00e5 facebook<\/span><\/a>\n\t<\/div>\n\t<\/div>\n<p class=\"preamble\">F\u00f8rste nominasjonsm\u00f8te i R\u00e6lingen H\u00f8yre avholdes som tidligere kommunisert 20. juni kl 19:30 p\u00e5 R\u00e6lingen R\u00e5dhus. <\/p>\n\n<div class=\"panel teft-details-panel\">\n\t\t<h3>Detaljer<\/h3>\n\n\t\t\t\t\t<dl class=\"info-misc-with-icons\">\n\t\t\t\t<dt class=\"venue\"><span class=\"screen-reader-text\">Stedet<\/span><\/dt>\n\t\t\t\t<dd>\n\t\t\t\t\t\t\t\t\t\t\t<span class=\"address-line-1\">R\u00e5dhuset, R\u00e6lingen Kommune<\/span>\n\t\t\t\t\t\t\t\t\t\t\t\t\t\t<\/dd>\n\t\t\t<\/dl>\n\t\t\t\t\t\t\t<dl class=\"info-misc-with-icons\">\n\t\t<dt class=\"time\"><span class=\"screen-reader-text\">Arrangement dato<\/span><\/dt>\n\t\t<dd class=\"time\">\n\t\t\tman 20. juni 2022 fra  19:30 &#8211; 20:30\t\t<\/dd>\n\t<\/dl>\n\t\t\t\t<\/dl>\n<\/div>\n<\/div>\n\n\n\n\n<h2 class=\"wp-block-heading\">Til medlemmer i R\u00e6lingen H\u00f8yre eller R\u00e6lingen Unge H\u00f8yre.<\/h2>\n\n\n\n<p>Vi ser frem til Kommunestyrevalget i september 2023 og prosessen med \u00e5 finne gode kandidater til H\u00f8yres liste i R\u00e6lingen kommune er i gang.<\/p>\n\n\n\n<p>Det innkalles herved til&nbsp;<strong>f\u00f8rste&nbsp;nominasjonsm\u00f8te:<\/strong><\/p>\n\n\n\n<p><strong>Mandag 20. juni 2022 kl 19:30 i Kommunestyresalen p\u00e5 R\u00e6lingen R\u00e5dhus.\u00a0<br><\/strong><br>Agenda for m\u00f8tet:\u00a0<\/p>\n\n\n\n<ul class=\"wp-block-list\"><li>Valg av ordf\u00f8rerkandidat til R\u00e6lingen H\u00f8yres valgliste for kommunevalget i 2023.\u00a0<\/li><li>Innspill og forslag til nominasjonskomiteeten p\u00e5 mulige kandidater til \u00e5 st\u00e5 p\u00e5 de \u00f8vrige\u00a0 plassene p\u00e5 valglisten.\u00a0<\/li><\/ul>\n\n\n\n<p><\/p>\n\n\n\n<p>Det er kun ordf\u00f8rerkandidat som velges n\u00e5 i juni.\u00a0<strong>\u00d8vrige listekandidater velges p\u00e5\u00a0nominasjonsm\u00f8te\u00a0den 23. november kl 19.00 p\u00e5 R\u00e6lingen R\u00e5dhus<\/strong>.\u00a0<\/p>\n\n\n\n<p>Nominasjonskomiteen har f\u00f8lgende forslag til ordf\u00f8rerkandidat for valglisten i 2023:\u00a0<\/p>\n\n\n\n<ul class=\"wp-block-list\"><li><a href=\"https:\/\/hoyre.no\/raelingen\/aktuelt\/gro-langdalen-innstilles-som-ordforerkandidat\/\">Gro Langdalen (f. 1962)<\/a><\/li><\/ul>\n\n\n\n<p>Gro er godt kjent for de fleste og er n\u00e5 v\u00e5r gruppeleder. Etter \u00e5 ha vurdert flere ulike kandidater \u00f8nsker nominasjonskomiteen at vi ogs\u00e5 for 2023 satser p\u00e5 Gro som v\u00e5r ordf\u00f8rerkandidat.\u00a0<\/p>\n\n\n\n<p><br>For \u00e5 ha stemmerett p\u00e5 nominasjonsm\u00f8tet m\u00e5 en ha v\u00e6rt medlem i minst 4 uker og ha betalt kontingent f\u00f8r m\u00f8tet begynner, samt ha stemmerett ved det valget i R\u00e6lingen Kommune<br><br>Les <a href=\"https:\/\/hoyre.no\/raelingen\/aktuelt\/gro-langdalen-innstilles-som-ordforerkandidat\/\">bakgrunnen for innstillingen<\/a> fra nominasjonskomiteen. <\/p>\n\n\n<div class=\"post-meta wp-block\">\n\t<div class=\"top\">\n\t\t<div class=\"sharing\">\n\t\t\t<a class=\"share-button share-link\" target=\"_blank\"><span class=\"screen-reader-text\">Del link<\/span><\/a>\n\t\t\t<a class=\"share-button share-twitter\" href=\"http:\/\/twitter.com\/share?text=Nominasjonsm\u00f8te &#8211; Ordf\u00f8rerkandidat&#038;url=https:\/\/hoyre.no\/raelingen\/arrangementer\/nominasjonsmote-ordforerkandidat\/&#038;hashtags=Hoyre\"><span class=\"screen-reader-text\">Del p\u00e5 twitter<\/span><\/a>\n\t\t\t<a class=\"share-button share-facebook\" href=\"https:\/\/www.facebook.com\/sharer\/sharer.php?u=https:\/\/hoyre.no\/raelingen\/arrangementer\/nominasjonsmote-ordforerkandidat\/\" target=\"_blank\"><span class=\"screen-reader-text\">Del p\u00e5 facebook<\/span><\/a>\n\t\t<\/div>\n\t<\/div>\n<\/div>\n","protected":false},"template":"","meta":{"teft_cards_image_url":"","teft_cards_custom_pretitle":"","teft_cards_image_id":0,"teft_cards_image_focal_point_x":0,"teft_cards_image_focal_point_y":0,"teft_cards_title":"","teft_cards_excerpt":"","teft_show_chapters":false,"event_organizer":[],"event_start_date":"2022-06-20T19:30:00","event_end_date":"2022-06-20T20:30:00","event_registration_url":"","event_registration_deadline":"","event_ticket_cost":"","event_venue_name":"R\u00e5dhuset, R\u00e6lingen Kommune","event_venue_url":"","event_venue_address":""},"teft-events-category":[],"class_list":["post-53","teft-events","type-teft-events","status-publish","hentry"],"yoast_head":"<!-- This site is optimized with the Yoast SEO plugin v26.6 - https:\/\/yoast.com\/wordpress\/plugins\/seo\/ -->\n<title>Nominasjonsm\u00f8te - Ordf\u00f8rerkandidat - R\u00e6lingen H\u00f8yre<\/title>\n<meta name=\"robots\" content=\"index, follow, max-snippet:-1, max-image-preview:large, max-video-preview:-1\" \/>\n<link rel=\"canonical\" href=\"https:\/\/hoyre.no\/raelingen\/arrangementer\/nominasjonsmote-ordforerkandidat\/\" \/>\n<meta property=\"og:locale\" content=\"nb_NO\" \/>\n<meta property=\"og:type\" content=\"article\" \/>\n<meta property=\"og:title\" content=\"Nominasjonsm\u00f8te - Ordf\u00f8rerkandidat - R\u00e6lingen H\u00f8yre\" \/>\n<meta property=\"og:url\" content=\"https:\/\/hoyre.no\/raelingen\/arrangementer\/nominasjonsmote-ordforerkandidat\/\" \/>\n<meta property=\"og:site_name\" content=\"R\u00e6lingen H\u00f8yre\" \/>\n<meta property=\"og:image\" content=\"https:\/\/hoyre.no\/content\/uploads\/sites\/165\/2022\/11\/Hoyres-logo.png\" \/>\n\t<meta property=\"og:image:width\" content=\"1000\" \/>\n\t<meta property=\"og:image:height\" content=\"1000\" \/>\n\t<meta property=\"og:image:type\" content=\"image\/png\" \/>\n<meta name=\"twitter:card\" content=\"summary_large_image\" \/>\n<meta name=\"twitter:label1\" content=\"Ansl. lesetid\" \/>\n\t<meta name=\"twitter:data1\" content=\"2 minutter\" \/>\n<script type=\"application\/ld+json\" class=\"yoast-schema-graph\">{\"@context\":\"https:\/\/schema.org\",\"@graph\":[{\"@type\":\"WebPage\",\"@id\":\"https:\/\/hoyre.no\/raelingen\/arrangementer\/nominasjonsmote-ordforerkandidat\/\",\"url\":\"https:\/\/hoyre.no\/raelingen\/arrangementer\/nominasjonsmote-ordforerkandidat\/\",\"name\":\"Nominasjonsm\u00f8te - Ordf\u00f8rerkandidat - R\u00e6lingen H\u00f8yre\",\"isPartOf\":{\"@id\":\"https:\/\/hoyre.no\/raelingen\/#website\"},\"datePublished\":\"2022-06-10T15:25:54+00:00\",\"breadcrumb\":{\"@id\":\"https:\/\/hoyre.no\/raelingen\/arrangementer\/nominasjonsmote-ordforerkandidat\/#breadcrumb\"},\"inLanguage\":\"nb-NO\",\"potentialAction\":[{\"@type\":\"ReadAction\",\"target\":[\"https:\/\/hoyre.no\/raelingen\/arrangementer\/nominasjonsmote-ordforerkandidat\/\"]}]},{\"@type\":\"BreadcrumbList\",\"@id\":\"https:\/\/hoyre.no\/raelingen\/arrangementer\/nominasjonsmote-ordforerkandidat\/#breadcrumb\",\"itemListElement\":[{\"@type\":\"ListItem\",\"position\":1,\"name\":\"Til hoyre.no\",\"item\":\"https:\/\/hoyre.no\"},{\"@type\":\"ListItem\",\"position\":2,\"name\":\"Hjem\",\"item\":\"https:\/\/hoyre.no\/raelingen\/\"},{\"@type\":\"ListItem\",\"position\":3,\"name\":\"Arrangement\",\"item\":\"https:\/\/hoyre.no\/raelingen\/arrangementer\/\"},{\"@type\":\"ListItem\",\"position\":4,\"name\":\"Nominasjonsm\u00f8te &#8211; Ordf\u00f8rerkandidat\"}]},{\"@type\":\"WebSite\",\"@id\":\"https:\/\/hoyre.no\/raelingen\/#website\",\"url\":\"https:\/\/hoyre.no\/raelingen\/\",\"name\":\"R\u00e6lingen H\u00f8yre\",\"description\":\"Bare enda et H\u00f8yres nettsteder-nettsted\",\"inLanguage\":\"nb-NO\"}]}<\/script>\n<!-- \/ Yoast SEO plugin. -->","yoast_head_json":{"title":"Nominasjonsm\u00f8te - Ordf\u00f8rerkandidat - R\u00e6lingen H\u00f8yre","robots":{"index":"index","follow":"follow","max-snippet":"max-snippet:-1","max-image-preview":"max-image-preview:large","max-video-preview":"max-video-preview:-1"},"canonical":"https:\/\/hoyre.no\/raelingen\/arrangementer\/nominasjonsmote-ordforerkandidat\/","og_locale":"nb_NO","og_type":"article","og_title":"Nominasjonsm\u00f8te - Ordf\u00f8rerkandidat - R\u00e6lingen H\u00f8yre","og_url":"https:\/\/hoyre.no\/raelingen\/arrangementer\/nominasjonsmote-ordforerkandidat\/","og_site_name":"R\u00e6lingen H\u00f8yre","og_image":[{"width":1000,"height":1000,"url":"https:\/\/hoyre.no\/content\/uploads\/sites\/165\/2022\/11\/Hoyres-logo.png","type":"image\/png"}],"twitter_card":"summary_large_image","twitter_misc":{"Ansl. lesetid":"2 minutter"},"schema":{"@context":"https:\/\/schema.org","@graph":[{"@type":"WebPage","@id":"https:\/\/hoyre.no\/raelingen\/arrangementer\/nominasjonsmote-ordforerkandidat\/","url":"https:\/\/hoyre.no\/raelingen\/arrangementer\/nominasjonsmote-ordforerkandidat\/","name":"Nominasjonsm\u00f8te - Ordf\u00f8rerkandidat - R\u00e6lingen H\u00f8yre","isPartOf":{"@id":"https:\/\/hoyre.no\/raelingen\/#website"},"datePublished":"2022-06-10T15:25:54+00:00","breadcrumb":{"@id":"https:\/\/hoyre.no\/raelingen\/arrangementer\/nominasjonsmote-ordforerkandidat\/#breadcrumb"},"inLanguage":"nb-NO","potentialAction":[{"@type":"ReadAction","target":["https:\/\/hoyre.no\/raelingen\/arrangementer\/nominasjonsmote-ordforerkandidat\/"]}]},{"@type":"BreadcrumbList","@id":"https:\/\/hoyre.no\/raelingen\/arrangementer\/nominasjonsmote-ordforerkandidat\/#breadcrumb","itemListElement":[{"@type":"ListItem","position":1,"name":"Til hoyre.no","item":"https:\/\/hoyre.no"},{"@type":"ListItem","position":2,"name":"Hjem","item":"https:\/\/hoyre.no\/raelingen\/"},{"@type":"ListItem","position":3,"name":"Arrangement","item":"https:\/\/hoyre.no\/raelingen\/arrangementer\/"},{"@type":"ListItem","position":4,"name":"Nominasjonsm\u00f8te &#8211; Ordf\u00f8rerkandidat"}]},{"@type":"WebSite","@id":"https:\/\/hoyre.no\/raelingen\/#website","url":"https:\/\/hoyre.no\/raelingen\/","name":"R\u00e6lingen H\u00f8yre","description":"Bare enda et H\u00f8yres nettsteder-nettsted","inLanguage":"nb-NO"}]}},"distributor_meta":false,"distributor_terms":false,"distributor_media":false,"distributor_original_site_name":"R\u00e6lingen H\u00f8yre","distributor_original_site_url":"https:\/\/hoyre.no\/raelingen","push-errors":false,"_links":{"self":[{"href":"https:\/\/hoyre.no\/raelingen\/wp-json\/wp\/v2\/teft-events\/53","targetHints":{"allow":["GET"]}}],"collection":[{"href":"https:\/\/hoyre.no\/raelingen\/wp-json\/wp\/v2\/teft-events"}],"about":[{"href":"https:\/\/hoyre.no\/raelingen\/wp-json\/wp\/v2\/types\/teft-events"}],"wp:attachment":[{"href":"https:\/\/hoyre.no\/raelingen\/wp-json\/wp\/v2\/media?parent=53"}],"wp:term":[{"taxonomy":"teft-events-category","embeddable":true,"href":"https:\/\/hoyre.no\/raelingen\/wp-json\/wp\/v2\/teft-events-category?post=53"}],"curies":[{"name":"wp","href":"https:\/\/api.w.org\/{rel}","templated":true}]}}