{"id":59,"date":"2023-06-14T11:10:36","date_gmt":"2023-06-14T09:10:36","guid":{"rendered":"https:\/\/hoyre.no\/rana\/?page_id=59"},"modified":"2025-01-24T16:07:54","modified_gmt":"2025-01-24T15:07:54","slug":"syv-grunner-til-a-stemme-hoyre-i-rana","status":"publish","type":"page","link":"https:\/\/hoyre.no\/rana\/syv-grunner-til-a-stemme-hoyre-i-rana\/","title":{"rendered":"Syv grunner til \u00e5 stemme H\u00f8yre i Rana"},"content":{"rendered":"\n<div class=\"wp-block-hoyre-hero with-image-gradient text-color-light  has-media alignfull has-background\"><div class=\"hoyre-hero has-image\"><h1 class=\"title\">Syv grunner til \u00e5 stemme H\u00f8yre i Rana<\/h1><figure class=\"hoyre-image-wrapper\"><div class=\"hoyre-image\"><img loading=\"lazy\" decoding=\"async\" width=\"2500\" height=\"833\" src=\"https:\/\/hoyre.no\/content\/uploads\/sites\/128\/2023\/06\/AdobeStock_357012628-scaled.jpeg\" class=\"attachment-scaled size-scaled\" alt=\"\" style=\"object-position: 50% 50%\" srcset=\"https:\/\/hoyre.no\/content\/uploads\/sites\/128\/2023\/06\/AdobeStock_357012628-scaled.jpeg 2500w, https:\/\/hoyre.no\/content\/uploads\/sites\/128\/2023\/06\/AdobeStock_357012628-300x100.jpeg 300w, https:\/\/hoyre.no\/content\/uploads\/sites\/128\/2023\/06\/AdobeStock_357012628-1024x341.jpeg 1024w, https:\/\/hoyre.no\/content\/uploads\/sites\/128\/2023\/06\/AdobeStock_357012628-768x256.jpeg 768w, https:\/\/hoyre.no\/content\/uploads\/sites\/128\/2023\/06\/AdobeStock_357012628-1536x512.jpeg 1536w, https:\/\/hoyre.no\/content\/uploads\/sites\/128\/2023\/06\/AdobeStock_357012628-2048x683.jpeg 2048w\" sizes=\"auto, (max-width: 2500px) 100vw, 2500px\" \/><\/div><\/figure><\/div><\/div>\n\n\n\n\n\t\t<div class=\"has-pale-grey-background-color is-layout-left alignwide alignwide wp-block-hoyre-media-text\">\n\t\t\t<div class=\"hoyre-media-text__media\">\n\t\t\t\t<img loading=\"lazy\" decoding=\"async\" width=\"1024\" height=\"683\" src=\"https:\/\/hoyre.no\/content\/uploads\/sites\/128\/2023\/06\/DSC9301-1024x683.jpg\" class=\"hoyre-media-text__media-image\" alt=\"\" style=\"--focal: 52% 24%;\" srcset=\"https:\/\/hoyre.no\/content\/uploads\/sites\/128\/2023\/06\/DSC9301-1024x683.jpg 1024w, https:\/\/hoyre.no\/content\/uploads\/sites\/128\/2023\/06\/DSC9301-300x200.jpg 300w, https:\/\/hoyre.no\/content\/uploads\/sites\/128\/2023\/06\/DSC9301-768x513.jpg 768w, https:\/\/hoyre.no\/content\/uploads\/sites\/128\/2023\/06\/DSC9301-1536x1025.jpg 1536w, https:\/\/hoyre.no\/content\/uploads\/sites\/128\/2023\/06\/DSC9301-2048x1367.jpg 2048w\" sizes=\"auto, (max-width: 1024px) 100vw, 1024px\" \/>\n\t\t\t<\/div>\n\t\t\t<div class=\"hoyre-media-text__content\">\n\t\t\t\t<div class=\"hoyre-media-text__content-inner\">\n\t\t\t\t\t\n\t\t\t<div class=\"hoyre-media-text__title-container\">\n\t\t\t\t\n\t\t\t\t<h2 class=\"hoyre-media-text__title\">Vi vil mer for Rana<\/h2>\n\t\t\t<\/div>\n\t\t\t\n\t\t\t\t\t<div class=\"hoyre-media-text__blocks\">\n<p><\/p><p>H\u00f8yre er partiet for alle. Din bakgrunn skal ikke ha noe \u00e5 si for hvilke muligheter du har i Norge eller i Rana. H\u00f8yre er opptatt av kvalitet i tjenestene, forutsigbarhet og langsiktig fornuftig bruk av skattepengene. Du som innbygger skal st\u00e5 i sentrum, ikke systemet.<\/p>\n<\/div>\n\t\t\t\t\t\n\t\t\t\t<\/div>\n\t\t\t<\/div>\n\t\t<\/div>\n\t\t\n\n\n\n\t\t<div class=\"has-pink-background-color is-layout-right alignwide alignwide wp-block-hoyre-media-text\">\n\t\t\t<div class=\"hoyre-media-text__media\">\n\t\t\t\t<img loading=\"lazy\" decoding=\"async\" width=\"723\" height=\"952\" src=\"https:\/\/hoyre.no\/content\/uploads\/sites\/128\/2023\/06\/IMG_56661.jpg\" class=\"hoyre-media-text__media-image\" alt=\"\" style=\"--focal: 56% 29%;\" srcset=\"https:\/\/hoyre.no\/content\/uploads\/sites\/128\/2023\/06\/IMG_56661.jpg 723w, https:\/\/hoyre.no\/content\/uploads\/sites\/128\/2023\/06\/IMG_56661-228x300.jpg 228w\" sizes=\"auto, (max-width: 723px) 100vw, 723px\" \/>\n\t\t\t<\/div>\n\t\t\t<div class=\"hoyre-media-text__content\">\n\t\t\t\t<div class=\"hoyre-media-text__content-inner\">\n\t\t\t\t\t\n\t\t\t<div class=\"hoyre-media-text__title-container\">\n\t\t\t\t\n\t\t\t\t<h2 class=\"hoyre-media-text__title\">1. En trygg helsetjeneste som setter enkeltmenneskets behov i sentrum<\/h2>\n\t\t\t<\/div>\n\t\t\t\n\t\t\t\t\t<div class=\"hoyre-media-text__blocks\">\n<p>Vi blir stadig flere eldre og behovet for flere hender i helsetjenesten \u00f8ker. H\u00f8yre vil ha en sterk offentlig helsetjeneste, men en b\u00e6rekraftig helsetjeneste for fremtiden krever omstilling og nytenkning.\u00a0<\/p><p>H\u00f8yre vil ha et aldersvennlig samfunn der trygghet, verdighet og selvbestemmelse settes i sentrum. I Rana skal vi s\u00f8rge for en politikk, som setter kvaliteten p\u00e5 tjenesten f\u00f8rst. Uavhengig av hvem som tilbyr helsetjenesten du trenger, skal du vite at du f\u00e5r tilgang til rask og trygg hjelp. Enten det er fastlegetjenesten, hjemmehjelp, legevakt eller brukerstyrt assistanse skal Rana v\u00e6re en kommune som strekker seg langt for \u00e5 tilpasse seg folks behov. Vi \u00f8nsker at Ranas innbyggere enklere skal kunne ta valg som er best for en selv og ha en kommune som ivaretar og lytter til p\u00e5r\u00f8rende.<\/p>\n<\/div>\n\t\t\t\t\t\n\t\t\t\t<\/div>\n\t\t\t<\/div>\n\t\t<\/div>\n\t\t\n\n\n\t\t<div class=\"has-pale-blue-background-color is-layout-left alignwide alignwide wp-block-hoyre-media-text\">\n\t\t\t<div class=\"hoyre-media-text__media\">\n\t\t\t\t<img loading=\"lazy\" decoding=\"async\" width=\"1024\" height=\"683\" src=\"https:\/\/hoyre.no\/content\/uploads\/sites\/128\/2023\/06\/GettyImages-640964975-1024x683.jpg\" class=\"hoyre-media-text__media-image\" alt=\"\" style=\"--focal: 53% 14%;\" srcset=\"https:\/\/hoyre.no\/content\/uploads\/sites\/128\/2023\/06\/GettyImages-640964975-1024x683.jpg 1024w, https:\/\/hoyre.no\/content\/uploads\/sites\/128\/2023\/06\/GettyImages-640964975-300x200.jpg 300w, https:\/\/hoyre.no\/content\/uploads\/sites\/128\/2023\/06\/GettyImages-640964975-768x512.jpg 768w, https:\/\/hoyre.no\/content\/uploads\/sites\/128\/2023\/06\/GettyImages-640964975-1536x1024.jpg 1536w, https:\/\/hoyre.no\/content\/uploads\/sites\/128\/2023\/06\/GettyImages-640964975-2048x1365.jpg 2048w\" sizes=\"auto, (max-width: 1024px) 100vw, 1024px\" \/>\n\t\t\t<\/div>\n\t\t\t<div class=\"hoyre-media-text__content\">\n\t\t\t\t<div class=\"hoyre-media-text__content-inner\">\n\t\t\t\t\t\n\t\t\t<div class=\"hoyre-media-text__title-container\">\n\t\t\t\t\n\t\t\t\t<h2 class=\"hoyre-media-text__title\">2. P\u00e5 lag med Ranas jobbskapere og n\u00e6ringsliv<\/h2>\n\t\t\t<\/div>\n\t\t\t\n\t\t\t\t\t<div class=\"hoyre-media-text__blocks\">\n<p>Rana har en utfordring med \u00e5 rekruttere mennesker med relevant kompetanse, noe som hemmer fremtidig n\u00e6ringsutvikling og industrietableringer. Rana H\u00f8yre skal v\u00e6re p\u00e5 lag med de som skaper arbeidsplasser.<\/p><p>Rana H\u00f8yre vil utvikle Rana videre som vertskapskommune for n\u00e6ringsutvikling \u2013 vi skal v\u00e6re en attraktiv lokasjon for b\u00e6rekraftig industri og n\u00e6ringsutvikling ved \u00e5 v\u00e6re en p\u00e5driver for det gr\u00f8nne skiftet.<\/p><p>Rana H\u00f8yre vil styrke samarbeidet mellom offentlig og privat sektor med blant annet \u00e5 tilrettegge flere n\u00e6ringstomter. Vi skal f\u00f8re en ansvarlig \u00f8konomisk politikk som gir handlingsrom for investeringer. Vi vil tilrettelegge for gr\u00fcndere gjennom \u00e5 forenkle s\u00f8knadsprosesser, fjerne un\u00f8dige reguleringer og rapporteringer.<\/p>\n<\/div>\n\t\t\t\t\t\n\t\t\t\t<\/div>\n\t\t\t<\/div>\n\t\t<\/div>\n\t\t\n\n\n\t\t<div class=\"has-pale-grey-background-color is-layout-right alignwide alignwide wp-block-hoyre-media-text\">\n\t\t\t<div class=\"hoyre-media-text__media\">\n\t\t\t\t<img loading=\"lazy\" decoding=\"async\" width=\"1024\" height=\"683\" src=\"https:\/\/hoyre.no\/content\/uploads\/sites\/128\/2023\/06\/GettyImages-1358014313-1024x683.jpg\" class=\"hoyre-media-text__media-image\" alt=\"\" style=\"--focal: 63% 40%;\" srcset=\"https:\/\/hoyre.no\/content\/uploads\/sites\/128\/2023\/06\/GettyImages-1358014313-1024x683.jpg 1024w, https:\/\/hoyre.no\/content\/uploads\/sites\/128\/2023\/06\/GettyImages-1358014313-300x200.jpg 300w, https:\/\/hoyre.no\/content\/uploads\/sites\/128\/2023\/06\/GettyImages-1358014313-768x512.jpg 768w, https:\/\/hoyre.no\/content\/uploads\/sites\/128\/2023\/06\/GettyImages-1358014313-1536x1024.jpg 1536w, https:\/\/hoyre.no\/content\/uploads\/sites\/128\/2023\/06\/GettyImages-1358014313-2048x1365.jpg 2048w\" sizes=\"auto, (max-width: 1024px) 100vw, 1024px\" \/>\n\t\t\t<\/div>\n\t\t\t<div class=\"hoyre-media-text__content\">\n\t\t\t\t<div class=\"hoyre-media-text__content-inner\">\n\t\t\t\t\t\n\t\t\t<div class=\"hoyre-media-text__title-container\">\n\t\t\t\t\n\t\t\t\t<h2 class=\"hoyre-media-text__title\">3. Eleven og l\u00e6reren i sentrum &#8211; Rana som studentby<\/h2>\n\t\t\t<\/div>\n\t\t\t\n\t\t\t\t\t<div class=\"hoyre-media-text__blocks\">\n<p>Rana H\u00f8yre er bekymret for at andel utenforskap stiger for barn og unge. Vi \u00f8nsker \u00e5 satse p\u00e5 l\u00e6rernes kompetanse i en skole som forebygger utenforskap. Vi m\u00e5 styrke l\u00e6rerens kompetanse og satse videre p\u00e5 prosjekter som for eksempel Seire ved Rana Ungdomsskole. Vi vil ha en \u00f8kt satsning p\u00e5 tidlig innsats b\u00e5de i barnehage og grunnskole med n\u00f8dvendige fagfolk.<\/p><p>Rana H\u00f8yre st\u00f8tter etableringen av en internasjonal skole i kommunen og ser nytten av dette b\u00e5de for n\u00e6ringsutvikling og integrering.<\/p>\n<\/div>\n\t\t\t\t\t\n\t\t\t\t<\/div>\n\t\t\t<\/div>\n\t\t<\/div>\n\t\t\n\n\n\t\t<div class=\"has-pale-green-background-color is-layout-left alignwide alignwide wp-block-hoyre-media-text\">\n\t\t\t<div class=\"hoyre-media-text__media\">\n\t\t\t\t<img loading=\"lazy\" decoding=\"async\" width=\"1024\" height=\"674\" src=\"https:\/\/hoyre.no\/content\/uploads\/sites\/128\/2023\/06\/GettyImages-1287671009-2-1-1024x674.jpg\" class=\"hoyre-media-text__media-image\" alt=\"\" style=\"--focal: 17% 38%;\" srcset=\"https:\/\/hoyre.no\/content\/uploads\/sites\/128\/2023\/06\/GettyImages-1287671009-2-1-1024x674.jpg 1024w, https:\/\/hoyre.no\/content\/uploads\/sites\/128\/2023\/06\/GettyImages-1287671009-2-1-300x197.jpg 300w, https:\/\/hoyre.no\/content\/uploads\/sites\/128\/2023\/06\/GettyImages-1287671009-2-1-768x505.jpg 768w, https:\/\/hoyre.no\/content\/uploads\/sites\/128\/2023\/06\/GettyImages-1287671009-2-1-1536x1010.jpg 1536w, https:\/\/hoyre.no\/content\/uploads\/sites\/128\/2023\/06\/GettyImages-1287671009-2-1.jpg 1923w\" sizes=\"auto, (max-width: 1024px) 100vw, 1024px\" \/>\n\t\t\t<\/div>\n\t\t\t<div class=\"hoyre-media-text__content\">\n\t\t\t\t<div class=\"hoyre-media-text__content-inner\">\n\t\t\t\t\t\n\t\t\t<div class=\"hoyre-media-text__title-container\">\n\t\t\t\t\n\t\t\t\t<h2 class=\"hoyre-media-text__title\">4. Gr\u00f8nn industri i verdensklasse<\/h2>\n\t\t\t<\/div>\n\t\t\t\n\t\t\t\t\t<div class=\"hoyre-media-text__blocks\">\n<p>Nord-Norge og Rana st\u00e5r overfor et kraftunderskudd som hindrer ny kraft-krevende industri- og n\u00e6ringsetableringer. Underskuddet vil v\u00e6re gjeldende allerede fra 2027. Vi st\u00f8tter Energikommisjonens konklusjon &laquo;mer av alt \u2013 raskere&raquo; <\/p><p>Industrien er Ranas stolthet. Vi m\u00e5 tilrettelegge slik at industriell virksomhet kan videreutvikles. Vi trenger fornybar kraft som vind- vann- og havkraft for \u00e5 f\u00e5 dette til. H\u00f8yre vil utrede Norges behov for kjernekraft.Rana og den lokale industrien er en premissleverand\u00f8r innen gr\u00f8nn industri og b\u00e6rekraftig omstilling.<\/p><p>Rana H\u00f8yre er positiv til utvikling av fornybar kraft. En utredning m\u00e5 skje i tett dialog med vertskommuner, der lokale behov vektlegges.<\/p>\n<\/div>\n\t\t\t\t\t\n\t\t\t\t<\/div>\n\t\t\t<\/div>\n\t\t<\/div>\n\t\t\n\n\n\t\t<div class=\"has-pale-blue-background-color is-layout-right alignwide alignwide wp-block-hoyre-media-text\">\n\t\t\t<div class=\"hoyre-media-text__media\">\n\t\t\t\t<img loading=\"lazy\" decoding=\"async\" width=\"1024\" height=\"683\" src=\"https:\/\/hoyre.no\/content\/uploads\/sites\/128\/2023\/06\/GettyImages-637781432-1024x683.jpg\" class=\"hoyre-media-text__media-image\" alt=\"\" style=\"--focal: 50% 50%;\" srcset=\"https:\/\/hoyre.no\/content\/uploads\/sites\/128\/2023\/06\/GettyImages-637781432-1024x683.jpg 1024w, https:\/\/hoyre.no\/content\/uploads\/sites\/128\/2023\/06\/GettyImages-637781432-300x200.jpg 300w, https:\/\/hoyre.no\/content\/uploads\/sites\/128\/2023\/06\/GettyImages-637781432-768x512.jpg 768w, https:\/\/hoyre.no\/content\/uploads\/sites\/128\/2023\/06\/GettyImages-637781432-1536x1024.jpg 1536w, https:\/\/hoyre.no\/content\/uploads\/sites\/128\/2023\/06\/GettyImages-637781432-2048x1365.jpg 2048w\" sizes=\"auto, (max-width: 1024px) 100vw, 1024px\" \/>\n\t\t\t<\/div>\n\t\t\t<div class=\"hoyre-media-text__content\">\n\t\t\t\t<div class=\"hoyre-media-text__content-inner\">\n\t\t\t\t\t\n\t\t\t<div class=\"hoyre-media-text__title-container\">\n\t\t\t\t\n\t\t\t\t<h2 class=\"hoyre-media-text__title\">5. En levende kommune \u00e5 vokse opp i<\/h2>\n\t\t\t<\/div>\n\t\t\t\n\t\t\t\t\t<div class=\"hoyre-media-text__blocks\">\n<p>Full barnehagedekning er en selvf\u00f8lge for Rana H\u00f8yre. Vi jobber for l\u00f8pende barnehageopptak der barn som har fylt 1 \u00e5r f\u00e5r tilbud om barnehageplass uavhengig av n\u00e5r p\u00e5 \u00e5ret de er f\u00f8dt. Rana H\u00f8yre st\u00f8tter et videre tett samarbeid mellom offentlige og private akt\u00f8rer for \u00e5 oppn\u00e5 ambisjonen om full barnehagedekning.<\/p><p>Rana H\u00f8yre vil at Rana skal v\u00e6re en levende by med et rikt kulturliv og en breddeidrett der alle kan finne sin plass. Vi st\u00f8tter opp om partnerskapsavtalene med idretten. H\u00f8yre mener at et bredt og inkluderende kultur- og idrettsliv er sv\u00e6rt viktig. Det skaper attraktivitet og gode oppvekstvilk\u00e5r for barn og ungdom.<\/p><p>Funksjonshemmede i kommunen skal ha et godt tilbud gjennom fritidsavdelingen, gjerne i samarbeid med frivilligheten. Dette er ei gruppe det er viktig \u00e5 ivareta.<\/p><p>Rana H\u00f8yre ser at frivilligheten er en viktig b\u00e6rebjelke i et levende kultur- og idretts samfunn. Frivillighetssentralen er et viktig verkt\u00f8y for Rana kommune. De gj\u00f8r en sv\u00e6rt viktig jobb med engasjement, involvering og inkludering.<\/p><p>\u00a0<\/p>\n<\/div>\n\t\t\t\t\t\n\t\t\t\t<\/div>\n\t\t\t<\/div>\n\t\t<\/div>\n\t\t\n\n\n\t\t<div class=\"has-lightest-blue-background-color is-layout-left alignwide alignwide wp-block-hoyre-media-text\">\n\t\t\t<div class=\"hoyre-media-text__media\">\n\t\t\t\t<img loading=\"lazy\" decoding=\"async\" width=\"1024\" height=\"670\" src=\"https:\/\/hoyre.no\/content\/uploads\/sites\/128\/2023\/06\/GettyImages-1204596322-1024x670.jpg\" class=\"hoyre-media-text__media-image\" alt=\"\" style=\"--focal: 55% 48%;\" srcset=\"https:\/\/hoyre.no\/content\/uploads\/sites\/128\/2023\/06\/GettyImages-1204596322-1024x670.jpg 1024w, https:\/\/hoyre.no\/content\/uploads\/sites\/128\/2023\/06\/GettyImages-1204596322-300x196.jpg 300w, https:\/\/hoyre.no\/content\/uploads\/sites\/128\/2023\/06\/GettyImages-1204596322-768x502.jpg 768w, https:\/\/hoyre.no\/content\/uploads\/sites\/128\/2023\/06\/GettyImages-1204596322-1536x1005.jpg 1536w, https:\/\/hoyre.no\/content\/uploads\/sites\/128\/2023\/06\/GettyImages-1204596322-2048x1340.jpg 2048w\" sizes=\"auto, (max-width: 1024px) 100vw, 1024px\" \/>\n\t\t\t<\/div>\n\t\t\t<div class=\"hoyre-media-text__content\">\n\t\t\t\t<div class=\"hoyre-media-text__content-inner\">\n\t\t\t\t\t\n\t\t\t<div class=\"hoyre-media-text__title-container\">\n\t\t\t\t\n\t\t\t\t<h2 class=\"hoyre-media-text__title\">6. Rana skal v\u00e6re inkluderende og fargerik<\/h2>\n\t\t\t<\/div>\n\t\t\t\n\t\t\t\t\t<div class=\"hoyre-media-text__blocks\">\n<p>Rana H\u00f8yre vil sette i gang tiltak for \u00e5 \u00f8ke aktiviteten og f\u00e5 flyktninger i arbeid s\u00e5 raskt som mulig. V\u00e5re nye innbyggere er tiltrengte ressurser som Rana trenger uavhengig av hvilket land de kommer fra. Tilgang p\u00e5 boliger og oppstart av introduksjonsprogram s\u00e5 raskt som mulig er n\u00f8dvendig for at vi skal lykkes med integreringen. Rana skal v\u00e6re et inkluderende lokalsamfunn og Rana H\u00f8yre \u00f8nsker alle tilflyttere varmt velkommen.<\/p><p>Alle som vil jobbe skal f\u00e5 muligheten til \u00e5 jobbe.<\/p>\n<\/div>\n\t\t\t\t\t\n\t\t\t\t<\/div>\n\t\t\t<\/div>\n\t\t<\/div>\n\t\t\n\n\n\t\t<div class=\"has-dark-blue-background-color is-layout-right alignwide alignwide wp-block-hoyre-media-text\">\n\t\t\t<div class=\"hoyre-media-text__media\">\n\t\t\t\t<img loading=\"lazy\" decoding=\"async\" width=\"1024\" height=\"683\" src=\"https:\/\/hoyre.no\/content\/uploads\/sites\/128\/2023\/06\/GettyImages-1219527349-1024x683.jpg\" class=\"hoyre-media-text__media-image\" alt=\"\" style=\"--focal: 47% 25%;\" srcset=\"https:\/\/hoyre.no\/content\/uploads\/sites\/128\/2023\/06\/GettyImages-1219527349-1024x683.jpg 1024w, https:\/\/hoyre.no\/content\/uploads\/sites\/128\/2023\/06\/GettyImages-1219527349-300x200.jpg 300w, https:\/\/hoyre.no\/content\/uploads\/sites\/128\/2023\/06\/GettyImages-1219527349-768x512.jpg 768w, https:\/\/hoyre.no\/content\/uploads\/sites\/128\/2023\/06\/GettyImages-1219527349-1536x1024.jpg 1536w, https:\/\/hoyre.no\/content\/uploads\/sites\/128\/2023\/06\/GettyImages-1219527349-2048x1366.jpg 2048w\" sizes=\"auto, (max-width: 1024px) 100vw, 1024px\" \/>\n\t\t\t<\/div>\n\t\t\t<div class=\"hoyre-media-text__content\">\n\t\t\t\t<div class=\"hoyre-media-text__content-inner\">\n\t\t\t\t\t\n\t\t\t<div class=\"hoyre-media-text__title-container\">\n\t\t\t\t\n\t\t\t\t<h2 class=\"hoyre-media-text__title\">7. Infrastruktur tilpasset vekst<\/h2>\n\t\t\t<\/div>\n\t\t\t\n\t\t\t\t\t<div class=\"hoyre-media-text__blocks\">\n<p>Rana er en by i vekst med realiseringen av store samfunnsnyttige prosjekter som Freyr, ny stor flyplass, dypvannskai og utvikling av Mo industripark.<\/p><p>Samferdselssektoren er bred og favner om seg flere deler. Det gr\u00f8nne skifte vil presse fram flere innovative l\u00f8sninger rundt kollektivtransport, bildelingstjenester og ikke minst at det er lagt til rette for effektiv bruk av gang- og sykkeltraseer. Slike traseer m\u00e5 planlegges inn for veksten som kommer og anlegges p\u00e5 en slik m\u00e5te at en stimulerer til bruk.<\/p><p>Vi kommer uavhengig av dette til \u00e5 m\u00e5tte starte arbeidet med en byplan for samferdsel. Uten en rask gjennomf\u00f8ring vil deler av v\u00e5rt stamvegnett bli for trangt og f\u00f8re til lange k\u00f8er i deler av d\u00f8gnet med stor trafikkmengde.<\/p><p>Rana H\u00f8yre vil fokusere p\u00e5 \u00e5 sikre en trygg og effektiv reisevei i kommunen.<\/p><p>Rana H\u00f8yre vil v\u00e6re en p\u00e5driver for at effektene og mulighetene i, og av det gr\u00f8nne skiftet blir utnyttet best mulig.<\/p><p>Rana H\u00f8yre ser viktigheten av at veinettet i kommunen er s\u00e5 bra som mulig. Det ligger ogs\u00e5 et milj\u00f8aspekt bak godt vedlikeholdte veier som det kan dras nytte av.<\/p><p>Rana H\u00f8yre vil jobbe m\u00e5lrettet for at et best og bredest mulig rutetilbud er p\u00e5 plass ved \u00e5pningen av flyplassen.<\/p>\n<\/div>\n\t\t\t\t\t\n\t\t\t\t<\/div>\n\t\t\t<\/div>\n\t\t<\/div>\n\t\t\n\n\n<div class=\"wp-block-hoyre-banner undefined has-icon-title icon-heart is-style-dark\"><div class=\"banner-inner\"><figure class=\"hoyre-image-wrapper\"><div class=\"hoyre-image\"><img loading=\"lazy\" decoding=\"async\" width=\"2500\" height=\"1875\" src=\"https:\/\/hoyre.no\/content\/uploads\/sites\/128\/2023\/06\/AdobeStock_520013996-scaled.jpeg\" class=\"attachment-scaled size-scaled\" alt=\"\" style=\"object-position: 41% 40%\" srcset=\"https:\/\/hoyre.no\/content\/uploads\/sites\/128\/2023\/06\/AdobeStock_520013996-scaled.jpeg 2500w, https:\/\/hoyre.no\/content\/uploads\/sites\/128\/2023\/06\/AdobeStock_520013996-300x225.jpeg 300w, https:\/\/hoyre.no\/content\/uploads\/sites\/128\/2023\/06\/AdobeStock_520013996-1024x768.jpeg 1024w, https:\/\/hoyre.no\/content\/uploads\/sites\/128\/2023\/06\/AdobeStock_520013996-768x576.jpeg 768w, https:\/\/hoyre.no\/content\/uploads\/sites\/128\/2023\/06\/AdobeStock_520013996-1536x1152.jpeg 1536w, https:\/\/hoyre.no\/content\/uploads\/sites\/128\/2023\/06\/AdobeStock_520013996-2048x1536.jpeg 2048w\" sizes=\"auto, (max-width: 2500px) 100vw, 2500px\" \/><\/div><\/figure><div class=\"banner-content\"><div class=\"entry-content\">\n<h2 class=\"wp-block-heading\">Fant du ikke din hjertesak?<\/h2>\n\n\n\n<p>Det er heldigvis mange gode grunner til \u00e5 stemme H\u00f8yre i Rana. Finn ut hva vi mener om din hjertesak ved \u00e5 lese programmet v\u00e5rt!<\/p>\n\n\n\n<div class=\"wp-block-buttons is-layout-flex wp-block-buttons-is-layout-flex\">\n<div class=\"wp-block-button has-custom-width wp-block-button__width-100\"><a class=\"wp-block-button__link wp-element-button\" href=\"https:\/\/hoyre.no\/rana\/politikk\/?preview=true\" target=\"_blank\" rel=\"noreferrer noopener\">Les rana h\u00f8yres valgprogram<\/a><\/div>\n<\/div>\n<\/div><\/div><\/div><\/div>\n\n\n<div class=\"wp-block hoyre-section alignfull has-background is-style-light-blue wp-block-hoyre-section\"><div class=\"inner-blocks alignwide\">\n\n<h2 class=\"wp-block-heading has-text-align-center\">Finn ditt n\u00e6rmeste valglokale<\/h2>\n\n\n\n<p class=\"has-text-align-center\">Du kan forh\u00e5ndsstemme fra 10. august til og med 8. september. I denne perioden kan du stemme i valglokaler over hele landet. Se oversikt over lokale valglokaler og \u00e5pningstider her:<\/p>\n\n\n\n<div class=\"wp-block-buttons is-layout-flex wp-block-buttons-is-layout-flex\">\n<div class=\"wp-block-button has-custom-width wp-block-button__width-100\"><a class=\"wp-block-button__link wp-element-button\" href=\"https:\/\/www.rana.kommune.no\/vare-tjenester\/politikk\/valg-2023\/hvor-og-nar-kan-du-forhandsstemme\/\" target=\"_blank\" rel=\"noreferrer noopener\">Lokaler for forh\u00e5ndsstemming<\/a><\/div>\n<\/div>\n\n\n\n<p class=\"has-text-align-center\">Valgdagen i \u00e5r er mandag 11. september. P\u00e5 valgdagen m\u00e5 du stemme i Rana kommune. Se oversikt over lokale valglokaler og \u00e5pningstider her:<\/p>\n\n\n\n<div class=\"wp-block-buttons is-layout-flex wp-block-buttons-is-layout-flex\">\n<div class=\"wp-block-button has-custom-width wp-block-button__width-100\"><a class=\"wp-block-button__link wp-element-button\" href=\"https:\/\/www.rana.kommune.no\/vare-tjenester\/politikk\/valg-2023\/stemme-pa-valgdagen\/\" target=\"_blank\" rel=\"noreferrer noopener\">Valglokaler p\u00e5 valgdagen<\/a><\/div>\n<\/div>\n\n<\/div><\/div>","protected":false},"excerpt":{"rendered":"","protected":false},"author":3547,"featured_media":0,"parent":0,"menu_order":0,"comment_status":"closed","ping_status":"closed","template":"","meta":{"teft_cards_image_url":"","teft_cards_custom_pretitle":"","teft_cards_image_id":61,"teft_cards_image_focal_point_x":0.48,"teft_cards_image_focal_point_y":0.49,"teft_cards_title":"","teft_cards_excerpt":"","teft_show_chapters":false,"footnotes":""},"class_list":["post-59","page","type-page","status-publish","hentry"],"yoast_head":"<!-- This site is optimized with the Yoast SEO plugin v26.6 - https:\/\/yoast.com\/wordpress\/plugins\/seo\/ -->\n<title>Syv grunner til \u00e5 stemme H\u00f8yre i Rana - Rana H\u00f8yre<\/title>\n<meta name=\"robots\" content=\"index, follow, max-snippet:-1, max-image-preview:large, max-video-preview:-1\" \/>\n<link rel=\"canonical\" href=\"https:\/\/hoyre.no\/rana\/syv-grunner-til-a-stemme-hoyre-i-rana\/\" \/>\n<meta property=\"og:locale\" content=\"nb_NO\" \/>\n<meta property=\"og:type\" content=\"article\" \/>\n<meta property=\"og:title\" content=\"Syv grunner til \u00e5 stemme H\u00f8yre i Rana - Rana H\u00f8yre\" \/>\n<meta property=\"og:url\" content=\"https:\/\/hoyre.no\/rana\/syv-grunner-til-a-stemme-hoyre-i-rana\/\" \/>\n<meta property=\"og:site_name\" content=\"Rana H\u00f8yre\" \/>\n<meta property=\"article:modified_time\" content=\"2025-01-24T15:07:54+00:00\" \/>\n<meta property=\"og:image\" content=\"https:\/\/hoyre.no\/content\/uploads\/sites\/128\/2023\/06\/AdobeStock_357012628-1024x341.jpeg\" \/>\n<meta name=\"twitter:card\" content=\"summary_large_image\" \/>\n<meta name=\"twitter:label1\" content=\"Ansl. lesetid\" \/>\n\t<meta name=\"twitter:data1\" content=\"6 minutter\" \/>\n<script type=\"application\/ld+json\" class=\"yoast-schema-graph\">{\"@context\":\"https:\/\/schema.org\",\"@graph\":[{\"@type\":\"WebPage\",\"@id\":\"https:\/\/hoyre.no\/rana\/syv-grunner-til-a-stemme-hoyre-i-rana\/\",\"url\":\"https:\/\/hoyre.no\/rana\/syv-grunner-til-a-stemme-hoyre-i-rana\/\",\"name\":\"Syv grunner til \u00e5 stemme H\u00f8yre i Rana - Rana H\u00f8yre\",\"isPartOf\":{\"@id\":\"https:\/\/hoyre.no\/rana\/#website\"},\"datePublished\":\"2023-06-14T09:10:36+00:00\",\"dateModified\":\"2025-01-24T15:07:54+00:00\",\"breadcrumb\":{\"@id\":\"https:\/\/hoyre.no\/rana\/syv-grunner-til-a-stemme-hoyre-i-rana\/#breadcrumb\"},\"inLanguage\":\"nb-NO\",\"potentialAction\":[{\"@type\":\"ReadAction\",\"target\":[\"https:\/\/hoyre.no\/rana\/syv-grunner-til-a-stemme-hoyre-i-rana\/\"]}]},{\"@type\":\"BreadcrumbList\",\"@id\":\"https:\/\/hoyre.no\/rana\/syv-grunner-til-a-stemme-hoyre-i-rana\/#breadcrumb\",\"itemListElement\":[{\"@type\":\"ListItem\",\"position\":1,\"name\":\"Til hoyre.no\",\"item\":\"https:\/\/hoyre.no\"},{\"@type\":\"ListItem\",\"position\":2,\"name\":\"Hjem\",\"item\":\"https:\/\/hoyre.no\/rana\/\"},{\"@type\":\"ListItem\",\"position\":3,\"name\":\"Syv grunner til \u00e5 stemme H\u00f8yre i Rana\"}]},{\"@type\":\"WebSite\",\"@id\":\"https:\/\/hoyre.no\/rana\/#website\",\"url\":\"https:\/\/hoyre.no\/rana\/\",\"name\":\"Rana H\u00f8yre\",\"description\":\"Bare enda et H\u00f8yres nettsteder-nettsted\",\"inLanguage\":\"nb-NO\"}]}<\/script>\n<!-- \/ Yoast SEO plugin. -->","yoast_head_json":{"title":"Syv grunner til \u00e5 stemme H\u00f8yre i Rana - Rana H\u00f8yre","robots":{"index":"index","follow":"follow","max-snippet":"max-snippet:-1","max-image-preview":"max-image-preview:large","max-video-preview":"max-video-preview:-1"},"canonical":"https:\/\/hoyre.no\/rana\/syv-grunner-til-a-stemme-hoyre-i-rana\/","og_locale":"nb_NO","og_type":"article","og_title":"Syv grunner til \u00e5 stemme H\u00f8yre i Rana - Rana H\u00f8yre","og_url":"https:\/\/hoyre.no\/rana\/syv-grunner-til-a-stemme-hoyre-i-rana\/","og_site_name":"Rana H\u00f8yre","article_modified_time":"2025-01-24T15:07:54+00:00","og_image":[{"url":"https:\/\/hoyre.no\/content\/uploads\/sites\/128\/2023\/06\/AdobeStock_357012628-1024x341.jpeg","width":"","height":"","type":""}],"twitter_card":"summary_large_image","twitter_misc":{"Ansl. lesetid":"6 minutter"},"schema":{"@context":"https:\/\/schema.org","@graph":[{"@type":"WebPage","@id":"https:\/\/hoyre.no\/rana\/syv-grunner-til-a-stemme-hoyre-i-rana\/","url":"https:\/\/hoyre.no\/rana\/syv-grunner-til-a-stemme-hoyre-i-rana\/","name":"Syv grunner til \u00e5 stemme H\u00f8yre i Rana - Rana H\u00f8yre","isPartOf":{"@id":"https:\/\/hoyre.no\/rana\/#website"},"datePublished":"2023-06-14T09:10:36+00:00","dateModified":"2025-01-24T15:07:54+00:00","breadcrumb":{"@id":"https:\/\/hoyre.no\/rana\/syv-grunner-til-a-stemme-hoyre-i-rana\/#breadcrumb"},"inLanguage":"nb-NO","potentialAction":[{"@type":"ReadAction","target":["https:\/\/hoyre.no\/rana\/syv-grunner-til-a-stemme-hoyre-i-rana\/"]}]},{"@type":"BreadcrumbList","@id":"https:\/\/hoyre.no\/rana\/syv-grunner-til-a-stemme-hoyre-i-rana\/#breadcrumb","itemListElement":[{"@type":"ListItem","position":1,"name":"Til hoyre.no","item":"https:\/\/hoyre.no"},{"@type":"ListItem","position":2,"name":"Hjem","item":"https:\/\/hoyre.no\/rana\/"},{"@type":"ListItem","position":3,"name":"Syv grunner til \u00e5 stemme H\u00f8yre i Rana"}]},{"@type":"WebSite","@id":"https:\/\/hoyre.no\/rana\/#website","url":"https:\/\/hoyre.no\/rana\/","name":"Rana H\u00f8yre","description":"Bare enda et H\u00f8yres nettsteder-nettsted","inLanguage":"nb-NO"}]}},"distributor_meta":false,"distributor_terms":false,"distributor_media":false,"distributor_original_site_name":"Rana H\u00f8yre","distributor_original_site_url":"https:\/\/hoyre.no\/rana","push-errors":false,"_links":{"self":[{"href":"https:\/\/hoyre.no\/rana\/wp-json\/wp\/v2\/pages\/59","targetHints":{"allow":["GET"]}}],"collection":[{"href":"https:\/\/hoyre.no\/rana\/wp-json\/wp\/v2\/pages"}],"about":[{"href":"https:\/\/hoyre.no\/rana\/wp-json\/wp\/v2\/types\/page"}],"author":[{"embeddable":true,"href":"https:\/\/hoyre.no\/rana\/wp-json\/wp\/v2\/users\/3547"}],"replies":[{"embeddable":true,"href":"https:\/\/hoyre.no\/rana\/wp-json\/wp\/v2\/comments?post=59"}],"version-history":[{"count":27,"href":"https:\/\/hoyre.no\/rana\/wp-json\/wp\/v2\/pages\/59\/revisions"}],"predecessor-version":[{"id":173,"href":"https:\/\/hoyre.no\/rana\/wp-json\/wp\/v2\/pages\/59\/revisions\/173"}],"wp:attachment":[{"href":"https:\/\/hoyre.no\/rana\/wp-json\/wp\/v2\/media?parent=59"}],"curies":[{"name":"wp","href":"https:\/\/api.w.org\/{rel}","templated":true}]}}