{"id":29,"date":"2023-05-02T12:44:47","date_gmt":"2023-05-02T10:44:47","guid":{"rendered":"https:\/\/hoyre.no\/ringebu\/?page_id=29"},"modified":"2025-01-14T15:30:24","modified_gmt":"2025-01-14T14:30:24","slug":"politikk","status":"publish","type":"page","link":"https:\/\/hoyre.no\/ringebu\/politikk\/","title":{"rendered":"Politikk"},"content":{"rendered":"\n<div class=\"wp-block-hoyre-hero with-image-gradient text-color-light  has-media alignfull has-background\"><div class=\"hoyre-hero has-image\"><h1 class=\"title\">Seks grunner til \u00e5 stemme Ringebu H\u00f8yre<\/h1><figure class=\"hoyre-image-wrapper\"><div class=\"hoyre-image\"><img loading=\"lazy\" decoding=\"async\" width=\"2500\" height=\"1875\" src=\"https:\/\/hoyre.no\/content\/uploads\/sites\/62\/2023\/07\/ringebu2-scaled.jpg\" class=\"attachment-scaled size-scaled\" alt=\"\" style=\"object-position: 42% 69%\" srcset=\"https:\/\/hoyre.no\/content\/uploads\/sites\/62\/2023\/07\/ringebu2-scaled.jpg 2500w, https:\/\/hoyre.no\/content\/uploads\/sites\/62\/2023\/07\/ringebu2-300x225.jpg 300w, https:\/\/hoyre.no\/content\/uploads\/sites\/62\/2023\/07\/ringebu2-1024x768.jpg 1024w, https:\/\/hoyre.no\/content\/uploads\/sites\/62\/2023\/07\/ringebu2-768x576.jpg 768w, https:\/\/hoyre.no\/content\/uploads\/sites\/62\/2023\/07\/ringebu2-1536x1152.jpg 1536w, https:\/\/hoyre.no\/content\/uploads\/sites\/62\/2023\/07\/ringebu2-2048x1536.jpg 2048w\" sizes=\"auto, (max-width: 2500px) 100vw, 2500px\" \/><\/div><\/figure><\/div><\/div>\n\n\n\n<div class=\"wp-block-hoyre-banner alignwide undefined  is-style-blue\"><div class=\"banner-inner\"><figure class=\"hoyre-image-wrapper\"><div class=\"hoyre-image\"><img loading=\"lazy\" decoding=\"async\" width=\"1875\" height=\"2500\" src=\"https:\/\/hoyre.no\/content\/uploads\/sites\/62\/2023\/07\/ordforerkandidat-scaled.jpg\" class=\"attachment-scaled size-scaled\" alt=\"Arne Stensrud\" style=\"object-position: 48% 45%\" srcset=\"https:\/\/hoyre.no\/content\/uploads\/sites\/62\/2023\/07\/ordforerkandidat-scaled.jpg 1875w, https:\/\/hoyre.no\/content\/uploads\/sites\/62\/2023\/07\/ordforerkandidat-225x300.jpg 225w, https:\/\/hoyre.no\/content\/uploads\/sites\/62\/2023\/07\/ordforerkandidat-768x1024.jpg 768w, https:\/\/hoyre.no\/content\/uploads\/sites\/62\/2023\/07\/ordforerkandidat-1152x1536.jpg 1152w, https:\/\/hoyre.no\/content\/uploads\/sites\/62\/2023\/07\/ordforerkandidat-1536x2048.jpg 1536w\" sizes=\"auto, (max-width: 1875px) 100vw, 1875px\" \/><\/div><\/figure><div class=\"banner-content\"><div class=\"entry-content\">\n<h3 class=\"wp-block-heading\">Ringebu H\u00f8yre er opptatt av gode skoler, verdig eldreomsorg og trygge lokalsamfunn. Vi skal hegne om naturen og milj\u00f8et, s\u00f8rge for gode vilk\u00e5r for verdiskaping og ta ansvar for kommende generasjoner. <\/h3>\n\n\n\n<h3 class=\"wp-block-heading\">N\u00e5r frivilligheten, n\u00e6ringslivet og offentlig sektor spiller p\u00e5 lag, skapes det gode lokalsamfunn.<\/h3>\n\n\n\n<div class=\"wp-block-buttons is-layout-flex wp-block-buttons-is-layout-flex\">\n<div class=\"wp-block-button\"><a class=\"wp-block-button__link wp-element-button\" href=\"https:\/\/hoyre.no\/ringebu\/vare-kandidater\/\">arne stensrud, h\u00f8yres ordf\u00f8rerkandidat<\/a><\/div>\n<\/div>\n<\/div><\/div><\/div><\/div>\n\n\n\n<div class=\"wp-block-media-text is-stacked-on-mobile is-image-fill alignwide\"><figure class=\"wp-block-media-text__media\" style=\"background-image:url('https:\/\/hoyre.no\/content\/uploads\/sites\/62\/2023\/07\/GettyImages-585084336-1024x683.jpg');background-position:50% 50%\"><img loading=\"lazy\" decoding=\"async\" width=\"1024\" height=\"683\" src=\"https:\/\/hoyre.no\/content\/uploads\/sites\/62\/2023\/07\/GettyImages-585084336-1024x683.jpg\" alt=\"\" class=\"wp-image-38 size-full\" srcset=\"https:\/\/hoyre.no\/content\/uploads\/sites\/62\/2023\/07\/GettyImages-585084336-1024x683.jpg 1024w, https:\/\/hoyre.no\/content\/uploads\/sites\/62\/2023\/07\/GettyImages-585084336-300x200.jpg 300w, https:\/\/hoyre.no\/content\/uploads\/sites\/62\/2023\/07\/GettyImages-585084336-768x512.jpg 768w, https:\/\/hoyre.no\/content\/uploads\/sites\/62\/2023\/07\/GettyImages-585084336-1536x1024.jpg 1536w, https:\/\/hoyre.no\/content\/uploads\/sites\/62\/2023\/07\/GettyImages-585084336-2048x1365.jpg 2048w\" sizes=\"auto, (max-width: 1024px) 100vw, 1024px\" \/><\/figure><div class=\"wp-block-media-text__content\">\n<h2 class=\"wp-block-heading\">1. Trygge lokalsamfunn<\/h2>\n\n\n\n<ul class=\"wp-block-list\">\n<li>Politiet skal v\u00e6re mer til stede i n\u00e6rmilj\u00f8et.<\/li>\n\n\n\n<li>Gi lokale foreninger som bidrar til gode aktiviteter bra betingelser.<\/li>\n\n\n\n<li>Kommunen skal s\u00f8rge for rask og god hjelp til barn og unge som trenger det.<\/li>\n<\/ul>\n<\/div><\/div>\n\n\n\n<div class=\"wp-block-media-text has-media-on-the-right is-stacked-on-mobile is-image-fill alignwide\"><div class=\"wp-block-media-text__content\">\n<h2 class=\"wp-block-heading\">2. Kunnskap i skolen<\/h2>\n\n\n\n<ul class=\"wp-block-list\">\n<li>Alle l\u00e6rere skal f\u00e5 rett til etter- og videreutdanning.<\/li>\n\n\n\n<li>Gi alle elever like l\u00e6re- og arbeidsvilk\u00e5r i v\u00e5re skoler.<\/li>\n\n\n\n<li>Alle elever skal l\u00e6re seg \u00e5 lese, skrive og regne skikkelig.<\/li>\n\n\n\n<li>Det skal det finnes et yrkesfaglig utdanningstilbud til elevene som \u00f8nsker deg. <\/li>\n<\/ul>\n<\/div><figure class=\"wp-block-media-text__media\" style=\"background-image:url('https:\/\/hoyre.no\/content\/uploads\/sites\/62\/2023\/07\/GettyImages-1160692980-1-1024x676.jpg');background-position:50% 50%\"><img loading=\"lazy\" decoding=\"async\" width=\"1024\" height=\"676\" src=\"https:\/\/hoyre.no\/content\/uploads\/sites\/62\/2023\/07\/GettyImages-1160692980-1-1024x676.jpg\" alt=\"\" class=\"wp-image-39 size-full\" srcset=\"https:\/\/hoyre.no\/content\/uploads\/sites\/62\/2023\/07\/GettyImages-1160692980-1-1024x676.jpg 1024w, https:\/\/hoyre.no\/content\/uploads\/sites\/62\/2023\/07\/GettyImages-1160692980-1-300x198.jpg 300w, https:\/\/hoyre.no\/content\/uploads\/sites\/62\/2023\/07\/GettyImages-1160692980-1-768x507.jpg 768w, https:\/\/hoyre.no\/content\/uploads\/sites\/62\/2023\/07\/GettyImages-1160692980-1-1536x1014.jpg 1536w, https:\/\/hoyre.no\/content\/uploads\/sites\/62\/2023\/07\/GettyImages-1160692980-1-2048x1352.jpg 2048w\" sizes=\"auto, (max-width: 1024px) 100vw, 1024px\" \/><\/figure><\/div>\n\n\n\n<div class=\"wp-block-media-text is-stacked-on-mobile is-image-fill alignwide\"><figure class=\"wp-block-media-text__media\" style=\"background-image:url('https:\/\/hoyre.no\/content\/uploads\/sites\/62\/2023\/07\/GettyImages-1142548992-1024x606.jpg');background-position:50% 50%\"><img loading=\"lazy\" decoding=\"async\" width=\"1024\" height=\"606\" src=\"https:\/\/hoyre.no\/content\/uploads\/sites\/62\/2023\/07\/GettyImages-1142548992-1024x606.jpg\" alt=\"\" class=\"wp-image-40 size-full\" srcset=\"https:\/\/hoyre.no\/content\/uploads\/sites\/62\/2023\/07\/GettyImages-1142548992-1024x606.jpg 1024w, https:\/\/hoyre.no\/content\/uploads\/sites\/62\/2023\/07\/GettyImages-1142548992-300x178.jpg 300w, https:\/\/hoyre.no\/content\/uploads\/sites\/62\/2023\/07\/GettyImages-1142548992-768x455.jpg 768w, https:\/\/hoyre.no\/content\/uploads\/sites\/62\/2023\/07\/GettyImages-1142548992-1536x909.jpg 1536w, https:\/\/hoyre.no\/content\/uploads\/sites\/62\/2023\/07\/GettyImages-1142548992-2048x1212.jpg 2048w\" sizes=\"auto, (max-width: 1024px) 100vw, 1024px\" \/><\/figure><div class=\"wp-block-media-text__content\">\n<h2 class=\"wp-block-heading\">3. Kvalitet i omsorgen<\/h2>\n\n\n\n<ul class=\"wp-block-list\">\n<li>Opprettholde og videreutvikle det gode rehabiliteringstilbudet.<\/li>\n\n\n\n<li>Styrke rus- og psykiatritilbud omsorg.<\/li>\n\n\n\n<li>Alle ansatte innen helse og omsorg skal gis mulighet og rett til etter- og videreutdanning.<\/li>\n\n\n\n<li>Videref\u00f8re god eldreomsorg, styrke denne i takt med \u00f8kende antall eldre.<\/li>\n<\/ul>\n<\/div><\/div>\n\n\n\n<div class=\"wp-block-media-text has-media-on-the-right is-stacked-on-mobile is-image-fill alignwide\"><div class=\"wp-block-media-text__content\">\n<h2 class=\"wp-block-heading\">4. Bedre og tryggere veier<\/h2>\n\n\n\n<ul class=\"wp-block-list\">\n<li>Utbedre og sikre v\u00e5re lokalveger.<\/li>\n\n\n\n<li>Utbedre og trygge v\u00e5re skoleveger.<\/li>\n\n\n\n<li>Utvide gang- og sykkelveinettet i kommunen.<\/li>\n\n\n\n<li>S\u00f8rge for en raskest mulig gjennomf\u00f8ring av ny E6.<\/li>\n<\/ul>\n<\/div><figure class=\"wp-block-media-text__media\" style=\"background-image:url('https:\/\/hoyre.no\/content\/uploads\/sites\/62\/2023\/07\/GettyImages-134440844-1024x658.jpg');background-position:48% 83%\"><img loading=\"lazy\" decoding=\"async\" width=\"1024\" height=\"658\" src=\"https:\/\/hoyre.no\/content\/uploads\/sites\/62\/2023\/07\/GettyImages-134440844-1024x658.jpg\" alt=\"\" class=\"wp-image-42 size-full\" srcset=\"https:\/\/hoyre.no\/content\/uploads\/sites\/62\/2023\/07\/GettyImages-134440844-1024x658.jpg 1024w, https:\/\/hoyre.no\/content\/uploads\/sites\/62\/2023\/07\/GettyImages-134440844-300x193.jpg 300w, https:\/\/hoyre.no\/content\/uploads\/sites\/62\/2023\/07\/GettyImages-134440844-768x493.jpg 768w, https:\/\/hoyre.no\/content\/uploads\/sites\/62\/2023\/07\/GettyImages-134440844-1536x987.jpg 1536w, https:\/\/hoyre.no\/content\/uploads\/sites\/62\/2023\/07\/GettyImages-134440844-2048x1316.jpg 2048w\" sizes=\"auto, (max-width: 1024px) 100vw, 1024px\" \/><\/figure><\/div>\n\n\n\n<div class=\"wp-block-media-text is-stacked-on-mobile is-image-fill alignwide\"><figure class=\"wp-block-media-text__media\" style=\"background-image:url('https:\/\/hoyre.no\/content\/uploads\/sites\/62\/2023\/07\/GettyImages-618740572-1024x683.jpg');background-position:58% 6%\"><img loading=\"lazy\" decoding=\"async\" width=\"1024\" height=\"683\" src=\"https:\/\/hoyre.no\/content\/uploads\/sites\/62\/2023\/07\/GettyImages-618740572-1024x683.jpg\" alt=\"\" class=\"wp-image-45 size-full\" srcset=\"https:\/\/hoyre.no\/content\/uploads\/sites\/62\/2023\/07\/GettyImages-618740572-1024x683.jpg 1024w, https:\/\/hoyre.no\/content\/uploads\/sites\/62\/2023\/07\/GettyImages-618740572-300x200.jpg 300w, https:\/\/hoyre.no\/content\/uploads\/sites\/62\/2023\/07\/GettyImages-618740572-768x512.jpg 768w, https:\/\/hoyre.no\/content\/uploads\/sites\/62\/2023\/07\/GettyImages-618740572-1536x1024.jpg 1536w, https:\/\/hoyre.no\/content\/uploads\/sites\/62\/2023\/07\/GettyImages-618740572-2048x1365.jpg 2048w\" sizes=\"auto, (max-width: 1024px) 100vw, 1024px\" \/><\/figure><div class=\"wp-block-media-text__content\">\n<h2 class=\"wp-block-heading\">5. Fremme utvikling og n\u00e6ring<\/h2>\n\n\n\n<ul class=\"wp-block-list\">\n<li>Holde eiendomsskatten p\u00e5 et minimum, p\u00e5 sikt gjerne den usosiale skatten.<\/li>\n\n\n\n<li>Videreutvikle v\u00e5re to sentra.<\/li>\n\n\n\n<li>Markedsf\u00f8re n\u00e6ringsmuligheter i kommunen.<\/li>\n\n\n\n<li>Effektivisere service og informasjon mellom kommune og innbyggere.<\/li>\n<\/ul>\n<\/div><\/div>\n\n\n\n<div class=\"wp-block-media-text has-media-on-the-right is-stacked-on-mobile is-image-fill alignwide\"><div class=\"wp-block-media-text__content\">\n<h2 class=\"wp-block-heading\">6. St\u00f8rre frihet og muligheter<\/h2>\n\n\n\n<ul class=\"wp-block-list\">\n<li>Fremme kommunal selvr\u00e5derett.<\/li>\n\n\n\n<li>Ringebu skal v\u00e6re en effektiv og m\u00e5lrettet kommune der arbeidslyst og resultater verdsettes.<\/li>\n\n\n\n<li>V\u00e6re en medspiller og tilrettelegger for gr\u00fcndere og investorer som gj\u00f8r kommunen attraktiv for disse.<\/li>\n<\/ul>\n<\/div><figure class=\"wp-block-media-text__media\" style=\"background-image:url('https:\/\/hoyre.no\/content\/uploads\/sites\/62\/2023\/07\/GettyImages-846017896-1024x683.jpg');background-position:56% 35%\"><img loading=\"lazy\" decoding=\"async\" width=\"1024\" height=\"683\" src=\"https:\/\/hoyre.no\/content\/uploads\/sites\/62\/2023\/07\/GettyImages-846017896-1024x683.jpg\" alt=\"\" class=\"wp-image-43 size-full\" srcset=\"https:\/\/hoyre.no\/content\/uploads\/sites\/62\/2023\/07\/GettyImages-846017896-1024x683.jpg 1024w, https:\/\/hoyre.no\/content\/uploads\/sites\/62\/2023\/07\/GettyImages-846017896-300x200.jpg 300w, https:\/\/hoyre.no\/content\/uploads\/sites\/62\/2023\/07\/GettyImages-846017896-768x512.jpg 768w, https:\/\/hoyre.no\/content\/uploads\/sites\/62\/2023\/07\/GettyImages-846017896-1536x1024.jpg 1536w, https:\/\/hoyre.no\/content\/uploads\/sites\/62\/2023\/07\/GettyImages-846017896-2048x1365.jpg 2048w\" sizes=\"auto, (max-width: 1024px) 100vw, 1024px\" \/><\/figure><\/div>\n\n\n","protected":false},"excerpt":{"rendered":"","protected":false},"author":28039,"featured_media":0,"parent":0,"menu_order":0,"comment_status":"closed","ping_status":"closed","template":"","meta":{"teft_cards_image_url":"","teft_cards_custom_pretitle":"","teft_cards_image_id":0,"teft_cards_image_focal_point_x":0,"teft_cards_image_focal_point_y":0,"teft_cards_title":"","teft_cards_excerpt":"","teft_show_chapters":false,"footnotes":""},"class_list":["post-29","page","type-page","status-publish","hentry"],"yoast_head":"<!-- This site is optimized with the Yoast SEO plugin v26.6 - https:\/\/yoast.com\/wordpress\/plugins\/seo\/ -->\n<title>Politikk - Ringebu H\u00f8yre<\/title>\n<meta name=\"robots\" content=\"index, follow, max-snippet:-1, max-image-preview:large, max-video-preview:-1\" \/>\n<link rel=\"canonical\" href=\"https:\/\/hoyre.no\/ringebu\/politikk\/\" \/>\n<meta property=\"og:locale\" content=\"nb_NO\" \/>\n<meta property=\"og:type\" content=\"article\" \/>\n<meta property=\"og:title\" content=\"Politikk - Ringebu H\u00f8yre\" \/>\n<meta property=\"og:url\" content=\"https:\/\/hoyre.no\/ringebu\/politikk\/\" \/>\n<meta property=\"og:site_name\" content=\"Ringebu H\u00f8yre\" \/>\n<meta property=\"article:modified_time\" content=\"2025-01-14T14:30:24+00:00\" \/>\n<meta property=\"og:image\" content=\"https:\/\/hoyre.no\/content\/uploads\/sites\/62\/2023\/07\/GettyImages-585084336-1024x683.jpg\" \/>\n<meta name=\"twitter:card\" content=\"summary_large_image\" \/>\n<meta name=\"twitter:label1\" content=\"Ansl. lesetid\" \/>\n\t<meta name=\"twitter:data1\" content=\"3 minutter\" \/>\n<script type=\"application\/ld+json\" class=\"yoast-schema-graph\">{\"@context\":\"https:\/\/schema.org\",\"@graph\":[{\"@type\":\"WebPage\",\"@id\":\"https:\/\/hoyre.no\/ringebu\/politikk\/\",\"url\":\"https:\/\/hoyre.no\/ringebu\/politikk\/\",\"name\":\"Politikk - Ringebu H\u00f8yre\",\"isPartOf\":{\"@id\":\"https:\/\/hoyre.no\/ringebu\/#website\"},\"image\":{\"@id\":\"https:\/\/hoyre.no\/ringebu\/politikk\/#primaryimage\"},\"thumbnailUrl\":\"https:\/\/hoyre.no\/content\/uploads\/sites\/62\/2023\/07\/GettyImages-585084336-1024x683.jpg\",\"datePublished\":\"2023-05-02T10:44:47+00:00\",\"dateModified\":\"2025-01-14T14:30:24+00:00\",\"breadcrumb\":{\"@id\":\"https:\/\/hoyre.no\/ringebu\/politikk\/#breadcrumb\"},\"inLanguage\":\"nb-NO\",\"potentialAction\":[{\"@type\":\"ReadAction\",\"target\":[\"https:\/\/hoyre.no\/ringebu\/politikk\/\"]}]},{\"@type\":\"ImageObject\",\"inLanguage\":\"nb-NO\",\"@id\":\"https:\/\/hoyre.no\/ringebu\/politikk\/#primaryimage\",\"url\":\"https:\/\/hoyre.no\/content\/uploads\/sites\/62\/2023\/07\/GettyImages-585084336-1024x683.jpg\",\"contentUrl\":\"https:\/\/hoyre.no\/content\/uploads\/sites\/62\/2023\/07\/GettyImages-585084336-1024x683.jpg\"},{\"@type\":\"BreadcrumbList\",\"@id\":\"https:\/\/hoyre.no\/ringebu\/politikk\/#breadcrumb\",\"itemListElement\":[{\"@type\":\"ListItem\",\"position\":1,\"name\":\"Til hoyre.no\",\"item\":\"https:\/\/hoyre.no\"},{\"@type\":\"ListItem\",\"position\":2,\"name\":\"Hjem\",\"item\":\"https:\/\/hoyre.no\/ringebu\/\"},{\"@type\":\"ListItem\",\"position\":3,\"name\":\"Politikk\"}]},{\"@type\":\"WebSite\",\"@id\":\"https:\/\/hoyre.no\/ringebu\/#website\",\"url\":\"https:\/\/hoyre.no\/ringebu\/\",\"name\":\"Ringebu H\u00f8yre\",\"description\":\"Bare enda et H\u00f8yres nettsteder-nettsted\",\"inLanguage\":\"nb-NO\"}]}<\/script>\n<!-- \/ Yoast SEO plugin. -->","yoast_head_json":{"title":"Politikk - Ringebu H\u00f8yre","robots":{"index":"index","follow":"follow","max-snippet":"max-snippet:-1","max-image-preview":"max-image-preview:large","max-video-preview":"max-video-preview:-1"},"canonical":"https:\/\/hoyre.no\/ringebu\/politikk\/","og_locale":"nb_NO","og_type":"article","og_title":"Politikk - Ringebu H\u00f8yre","og_url":"https:\/\/hoyre.no\/ringebu\/politikk\/","og_site_name":"Ringebu H\u00f8yre","article_modified_time":"2025-01-14T14:30:24+00:00","og_image":[{"url":"https:\/\/hoyre.no\/content\/uploads\/sites\/62\/2023\/07\/GettyImages-585084336-1024x683.jpg","type":"","width":"","height":""}],"twitter_card":"summary_large_image","twitter_misc":{"Ansl. lesetid":"3 minutter"},"schema":{"@context":"https:\/\/schema.org","@graph":[{"@type":"WebPage","@id":"https:\/\/hoyre.no\/ringebu\/politikk\/","url":"https:\/\/hoyre.no\/ringebu\/politikk\/","name":"Politikk - Ringebu H\u00f8yre","isPartOf":{"@id":"https:\/\/hoyre.no\/ringebu\/#website"},"image":{"@id":"https:\/\/hoyre.no\/ringebu\/politikk\/#primaryimage"},"thumbnailUrl":"https:\/\/hoyre.no\/content\/uploads\/sites\/62\/2023\/07\/GettyImages-585084336-1024x683.jpg","datePublished":"2023-05-02T10:44:47+00:00","dateModified":"2025-01-14T14:30:24+00:00","breadcrumb":{"@id":"https:\/\/hoyre.no\/ringebu\/politikk\/#breadcrumb"},"inLanguage":"nb-NO","potentialAction":[{"@type":"ReadAction","target":["https:\/\/hoyre.no\/ringebu\/politikk\/"]}]},{"@type":"ImageObject","inLanguage":"nb-NO","@id":"https:\/\/hoyre.no\/ringebu\/politikk\/#primaryimage","url":"https:\/\/hoyre.no\/content\/uploads\/sites\/62\/2023\/07\/GettyImages-585084336-1024x683.jpg","contentUrl":"https:\/\/hoyre.no\/content\/uploads\/sites\/62\/2023\/07\/GettyImages-585084336-1024x683.jpg"},{"@type":"BreadcrumbList","@id":"https:\/\/hoyre.no\/ringebu\/politikk\/#breadcrumb","itemListElement":[{"@type":"ListItem","position":1,"name":"Til hoyre.no","item":"https:\/\/hoyre.no"},{"@type":"ListItem","position":2,"name":"Hjem","item":"https:\/\/hoyre.no\/ringebu\/"},{"@type":"ListItem","position":3,"name":"Politikk"}]},{"@type":"WebSite","@id":"https:\/\/hoyre.no\/ringebu\/#website","url":"https:\/\/hoyre.no\/ringebu\/","name":"Ringebu H\u00f8yre","description":"Bare enda et H\u00f8yres nettsteder-nettsted","inLanguage":"nb-NO"}]}},"distributor_meta":false,"distributor_terms":false,"distributor_media":false,"distributor_original_site_name":"Ringebu H\u00f8yre","distributor_original_site_url":"https:\/\/hoyre.no\/ringebu","push-errors":false,"_links":{"self":[{"href":"https:\/\/hoyre.no\/ringebu\/wp-json\/wp\/v2\/pages\/29","targetHints":{"allow":["GET"]}}],"collection":[{"href":"https:\/\/hoyre.no\/ringebu\/wp-json\/wp\/v2\/pages"}],"about":[{"href":"https:\/\/hoyre.no\/ringebu\/wp-json\/wp\/v2\/types\/page"}],"author":[{"embeddable":true,"href":"https:\/\/hoyre.no\/ringebu\/wp-json\/wp\/v2\/users\/28039"}],"replies":[{"embeddable":true,"href":"https:\/\/hoyre.no\/ringebu\/wp-json\/wp\/v2\/comments?post=29"}],"version-history":[{"count":12,"href":"https:\/\/hoyre.no\/ringebu\/wp-json\/wp\/v2\/pages\/29\/revisions"}],"predecessor-version":[{"id":78,"href":"https:\/\/hoyre.no\/ringebu\/wp-json\/wp\/v2\/pages\/29\/revisions\/78"}],"wp:attachment":[{"href":"https:\/\/hoyre.no\/ringebu\/wp-json\/wp\/v2\/media?parent=29"}],"curies":[{"name":"wp","href":"https:\/\/api.w.org\/{rel}","templated":true}]}}