{"id":1657,"date":"2026-02-10T15:35:05","date_gmt":"2026-02-10T14:35:05","guid":{"rendered":"https:\/\/hoyre.no\/rogaland\/?page_id=1657"},"modified":"2026-03-24T13:52:07","modified_gmt":"2026-03-24T12:52:07","slug":"fylkestingsvalg","status":"publish","type":"page","link":"https:\/\/hoyre.no\/rogaland\/fylkestingsvalg\/","title":{"rendered":"Fylkestingsvalg 2027 &#8211; Rogaland H\u00f8yres nominasjonsprosess"},"content":{"rendered":"\n\n<h2 class=\"wp-block-heading\">Fylkestingsvalg 2027 &#8211; Rogaland H\u00f8yres nominasjonsprosess<\/h2>\n\n\n\n<p>Arbeidet med \u00e5 finne kandidater til Rogaland H\u00f8yres fylkestingsvalgliste 2027-2031 har startet! Fylkesstyret oppnevnte 31.01.26 nominasjonskomite. Her kan du lese mer om v\u00e5r prosess og arbeidet fremover.<\/p>\n\n\n\n<figure class=\"wp-block-image size-large\"><img loading=\"lazy\" decoding=\"async\" width=\"1024\" height=\"536\" src=\"https:\/\/hoyre.no\/content\/uploads\/sites\/11\/2026\/02\/Dokument-uten-navn-09.02.2026-1-1024x536.png\" alt=\"\" class=\"wp-image-1653\" srcset=\"https:\/\/hoyre.no\/content\/uploads\/sites\/11\/2026\/02\/Dokument-uten-navn-09.02.2026-1-1024x536.png 1024w, https:\/\/hoyre.no\/content\/uploads\/sites\/11\/2026\/02\/Dokument-uten-navn-09.02.2026-1-300x157.png 300w, https:\/\/hoyre.no\/content\/uploads\/sites\/11\/2026\/02\/Dokument-uten-navn-09.02.2026-1-768x402.png 768w, https:\/\/hoyre.no\/content\/uploads\/sites\/11\/2026\/02\/Dokument-uten-navn-09.02.2026-1-1536x804.png 1536w, https:\/\/hoyre.no\/content\/uploads\/sites\/11\/2026\/02\/Dokument-uten-navn-09.02.2026-1-2048x1072.png 2048w\" sizes=\"auto, (max-width: 1024px) 100vw, 1024px\" \/><\/figure>\n\n\n\n<p>Forslag til kandidater m\u00e5 sendes innen: 28. august 2026. De kan enkelt sendes inn via unders\u00f8kelse: <\/p>\n\n\n\n<div class=\"wp-block-buttons is-layout-flex wp-block-buttons-is-layout-flex\">\n<div class=\"wp-block-button\"><a class=\"wp-block-button__link wp-element-button\" href=\"https:\/\/hoyre.ungapped.io\/Surveys\/0028e384-c129-4656-a501-90e72e9db61a\">Foresl\u00e5 kandidater her<\/a><\/div>\n<\/div>\n\n\n\n<p><\/p>\n\n\n\n\n<h4 class=\"wp-block-heading\"><strong>Nominasjonskomiteen best\u00e5r av:<\/strong><\/h4>\n\n\n\n<ul class=\"wp-block-list\">\n<li>Bj\u00f8rn S\u00e6stad (leder) &#8211; Kvits\u00f8y<\/li>\n\n\n\n<li>Line M\u00f8llerop &#8211; Stavanger<\/li>\n\n\n\n<li>Sjur Risanger &#8211; Haugesund<\/li>\n\n\n\n<li>Iselin Skogen Gr\u00f8sfjeld &#8211; Eigersund<\/li>\n\n\n\n<li>Andreas Vollsund &#8211; Time<\/li>\n\n\n\n<li>Anne Cathrin \u00d8steb\u00f8 &#8211; Sandnes<\/li>\n\n\n\n<li>Paul L\u00f8yning &#8211; Sauda<\/li>\n\n\n\n<li>Lisbeth von Erpecom Vikse &#8211; Senior H\u00f8yre<\/li>\n\n\n\n<li>Oline Johannessen Sn\u00f8rteland &#8211; Unge H\u00f8yre<\/li>\n<\/ul>\n\n\n\n<div class=\"wp-block-hoyre-contacts alignwide\"><div class=\"hoyre-contacts__inner\">\n<div class=\"wp-block-hoyre-contact alignwide\"><div class=\"hoyre-contact__inner\"><h3 class=\"title\">Bj\u00f8rn S\u00e6stad<\/h3><span class=\"position\">Leder, nominasjonskomiteen<\/span><br \/><a class=\"phone\" href=\"tel:tel:92418311\">tel:92418311<\/a><br \/><a class=\"email\" href=\"mailto:bjorn.sastad@yahoo.no\">bjorn.sastad@yahoo.no<\/a><\/div><\/div>\n\n\n\n<div class=\"wp-block-hoyre-contact alignwide\"><div class=\"hoyre-contact__inner\"><h3 class=\"title\">Daniel Aamodt<\/h3><span class=\"position\">Fylkessekret\u00e6r<\/span><br \/><a class=\"phone\" href=\"tel:tel:41624182\">tel:41624182<\/a><br \/><a class=\"email\" href=\"mailto:DanAm@hoyre.no\">DanAm@hoyre.no<\/a><\/div><\/div>\n<\/div><\/div>\n\n\n\n<div class=\"wp-block-group\"><div class=\"wp-block-group__inner-container is-layout-constrained wp-block-group-is-layout-constrained\">\n<figure class=\"wp-block-table is-style-regular\"><table><thead><tr><th><strong>Dato. 2026<\/strong><\/th><th><strong>Sak<\/strong><\/th><th><strong>Frist<\/strong><\/th><\/tr><\/thead><tbody><tr><td>31. januar<\/td><td>Nedsettelse av nominasjonskomite:<br>Fylkesstyret oppnevner nominasjonskomit\u00e9 og<br>nominasjonskomiteleder og vedtar en<br>overordnet datoplan for hele<br>nominasjonsprosessen.<\/td><td>Nedsettes<br>senest innen 1.<br>mars.<\/td><\/tr><tr><td>februar\/ mars<\/td><td>Konstituerende m\u00f8te for<br>nominasjonskomiteen.<\/td><td><\/td><\/tr><tr><td>februar\/ mars<\/td><td>Etter konstituerende m\u00f8te tilskrives sittende<br>representanter og vararepresentanter med<br>sp\u00f8rsm\u00e5l om de \u00f8nsker gjenvalg.<\/td><td>Svarfrist mai. <\/td><\/tr><tr><td>mars\/ april<\/td><td>Organisasjonsledd og medlemmer inviteres til<br>\u00e5 komme med forslag p\u00e5 kandidater.<\/td><td>Frist for \u00e5<br>foresl\u00e5<br>kandidater: 28.<br>august.<\/td><\/tr><tr><td>mars\/ april<\/td><td>Offentlig oppfordring om \u00e5 komme med<br>navneforslag til valglisten via media, nettside,<br>sosiale medier m.m.<\/td><td>Frist for \u00e5<br>foresl\u00e5<br>kandidater: 28.<br>august.<\/td><\/tr><tr><td>mai\/juni<\/td><td>Nominasjonskomitem\u00f8te:<br>\u2212 Gjennomgang av innkommende<br>navneforslag og svar fra sittende<br>representanter.<br>\u2212 Nominasjonskomiteen arbeider selv frem<br>forslag p\u00e5 aktuelle kandidater<\/td><td><\/td><\/tr><tr><td>august<\/td><td>Lokalforeningene og sideforeningene<br>melder inn dato for partim\u00f8te.<br><br>Partim\u00f8tene skal gjennomf\u00f8res i tidsrommet 13. september \u2013 1. oktober.<br><br>Resultatene fra partim\u00f8tene publiseres<br>fortl\u00f8pende p\u00e5 Rogaland H\u00f8yres hjemmesider.<\/td><td>Dato fastsettes<br>innen 31.<br>august.<\/td><\/tr><tr><td>august<\/td><td>Nominasjonskomitem\u00f8te<\/td><td><\/td><\/tr><tr><td>august<\/td><td>Frist for \u00e5 foresl\u00e5 kandidater<\/td><td>28. august<\/td><\/tr><tr><td>august\/ september<\/td><td>Standard kandidatavtale sendes ut til foresl\u00e5tte<br>med sp\u00f8rsm\u00e5l om de \u00f8nsker \u00e5 st\u00e5 som<br>listekandidat eller ikke.<\/td><td>Svarfrist 7.<br>september<\/td><\/tr><tr><td>september<\/td><td>Alfabetisk navneliste over valgvillige kandidater<br>utarbeides og sendes foreningene.<\/td><td><\/td><\/tr><tr><td>september <\/td><td>Partim\u00f8ter i foreningene<br>Innkalles av foreningene per epost og<br>eventuelt annonse.<br><br>Avholdes i tidsrommet 14. \u2013 25. september.<\/td><td>Partim\u00f8tene<br>innkalles med<br>minst 8 dagers<br>varsel.<\/td><\/tr><tr><td>september<\/td><td>Elektronisk r\u00e5dgivende urnominasjon<br>Foreningens betalende medlemmer og Unge<br>H\u00f8yre-medlemmer som har stemmerett ved<br>valget f\u00e5r anledning til \u00e5 prioritere de valgvillige<br>kandidatene i en elektronisk r\u00e5dgivende<br>urnominasjon.<br><br>Uravstemningen foreg\u00e5r i tidsrommet 14. \u2013 25.<br>september.<br><br>Resultatet gj\u00f8res kjent for medlemmer p\u00e5<br>Rogaland H\u00f8yre hjemmesider.<\/td><td>Uravstemning<br>avsluttes 25.<br>september.<\/td><\/tr><tr><td>september<\/td><td>Frist for innsending av protokollutskrift fra<br>partim\u00f8te<\/td><td>september<br>(men helst<br>umiddelbart<br>etter m\u00f8tet)<\/td><\/tr><tr><td>september\/ oktober<\/td><td>Intervju av aktuelle kandidater:<br>Nominasjonskomiteen innkaller aktuelle<br>valgvillige kandidater til intervju.<\/td><td><\/td><\/tr><tr><td>oktober<\/td><td>Nominasjonskomitem\u00f8te:<br>-Endelig prioritert liste,<br>nominasjonskomiteens innstilling,<br>utarbeides p\u00e5 bakgrunn av egne<br>vurderinger og resultatene fra<br>r\u00e5dgivende urnominasjon og<br>partim\u00f8ter. Alle kandidater m\u00e5 v\u00e6re<br>medlem i H\u00f8yre og ha betalt<br>kontingent.<br>-Forslaget kan maksimalt ha 53 navn.<\/td><td><\/td><\/tr><tr><td>oktober<\/td><td>Frist for innkalling til fylkets<br>nominasjonsm\u00f8te<br>For \u00e5 ha stemmerett p\u00e5 nominasjonsm\u00f8tet m\u00e5<br>man ha v\u00e6rt medlem i minst 4 uker og ha<br>betalt kontingent f\u00f8r m\u00f8tet begynner, samt ha<br>stemmerett ved det valget det nomineres til.<\/td><td>10. oktober<\/td><\/tr><tr><td>oktober<\/td><td>Nominasjonskomiteens innstilling<br>offentliggj\u00f8res og legges ut p\u00e5 Rogaland<br>H\u00f8yres nettside og SoMe, sendes til<br>listekandidatene, foreningene og<br>sideorganisasjonene.<\/td><td>Senest 24.<br>oktober, 14<br>dager f\u00f8r<br>Nominasjonsm\u00f8<br>tet.<\/td><\/tr><tr><td>7. november<\/td><td>Nominasjonsm\u00f8te:<br>Fylkesleder \u00e5pner m\u00f8tet, fylkesstyret innstiller<br>p\u00e5 m\u00f8teleder. Nominasjonsm\u00f8tet kan gi<br>kandidater som ikke er valgt som delegater<br>observat\u00f8rstatus med talerett.<br><br>Dagsorden:<br>1. \u00c5pning av nominasjonsm\u00f8tet.<br>2. Fastsetting av antall stemmeberettigede<br>delegater til stede.<br>3. Godkjenning av innkalling, dagsorden og<br>voteringsreglement.<br>4. Valg av m\u00f8teleder og referent.<br>5. Sp\u00f8rsm\u00e5l om \u00e5pent\/lukket m\u00f8te.<br>6. Valg av tellekorps.<br>7. Valg av to underskrivere av protokollen.<br>8. Nominasjonskomiteens redegj\u00f8relse og<br>presentasjon av kandidatene.<br>9. Nominasjon av kandidater til Rogaland<br>H\u00f8yres Fylkestingsvalgliste 2027 \u2013 2031.<br>10. Valg av to tillitspersoner for valglisten som<br>m\u00e5 v\u00e6re styremedlemmer for Rogaland<br>H\u00f8yre (AU) og ha stemmerett i<br>valgdistriktet.<br>11. Nominasjonsm\u00f8tets godkjenning av at<br>fylkesstyret gis fullmakt til \u00e5 supplere listen<br>ved ev. frafall.<\/td><td>Avholdes innen<br>desember i<br>mellomvalgs\u00e5r.<\/td><\/tr><tr><td>31. november <\/td><td>Tillitsvalgte for listen er kontaktpersoner<br>overfor myndighetene og s\u00f8rger for at<br>valglisten blir innlevert, stemplet og godkjent<br>av valgstyret for Rogaland fylkeskommune<br>innen fristen.<\/td><td>Innen<br>mars 2027<br>kl. 12.00.<\/td><\/tr><\/tbody><\/table><\/figure>\n<\/div><\/div>\n\n\n\n<p><\/p>\n","protected":false},"excerpt":{"rendered":"<p>Nominasjonskomiteen best\u00e5r av: Dato. 2026 Sak Frist 31. januar Nedsettelse av nominasjonskomite:Fylkesstyret oppnevner nominasjonskomit\u00e9 ognominasjonskomiteleder og vedtar enoverordnet datoplan for helenominasjonsprosessen. Nedsettessenest innen 1.mars. februar\/ mars Konstituerende m\u00f8te fornominasjonskomiteen. februar\/ mars Etter konstituerende m\u00f8te tilskrives sittenderepresentanter og vararepresentanter medsp\u00f8rsm\u00e5l om de \u00f8nsker gjenvalg. Svarfrist mai. mars\/ april Organisasjonsledd og medlemmer inviteres til\u00e5 komme med forslag [&hellip;]<\/p>\n","protected":false},"author":48354,"featured_media":0,"parent":0,"menu_order":0,"comment_status":"closed","ping_status":"closed","template":"","meta":{"teft_cards_image_url":"","teft_cards_custom_pretitle":"","teft_cards_image_id":0,"teft_cards_image_focal_point_x":0,"teft_cards_image_focal_point_y":0,"teft_cards_title":"","teft_cards_excerpt":"","teft_show_chapters":false,"footnotes":""},"class_list":["post-1657","page","type-page","status-publish","hentry"],"yoast_head":"<!-- This site is optimized with the Yoast SEO plugin v26.6 - https:\/\/yoast.com\/wordpress\/plugins\/seo\/ -->\n<title>Fylkestingsvalg 2027 - Rogaland H\u00f8yres nominasjonsprosess - Rogaland H\u00f8yre<\/title>\n<meta name=\"robots\" content=\"index, follow, max-snippet:-1, max-image-preview:large, max-video-preview:-1\" \/>\n<link rel=\"canonical\" href=\"https:\/\/hoyre.no\/rogaland\/fylkestingsvalg\/\" \/>\n<meta property=\"og:locale\" content=\"nb_NO\" \/>\n<meta property=\"og:type\" content=\"article\" \/>\n<meta property=\"og:title\" content=\"Fylkestingsvalg 2027 - Rogaland H\u00f8yres nominasjonsprosess - Rogaland H\u00f8yre\" \/>\n<meta property=\"og:description\" content=\"Nominasjonskomiteen best\u00e5r av: Dato. 2026 Sak Frist 31. januar Nedsettelse av nominasjonskomite:Fylkesstyret oppnevner nominasjonskomit\u00e9 ognominasjonskomiteleder og vedtar enoverordnet datoplan for helenominasjonsprosessen. Nedsettessenest innen 1.mars. februar\/ mars Konstituerende m\u00f8te fornominasjonskomiteen. februar\/ mars Etter konstituerende m\u00f8te tilskrives sittenderepresentanter og vararepresentanter medsp\u00f8rsm\u00e5l om de \u00f8nsker gjenvalg. Svarfrist mai. mars\/ april Organisasjonsledd og medlemmer inviteres til\u00e5 komme med forslag [&hellip;]\" \/>\n<meta property=\"og:url\" content=\"https:\/\/hoyre.no\/rogaland\/fylkestingsvalg\/\" \/>\n<meta property=\"og:site_name\" content=\"Rogaland H\u00f8yre\" \/>\n<meta property=\"article:modified_time\" content=\"2026-03-24T12:52:07+00:00\" \/>\n<meta property=\"og:image\" content=\"https:\/\/hoyre.no\/content\/uploads\/sites\/11\/2026\/02\/Dokument-uten-navn-09.02.2026-1-scaled.png\" \/>\n\t<meta property=\"og:image:width\" content=\"2500\" \/>\n\t<meta property=\"og:image:height\" content=\"1309\" \/>\n\t<meta property=\"og:image:type\" content=\"image\/png\" \/>\n<meta name=\"twitter:card\" content=\"summary_large_image\" \/>\n<meta name=\"twitter:label1\" content=\"Ansl. lesetid\" \/>\n\t<meta name=\"twitter:data1\" content=\"4 minutter\" \/>\n<script type=\"application\/ld+json\" class=\"yoast-schema-graph\">{\"@context\":\"https:\/\/schema.org\",\"@graph\":[{\"@type\":\"WebPage\",\"@id\":\"https:\/\/hoyre.no\/rogaland\/fylkestingsvalg\/\",\"url\":\"https:\/\/hoyre.no\/rogaland\/fylkestingsvalg\/\",\"name\":\"Fylkestingsvalg 2027 - Rogaland H\u00f8yres nominasjonsprosess - Rogaland H\u00f8yre\",\"isPartOf\":{\"@id\":\"https:\/\/hoyre.no\/rogaland\/#website\"},\"image\":{\"@id\":\"https:\/\/hoyre.no\/rogaland\/fylkestingsvalg\/#primaryimage\"},\"thumbnailUrl\":\"https:\/\/hoyre.no\/content\/uploads\/sites\/11\/2026\/02\/Dokument-uten-navn-09.02.2026-1-1024x536.png\",\"datePublished\":\"2026-02-10T14:35:05+00:00\",\"dateModified\":\"2026-03-24T12:52:07+00:00\",\"breadcrumb\":{\"@id\":\"https:\/\/hoyre.no\/rogaland\/fylkestingsvalg\/#breadcrumb\"},\"inLanguage\":\"nb-NO\",\"potentialAction\":[{\"@type\":\"ReadAction\",\"target\":[\"https:\/\/hoyre.no\/rogaland\/fylkestingsvalg\/\"]}]},{\"@type\":\"ImageObject\",\"inLanguage\":\"nb-NO\",\"@id\":\"https:\/\/hoyre.no\/rogaland\/fylkestingsvalg\/#primaryimage\",\"url\":\"https:\/\/hoyre.no\/content\/uploads\/sites\/11\/2026\/02\/Dokument-uten-navn-09.02.2026-1-1024x536.png\",\"contentUrl\":\"https:\/\/hoyre.no\/content\/uploads\/sites\/11\/2026\/02\/Dokument-uten-navn-09.02.2026-1-1024x536.png\"},{\"@type\":\"BreadcrumbList\",\"@id\":\"https:\/\/hoyre.no\/rogaland\/fylkestingsvalg\/#breadcrumb\",\"itemListElement\":[{\"@type\":\"ListItem\",\"position\":1,\"name\":\"Til hoyre.no\",\"item\":\"https:\/\/hoyre.no\"},{\"@type\":\"ListItem\",\"position\":2,\"name\":\"Hjem\",\"item\":\"https:\/\/hoyre.no\/rogaland\/\"},{\"@type\":\"ListItem\",\"position\":3,\"name\":\"Fylkestingsvalg 2027 &#8211; Rogaland H\u00f8yres nominasjonsprosess\"}]},{\"@type\":\"WebSite\",\"@id\":\"https:\/\/hoyre.no\/rogaland\/#website\",\"url\":\"https:\/\/hoyre.no\/rogaland\/\",\"name\":\"Rogaland H\u00f8yre\",\"description\":\"Bare enda et H\u00f8yres nettsteder-nettsted\",\"inLanguage\":\"nb-NO\"}]}<\/script>\n<!-- \/ Yoast SEO plugin. -->","yoast_head_json":{"title":"Fylkestingsvalg 2027 - Rogaland H\u00f8yres nominasjonsprosess - Rogaland H\u00f8yre","robots":{"index":"index","follow":"follow","max-snippet":"max-snippet:-1","max-image-preview":"max-image-preview:large","max-video-preview":"max-video-preview:-1"},"canonical":"https:\/\/hoyre.no\/rogaland\/fylkestingsvalg\/","og_locale":"nb_NO","og_type":"article","og_title":"Fylkestingsvalg 2027 - Rogaland H\u00f8yres nominasjonsprosess - Rogaland H\u00f8yre","og_description":"Nominasjonskomiteen best\u00e5r av: Dato. 2026 Sak Frist 31. januar Nedsettelse av nominasjonskomite:Fylkesstyret oppnevner nominasjonskomit\u00e9 ognominasjonskomiteleder og vedtar enoverordnet datoplan for helenominasjonsprosessen. Nedsettessenest innen 1.mars. februar\/ mars Konstituerende m\u00f8te fornominasjonskomiteen. februar\/ mars Etter konstituerende m\u00f8te tilskrives sittenderepresentanter og vararepresentanter medsp\u00f8rsm\u00e5l om de \u00f8nsker gjenvalg. Svarfrist mai. mars\/ april Organisasjonsledd og medlemmer inviteres til\u00e5 komme med forslag [&hellip;]","og_url":"https:\/\/hoyre.no\/rogaland\/fylkestingsvalg\/","og_site_name":"Rogaland H\u00f8yre","article_modified_time":"2026-03-24T12:52:07+00:00","og_image":[{"width":2500,"height":1309,"url":"https:\/\/hoyre.no\/content\/uploads\/sites\/11\/2026\/02\/Dokument-uten-navn-09.02.2026-1-scaled.png","type":"image\/png"}],"twitter_card":"summary_large_image","twitter_misc":{"Ansl. lesetid":"4 minutter"},"schema":{"@context":"https:\/\/schema.org","@graph":[{"@type":"WebPage","@id":"https:\/\/hoyre.no\/rogaland\/fylkestingsvalg\/","url":"https:\/\/hoyre.no\/rogaland\/fylkestingsvalg\/","name":"Fylkestingsvalg 2027 - Rogaland H\u00f8yres nominasjonsprosess - Rogaland H\u00f8yre","isPartOf":{"@id":"https:\/\/hoyre.no\/rogaland\/#website"},"image":{"@id":"https:\/\/hoyre.no\/rogaland\/fylkestingsvalg\/#primaryimage"},"thumbnailUrl":"https:\/\/hoyre.no\/content\/uploads\/sites\/11\/2026\/02\/Dokument-uten-navn-09.02.2026-1-1024x536.png","datePublished":"2026-02-10T14:35:05+00:00","dateModified":"2026-03-24T12:52:07+00:00","breadcrumb":{"@id":"https:\/\/hoyre.no\/rogaland\/fylkestingsvalg\/#breadcrumb"},"inLanguage":"nb-NO","potentialAction":[{"@type":"ReadAction","target":["https:\/\/hoyre.no\/rogaland\/fylkestingsvalg\/"]}]},{"@type":"ImageObject","inLanguage":"nb-NO","@id":"https:\/\/hoyre.no\/rogaland\/fylkestingsvalg\/#primaryimage","url":"https:\/\/hoyre.no\/content\/uploads\/sites\/11\/2026\/02\/Dokument-uten-navn-09.02.2026-1-1024x536.png","contentUrl":"https:\/\/hoyre.no\/content\/uploads\/sites\/11\/2026\/02\/Dokument-uten-navn-09.02.2026-1-1024x536.png"},{"@type":"BreadcrumbList","@id":"https:\/\/hoyre.no\/rogaland\/fylkestingsvalg\/#breadcrumb","itemListElement":[{"@type":"ListItem","position":1,"name":"Til hoyre.no","item":"https:\/\/hoyre.no"},{"@type":"ListItem","position":2,"name":"Hjem","item":"https:\/\/hoyre.no\/rogaland\/"},{"@type":"ListItem","position":3,"name":"Fylkestingsvalg 2027 &#8211; Rogaland H\u00f8yres nominasjonsprosess"}]},{"@type":"WebSite","@id":"https:\/\/hoyre.no\/rogaland\/#website","url":"https:\/\/hoyre.no\/rogaland\/","name":"Rogaland H\u00f8yre","description":"Bare enda et H\u00f8yres nettsteder-nettsted","inLanguage":"nb-NO"}]}},"distributor_meta":false,"distributor_terms":false,"distributor_media":false,"distributor_original_site_name":"Rogaland H\u00f8yre","distributor_original_site_url":"https:\/\/hoyre.no\/rogaland","push-errors":false,"_links":{"self":[{"href":"https:\/\/hoyre.no\/rogaland\/wp-json\/wp\/v2\/pages\/1657","targetHints":{"allow":["GET"]}}],"collection":[{"href":"https:\/\/hoyre.no\/rogaland\/wp-json\/wp\/v2\/pages"}],"about":[{"href":"https:\/\/hoyre.no\/rogaland\/wp-json\/wp\/v2\/types\/page"}],"author":[{"embeddable":true,"href":"https:\/\/hoyre.no\/rogaland\/wp-json\/wp\/v2\/users\/48354"}],"replies":[{"embeddable":true,"href":"https:\/\/hoyre.no\/rogaland\/wp-json\/wp\/v2\/comments?post=1657"}],"version-history":[{"count":33,"href":"https:\/\/hoyre.no\/rogaland\/wp-json\/wp\/v2\/pages\/1657\/revisions"}],"predecessor-version":[{"id":1755,"href":"https:\/\/hoyre.no\/rogaland\/wp-json\/wp\/v2\/pages\/1657\/revisions\/1755"}],"wp:attachment":[{"href":"https:\/\/hoyre.no\/rogaland\/wp-json\/wp\/v2\/media?parent=1657"}],"curies":[{"name":"wp","href":"https:\/\/api.w.org\/{rel}","templated":true}]}}