{"id":43,"date":"2023-06-08T15:01:38","date_gmt":"2023-06-08T13:01:38","guid":{"rendered":"https:\/\/hoyre.no\/sagene\/?page_id=43"},"modified":"2025-01-27T12:26:27","modified_gmt":"2025-01-27T11:26:27","slug":"6-gode-grunner-til-a-stemme-hoyre-i-sagene","status":"publish","type":"page","link":"https:\/\/hoyre.no\/sagene\/6-gode-grunner-til-a-stemme-hoyre-i-sagene\/","title":{"rendered":"6 gode grunner til \u00e5 stemme H\u00f8yre i Sagene"},"content":{"rendered":"\n<div class=\"wp-block-hoyre-hero with-image-gradient text-color-light  has-media alignfull has-background\"><div class=\"hoyre-hero has-image\"><h1 class=\"title\">6 gode grunner til \u00e5 stemme H\u00f8yre i Sagene<\/h1><p class=\"preamble\">Se hele programmet nederst p\u00e5 siden.<\/p>\t\t\t<div class=\"post-meta wp-block teft-byline-wrapper\">\n\t\t\t\t<div class=\"top\">\n\t\t\t\t\t<div class=\"signature\">\n\t\t\t\t\t\t<div class=\"teft-byline\">\n\t\t\t\t\t\t\t\t\t\t\t\t\t\t<div>\n\t\t\t\t\t\t\t\t<h3>H\u00f8yres redaksjon<\/h3>\t\t\t\t\t\t\t\t\n\t\t\t\t\t\t\t\t\t\t\t\t\t\t\t\t\t<span class=\"date\">Sist oppdatert: 27. januar 2025<\/span>\n\t\t\t\t\t\t\t\t\t\t\t\t\t\t\t\t\t\t\t\t\t\t\t\t\t<span class=\"reading-time\" itemprop=\"timeRequired\" content=\"PT3M\"><em>Ca. 3 minutter lesetid<\/em><\/span>\n\t\t\t\t\t\t\t\t\t\t\t\t\t\t\t<\/div>\n\t\t\t\t\t\t<\/div>\n\t\t\t\t\t<\/div>\n\t\t\t\t\t\t<div class=\"sharing\">\n\t\t<a class=\"share-button share-link copy-link\" data-copy=\"https:\/\/hoyre.no\/sagene\/6-gode-grunner-til-a-stemme-hoyre-i-sagene\/\" target=\"_blank\"><span class=\"screen-reader-text\">Del link<\/span><\/a>\n\t\t<a class=\"share-button share-twitter\" href=\"http:\/\/twitter.com\/share?text=6 gode grunner til \u00e5 stemme H\u00f8yre i Sagene&#038;url=https:\/\/hoyre.no\/sagene\/6-gode-grunner-til-a-stemme-hoyre-i-sagene\/&#038;hashtags=Hoyre\" target=\"_blank\"><span class=\"screen-reader-text\">Del p\u00e5 twitter<\/span><\/a>\n\t\t<a class=\"share-button share-facebook\" href=\"https:\/\/www.facebook.com\/sharer\/sharer.php?u=https:\/\/hoyre.no\/sagene\/6-gode-grunner-til-a-stemme-hoyre-i-sagene\/\" target=\"_blank\"><span class=\"screen-reader-text\">Del p\u00e5 facebook<\/span><\/a>\n\t<\/div>\n\t\t\t\t\t<\/div>\n\t\t\t<\/div>\n\n\t\t\t<figure class=\"hoyre-image-wrapper\"><div class=\"hoyre-image\"><img loading=\"lazy\" decoding=\"async\" width=\"2500\" height=\"1662\" src=\"https:\/\/hoyre.no\/content\/uploads\/sites\/412\/2023\/06\/DSC_0144-scaled.jpg\" class=\"attachment-scaled size-scaled\" alt=\"\" style=\"object-position: 50% 50%\" srcset=\"https:\/\/hoyre.no\/content\/uploads\/sites\/412\/2023\/06\/DSC_0144-scaled.jpg 2500w, https:\/\/hoyre.no\/content\/uploads\/sites\/412\/2023\/06\/DSC_0144-300x199.jpg 300w, https:\/\/hoyre.no\/content\/uploads\/sites\/412\/2023\/06\/DSC_0144-1024x681.jpg 1024w, https:\/\/hoyre.no\/content\/uploads\/sites\/412\/2023\/06\/DSC_0144-768x511.jpg 768w, https:\/\/hoyre.no\/content\/uploads\/sites\/412\/2023\/06\/DSC_0144-1536x1021.jpg 1536w, https:\/\/hoyre.no\/content\/uploads\/sites\/412\/2023\/06\/DSC_0144-2048x1362.jpg 2048w\" sizes=\"auto, (max-width: 2500px) 100vw, 2500px\" \/><\/div><\/figure><\/div><\/div>\n\n\n\n<div class=\"wp-block-media-text alignwide is-stacked-on-mobile is-image-fill\" style=\"grid-template-columns:40% auto\"><figure class=\"wp-block-media-text__media\" style=\"background-image:url('https:\/\/hoyre.no\/content\/uploads\/sites\/412\/2023\/06\/Levende-byliv-1-1024x681.jpg');background-position:50% 50%\"><img loading=\"lazy\" decoding=\"async\" width=\"1024\" height=\"681\" src=\"https:\/\/hoyre.no\/content\/uploads\/sites\/412\/2023\/06\/Levende-byliv-1-1024x681.jpg\" alt=\"\" class=\"wp-image-49 size-full\" srcset=\"https:\/\/hoyre.no\/content\/uploads\/sites\/412\/2023\/06\/Levende-byliv-1-1024x681.jpg 1024w, https:\/\/hoyre.no\/content\/uploads\/sites\/412\/2023\/06\/Levende-byliv-1-300x199.jpg 300w, https:\/\/hoyre.no\/content\/uploads\/sites\/412\/2023\/06\/Levende-byliv-1-768x511.jpg 768w, https:\/\/hoyre.no\/content\/uploads\/sites\/412\/2023\/06\/Levende-byliv-1-1536x1021.jpg 1536w, https:\/\/hoyre.no\/content\/uploads\/sites\/412\/2023\/06\/Levende-byliv-1-2048x1362.jpg 2048w\" sizes=\"auto, (max-width: 1024px) 100vw, 1024px\" \/><\/figure><div class=\"wp-block-media-text__content\">\n<h3 class=\"wp-block-heading\">1. En levende bydel<\/h3>\n\n\n\n<p>Sagene skal v\u00e6re en spennende bydel. H\u00f8yre vil at du skal ha kulturarrangementer, restauranter og puber tilgjengelig i ditt n\u00e6romr\u00e5de, med lengre uteservering. I de mest sentrale delene av bydelen b\u00f8r det v\u00e6re attraktive lokaler p\u00e5 bakkeplan, som kafeer og butikker.<\/p>\n<\/div><\/div>\n\n\n\n<div class=\"wp-block-media-text alignwide has-media-on-the-right is-stacked-on-mobile is-image-fill\" style=\"grid-template-columns:auto 40%\"><div class=\"wp-block-media-text__content\">\n<h3 class=\"wp-block-heading\">2. Et trygt n\u00e6rmilj\u00f8<\/h3>\n\n\n\n<p>Sagene er et attraktivt bosted for mange, men bydelen har ogs\u00e5 utfordringer knyttet til kriminalitet. Ingen skal v\u00e6re redde for \u00e5 ferdes ute i v\u00e5re gater og parker. H\u00f8yre vil sikre forebyggende arbeid og tilstedev\u00e6rende tiltak som for eksempel utekontakter.<\/p>\n<\/div><figure class=\"wp-block-media-text__media\" style=\"background-image:url('https:\/\/hoyre.no\/content\/uploads\/sites\/412\/2023\/06\/DSC_0280-1024x681.jpg');background-position:100% 100%\"><img loading=\"lazy\" decoding=\"async\" width=\"1024\" height=\"681\" src=\"https:\/\/hoyre.no\/content\/uploads\/sites\/412\/2023\/06\/DSC_0280-1024x681.jpg\" alt=\"\" class=\"wp-image-46 size-full\" srcset=\"https:\/\/hoyre.no\/content\/uploads\/sites\/412\/2023\/06\/DSC_0280-1024x681.jpg 1024w, https:\/\/hoyre.no\/content\/uploads\/sites\/412\/2023\/06\/DSC_0280-300x199.jpg 300w, https:\/\/hoyre.no\/content\/uploads\/sites\/412\/2023\/06\/DSC_0280-768x511.jpg 768w, https:\/\/hoyre.no\/content\/uploads\/sites\/412\/2023\/06\/DSC_0280-1536x1021.jpg 1536w, https:\/\/hoyre.no\/content\/uploads\/sites\/412\/2023\/06\/DSC_0280-2048x1362.jpg 2048w\" sizes=\"auto, (max-width: 1024px) 100vw, 1024px\" \/><\/figure><\/div>\n\n\n\n<div class=\"wp-block-media-text alignwide is-stacked-on-mobile is-image-fill\" style=\"grid-template-columns:40% auto\"><figure class=\"wp-block-media-text__media\" style=\"background-image:url('https:\/\/hoyre.no\/content\/uploads\/sites\/412\/2023\/06\/Helse-1-1024x681.jpg');background-position:76% 11%\"><img loading=\"lazy\" decoding=\"async\" width=\"1024\" height=\"681\" src=\"https:\/\/hoyre.no\/content\/uploads\/sites\/412\/2023\/06\/Helse-1-1024x681.jpg\" alt=\"\" class=\"wp-image-48 size-full\" srcset=\"https:\/\/hoyre.no\/content\/uploads\/sites\/412\/2023\/06\/Helse-1-1024x681.jpg 1024w, https:\/\/hoyre.no\/content\/uploads\/sites\/412\/2023\/06\/Helse-1-300x199.jpg 300w, https:\/\/hoyre.no\/content\/uploads\/sites\/412\/2023\/06\/Helse-1-768x511.jpg 768w, https:\/\/hoyre.no\/content\/uploads\/sites\/412\/2023\/06\/Helse-1-1536x1021.jpg 1536w, https:\/\/hoyre.no\/content\/uploads\/sites\/412\/2023\/06\/Helse-1-2048x1362.jpg 2048w\" sizes=\"auto, (max-width: 1024px) 100vw, 1024px\" \/><\/figure><div class=\"wp-block-media-text__content\">\n<h3 class=\"wp-block-heading\">3. Helsehjelp n\u00e5r du trenger det<\/h3>\n\n\n\n<p>Sagene er en mangfoldig bydel. H\u00f8yre vil sikre velferdstilbud for alle aldersgrupper i alle livsfaser. Det skal v\u00e6re valgfrihet og h\u00f8y kvalitet innen helse- og omsorgstjenestene i Sagene bydel, der kvaliteten p\u00e5 tilbudene er viktigere enn hvem som drifter dem.<\/p>\n<\/div><\/div>\n\n\n\n<div class=\"wp-block-media-text alignwide has-media-on-the-right is-stacked-on-mobile is-image-fill\" style=\"grid-template-columns:auto 40%\"><div class=\"wp-block-media-text__content\">\n<h3 class=\"wp-block-heading\">4. Godt \u00e5 vokse opp i Sagene<\/h3>\n\n\n\n<p>Sagene skal v\u00e6re en attraktiv bydel \u00e5 vokse opp i. H\u00f8yre \u00f8nsker \u00e5 skape gode oppvekstsvilk\u00e5r gjennom barnehager og skoler av h\u00f8y kvalitet, og varierte og tilgjengelige av fritidsaktiviteter for barn og unge. Det skal v\u00e6re rom for b\u00e5de offentlige og private akt\u00f8rer. Ungdom i Sagene skal fullf\u00f8re og best\u00e5 videreg\u00e5ende skole.<\/p>\n<\/div><figure class=\"wp-block-media-text__media\" style=\"background-image:url('https:\/\/hoyre.no\/content\/uploads\/sites\/412\/2023\/06\/Oppvekst-1-1024x681.jpg');background-position:77% 15%\"><img loading=\"lazy\" decoding=\"async\" width=\"1024\" height=\"681\" src=\"https:\/\/hoyre.no\/content\/uploads\/sites\/412\/2023\/06\/Oppvekst-1-1024x681.jpg\" alt=\"\" class=\"wp-image-52 size-full\" srcset=\"https:\/\/hoyre.no\/content\/uploads\/sites\/412\/2023\/06\/Oppvekst-1-1024x681.jpg 1024w, https:\/\/hoyre.no\/content\/uploads\/sites\/412\/2023\/06\/Oppvekst-1-300x199.jpg 300w, https:\/\/hoyre.no\/content\/uploads\/sites\/412\/2023\/06\/Oppvekst-1-768x511.jpg 768w, https:\/\/hoyre.no\/content\/uploads\/sites\/412\/2023\/06\/Oppvekst-1-1536x1021.jpg 1536w, https:\/\/hoyre.no\/content\/uploads\/sites\/412\/2023\/06\/Oppvekst-1-2048x1362.jpg 2048w\" sizes=\"auto, (max-width: 1024px) 100vw, 1024px\" \/><\/figure><\/div>\n\n\n\n<div class=\"wp-block-media-text alignwide is-stacked-on-mobile is-image-fill\" style=\"grid-template-columns:40% auto\"><figure class=\"wp-block-media-text__media\" style=\"background-image:url('https:\/\/hoyre.no\/content\/uploads\/sites\/412\/2023\/06\/Gronn-bydel-2-1024x681.jpg');background-position:69% 45%\"><img loading=\"lazy\" decoding=\"async\" width=\"1024\" height=\"681\" src=\"https:\/\/hoyre.no\/content\/uploads\/sites\/412\/2023\/06\/Gronn-bydel-2-1024x681.jpg\" alt=\"\" class=\"wp-image-47 size-full\" srcset=\"https:\/\/hoyre.no\/content\/uploads\/sites\/412\/2023\/06\/Gronn-bydel-2-1024x681.jpg 1024w, https:\/\/hoyre.no\/content\/uploads\/sites\/412\/2023\/06\/Gronn-bydel-2-300x199.jpg 300w, https:\/\/hoyre.no\/content\/uploads\/sites\/412\/2023\/06\/Gronn-bydel-2-768x511.jpg 768w, https:\/\/hoyre.no\/content\/uploads\/sites\/412\/2023\/06\/Gronn-bydel-2-1536x1021.jpg 1536w, https:\/\/hoyre.no\/content\/uploads\/sites\/412\/2023\/06\/Gronn-bydel-2-2048x1362.jpg 2048w\" sizes=\"auto, (max-width: 1024px) 100vw, 1024px\" \/><\/figure><div class=\"wp-block-media-text__content\">\n<h3 class=\"wp-block-heading\">5. En gr\u00f8nn og vakker bydel<\/h3>\n\n\n\n<p>Sagene skal v\u00e6re en bydel der alle skal kunne bo, uansett livssituasjon. Da m\u00e5 vi legge til rette for forskjellige boligtyper og gode utearealer. H\u00f8yre vil ha gode, tilgjengelige gr\u00f8ntarealer, og en variert boligsammensetning som bygger opp under den unike arkitekturen i bydelen.<\/p>\n<\/div><\/div>\n\n\n\n\n<div class=\"wp-block-media-text alignwide has-media-on-the-right is-stacked-on-mobile is-image-fill\" style=\"grid-template-columns:auto 40%\"><div class=\"wp-block-media-text__content\">\n<h3 class=\"wp-block-heading\">6. God fremkommelighet i en tett bydel<\/h3>\n\n\n\n<p>Sagene er en tett bydel med kamp om knappe arealer. N\u00e6ringsliv og privatpersoner er fremdeles avhengige av parkering og bilen, samtidig som st\u00f8rsteparten av ferdselen i bydelen m\u00e5 skje gjennom g\u00e5ing, sykling og kollektivtrafikk. H\u00f8yre vil legge til rette for at det er enkelt \u00e5 forflytte seg i bydelen, uansett hvordan.<\/p>\n<\/div><figure class=\"wp-block-media-text__media\" style=\"background-image:url('https:\/\/hoyre.no\/content\/uploads\/sites\/412\/2023\/06\/Fremkommelighet-1-1024x681.jpg');background-position:50% 50%\"><img loading=\"lazy\" decoding=\"async\" width=\"1024\" height=\"681\" src=\"https:\/\/hoyre.no\/content\/uploads\/sites\/412\/2023\/06\/Fremkommelighet-1-1024x681.jpg\" alt=\"\" class=\"wp-image-45 size-full\" srcset=\"https:\/\/hoyre.no\/content\/uploads\/sites\/412\/2023\/06\/Fremkommelighet-1-1024x681.jpg 1024w, https:\/\/hoyre.no\/content\/uploads\/sites\/412\/2023\/06\/Fremkommelighet-1-300x199.jpg 300w, https:\/\/hoyre.no\/content\/uploads\/sites\/412\/2023\/06\/Fremkommelighet-1-768x511.jpg 768w, https:\/\/hoyre.no\/content\/uploads\/sites\/412\/2023\/06\/Fremkommelighet-1-1536x1021.jpg 1536w, https:\/\/hoyre.no\/content\/uploads\/sites\/412\/2023\/06\/Fremkommelighet-1-2048x1362.jpg 2048w\" sizes=\"auto, (max-width: 1024px) 100vw, 1024px\" \/><\/figure><\/div>\n\n\n\n<div class=\"wp-block hoyre-section alignfull has-background is-style-light-blue wp-block-hoyre-section\"><div class=\"inner-blocks alignwide\">\n\n<p class=\"has-text-align-center\"><strong>Vil du lese mer om politikken v\u00e5r? Trykk her:<\/strong><\/p>\n\n\n\n<div class=\"wp-block-teft-file icon-link-block\"><a href=\"https:\/\/hoyre.no\/content\/uploads\/sites\/412\/2023\/07\/Bydelsprogram-Sagene-Hoyre-2023-2027.pdf\" download><span class=\"file-title\">Sagene H\u00f8yres bydelsprogram <\/span><span class=\"file-name\">Bydelsprogram-Sagene-Hoyre-2023-2027.pdf [65.9kb]<\/span><\/a><\/div>\n\n<\/div><\/div>","protected":false},"excerpt":{"rendered":"<p>1. En levende bydel Sagene skal v\u00e6re en spennende bydel. H\u00f8yre vil at du skal ha kulturarrangementer, restauranter og puber tilgjengelig i ditt n\u00e6romr\u00e5de, med lengre uteservering. I de mest sentrale delene av bydelen b\u00f8r det v\u00e6re attraktive lokaler p\u00e5 bakkeplan, som kafeer og butikker. 2. Et trygt n\u00e6rmilj\u00f8 Sagene er et attraktivt bosted for [&hellip;]<\/p>\n","protected":false},"author":16039,"featured_media":0,"parent":0,"menu_order":0,"comment_status":"closed","ping_status":"closed","template":"","meta":{"teft_cards_image_url":"","teft_cards_custom_pretitle":"","teft_cards_image_id":0,"teft_cards_image_focal_point_x":0,"teft_cards_image_focal_point_y":0,"teft_cards_title":"","teft_cards_excerpt":"","teft_show_chapters":false,"footnotes":""},"class_list":["post-43","page","type-page","status-publish","hentry"],"yoast_head":"<!-- This site is optimized with the Yoast SEO plugin v26.6 - https:\/\/yoast.com\/wordpress\/plugins\/seo\/ -->\n<title>6 gode grunner til \u00e5 stemme H\u00f8yre i Sagene - Sagene H\u00f8yre<\/title>\n<meta name=\"robots\" content=\"index, follow, max-snippet:-1, max-image-preview:large, max-video-preview:-1\" \/>\n<link rel=\"canonical\" href=\"https:\/\/hoyre.no\/sagene\/6-gode-grunner-til-a-stemme-hoyre-i-sagene\/\" \/>\n<meta property=\"og:locale\" content=\"nb_NO\" \/>\n<meta property=\"og:type\" content=\"article\" \/>\n<meta property=\"og:title\" content=\"6 gode grunner til \u00e5 stemme H\u00f8yre i Sagene - Sagene H\u00f8yre\" \/>\n<meta property=\"og:description\" content=\"1. En levende bydel Sagene skal v\u00e6re en spennende bydel. H\u00f8yre vil at du skal ha kulturarrangementer, restauranter og puber tilgjengelig i ditt n\u00e6romr\u00e5de, med lengre uteservering. I de mest sentrale delene av bydelen b\u00f8r det v\u00e6re attraktive lokaler p\u00e5 bakkeplan, som kafeer og butikker. 2. Et trygt n\u00e6rmilj\u00f8 Sagene er et attraktivt bosted for [&hellip;]\" \/>\n<meta property=\"og:url\" content=\"https:\/\/hoyre.no\/sagene\/6-gode-grunner-til-a-stemme-hoyre-i-sagene\/\" \/>\n<meta property=\"og:site_name\" content=\"Sagene H\u00f8yre\" \/>\n<meta property=\"article:modified_time\" content=\"2025-01-27T11:26:27+00:00\" \/>\n<meta property=\"og:image\" content=\"https:\/\/hoyre.no\/content\/uploads\/sites\/412\/2023\/06\/Levende-byliv-1-1024x681.jpg\" \/>\n<meta name=\"twitter:card\" content=\"summary_large_image\" \/>\n<meta name=\"twitter:label1\" content=\"Ansl. lesetid\" \/>\n\t<meta name=\"twitter:data1\" content=\"4 minutter\" \/>\n<script type=\"application\/ld+json\" class=\"yoast-schema-graph\">{\"@context\":\"https:\/\/schema.org\",\"@graph\":[{\"@type\":\"WebPage\",\"@id\":\"https:\/\/hoyre.no\/sagene\/6-gode-grunner-til-a-stemme-hoyre-i-sagene\/\",\"url\":\"https:\/\/hoyre.no\/sagene\/6-gode-grunner-til-a-stemme-hoyre-i-sagene\/\",\"name\":\"6 gode grunner til \u00e5 stemme H\u00f8yre i Sagene - Sagene H\u00f8yre\",\"isPartOf\":{\"@id\":\"https:\/\/hoyre.no\/sagene\/#website\"},\"image\":{\"@id\":\"https:\/\/hoyre.no\/sagene\/6-gode-grunner-til-a-stemme-hoyre-i-sagene\/#primaryimage\"},\"thumbnailUrl\":\"https:\/\/hoyre.no\/content\/uploads\/sites\/412\/2023\/06\/Levende-byliv-1-1024x681.jpg\",\"datePublished\":\"2023-06-08T13:01:38+00:00\",\"dateModified\":\"2025-01-27T11:26:27+00:00\",\"breadcrumb\":{\"@id\":\"https:\/\/hoyre.no\/sagene\/6-gode-grunner-til-a-stemme-hoyre-i-sagene\/#breadcrumb\"},\"inLanguage\":\"nb-NO\",\"potentialAction\":[{\"@type\":\"ReadAction\",\"target\":[\"https:\/\/hoyre.no\/sagene\/6-gode-grunner-til-a-stemme-hoyre-i-sagene\/\"]}]},{\"@type\":\"ImageObject\",\"inLanguage\":\"nb-NO\",\"@id\":\"https:\/\/hoyre.no\/sagene\/6-gode-grunner-til-a-stemme-hoyre-i-sagene\/#primaryimage\",\"url\":\"https:\/\/hoyre.no\/content\/uploads\/sites\/412\/2023\/06\/Levende-byliv-1-1024x681.jpg\",\"contentUrl\":\"https:\/\/hoyre.no\/content\/uploads\/sites\/412\/2023\/06\/Levende-byliv-1-1024x681.jpg\"},{\"@type\":\"BreadcrumbList\",\"@id\":\"https:\/\/hoyre.no\/sagene\/6-gode-grunner-til-a-stemme-hoyre-i-sagene\/#breadcrumb\",\"itemListElement\":[{\"@type\":\"ListItem\",\"position\":1,\"name\":\"Til hoyre.no\",\"item\":\"https:\/\/hoyre.no\"},{\"@type\":\"ListItem\",\"position\":2,\"name\":\"Hjem\",\"item\":\"https:\/\/hoyre.no\/sagene\/\"},{\"@type\":\"ListItem\",\"position\":3,\"name\":\"6 gode grunner til \u00e5 stemme H\u00f8yre i Sagene\"}]},{\"@type\":\"WebSite\",\"@id\":\"https:\/\/hoyre.no\/sagene\/#website\",\"url\":\"https:\/\/hoyre.no\/sagene\/\",\"name\":\"Sagene H\u00f8yre\",\"description\":\"Bare enda et H\u00f8yres nettsteder-nettsted\",\"inLanguage\":\"nb-NO\"}]}<\/script>\n<!-- \/ Yoast SEO plugin. -->","yoast_head_json":{"title":"6 gode grunner til \u00e5 stemme H\u00f8yre i Sagene - Sagene H\u00f8yre","robots":{"index":"index","follow":"follow","max-snippet":"max-snippet:-1","max-image-preview":"max-image-preview:large","max-video-preview":"max-video-preview:-1"},"canonical":"https:\/\/hoyre.no\/sagene\/6-gode-grunner-til-a-stemme-hoyre-i-sagene\/","og_locale":"nb_NO","og_type":"article","og_title":"6 gode grunner til \u00e5 stemme H\u00f8yre i Sagene - Sagene H\u00f8yre","og_description":"1. En levende bydel Sagene skal v\u00e6re en spennende bydel. H\u00f8yre vil at du skal ha kulturarrangementer, restauranter og puber tilgjengelig i ditt n\u00e6romr\u00e5de, med lengre uteservering. I de mest sentrale delene av bydelen b\u00f8r det v\u00e6re attraktive lokaler p\u00e5 bakkeplan, som kafeer og butikker. 2. Et trygt n\u00e6rmilj\u00f8 Sagene er et attraktivt bosted for [&hellip;]","og_url":"https:\/\/hoyre.no\/sagene\/6-gode-grunner-til-a-stemme-hoyre-i-sagene\/","og_site_name":"Sagene H\u00f8yre","article_modified_time":"2025-01-27T11:26:27+00:00","og_image":[{"url":"https:\/\/hoyre.no\/content\/uploads\/sites\/412\/2023\/06\/Levende-byliv-1-1024x681.jpg","type":"","width":"","height":""}],"twitter_card":"summary_large_image","twitter_misc":{"Ansl. lesetid":"4 minutter"},"schema":{"@context":"https:\/\/schema.org","@graph":[{"@type":"WebPage","@id":"https:\/\/hoyre.no\/sagene\/6-gode-grunner-til-a-stemme-hoyre-i-sagene\/","url":"https:\/\/hoyre.no\/sagene\/6-gode-grunner-til-a-stemme-hoyre-i-sagene\/","name":"6 gode grunner til \u00e5 stemme H\u00f8yre i Sagene - Sagene H\u00f8yre","isPartOf":{"@id":"https:\/\/hoyre.no\/sagene\/#website"},"image":{"@id":"https:\/\/hoyre.no\/sagene\/6-gode-grunner-til-a-stemme-hoyre-i-sagene\/#primaryimage"},"thumbnailUrl":"https:\/\/hoyre.no\/content\/uploads\/sites\/412\/2023\/06\/Levende-byliv-1-1024x681.jpg","datePublished":"2023-06-08T13:01:38+00:00","dateModified":"2025-01-27T11:26:27+00:00","breadcrumb":{"@id":"https:\/\/hoyre.no\/sagene\/6-gode-grunner-til-a-stemme-hoyre-i-sagene\/#breadcrumb"},"inLanguage":"nb-NO","potentialAction":[{"@type":"ReadAction","target":["https:\/\/hoyre.no\/sagene\/6-gode-grunner-til-a-stemme-hoyre-i-sagene\/"]}]},{"@type":"ImageObject","inLanguage":"nb-NO","@id":"https:\/\/hoyre.no\/sagene\/6-gode-grunner-til-a-stemme-hoyre-i-sagene\/#primaryimage","url":"https:\/\/hoyre.no\/content\/uploads\/sites\/412\/2023\/06\/Levende-byliv-1-1024x681.jpg","contentUrl":"https:\/\/hoyre.no\/content\/uploads\/sites\/412\/2023\/06\/Levende-byliv-1-1024x681.jpg"},{"@type":"BreadcrumbList","@id":"https:\/\/hoyre.no\/sagene\/6-gode-grunner-til-a-stemme-hoyre-i-sagene\/#breadcrumb","itemListElement":[{"@type":"ListItem","position":1,"name":"Til hoyre.no","item":"https:\/\/hoyre.no"},{"@type":"ListItem","position":2,"name":"Hjem","item":"https:\/\/hoyre.no\/sagene\/"},{"@type":"ListItem","position":3,"name":"6 gode grunner til \u00e5 stemme H\u00f8yre i Sagene"}]},{"@type":"WebSite","@id":"https:\/\/hoyre.no\/sagene\/#website","url":"https:\/\/hoyre.no\/sagene\/","name":"Sagene H\u00f8yre","description":"Bare enda et H\u00f8yres nettsteder-nettsted","inLanguage":"nb-NO"}]}},"distributor_meta":false,"distributor_terms":false,"distributor_media":false,"distributor_original_site_name":"Sagene H\u00f8yre","distributor_original_site_url":"https:\/\/hoyre.no\/sagene","push-errors":false,"_links":{"self":[{"href":"https:\/\/hoyre.no\/sagene\/wp-json\/wp\/v2\/pages\/43","targetHints":{"allow":["GET"]}}],"collection":[{"href":"https:\/\/hoyre.no\/sagene\/wp-json\/wp\/v2\/pages"}],"about":[{"href":"https:\/\/hoyre.no\/sagene\/wp-json\/wp\/v2\/types\/page"}],"author":[{"embeddable":true,"href":"https:\/\/hoyre.no\/sagene\/wp-json\/wp\/v2\/users\/16039"}],"replies":[{"embeddable":true,"href":"https:\/\/hoyre.no\/sagene\/wp-json\/wp\/v2\/comments?post=43"}],"version-history":[{"count":8,"href":"https:\/\/hoyre.no\/sagene\/wp-json\/wp\/v2\/pages\/43\/revisions"}],"predecessor-version":[{"id":98,"href":"https:\/\/hoyre.no\/sagene\/wp-json\/wp\/v2\/pages\/43\/revisions\/98"}],"wp:attachment":[{"href":"https:\/\/hoyre.no\/sagene\/wp-json\/wp\/v2\/media?parent=43"}],"curies":[{"name":"wp","href":"https:\/\/api.w.org\/{rel}","templated":true}]}}