{"id":604,"date":"2023-01-19T19:17:18","date_gmt":"2023-01-19T18:17:18","guid":{"rendered":"https:\/\/hoyre.no\/sarpsborg\/?page_id=604"},"modified":"2026-08-14T18:06:16","modified_gmt":"2026-08-14T16:06:16","slug":"magnus-arnesen-var-ordforerkandidat","status":"publish","type":"page","link":"https:\/\/hoyre.no\/sarpsborg\/magnus-arnesen-var-ordforerkandidat\/","title":{"rendered":"Ordf\u00f8rer Magnus Arnesen"},"content":{"rendered":"\n<div class=\"wp-block-hoyre-hero with-image-gradient text-color-light  has-media alignfull has-background \"><div class=\"hoyre-hero has-image\"><h1 class=\"title\">Ordf\u00f8rer Magnus Arnesen <\/h1><figure class=\"hoyre-image-wrapper\"><div class=\"hoyre-image\"><img loading=\"lazy\" decoding=\"async\" width=\"900\" height=\"848\" src=\"https:\/\/hoyre.no\/content\/uploads\/sites\/161\/2025\/08\/Magnus-lekestativ-e1756214055289.jpg\" class=\"attachment-scaled size-scaled\" alt=\"\" style=\"object-position: 50% 32%\" \/><\/div><\/figure><\/div><\/div>\n\n\n\n\n<div class=\"wp-block-buttons is-content-justification-center is-layout-flex wp-container-core-buttons-is-layout-fe48e5de wp-block-buttons-is-layout-flex\">\n<div class=\"wp-block-button\"><a class=\"wp-block-button__link wp-element-button\" href=\"https:\/\/hoyre.no\/nyhetsbrev\/\">F\u00f8lg magnus p\u00e5 facebook<\/a><\/div>\n\n\n\n<div class=\"wp-block-button\"><a class=\"wp-block-button__link wp-element-button\" href=\"https:\/\/hoyre.no\/sarpsborg\/vare-folk\/\" rel=\"sarpsborg@hoyreforening.no\">kom i kontakt meD Magnus<\/a><\/div>\n\n\n\n<div class=\"wp-block-button\"><a class=\"wp-block-button__link wp-element-button\" href=\"https:\/\/www.facebook.com\/sarpsborghoyre\" rel=\"https:\/\/www.facebook.com\/sarpsborghoyre\">f\u00f8lg Sarpsborg h\u00f8yre p\u00e5 facebook<\/a><\/div>\n<\/div>\n\n\n\n<p class=\"wp-block-paragraph\">Det er et \u00e6refult oppdrag \u00e5 f\u00e5 v\u00e6re kaptein p\u00e5 H\u00f8yre-skuta frem mot valget og videre inn i neste politiske periode. <\/p>\n\n\n\n<p class=\"wp-block-paragraph\">Kj\u00e6re sarping, ta kontakt om du har en id\u00e9 for v\u00e5rt felles prosjekt med \u00e5 bygge fremtidens Sarpsborg. Og enda bedre, <a href=\"https:\/\/hoyre.no\/bli-med\/bli-medlem\/\">bli gjerne med p\u00e5 laget<\/a> <img loading=\"lazy\" decoding=\"async\" height=\"16\" width=\"16\" src=\"https:\/\/static.xx.fbcdn.net\/images\/emoji.php\/v9\/t6c\/1\/16\/1f499.png\" alt=\"\ud83d\udc99\"><\/p>\n\n\n\n<figure class=\"wp-block-image size-full is-resized\"><img loading=\"lazy\" decoding=\"async\" width=\"911\" height=\"301\" src=\"https:\/\/hoyre.no\/content\/uploads\/sites\/161\/2026\/08\/signatur-magnus-arnesen.png\" alt=\"\" class=\"wp-image-1866\" style=\"aspect-ratio:3.026677445432498;width:227px;height:auto\" srcset=\"https:\/\/hoyre.no\/content\/uploads\/sites\/161\/2026\/08\/signatur-magnus-arnesen.png 911w, https:\/\/hoyre.no\/content\/uploads\/sites\/161\/2026\/08\/signatur-magnus-arnesen-300x99.png 300w, https:\/\/hoyre.no\/content\/uploads\/sites\/161\/2026\/08\/signatur-magnus-arnesen-768x254.png 768w\" sizes=\"auto, (max-width: 911px) 100vw, 911px\" \/><\/figure>\n\n\n\n<div class=\"wp-block-hoyre-banner undefined has-icon-title icon-heart is-style-blue\"><div class=\"banner-inner\"><figure class=\"hoyre-image-wrapper\"><div class=\"hoyre-image\"><img loading=\"lazy\" decoding=\"async\" width=\"1875\" height=\"2500\" src=\"https:\/\/hoyre.no\/content\/uploads\/sites\/161\/2026\/06\/IMG_9479-scaled.jpg\" class=\"attachment-scaled size-scaled\" alt=\"\" style=\"object-position: 47% 30%\" srcset=\"https:\/\/hoyre.no\/content\/uploads\/sites\/161\/2026\/06\/IMG_9479-scaled.jpg 1875w, https:\/\/hoyre.no\/content\/uploads\/sites\/161\/2026\/06\/IMG_9479-225x300.jpg 225w, https:\/\/hoyre.no\/content\/uploads\/sites\/161\/2026\/06\/IMG_9479-768x1024.jpg 768w, https:\/\/hoyre.no\/content\/uploads\/sites\/161\/2026\/06\/IMG_9479-1152x1536.jpg 1152w, https:\/\/hoyre.no\/content\/uploads\/sites\/161\/2026\/06\/IMG_9479-1536x2048.jpg 1536w\" sizes=\"auto, (max-width: 1875px) 100vw, 1875px\" \/><\/div><\/figure><div class=\"banner-content\"><div class=\"entry-content\">\n<h2 class=\"wp-block-heading has-text-align-center\" id=\"h-bli-bedre-kjent-med-magnus\">Bli bedre kjent med Magnus!<\/h2>\n\n\n\n<p class=\"has-text-align-left wp-block-paragraph\"><strong>Bosted:<\/strong> Gre\u00e5ker<\/p>\n\n\n\n<p class=\"has-text-align-left wp-block-paragraph\"><strong>Sivilstatus:<\/strong> Gift med Linda, 3 barn<\/p>\n\n\n\n<p class=\"has-text-align-left wp-block-paragraph\"><strong>Jobb:<\/strong> Ordf\u00f8rer, Sarpsborg kommune<\/p>\n\n\n\n<p class=\"has-text-align-left wp-block-paragraph\"><strong>Bakgrunn:<\/strong> Utdannet Sivil\u00f8konom. 17 \u00e5rs erfaring fra n\u00e6ringslivet innenfor teknologi, data og innsikt. De siste fem \u00e5rene som leder for Data Management i Orkla IT.<\/p>\n\n\n\n<p class=\"has-text-align-left wp-block-paragraph\"><strong>Politisk erfaring:<\/strong> Ordf\u00f8rer i Sarpsborg siden valget i 2023. Leder av \u00d8stfold H\u00f8yre og medlem av H\u00f8yres sentralstyre fra 2026. Leder av Sarpsborg H\u00f8yre siden 2019. I perioden 2019-2023 var medlem av utvalg for velferd og folkehelse, samt vara i bystyret og planutvalget.<\/p>\n\n\n\n<p class=\"has-text-align-left wp-block-paragraph\">Aktivt engasjert i \u00e5 fremme regionalt samarbeid, og har v\u00e6rt leder av S\u00f8ndre \u00d8stfold IPR siden 2023. <\/p>\n\n\n\n<p class=\"has-text-align-left wp-block-paragraph\"><strong>Hvorfor er H\u00f8yre rett parti for deg?<\/strong> Jeg ble Leeds-fan da de sist vant serien i 1992 og lynvingen Gordon Strachan herjet p\u00e5 kanten. Noen \u00e5r tidligere ble jeg H\u00f8yre-fan n\u00e5r K\u00e5re Willoch herjet i debatter p\u00e5 TV. I dag er H\u00f8yre mitt parti fordi det har troen p\u00e5 at alle kan lykkes, bare de f\u00e5r muligheten. Individet er viktigere enn systemet! For eksempel i skolen er det viktig \u00e5 innse at ikke alle l\u00e6rer likt, alle elever fortjener en tilpasset skolehverdag.<\/p>\n\n\n\n<p class=\"has-text-align-left wp-block-paragraph\"><strong>Det er l\u00f8rdag, klokka n\u00e6rmer seg 19.00. Hva spiser du helst til middag?<\/strong> Pizza<\/p>\n\n\n\n<p class=\"has-text-align-left wp-block-paragraph\"><strong>Konsert eller idrettsarrangement?<\/strong> Idretts-arrangement, og aller helst med mine egne barn i aksjon.<\/p>\n\n\n\n<p class=\"has-text-align-left wp-block-paragraph\"><strong>Hvis du skulle valgt en, hva er din favorittartist?<\/strong> Artist er Bryan Adams, men n\u00e5r det gjelder gruppe er det uten tvil <br>Guns n Roses.<\/p>\n\n\n\n<p class=\"has-text-align-left wp-block-paragraph\"><strong>Funfact?<\/strong> Jeg er tidligere norgesmester i ungdomsbedrift.<\/p>\n\n\n\n<p class=\"has-text-align-left wp-block-paragraph\"><strong>Hva er din favorittplass i kommunen og utenfor kommunen?<\/strong>&nbsp;Jeg er veldig glad i n\u00e6rmilj\u00f8et mitt p\u00e5 Gre\u00e5ker, og spesielt \u00abGre\u00e5kerstien\u00bb med utsikt over Vister er en fin plass som jeg ofte g\u00e5r tur med hunden. Ellers har jeg det veldig bra p\u00e5 hytta p\u00e5 Hvaler om sommeren.<\/p>\n\n\n\n<div class=\"wp-block-buttons is-layout-flex wp-block-buttons-is-layout-flex\"><\/div>\n<\/div><\/div><\/div><\/div>\n\n\n\n<h2 class=\"wp-block-heading has-text-align-center\">Magnus sine hjertesaker<\/h2>\n\n\n\n<h3 id=\"h-sarpsborg-fra-gammel-industriby-til-en-vekstmotor-i-ostfold\" class=\"wp-block-heading\">\ud83d\udc99 Sammen om neste kapittel<\/h3>\n\n\n\n<p class=\"wp-block-paragraph\">Sammen med H\u00f8yre og v\u00e5re samarbeidspartier er jeg stolt av retningen vi har satt for byen siden vi vant valget i 2023, og for f\u00f8rste gang fikk bekle ordf\u00f8rerstolen i Sarpsborg. Vi har vist at det er mulig \u00e5 l\u00f8fte krevede samfunnsutfordringer og ha streng \u00f8konomisk disiplin, kombinert med ambisjoner om \u00e5 realisere enda mer av byens potensial.<\/p>\n\n\n\n<p class=\"wp-block-paragraph\">Det vil ogs\u00e5 fremover v\u00e6re avgj\u00f8rende med trygg \u00f8konomisk styring for \u00e5 skape oss et st\u00f8rre handlingsrom for investeringer. God \u00f8konomi gir b\u00e5de trygghet og stabilitet, samtidig som det ruster oss for ogs\u00e5 fremover \u00e5 tilby gode oppvekstsvilk\u00e5r, omsorg og helsehjelp.<\/p>\n\n\n\n<p class=\"wp-block-paragraph\">Jeg \u00f8nsker \u00e5 invitere med hele Sarpsborgsamfunnet p\u00e5 \u00e5 stake ut en kurs for Sarpsborg frem mot 2040. Vi m\u00e5 innse at de store samfunnsendringene tar tid, og er summen av alle prosjekter vi systematisk initierer og realiserer. Langsiktig og strategisk arbeid i kombinasjon med aktiv tilstedev\u00e6relse i samfunnet mener jeg gj\u00f8r oss \u00abrigget for flaks\u00bb. Suksess er der forberedelser m\u00f8ter muligheter.<\/p>\n\n\n\n<p class=\"wp-block-paragraph\">Jeg har stor tro p\u00e5 fremtida til Sarpsborg. Med et langsiktig perspektiv og vilje til \u00e5 gripe nye muligheter vil vi styrke byens attraktivitet, skape flere arbeidsplasser og bygge et enda sterkere lokalsamfunn. Jeg mener s\u00e6rlig <strong>disse mulighetene er avgj\u00f8rende for oss \u00e5 gripe:<\/strong><\/p>\n\n\n\n<ul class=\"wp-block-list\">\n<li>Arbeidskraftreserven \u2013 Alle som i dag st\u00e5r utenfor arbeidslivet kan fremover bli det som gj\u00f8r oss aller mest attraktive ogs\u00e5 for nye arbeidsplasser. Vi m\u00e5 omskape ledighet til kraftfull kapasitet.<\/li>\n\n\n\n<li>En sterk region ved porten til Europa \u2013 ved \u00e5 samle krefter med v\u00e5re naboer i spesielt S\u00f8ndre \u00d8stfold kan vi styrke arbeidet med \u00e5 tiltrekke oss flere st\u00f8rre arbeidsplasser og vekstmotorer.<\/li>\n\n\n\n<li>Sentral beliggenhet \u2013 Sarpsborg er hjertet i regionen. Dette fortrinnet m\u00e5 vi utnytte aktivt i utvikling av kommunen v\u00e5r.<\/li>\n\n\n\n<li>Sykehuset som vekstmotor \u2013 kommunens st\u00f8rste arbeidsplass har et stort potensial som katalysator for enda mer utvikling av n\u00e6ring. Som vertskommune har vi en forpliktelse og enorm mulighet til \u00e5 ta en lederrolle.<\/li>\n<\/ul>\n\n\n\n<p class=\"wp-block-paragraph\">Samfunnet v\u00e5rt er i endring, og gode tjenester til innbyggerne ogs\u00e5 i fremtiden krever nye ideer og l\u00f8sninger. For \u00e5 lykkes med bedre \u00e5 realisere potensialet og kunne gripe de mulighetene som kommer v\u00e5r vei m\u00e5 vi ogs\u00e5 ha et bevisst og \u00e6rlig forhold til <strong>utfordringene som Sarpsborg st\u00e5r overfor:<\/strong><\/p>\n\n\n\n<ul class=\"wp-block-list\">\n<li>For mange st\u00e5r utenfor arbeidslivet \u2013 Vi trenger flere og mer treffsikre veier inn i arbeidslivet. \u00c5 lykkes bedre med integrering av flyktninger er her en n\u00f8kkelutfordring.<\/li>\n\n\n\n<li>Befolkningsendring \u2013 Vi m\u00e5 tilpasse oss en n\u00e6r fremtid med f\u00e6rre folk i yrkesaktiv alder, samtidig som flere vil trenge hjelp og omsorg fra fellesskapet.<\/li>\n\n\n\n<li>Svake resultater og h\u00f8yt frav\u00e6r i skolen \u2013 Grunnleggende ferdigheter som lesing, skriving og regning m\u00e5 styrkes. Og i fellesskap med foreldre m\u00e5 vi reduserer frav\u00e6ret.<\/li>\n\n\n\n<li>Et Sarpsborg forberedt p\u00e5 kriser \u2013 En urolig verden krever at beredskapen styrkes i kommunen, lokalsamfunnet, i n\u00e6ringslivet og i hjemmene v\u00e5re.<\/li>\n\n\n\n<li>Et svakere kulturelt fellesskap \u2013 En polarisert debatt, sterkt individfokus og et multikulturelt samfunn har i sum svekket v\u00e5r felles kultur og identitet. Som fellesskap m\u00e5 vi fornye og styrke v\u00e5r felles identitet.<\/li>\n<\/ul>\n\n\n\n<p class=\"wp-block-paragraph\">Potensialet i mulighetsbildet og motbakken i v\u00e5re utfordringer krever at vi l\u00f8ser behovene p\u00e5 nye m\u00e5ter enn tidligere. Vi er gode p\u00e5 samarbeid i Sarpsborg. Derfor skal vi fremover finne glede fra energien det gir \u00e5 jobbe sammen mot felles m\u00e5l. Skal vi lykkes med \u00e5 realisere potensialet v\u00e5rt og l\u00f8se de utfordringene vi st\u00e5r overfor mener jeg bestemt at vi m\u00e5 bli enda bedre til \u00e5 mobilisere alle gode krefter i samfunnet om felles prosjekter. Kommunen, frivilligheten, ideelle akt\u00f8rer, privat n\u00e6ringsliv og v\u00e5re nabokommuner vil f\u00e5 til mer sammen enn vi gj\u00f8r hver for oss.<\/p>\n\n\n\n<p class=\"wp-block-paragraph\">N\u00e5r vi n\u00e6rmer oss et valg i 2027 er det tiden for \u00e5 se tilbake p\u00e5 hva vi har oppn\u00e5dd, men enda viktigere sette oss m\u00e5l for veien videre. Det \u00f8nsker jeg \u00e5 gj\u00f8re med et realistisk blikk p\u00e5 hvor vi er, tro p\u00e5 fremtiden og optimisme; ved \u00e5 gripe fatt i mulighetene vi ser kan vi selv s\u00f8rge for at det beste ligger foran oss.<\/p>\n\n","protected":false},"excerpt":{"rendered":"","protected":false},"author":31684,"featured_media":0,"parent":0,"menu_order":0,"comment_status":"closed","ping_status":"closed","template":"","meta":{"teft_cards_image_url":"","teft_cards_custom_pretitle":"","teft_cards_image_id":555,"teft_cards_image_focal_point_x":0.5,"teft_cards_image_focal_point_y":0.5,"teft_cards_title":"Magnus Arnesen - v\u00e5r ordf\u00f8rerkandidat","teft_cards_excerpt":"","teft_show_chapters":false,"footnotes":""},"class_list":["post-604","page","type-page","status-publish","hentry"],"yoast_head":"<!-- This site is optimized with the Yoast SEO plugin v28.2 - https:\/\/yoast.com\/product\/yoast-seo-wordpress\/ -->\n<title>Ordf\u00f8rer Magnus Arnesen - Sarpsborg H\u00f8yre<\/title>\n<meta name=\"description\" content=\"Bli bedre kjent med H\u00f8yres ordf\u00f8rer i Sarpsborg, Magnus Arnesen.\" \/>\n<meta name=\"robots\" content=\"index, follow, max-snippet:-1, max-image-preview:large, max-video-preview:-1\" \/>\n<link rel=\"canonical\" href=\"https:\/\/hoyre.no\/sarpsborg\/magnus-arnesen-var-ordforerkandidat\/\" \/>\n<meta property=\"og:locale\" content=\"nb_NO\" \/>\n<meta property=\"og:type\" content=\"article\" \/>\n<meta property=\"og:title\" content=\"Ordf\u00f8rer Magnus Arnesen - Sarpsborg H\u00f8yre\" \/>\n<meta property=\"og:description\" content=\"Bli bedre kjent med H\u00f8yres ordf\u00f8rer i Sarpsborg, Magnus Arnesen.\" \/>\n<meta property=\"og:url\" content=\"https:\/\/hoyre.no\/sarpsborg\/magnus-arnesen-var-ordforerkandidat\/\" \/>\n<meta property=\"og:site_name\" content=\"Sarpsborg H\u00f8yre\" \/>\n<meta property=\"article:modified_time\" content=\"2026-08-14T16:06:16+00:00\" \/>\n<meta property=\"og:image\" content=\"https:\/\/hoyre.no\/content\/uploads\/sites\/161\/2022\/11\/Hoyres-logo.png\" \/>\n<meta name=\"twitter:card\" content=\"summary_large_image\" \/>\n<meta name=\"twitter:label1\" content=\"Ansl. lesetid\" \/>\n\t<meta name=\"twitter:data1\" content=\"6 minutter\" \/>\n<script type=\"application\/ld+json\" class=\"yoast-schema-graph\">{\"@context\":\"https:\\\/\\\/schema.org\",\"@graph\":[{\"@type\":\"WebPage\",\"@id\":\"https:\\\/\\\/hoyre.no\\\/sarpsborg\\\/magnus-arnesen-var-ordforerkandidat\\\/\",\"url\":\"https:\\\/\\\/hoyre.no\\\/sarpsborg\\\/magnus-arnesen-var-ordforerkandidat\\\/\",\"name\":\"Ordf\u00f8rer Magnus Arnesen - Sarpsborg H\u00f8yre\",\"isPartOf\":{\"@id\":\"https:\\\/\\\/hoyre.no\\\/sarpsborg\\\/#website\"},\"image\":{\"@id\":\"https:\\\/\\\/hoyre.no\\\/sarpsborg\\\/magnus-arnesen-var-ordforerkandidat\\\/#primaryimage\"},\"thumbnailUrl\":\"https:\\\/\\\/static.xx.fbcdn.net\\\/images\\\/emoji.php\\\/v9\\\/t6c\\\/1\\\/16\\\/1f499.png\",\"datePublished\":\"2023-01-19T18:17:18+00:00\",\"dateModified\":\"2026-08-14T16:06:16+00:00\",\"description\":\"Bli bedre kjent med H\u00f8yres ordf\u00f8rer i Sarpsborg, Magnus Arnesen.\",\"breadcrumb\":{\"@id\":\"https:\\\/\\\/hoyre.no\\\/sarpsborg\\\/magnus-arnesen-var-ordforerkandidat\\\/#breadcrumb\"},\"inLanguage\":\"nb-NO\",\"potentialAction\":[{\"@type\":\"ReadAction\",\"target\":[\"https:\\\/\\\/hoyre.no\\\/sarpsborg\\\/magnus-arnesen-var-ordforerkandidat\\\/\"]}]},{\"@type\":\"ImageObject\",\"inLanguage\":\"nb-NO\",\"@id\":\"https:\\\/\\\/hoyre.no\\\/sarpsborg\\\/magnus-arnesen-var-ordforerkandidat\\\/#primaryimage\",\"url\":\"https:\\\/\\\/static.xx.fbcdn.net\\\/images\\\/emoji.php\\\/v9\\\/t6c\\\/1\\\/16\\\/1f499.png\",\"contentUrl\":\"https:\\\/\\\/static.xx.fbcdn.net\\\/images\\\/emoji.php\\\/v9\\\/t6c\\\/1\\\/16\\\/1f499.png\"},{\"@type\":\"BreadcrumbList\",\"@id\":\"https:\\\/\\\/hoyre.no\\\/sarpsborg\\\/magnus-arnesen-var-ordforerkandidat\\\/#breadcrumb\",\"itemListElement\":[{\"@type\":\"ListItem\",\"position\":1,\"name\":\"Til hoyre.no\",\"item\":\"https:\\\/\\\/hoyre.no\"},{\"@type\":\"ListItem\",\"position\":2,\"name\":\"Hjem\",\"item\":\"https:\\\/\\\/hoyre.no\\\/sarpsborg\\\/\"},{\"@type\":\"ListItem\",\"position\":3,\"name\":\"Ordf\u00f8rer Magnus Arnesen\"}]},{\"@type\":\"WebSite\",\"@id\":\"https:\\\/\\\/hoyre.no\\\/sarpsborg\\\/#website\",\"url\":\"https:\\\/\\\/hoyre.no\\\/sarpsborg\\\/\",\"name\":\"Sarpsborg H\u00f8yre\",\"description\":\"Bare enda et H\u00f8yres nettsteder-nettsted\",\"inLanguage\":\"nb-NO\"}]}<\/script>\n<!-- \/ Yoast SEO plugin. -->","yoast_head_json":{"title":"Ordf\u00f8rer Magnus Arnesen - Sarpsborg H\u00f8yre","description":"Bli bedre kjent med H\u00f8yres ordf\u00f8rer i Sarpsborg, Magnus Arnesen.","robots":{"index":"index","follow":"follow","max-snippet":"max-snippet:-1","max-image-preview":"max-image-preview:large","max-video-preview":"max-video-preview:-1"},"canonical":"https:\/\/hoyre.no\/sarpsborg\/magnus-arnesen-var-ordforerkandidat\/","og_locale":"nb_NO","og_type":"article","og_title":"Ordf\u00f8rer Magnus Arnesen - Sarpsborg H\u00f8yre","og_description":"Bli bedre kjent med H\u00f8yres ordf\u00f8rer i Sarpsborg, Magnus Arnesen.","og_url":"https:\/\/hoyre.no\/sarpsborg\/magnus-arnesen-var-ordforerkandidat\/","og_site_name":"Sarpsborg H\u00f8yre","article_modified_time":"2026-08-14T16:06:16+00:00","og_image":[{"url":"https:\/\/hoyre.no\/content\/uploads\/sites\/161\/2022\/11\/Hoyres-logo.png","width":"","height":"","type":""}],"twitter_card":"summary_large_image","twitter_misc":{"Ansl. lesetid":"6 minutter"},"schema":{"@context":"https:\/\/schema.org","@graph":[{"@type":"WebPage","@id":"https:\/\/hoyre.no\/sarpsborg\/magnus-arnesen-var-ordforerkandidat\/","url":"https:\/\/hoyre.no\/sarpsborg\/magnus-arnesen-var-ordforerkandidat\/","name":"Ordf\u00f8rer Magnus Arnesen - Sarpsborg H\u00f8yre","isPartOf":{"@id":"https:\/\/hoyre.no\/sarpsborg\/#website"},"image":{"@id":"https:\/\/hoyre.no\/sarpsborg\/magnus-arnesen-var-ordforerkandidat\/#primaryimage"},"thumbnailUrl":"https:\/\/static.xx.fbcdn.net\/images\/emoji.php\/v9\/t6c\/1\/16\/1f499.png","datePublished":"2023-01-19T18:17:18+00:00","dateModified":"2026-08-14T16:06:16+00:00","description":"Bli bedre kjent med H\u00f8yres ordf\u00f8rer i Sarpsborg, Magnus Arnesen.","breadcrumb":{"@id":"https:\/\/hoyre.no\/sarpsborg\/magnus-arnesen-var-ordforerkandidat\/#breadcrumb"},"inLanguage":"nb-NO","potentialAction":[{"@type":"ReadAction","target":["https:\/\/hoyre.no\/sarpsborg\/magnus-arnesen-var-ordforerkandidat\/"]}]},{"@type":"ImageObject","inLanguage":"nb-NO","@id":"https:\/\/hoyre.no\/sarpsborg\/magnus-arnesen-var-ordforerkandidat\/#primaryimage","url":"https:\/\/static.xx.fbcdn.net\/images\/emoji.php\/v9\/t6c\/1\/16\/1f499.png","contentUrl":"https:\/\/static.xx.fbcdn.net\/images\/emoji.php\/v9\/t6c\/1\/16\/1f499.png"},{"@type":"BreadcrumbList","@id":"https:\/\/hoyre.no\/sarpsborg\/magnus-arnesen-var-ordforerkandidat\/#breadcrumb","itemListElement":[{"@type":"ListItem","position":1,"name":"Til hoyre.no","item":"https:\/\/hoyre.no"},{"@type":"ListItem","position":2,"name":"Hjem","item":"https:\/\/hoyre.no\/sarpsborg\/"},{"@type":"ListItem","position":3,"name":"Ordf\u00f8rer Magnus Arnesen"}]},{"@type":"WebSite","@id":"https:\/\/hoyre.no\/sarpsborg\/#website","url":"https:\/\/hoyre.no\/sarpsborg\/","name":"Sarpsborg H\u00f8yre","description":"Bare enda et H\u00f8yres nettsteder-nettsted","inLanguage":"nb-NO"}]}},"distributor_meta":false,"distributor_terms":false,"distributor_media":false,"distributor_original_site_name":"Sarpsborg H\u00f8yre","distributor_original_site_url":"https:\/\/hoyre.no\/sarpsborg","push-errors":false,"_links":{"self":[{"href":"https:\/\/hoyre.no\/sarpsborg\/wp-json\/wp\/v2\/pages\/604","targetHints":{"allow":["GET"]}}],"collection":[{"href":"https:\/\/hoyre.no\/sarpsborg\/wp-json\/wp\/v2\/pages"}],"about":[{"href":"https:\/\/hoyre.no\/sarpsborg\/wp-json\/wp\/v2\/types\/page"}],"author":[{"embeddable":true,"href":"https:\/\/hoyre.no\/sarpsborg\/wp-json\/wp\/v2\/users\/31684"}],"replies":[{"embeddable":true,"href":"https:\/\/hoyre.no\/sarpsborg\/wp-json\/wp\/v2\/comments?post=604"}],"version-history":[{"count":29,"href":"https:\/\/hoyre.no\/sarpsborg\/wp-json\/wp\/v2\/pages\/604\/revisions"}],"predecessor-version":[{"id":1867,"href":"https:\/\/hoyre.no\/sarpsborg\/wp-json\/wp\/v2\/pages\/604\/revisions\/1867"}],"wp:attachment":[{"href":"https:\/\/hoyre.no\/sarpsborg\/wp-json\/wp\/v2\/media?parent=604"}],"curies":[{"name":"wp","href":"https:\/\/api.w.org\/{rel}","templated":true}]}}