{"id":121,"date":"2023-07-31T14:04:49","date_gmt":"2023-07-31T12:04:49","guid":{"rendered":"https:\/\/hoyre.no\/sauda\/?page_id=121"},"modified":"2025-01-28T13:02:36","modified_gmt":"2025-01-28T12:02:36","slug":"7-grunner-for-a-roysta-hogre","status":"publish","type":"page","link":"https:\/\/hoyre.no\/sauda\/7-grunner-for-a-roysta-hogre\/","title":{"rendered":"7 grunner for \u00e5 r\u00f8ysta H\u00f8gre i Sauda"},"content":{"rendered":"\n<div class=\"wp-block-hoyre-hero with-image-gradient text-color-light  has-media alignfull has-background\"><div class=\"hoyre-hero has-image\"><h1 class=\"title\">7 gode grunner for \u00e5 r\u00f8ysta H\u00f8gre i Sauda<\/h1><p class=\"preamble\">Sauda er ein fantastisk stad \u00e5 bu, vekse opp og leve. H\u00f8gre vil bevara det som er godt i Sauda, men vi ynskjer ogs\u00e5 s\u00e5 utvikle kommunen slik at den best mogleg kan m\u00f8ta framtidas utfordringar og moglegheiter. <\/p>\t\t\t<div class=\"post-meta wp-block teft-byline-wrapper\">\n\t\t\t\t<div class=\"top\">\n\t\t\t\t\t<div class=\"signature\">\n\t\t\t\t\t\t<div class=\"teft-byline\">\n\t\t\t\t\t\t\t\t\t\t\t\t\t\t<div>\n\t\t\t\t\t\t\t\t<h3>H\u00f8yres redaksjon<\/h3>\t\t\t\t\t\t\t\t\n\t\t\t\t\t\t\t\t\t\t\t\t\t\t\t\t\t<span class=\"date\">Sist oppdatert: 28. januar 2025<\/span>\n\t\t\t\t\t\t\t\t\t\t\t\t\t\t\t\t\t\t\t\t\t\t\t\t\t<span class=\"reading-time\" itemprop=\"timeRequired\" content=\"PT7M\"><em>Ca. 7 minutter lesetid<\/em><\/span>\n\t\t\t\t\t\t\t\t\t\t\t\t\t\t\t<\/div>\n\t\t\t\t\t\t<\/div>\n\t\t\t\t\t<\/div>\n\t\t\t\t\t\t<div class=\"sharing\">\n\t\t<a class=\"share-button share-link copy-link\" data-copy=\"https:\/\/hoyre.no\/sauda\/7-grunner-for-a-roysta-hogre\/\" target=\"_blank\"><span class=\"screen-reader-text\">Del link<\/span><\/a>\n\t\t<a class=\"share-button share-twitter\" href=\"http:\/\/twitter.com\/share?text=7 grunner for \u00e5 r\u00f8ysta H\u00f8gre i Sauda&#038;url=https:\/\/hoyre.no\/sauda\/7-grunner-for-a-roysta-hogre\/&#038;hashtags=Hoyre\" target=\"_blank\"><span class=\"screen-reader-text\">Del p\u00e5 twitter<\/span><\/a>\n\t\t<a class=\"share-button share-facebook\" href=\"https:\/\/www.facebook.com\/sharer\/sharer.php?u=https:\/\/hoyre.no\/sauda\/7-grunner-for-a-roysta-hogre\/\" target=\"_blank\"><span class=\"screen-reader-text\">Del p\u00e5 facebook<\/span><\/a>\n\t<\/div>\n\t\t\t\t\t<\/div>\n\t\t\t<\/div>\n\n\t\t\t<figure class=\"hoyre-image-wrapper\"><div class=\"hoyre-image\"><img loading=\"lazy\" decoding=\"async\" width=\"1656\" height=\"2500\" src=\"https:\/\/hoyre.no\/content\/uploads\/sites\/215\/2023\/04\/7680034174_f9369cc514_o-scaled.jpg\" class=\"attachment-scaled size-scaled\" alt=\"\" style=\"object-position: 50% 50%\" srcset=\"https:\/\/hoyre.no\/content\/uploads\/sites\/215\/2023\/04\/7680034174_f9369cc514_o-scaled.jpg 1656w, https:\/\/hoyre.no\/content\/uploads\/sites\/215\/2023\/04\/7680034174_f9369cc514_o-199x300.jpg 199w, https:\/\/hoyre.no\/content\/uploads\/sites\/215\/2023\/04\/7680034174_f9369cc514_o-678x1024.jpg 678w, https:\/\/hoyre.no\/content\/uploads\/sites\/215\/2023\/04\/7680034174_f9369cc514_o-768x1160.jpg 768w, https:\/\/hoyre.no\/content\/uploads\/sites\/215\/2023\/04\/7680034174_f9369cc514_o-1017x1536.jpg 1017w, https:\/\/hoyre.no\/content\/uploads\/sites\/215\/2023\/04\/7680034174_f9369cc514_o-1356x2048.jpg 1356w\" sizes=\"auto, (max-width: 1656px) 100vw, 1656px\" \/><\/div><\/figure><\/div><\/div>\n\n\n\n\n\t\t<div class=\"has-lightest-blue-background-color is-layout-left alignwide alignwide wp-block-hoyre-media-text\">\n\t\t\t<div class=\"hoyre-media-text__media\">\n\t\t\t\t<img loading=\"lazy\" decoding=\"async\" width=\"1024\" height=\"679\" src=\"https:\/\/hoyre.no\/content\/uploads\/sites\/215\/2023\/04\/52781154914_f096b67492_o-1024x679.jpg\" class=\"hoyre-media-text__media-image\" alt=\"\" style=\"--focal: 50% 50%;\" srcset=\"https:\/\/hoyre.no\/content\/uploads\/sites\/215\/2023\/04\/52781154914_f096b67492_o-1024x679.jpg 1024w, https:\/\/hoyre.no\/content\/uploads\/sites\/215\/2023\/04\/52781154914_f096b67492_o-300x199.jpg 300w, https:\/\/hoyre.no\/content\/uploads\/sites\/215\/2023\/04\/52781154914_f096b67492_o-768x509.jpg 768w, https:\/\/hoyre.no\/content\/uploads\/sites\/215\/2023\/04\/52781154914_f096b67492_o-1536x1019.jpg 1536w, https:\/\/hoyre.no\/content\/uploads\/sites\/215\/2023\/04\/52781154914_f096b67492_o-2048x1358.jpg 2048w\" sizes=\"auto, (max-width: 1024px) 100vw, 1024px\" \/>\n\t\t\t<\/div>\n\t\t\t<div class=\"hoyre-media-text__content\">\n\t\t\t\t<div class=\"hoyre-media-text__content-inner\">\n\t\t\t\t\t\n\t\t\t<div class=\"hoyre-media-text__title-container\">\n\t\t\t\t\n\t\t\t\t<h2 class=\"hoyre-media-text__title\">Kj\u00e6re veljar!<\/h2>\n\t\t\t<\/div>\n\t\t\t\n\t\t\t\t\t<div class=\"hoyre-media-text__blocks\">\n<p>Sauda er ein fantastisk stad \u00e5 bu, vekse opp og leve. H\u00f8gre vil bevara det som er godt i Sauda, men vi ynskjer ogs\u00e5 s\u00e5 utvikle kommunen slik at den best mogleg kan m\u00f8ta framtidas utfordringar og moglegheiter. Me ynskjer \u00e5 ta vare p\u00e5 og utvikle det beste i samfunnet. Det ligg eit ansvar p\u00e5 dei som styrer \u00e5 ta vare p\u00e5 det som er no og gje dei som kjem etter oss best moglege f\u00f8resetnader. Vala me tar skal ikkje berre komme dagens saudabu til gode, men og vere til det beste for dei som kjem etter oss.<\/p><p>H\u00f8gre vil gje makta tilbake til deg. Me trur at samfunnet vert betre n\u00e5r kvar enkelt gis st\u00f8rre valfriheit og f\u00e5r bestemme meir over sin eigen kvardag. Me i H\u00f8gre vil at Sauda skal bli ein ja-kommune som speler p\u00e5 lag med folk, frivilligheit og n\u00e6ringsliv. Saman gjer me Sauda til ein end\u00e5 betre stad \u00e5 bu, vekse opp og leve.<\/p><p><\/p><p>Paul L\u00f8yning, varaordf\u00f8rar i Sauda <\/p>\n<\/div>\n\t\t\t\t\t\n\t\t\t\t<\/div>\n\t\t\t<\/div>\n\t\t<\/div>\n\t\t\n\n\n\n\t\t<div class=\"has-dark-blue-background-color is-layout-right alignwide alignwide wp-block-hoyre-media-text\">\n\t\t\t<div class=\"hoyre-media-text__media\">\n\t\t\t\t<img loading=\"lazy\" decoding=\"async\" width=\"1024\" height=\"683\" src=\"https:\/\/hoyre.no\/content\/uploads\/sites\/215\/2023\/07\/GettyImages-846017896-1024x683.jpg\" class=\"hoyre-media-text__media-image\" alt=\"\" style=\"--focal: 50% 50%;\" srcset=\"https:\/\/hoyre.no\/content\/uploads\/sites\/215\/2023\/07\/GettyImages-846017896-1024x683.jpg 1024w, https:\/\/hoyre.no\/content\/uploads\/sites\/215\/2023\/07\/GettyImages-846017896-300x200.jpg 300w, https:\/\/hoyre.no\/content\/uploads\/sites\/215\/2023\/07\/GettyImages-846017896-768x512.jpg 768w, https:\/\/hoyre.no\/content\/uploads\/sites\/215\/2023\/07\/GettyImages-846017896-1536x1024.jpg 1536w, https:\/\/hoyre.no\/content\/uploads\/sites\/215\/2023\/07\/GettyImages-846017896-2048x1365.jpg 2048w\" sizes=\"auto, (max-width: 1024px) 100vw, 1024px\" \/>\n\t\t\t<\/div>\n\t\t\t<div class=\"hoyre-media-text__content\">\n\t\t\t\t<div class=\"hoyre-media-text__content-inner\">\n\t\t\t\t\t\n\t\t\t<div class=\"hoyre-media-text__title-container\">\n\t\t\t\t\n\t\t\t\t<h2 class=\"hoyre-media-text__title\">\u00a01. H\u00f8gre vil sikre ein berekraftig og f\u00f8reseieleg kommune\u00f8konomi<\/h2>\n\t\t\t<\/div>\n\t\t\t\n\t\t\t\t\t<div class=\"hoyre-media-text__blocks\">\n<p>H\u00f8gre vil bevara det som er godt i Sauda, men vi ynskjer ogs\u00e5 s\u00e5 utvikle kommunen slik at den best mogleg kan m\u00f8ta framtidas utfordringar og moglegheiter. Me ynskjer \u00e5 ta vare p\u00e5 og utvikle det beste i samfunnet.<\/p>\n<\/div>\n\t\t\t\t\t\n\t\t\t\t<\/div>\n\t\t\t<\/div>\n\t\t<\/div>\n\t\t\n\n\n\t\t<div class=\"has-pale-purple-background-color is-layout-left alignwide alignwide wp-block-hoyre-media-text\">\n\t\t\t<div class=\"hoyre-media-text__media\">\n\t\t\t\t<img loading=\"lazy\" decoding=\"async\" width=\"1024\" height=\"683\" src=\"https:\/\/hoyre.no\/content\/uploads\/sites\/215\/2023\/07\/GettyImages-1216408189-1024x683.jpg\" class=\"hoyre-media-text__media-image\" alt=\"\" style=\"--focal: 50% 50%;\" srcset=\"https:\/\/hoyre.no\/content\/uploads\/sites\/215\/2023\/07\/GettyImages-1216408189-1024x683.jpg 1024w, https:\/\/hoyre.no\/content\/uploads\/sites\/215\/2023\/07\/GettyImages-1216408189-300x200.jpg 300w, https:\/\/hoyre.no\/content\/uploads\/sites\/215\/2023\/07\/GettyImages-1216408189-768x512.jpg 768w, https:\/\/hoyre.no\/content\/uploads\/sites\/215\/2023\/07\/GettyImages-1216408189-1536x1024.jpg 1536w, https:\/\/hoyre.no\/content\/uploads\/sites\/215\/2023\/07\/GettyImages-1216408189-2048x1365.jpg 2048w\" sizes=\"auto, (max-width: 1024px) 100vw, 1024px\" \/>\n\t\t\t<\/div>\n\t\t\t<div class=\"hoyre-media-text__content\">\n\t\t\t\t<div class=\"hoyre-media-text__content-inner\">\n\t\t\t\t\t\n\t\t\t<div class=\"hoyre-media-text__title-container\">\n\t\t\t\t\n\t\t\t\t<h2 class=\"hoyre-media-text__title\">\u00a02. H\u00f8gre vil sikre ein god skule med godt l\u00e6ringsmilj\u00f8<\/h2>\n\t\t\t<\/div>\n\t\t\t\n\t\t\t\t\t<div class=\"hoyre-media-text__blocks\">\n<p>Gode, kvalifiserte l\u00e6rarar er innanfor dette igjen den viktigaste ressursen me har. Det har i fleire \u00e5r vore utfordrande \u00e5 rekruttera nok l\u00e6rarar til Sauda, og dette er eit problem som me m\u00e5 ta tak i. Me m\u00e5 difor sj\u00e5 p\u00e5 korleis me bruker ressursane v\u00e5re innan skule, slik at me best tek vare p\u00e5 elevar, l\u00e6rarar og andre tilsette ved skulane<\/p>\n<\/div>\n\t\t\t\t\t\n\t\t\t\t<\/div>\n\t\t\t<\/div>\n\t\t<\/div>\n\t\t\n\n\n\t\t<div class=\"has-lightest-blue-background-color is-layout-right alignwide alignwide wp-block-hoyre-media-text\">\n\t\t\t<div class=\"hoyre-media-text__media\">\n\t\t\t\t<img loading=\"lazy\" decoding=\"async\" width=\"1024\" height=\"683\" src=\"https:\/\/hoyre.no\/content\/uploads\/sites\/215\/2023\/07\/GettyImages-1053414448-1024x683.jpg\" class=\"hoyre-media-text__media-image\" alt=\"\" style=\"--focal: 50% 50%;\" srcset=\"https:\/\/hoyre.no\/content\/uploads\/sites\/215\/2023\/07\/GettyImages-1053414448-1024x683.jpg 1024w, https:\/\/hoyre.no\/content\/uploads\/sites\/215\/2023\/07\/GettyImages-1053414448-300x200.jpg 300w, https:\/\/hoyre.no\/content\/uploads\/sites\/215\/2023\/07\/GettyImages-1053414448-768x512.jpg 768w, https:\/\/hoyre.no\/content\/uploads\/sites\/215\/2023\/07\/GettyImages-1053414448-1536x1024.jpg 1536w, https:\/\/hoyre.no\/content\/uploads\/sites\/215\/2023\/07\/GettyImages-1053414448-2048x1365.jpg 2048w\" sizes=\"auto, (max-width: 1024px) 100vw, 1024px\" \/>\n\t\t\t<\/div>\n\t\t\t<div class=\"hoyre-media-text__content\">\n\t\t\t\t<div class=\"hoyre-media-text__content-inner\">\n\t\t\t\t\t\n\t\t\t<div class=\"hoyre-media-text__title-container\">\n\t\t\t\t\n\t\t\t\t<h2 class=\"hoyre-media-text__title\">3. H\u00f8gre vil at folk skal gle seg til \u00e5 bli gamle i Sauda<\/h2>\n\t\t\t<\/div>\n\t\t\t\n\t\t\t\t\t<div class=\"hoyre-media-text__blocks\">\n<p>Sauda skal vere ein god stad \u00e5 bu. Dei som bur i Sauda skal gle seg til \u00e5 bli eldre. For \u00e5 f\u00e5 dette til, m\u00e5 me satse vidare p\u00e5 det som er vedteke. Me vil at folk skal kunne bu heime s\u00e5 lenge dei kan. Det skal vera eit aldersvenleg samfunn med gode m\u00f8teplassar og variert utval av aktivitetar. Me i H\u00f8gre vil prioritera f\u00f8rebyggjande tiltak for innbyggjarar i alle livets fasar.<\/p>\n<\/div>\n\t\t\t\t\t\n\t\t\t\t<\/div>\n\t\t\t<\/div>\n\t\t<\/div>\n\t\t\n\n\n\t\t<div class=\"has-pink-background-color is-layout-left alignwide alignwide wp-block-hoyre-media-text\">\n\t\t\t<div class=\"hoyre-media-text__media\">\n\t\t\t\t<img loading=\"lazy\" decoding=\"async\" width=\"1024\" height=\"683\" src=\"https:\/\/hoyre.no\/content\/uploads\/sites\/215\/2023\/07\/Idrett-1024x683-1.jpg\" class=\"hoyre-media-text__media-image\" alt=\"\" style=\"--focal: 50% 50%;\" srcset=\"https:\/\/hoyre.no\/content\/uploads\/sites\/215\/2023\/07\/Idrett-1024x683-1.jpg 1024w, https:\/\/hoyre.no\/content\/uploads\/sites\/215\/2023\/07\/Idrett-1024x683-1-300x200.jpg 300w, https:\/\/hoyre.no\/content\/uploads\/sites\/215\/2023\/07\/Idrett-1024x683-1-768x512.jpg 768w\" sizes=\"auto, (max-width: 1024px) 100vw, 1024px\" \/>\n\t\t\t<\/div>\n\t\t\t<div class=\"hoyre-media-text__content\">\n\t\t\t\t<div class=\"hoyre-media-text__content-inner\">\n\t\t\t\t\t\n\t\t\t<div class=\"hoyre-media-text__title-container\">\n\t\t\t\t\n\t\t\t\t<h2 class=\"hoyre-media-text__title\">\u00a04. H\u00f8gre vil at det skal vera eit breitt og variert fritidstilbod til dei unge<\/h2>\n\t\t\t<\/div>\n\t\t\t\n\t\t\t\t\t<div class=\"hoyre-media-text__blocks\">\n<p>I Sauda skal det vere rom for alle. Mange av tilboda me i dag har er sv\u00e6rt gode, men me vil alltid bli betre. Det me allereie har m\u00e5 bevarast og finslipast, og potensielle nye tilbod m\u00e5 fram i lyset og leggast til rette for. Kommunen skal vere ein st\u00f8ttespelar for eit mangfald av aktivitetar og tilbod som kjem barn og unge til gode. Me m\u00e5 s\u00f8rge for at alle kan vere med p\u00e5 noko, og at ikkje niv\u00e5, \u00f8konomi eller funksjonsniv\u00e5 skal vere ekskluderande faktorar.<\/p>\n<\/div>\n\t\t\t\t\t\n\t\t\t\t<\/div>\n\t\t\t<\/div>\n\t\t<\/div>\n\t\t\n\n\n\t\t<div class=\"has-darkest-blue-background-color is-layout-left alignwide alignwide wp-block-hoyre-media-text\">\n\t\t\t<div class=\"hoyre-media-text__media\">\n\t\t\t\t<img loading=\"lazy\" decoding=\"async\" width=\"1024\" height=\"683\" src=\"https:\/\/hoyre.no\/content\/uploads\/sites\/215\/2023\/07\/GettyImages-1329997503-1-1024x683.jpg\" class=\"hoyre-media-text__media-image\" alt=\"\" style=\"--focal: 50% 50%;\" srcset=\"https:\/\/hoyre.no\/content\/uploads\/sites\/215\/2023\/07\/GettyImages-1329997503-1-1024x683.jpg 1024w, https:\/\/hoyre.no\/content\/uploads\/sites\/215\/2023\/07\/GettyImages-1329997503-1-300x200.jpg 300w, https:\/\/hoyre.no\/content\/uploads\/sites\/215\/2023\/07\/GettyImages-1329997503-1-768x512.jpg 768w, https:\/\/hoyre.no\/content\/uploads\/sites\/215\/2023\/07\/GettyImages-1329997503-1-1536x1025.jpg 1536w, https:\/\/hoyre.no\/content\/uploads\/sites\/215\/2023\/07\/GettyImages-1329997503-1-2048x1366.jpg 2048w\" sizes=\"auto, (max-width: 1024px) 100vw, 1024px\" \/>\n\t\t\t<\/div>\n\t\t\t<div class=\"hoyre-media-text__content\">\n\t\t\t\t<div class=\"hoyre-media-text__content-inner\">\n\t\t\t\t\t\n\t\t\t<div class=\"hoyre-media-text__title-container\">\n\t\t\t\t\n\t\t\t\t<h2 class=\"hoyre-media-text__title\">\u00a05. H\u00f8gre vil vera p\u00e5 lag med jobbskaparane i samfunnet<\/h2>\n\t\t\t<\/div>\n\t\t\t\n\t\t\t\t\t<div class=\"hoyre-media-text__blocks\">\n<p>Sauda kommune skal vere ein god medspelar for det lokale n\u00e6ringslivet. Det handlar om \u00e5 s\u00f8rgje for rask regulering, og nok areal til n\u00e6ringsutvikling. Me m\u00e5 ha ein rask og effektiv saksbehandling i kommunen. Det handlar ogs\u00e5 om \u00e5 ha l\u00e5ge skattar og gebyr i kommunen. Ikkje minst handlar det om \u00e5 vera n\u00e6ringsvennlege, ta fram JA-stempelet der me kan, og samarbeide med det private for \u00e5 finna gode l\u00f8ysningar.<\/p>\n<\/div>\n\t\t\t\t\t\n\t\t\t\t<\/div>\n\t\t\t<\/div>\n\t\t<\/div>\n\t\t\n\n\n\t\t<div class=\"has-pale-grey-background-color is-layout-right alignwide alignwide wp-block-hoyre-media-text\">\n\t\t\t<div class=\"hoyre-media-text__media\">\n\t\t\t\t<img loading=\"lazy\" decoding=\"async\" width=\"1024\" height=\"683\" src=\"https:\/\/hoyre.no\/content\/uploads\/sites\/215\/2023\/07\/GettyImages-621350462-1024x683.jpg\" class=\"hoyre-media-text__media-image\" alt=\"\" style=\"--focal: 50% 50%;\" srcset=\"https:\/\/hoyre.no\/content\/uploads\/sites\/215\/2023\/07\/GettyImages-621350462-1024x683.jpg 1024w, https:\/\/hoyre.no\/content\/uploads\/sites\/215\/2023\/07\/GettyImages-621350462-300x200.jpg 300w, https:\/\/hoyre.no\/content\/uploads\/sites\/215\/2023\/07\/GettyImages-621350462-768x512.jpg 768w, https:\/\/hoyre.no\/content\/uploads\/sites\/215\/2023\/07\/GettyImages-621350462-1536x1024.jpg 1536w, https:\/\/hoyre.no\/content\/uploads\/sites\/215\/2023\/07\/GettyImages-621350462-2048x1365.jpg 2048w\" sizes=\"auto, (max-width: 1024px) 100vw, 1024px\" \/>\n\t\t\t<\/div>\n\t\t\t<div class=\"hoyre-media-text__content\">\n\t\t\t\t<div class=\"hoyre-media-text__content-inner\">\n\t\t\t\t\t\n\t\t\t<div class=\"hoyre-media-text__title-container\">\n\t\t\t\t\n\t\t\t\t<h2 class=\"hoyre-media-text__title\">\u00a06. H\u00f8gre vil at det skal vera ein bustadmarknad for alle<\/h2>\n\t\t\t<\/div>\n\t\t\t\n\t\t\t\t\t<div class=\"hoyre-media-text__blocks\">\n<p>Sauda skal vera ein attraktiv plass \u00e5 bu. For \u00e5 ta vare p\u00e5 eksisterande og nye bedrifter og oppretthalde tenestene, s\u00e5 er det viktig \u00e5 leggje til rette for at folk fortsatt ynskjer \u00e5 bu i Sauda, samt auke lysta for \u00e5 flytte til. Me vil leggje til rette for dette ved \u00e5 ha gode tomter tilgjengelege, vere im\u00f8tekommande for tilflyttarar og arbeide for at dei kommunale avgiftene ikkje skal vere h\u00f8gare enn naudsynt.<\/p>\n<\/div>\n\t\t\t\t\t\n\t\t\t\t<\/div>\n\t\t\t<\/div>\n\t\t<\/div>\n\t\t\n\n\n\t\t<div class=\"has-pale-green-background-color is-layout-left alignwide alignwide wp-block-hoyre-media-text\">\n\t\t\t<div class=\"hoyre-media-text__media\">\n\t\t\t\t<img loading=\"lazy\" decoding=\"async\" width=\"1024\" height=\"485\" src=\"https:\/\/hoyre.no\/content\/uploads\/sites\/215\/2023\/02\/20220729_135504-1024x485.jpg\" class=\"hoyre-media-text__media-image\" alt=\"\" style=\"--focal: 50% 50%;\" srcset=\"https:\/\/hoyre.no\/content\/uploads\/sites\/215\/2023\/02\/20220729_135504-1024x485.jpg 1024w, https:\/\/hoyre.no\/content\/uploads\/sites\/215\/2023\/02\/20220729_135504-300x142.jpg 300w, https:\/\/hoyre.no\/content\/uploads\/sites\/215\/2023\/02\/20220729_135504-768x363.jpg 768w, https:\/\/hoyre.no\/content\/uploads\/sites\/215\/2023\/02\/20220729_135504-1536x727.jpg 1536w, https:\/\/hoyre.no\/content\/uploads\/sites\/215\/2023\/02\/20220729_135504-2048x969.jpg 2048w\" sizes=\"auto, (max-width: 1024px) 100vw, 1024px\" \/>\n\t\t\t<\/div>\n\t\t\t<div class=\"hoyre-media-text__content\">\n\t\t\t\t<div class=\"hoyre-media-text__content-inner\">\n\t\t\t\t\t\n\t\t\t<div class=\"hoyre-media-text__title-container\">\n\t\t\t\t\n\t\t\t\t<h2 class=\"hoyre-media-text__title\">\u00a07. H\u00f8gre vil ta vare p\u00e5 den mangfaldige naturen i Sauda<\/h2>\n\t\t\t<\/div>\n\t\t\t\n\t\t\t\t\t<div class=\"hoyre-media-text__blocks\">\n<p>Me ynskjer \u00e5 ta vare p\u00e5 og utvikle det beste i samfunnet. Det ligg eit ansvar p\u00e5 dei som styrer \u00e5 ta vare p\u00e5 det som er no og gje dei som kjem etter oss best moglege f\u00f8resetnader. Vala me tar skal ikkje berre komme dagens saudabu til gode, men og vere til det beste for dei som kjem etter oss.<\/p>\n<\/div>\n\t\t\t\t\t\n\t\t\t\t<\/div>\n\t\t\t<\/div>\n\t\t<\/div>\n\t\t","protected":false},"excerpt":{"rendered":"","protected":false},"author":10416,"featured_media":0,"parent":0,"menu_order":0,"comment_status":"closed","ping_status":"closed","template":"","meta":{"teft_cards_image_url":"","teft_cards_custom_pretitle":"","teft_cards_image_id":0,"teft_cards_image_focal_point_x":0,"teft_cards_image_focal_point_y":0,"teft_cards_title":"","teft_cards_excerpt":"","teft_show_chapters":false,"footnotes":""},"class_list":["post-121","page","type-page","status-publish","hentry"],"yoast_head":"<!-- This site is optimized with the Yoast SEO plugin v26.6 - https:\/\/yoast.com\/wordpress\/plugins\/seo\/ -->\n<title>7 grunner for \u00e5 r\u00f8ysta H\u00f8gre i Sauda - Sauda H\u00f8yre<\/title>\n<meta name=\"description\" content=\"Her f\u00e5r du 7 gode grunner for \u00e5 r\u00f8ysta H\u00f8gre i Sauda.\" \/>\n<meta name=\"robots\" content=\"index, follow, max-snippet:-1, max-image-preview:large, max-video-preview:-1\" \/>\n<link rel=\"canonical\" href=\"https:\/\/hoyre.no\/sauda\/7-grunner-for-a-roysta-hogre\/\" \/>\n<meta property=\"og:locale\" content=\"nn_NO\" \/>\n<meta property=\"og:type\" content=\"article\" \/>\n<meta property=\"og:title\" content=\"7 grunner for \u00e5 r\u00f8ysta H\u00f8gre i Sauda - Sauda H\u00f8yre\" \/>\n<meta property=\"og:description\" content=\"Her f\u00e5r du 7 gode grunner for \u00e5 r\u00f8ysta H\u00f8gre i Sauda.\" \/>\n<meta property=\"og:url\" content=\"https:\/\/hoyre.no\/sauda\/7-grunner-for-a-roysta-hogre\/\" \/>\n<meta property=\"og:site_name\" content=\"Sauda H\u00f8yre\" \/>\n<meta property=\"article:modified_time\" content=\"2025-01-28T12:02:36+00:00\" \/>\n<meta property=\"og:image\" content=\"https:\/\/hoyre.no\/content\/uploads\/sites\/215\/2022\/11\/Hoyres-logo.png\" \/>\n\t<meta property=\"og:image:width\" content=\"1000\" \/>\n\t<meta property=\"og:image:height\" content=\"1000\" \/>\n\t<meta property=\"og:image:type\" content=\"image\/png\" \/>\n<meta name=\"twitter:card\" content=\"summary_large_image\" \/>\n<meta name=\"twitter:label1\" content=\"Est. reading time\" \/>\n\t<meta name=\"twitter:data1\" content=\"4 minutt\" \/>\n<script type=\"application\/ld+json\" class=\"yoast-schema-graph\">{\"@context\":\"https:\/\/schema.org\",\"@graph\":[{\"@type\":\"WebPage\",\"@id\":\"https:\/\/hoyre.no\/sauda\/7-grunner-for-a-roysta-hogre\/\",\"url\":\"https:\/\/hoyre.no\/sauda\/7-grunner-for-a-roysta-hogre\/\",\"name\":\"7 grunner for \u00e5 r\u00f8ysta H\u00f8gre i Sauda - Sauda H\u00f8yre\",\"isPartOf\":{\"@id\":\"https:\/\/hoyre.no\/sauda\/#website\"},\"datePublished\":\"2023-07-31T12:04:49+00:00\",\"dateModified\":\"2025-01-28T12:02:36+00:00\",\"description\":\"Her f\u00e5r du 7 gode grunner for \u00e5 r\u00f8ysta H\u00f8gre i Sauda.\",\"breadcrumb\":{\"@id\":\"https:\/\/hoyre.no\/sauda\/7-grunner-for-a-roysta-hogre\/#breadcrumb\"},\"inLanguage\":\"nn-NO\",\"potentialAction\":[{\"@type\":\"ReadAction\",\"target\":[\"https:\/\/hoyre.no\/sauda\/7-grunner-for-a-roysta-hogre\/\"]}]},{\"@type\":\"BreadcrumbList\",\"@id\":\"https:\/\/hoyre.no\/sauda\/7-grunner-for-a-roysta-hogre\/#breadcrumb\",\"itemListElement\":[{\"@type\":\"ListItem\",\"position\":1,\"name\":\"Til hoyre.no\",\"item\":\"https:\/\/hoyre.no\"},{\"@type\":\"ListItem\",\"position\":2,\"name\":\"Hjem\",\"item\":\"https:\/\/hoyre.no\/sauda\/\"},{\"@type\":\"ListItem\",\"position\":3,\"name\":\"7 grunner for \u00e5 r\u00f8ysta H\u00f8gre i Sauda\"}]},{\"@type\":\"WebSite\",\"@id\":\"https:\/\/hoyre.no\/sauda\/#website\",\"url\":\"https:\/\/hoyre.no\/sauda\/\",\"name\":\"Sauda H\u00f8yre\",\"description\":\"Bare enda et H\u00f8yres nettsteder-nettsted\",\"inLanguage\":\"nn-NO\"}]}<\/script>\n<!-- \/ Yoast SEO plugin. -->","yoast_head_json":{"title":"7 grunner for \u00e5 r\u00f8ysta H\u00f8gre i Sauda - Sauda H\u00f8yre","description":"Her f\u00e5r du 7 gode grunner for \u00e5 r\u00f8ysta H\u00f8gre i Sauda.","robots":{"index":"index","follow":"follow","max-snippet":"max-snippet:-1","max-image-preview":"max-image-preview:large","max-video-preview":"max-video-preview:-1"},"canonical":"https:\/\/hoyre.no\/sauda\/7-grunner-for-a-roysta-hogre\/","og_locale":"nn_NO","og_type":"article","og_title":"7 grunner for \u00e5 r\u00f8ysta H\u00f8gre i Sauda - Sauda H\u00f8yre","og_description":"Her f\u00e5r du 7 gode grunner for \u00e5 r\u00f8ysta H\u00f8gre i Sauda.","og_url":"https:\/\/hoyre.no\/sauda\/7-grunner-for-a-roysta-hogre\/","og_site_name":"Sauda H\u00f8yre","article_modified_time":"2025-01-28T12:02:36+00:00","og_image":[{"width":1000,"height":1000,"url":"https:\/\/hoyre.no\/content\/uploads\/sites\/215\/2022\/11\/Hoyres-logo.png","type":"image\/png"}],"twitter_card":"summary_large_image","twitter_misc":{"Est. reading time":"4 minutt"},"schema":{"@context":"https:\/\/schema.org","@graph":[{"@type":"WebPage","@id":"https:\/\/hoyre.no\/sauda\/7-grunner-for-a-roysta-hogre\/","url":"https:\/\/hoyre.no\/sauda\/7-grunner-for-a-roysta-hogre\/","name":"7 grunner for \u00e5 r\u00f8ysta H\u00f8gre i Sauda - Sauda H\u00f8yre","isPartOf":{"@id":"https:\/\/hoyre.no\/sauda\/#website"},"datePublished":"2023-07-31T12:04:49+00:00","dateModified":"2025-01-28T12:02:36+00:00","description":"Her f\u00e5r du 7 gode grunner for \u00e5 r\u00f8ysta H\u00f8gre i Sauda.","breadcrumb":{"@id":"https:\/\/hoyre.no\/sauda\/7-grunner-for-a-roysta-hogre\/#breadcrumb"},"inLanguage":"nn-NO","potentialAction":[{"@type":"ReadAction","target":["https:\/\/hoyre.no\/sauda\/7-grunner-for-a-roysta-hogre\/"]}]},{"@type":"BreadcrumbList","@id":"https:\/\/hoyre.no\/sauda\/7-grunner-for-a-roysta-hogre\/#breadcrumb","itemListElement":[{"@type":"ListItem","position":1,"name":"Til hoyre.no","item":"https:\/\/hoyre.no"},{"@type":"ListItem","position":2,"name":"Hjem","item":"https:\/\/hoyre.no\/sauda\/"},{"@type":"ListItem","position":3,"name":"7 grunner for \u00e5 r\u00f8ysta H\u00f8gre i Sauda"}]},{"@type":"WebSite","@id":"https:\/\/hoyre.no\/sauda\/#website","url":"https:\/\/hoyre.no\/sauda\/","name":"Sauda H\u00f8yre","description":"Bare enda et H\u00f8yres nettsteder-nettsted","inLanguage":"nn-NO"}]}},"distributor_meta":false,"distributor_terms":false,"distributor_media":false,"distributor_original_site_name":"Sauda H\u00f8yre","distributor_original_site_url":"https:\/\/hoyre.no\/sauda","push-errors":false,"_links":{"self":[{"href":"https:\/\/hoyre.no\/sauda\/wp-json\/wp\/v2\/pages\/121","targetHints":{"allow":["GET"]}}],"collection":[{"href":"https:\/\/hoyre.no\/sauda\/wp-json\/wp\/v2\/pages"}],"about":[{"href":"https:\/\/hoyre.no\/sauda\/wp-json\/wp\/v2\/types\/page"}],"author":[{"embeddable":true,"href":"https:\/\/hoyre.no\/sauda\/wp-json\/wp\/v2\/users\/10416"}],"replies":[{"embeddable":true,"href":"https:\/\/hoyre.no\/sauda\/wp-json\/wp\/v2\/comments?post=121"}],"version-history":[{"count":3,"href":"https:\/\/hoyre.no\/sauda\/wp-json\/wp\/v2\/pages\/121\/revisions"}],"predecessor-version":[{"id":137,"href":"https:\/\/hoyre.no\/sauda\/wp-json\/wp\/v2\/pages\/121\/revisions\/137"}],"wp:attachment":[{"href":"https:\/\/hoyre.no\/sauda\/wp-json\/wp\/v2\/media?parent=121"}],"curies":[{"name":"wp","href":"https:\/\/api.w.org\/{rel}","templated":true}]}}