{"id":106,"date":"2023-07-30T15:37:18","date_gmt":"2023-07-30T13:37:18","guid":{"rendered":"https:\/\/hoyre.no\/sigdal-og-eggedal\/?page_id=106"},"modified":"2024-12-23T09:36:30","modified_gmt":"2024-12-23T08:36:30","slug":"ti-gode-grunner","status":"publish","type":"page","link":"https:\/\/hoyre.no\/sigdal-og-eggedal\/ti-gode-grunner\/","title":{"rendered":"Ti gode grunner"},"content":{"rendered":"\n<div class=\"wp-block-hoyre-hero with-image-gradient text-color-light  has-media alignfull has-background\"><div class=\"hoyre-hero has-image\"><figure class=\"hoyre-image-wrapper\"><div class=\"hoyre-image\"><img loading=\"lazy\" decoding=\"async\" width=\"2500\" height=\"1476\" src=\"https:\/\/hoyre.no\/content\/uploads\/sites\/162\/2023\/07\/gruppebilde-sigdal-hoyre-2023-1-scaled.jpeg\" class=\"attachment-scaled size-scaled\" alt=\"\" style=\"object-position: 50% 5%\" srcset=\"https:\/\/hoyre.no\/content\/uploads\/sites\/162\/2023\/07\/gruppebilde-sigdal-hoyre-2023-1-scaled.jpeg 2500w, https:\/\/hoyre.no\/content\/uploads\/sites\/162\/2023\/07\/gruppebilde-sigdal-hoyre-2023-1-300x177.jpeg 300w, https:\/\/hoyre.no\/content\/uploads\/sites\/162\/2023\/07\/gruppebilde-sigdal-hoyre-2023-1-1024x604.jpeg 1024w, https:\/\/hoyre.no\/content\/uploads\/sites\/162\/2023\/07\/gruppebilde-sigdal-hoyre-2023-1-768x453.jpeg 768w, https:\/\/hoyre.no\/content\/uploads\/sites\/162\/2023\/07\/gruppebilde-sigdal-hoyre-2023-1-1536x907.jpeg 1536w, https:\/\/hoyre.no\/content\/uploads\/sites\/162\/2023\/07\/gruppebilde-sigdal-hoyre-2023-1-2048x1209.jpeg 2048w\" sizes=\"auto, (max-width: 2500px) 100vw, 2500px\" \/><\/div><\/figure><\/div><\/div>\n\n\n\n<h1 class=\"wp-block-heading\">\ud83d\udc99 Ti gode grunner til \u00e5 stemme H\u00f8yre i Sigdal<\/h1>\n\n\n\n\n\n\t\t<div class=\"has-lightest-blue-background-color is-layout-left alignwide alignwide wp-block-hoyre-media-text\">\n\t\t\t<div class=\"hoyre-media-text__media\">\n\t\t\t\t<img loading=\"lazy\" decoding=\"async\" width=\"1024\" height=\"683\" src=\"https:\/\/hoyre.no\/content\/uploads\/sites\/162\/2023\/07\/GettyImages-1280595355-1024x683.jpg\" class=\"hoyre-media-text__media-image\" alt=\"\" style=\"--focal: 50% 50%;\" srcset=\"https:\/\/hoyre.no\/content\/uploads\/sites\/162\/2023\/07\/GettyImages-1280595355-1024x683.jpg 1024w, https:\/\/hoyre.no\/content\/uploads\/sites\/162\/2023\/07\/GettyImages-1280595355-300x200.jpg 300w, https:\/\/hoyre.no\/content\/uploads\/sites\/162\/2023\/07\/GettyImages-1280595355-768x512.jpg 768w, https:\/\/hoyre.no\/content\/uploads\/sites\/162\/2023\/07\/GettyImages-1280595355-1536x1024.jpg 1536w, https:\/\/hoyre.no\/content\/uploads\/sites\/162\/2023\/07\/GettyImages-1280595355-2048x1365.jpg 2048w\" sizes=\"auto, (max-width: 1024px) 100vw, 1024px\" \/>\n\t\t\t<\/div>\n\t\t\t<div class=\"hoyre-media-text__content\">\n\t\t\t\t<div class=\"hoyre-media-text__content-inner\">\n\t\t\t\t\t\n\t\t\t<div class=\"hoyre-media-text__title-container\">\n\t\t\t\t\n\t\t\t\t<h2 class=\"hoyre-media-text__title\">1. Sigdal skal v\u00e6re en ja-kommune<\/h2>\n\t\t\t<\/div>\n\t\t\t\n\t\t\t\t\t<div class=\"hoyre-media-text__blocks\">\n<p>Vi vil ha en kommune som sier ja s\u00e5 ofte den kan og oppmuntrer til utvikling.<\/p>\n<\/div>\n\t\t\t\t\t\n\t\t\t\t<\/div>\n\t\t\t<\/div>\n\t\t<\/div>\n\t\t\n\n\n\t\t<div class=\"has-pink-background-color is-layout-right alignwide alignwide wp-block-hoyre-media-text\">\n\t\t\t<div class=\"hoyre-media-text__media\">\n\t\t\t\t<img loading=\"lazy\" decoding=\"async\" width=\"1024\" height=\"685\" src=\"https:\/\/hoyre.no\/content\/uploads\/sites\/162\/2023\/07\/DSC_0719-1024x685.jpg\" class=\"hoyre-media-text__media-image\" alt=\"\" style=\"--focal: 45% 35%;\" srcset=\"https:\/\/hoyre.no\/content\/uploads\/sites\/162\/2023\/07\/DSC_0719-1024x685.jpg 1024w, https:\/\/hoyre.no\/content\/uploads\/sites\/162\/2023\/07\/DSC_0719-300x201.jpg 300w, https:\/\/hoyre.no\/content\/uploads\/sites\/162\/2023\/07\/DSC_0719-768x514.jpg 768w, https:\/\/hoyre.no\/content\/uploads\/sites\/162\/2023\/07\/DSC_0719-1536x1028.jpg 1536w, https:\/\/hoyre.no\/content\/uploads\/sites\/162\/2023\/07\/DSC_0719-2048x1371.jpg 2048w\" sizes=\"auto, (max-width: 1024px) 100vw, 1024px\" \/>\n\t\t\t<\/div>\n\t\t\t<div class=\"hoyre-media-text__content\">\n\t\t\t\t<div class=\"hoyre-media-text__content-inner\">\n\t\t\t\t\t\n\t\t\t<div class=\"hoyre-media-text__title-container\">\n\t\t\t\t\n\t\t\t\t<h2 class=\"hoyre-media-text__title\">2. Vi vil ha skoler og oppgraderte idrettsanlegg i Eggedal, Prestfoss og p\u00e5 Nerstad<\/h2>\n\t\t\t<\/div>\n\t\t\t\n\t\t\t\t\t<div class=\"hoyre-media-text__blocks\">\n<p>H\u00f8yre vil jobbe for en skolestruktur som sikrer muligheter for alle og sikre SFO-tilbud alle dager ved alle skolene i bygda. Vi vil ogs\u00e5 at en oppgradering av idrettsanlegg i Eggedal, Prestfoss og Nerstad kan realiseres gjennom et samarbeid mellom kommunen, private, frivillige og idretten selv.<\/p><p><\/p>\n<\/div>\n\t\t\t\t\t\n\t\t\t\t<\/div>\n\t\t\t<\/div>\n\t\t<\/div>\n\t\t\n\n\n\t\t<div class=\"has-pale-blue-background-color is-layout-left alignwide alignwide wp-block-hoyre-media-text\">\n\t\t\t<div class=\"hoyre-media-text__media\">\n\t\t\t\t<img loading=\"lazy\" decoding=\"async\" width=\"1024\" height=\"683\" src=\"https:\/\/hoyre.no\/content\/uploads\/sites\/162\/2023\/07\/GettyImages-157420343-1024x683.jpg\" class=\"hoyre-media-text__media-image\" alt=\"\" style=\"--focal: 50% 50%;\" srcset=\"https:\/\/hoyre.no\/content\/uploads\/sites\/162\/2023\/07\/GettyImages-157420343-1024x683.jpg 1024w, https:\/\/hoyre.no\/content\/uploads\/sites\/162\/2023\/07\/GettyImages-157420343-300x200.jpg 300w, https:\/\/hoyre.no\/content\/uploads\/sites\/162\/2023\/07\/GettyImages-157420343-768x512.jpg 768w, https:\/\/hoyre.no\/content\/uploads\/sites\/162\/2023\/07\/GettyImages-157420343-1536x1024.jpg 1536w, https:\/\/hoyre.no\/content\/uploads\/sites\/162\/2023\/07\/GettyImages-157420343-2048x1365.jpg 2048w\" sizes=\"auto, (max-width: 1024px) 100vw, 1024px\" \/>\n\t\t\t<\/div>\n\t\t\t<div class=\"hoyre-media-text__content\">\n\t\t\t\t<div class=\"hoyre-media-text__content-inner\">\n\t\t\t\t\t\n\t\t\t<div class=\"hoyre-media-text__title-container\">\n\t\t\t\t\n\t\t\t\t<h2 class=\"hoyre-media-text__title\">3. Kontingentfritak for \u00e5 kunne delta p\u00e5 minst \u00e9n fritidsaktivitet<\/h2>\n\t\t\t<\/div>\n\t\t\t\n\t\t\t\t\t<div class=\"hoyre-media-text__blocks\">\n<p>Mange familier sliter med \u00e5 f\u00e5 endene til \u00e5 m\u00f8tes. H\u00f8yre vil gi alle barn og unge i Sigdal mulighet til \u00e5 delta p\u00e5 minst \u00e9n fritidsaktivitet, uavhengig av foreldrenes lommebok.<\/p>\n<\/div>\n\t\t\t\t\t\n\t\t\t\t<\/div>\n\t\t\t<\/div>\n\t\t<\/div>\n\t\t\n\n\n\t\t<div class=\"has-dark-blue-background-color is-layout-right alignwide alignwide wp-block-hoyre-media-text\">\n\t\t\t<div class=\"hoyre-media-text__media\">\n\t\t\t\t<img loading=\"lazy\" decoding=\"async\" width=\"1024\" height=\"683\" src=\"https:\/\/hoyre.no\/content\/uploads\/sites\/162\/2023\/07\/GettyImages-687776655-1024x683.jpg\" class=\"hoyre-media-text__media-image\" alt=\"\" style=\"--focal: 50% 50%;\" srcset=\"https:\/\/hoyre.no\/content\/uploads\/sites\/162\/2023\/07\/GettyImages-687776655-1024x683.jpg 1024w, https:\/\/hoyre.no\/content\/uploads\/sites\/162\/2023\/07\/GettyImages-687776655-300x200.jpg 300w, https:\/\/hoyre.no\/content\/uploads\/sites\/162\/2023\/07\/GettyImages-687776655-768x512.jpg 768w, https:\/\/hoyre.no\/content\/uploads\/sites\/162\/2023\/07\/GettyImages-687776655-1536x1024.jpg 1536w, https:\/\/hoyre.no\/content\/uploads\/sites\/162\/2023\/07\/GettyImages-687776655-2048x1365.jpg 2048w\" sizes=\"auto, (max-width: 1024px) 100vw, 1024px\" \/>\n\t\t\t<\/div>\n\t\t\t<div class=\"hoyre-media-text__content\">\n\t\t\t\t<div class=\"hoyre-media-text__content-inner\">\n\t\t\t\t\t\n\t\t\t<div class=\"hoyre-media-text__title-container\">\n\t\t\t\t\n\t\t\t\t<h2 class=\"hoyre-media-text__title\">4. Videre finansiering av milj\u00f8arbeidere i skolen<\/h2>\n\t\t\t<\/div>\n\t\t\t\n\t\t\t\t\t<div class=\"hoyre-media-text__blocks\">\n<p>H\u00f8yre mener at vi m\u00e5 styrke milj\u00f8arbeidet i skolen ved \u00e5 sikre fast finansiering av milj\u00f8arbeiderstillingene. I tillegg vil vi opprette en milj\u00f8arbeiderstilling i tilknytning til ungdomsklubben.<\/p>\n<\/div>\n\t\t\t\t\t\n\t\t\t\t<\/div>\n\t\t\t<\/div>\n\t\t<\/div>\n\t\t\n\n\n\t\t<div class=\"has-pale-green-background-color is-layout-left alignwide alignwide wp-block-hoyre-media-text\">\n\t\t\t<div class=\"hoyre-media-text__media\">\n\t\t\t\t<img loading=\"lazy\" decoding=\"async\" width=\"1024\" height=\"683\" src=\"https:\/\/hoyre.no\/content\/uploads\/sites\/162\/2023\/07\/GettyImages-1133755381-1024x683.jpg\" class=\"hoyre-media-text__media-image\" alt=\"\" style=\"--focal: 39% 7%;\" srcset=\"https:\/\/hoyre.no\/content\/uploads\/sites\/162\/2023\/07\/GettyImages-1133755381-1024x683.jpg 1024w, https:\/\/hoyre.no\/content\/uploads\/sites\/162\/2023\/07\/GettyImages-1133755381-300x200.jpg 300w, https:\/\/hoyre.no\/content\/uploads\/sites\/162\/2023\/07\/GettyImages-1133755381-768x513.jpg 768w, https:\/\/hoyre.no\/content\/uploads\/sites\/162\/2023\/07\/GettyImages-1133755381-1536x1025.jpg 1536w, https:\/\/hoyre.no\/content\/uploads\/sites\/162\/2023\/07\/GettyImages-1133755381-2048x1367.jpg 2048w\" sizes=\"auto, (max-width: 1024px) 100vw, 1024px\" \/>\n\t\t\t<\/div>\n\t\t\t<div class=\"hoyre-media-text__content\">\n\t\t\t\t<div class=\"hoyre-media-text__content-inner\">\n\t\t\t\t\t\n\t\t\t<div class=\"hoyre-media-text__title-container\">\n\t\t\t\t\n\t\t\t\t<h2 class=\"hoyre-media-text__title\">5. Vi vil legge til rette for nye n\u00e6ringsomr\u00e5der<\/h2>\n\t\t\t<\/div>\n\t\t\t\n\t\t\t\t\t<div class=\"hoyre-media-text__blocks\">\n<p>H\u00f8yre vil s\u00f8rge for at kommunen har de beste vilk\u00e5rene for nyskapning og vekst. Derfor vil vi utvikle nye n\u00e6ringsomr\u00e5der for utvidende og etablerende n\u00e6ring, spesielt i nedre og \u00f8vre Sigdal. Vi m\u00e5 ogs\u00e5 jobbe for \u00e5 tiltrekke oss \u2013 og beholde \u2013 mer h\u00f8ykompetanse i Sigdal.<\/p>\n<\/div>\n\t\t\t\t\t\n\t\t\t\t<\/div>\n\t\t\t<\/div>\n\t\t<\/div>\n\t\t\n\n\n\t\t<div class=\"has-pale-grey-background-color is-layout-right alignwide alignwide wp-block-hoyre-media-text\">\n\t\t\t<div class=\"hoyre-media-text__media\">\n\t\t\t\t<img loading=\"lazy\" decoding=\"async\" width=\"1024\" height=\"768\" src=\"https:\/\/hoyre.no\/content\/uploads\/sites\/162\/2023\/07\/65742436_517627565444255_4850092635051786240_n-1024x768.jpg\" class=\"hoyre-media-text__media-image\" alt=\"\" style=\"--focal: 50% 50%;\" srcset=\"https:\/\/hoyre.no\/content\/uploads\/sites\/162\/2023\/07\/65742436_517627565444255_4850092635051786240_n-1024x768.jpg 1024w, https:\/\/hoyre.no\/content\/uploads\/sites\/162\/2023\/07\/65742436_517627565444255_4850092635051786240_n-300x225.jpg 300w, https:\/\/hoyre.no\/content\/uploads\/sites\/162\/2023\/07\/65742436_517627565444255_4850092635051786240_n-768x576.jpg 768w, https:\/\/hoyre.no\/content\/uploads\/sites\/162\/2023\/07\/65742436_517627565444255_4850092635051786240_n-1536x1152.jpg 1536w, https:\/\/hoyre.no\/content\/uploads\/sites\/162\/2023\/07\/65742436_517627565444255_4850092635051786240_n-2048x1536.jpg 2048w\" sizes=\"auto, (max-width: 1024px) 100vw, 1024px\" \/>\n\t\t\t<\/div>\n\t\t\t<div class=\"hoyre-media-text__content\">\n\t\t\t\t<div class=\"hoyre-media-text__content-inner\">\n\t\t\t\t\t\n\t\t\t<div class=\"hoyre-media-text__title-container\">\n\t\t\t\t\n\t\t\t\t<h2 class=\"hoyre-media-text__title\">6. Omdisponering og utfasing av eiendomsskatten<\/h2>\n\t\t\t<\/div>\n\t\t\t\n\t\t\t\t\t<div class=\"hoyre-media-text__blocks\">\n<p>H\u00f8yre vil at eiendomsskatten ikke skal \u00f8kes, men fases ut p\u00e5 sikt. Vi skal arbeide for en m\u00e5lrettet bruk av eiendomsskatten og andre ekstraordin\u00e6re inntekter.<\/p>\n<\/div>\n\t\t\t\t\t\n\t\t\t\t<\/div>\n\t\t\t<\/div>\n\t\t<\/div>\n\t\t\n\n\n\t\t<div class=\"has-pale-blue-background-color is-layout-left alignwide alignwide wp-block-hoyre-media-text\">\n\t\t\t<div class=\"hoyre-media-text__media\">\n\t\t\t\t<img loading=\"lazy\" decoding=\"async\" width=\"1024\" height=\"768\" src=\"https:\/\/hoyre.no\/content\/uploads\/sites\/162\/2023\/07\/IMG_1041-1024x768.jpeg\" class=\"hoyre-media-text__media-image\" alt=\"\" style=\"--focal: 23% 59%;\" srcset=\"https:\/\/hoyre.no\/content\/uploads\/sites\/162\/2023\/07\/IMG_1041-1024x768.jpeg 1024w, https:\/\/hoyre.no\/content\/uploads\/sites\/162\/2023\/07\/IMG_1041-300x225.jpeg 300w, https:\/\/hoyre.no\/content\/uploads\/sites\/162\/2023\/07\/IMG_1041-768x576.jpeg 768w, https:\/\/hoyre.no\/content\/uploads\/sites\/162\/2023\/07\/IMG_1041-1536x1152.jpeg 1536w, https:\/\/hoyre.no\/content\/uploads\/sites\/162\/2023\/07\/IMG_1041-2048x1536.jpeg 2048w\" sizes=\"auto, (max-width: 1024px) 100vw, 1024px\" \/>\n\t\t\t<\/div>\n\t\t\t<div class=\"hoyre-media-text__content\">\n\t\t\t\t<div class=\"hoyre-media-text__content-inner\">\n\t\t\t\t\t\n\t\t\t<div class=\"hoyre-media-text__title-container\">\n\t\t\t\t\n\t\t\t\t<h2 class=\"hoyre-media-text__title\">7. Sesongtilpasset legevakttjeneste<\/h2>\n\t\t\t<\/div>\n\t\t\t\n\t\t\t\t\t<div class=\"hoyre-media-text__blocks\">\n<p>Vi vil satse p\u00e5 Sigdal som reiselivskommune og blant annet vurdere mulighet for sesongtilpasset legevakttjeneste i kommunen.<\/p>\n<\/div>\n\t\t\t\t\t\n\t\t\t\t<\/div>\n\t\t\t<\/div>\n\t\t<\/div>\n\t\t\n\n\n\t\t<div class=\"has-pale-green-background-color is-layout-right alignwide alignwide wp-block-hoyre-media-text\">\n\t\t\t<div class=\"hoyre-media-text__media\">\n\t\t\t\t<img loading=\"lazy\" decoding=\"async\" width=\"1024\" height=\"768\" src=\"https:\/\/hoyre.no\/content\/uploads\/sites\/162\/2023\/07\/IMG_9542-1024x768.jpg\" class=\"hoyre-media-text__media-image\" alt=\"Et bilde av et gr\u00f8nt fjellandskap med bl\u00e5 himmel.\" style=\"--focal: 50% 50%;\" srcset=\"https:\/\/hoyre.no\/content\/uploads\/sites\/162\/2023\/07\/IMG_9542-1024x768.jpg 1024w, https:\/\/hoyre.no\/content\/uploads\/sites\/162\/2023\/07\/IMG_9542-300x225.jpg 300w, https:\/\/hoyre.no\/content\/uploads\/sites\/162\/2023\/07\/IMG_9542-768x576.jpg 768w, https:\/\/hoyre.no\/content\/uploads\/sites\/162\/2023\/07\/IMG_9542-1536x1152.jpg 1536w, https:\/\/hoyre.no\/content\/uploads\/sites\/162\/2023\/07\/IMG_9542-2048x1536.jpg 2048w\" sizes=\"auto, (max-width: 1024px) 100vw, 1024px\" \/>\n\t\t\t<\/div>\n\t\t\t<div class=\"hoyre-media-text__content\">\n\t\t\t\t<div class=\"hoyre-media-text__content-inner\">\n\t\t\t\t\t\n\t\t\t<div class=\"hoyre-media-text__title-container\">\n\t\t\t\t\n\t\t\t\t<h2 class=\"hoyre-media-text__title\">8. Bevaring av fjellplat\u00e5et og ingen utbygging over skoggrensa<\/h2>\n\t\t\t<\/div>\n\t\t\t\n\t\t\t\t\t<div class=\"hoyre-media-text__blocks\">\n<p>Sammen m\u00e5 vi sikre en langsiktig milj\u00f8- og arealforvaltning.<\/p>\n<\/div>\n\t\t\t\t\t\n\t\t\t\t<\/div>\n\t\t\t<\/div>\n\t\t<\/div>\n\t\t\n\n\n\t\t<div class=\"has-lightest-grey-background-color is-layout-left alignwide alignwide wp-block-hoyre-media-text\">\n\t\t\t<div class=\"hoyre-media-text__media\">\n\t\t\t\t<img loading=\"lazy\" decoding=\"async\" width=\"1024\" height=\"720\" src=\"https:\/\/hoyre.no\/content\/uploads\/sites\/162\/2023\/07\/GettyImages-648669234-1024x720.jpg\" class=\"hoyre-media-text__media-image\" alt=\"\" style=\"--focal: 50% 50%;\" srcset=\"https:\/\/hoyre.no\/content\/uploads\/sites\/162\/2023\/07\/GettyImages-648669234-1024x720.jpg 1024w, https:\/\/hoyre.no\/content\/uploads\/sites\/162\/2023\/07\/GettyImages-648669234-300x211.jpg 300w, https:\/\/hoyre.no\/content\/uploads\/sites\/162\/2023\/07\/GettyImages-648669234-768x540.jpg 768w, https:\/\/hoyre.no\/content\/uploads\/sites\/162\/2023\/07\/GettyImages-648669234-1536x1079.jpg 1536w, https:\/\/hoyre.no\/content\/uploads\/sites\/162\/2023\/07\/GettyImages-648669234-2048x1439.jpg 2048w\" sizes=\"auto, (max-width: 1024px) 100vw, 1024px\" \/>\n\t\t\t<\/div>\n\t\t\t<div class=\"hoyre-media-text__content\">\n\t\t\t\t<div class=\"hoyre-media-text__content-inner\">\n\t\t\t\t\t\n\t\t\t<div class=\"hoyre-media-text__title-container\">\n\t\t\t\t\n\t\t\t\t<h2 class=\"hoyre-media-text__title\">9. Mer frihet i hverdagen<\/h2>\n\t\t\t<\/div>\n\t\t\t\n\t\t\t\t\t<div class=\"hoyre-media-text__blocks\">\n<p>Ungdom i Sigdal skal f\u00e5 g\u00e5 p\u00e5 den videreg\u00e5ende skolen de vil og vi skal samarbeide med fylket om et styrket kollektivtilbud som er attraktivt i det daglige.<\/p>\n<\/div>\n\t\t\t\t\t\n\t\t\t\t<\/div>\n\t\t\t<\/div>\n\t\t<\/div>\n\t\t\n\n\n\t\t<div class=\"has-pink-background-color is-layout-right alignwide alignwide wp-block-hoyre-media-text\">\n\t\t\t<div class=\"hoyre-media-text__media\">\n\t\t\t\t<img loading=\"lazy\" decoding=\"async\" width=\"1024\" height=\"557\" src=\"https:\/\/hoyre.no\/content\/uploads\/sites\/162\/2023\/07\/GettyImages-1183237268-1024x557.jpg\" class=\"hoyre-media-text__media-image\" alt=\"\" style=\"--focal: 50% 50%;\" srcset=\"https:\/\/hoyre.no\/content\/uploads\/sites\/162\/2023\/07\/GettyImages-1183237268-1024x557.jpg 1024w, https:\/\/hoyre.no\/content\/uploads\/sites\/162\/2023\/07\/GettyImages-1183237268-300x163.jpg 300w, https:\/\/hoyre.no\/content\/uploads\/sites\/162\/2023\/07\/GettyImages-1183237268-768x418.jpg 768w, https:\/\/hoyre.no\/content\/uploads\/sites\/162\/2023\/07\/GettyImages-1183237268-1536x836.jpg 1536w, https:\/\/hoyre.no\/content\/uploads\/sites\/162\/2023\/07\/GettyImages-1183237268-2048x1114.jpg 2048w\" sizes=\"auto, (max-width: 1024px) 100vw, 1024px\" \/>\n\t\t\t<\/div>\n\t\t\t<div class=\"hoyre-media-text__content\">\n\t\t\t\t<div class=\"hoyre-media-text__content-inner\">\n\t\t\t\t\t\n\t\t\t<div class=\"hoyre-media-text__title-container\">\n\t\t\t\t\n\t\t\t\t<h2 class=\"hoyre-media-text__title\">10. Seniorlandsby og trygghetsalarm uten egenandel<\/h2>\n\t\t\t<\/div>\n\t\t\t\n\t\t\t\t\t<div class=\"hoyre-media-text__blocks\">\n<p>Du skal glede deg til \u00e5 bli gammel i Sigdal. Vi vil at du skal kunne v\u00e6re sjef i eget liv ved hjelp av mulighetene velferdsteknologi gir. Derfor vil vi blant annet satse p\u00e5 seniorlandsby og trygghetsalarm uten egenandel. <\/p>\n<\/div>\n\t\t\t\t\t\n\t\t\t\t<\/div>\n\t\t\t<\/div>\n\t\t<\/div>\n\t\t\n\n\n<h3 class=\"wp-block-heading\">Vil du lese mer om v\u00e5r politikk? Last ned programmet her:<\/h3>\n\n\n\n<div class=\"wp-block-teft-file icon-link-block\"><a href=\"https:\/\/hoyre.no\/content\/uploads\/sites\/162\/2023\/06\/Sigdal-og-Eggedal-Hoyres-program-2023-2027-1.pdf\" download><span class=\"file-title\">Her kan du lese v\u00e5rt program for 2023-2027<\/span><span class=\"file-name\"><\/span><\/a><\/div>\n","protected":false},"excerpt":{"rendered":"<p>\ud83d\udc99 Ti gode grunner til \u00e5 stemme H\u00f8yre i Sigdal Vil du lese mer om v\u00e5r politikk? Last ned programmet her:<\/p>\n","protected":false},"author":18759,"featured_media":0,"parent":0,"menu_order":0,"comment_status":"closed","ping_status":"closed","template":"","meta":{"teft_cards_image_url":"","teft_cards_custom_pretitle":"","teft_cards_image_id":0,"teft_cards_image_focal_point_x":0,"teft_cards_image_focal_point_y":0,"teft_cards_title":"","teft_cards_excerpt":"","teft_show_chapters":false,"footnotes":""},"class_list":["post-106","page","type-page","status-publish","hentry"],"yoast_head":"<!-- This site is optimized with the Yoast SEO plugin v26.6 - https:\/\/yoast.com\/wordpress\/plugins\/seo\/ -->\n<title>Ti gode grunner til \u00e5 stemme H\u00f8yre - Sigdal og Eggedal H\u00f8yre<\/title>\n<meta name=\"description\" content=\"Din bakgrunn skal ikke ha noe \u00e5 si for hvilke muligheter du har i Sigdal. Her finner du ti gode grunner til \u00e5 stemme H\u00f8yre i Sigdal.\" \/>\n<meta name=\"robots\" content=\"index, follow, max-snippet:-1, max-image-preview:large, max-video-preview:-1\" \/>\n<link rel=\"canonical\" href=\"https:\/\/hoyre.no\/sigdal-og-eggedal\/ti-gode-grunner\/\" \/>\n<meta property=\"og:locale\" content=\"nb_NO\" \/>\n<meta property=\"og:type\" content=\"article\" \/>\n<meta property=\"og:title\" content=\"Ti gode grunner til \u00e5 stemme H\u00f8yre i Sigdal\" \/>\n<meta property=\"og:description\" content=\"Din bakgrunn skal ikke ha noe \u00e5 si for hvilke muligheter du har i Sigdal. Her finner du ti gode grunner til \u00e5 stemme H\u00f8yre i Sigdal.\" \/>\n<meta property=\"og:url\" content=\"https:\/\/hoyre.no\/sigdal-og-eggedal\/ti-gode-grunner\/\" \/>\n<meta property=\"og:site_name\" content=\"Sigdal og Eggedal H\u00f8yre\" \/>\n<meta property=\"article:modified_time\" content=\"2024-12-23T08:36:30+00:00\" \/>\n<meta property=\"og:image\" content=\"https:\/\/hoyre.no\/content\/uploads\/sites\/162\/2023\/07\/sigdal-andersnatten-rett-1-scaled.jpeg\" \/>\n\t<meta property=\"og:image:width\" content=\"2500\" \/>\n\t<meta property=\"og:image:height\" content=\"1673\" \/>\n\t<meta property=\"og:image:type\" content=\"image\/jpeg\" \/>\n<meta name=\"twitter:card\" content=\"summary_large_image\" \/>\n<meta name=\"twitter:label1\" content=\"Ansl. lesetid\" \/>\n\t<meta name=\"twitter:data1\" content=\"2 minutter\" \/>\n<script type=\"application\/ld+json\" class=\"yoast-schema-graph\">{\"@context\":\"https:\/\/schema.org\",\"@graph\":[{\"@type\":\"WebPage\",\"@id\":\"https:\/\/hoyre.no\/sigdal-og-eggedal\/ti-gode-grunner\/\",\"url\":\"https:\/\/hoyre.no\/sigdal-og-eggedal\/ti-gode-grunner\/\",\"name\":\"Ti gode grunner til \u00e5 stemme H\u00f8yre - Sigdal og Eggedal H\u00f8yre\",\"isPartOf\":{\"@id\":\"https:\/\/hoyre.no\/sigdal-og-eggedal\/#website\"},\"datePublished\":\"2023-07-30T13:37:18+00:00\",\"dateModified\":\"2024-12-23T08:36:30+00:00\",\"description\":\"Din bakgrunn skal ikke ha noe \u00e5 si for hvilke muligheter du har i Sigdal. Her finner du ti gode grunner til \u00e5 stemme H\u00f8yre i Sigdal.\",\"breadcrumb\":{\"@id\":\"https:\/\/hoyre.no\/sigdal-og-eggedal\/ti-gode-grunner\/#breadcrumb\"},\"inLanguage\":\"nb-NO\",\"potentialAction\":[{\"@type\":\"ReadAction\",\"target\":[\"https:\/\/hoyre.no\/sigdal-og-eggedal\/ti-gode-grunner\/\"]}]},{\"@type\":\"BreadcrumbList\",\"@id\":\"https:\/\/hoyre.no\/sigdal-og-eggedal\/ti-gode-grunner\/#breadcrumb\",\"itemListElement\":[{\"@type\":\"ListItem\",\"position\":1,\"name\":\"Til hoyre.no\",\"item\":\"https:\/\/hoyre.no\"},{\"@type\":\"ListItem\",\"position\":2,\"name\":\"Hjem\",\"item\":\"https:\/\/hoyre.no\/sigdal-og-eggedal\/\"},{\"@type\":\"ListItem\",\"position\":3,\"name\":\"Ti gode grunner\"}]},{\"@type\":\"WebSite\",\"@id\":\"https:\/\/hoyre.no\/sigdal-og-eggedal\/#website\",\"url\":\"https:\/\/hoyre.no\/sigdal-og-eggedal\/\",\"name\":\"Sigdal og Eggedal H\u00f8yre\",\"description\":\"Bare enda et H\u00f8yres nettsteder-nettsted\",\"inLanguage\":\"nb-NO\"}]}<\/script>\n<!-- \/ Yoast SEO plugin. -->","yoast_head_json":{"title":"Ti gode grunner til \u00e5 stemme H\u00f8yre - Sigdal og Eggedal H\u00f8yre","description":"Din bakgrunn skal ikke ha noe \u00e5 si for hvilke muligheter du har i Sigdal. Her finner du ti gode grunner til \u00e5 stemme H\u00f8yre i Sigdal.","robots":{"index":"index","follow":"follow","max-snippet":"max-snippet:-1","max-image-preview":"max-image-preview:large","max-video-preview":"max-video-preview:-1"},"canonical":"https:\/\/hoyre.no\/sigdal-og-eggedal\/ti-gode-grunner\/","og_locale":"nb_NO","og_type":"article","og_title":"Ti gode grunner til \u00e5 stemme H\u00f8yre i Sigdal","og_description":"Din bakgrunn skal ikke ha noe \u00e5 si for hvilke muligheter du har i Sigdal. Her finner du ti gode grunner til \u00e5 stemme H\u00f8yre i Sigdal.","og_url":"https:\/\/hoyre.no\/sigdal-og-eggedal\/ti-gode-grunner\/","og_site_name":"Sigdal og Eggedal H\u00f8yre","article_modified_time":"2024-12-23T08:36:30+00:00","og_image":[{"width":2500,"height":1673,"url":"https:\/\/hoyre.no\/content\/uploads\/sites\/162\/2023\/07\/sigdal-andersnatten-rett-1-scaled.jpeg","type":"image\/jpeg"}],"twitter_card":"summary_large_image","twitter_misc":{"Ansl. lesetid":"2 minutter"},"schema":{"@context":"https:\/\/schema.org","@graph":[{"@type":"WebPage","@id":"https:\/\/hoyre.no\/sigdal-og-eggedal\/ti-gode-grunner\/","url":"https:\/\/hoyre.no\/sigdal-og-eggedal\/ti-gode-grunner\/","name":"Ti gode grunner til \u00e5 stemme H\u00f8yre - Sigdal og Eggedal H\u00f8yre","isPartOf":{"@id":"https:\/\/hoyre.no\/sigdal-og-eggedal\/#website"},"datePublished":"2023-07-30T13:37:18+00:00","dateModified":"2024-12-23T08:36:30+00:00","description":"Din bakgrunn skal ikke ha noe \u00e5 si for hvilke muligheter du har i Sigdal. Her finner du ti gode grunner til \u00e5 stemme H\u00f8yre i Sigdal.","breadcrumb":{"@id":"https:\/\/hoyre.no\/sigdal-og-eggedal\/ti-gode-grunner\/#breadcrumb"},"inLanguage":"nb-NO","potentialAction":[{"@type":"ReadAction","target":["https:\/\/hoyre.no\/sigdal-og-eggedal\/ti-gode-grunner\/"]}]},{"@type":"BreadcrumbList","@id":"https:\/\/hoyre.no\/sigdal-og-eggedal\/ti-gode-grunner\/#breadcrumb","itemListElement":[{"@type":"ListItem","position":1,"name":"Til hoyre.no","item":"https:\/\/hoyre.no"},{"@type":"ListItem","position":2,"name":"Hjem","item":"https:\/\/hoyre.no\/sigdal-og-eggedal\/"},{"@type":"ListItem","position":3,"name":"Ti gode grunner"}]},{"@type":"WebSite","@id":"https:\/\/hoyre.no\/sigdal-og-eggedal\/#website","url":"https:\/\/hoyre.no\/sigdal-og-eggedal\/","name":"Sigdal og Eggedal H\u00f8yre","description":"Bare enda et H\u00f8yres nettsteder-nettsted","inLanguage":"nb-NO"}]}},"distributor_meta":false,"distributor_terms":false,"distributor_media":false,"distributor_original_site_name":"Sigdal og Eggedal H\u00f8yre","distributor_original_site_url":"https:\/\/hoyre.no\/sigdal-og-eggedal","push-errors":false,"_links":{"self":[{"href":"https:\/\/hoyre.no\/sigdal-og-eggedal\/wp-json\/wp\/v2\/pages\/106","targetHints":{"allow":["GET"]}}],"collection":[{"href":"https:\/\/hoyre.no\/sigdal-og-eggedal\/wp-json\/wp\/v2\/pages"}],"about":[{"href":"https:\/\/hoyre.no\/sigdal-og-eggedal\/wp-json\/wp\/v2\/types\/page"}],"author":[{"embeddable":true,"href":"https:\/\/hoyre.no\/sigdal-og-eggedal\/wp-json\/wp\/v2\/users\/18759"}],"replies":[{"embeddable":true,"href":"https:\/\/hoyre.no\/sigdal-og-eggedal\/wp-json\/wp\/v2\/comments?post=106"}],"version-history":[{"count":17,"href":"https:\/\/hoyre.no\/sigdal-og-eggedal\/wp-json\/wp\/v2\/pages\/106\/revisions"}],"predecessor-version":[{"id":255,"href":"https:\/\/hoyre.no\/sigdal-og-eggedal\/wp-json\/wp\/v2\/pages\/106\/revisions\/255"}],"wp:attachment":[{"href":"https:\/\/hoyre.no\/sigdal-og-eggedal\/wp-json\/wp\/v2\/media?parent=106"}],"curies":[{"name":"wp","href":"https:\/\/api.w.org\/{rel}","templated":true}]}}