{"id":1593,"date":"2023-02-16T10:17:57","date_gmt":"2023-02-16T09:17:57","guid":{"rendered":"https:\/\/hoyre.no\/stavanger\/?post_type=teft-events&#038;p=1593"},"modified":"2023-02-16T10:17:58","modified_gmt":"2023-02-16T09:17:58","slug":"bli-med-pa-tapas-med-erna-og-sissel","status":"publish","type":"teft-events","link":"https:\/\/hoyre.no\/stavanger\/arrangementer\/bli-med-pa-tapas-med-erna-og-sissel\/","title":{"rendered":"Bli med p\u00e5 tapas med Erna og Sissel!"},"content":{"rendered":"\n<div class=\"wp-block-teft-event-top\">\n\n<div class=\"teft-event-date-top\">\n<div class=\"teft-event-date-wrapper\">\n\t<div class=\"date-square\" aria-hidden=\"true\">\n\t\t22\t\t\t<\/div>\n<\/div>\n\t<div class=\"top-text\">\n\t\t\t\t\t<p class=\"top-date-text\">onsdag 22. februar 2023<\/p>\n\t\t\t\t\t\t\t<p class=\"top-time-text\">19:00 &#8211; 21:00<\/p>\n\t\t\t\t\t\t<\/div>\n\t\t<div class=\"sharing\">\n\t\t<a class=\"share-button share-link copy-link\" data-copy=\"https:\/\/hoyre.no\/stavanger\/arrangementer\/bli-med-pa-tapas-med-erna-og-sissel\/\" target=\"_blank\"><span class=\"screen-reader-text\">Del link<\/span><\/a>\n\t\t<a class=\"share-button share-twitter\" href=\"http:\/\/twitter.com\/share?text=Bli med p\u00e5 tapas med Erna og Sissel!&#038;url=https:\/\/hoyre.no\/stavanger\/arrangementer\/bli-med-pa-tapas-med-erna-og-sissel\/&#038;hashtags=Hoyre\" target=\"_blank\"><span class=\"screen-reader-text\">Del p\u00e5 twitter<\/span><\/a>\n\t\t<a class=\"share-button share-facebook\" href=\"https:\/\/www.facebook.com\/sharer\/sharer.php?u=https:\/\/hoyre.no\/stavanger\/arrangementer\/bli-med-pa-tapas-med-erna-og-sissel\/\" target=\"_blank\"><span class=\"screen-reader-text\">Del p\u00e5 facebook<\/span><\/a>\n\t<\/div>\n\t<\/div>\n<p class=\"preamble\">Onsdag 22. februar f\u00e5r vi bes\u00f8k av Erna Solberg, og vi inviterer til en hyggelig samling p\u00e5 Ostehuset \u00d8st.<\/p><figure class=\"hoyre-image-wrapper\"><div class=\"hoyre-image\"><img loading=\"lazy\" decoding=\"async\" width=\"1875\" height=\"2500\" src=\"https:\/\/hoyre.no\/content\/uploads\/sites\/212\/2023\/02\/20220815_134941512_iOS-scaled.jpg\" class=\"attachment-scaled size-scaled\" alt=\"\" style=\"object-position: 50% 50%\" srcset=\"https:\/\/hoyre.no\/content\/uploads\/sites\/212\/2023\/02\/20220815_134941512_iOS-scaled.jpg 1875w, https:\/\/hoyre.no\/content\/uploads\/sites\/212\/2023\/02\/20220815_134941512_iOS-225x300.jpg 225w, https:\/\/hoyre.no\/content\/uploads\/sites\/212\/2023\/02\/20220815_134941512_iOS-768x1024.jpg 768w, https:\/\/hoyre.no\/content\/uploads\/sites\/212\/2023\/02\/20220815_134941512_iOS-1152x1536.jpg 1152w, https:\/\/hoyre.no\/content\/uploads\/sites\/212\/2023\/02\/20220815_134941512_iOS-1536x2048.jpg 1536w\" sizes=\"auto, (max-width: 1875px) 100vw, 1875px\" \/><\/div><\/figure>\n\n<div class=\"wp-block wp-block-teft-event-registration-button\">\n\t<div class=\"registration-button-wrapper\">\n\t\t\t<a href=\"https:\/\/app.checkin.no\/event\/54136\/bli-med-pa-tapas-med-erna-og-sissel\" class=\"wp-block-button__link\">Meld deg p\u00e5 her<\/a>\n\t\t\t\t\t\t\t<p class=\"registration-deadline\"><strong>P\u00e5meldingsfrist:<\/strong> man 20. februar 2023<\/p>\n\t\t\n\t<\/div>\n<\/div>\n\n<div class=\"panel teft-details-panel\">\n\t\t<h3>Detaljer<\/h3>\n\n\t\t\t\t\t<dl class=\"info-misc-with-icons\">\n\t\t\t\t<dt class=\"venue\"><span class=\"screen-reader-text\">Stedet<\/span><\/dt>\n\t\t\t\t<dd>\n\t\t\t\t\t\t\t\t\t\t\t<span class=\"address-line-1\">Ostehuset \u00d8st<\/span>\n\t\t\t\t\t\t\t\t\t\t\t\t\t\t\t\t<span class=\"address-line-2\">Ryfylkegata 30, 4014 Stavanger<\/span>\n\t\t\t\t\t\t\t\t\t<\/dd>\n\t\t\t<\/dl>\n\t\t\t\t\t\t\t<dl class=\"info-misc-with-icons\">\n\t\t<dt class=\"time\"><span class=\"screen-reader-text\">Arrangement dato<\/span><\/dt>\n\t\t<dd class=\"time\">\n\t\t\tons 22. februar 2023 fra  19:00 &#8211; 21:00\t\t<\/dd>\n\t<\/dl>\n\t\t\t\t\t\t<dl class=\"info-misc-with-icons\">\n\t\t<dt class=\"registration\"><span class=\"screen-reader-text\">P\u00e5meldingsdetajer<\/span><\/dt>\n\t\t<dd class=\"registration\">\n\t\t\t150\t\t\t\t\t\t\t<a href=\"https:\/\/app.checkin.no\/event\/54136\/bli-med-pa-tapas-med-erna-og-sissel\">Registrer<\/a>\n\t\t\t\t\t<\/dd>\n\t<\/dl>\n\t\t<\/dl>\n<\/div>\n<\/div>\n\n\n\n\n<h2 class=\"wp-block-heading\">Informasjon<\/h2>\n\n\n\n<p>Sammen med v\u00e5r ordf\u00f8rerkandidat Sissel Knutsen Hegdal vil de ta opp og diskutere ulike relevante tema som ang\u00e5r folk flest. Hanne N. Berentzen, styreleder i N\u00e6ringsforeningen i Stavanger-regionen og eier av Ostehuset, blir ogs\u00e5 med. Det blir ogs\u00e5 god anledning til \u00e5 stille sp\u00f8rsm\u00e5l!<\/p>\n\n\n\n<p>Vi forventer et stort engasjement og er glade for at Harald Minge, daglig leder i n\u00e6ringsforeningen, stiller som kveldens ordstyrer.<\/p>\n\n\n\n<p>Velkommen til en innholdsrik kveld sammen med Sissel, Erna og mange kjekke H\u00f8yre-venner p\u00e5 Ostehuset \u00d8st!<\/p>\n\n\n\n<p>M\u00f8tet er \u00e5pent for alle (ogs\u00e5 ikke-medlemmer), s\u00e5 ta gjerne og inviter med deg en god venn eller kollega.<\/p>\n\n\n\n<p>Egenandel kr. 150 for mat. Drikke kan kj\u00f8pes etter eget \u00f8nske.<\/p>\n\n\n\n<p>Begrenset antall plasser &#8211; f\u00f8rstemann til m\u00f8lla!<br>Bindende p\u00e5melding.<br><br>Med vennlig hilsen<br>Styret i Stavanger H\u00f8yre<\/p>\n\n\n<div class=\"post-meta wp-block\">\n\t<div class=\"top\">\n\t\t<div class=\"sharing\">\n\t\t\t<a class=\"share-button share-link\" target=\"_blank\"><span class=\"screen-reader-text\">Del link<\/span><\/a>\n\t\t\t<a class=\"share-button share-twitter\" href=\"http:\/\/twitter.com\/share?text=Bli med p\u00e5 tapas med Erna og Sissel!&#038;url=https:\/\/hoyre.no\/stavanger\/arrangementer\/bli-med-pa-tapas-med-erna-og-sissel\/&#038;hashtags=Hoyre\"><span class=\"screen-reader-text\">Del p\u00e5 twitter<\/span><\/a>\n\t\t\t<a class=\"share-button share-facebook\" href=\"https:\/\/www.facebook.com\/sharer\/sharer.php?u=https:\/\/hoyre.no\/stavanger\/arrangementer\/bli-med-pa-tapas-med-erna-og-sissel\/\" target=\"_blank\"><span class=\"screen-reader-text\">Del p\u00e5 facebook<\/span><\/a>\n\t\t<\/div>\n\t<\/div>\n<\/div>\n","protected":false},"template":"","meta":{"teft_cards_image_url":"","teft_cards_custom_pretitle":"","teft_cards_image_id":1592,"teft_cards_image_focal_point_x":0.5,"teft_cards_image_focal_point_y":0.42,"teft_cards_title":"","teft_cards_excerpt":"","teft_show_chapters":false,"event_organizer":[],"event_start_date":"2023-02-22T19:00:00","event_end_date":"2023-02-22T21:00:00","event_registration_url":"https:\/\/app.checkin.no\/event\/54136\/bli-med-pa-tapas-med-erna-og-sissel","event_registration_deadline":"2023-02-20T15:00:00","event_ticket_cost":"150","event_venue_name":"Ostehuset \u00d8st","event_venue_url":"","event_venue_address":"Ryfylkegata 30, 4014 Stavanger"},"teft-events-category":[],"class_list":["post-1593","teft-events","type-teft-events","status-publish","hentry"],"yoast_head":"<!-- This site is optimized with the Yoast SEO plugin v26.6 - https:\/\/yoast.com\/wordpress\/plugins\/seo\/ -->\n<title>Bli med p\u00e5 tapas med Erna og Sissel! - Stavanger H\u00f8yre<\/title>\n<meta name=\"robots\" content=\"index, follow, max-snippet:-1, max-image-preview:large, max-video-preview:-1\" \/>\n<link rel=\"canonical\" href=\"https:\/\/hoyre.no\/stavanger\/arrangementer\/bli-med-pa-tapas-med-erna-og-sissel\/\" \/>\n<meta property=\"og:locale\" content=\"nb_NO\" \/>\n<meta property=\"og:type\" content=\"article\" \/>\n<meta property=\"og:title\" content=\"Bli med p\u00e5 tapas med Erna og Sissel! - Stavanger H\u00f8yre\" \/>\n<meta property=\"og:url\" content=\"https:\/\/hoyre.no\/stavanger\/arrangementer\/bli-med-pa-tapas-med-erna-og-sissel\/\" \/>\n<meta property=\"og:site_name\" content=\"Stavanger H\u00f8yre\" \/>\n<meta property=\"article:modified_time\" content=\"2023-02-16T09:17:58+00:00\" \/>\n<meta property=\"og:image\" content=\"https:\/\/hoyre.no\/content\/uploads\/sites\/212\/2023\/02\/20220815_134941512_iOS-768x1024.jpg\" \/>\n<meta name=\"twitter:card\" content=\"summary_large_image\" \/>\n<meta name=\"twitter:label1\" content=\"Ansl. lesetid\" \/>\n\t<meta name=\"twitter:data1\" content=\"1 minutt\" \/>\n<script type=\"application\/ld+json\" class=\"yoast-schema-graph\">{\"@context\":\"https:\/\/schema.org\",\"@graph\":[{\"@type\":\"WebPage\",\"@id\":\"https:\/\/hoyre.no\/stavanger\/arrangementer\/bli-med-pa-tapas-med-erna-og-sissel\/\",\"url\":\"https:\/\/hoyre.no\/stavanger\/arrangementer\/bli-med-pa-tapas-med-erna-og-sissel\/\",\"name\":\"Bli med p\u00e5 tapas med Erna og Sissel! - Stavanger H\u00f8yre\",\"isPartOf\":{\"@id\":\"https:\/\/hoyre.no\/stavanger\/#website\"},\"datePublished\":\"2023-02-16T09:17:57+00:00\",\"dateModified\":\"2023-02-16T09:17:58+00:00\",\"breadcrumb\":{\"@id\":\"https:\/\/hoyre.no\/stavanger\/arrangementer\/bli-med-pa-tapas-med-erna-og-sissel\/#breadcrumb\"},\"inLanguage\":\"nb-NO\",\"potentialAction\":[{\"@type\":\"ReadAction\",\"target\":[\"https:\/\/hoyre.no\/stavanger\/arrangementer\/bli-med-pa-tapas-med-erna-og-sissel\/\"]}]},{\"@type\":\"BreadcrumbList\",\"@id\":\"https:\/\/hoyre.no\/stavanger\/arrangementer\/bli-med-pa-tapas-med-erna-og-sissel\/#breadcrumb\",\"itemListElement\":[{\"@type\":\"ListItem\",\"position\":1,\"name\":\"Til hoyre.no\",\"item\":\"https:\/\/hoyre.no\"},{\"@type\":\"ListItem\",\"position\":2,\"name\":\"Hjem\",\"item\":\"https:\/\/hoyre.no\/stavanger\/\"},{\"@type\":\"ListItem\",\"position\":3,\"name\":\"Arrangement\",\"item\":\"https:\/\/hoyre.no\/stavanger\/arrangementer\/\"},{\"@type\":\"ListItem\",\"position\":4,\"name\":\"Bli med p\u00e5 tapas med Erna og Sissel!\"}]},{\"@type\":\"WebSite\",\"@id\":\"https:\/\/hoyre.no\/stavanger\/#website\",\"url\":\"https:\/\/hoyre.no\/stavanger\/\",\"name\":\"Stavanger H\u00f8yre\",\"description\":\"Bare enda et H\u00f8yres nettsteder-nettsted\",\"inLanguage\":\"nb-NO\"}]}<\/script>\n<!-- \/ Yoast SEO plugin. -->","yoast_head_json":{"title":"Bli med p\u00e5 tapas med Erna og Sissel! - Stavanger H\u00f8yre","robots":{"index":"index","follow":"follow","max-snippet":"max-snippet:-1","max-image-preview":"max-image-preview:large","max-video-preview":"max-video-preview:-1"},"canonical":"https:\/\/hoyre.no\/stavanger\/arrangementer\/bli-med-pa-tapas-med-erna-og-sissel\/","og_locale":"nb_NO","og_type":"article","og_title":"Bli med p\u00e5 tapas med Erna og Sissel! - Stavanger H\u00f8yre","og_url":"https:\/\/hoyre.no\/stavanger\/arrangementer\/bli-med-pa-tapas-med-erna-og-sissel\/","og_site_name":"Stavanger H\u00f8yre","article_modified_time":"2023-02-16T09:17:58+00:00","og_image":[{"url":"https:\/\/hoyre.no\/content\/uploads\/sites\/212\/2023\/02\/20220815_134941512_iOS-768x1024.jpg","width":"","height":"","type":""}],"twitter_card":"summary_large_image","twitter_misc":{"Ansl. lesetid":"1 minutt"},"schema":{"@context":"https:\/\/schema.org","@graph":[{"@type":"WebPage","@id":"https:\/\/hoyre.no\/stavanger\/arrangementer\/bli-med-pa-tapas-med-erna-og-sissel\/","url":"https:\/\/hoyre.no\/stavanger\/arrangementer\/bli-med-pa-tapas-med-erna-og-sissel\/","name":"Bli med p\u00e5 tapas med Erna og Sissel! - Stavanger H\u00f8yre","isPartOf":{"@id":"https:\/\/hoyre.no\/stavanger\/#website"},"datePublished":"2023-02-16T09:17:57+00:00","dateModified":"2023-02-16T09:17:58+00:00","breadcrumb":{"@id":"https:\/\/hoyre.no\/stavanger\/arrangementer\/bli-med-pa-tapas-med-erna-og-sissel\/#breadcrumb"},"inLanguage":"nb-NO","potentialAction":[{"@type":"ReadAction","target":["https:\/\/hoyre.no\/stavanger\/arrangementer\/bli-med-pa-tapas-med-erna-og-sissel\/"]}]},{"@type":"BreadcrumbList","@id":"https:\/\/hoyre.no\/stavanger\/arrangementer\/bli-med-pa-tapas-med-erna-og-sissel\/#breadcrumb","itemListElement":[{"@type":"ListItem","position":1,"name":"Til hoyre.no","item":"https:\/\/hoyre.no"},{"@type":"ListItem","position":2,"name":"Hjem","item":"https:\/\/hoyre.no\/stavanger\/"},{"@type":"ListItem","position":3,"name":"Arrangement","item":"https:\/\/hoyre.no\/stavanger\/arrangementer\/"},{"@type":"ListItem","position":4,"name":"Bli med p\u00e5 tapas med Erna og Sissel!"}]},{"@type":"WebSite","@id":"https:\/\/hoyre.no\/stavanger\/#website","url":"https:\/\/hoyre.no\/stavanger\/","name":"Stavanger H\u00f8yre","description":"Bare enda et H\u00f8yres nettsteder-nettsted","inLanguage":"nb-NO"}]}},"distributor_meta":false,"distributor_terms":false,"distributor_media":false,"distributor_original_site_name":"Stavanger H\u00f8yre","distributor_original_site_url":"https:\/\/hoyre.no\/stavanger","push-errors":false,"_links":{"self":[{"href":"https:\/\/hoyre.no\/stavanger\/wp-json\/wp\/v2\/teft-events\/1593","targetHints":{"allow":["GET"]}}],"collection":[{"href":"https:\/\/hoyre.no\/stavanger\/wp-json\/wp\/v2\/teft-events"}],"about":[{"href":"https:\/\/hoyre.no\/stavanger\/wp-json\/wp\/v2\/types\/teft-events"}],"wp:attachment":[{"href":"https:\/\/hoyre.no\/stavanger\/wp-json\/wp\/v2\/media?parent=1593"}],"wp:term":[{"taxonomy":"teft-events-category","embeddable":true,"href":"https:\/\/hoyre.no\/stavanger\/wp-json\/wp\/v2\/teft-events-category?post=1593"}],"curies":[{"name":"wp","href":"https:\/\/api.w.org\/{rel}","templated":true}]}}