{"id":2824,"date":"2025-01-08T10:26:30","date_gmt":"2025-01-08T09:26:30","guid":{"rendered":"https:\/\/hoyre.no\/stavanger\/?post_type=teft-events&#038;p=2824"},"modified":"2025-01-31T10:20:34","modified_gmt":"2025-01-31T09:20:34","slug":"verktoymote-tale-og-debatteknikk","status":"publish","type":"teft-events","link":"https:\/\/hoyre.no\/stavanger\/arrangementer\/verktoymote-tale-og-debatteknikk\/","title":{"rendered":"Verkt\u00f8ym\u00f8te: Tale- og debatteknikk"},"content":{"rendered":"\n<div class=\"wp-block-teft-event-top\">\n\n<div class=\"teft-event-date-top\">\n<div class=\"teft-event-date-wrapper\">\n\t<div class=\"date-square\" aria-hidden=\"true\">\n\t\t04\t\t\t<\/div>\n<\/div>\n\t<div class=\"top-text\">\n\t\t\t\t\t<p class=\"top-date-text\">tirsdag 04. februar 2025<\/p>\n\t\t\t\t\t\t\t<p class=\"top-time-text\">19:00 &#8211; 20:30<\/p>\n\t\t\t\t\t\t<\/div>\n\t\t<div class=\"sharing\">\n\t\t<a class=\"share-button share-link copy-link\" data-copy=\"https:\/\/hoyre.no\/stavanger\/arrangementer\/verktoymote-tale-og-debatteknikk\/\" target=\"_blank\"><span class=\"screen-reader-text\">Del link<\/span><\/a>\n\t\t<a class=\"share-button share-twitter\" href=\"http:\/\/twitter.com\/share?text=Verkt\u00f8ym\u00f8te: Tale- og debatteknikk&#038;url=https:\/\/hoyre.no\/stavanger\/arrangementer\/verktoymote-tale-og-debatteknikk\/&#038;hashtags=Hoyre\" target=\"_blank\"><span class=\"screen-reader-text\">Del p\u00e5 twitter<\/span><\/a>\n\t\t<a class=\"share-button share-facebook\" href=\"https:\/\/www.facebook.com\/sharer\/sharer.php?u=https:\/\/hoyre.no\/stavanger\/arrangementer\/verktoymote-tale-og-debatteknikk\/\" target=\"_blank\"><span class=\"screen-reader-text\">Del p\u00e5 facebook<\/span><\/a>\n\t<\/div>\n\t<\/div>\n<p class=\"preamble\">Bli med p\u00e5 en l\u00e6rerik medlemsaktivitet<\/p><figure class=\"hoyre-image-wrapper\"><div class=\"hoyre-image\"><img loading=\"lazy\" decoding=\"async\" width=\"6000\" height=\"3375\" src=\"https:\/\/hoyre.no\/content\/uploads\/sites\/212\/2025\/01\/Vertoymote-bilde-2.png\" class=\"attachment-scaled size-scaled\" alt=\"\" style=\"object-position: 50% 50%\" srcset=\"https:\/\/hoyre.no\/content\/uploads\/sites\/212\/2025\/01\/Vertoymote-bilde-2.png 6000w, https:\/\/hoyre.no\/content\/uploads\/sites\/212\/2025\/01\/Vertoymote-bilde-2-300x169.png 300w, https:\/\/hoyre.no\/content\/uploads\/sites\/212\/2025\/01\/Vertoymote-bilde-2-1024x576.png 1024w, https:\/\/hoyre.no\/content\/uploads\/sites\/212\/2025\/01\/Vertoymote-bilde-2-768x432.png 768w, https:\/\/hoyre.no\/content\/uploads\/sites\/212\/2025\/01\/Vertoymote-bilde-2-1536x864.png 1536w, https:\/\/hoyre.no\/content\/uploads\/sites\/212\/2025\/01\/Vertoymote-bilde-2-2048x1152.png 2048w\" sizes=\"auto, (max-width: 6000px) 100vw, 6000px\" \/><\/div><\/figure>\n\n<div class=\"wp-block wp-block-teft-event-registration-button\">\n\t<div class=\"registration-button-wrapper\">\n\t\t\t<a href=\"https:\/\/docs.google.com\/forms\/d\/e\/1FAIpQLSfXE6cH7sspDQizJas1bRvsjXrRaVIV69_cu0HCcXDT9MSHEQ\/viewform?usp=sharing\" class=\"wp-block-button__link\">Meld deg p\u00e5 her<\/a>\n\t\t\t\t\n\t<\/div>\n<\/div>\n\n<div class=\"panel teft-details-panel\">\n\t\t<h3>Detaljer<\/h3>\n\n\t\t\t\t\t<dl class=\"info-misc-with-icons\">\n\t\t\t\t<dt class=\"venue\"><span class=\"screen-reader-text\">Stedet<\/span><\/dt>\n\t\t\t\t<dd>\n\t\t\t\t\t\t\t\t\t\t<a href=\"https:\/\/maps.app.goo.gl\/fJRYfm8XBkuNshwk9\">S\u00f8lvberget bibliotek og kulturhus &#8211; M\u00f8terom &quot;Allrommet&quot;<\/a>\n\t\t\t\t\t\t\t\t\t\t\t\t\t\t\t\t<span class=\"address-line-2\">S\u00f8lvberggata 2, 4006 Stavanger<\/span>\n\t\t\t\t\t\t\t\t\t<\/dd>\n\t\t\t<\/dl>\n\t\t\t\t\t\t\t<dl class=\"info-misc-with-icons\">\n\t\t<dt class=\"time\"><span class=\"screen-reader-text\">Arrangement dato<\/span><\/dt>\n\t\t<dd class=\"time\">\n\t\t\ttir 4. februar 2025 fra  19:00 &#8211; 20:30\t\t<\/dd>\n\t<\/dl>\n\t\t\t\t\t\t<dl class=\"info-misc-with-icons\">\n\t\t<dt class=\"registration\"><span class=\"screen-reader-text\">P\u00e5meldingsdetajer<\/span><\/dt>\n\t\t<dd class=\"registration\">\n\t\t\tGRATIS\t\t\t\t\t\t\t<a href=\"https:\/\/docs.google.com\/forms\/d\/e\/1FAIpQLSfXE6cH7sspDQizJas1bRvsjXrRaVIV69_cu0HCcXDT9MSHEQ\/viewform?usp=sharing\">Registrer<\/a>\n\t\t\t\t\t<\/dd>\n\t<\/dl>\n\t\t<\/dl>\n<\/div>\n<\/div>\n\n\n\n\n<h2 class=\"wp-block-heading\">Informasjon<\/h2>\n\n\n\n<p><strong><em>Kj\u00e6re&nbsp;medlem i&nbsp;Stavanger&nbsp;H\u00f8yre!<\/em><\/strong><\/p>\n\n\n\n<p>Velkommen til \u00e5rets f\u00f8rste verkt\u00f8ym\u00f8te! Dette er et \u00e5pent m\u00f8te\ud83d\udc99<br>Temaet for verkt\u00f8ym\u00f8tet er: Tale- og debatteknikk<\/p>\n\n\n\n<p>Arrangementet er lavterskel og vil passe for b\u00e5de deg som er nytt og erfarent medlem\ud83d\ude4c<\/p>\n\n\n\n<p>Det blir servert kullsyrevann, brus og noe lett \u00e5 bite i. Vi h\u00e5per du blir med! Samlingen er \u00e5pen for alle medlemmer og ikke-medlemmer.<br>Gjerne meld deg p\u00e5 i lenken over, slik at vi har kontroll over omtrentlig hvor mange som kommer\ud83d\udc99Det er ingen p\u00e5meldingsfrist.<\/p>\n\n\n<div class=\"post-meta wp-block\">\n\t<div class=\"top\">\n\t\t<div class=\"sharing\">\n\t\t\t<a class=\"share-button share-link\" target=\"_blank\"><span class=\"screen-reader-text\">Del link<\/span><\/a>\n\t\t\t<a class=\"share-button share-twitter\" href=\"http:\/\/twitter.com\/share?text=Verkt\u00f8ym\u00f8te: Tale- og debatteknikk&#038;url=https:\/\/hoyre.no\/stavanger\/arrangementer\/verktoymote-tale-og-debatteknikk\/&#038;hashtags=Hoyre\"><span class=\"screen-reader-text\">Del p\u00e5 twitter<\/span><\/a>\n\t\t\t<a class=\"share-button share-facebook\" href=\"https:\/\/www.facebook.com\/sharer\/sharer.php?u=https:\/\/hoyre.no\/stavanger\/arrangementer\/verktoymote-tale-og-debatteknikk\/\" target=\"_blank\"><span class=\"screen-reader-text\">Del p\u00e5 facebook<\/span><\/a>\n\t\t<\/div>\n\t<\/div>\n<\/div>\n","protected":false},"template":"","meta":{"teft_cards_image_url":"","teft_cards_custom_pretitle":"","teft_cards_image_id":2864,"teft_cards_image_focal_point_x":0.5,"teft_cards_image_focal_point_y":0.5,"teft_cards_title":"","teft_cards_excerpt":"","teft_show_chapters":false,"event_organizer":[],"event_start_date":"2025-02-04T19:00:00","event_end_date":"2025-02-04T20:30:00","event_registration_url":"https:\/\/docs.google.com\/forms\/d\/e\/1FAIpQLSfXE6cH7sspDQizJas1bRvsjXrRaVIV69_cu0HCcXDT9MSHEQ\/viewform?usp=sharing","event_registration_deadline":"","event_ticket_cost":"GRATIS","event_venue_name":"S\u00f8lvberget bibliotek og kulturhus - M\u00f8terom \"Allrommet\"","event_venue_url":"https:\/\/maps.app.goo.gl\/fJRYfm8XBkuNshwk9","event_venue_address":"S\u00f8lvberggata 2, 4006 Stavanger"},"teft-events-category":[],"class_list":["post-2824","teft-events","type-teft-events","status-publish","hentry"],"yoast_head":"<!-- This site is optimized with the Yoast SEO plugin v26.6 - https:\/\/yoast.com\/wordpress\/plugins\/seo\/ -->\n<title>Verkt\u00f8ym\u00f8te: Tale- og debatteknikk - Stavanger H\u00f8yre<\/title>\n<meta name=\"robots\" content=\"index, follow, max-snippet:-1, max-image-preview:large, max-video-preview:-1\" \/>\n<link rel=\"canonical\" href=\"https:\/\/hoyre.no\/stavanger\/arrangementer\/verktoymote-tale-og-debatteknikk\/\" \/>\n<meta property=\"og:locale\" content=\"nb_NO\" \/>\n<meta property=\"og:type\" content=\"article\" \/>\n<meta property=\"og:title\" content=\"Verkt\u00f8ym\u00f8te: Tale- og debatteknikk - Stavanger H\u00f8yre\" \/>\n<meta property=\"og:url\" content=\"https:\/\/hoyre.no\/stavanger\/arrangementer\/verktoymote-tale-og-debatteknikk\/\" \/>\n<meta property=\"og:site_name\" content=\"Stavanger H\u00f8yre\" \/>\n<meta property=\"article:modified_time\" content=\"2025-01-31T09:20:34+00:00\" \/>\n<meta property=\"og:image\" content=\"https:\/\/hoyre.no\/content\/uploads\/sites\/212\/2025\/01\/Vertoymote-bilde-2-1024x576.png\" \/>\n<meta name=\"twitter:card\" content=\"summary_large_image\" \/>\n<meta name=\"twitter:label1\" content=\"Ansl. lesetid\" \/>\n\t<meta name=\"twitter:data1\" content=\"1 minutt\" \/>\n<script type=\"application\/ld+json\" class=\"yoast-schema-graph\">{\"@context\":\"https:\/\/schema.org\",\"@graph\":[{\"@type\":\"WebPage\",\"@id\":\"https:\/\/hoyre.no\/stavanger\/arrangementer\/verktoymote-tale-og-debatteknikk\/\",\"url\":\"https:\/\/hoyre.no\/stavanger\/arrangementer\/verktoymote-tale-og-debatteknikk\/\",\"name\":\"Verkt\u00f8ym\u00f8te: Tale- og debatteknikk - Stavanger H\u00f8yre\",\"isPartOf\":{\"@id\":\"https:\/\/hoyre.no\/stavanger\/#website\"},\"datePublished\":\"2025-01-08T09:26:30+00:00\",\"dateModified\":\"2025-01-31T09:20:34+00:00\",\"breadcrumb\":{\"@id\":\"https:\/\/hoyre.no\/stavanger\/arrangementer\/verktoymote-tale-og-debatteknikk\/#breadcrumb\"},\"inLanguage\":\"nb-NO\",\"potentialAction\":[{\"@type\":\"ReadAction\",\"target\":[\"https:\/\/hoyre.no\/stavanger\/arrangementer\/verktoymote-tale-og-debatteknikk\/\"]}]},{\"@type\":\"BreadcrumbList\",\"@id\":\"https:\/\/hoyre.no\/stavanger\/arrangementer\/verktoymote-tale-og-debatteknikk\/#breadcrumb\",\"itemListElement\":[{\"@type\":\"ListItem\",\"position\":1,\"name\":\"Til hoyre.no\",\"item\":\"https:\/\/hoyre.no\"},{\"@type\":\"ListItem\",\"position\":2,\"name\":\"Hjem\",\"item\":\"https:\/\/hoyre.no\/stavanger\/\"},{\"@type\":\"ListItem\",\"position\":3,\"name\":\"Arrangement\",\"item\":\"https:\/\/hoyre.no\/stavanger\/arrangementer\/\"},{\"@type\":\"ListItem\",\"position\":4,\"name\":\"Verkt\u00f8ym\u00f8te: Tale- og debatteknikk\"}]},{\"@type\":\"WebSite\",\"@id\":\"https:\/\/hoyre.no\/stavanger\/#website\",\"url\":\"https:\/\/hoyre.no\/stavanger\/\",\"name\":\"Stavanger H\u00f8yre\",\"description\":\"Bare enda et H\u00f8yres nettsteder-nettsted\",\"inLanguage\":\"nb-NO\"}]}<\/script>\n<!-- \/ Yoast SEO plugin. -->","yoast_head_json":{"title":"Verkt\u00f8ym\u00f8te: Tale- og debatteknikk - Stavanger H\u00f8yre","robots":{"index":"index","follow":"follow","max-snippet":"max-snippet:-1","max-image-preview":"max-image-preview:large","max-video-preview":"max-video-preview:-1"},"canonical":"https:\/\/hoyre.no\/stavanger\/arrangementer\/verktoymote-tale-og-debatteknikk\/","og_locale":"nb_NO","og_type":"article","og_title":"Verkt\u00f8ym\u00f8te: Tale- og debatteknikk - Stavanger H\u00f8yre","og_url":"https:\/\/hoyre.no\/stavanger\/arrangementer\/verktoymote-tale-og-debatteknikk\/","og_site_name":"Stavanger H\u00f8yre","article_modified_time":"2025-01-31T09:20:34+00:00","og_image":[{"url":"https:\/\/hoyre.no\/content\/uploads\/sites\/212\/2025\/01\/Vertoymote-bilde-2-1024x576.png","width":"","height":"","type":""}],"twitter_card":"summary_large_image","twitter_misc":{"Ansl. lesetid":"1 minutt"},"schema":{"@context":"https:\/\/schema.org","@graph":[{"@type":"WebPage","@id":"https:\/\/hoyre.no\/stavanger\/arrangementer\/verktoymote-tale-og-debatteknikk\/","url":"https:\/\/hoyre.no\/stavanger\/arrangementer\/verktoymote-tale-og-debatteknikk\/","name":"Verkt\u00f8ym\u00f8te: Tale- og debatteknikk - Stavanger H\u00f8yre","isPartOf":{"@id":"https:\/\/hoyre.no\/stavanger\/#website"},"datePublished":"2025-01-08T09:26:30+00:00","dateModified":"2025-01-31T09:20:34+00:00","breadcrumb":{"@id":"https:\/\/hoyre.no\/stavanger\/arrangementer\/verktoymote-tale-og-debatteknikk\/#breadcrumb"},"inLanguage":"nb-NO","potentialAction":[{"@type":"ReadAction","target":["https:\/\/hoyre.no\/stavanger\/arrangementer\/verktoymote-tale-og-debatteknikk\/"]}]},{"@type":"BreadcrumbList","@id":"https:\/\/hoyre.no\/stavanger\/arrangementer\/verktoymote-tale-og-debatteknikk\/#breadcrumb","itemListElement":[{"@type":"ListItem","position":1,"name":"Til hoyre.no","item":"https:\/\/hoyre.no"},{"@type":"ListItem","position":2,"name":"Hjem","item":"https:\/\/hoyre.no\/stavanger\/"},{"@type":"ListItem","position":3,"name":"Arrangement","item":"https:\/\/hoyre.no\/stavanger\/arrangementer\/"},{"@type":"ListItem","position":4,"name":"Verkt\u00f8ym\u00f8te: Tale- og debatteknikk"}]},{"@type":"WebSite","@id":"https:\/\/hoyre.no\/stavanger\/#website","url":"https:\/\/hoyre.no\/stavanger\/","name":"Stavanger H\u00f8yre","description":"Bare enda et H\u00f8yres nettsteder-nettsted","inLanguage":"nb-NO"}]}},"distributor_meta":false,"distributor_terms":false,"distributor_media":false,"distributor_original_site_name":"Stavanger H\u00f8yre","distributor_original_site_url":"https:\/\/hoyre.no\/stavanger","push-errors":false,"_links":{"self":[{"href":"https:\/\/hoyre.no\/stavanger\/wp-json\/wp\/v2\/teft-events\/2824","targetHints":{"allow":["GET"]}}],"collection":[{"href":"https:\/\/hoyre.no\/stavanger\/wp-json\/wp\/v2\/teft-events"}],"about":[{"href":"https:\/\/hoyre.no\/stavanger\/wp-json\/wp\/v2\/types\/teft-events"}],"wp:attachment":[{"href":"https:\/\/hoyre.no\/stavanger\/wp-json\/wp\/v2\/media?parent=2824"}],"wp:term":[{"taxonomy":"teft-events-category","embeddable":true,"href":"https:\/\/hoyre.no\/stavanger\/wp-json\/wp\/v2\/teft-events-category?post=2824"}],"curies":[{"name":"wp","href":"https:\/\/api.w.org\/{rel}","templated":true}]}}