{"id":2985,"date":"2025-11-09T13:52:37","date_gmt":"2025-11-09T12:52:37","guid":{"rendered":"https:\/\/hoyre.no\/stavanger\/?post_type=teft-events&#038;p=2985"},"modified":"2025-11-09T13:53:22","modified_gmt":"2025-11-09T12:53:22","slug":"apent-medlemsmote-ukraina-med-peter-frolich-i-regi-av-rogaland-unge-hoyre","status":"publish","type":"teft-events","link":"https:\/\/hoyre.no\/stavanger\/arrangementer\/apent-medlemsmote-ukraina-med-peter-frolich-i-regi-av-rogaland-unge-hoyre\/","title":{"rendered":"\u00c5pent medlemsm\u00f8te: Ukraina med Peter Fr\u00f8lich &#8211; I regi av Rogaland Unge H\u00f8yre"},"content":{"rendered":"\n<div class=\"wp-block-teft-event-top\">\n\n<div class=\"teft-event-date-top\">\n<div class=\"teft-event-date-wrapper\">\n\t<div class=\"date-square\" aria-hidden=\"true\">\n\t\t25\t\t\t<\/div>\n<\/div>\n\t<div class=\"top-text\">\n\t\t\t\t\t<p class=\"top-date-text\">tirsdag 25. november 2025<\/p>\n\t\t\t\t\t\t\t<p class=\"top-time-text\">18:00 &#8211; 20:30<\/p>\n\t\t\t\t\t\t<\/div>\n\t\t<div class=\"sharing\">\n\t\t<a class=\"share-button share-link copy-link\" data-copy=\"https:\/\/hoyre.no\/stavanger\/arrangementer\/apent-medlemsmote-ukraina-med-peter-frolich-i-regi-av-rogaland-unge-hoyre\/\" target=\"_blank\"><span class=\"screen-reader-text\">Del link<\/span><\/a>\n\t\t<a class=\"share-button share-twitter\" href=\"http:\/\/twitter.com\/share?text=\u00c5pent medlemsm\u00f8te: Ukraina med Peter Fr\u00f8lich &#8211; I regi av Rogaland Unge H\u00f8yre&#038;url=https:\/\/hoyre.no\/stavanger\/arrangementer\/apent-medlemsmote-ukraina-med-peter-frolich-i-regi-av-rogaland-unge-hoyre\/&#038;hashtags=Hoyre\" target=\"_blank\"><span class=\"screen-reader-text\">Del p\u00e5 twitter<\/span><\/a>\n\t\t<a class=\"share-button share-facebook\" href=\"https:\/\/www.facebook.com\/sharer\/sharer.php?u=https:\/\/hoyre.no\/stavanger\/arrangementer\/apent-medlemsmote-ukraina-med-peter-frolich-i-regi-av-rogaland-unge-hoyre\/\" target=\"_blank\"><span class=\"screen-reader-text\">Del p\u00e5 facebook<\/span><\/a>\n\t<\/div>\n\t<\/div>\n<p class=\"preamble\">Alle, uavhengig av alder, er velkomne\ud83d\udc99<\/p><figure class=\"hoyre-image-wrapper\"><div class=\"hoyre-image\"><img loading=\"lazy\" decoding=\"async\" width=\"1638\" height=\"2048\" src=\"https:\/\/hoyre.no\/content\/uploads\/sites\/212\/2025\/11\/Peter-Frolich.jpg\" class=\"attachment-scaled size-scaled\" alt=\"\" style=\"object-position: 50% 50%\" srcset=\"https:\/\/hoyre.no\/content\/uploads\/sites\/212\/2025\/11\/Peter-Frolich.jpg 1638w, https:\/\/hoyre.no\/content\/uploads\/sites\/212\/2025\/11\/Peter-Frolich-240x300.jpg 240w, https:\/\/hoyre.no\/content\/uploads\/sites\/212\/2025\/11\/Peter-Frolich-819x1024.jpg 819w, https:\/\/hoyre.no\/content\/uploads\/sites\/212\/2025\/11\/Peter-Frolich-768x960.jpg 768w, https:\/\/hoyre.no\/content\/uploads\/sites\/212\/2025\/11\/Peter-Frolich-1229x1536.jpg 1229w\" sizes=\"auto, (max-width: 1638px) 100vw, 1638px\" \/><\/div><\/figure>\n\n<div class=\"wp-block wp-block-teft-event-registration-button\">\n\t<div class=\"registration-button-wrapper\">\n\t\t\t<a href=\"Facebook\" class=\"wp-block-button__link\">Meld deg p\u00e5 her<\/a>\n\t\t\t\t\n\t<\/div>\n<\/div>\n\n<div class=\"panel teft-details-panel\">\n\t\t<h3>Detaljer<\/h3>\n\n\t\t\t\t\t<dl class=\"info-misc-with-icons\">\n\t\t\t\t<dt class=\"venue\"><span class=\"screen-reader-text\">Stedet<\/span><\/dt>\n\t\t\t\t<dd>\n\t\t\t\t\t\t\t\t\t\t<a href=\"https:\/\/maps.app.goo.gl\/StGmmNYTQ7F2hbWA9\">S\u00f8lvberget bibliotek og kulturhus<\/a>\n\t\t\t\t\t\t\t\t\t\t\t\t\t\t\t\t<span class=\"address-line-2\">S\u00f8lvberggata 2, 4006 Stavanger<\/span>\n\t\t\t\t\t\t\t\t\t<\/dd>\n\t\t\t<\/dl>\n\t\t\t\t\t\t\t<dl class=\"info-misc-with-icons\">\n\t\t<dt class=\"time\"><span class=\"screen-reader-text\">Arrangement dato<\/span><\/dt>\n\t\t<dd class=\"time\">\n\t\t\ttir 25. november 2025 fra  18:00 &#8211; 20:30\t\t<\/dd>\n\t<\/dl>\n\t\t\t\t\t\t<dl class=\"info-misc-with-icons\">\n\t\t<dt class=\"registration\"><span class=\"screen-reader-text\">P\u00e5meldingsdetajer<\/span><\/dt>\n\t\t<dd class=\"registration\">\n\t\t\tGRATIS\t\t\t\t\t\t\t<a href=\"http:\/\/Facebook\">Registrer<\/a>\n\t\t\t\t\t<\/dd>\n\t<\/dl>\n\t\t<\/dl>\n<\/div>\n<\/div>\n\n\n\n\n<h2 class=\"wp-block-heading\">Informasjon<\/h2>\n\n\n\n<p>Rogaland Unge H\u00f8yre inviterer til \u00e5pent medlemsm\u00f8te. Alle, uavhengig av alder, er velkomne<img loading=\"lazy\" decoding=\"async\" height=\"16\" width=\"16\" alt=\"\ud83d\udc99\" src=\"https:\/\/static.xx.fbcdn.net\/images\/emoji.php\/v9\/t6c\/1\/16\/1f499.png\"><\/p>\n\n\n\n<p>Peter Fr\u00f8lich kommer p\u00e5 bes\u00f8k, og skal holde et foredrag om Ukraina!<br>Sted: S\u00f8lvberget, Stavanger.<br>Sal: M\u00f8teplassen, 1. etasje<br>Dato: 25. november<br>Tid: 18:00<br>Ta med deg en venn eller fem!<br>H\u00e5per vi sees<img loading=\"lazy\" decoding=\"async\" height=\"16\" width=\"16\" src=\"https:\/\/static.xx.fbcdn.net\/images\/emoji.php\/v9\/t58\/1\/16\/1f929.png\" alt=\"\ud83e\udd29\"><\/p>\n\n\n<div class=\"post-meta wp-block\">\n\t<div class=\"top\">\n\t\t<div class=\"sharing\">\n\t\t\t<a class=\"share-button share-link\" target=\"_blank\"><span class=\"screen-reader-text\">Del link<\/span><\/a>\n\t\t\t<a class=\"share-button share-twitter\" href=\"http:\/\/twitter.com\/share?text=\u00c5pent medlemsm\u00f8te: Ukraina med Peter Fr\u00f8lich &#8211; I regi av Rogaland Unge H\u00f8yre&#038;url=https:\/\/hoyre.no\/stavanger\/arrangementer\/apent-medlemsmote-ukraina-med-peter-frolich-i-regi-av-rogaland-unge-hoyre\/&#038;hashtags=Hoyre\"><span class=\"screen-reader-text\">Del p\u00e5 twitter<\/span><\/a>\n\t\t\t<a class=\"share-button share-facebook\" href=\"https:\/\/www.facebook.com\/sharer\/sharer.php?u=https:\/\/hoyre.no\/stavanger\/arrangementer\/apent-medlemsmote-ukraina-med-peter-frolich-i-regi-av-rogaland-unge-hoyre\/\" target=\"_blank\"><span class=\"screen-reader-text\">Del p\u00e5 facebook<\/span><\/a>\n\t\t<\/div>\n\t<\/div>\n<\/div>\n","protected":false},"template":"","meta":{"teft_cards_image_url":"","teft_cards_custom_pretitle":"","teft_cards_image_id":2986,"teft_cards_image_focal_point_x":0.5,"teft_cards_image_focal_point_y":0.5,"teft_cards_title":"","teft_cards_excerpt":"","teft_show_chapters":false,"event_organizer":[],"event_start_date":"2025-11-25T18:00:00","event_end_date":"2025-11-25T20:30:00","event_registration_url":"Facebook","event_registration_deadline":"","event_ticket_cost":"GRATIS","event_venue_name":"S\u00f8lvberget bibliotek og kulturhus","event_venue_url":"https:\/\/maps.app.goo.gl\/StGmmNYTQ7F2hbWA9","event_venue_address":"S\u00f8lvberggata 2, 4006 Stavanger"},"teft-events-category":[],"class_list":["post-2985","teft-events","type-teft-events","status-publish","hentry"],"yoast_head":"<!-- This site is optimized with the Yoast SEO plugin v26.6 - https:\/\/yoast.com\/wordpress\/plugins\/seo\/ -->\n<title>\u00c5pent medlemsm\u00f8te: Ukraina med Peter Fr\u00f8lich - I regi av Rogaland Unge H\u00f8yre - Stavanger H\u00f8yre<\/title>\n<meta name=\"robots\" content=\"index, follow, max-snippet:-1, max-image-preview:large, max-video-preview:-1\" \/>\n<link rel=\"canonical\" href=\"https:\/\/hoyre.no\/stavanger\/arrangementer\/apent-medlemsmote-ukraina-med-peter-frolich-i-regi-av-rogaland-unge-hoyre\/\" \/>\n<meta property=\"og:locale\" content=\"nb_NO\" \/>\n<meta property=\"og:type\" content=\"article\" \/>\n<meta property=\"og:title\" content=\"\u00c5pent medlemsm\u00f8te: Ukraina med Peter Fr\u00f8lich - I regi av Rogaland Unge H\u00f8yre - Stavanger H\u00f8yre\" \/>\n<meta property=\"og:url\" content=\"https:\/\/hoyre.no\/stavanger\/arrangementer\/apent-medlemsmote-ukraina-med-peter-frolich-i-regi-av-rogaland-unge-hoyre\/\" \/>\n<meta property=\"og:site_name\" content=\"Stavanger H\u00f8yre\" \/>\n<meta property=\"article:modified_time\" content=\"2025-11-09T12:53:22+00:00\" \/>\n<meta property=\"og:image\" content=\"https:\/\/hoyre.no\/content\/uploads\/sites\/212\/2025\/11\/Peter-Frolich-819x1024.jpg\" \/>\n<meta name=\"twitter:card\" content=\"summary_large_image\" \/>\n<meta name=\"twitter:label1\" content=\"Ansl. lesetid\" \/>\n\t<meta name=\"twitter:data1\" content=\"1 minutt\" \/>\n<script type=\"application\/ld+json\" class=\"yoast-schema-graph\">{\"@context\":\"https:\/\/schema.org\",\"@graph\":[{\"@type\":\"WebPage\",\"@id\":\"https:\/\/hoyre.no\/stavanger\/arrangementer\/apent-medlemsmote-ukraina-med-peter-frolich-i-regi-av-rogaland-unge-hoyre\/\",\"url\":\"https:\/\/hoyre.no\/stavanger\/arrangementer\/apent-medlemsmote-ukraina-med-peter-frolich-i-regi-av-rogaland-unge-hoyre\/\",\"name\":\"\u00c5pent medlemsm\u00f8te: Ukraina med Peter Fr\u00f8lich - I regi av Rogaland Unge H\u00f8yre - Stavanger H\u00f8yre\",\"isPartOf\":{\"@id\":\"https:\/\/hoyre.no\/stavanger\/#website\"},\"image\":{\"@id\":\"https:\/\/hoyre.no\/stavanger\/arrangementer\/apent-medlemsmote-ukraina-med-peter-frolich-i-regi-av-rogaland-unge-hoyre\/#primaryimage\"},\"thumbnailUrl\":\"https:\/\/static.xx.fbcdn.net\/images\/emoji.php\/v9\/t6c\/1\/16\/1f499.png\",\"datePublished\":\"2025-11-09T12:52:37+00:00\",\"dateModified\":\"2025-11-09T12:53:22+00:00\",\"breadcrumb\":{\"@id\":\"https:\/\/hoyre.no\/stavanger\/arrangementer\/apent-medlemsmote-ukraina-med-peter-frolich-i-regi-av-rogaland-unge-hoyre\/#breadcrumb\"},\"inLanguage\":\"nb-NO\",\"potentialAction\":[{\"@type\":\"ReadAction\",\"target\":[\"https:\/\/hoyre.no\/stavanger\/arrangementer\/apent-medlemsmote-ukraina-med-peter-frolich-i-regi-av-rogaland-unge-hoyre\/\"]}]},{\"@type\":\"ImageObject\",\"inLanguage\":\"nb-NO\",\"@id\":\"https:\/\/hoyre.no\/stavanger\/arrangementer\/apent-medlemsmote-ukraina-med-peter-frolich-i-regi-av-rogaland-unge-hoyre\/#primaryimage\",\"url\":\"https:\/\/static.xx.fbcdn.net\/images\/emoji.php\/v9\/t6c\/1\/16\/1f499.png\",\"contentUrl\":\"https:\/\/static.xx.fbcdn.net\/images\/emoji.php\/v9\/t6c\/1\/16\/1f499.png\"},{\"@type\":\"BreadcrumbList\",\"@id\":\"https:\/\/hoyre.no\/stavanger\/arrangementer\/apent-medlemsmote-ukraina-med-peter-frolich-i-regi-av-rogaland-unge-hoyre\/#breadcrumb\",\"itemListElement\":[{\"@type\":\"ListItem\",\"position\":1,\"name\":\"Til hoyre.no\",\"item\":\"https:\/\/hoyre.no\"},{\"@type\":\"ListItem\",\"position\":2,\"name\":\"Hjem\",\"item\":\"https:\/\/hoyre.no\/stavanger\/\"},{\"@type\":\"ListItem\",\"position\":3,\"name\":\"Arrangement\",\"item\":\"https:\/\/hoyre.no\/stavanger\/arrangementer\/\"},{\"@type\":\"ListItem\",\"position\":4,\"name\":\"\u00c5pent medlemsm\u00f8te: Ukraina med Peter Fr\u00f8lich &#8211; I regi av Rogaland Unge H\u00f8yre\"}]},{\"@type\":\"WebSite\",\"@id\":\"https:\/\/hoyre.no\/stavanger\/#website\",\"url\":\"https:\/\/hoyre.no\/stavanger\/\",\"name\":\"Stavanger H\u00f8yre\",\"description\":\"Bare enda et H\u00f8yres nettsteder-nettsted\",\"inLanguage\":\"nb-NO\"}]}<\/script>\n<!-- \/ Yoast SEO plugin. -->","yoast_head_json":{"title":"\u00c5pent medlemsm\u00f8te: Ukraina med Peter Fr\u00f8lich - I regi av Rogaland Unge H\u00f8yre - Stavanger H\u00f8yre","robots":{"index":"index","follow":"follow","max-snippet":"max-snippet:-1","max-image-preview":"max-image-preview:large","max-video-preview":"max-video-preview:-1"},"canonical":"https:\/\/hoyre.no\/stavanger\/arrangementer\/apent-medlemsmote-ukraina-med-peter-frolich-i-regi-av-rogaland-unge-hoyre\/","og_locale":"nb_NO","og_type":"article","og_title":"\u00c5pent medlemsm\u00f8te: Ukraina med Peter Fr\u00f8lich - I regi av Rogaland Unge H\u00f8yre - Stavanger H\u00f8yre","og_url":"https:\/\/hoyre.no\/stavanger\/arrangementer\/apent-medlemsmote-ukraina-med-peter-frolich-i-regi-av-rogaland-unge-hoyre\/","og_site_name":"Stavanger H\u00f8yre","article_modified_time":"2025-11-09T12:53:22+00:00","og_image":[{"url":"https:\/\/hoyre.no\/content\/uploads\/sites\/212\/2025\/11\/Peter-Frolich-819x1024.jpg","width":"","height":"","type":""}],"twitter_card":"summary_large_image","twitter_misc":{"Ansl. lesetid":"1 minutt"},"schema":{"@context":"https:\/\/schema.org","@graph":[{"@type":"WebPage","@id":"https:\/\/hoyre.no\/stavanger\/arrangementer\/apent-medlemsmote-ukraina-med-peter-frolich-i-regi-av-rogaland-unge-hoyre\/","url":"https:\/\/hoyre.no\/stavanger\/arrangementer\/apent-medlemsmote-ukraina-med-peter-frolich-i-regi-av-rogaland-unge-hoyre\/","name":"\u00c5pent medlemsm\u00f8te: Ukraina med Peter Fr\u00f8lich - I regi av Rogaland Unge H\u00f8yre - Stavanger H\u00f8yre","isPartOf":{"@id":"https:\/\/hoyre.no\/stavanger\/#website"},"image":{"@id":"https:\/\/hoyre.no\/stavanger\/arrangementer\/apent-medlemsmote-ukraina-med-peter-frolich-i-regi-av-rogaland-unge-hoyre\/#primaryimage"},"thumbnailUrl":"https:\/\/static.xx.fbcdn.net\/images\/emoji.php\/v9\/t6c\/1\/16\/1f499.png","datePublished":"2025-11-09T12:52:37+00:00","dateModified":"2025-11-09T12:53:22+00:00","breadcrumb":{"@id":"https:\/\/hoyre.no\/stavanger\/arrangementer\/apent-medlemsmote-ukraina-med-peter-frolich-i-regi-av-rogaland-unge-hoyre\/#breadcrumb"},"inLanguage":"nb-NO","potentialAction":[{"@type":"ReadAction","target":["https:\/\/hoyre.no\/stavanger\/arrangementer\/apent-medlemsmote-ukraina-med-peter-frolich-i-regi-av-rogaland-unge-hoyre\/"]}]},{"@type":"ImageObject","inLanguage":"nb-NO","@id":"https:\/\/hoyre.no\/stavanger\/arrangementer\/apent-medlemsmote-ukraina-med-peter-frolich-i-regi-av-rogaland-unge-hoyre\/#primaryimage","url":"https:\/\/static.xx.fbcdn.net\/images\/emoji.php\/v9\/t6c\/1\/16\/1f499.png","contentUrl":"https:\/\/static.xx.fbcdn.net\/images\/emoji.php\/v9\/t6c\/1\/16\/1f499.png"},{"@type":"BreadcrumbList","@id":"https:\/\/hoyre.no\/stavanger\/arrangementer\/apent-medlemsmote-ukraina-med-peter-frolich-i-regi-av-rogaland-unge-hoyre\/#breadcrumb","itemListElement":[{"@type":"ListItem","position":1,"name":"Til hoyre.no","item":"https:\/\/hoyre.no"},{"@type":"ListItem","position":2,"name":"Hjem","item":"https:\/\/hoyre.no\/stavanger\/"},{"@type":"ListItem","position":3,"name":"Arrangement","item":"https:\/\/hoyre.no\/stavanger\/arrangementer\/"},{"@type":"ListItem","position":4,"name":"\u00c5pent medlemsm\u00f8te: Ukraina med Peter Fr\u00f8lich &#8211; I regi av Rogaland Unge H\u00f8yre"}]},{"@type":"WebSite","@id":"https:\/\/hoyre.no\/stavanger\/#website","url":"https:\/\/hoyre.no\/stavanger\/","name":"Stavanger H\u00f8yre","description":"Bare enda et H\u00f8yres nettsteder-nettsted","inLanguage":"nb-NO"}]}},"distributor_meta":false,"distributor_terms":false,"distributor_media":false,"distributor_original_site_name":"Stavanger H\u00f8yre","distributor_original_site_url":"https:\/\/hoyre.no\/stavanger","push-errors":false,"_links":{"self":[{"href":"https:\/\/hoyre.no\/stavanger\/wp-json\/wp\/v2\/teft-events\/2985","targetHints":{"allow":["GET"]}}],"collection":[{"href":"https:\/\/hoyre.no\/stavanger\/wp-json\/wp\/v2\/teft-events"}],"about":[{"href":"https:\/\/hoyre.no\/stavanger\/wp-json\/wp\/v2\/types\/teft-events"}],"wp:attachment":[{"href":"https:\/\/hoyre.no\/stavanger\/wp-json\/wp\/v2\/media?parent=2985"}],"wp:term":[{"taxonomy":"teft-events-category","embeddable":true,"href":"https:\/\/hoyre.no\/stavanger\/wp-json\/wp\/v2\/teft-events-category?post=2985"}],"curies":[{"name":"wp","href":"https:\/\/api.w.org\/{rel}","templated":true}]}}