{"id":42,"date":"2023-05-02T12:49:00","date_gmt":"2023-05-02T10:49:00","guid":{"rendered":"https:\/\/hoyre.no\/stord\/?page_id=42"},"modified":"2025-02-14T13:10:32","modified_gmt":"2025-02-14T12:10:32","slug":"politikk","status":"publish","type":"page","link":"https:\/\/hoyre.no\/stord\/politikk\/","title":{"rendered":"Politikk"},"content":{"rendered":"\n<div class=\"wp-block-hoyre-hero with-image-gradient text-color-light  has-media alignfull has-background\"><div class=\"hoyre-hero has-image\"><h1 class=\"title\">8 gode grunnar til \u00e5 stemme H\u00f8gre p\u00e5 Stord<\/h1><figure class=\"hoyre-image-wrapper\"><div class=\"hoyre-image\"><img loading=\"lazy\" decoding=\"async\" width=\"6070\" height=\"2428\" src=\"https:\/\/hoyre.no\/content\/uploads\/sites\/316\/2023\/07\/Stord-pa-sitt-beste.png\" class=\"attachment-scaled size-scaled\" alt=\"\" style=\"object-position: 50% 50%\" srcset=\"https:\/\/hoyre.no\/content\/uploads\/sites\/316\/2023\/07\/Stord-pa-sitt-beste.png 6070w, https:\/\/hoyre.no\/content\/uploads\/sites\/316\/2023\/07\/Stord-pa-sitt-beste-300x120.png 300w, https:\/\/hoyre.no\/content\/uploads\/sites\/316\/2023\/07\/Stord-pa-sitt-beste-1024x410.png 1024w, https:\/\/hoyre.no\/content\/uploads\/sites\/316\/2023\/07\/Stord-pa-sitt-beste-768x307.png 768w, https:\/\/hoyre.no\/content\/uploads\/sites\/316\/2023\/07\/Stord-pa-sitt-beste-1536x614.png 1536w, https:\/\/hoyre.no\/content\/uploads\/sites\/316\/2023\/07\/Stord-pa-sitt-beste-2048x819.png 2048w\" sizes=\"auto, (max-width: 6070px) 100vw, 6070px\" \/><\/div><\/figure><\/div><\/div>\n\n\n\n<div class=\"wp-block-hoyre-banner alignwide undefined\"><div class=\"banner-inner\"><figure class=\"hoyre-image-wrapper\"><div class=\"hoyre-image\"><img loading=\"lazy\" decoding=\"async\" width=\"2339\" height=\"2500\" src=\"https:\/\/hoyre.no\/content\/uploads\/sites\/316\/2023\/07\/Oyvind-Kyvik-nr-1.1-scaled.jpg\" class=\"attachment-scaled size-scaled\" alt=\"\" style=\"object-position: 24% 70%\" srcset=\"https:\/\/hoyre.no\/content\/uploads\/sites\/316\/2023\/07\/Oyvind-Kyvik-nr-1.1-scaled.jpg 2339w, https:\/\/hoyre.no\/content\/uploads\/sites\/316\/2023\/07\/Oyvind-Kyvik-nr-1.1-281x300.jpg 281w, https:\/\/hoyre.no\/content\/uploads\/sites\/316\/2023\/07\/Oyvind-Kyvik-nr-1.1-958x1024.jpg 958w, https:\/\/hoyre.no\/content\/uploads\/sites\/316\/2023\/07\/Oyvind-Kyvik-nr-1.1-768x821.jpg 768w, https:\/\/hoyre.no\/content\/uploads\/sites\/316\/2023\/07\/Oyvind-Kyvik-nr-1.1-1437x1536.jpg 1437w, https:\/\/hoyre.no\/content\/uploads\/sites\/316\/2023\/07\/Oyvind-Kyvik-nr-1.1-1916x2048.jpg 1916w\" sizes=\"auto, (max-width: 2339px) 100vw, 2339px\" \/><\/div><\/figure><div class=\"banner-content\"><div class=\"entry-content\">\n<h2 class=\"wp-block-heading\">Stord p\u00e5 sitt beste!<\/h2>\n\n\n\n<p>Det skal vera godt \u00e5 bli eldre i Stord kommune og me skal sikra bebuarar p\u00e5 sjukeheimen meir aktivitet og innhald i kvardagen samt utvida kapasiteten med 64 nye plassar. <br><br>H\u00f8gre vil redusera b\u00e5de eigedomskatten og auken i dei kommunale avgiftene slik at du f\u00e5r behalde meir av eiga inntekt. Idrettslaga skal ha gratis leige av dei kommunale hallane slik at alle barn og unge skal ha r\u00e5d til \u00e5 delta i idretten. <br><br>Me skal jobba for meistring og glede i skulen og bli ein kommune som spelar p\u00e5 lag med jobbskaparane.<\/p>\n<\/div><\/div><\/div><\/div>\n\n\n\n\t\t<div class=\"has-lightest-blue-background-color is-layout-left alignwide alignwide wp-block-hoyre-media-text\">\n\t\t\t<div class=\"hoyre-media-text__media\">\n\t\t\t\t<img loading=\"lazy\" decoding=\"async\" width=\"1024\" height=\"683\" src=\"https:\/\/hoyre.no\/content\/uploads\/sites\/316\/2023\/06\/1.-Kommunen-som-padrivar-for-verdiskaping-og-vekst-i-det-private-naeringsliv-Copy-1024x683.jpg\" class=\"hoyre-media-text__media-image\" alt=\"\" style=\"--focal: 50% 50%;\" srcset=\"https:\/\/hoyre.no\/content\/uploads\/sites\/316\/2023\/06\/1.-Kommunen-som-padrivar-for-verdiskaping-og-vekst-i-det-private-naeringsliv-Copy-1024x683.jpg 1024w, https:\/\/hoyre.no\/content\/uploads\/sites\/316\/2023\/06\/1.-Kommunen-som-padrivar-for-verdiskaping-og-vekst-i-det-private-naeringsliv-Copy-300x200.jpg 300w, https:\/\/hoyre.no\/content\/uploads\/sites\/316\/2023\/06\/1.-Kommunen-som-padrivar-for-verdiskaping-og-vekst-i-det-private-naeringsliv-Copy-768x513.jpg 768w, https:\/\/hoyre.no\/content\/uploads\/sites\/316\/2023\/06\/1.-Kommunen-som-padrivar-for-verdiskaping-og-vekst-i-det-private-naeringsliv-Copy-1536x1025.jpg 1536w, https:\/\/hoyre.no\/content\/uploads\/sites\/316\/2023\/06\/1.-Kommunen-som-padrivar-for-verdiskaping-og-vekst-i-det-private-naeringsliv-Copy-2048x1367.jpg 2048w\" sizes=\"auto, (max-width: 1024px) 100vw, 1024px\" \/>\n\t\t\t<\/div>\n\t\t\t<div class=\"hoyre-media-text__content\">\n\t\t\t\t<div class=\"hoyre-media-text__content-inner\">\n\t\t\t\t\t\n\t\t\t<div class=\"hoyre-media-text__title-container\">\n\t\t\t\t\n\t\t\t\t<h2 class=\"hoyre-media-text__title\">1. Kommunen som p\u00e5drivar for verdiskaping og vekst i det private n\u00e6ringsliv<\/h2>\n\t\t\t<\/div>\n\t\t\t\n\t\t\t\t\t<div class=\"hoyre-media-text__blocks\">\n<p>Stord kommune skal gjennom god samhandling i regionen, vera ein attraktiv kommune for etablering av nye bedrifter, driva n\u00e6ringsutvikling og skapa nye arbeidsplassar. Kommunen skal vere im\u00f8tekommande for nye n\u00e6ringar i kommuneplanen. D\u00e5 tilgjengeleg areal er ein f\u00f8resetnad for n\u00e6ringsutvikling, vil H\u00f8gre prioritere tilgang p\u00e5 slike arealer. H\u00f8gre vil jobba for at plan- og byggesakshandsaminga i kommunen blir mindre komplisert, samt korta ned handsamingstida.\u00a0<\/p>\n<\/div>\n\t\t\t\t\t\n\t\t\t\t<\/div>\n\t\t\t<\/div>\n\t\t<\/div>\n\t\t\n\n\n\t\t<div class=\"has-lightest-blue-background-color is-layout-right alignwide alignwide wp-block-hoyre-media-text\">\n\t\t\t<div class=\"hoyre-media-text__media\">\n\t\t\t\t<img loading=\"lazy\" decoding=\"async\" width=\"799\" height=\"533\" src=\"https:\/\/hoyre.no\/content\/uploads\/sites\/316\/2023\/06\/2.-Ein-skule-med-meistring-og-laeringsglede-Copy.png\" class=\"hoyre-media-text__media-image\" alt=\"\" style=\"--focal: 62% 44%;\" srcset=\"https:\/\/hoyre.no\/content\/uploads\/sites\/316\/2023\/06\/2.-Ein-skule-med-meistring-og-laeringsglede-Copy.png 799w, https:\/\/hoyre.no\/content\/uploads\/sites\/316\/2023\/06\/2.-Ein-skule-med-meistring-og-laeringsglede-Copy-300x200.png 300w, https:\/\/hoyre.no\/content\/uploads\/sites\/316\/2023\/06\/2.-Ein-skule-med-meistring-og-laeringsglede-Copy-768x512.png 768w\" sizes=\"auto, (max-width: 799px) 100vw, 799px\" \/>\n\t\t\t<\/div>\n\t\t\t<div class=\"hoyre-media-text__content\">\n\t\t\t\t<div class=\"hoyre-media-text__content-inner\">\n\t\t\t\t\t\n\t\t\t<div class=\"hoyre-media-text__title-container\">\n\t\t\t\t\n\t\t\t\t<h2 class=\"hoyre-media-text__title\">2. Ein skule med meistring og livsglede<\/h2>\n\t\t\t<\/div>\n\t\t\t\n\t\t\t\t\t<div class=\"hoyre-media-text__blocks\">\n<p>Ein god skule er n\u00f8dvendig for at me skal kunne gi v\u00e5re barn ein god start p\u00e5 livet. H\u00f8gre sitt m\u00e5l er \u00e5 skape ein kunnskapsskule med moglegheiter for alle. Ein skule med kvalitet og dyktige l\u00e6rarar med rett kompetanse.<\/p><p>For at elevane skal oppleve meistring og trivsel, er det viktig med nulltoleranse for mobbing.\u00a0\u00a0Vidare, vil vi jobbe for eit godt l\u00e6ringsmilj\u00f8 der skulekvardagen er tilpassa elevane sine einskilde behov. H\u00f8gre vil utbetre fasilitetar ved Langeland og Leirvik, sikre godt l\u00e6rematerial i alle skulane, samt styrka laget rundt eleven med fleire helsesjukepleiarar og milj\u00f8terapeutar i Stord-skulen.\u00a0<\/p>\n<\/div>\n\t\t\t\t\t\n\t\t\t\t<\/div>\n\t\t\t<\/div>\n\t\t<\/div>\n\t\t\n\n\n\t\t<div class=\"has-lightest-blue-background-color is-layout-left alignwide alignwide wp-block-hoyre-media-text\">\n\t\t\t<div class=\"hoyre-media-text__media\">\n\t\t\t\t<img loading=\"lazy\" decoding=\"async\" width=\"1024\" height=\"722\" src=\"https:\/\/hoyre.no\/content\/uploads\/sites\/316\/2023\/06\/3.-Livskvalitet-i-alderdommen-Copy-1024x722.jpeg\" class=\"hoyre-media-text__media-image\" alt=\"\" style=\"--focal: 54% 46%;\" srcset=\"https:\/\/hoyre.no\/content\/uploads\/sites\/316\/2023\/06\/3.-Livskvalitet-i-alderdommen-Copy-1024x722.jpeg 1024w, https:\/\/hoyre.no\/content\/uploads\/sites\/316\/2023\/06\/3.-Livskvalitet-i-alderdommen-Copy-300x212.jpeg 300w, https:\/\/hoyre.no\/content\/uploads\/sites\/316\/2023\/06\/3.-Livskvalitet-i-alderdommen-Copy-768x542.jpeg 768w, https:\/\/hoyre.no\/content\/uploads\/sites\/316\/2023\/06\/3.-Livskvalitet-i-alderdommen-Copy-1536x1083.jpeg 1536w, https:\/\/hoyre.no\/content\/uploads\/sites\/316\/2023\/06\/3.-Livskvalitet-i-alderdommen-Copy-2048x1445.jpeg 2048w\" sizes=\"auto, (max-width: 1024px) 100vw, 1024px\" \/>\n\t\t\t<\/div>\n\t\t\t<div class=\"hoyre-media-text__content\">\n\t\t\t\t<div class=\"hoyre-media-text__content-inner\">\n\t\t\t\t\t\n\t\t\t<div class=\"hoyre-media-text__title-container\">\n\t\t\t\t\n\t\t\t\t<h2 class=\"hoyre-media-text__title\">3. Livskvalitet i alderdommen<\/h2>\n\t\t\t<\/div>\n\t\t\t\n\t\t\t\t\t<div class=\"hoyre-media-text__blocks\">\n<p>H\u00f8gre ynskjer \u00e5 skapa eit aldersvennleg lokalsamfunn. Me vil jobba for ulike buformer og m\u00f8testadar der eldre opplever gode kvardagar. For \u00e5 m\u00f8ta behovet for fleire sjukeheimsplasser, ser me fram til at dei 64 nye plassane ved Knutsa\u00e5sen sjukeheim st\u00e5r ferdige. H\u00f8gre vil jobba for at utforming og drift vert tilrettelagt slik at involvering av p\u00e5r\u00f8rande og frivillige kan skje og me ynskjer meir innhald og aktivitet i kvardagen for bebuarane. Dette for at bebuarane gjennom sosial omgang og aktivitetar kan oppretthalda eit meiningsfullt liv.<\/p>\n<\/div>\n\t\t\t\t\t\n\t\t\t\t<\/div>\n\t\t\t<\/div>\n\t\t<\/div>\n\t\t\n\n\n\t\t<div class=\"has-lightest-blue-background-color is-layout-right alignwide alignwide wp-block-hoyre-media-text\">\n\t\t\t<div class=\"hoyre-media-text__media\">\n\t\t\t\t<img loading=\"lazy\" decoding=\"async\" width=\"1024\" height=\"683\" src=\"https:\/\/hoyre.no\/content\/uploads\/sites\/316\/2023\/06\/4.-hjelp-nar-du-trenger-det-Copy-1024x683.jpeg\" class=\"hoyre-media-text__media-image\" alt=\"\" style=\"--focal: 50% 50%;\" srcset=\"https:\/\/hoyre.no\/content\/uploads\/sites\/316\/2023\/06\/4.-hjelp-nar-du-trenger-det-Copy-1024x683.jpeg 1024w, https:\/\/hoyre.no\/content\/uploads\/sites\/316\/2023\/06\/4.-hjelp-nar-du-trenger-det-Copy-300x200.jpeg 300w, https:\/\/hoyre.no\/content\/uploads\/sites\/316\/2023\/06\/4.-hjelp-nar-du-trenger-det-Copy-768x512.jpeg 768w, https:\/\/hoyre.no\/content\/uploads\/sites\/316\/2023\/06\/4.-hjelp-nar-du-trenger-det-Copy-1536x1024.jpeg 1536w, https:\/\/hoyre.no\/content\/uploads\/sites\/316\/2023\/06\/4.-hjelp-nar-du-trenger-det-Copy-2048x1365.jpeg 2048w\" sizes=\"auto, (max-width: 1024px) 100vw, 1024px\" \/>\n\t\t\t<\/div>\n\t\t\t<div class=\"hoyre-media-text__content\">\n\t\t\t\t<div class=\"hoyre-media-text__content-inner\">\n\t\t\t\t\t\n\t\t\t<div class=\"hoyre-media-text__title-container\">\n\t\t\t\t\n\t\t\t\t<h2 class=\"hoyre-media-text__title\">4. Hjelp n\u00e5r du treng det<\/h2>\n\t\t\t<\/div>\n\t\t\t\n\t\t\t\t\t<div class=\"hoyre-media-text__blocks\">\n<p>Mange opplever \u00e5 ha psykiske helseproblem i l\u00f8pet av livet.\u00a0Dette p\u00e5 tvers av aldersgrupper, samfunnslag og kj\u00f8nn. H\u00f8gre vil utvikla og sikra gode l\u00e5gterskeltilbod \u2013 som til d\u00f8mes etablering av Fontenehus for dei som slit innan psykiske helse. Arbeidet mot mobbing og for auka toleranse, skal intensiverast. Me vil aktivt s\u00f8ke samarbeid mellom kommunen og ulike frivillige organisasjonar \u2013 m.a.o. Frelsesarmeen, Helt Med og Kirkens Bymisjon.\u00a0<\/p>\n<\/div>\n\t\t\t\t\t\n\t\t\t\t<\/div>\n\t\t\t<\/div>\n\t\t<\/div>\n\t\t\n\n\n\t\t<div class=\"has-lightest-blue-background-color is-layout-left alignwide alignwide wp-block-hoyre-media-text\">\n\t\t\t<div class=\"hoyre-media-text__media\">\n\t\t\t\t<img loading=\"lazy\" decoding=\"async\" width=\"1024\" height=\"683\" src=\"https:\/\/hoyre.no\/content\/uploads\/sites\/316\/2023\/06\/5.-Frivilligheita-\u2013-grunnpilaren-i-lokalsamfunnet-vart-Copy-1024x683.jpg\" class=\"hoyre-media-text__media-image\" alt=\"\" style=\"--focal: 47% 17%;\" srcset=\"https:\/\/hoyre.no\/content\/uploads\/sites\/316\/2023\/06\/5.-Frivilligheita-\u2013-grunnpilaren-i-lokalsamfunnet-vart-Copy-1024x683.jpg 1024w, https:\/\/hoyre.no\/content\/uploads\/sites\/316\/2023\/06\/5.-Frivilligheita-\u2013-grunnpilaren-i-lokalsamfunnet-vart-Copy-300x200.jpg 300w, https:\/\/hoyre.no\/content\/uploads\/sites\/316\/2023\/06\/5.-Frivilligheita-\u2013-grunnpilaren-i-lokalsamfunnet-vart-Copy-768x512.jpg 768w, https:\/\/hoyre.no\/content\/uploads\/sites\/316\/2023\/06\/5.-Frivilligheita-\u2013-grunnpilaren-i-lokalsamfunnet-vart-Copy-1536x1024.jpg 1536w, https:\/\/hoyre.no\/content\/uploads\/sites\/316\/2023\/06\/5.-Frivilligheita-\u2013-grunnpilaren-i-lokalsamfunnet-vart-Copy-2048x1365.jpg 2048w\" sizes=\"auto, (max-width: 1024px) 100vw, 1024px\" \/>\n\t\t\t<\/div>\n\t\t\t<div class=\"hoyre-media-text__content\">\n\t\t\t\t<div class=\"hoyre-media-text__content-inner\">\n\t\t\t\t\t\n\t\t\t<div class=\"hoyre-media-text__title-container\">\n\t\t\t\t\n\t\t\t\t<h2 class=\"hoyre-media-text__title\">5. Frivillegheita &#8211; grunnpilaren i lokalsamfunnet v\u00e5rt<\/h2>\n\t\t\t<\/div>\n\t\t\t\n\t\t\t\t\t<div class=\"hoyre-media-text__blocks\">\n<p>Stord H\u00f8gre ynskjer \u00e5 spela ei viktig rolle i \u00e5 st\u00f8tte opp om frivillig engasjement i Stord kommune. For at barn og unge skal kunne delta &#8211; uavhengig av \u00f8konomi, skal idrettslaga ha gratis tilgang til kommunale hallar.<strong>\u00a0<\/strong>\u00c5 styrke frivilligheta vil styrke lokalsamfunnet og n\u00e6rmilj\u00f8et. Me vil jobbe for \u00e5 auke deltakinga og styrke inkluderinga. H\u00f8gre vil ta initiativ til at kommunen sin frivilligheitspolitikk vert konkretisert og prioritert.\u00a0<\/p>\n<\/div>\n\t\t\t\t\t\n\t\t\t\t<\/div>\n\t\t\t<\/div>\n\t\t<\/div>\n\t\t\n\n\n\t\t<div class=\"has-lightest-blue-background-color is-layout-right alignwide alignwide wp-block-hoyre-media-text\">\n\t\t\t<div class=\"hoyre-media-text__media\">\n\t\t\t\t<img loading=\"lazy\" decoding=\"async\" width=\"1024\" height=\"683\" src=\"https:\/\/hoyre.no\/content\/uploads\/sites\/316\/2023\/06\/6.-Ein-kommune-me-har-rad-til-a-bu-i-Copy-1-1024x683.jpg\" class=\"hoyre-media-text__media-image\" alt=\"\" style=\"--focal: 66% 33%;\" srcset=\"https:\/\/hoyre.no\/content\/uploads\/sites\/316\/2023\/06\/6.-Ein-kommune-me-har-rad-til-a-bu-i-Copy-1-1024x683.jpg 1024w, https:\/\/hoyre.no\/content\/uploads\/sites\/316\/2023\/06\/6.-Ein-kommune-me-har-rad-til-a-bu-i-Copy-1-300x200.jpg 300w, https:\/\/hoyre.no\/content\/uploads\/sites\/316\/2023\/06\/6.-Ein-kommune-me-har-rad-til-a-bu-i-Copy-1-768x512.jpg 768w, https:\/\/hoyre.no\/content\/uploads\/sites\/316\/2023\/06\/6.-Ein-kommune-me-har-rad-til-a-bu-i-Copy-1-1536x1024.jpg 1536w, https:\/\/hoyre.no\/content\/uploads\/sites\/316\/2023\/06\/6.-Ein-kommune-me-har-rad-til-a-bu-i-Copy-1-2048x1365.jpg 2048w\" sizes=\"auto, (max-width: 1024px) 100vw, 1024px\" \/>\n\t\t\t<\/div>\n\t\t\t<div class=\"hoyre-media-text__content\">\n\t\t\t\t<div class=\"hoyre-media-text__content-inner\">\n\t\t\t\t\t\n\t\t\t<div class=\"hoyre-media-text__title-container\">\n\t\t\t\t\n\t\t\t\t<h2 class=\"hoyre-media-text__title\">6. Ein kommune me har r\u00e5d til \u00e5 bu i<\/h2>\n\t\t\t<\/div>\n\t\t\t\n\t\t\t\t\t<div class=\"hoyre-media-text__blocks\">\n<p>Det vert stadig dyrare \u00e5 bu i Stord. For H\u00f8gre er det difor viktig med tiltak for \u00e5 auke inntektene og redusere kostnadsniv\u00e5et. Me m\u00e5 utfordre dagens kostnadsstruktur og sj\u00e5 p\u00e5 alternative l\u00f8ysingar i b\u00e5de anbod og i levering av tenester. Det handlingsrommet me opparbeidar oss som f\u00f8lge av dette skal koma den enkelte til gode gjennom eit l\u00e5gare skatte- og avgiftsniv\u00e5, samt ei kontinuerleg forbetring av tenestene.\u00a0<\/p>\n<\/div>\n\t\t\t\t\t\n\t\t\t\t<\/div>\n\t\t\t<\/div>\n\t\t<\/div>\n\t\t\n\n\n\t\t<div class=\"has-lightest-blue-background-color is-layout-left alignwide alignwide wp-block-hoyre-media-text\">\n\t\t\t<div class=\"hoyre-media-text__media\">\n\t\t\t\t<img loading=\"lazy\" decoding=\"async\" width=\"615\" height=\"433\" src=\"https:\/\/hoyre.no\/content\/uploads\/sites\/316\/2023\/06\/7.-Regionbyen-Stord.png\" class=\"hoyre-media-text__media-image\" alt=\"\" style=\"--focal: 50% 50%;\" srcset=\"https:\/\/hoyre.no\/content\/uploads\/sites\/316\/2023\/06\/7.-Regionbyen-Stord.png 615w, https:\/\/hoyre.no\/content\/uploads\/sites\/316\/2023\/06\/7.-Regionbyen-Stord-300x211.png 300w\" sizes=\"auto, (max-width: 615px) 100vw, 615px\" \/>\n\t\t\t<\/div>\n\t\t\t<div class=\"hoyre-media-text__content\">\n\t\t\t\t<div class=\"hoyre-media-text__content-inner\">\n\t\t\t\t\t\n\t\t\t<div class=\"hoyre-media-text__title-container\">\n\t\t\t\t\n\t\t\t\t<h2 class=\"hoyre-media-text__title\">7. Regionbyen Stord<\/h2>\n\t\t\t<\/div>\n\t\t\t\n\t\t\t\t\t<div class=\"hoyre-media-text__blocks\">\n<p>Stord er byen for langt fleire enn kommunen sine innbyggjarar, og denne posisjonen m\u00e5 me forvalte godt. Me skal vera brubyggjaren i regionen og initiativtakar til regionalt samarbeid. Gjennom regionsamarbeid for \u00e5 tilf\u00f8re breidde i nye arbeidsplassar og kompetanse skapar me ein region rusta for framtida og indirekte ei styrking av regionsenteret Stord.\u00a0<\/p>\n<\/div>\n\t\t\t\t\t\n\t\t\t\t<\/div>\n\t\t\t<\/div>\n\t\t<\/div>\n\t\t\n\n\n\t\t<div class=\"has-lightest-blue-background-color is-layout-right alignwide alignwide wp-block-hoyre-media-text\">\n\t\t\t<div class=\"hoyre-media-text__media\">\n\t\t\t\t<img loading=\"lazy\" decoding=\"async\" width=\"914\" height=\"606\" src=\"https:\/\/hoyre.no\/content\/uploads\/sites\/316\/2023\/06\/8.-Eit-levande-Leirvik-Sentrum.jpg\" class=\"hoyre-media-text__media-image\" alt=\"\" style=\"--focal: 50% 50%;\" srcset=\"https:\/\/hoyre.no\/content\/uploads\/sites\/316\/2023\/06\/8.-Eit-levande-Leirvik-Sentrum.jpg 914w, https:\/\/hoyre.no\/content\/uploads\/sites\/316\/2023\/06\/8.-Eit-levande-Leirvik-Sentrum-300x199.jpg 300w, https:\/\/hoyre.no\/content\/uploads\/sites\/316\/2023\/06\/8.-Eit-levande-Leirvik-Sentrum-768x509.jpg 768w\" sizes=\"auto, (max-width: 914px) 100vw, 914px\" \/>\n\t\t\t<\/div>\n\t\t\t<div class=\"hoyre-media-text__content\">\n\t\t\t\t<div class=\"hoyre-media-text__content-inner\">\n\t\t\t\t\t\n\t\t\t<div class=\"hoyre-media-text__title-container\">\n\t\t\t\t\n\t\t\t\t<h2 class=\"hoyre-media-text__title\">8. Eit levande Leirvik sentrum<\/h2>\n\t\t\t<\/div>\n\t\t\t\n\t\t\t\t\t<div class=\"hoyre-media-text__blocks\">\n<p>H\u00f8gre har som m\u00e5l \u00e5 utvikla Leirvik sentrum slik at me f\u00e5r utnytta det potensialet som Leirvik har. Me ynskjer ei oppgradering av byen og \u00e5 tilretteleggja for nyetableringar i sentrumskjernen. Det er p\u00e5 tide \u00e5 f\u00e5 fart p\u00e5 Borggata og knyta gata saman med aktivititeten i kaiomr\u00e5da, S\u00e6 og kulturhuset. Me ynskjer \u00e5 f\u00e5 til ein st\u00f8rre flyt i sentrum av handel, kultur og opplevingar. Det skjer mykje spanande som til d\u00f8mes utbygging av nytt hotell og nye leilegheitskompleks. I tillegg \u00f8nskjer H\u00f8gre \u00e5 flytta biblioteket til Borggata,\u00a0kollektivterminalen til Ritlandtomta samt oppf\u00f8re eit service bygg p\u00e5 torget. Dette trur me vil gjera sentrum levande og attraktivt for alle generasjonar.<\/p>\n<\/div>\n\t\t\t\t\t\n\t\t\t\t<\/div>\n\t\t\t<\/div>\n\t\t<\/div>\n\t\t\n\n\n\n<div class=\"wp-block-teft-file icon-link-block\"><a href=\"https:\/\/hoyre.no\/content\/uploads\/sites\/316\/2023\/05\/Stord-Hogre-program-2023-2027.pdf\" download><span class=\"file-title\">Her kan du lese v\u00e5rt valprogram for 2023-2027<\/span><span class=\"file-name\"><\/span><\/a><\/div>\n\n","protected":false},"excerpt":{"rendered":"","protected":false},"author":51320,"featured_media":0,"parent":0,"menu_order":0,"comment_status":"closed","ping_status":"closed","template":"","meta":{"teft_cards_image_url":"","teft_cards_custom_pretitle":"","teft_cards_image_id":0,"teft_cards_image_focal_point_x":0,"teft_cards_image_focal_point_y":0,"teft_cards_title":"","teft_cards_excerpt":"","teft_show_chapters":false,"footnotes":""},"class_list":["post-42","page","type-page","status-publish","hentry"],"yoast_head":"<!-- This site is optimized with the Yoast SEO plugin v26.6 - https:\/\/yoast.com\/wordpress\/plugins\/seo\/ -->\n<title>Politikk - Stord H\u00f8gre<\/title>\n<meta name=\"description\" content=\"her f\u00e5r du 8 gode grunnar til \u00e5 stemme H\u00f8gre p\u00e5 Stord.\" \/>\n<meta name=\"robots\" content=\"index, follow, max-snippet:-1, max-image-preview:large, max-video-preview:-1\" \/>\n<link rel=\"canonical\" href=\"https:\/\/hoyre.no\/stord\/politikk\/\" \/>\n<meta property=\"og:locale\" content=\"nn_NO\" \/>\n<meta property=\"og:type\" content=\"article\" \/>\n<meta property=\"og:title\" content=\"Politikk - Stord H\u00f8gre\" \/>\n<meta property=\"og:description\" content=\"her f\u00e5r du 8 gode grunnar til \u00e5 stemme H\u00f8gre p\u00e5 Stord.\" \/>\n<meta property=\"og:url\" content=\"https:\/\/hoyre.no\/stord\/politikk\/\" \/>\n<meta property=\"og:site_name\" content=\"Stord H\u00f8gre\" \/>\n<meta property=\"article:modified_time\" content=\"2025-02-14T12:10:32+00:00\" \/>\n<meta property=\"og:image\" content=\"https:\/\/hoyre.no\/content\/uploads\/sites\/316\/2022\/11\/Hoyres-logo.png\" \/>\n\t<meta property=\"og:image:width\" content=\"1000\" \/>\n\t<meta property=\"og:image:height\" content=\"1000\" \/>\n\t<meta property=\"og:image:type\" content=\"image\/png\" \/>\n<meta name=\"twitter:card\" content=\"summary_large_image\" \/>\n<meta name=\"twitter:label1\" content=\"Est. reading time\" \/>\n\t<meta name=\"twitter:data1\" content=\"5 minutt\" \/>\n<script type=\"application\/ld+json\" class=\"yoast-schema-graph\">{\"@context\":\"https:\/\/schema.org\",\"@graph\":[{\"@type\":\"WebPage\",\"@id\":\"https:\/\/hoyre.no\/stord\/politikk\/\",\"url\":\"https:\/\/hoyre.no\/stord\/politikk\/\",\"name\":\"Politikk - Stord H\u00f8gre\",\"isPartOf\":{\"@id\":\"https:\/\/hoyre.no\/stord\/#website\"},\"datePublished\":\"2023-05-02T10:49:00+00:00\",\"dateModified\":\"2025-02-14T12:10:32+00:00\",\"description\":\"her f\u00e5r du 8 gode grunnar til \u00e5 stemme H\u00f8gre p\u00e5 Stord.\",\"breadcrumb\":{\"@id\":\"https:\/\/hoyre.no\/stord\/politikk\/#breadcrumb\"},\"inLanguage\":\"nn-NO\",\"potentialAction\":[{\"@type\":\"ReadAction\",\"target\":[\"https:\/\/hoyre.no\/stord\/politikk\/\"]}]},{\"@type\":\"BreadcrumbList\",\"@id\":\"https:\/\/hoyre.no\/stord\/politikk\/#breadcrumb\",\"itemListElement\":[{\"@type\":\"ListItem\",\"position\":1,\"name\":\"Til hoyre.no\",\"item\":\"https:\/\/hoyre.no\"},{\"@type\":\"ListItem\",\"position\":2,\"name\":\"Hjem\",\"item\":\"https:\/\/hoyre.no\/stord\/\"},{\"@type\":\"ListItem\",\"position\":3,\"name\":\"Politikk\"}]},{\"@type\":\"WebSite\",\"@id\":\"https:\/\/hoyre.no\/stord\/#website\",\"url\":\"https:\/\/hoyre.no\/stord\/\",\"name\":\"Stord H\u00f8gre\",\"description\":\"Bare enda et H\u00f8yres nettsteder-nettsted\",\"inLanguage\":\"nn-NO\"}]}<\/script>\n<!-- \/ Yoast SEO plugin. -->","yoast_head_json":{"title":"Politikk - Stord H\u00f8gre","description":"her f\u00e5r du 8 gode grunnar til \u00e5 stemme H\u00f8gre p\u00e5 Stord.","robots":{"index":"index","follow":"follow","max-snippet":"max-snippet:-1","max-image-preview":"max-image-preview:large","max-video-preview":"max-video-preview:-1"},"canonical":"https:\/\/hoyre.no\/stord\/politikk\/","og_locale":"nn_NO","og_type":"article","og_title":"Politikk - Stord H\u00f8gre","og_description":"her f\u00e5r du 8 gode grunnar til \u00e5 stemme H\u00f8gre p\u00e5 Stord.","og_url":"https:\/\/hoyre.no\/stord\/politikk\/","og_site_name":"Stord H\u00f8gre","article_modified_time":"2025-02-14T12:10:32+00:00","og_image":[{"width":1000,"height":1000,"url":"https:\/\/hoyre.no\/content\/uploads\/sites\/316\/2022\/11\/Hoyres-logo.png","type":"image\/png"}],"twitter_card":"summary_large_image","twitter_misc":{"Est. reading time":"5 minutt"},"schema":{"@context":"https:\/\/schema.org","@graph":[{"@type":"WebPage","@id":"https:\/\/hoyre.no\/stord\/politikk\/","url":"https:\/\/hoyre.no\/stord\/politikk\/","name":"Politikk - Stord H\u00f8gre","isPartOf":{"@id":"https:\/\/hoyre.no\/stord\/#website"},"datePublished":"2023-05-02T10:49:00+00:00","dateModified":"2025-02-14T12:10:32+00:00","description":"her f\u00e5r du 8 gode grunnar til \u00e5 stemme H\u00f8gre p\u00e5 Stord.","breadcrumb":{"@id":"https:\/\/hoyre.no\/stord\/politikk\/#breadcrumb"},"inLanguage":"nn-NO","potentialAction":[{"@type":"ReadAction","target":["https:\/\/hoyre.no\/stord\/politikk\/"]}]},{"@type":"BreadcrumbList","@id":"https:\/\/hoyre.no\/stord\/politikk\/#breadcrumb","itemListElement":[{"@type":"ListItem","position":1,"name":"Til hoyre.no","item":"https:\/\/hoyre.no"},{"@type":"ListItem","position":2,"name":"Hjem","item":"https:\/\/hoyre.no\/stord\/"},{"@type":"ListItem","position":3,"name":"Politikk"}]},{"@type":"WebSite","@id":"https:\/\/hoyre.no\/stord\/#website","url":"https:\/\/hoyre.no\/stord\/","name":"Stord H\u00f8gre","description":"Bare enda et H\u00f8yres nettsteder-nettsted","inLanguage":"nn-NO"}]}},"distributor_meta":false,"distributor_terms":false,"distributor_media":false,"distributor_original_site_name":"Stord H\u00f8gre","distributor_original_site_url":"https:\/\/hoyre.no\/stord","push-errors":false,"_links":{"self":[{"href":"https:\/\/hoyre.no\/stord\/wp-json\/wp\/v2\/pages\/42","targetHints":{"allow":["GET"]}}],"collection":[{"href":"https:\/\/hoyre.no\/stord\/wp-json\/wp\/v2\/pages"}],"about":[{"href":"https:\/\/hoyre.no\/stord\/wp-json\/wp\/v2\/types\/page"}],"author":[{"embeddable":true,"href":"https:\/\/hoyre.no\/stord\/wp-json\/wp\/v2\/users\/51320"}],"replies":[{"embeddable":true,"href":"https:\/\/hoyre.no\/stord\/wp-json\/wp\/v2\/comments?post=42"}],"version-history":[{"count":8,"href":"https:\/\/hoyre.no\/stord\/wp-json\/wp\/v2\/pages\/42\/revisions"}],"predecessor-version":[{"id":96,"href":"https:\/\/hoyre.no\/stord\/wp-json\/wp\/v2\/pages\/42\/revisions\/96"}],"wp:attachment":[{"href":"https:\/\/hoyre.no\/stord\/wp-json\/wp\/v2\/media?parent=42"}],"curies":[{"name":"wp","href":"https:\/\/api.w.org\/{rel}","templated":true}]}}