{"id":162,"date":"2021-05-03T22:45:50","date_gmt":"2021-05-03T20:45:50","guid":{"rendered":"https:\/\/hoyre.no\/trondheim\/?post_type=teft-events&#038;p=162"},"modified":"2021-05-04T17:03:04","modified_gmt":"2021-05-04T15:03:04","slug":"bli-med-pa-hoyrewalk","status":"publish","type":"teft-events","link":"https:\/\/hoyre.no\/trondheim\/arrangementer\/bli-med-pa-hoyrewalk\/","title":{"rendered":"Bli med p\u00e5 H\u00f8yreWalk!"},"content":{"rendered":"\n<div class=\"wp-block-teft-event-top\">\n\n<div class=\"teft-event-date-top\">\n<div class=\"teft-event-date-wrapper\">\n\t<div class=\"date-square\" aria-hidden=\"true\">\n\t\t08\t\t\t<\/div>\n<\/div>\n\t<div class=\"top-text\">\n\t\t\t\t\t<p class=\"top-date-text\">l\u00f8rdag 08. mai 2021<\/p>\n\t\t\t\t\t\t\t<p class=\"top-time-text\">12:00 &#8211; 14:00<\/p>\n\t\t\t\t\t\t<\/div>\n\t\t<div class=\"sharing\">\n\t\t<a class=\"share-button share-link copy-link\" data-copy=\"https:\/\/hoyre.no\/trondheim\/arrangementer\/bli-med-pa-hoyrewalk\/\" target=\"_blank\"><span class=\"screen-reader-text\">Del link<\/span><\/a>\n\t\t<a class=\"share-button share-twitter\" href=\"http:\/\/twitter.com\/share?text=Bli med p\u00e5 H\u00f8yreWalk!&#038;url=https:\/\/hoyre.no\/trondheim\/arrangementer\/bli-med-pa-hoyrewalk\/&#038;hashtags=Hoyre\" target=\"_blank\"><span class=\"screen-reader-text\">Del p\u00e5 twitter<\/span><\/a>\n\t\t<a class=\"share-button share-facebook\" href=\"https:\/\/www.facebook.com\/sharer\/sharer.php?u=https:\/\/hoyre.no\/trondheim\/arrangementer\/bli-med-pa-hoyrewalk\/\" target=\"_blank\"><span class=\"screen-reader-text\">Del p\u00e5 facebook<\/span><\/a>\n\t<\/div>\n\t<\/div>\n<p class=\"preamble\">Vi gjentar suksessen fra tidligere og inviterer til ny H\u00f8yreWalk. P\u00e5 vegne av Trondheim H\u00f8yre inviterer stortingsrepresentant Mari Holm L\u00f8nseth deg til \u00e5 g\u00e5 l\u00f8rdagsturen sammen med seg og bidra til \u00e5 gj\u00f8re H\u00f8yre synlig i bybildet.<\/p><figure class=\"hoyre-image-wrapper\"><div class=\"hoyre-image\"><img loading=\"lazy\" decoding=\"async\" width=\"2048\" height=\"1536\" src=\"https:\/\/hoyre.no\/content\/uploads\/sites\/272\/2021\/05\/hoyre-walk.jpg\" class=\"attachment-scaled size-scaled\" alt=\"\" style=\"object-position: 50% 50%\" srcset=\"https:\/\/hoyre.no\/content\/uploads\/sites\/272\/2021\/05\/hoyre-walk.jpg 2048w, https:\/\/hoyre.no\/content\/uploads\/sites\/272\/2021\/05\/hoyre-walk-300x225.jpg 300w, https:\/\/hoyre.no\/content\/uploads\/sites\/272\/2021\/05\/hoyre-walk-1024x768.jpg 1024w, https:\/\/hoyre.no\/content\/uploads\/sites\/272\/2021\/05\/hoyre-walk-768x576.jpg 768w, https:\/\/hoyre.no\/content\/uploads\/sites\/272\/2021\/05\/hoyre-walk-1536x1152.jpg 1536w\" sizes=\"auto, (max-width: 2048px) 100vw, 2048px\" \/><\/div><\/figure>\n\n<div class=\"panel teft-details-panel\">\n\t\t<h3>Detaljer<\/h3>\n\n\t\t\t\t\t<dl class=\"info-misc-with-icons\">\n\t\t\t\t<dt class=\"venue\"><span class=\"screen-reader-text\">Stedet<\/span><\/dt>\n\t\t\t\t<dd>\n\t\t\t\t\t\t\t\t\t\t\t<span class=\"address-line-1\">H\u00f8yres kontor i Fjordgata 7<\/span>\n\t\t\t\t\t\t\t\t\t\t\t\t\t\t<\/dd>\n\t\t\t<\/dl>\n\t\t\t\t\t\t\t<dl class=\"info-misc-with-icons\">\n\t\t<dt class=\"time\"><span class=\"screen-reader-text\">Arrangement dato<\/span><\/dt>\n\t\t<dd class=\"time\">\n\t\t\tl\u00f8r 8. mai 2021 fra  12:00 &#8211; 14:00\t\t<\/dd>\n\t<\/dl>\n\t\t\t\t\t\t<dl class=\"info-misc-with-icons\">\n\t\t<dt class=\"registration\"><span class=\"screen-reader-text\">P\u00e5meldingsdetajer<\/span><\/dt>\n\t\t<dd class=\"registration\">\n\t\t\tGratis\t\t\t\t\t<\/dd>\n\t<\/dl>\n\t\t<\/dl>\n<\/div>\n<\/div>\n\n\n\n\n<h2 class=\"wp-block-heading\">Informasjon<\/h2>\n\n\n\n<p>Dette er en fin anledning til \u00e5 m\u00f8te gamle eller nye H\u00f8yre-venner og \u00e5 vise velgerne at vi i H\u00f8yre er klare. Vi tar p\u00e5 oss bl\u00e5 H\u00f8yre-jakker, deler oss inn i sm\u00e5 grupper og g\u00e5r en liten l\u00f8rdagstur sammen.<\/p>\n\n\n\n<p>Vi f\u00f8lger selvf\u00f8lgelig smittevernreglene. Vi begrenser antallet personer, deler oss inn i sm\u00e5 grupper, holder god avstand og har antibac lett tilgjengelig. Kjenner du p\u00e5 luftveissymptomer ber vi deg om \u00e5 st\u00e5 over denne turen og heller bli med oss neste gang.<\/p>\n\n\n\n<p>Vi m\u00f8tes <strong>l\u00f8rdag 8. mai kl. 12.00<\/strong> p\u00e5 H\u00f8yres kontor i Fjordgata 7, og holder p\u00e5 til ca. kl.14. Vi har H\u00f8yre-jakker du kan l\u00e5ne, eller ta med din egen hvis du har.<\/p>\n\n\n\n<p>Vil du v\u00e6re med gir du beskjed til <strong>Thomas Sakshaug <\/strong>p\u00e5 SMS eller e-post innen fredag\u00a0<a href=\"\/\/6\">7.mai<\/a>\u00a0<a href=\"\/\/7\">kl.20<\/a>. Tlf:\u00a0<a href=\"tel:452%2044%20875\">452 44 875<\/a>\u00a0eller e-post:\u00a0<strong><a href=\"mailto:thosaks@gmail.com\">thosaks@gmail.com<\/a>.<\/strong>.<\/p>\n\n\n\n<p>Vel m\u00f8tt \ud83d\ude42<\/p>\n\n\n<div class=\"post-meta wp-block\">\n\t<div class=\"top\">\n\t\t<div class=\"sharing\">\n\t\t\t<a class=\"share-button share-link\" target=\"_blank\"><span class=\"screen-reader-text\">Del link<\/span><\/a>\n\t\t\t<a class=\"share-button share-twitter\" href=\"http:\/\/twitter.com\/share?text=Bli med p\u00e5 H\u00f8yreWalk!&#038;url=https:\/\/hoyre.no\/trondheim\/arrangementer\/bli-med-pa-hoyrewalk\/&#038;hashtags=Hoyre\"><span class=\"screen-reader-text\">Del p\u00e5 twitter<\/span><\/a>\n\t\t\t<a class=\"share-button share-facebook\" href=\"https:\/\/www.facebook.com\/sharer\/sharer.php?u=https:\/\/hoyre.no\/trondheim\/arrangementer\/bli-med-pa-hoyrewalk\/\" target=\"_blank\"><span class=\"screen-reader-text\">Del p\u00e5 facebook<\/span><\/a>\n\t\t<\/div>\n\t<\/div>\n<\/div>\n","protected":false},"template":"","meta":{"teft_cards_image_url":"","teft_cards_custom_pretitle":"","teft_cards_image_id":163,"teft_cards_image_focal_point_x":0.5,"teft_cards_image_focal_point_y":0.5,"teft_cards_title":"","teft_cards_excerpt":"","teft_show_chapters":false,"event_organizer":[],"event_start_date":"2021-05-08T12:00:00","event_end_date":"2021-05-08T14:00:00","event_registration_url":"","event_registration_deadline":"","event_ticket_cost":"Gratis","event_venue_name":"H\u00f8yres kontor i Fjordgata 7","event_venue_url":"","event_venue_address":""},"teft-events-category":[],"class_list":["post-162","teft-events","type-teft-events","status-publish","hentry"],"yoast_head":"<!-- This site is optimized with the Yoast SEO plugin v26.6 - https:\/\/yoast.com\/wordpress\/plugins\/seo\/ -->\n<title>Bli med p\u00e5 H\u00f8yreWalk! - Trondheim H\u00f8yre<\/title>\n<meta name=\"robots\" content=\"index, follow, max-snippet:-1, max-image-preview:large, max-video-preview:-1\" \/>\n<link rel=\"canonical\" href=\"https:\/\/hoyre.no\/trondheim\/arrangementer\/bli-med-pa-hoyrewalk\/\" \/>\n<meta property=\"og:locale\" content=\"nb_NO\" \/>\n<meta property=\"og:type\" content=\"article\" \/>\n<meta property=\"og:title\" content=\"Bli med p\u00e5 H\u00f8yreWalk! - Trondheim H\u00f8yre\" \/>\n<meta property=\"og:url\" content=\"https:\/\/hoyre.no\/trondheim\/arrangementer\/bli-med-pa-hoyrewalk\/\" \/>\n<meta property=\"og:site_name\" content=\"Trondheim H\u00f8yre\" \/>\n<meta property=\"article:modified_time\" content=\"2021-05-04T15:03:04+00:00\" \/>\n<meta property=\"og:image\" content=\"https:\/\/hoyre.no\/content\/uploads\/sites\/272\/2021\/05\/hoyre-walk-1024x768.jpg\" \/>\n<meta name=\"twitter:card\" content=\"summary_large_image\" \/>\n<meta name=\"twitter:label1\" content=\"Ansl. lesetid\" \/>\n\t<meta name=\"twitter:data1\" content=\"1 minutt\" \/>\n<script type=\"application\/ld+json\" class=\"yoast-schema-graph\">{\"@context\":\"https:\/\/schema.org\",\"@graph\":[{\"@type\":\"WebPage\",\"@id\":\"https:\/\/hoyre.no\/trondheim\/arrangementer\/bli-med-pa-hoyrewalk\/\",\"url\":\"https:\/\/hoyre.no\/trondheim\/arrangementer\/bli-med-pa-hoyrewalk\/\",\"name\":\"Bli med p\u00e5 H\u00f8yreWalk! - Trondheim H\u00f8yre\",\"isPartOf\":{\"@id\":\"https:\/\/hoyre.no\/trondheim\/#website\"},\"datePublished\":\"2021-05-03T20:45:50+00:00\",\"dateModified\":\"2021-05-04T15:03:04+00:00\",\"breadcrumb\":{\"@id\":\"https:\/\/hoyre.no\/trondheim\/arrangementer\/bli-med-pa-hoyrewalk\/#breadcrumb\"},\"inLanguage\":\"nb-NO\",\"potentialAction\":[{\"@type\":\"ReadAction\",\"target\":[\"https:\/\/hoyre.no\/trondheim\/arrangementer\/bli-med-pa-hoyrewalk\/\"]}]},{\"@type\":\"BreadcrumbList\",\"@id\":\"https:\/\/hoyre.no\/trondheim\/arrangementer\/bli-med-pa-hoyrewalk\/#breadcrumb\",\"itemListElement\":[{\"@type\":\"ListItem\",\"position\":1,\"name\":\"Til hoyre.no\",\"item\":\"https:\/\/hoyre.no\"},{\"@type\":\"ListItem\",\"position\":2,\"name\":\"Hjem\",\"item\":\"https:\/\/hoyre.no\/trondheim\/\"},{\"@type\":\"ListItem\",\"position\":3,\"name\":\"Arrangement\",\"item\":\"https:\/\/hoyre.no\/trondheim\/arrangementer\/\"},{\"@type\":\"ListItem\",\"position\":4,\"name\":\"Bli med p\u00e5 H\u00f8yreWalk!\"}]},{\"@type\":\"WebSite\",\"@id\":\"https:\/\/hoyre.no\/trondheim\/#website\",\"url\":\"https:\/\/hoyre.no\/trondheim\/\",\"name\":\"Trondheim H\u00f8yre\",\"description\":\"Bare enda et H\u00f8yres nettsteder-nettsted\",\"inLanguage\":\"nb-NO\"}]}<\/script>\n<!-- \/ Yoast SEO plugin. -->","yoast_head_json":{"title":"Bli med p\u00e5 H\u00f8yreWalk! - Trondheim H\u00f8yre","robots":{"index":"index","follow":"follow","max-snippet":"max-snippet:-1","max-image-preview":"max-image-preview:large","max-video-preview":"max-video-preview:-1"},"canonical":"https:\/\/hoyre.no\/trondheim\/arrangementer\/bli-med-pa-hoyrewalk\/","og_locale":"nb_NO","og_type":"article","og_title":"Bli med p\u00e5 H\u00f8yreWalk! - Trondheim H\u00f8yre","og_url":"https:\/\/hoyre.no\/trondheim\/arrangementer\/bli-med-pa-hoyrewalk\/","og_site_name":"Trondheim H\u00f8yre","article_modified_time":"2021-05-04T15:03:04+00:00","og_image":[{"url":"https:\/\/hoyre.no\/content\/uploads\/sites\/272\/2021\/05\/hoyre-walk-1024x768.jpg","width":"","height":"","type":""}],"twitter_card":"summary_large_image","twitter_misc":{"Ansl. lesetid":"1 minutt"},"schema":{"@context":"https:\/\/schema.org","@graph":[{"@type":"WebPage","@id":"https:\/\/hoyre.no\/trondheim\/arrangementer\/bli-med-pa-hoyrewalk\/","url":"https:\/\/hoyre.no\/trondheim\/arrangementer\/bli-med-pa-hoyrewalk\/","name":"Bli med p\u00e5 H\u00f8yreWalk! - Trondheim H\u00f8yre","isPartOf":{"@id":"https:\/\/hoyre.no\/trondheim\/#website"},"datePublished":"2021-05-03T20:45:50+00:00","dateModified":"2021-05-04T15:03:04+00:00","breadcrumb":{"@id":"https:\/\/hoyre.no\/trondheim\/arrangementer\/bli-med-pa-hoyrewalk\/#breadcrumb"},"inLanguage":"nb-NO","potentialAction":[{"@type":"ReadAction","target":["https:\/\/hoyre.no\/trondheim\/arrangementer\/bli-med-pa-hoyrewalk\/"]}]},{"@type":"BreadcrumbList","@id":"https:\/\/hoyre.no\/trondheim\/arrangementer\/bli-med-pa-hoyrewalk\/#breadcrumb","itemListElement":[{"@type":"ListItem","position":1,"name":"Til hoyre.no","item":"https:\/\/hoyre.no"},{"@type":"ListItem","position":2,"name":"Hjem","item":"https:\/\/hoyre.no\/trondheim\/"},{"@type":"ListItem","position":3,"name":"Arrangement","item":"https:\/\/hoyre.no\/trondheim\/arrangementer\/"},{"@type":"ListItem","position":4,"name":"Bli med p\u00e5 H\u00f8yreWalk!"}]},{"@type":"WebSite","@id":"https:\/\/hoyre.no\/trondheim\/#website","url":"https:\/\/hoyre.no\/trondheim\/","name":"Trondheim H\u00f8yre","description":"Bare enda et H\u00f8yres nettsteder-nettsted","inLanguage":"nb-NO"}]}},"distributor_meta":false,"distributor_terms":false,"distributor_media":false,"distributor_original_site_name":"Trondheim H\u00f8yre","distributor_original_site_url":"https:\/\/hoyre.no\/trondheim","push-errors":false,"_links":{"self":[{"href":"https:\/\/hoyre.no\/trondheim\/wp-json\/wp\/v2\/teft-events\/162","targetHints":{"allow":["GET"]}}],"collection":[{"href":"https:\/\/hoyre.no\/trondheim\/wp-json\/wp\/v2\/teft-events"}],"about":[{"href":"https:\/\/hoyre.no\/trondheim\/wp-json\/wp\/v2\/types\/teft-events"}],"wp:attachment":[{"href":"https:\/\/hoyre.no\/trondheim\/wp-json\/wp\/v2\/media?parent=162"}],"wp:term":[{"taxonomy":"teft-events-category","embeddable":true,"href":"https:\/\/hoyre.no\/trondheim\/wp-json\/wp\/v2\/teft-events-category?post=162"}],"curies":[{"name":"wp","href":"https:\/\/api.w.org\/{rel}","templated":true}]}}