{"id":246,"date":"2022-03-07T13:37:40","date_gmt":"2022-03-07T12:37:40","guid":{"rendered":"https:\/\/hoyre.no\/trondheim\/?post_type=teft-events&#038;p=246"},"modified":"2022-03-07T13:38:20","modified_gmt":"2022-03-07T12:38:20","slug":"medlemsmote-og-ekstraordinaert-arsmote","status":"publish","type":"teft-events","link":"https:\/\/hoyre.no\/trondheim\/arrangementer\/medlemsmote-og-ekstraordinaert-arsmote\/","title":{"rendered":"Medlemsm\u00f8te og ekstraordin\u00e6rt \u00e5rsm\u00f8te!"},"content":{"rendered":"\n<div class=\"wp-block-teft-event-top\">\n\n<div class=\"teft-event-date-top\">\n<div class=\"teft-event-date-wrapper\">\n\t<div class=\"date-square\" aria-hidden=\"true\">\n\t\t22\t\t\t<\/div>\n<\/div>\n\t<div class=\"top-text\">\n\t\t\t\t\t<p class=\"top-date-text\">tirsdag 22. mars 2022<\/p>\n\t\t\t\t\t\t\t<p class=\"top-time-text\">17:00 &#8211; 19:00<\/p>\n\t\t\t\t\t\t<\/div>\n\t\t<div class=\"sharing\">\n\t\t<a class=\"share-button share-link copy-link\" data-copy=\"https:\/\/hoyre.no\/trondheim\/arrangementer\/medlemsmote-og-ekstraordinaert-arsmote\/\" target=\"_blank\"><span class=\"screen-reader-text\">Del link<\/span><\/a>\n\t\t<a class=\"share-button share-twitter\" href=\"http:\/\/twitter.com\/share?text=Medlemsm\u00f8te og ekstraordin\u00e6rt \u00e5rsm\u00f8te!&#038;url=https:\/\/hoyre.no\/trondheim\/arrangementer\/medlemsmote-og-ekstraordinaert-arsmote\/&#038;hashtags=Hoyre\" target=\"_blank\"><span class=\"screen-reader-text\">Del p\u00e5 twitter<\/span><\/a>\n\t\t<a class=\"share-button share-facebook\" href=\"https:\/\/www.facebook.com\/sharer\/sharer.php?u=https:\/\/hoyre.no\/trondheim\/arrangementer\/medlemsmote-og-ekstraordinaert-arsmote\/\" target=\"_blank\"><span class=\"screen-reader-text\">Del p\u00e5 facebook<\/span><\/a>\n\t<\/div>\n\t<\/div>\n<p class=\"preamble\">Velkommen til medlemsm\u00f8te med Henrik Asheim og ekstraordin\u00e6rt \u00e5rsm\u00f8te 22. mars 2022.<\/p><figure class=\"hoyre-image-wrapper\"><div class=\"hoyre-image\"><img loading=\"lazy\" decoding=\"async\" width=\"2047\" height=\"1365\" src=\"https:\/\/hoyre.no\/content\/uploads\/sites\/272\/2022\/03\/51325509281_5090ce9bf7_k.jpg\" class=\"attachment-scaled size-scaled\" alt=\"\" style=\"object-position: 50% 50%\" srcset=\"https:\/\/hoyre.no\/content\/uploads\/sites\/272\/2022\/03\/51325509281_5090ce9bf7_k.jpg 2047w, https:\/\/hoyre.no\/content\/uploads\/sites\/272\/2022\/03\/51325509281_5090ce9bf7_k-300x200.jpg 300w, https:\/\/hoyre.no\/content\/uploads\/sites\/272\/2022\/03\/51325509281_5090ce9bf7_k-1024x683.jpg 1024w, https:\/\/hoyre.no\/content\/uploads\/sites\/272\/2022\/03\/51325509281_5090ce9bf7_k-768x512.jpg 768w, https:\/\/hoyre.no\/content\/uploads\/sites\/272\/2022\/03\/51325509281_5090ce9bf7_k-1536x1024.jpg 1536w\" sizes=\"auto, (max-width: 2047px) 100vw, 2047px\" \/><\/div><\/figure>\n\n<div class=\"panel teft-details-panel\">\n\t\t<h3>Detaljer<\/h3>\n\n\t\t\t\t\t<dl class=\"info-misc-with-icons\">\n\t\t\t\t<dt class=\"venue\"><span class=\"screen-reader-text\">Stedet<\/span><\/dt>\n\t\t\t\t<dd>\n\t\t\t\t\t\t\t\t\t\t\t<span class=\"address-line-1\">Bystyresalen i R\u00e5dhuset, Munkegt. 1.<\/span>\n\t\t\t\t\t\t\t\t\t\t\t\t\t\t<\/dd>\n\t\t\t<\/dl>\n\t\t\t\t\t\t\t<dl class=\"info-misc-with-icons\">\n\t\t<dt class=\"time\"><span class=\"screen-reader-text\">Arrangement dato<\/span><\/dt>\n\t\t<dd class=\"time\">\n\t\t\ttir 22. mars 2022 fra  17:00 &#8211; 19:00\t\t<\/dd>\n\t<\/dl>\n\t\t\t\t<\/dl>\n<\/div>\n<\/div>\n\n\n\n\n<h2 class=\"wp-block-heading\">Informasjon<\/h2>\n\n\n\n<p>Det innkalles til ekstraordin\u00e6rt \u00e5rsm\u00f8te for \u00e5 gjennomf\u00f8re valg av 8 representanter og 8 vararepresentanter til Tr\u00f8ndelag H\u00f8yres fylkesstyre, samt gjennomf\u00f8re vedtektsendringer for \u00e5 tilpasse Tr\u00f8ndelag H\u00f8yres nye vedtekter.<br><br>Det m\u00e5 velges representanter til Tr\u00f8ndelag H\u00f8yres fylkesstyre som f\u00f8lge av at Tr\u00f8ndelag H\u00f8yre p\u00e5 fylkes\u00e5rsm\u00f8tet vedtok nye vedtekter. Fylkesstyret skal n\u00e5 blant annet best\u00e5 av lokalforeningsledere, gruppeledere og egne representanter fra Trondheim H\u00f8yre.<\/p>\n\n\n\n<p><strong>Saksliste til \u00e5rsm\u00f8tet:<\/strong><\/p>\n\n\n\n<ol class=\"wp-block-list\"><li>Godkjenning av innkalling og dagsorden<\/li><li>Konstituering<ul><li>Valg av dirigent, referent, tellekorps og protokollunderskrivere<\/li><\/ul><\/li><li>Vedtektsendringer Trondheim H\u00f8yre<\/li><li>Valg av representanter til fylkesstyret<ul><li>Valgkomiteens innstilling<\/li><li>Valg<\/li><\/ul><\/li><\/ol>\n\n\n\n<p>Ekstraordin\u00e6rt \u00e5rsm\u00f8te skal kun behandle sakene som er varslet i innkallingen.<\/p>\n\n\n<div class=\"post-meta wp-block\">\n\t<div class=\"top\">\n\t\t<div class=\"sharing\">\n\t\t\t<a class=\"share-button share-link\" target=\"_blank\"><span class=\"screen-reader-text\">Del link<\/span><\/a>\n\t\t\t<a class=\"share-button share-twitter\" href=\"http:\/\/twitter.com\/share?text=Medlemsm\u00f8te og ekstraordin\u00e6rt \u00e5rsm\u00f8te!&#038;url=https:\/\/hoyre.no\/trondheim\/arrangementer\/medlemsmote-og-ekstraordinaert-arsmote\/&#038;hashtags=Hoyre\"><span class=\"screen-reader-text\">Del p\u00e5 twitter<\/span><\/a>\n\t\t\t<a class=\"share-button share-facebook\" href=\"https:\/\/www.facebook.com\/sharer\/sharer.php?u=https:\/\/hoyre.no\/trondheim\/arrangementer\/medlemsmote-og-ekstraordinaert-arsmote\/\" target=\"_blank\"><span class=\"screen-reader-text\">Del p\u00e5 facebook<\/span><\/a>\n\t\t<\/div>\n\t<\/div>\n<\/div>\n","protected":false},"template":"","meta":{"teft_cards_image_url":"","teft_cards_custom_pretitle":"","teft_cards_image_id":244,"teft_cards_image_focal_point_x":0.5,"teft_cards_image_focal_point_y":0.5,"teft_cards_title":"","teft_cards_excerpt":"","teft_show_chapters":false,"event_organizer":[],"event_start_date":"2022-03-22T17:00:00","event_end_date":"2022-03-22T19:00:00","event_registration_url":"","event_registration_deadline":"","event_ticket_cost":"","event_venue_name":"Bystyresalen i R\u00e5dhuset, Munkegt. 1.","event_venue_url":"","event_venue_address":""},"teft-events-category":[],"class_list":["post-246","teft-events","type-teft-events","status-publish","hentry"],"yoast_head":"<!-- This site is optimized with the Yoast SEO plugin v26.6 - https:\/\/yoast.com\/wordpress\/plugins\/seo\/ -->\n<title>Medlemsm\u00f8te og ekstraordin\u00e6rt \u00e5rsm\u00f8te! - Trondheim H\u00f8yre<\/title>\n<meta name=\"robots\" content=\"index, follow, max-snippet:-1, max-image-preview:large, max-video-preview:-1\" \/>\n<link rel=\"canonical\" href=\"https:\/\/hoyre.no\/trondheim\/arrangementer\/medlemsmote-og-ekstraordinaert-arsmote\/\" \/>\n<meta property=\"og:locale\" content=\"nb_NO\" \/>\n<meta property=\"og:type\" content=\"article\" \/>\n<meta property=\"og:title\" content=\"Medlemsm\u00f8te og ekstraordin\u00e6rt \u00e5rsm\u00f8te! - Trondheim H\u00f8yre\" \/>\n<meta property=\"og:url\" content=\"https:\/\/hoyre.no\/trondheim\/arrangementer\/medlemsmote-og-ekstraordinaert-arsmote\/\" \/>\n<meta property=\"og:site_name\" content=\"Trondheim H\u00f8yre\" \/>\n<meta property=\"article:modified_time\" content=\"2022-03-07T12:38:20+00:00\" \/>\n<meta property=\"og:image\" content=\"https:\/\/hoyre.no\/content\/uploads\/sites\/272\/2022\/03\/51325509281_5090ce9bf7_k-1024x683.jpg\" \/>\n<meta name=\"twitter:card\" content=\"summary_large_image\" \/>\n<meta name=\"twitter:label1\" content=\"Ansl. lesetid\" \/>\n\t<meta name=\"twitter:data1\" content=\"1 minutt\" \/>\n<script type=\"application\/ld+json\" class=\"yoast-schema-graph\">{\"@context\":\"https:\/\/schema.org\",\"@graph\":[{\"@type\":\"WebPage\",\"@id\":\"https:\/\/hoyre.no\/trondheim\/arrangementer\/medlemsmote-og-ekstraordinaert-arsmote\/\",\"url\":\"https:\/\/hoyre.no\/trondheim\/arrangementer\/medlemsmote-og-ekstraordinaert-arsmote\/\",\"name\":\"Medlemsm\u00f8te og ekstraordin\u00e6rt \u00e5rsm\u00f8te! - Trondheim H\u00f8yre\",\"isPartOf\":{\"@id\":\"https:\/\/hoyre.no\/trondheim\/#website\"},\"datePublished\":\"2022-03-07T12:37:40+00:00\",\"dateModified\":\"2022-03-07T12:38:20+00:00\",\"breadcrumb\":{\"@id\":\"https:\/\/hoyre.no\/trondheim\/arrangementer\/medlemsmote-og-ekstraordinaert-arsmote\/#breadcrumb\"},\"inLanguage\":\"nb-NO\",\"potentialAction\":[{\"@type\":\"ReadAction\",\"target\":[\"https:\/\/hoyre.no\/trondheim\/arrangementer\/medlemsmote-og-ekstraordinaert-arsmote\/\"]}]},{\"@type\":\"BreadcrumbList\",\"@id\":\"https:\/\/hoyre.no\/trondheim\/arrangementer\/medlemsmote-og-ekstraordinaert-arsmote\/#breadcrumb\",\"itemListElement\":[{\"@type\":\"ListItem\",\"position\":1,\"name\":\"Til hoyre.no\",\"item\":\"https:\/\/hoyre.no\"},{\"@type\":\"ListItem\",\"position\":2,\"name\":\"Hjem\",\"item\":\"https:\/\/hoyre.no\/trondheim\/\"},{\"@type\":\"ListItem\",\"position\":3,\"name\":\"Arrangement\",\"item\":\"https:\/\/hoyre.no\/trondheim\/arrangementer\/\"},{\"@type\":\"ListItem\",\"position\":4,\"name\":\"Medlemsm\u00f8te og ekstraordin\u00e6rt \u00e5rsm\u00f8te!\"}]},{\"@type\":\"WebSite\",\"@id\":\"https:\/\/hoyre.no\/trondheim\/#website\",\"url\":\"https:\/\/hoyre.no\/trondheim\/\",\"name\":\"Trondheim H\u00f8yre\",\"description\":\"Bare enda et H\u00f8yres nettsteder-nettsted\",\"inLanguage\":\"nb-NO\"}]}<\/script>\n<!-- \/ Yoast SEO plugin. -->","yoast_head_json":{"title":"Medlemsm\u00f8te og ekstraordin\u00e6rt \u00e5rsm\u00f8te! - Trondheim H\u00f8yre","robots":{"index":"index","follow":"follow","max-snippet":"max-snippet:-1","max-image-preview":"max-image-preview:large","max-video-preview":"max-video-preview:-1"},"canonical":"https:\/\/hoyre.no\/trondheim\/arrangementer\/medlemsmote-og-ekstraordinaert-arsmote\/","og_locale":"nb_NO","og_type":"article","og_title":"Medlemsm\u00f8te og ekstraordin\u00e6rt \u00e5rsm\u00f8te! - Trondheim H\u00f8yre","og_url":"https:\/\/hoyre.no\/trondheim\/arrangementer\/medlemsmote-og-ekstraordinaert-arsmote\/","og_site_name":"Trondheim H\u00f8yre","article_modified_time":"2022-03-07T12:38:20+00:00","og_image":[{"url":"https:\/\/hoyre.no\/content\/uploads\/sites\/272\/2022\/03\/51325509281_5090ce9bf7_k-1024x683.jpg","width":"","height":"","type":""}],"twitter_card":"summary_large_image","twitter_misc":{"Ansl. lesetid":"1 minutt"},"schema":{"@context":"https:\/\/schema.org","@graph":[{"@type":"WebPage","@id":"https:\/\/hoyre.no\/trondheim\/arrangementer\/medlemsmote-og-ekstraordinaert-arsmote\/","url":"https:\/\/hoyre.no\/trondheim\/arrangementer\/medlemsmote-og-ekstraordinaert-arsmote\/","name":"Medlemsm\u00f8te og ekstraordin\u00e6rt \u00e5rsm\u00f8te! - Trondheim H\u00f8yre","isPartOf":{"@id":"https:\/\/hoyre.no\/trondheim\/#website"},"datePublished":"2022-03-07T12:37:40+00:00","dateModified":"2022-03-07T12:38:20+00:00","breadcrumb":{"@id":"https:\/\/hoyre.no\/trondheim\/arrangementer\/medlemsmote-og-ekstraordinaert-arsmote\/#breadcrumb"},"inLanguage":"nb-NO","potentialAction":[{"@type":"ReadAction","target":["https:\/\/hoyre.no\/trondheim\/arrangementer\/medlemsmote-og-ekstraordinaert-arsmote\/"]}]},{"@type":"BreadcrumbList","@id":"https:\/\/hoyre.no\/trondheim\/arrangementer\/medlemsmote-og-ekstraordinaert-arsmote\/#breadcrumb","itemListElement":[{"@type":"ListItem","position":1,"name":"Til hoyre.no","item":"https:\/\/hoyre.no"},{"@type":"ListItem","position":2,"name":"Hjem","item":"https:\/\/hoyre.no\/trondheim\/"},{"@type":"ListItem","position":3,"name":"Arrangement","item":"https:\/\/hoyre.no\/trondheim\/arrangementer\/"},{"@type":"ListItem","position":4,"name":"Medlemsm\u00f8te og ekstraordin\u00e6rt \u00e5rsm\u00f8te!"}]},{"@type":"WebSite","@id":"https:\/\/hoyre.no\/trondheim\/#website","url":"https:\/\/hoyre.no\/trondheim\/","name":"Trondheim H\u00f8yre","description":"Bare enda et H\u00f8yres nettsteder-nettsted","inLanguage":"nb-NO"}]}},"distributor_meta":false,"distributor_terms":false,"distributor_media":false,"distributor_original_site_name":"Trondheim H\u00f8yre","distributor_original_site_url":"https:\/\/hoyre.no\/trondheim","push-errors":false,"_links":{"self":[{"href":"https:\/\/hoyre.no\/trondheim\/wp-json\/wp\/v2\/teft-events\/246","targetHints":{"allow":["GET"]}}],"collection":[{"href":"https:\/\/hoyre.no\/trondheim\/wp-json\/wp\/v2\/teft-events"}],"about":[{"href":"https:\/\/hoyre.no\/trondheim\/wp-json\/wp\/v2\/types\/teft-events"}],"wp:attachment":[{"href":"https:\/\/hoyre.no\/trondheim\/wp-json\/wp\/v2\/media?parent=246"}],"wp:term":[{"taxonomy":"teft-events-category","embeddable":true,"href":"https:\/\/hoyre.no\/trondheim\/wp-json\/wp\/v2\/teft-events-category?post=246"}],"curies":[{"name":"wp","href":"https:\/\/api.w.org\/{rel}","templated":true}]}}