{"id":250,"date":"2022-03-11T12:13:28","date_gmt":"2022-03-11T11:13:28","guid":{"rendered":"https:\/\/hoyre.no\/trondheim\/?post_type=teft-events&#038;p=250"},"modified":"2022-03-11T12:27:27","modified_gmt":"2022-03-11T11:27:27","slug":"apent-bydelsmote-pa-ranheim","status":"publish","type":"teft-events","link":"https:\/\/hoyre.no\/trondheim\/arrangementer\/apent-bydelsmote-pa-ranheim\/","title":{"rendered":"\u00c5pent bydelsm\u00f8te p\u00e5 Ranheim"},"content":{"rendered":"\n<div class=\"wp-block-teft-event-top\">\n\n<div class=\"teft-event-date-top\">\n<div class=\"teft-event-date-wrapper\">\n\t<div class=\"date-square\" aria-hidden=\"true\">\n\t\t15\t\t\t<\/div>\n<\/div>\n\t<div class=\"top-text\">\n\t\t\t\t\t<p class=\"top-date-text\">tirsdag 15. mars 2022<\/p>\n\t\t\t\t\t\t\t<p class=\"top-time-text\">18:00 &#8211; 20:00<\/p>\n\t\t\t\t\t\t<\/div>\n\t\t<div class=\"sharing\">\n\t\t<a class=\"share-button share-link copy-link\" data-copy=\"https:\/\/hoyre.no\/trondheim\/arrangementer\/apent-bydelsmote-pa-ranheim\/\" target=\"_blank\"><span class=\"screen-reader-text\">Del link<\/span><\/a>\n\t\t<a class=\"share-button share-twitter\" href=\"http:\/\/twitter.com\/share?text=\u00c5pent bydelsm\u00f8te p\u00e5 Ranheim&#038;url=https:\/\/hoyre.no\/trondheim\/arrangementer\/apent-bydelsmote-pa-ranheim\/&#038;hashtags=Hoyre\" target=\"_blank\"><span class=\"screen-reader-text\">Del p\u00e5 twitter<\/span><\/a>\n\t\t<a class=\"share-button share-facebook\" href=\"https:\/\/www.facebook.com\/sharer\/sharer.php?u=https:\/\/hoyre.no\/trondheim\/arrangementer\/apent-bydelsmote-pa-ranheim\/\" target=\"_blank\"><span class=\"screen-reader-text\">Del p\u00e5 facebook<\/span><\/a>\n\t<\/div>\n\t<\/div>\n<p class=\"preamble\">Velkommen til \u00e5pent bydelsm\u00f8te p\u00e5 Ranheim med Frank Lidahl og  Jo Erik \u00d8verby, tirsdag 15. mars kl. 18.00 -20.00 p\u00e5 Kulturtribunen Ranheim Arena. <\/p>\n\n<div class=\"panel teft-details-panel\">\n\t\t<h3>Detaljer<\/h3>\n\n\t\t\t\t\t<dl class=\"info-misc-with-icons\">\n\t\t\t\t<dt class=\"venue\"><span class=\"screen-reader-text\">Stedet<\/span><\/dt>\n\t\t\t\t<dd>\n\t\t\t\t\t\t\t\t\t\t\t<span class=\"address-line-1\">Kulturtribunen, Ranheim Arena<\/span>\n\t\t\t\t\t\t\t\t\t\t\t\t\t\t<\/dd>\n\t\t\t<\/dl>\n\t\t\t\t\t\t\t<dl class=\"info-misc-with-icons\">\n\t\t<dt class=\"time\"><span class=\"screen-reader-text\">Arrangement dato<\/span><\/dt>\n\t\t<dd class=\"time\">\n\t\t\ttir 15. mars 2022 fra  18:00 &#8211; 20:00\t\t<\/dd>\n\t<\/dl>\n\t\t\t\t<\/dl>\n<\/div>\n<\/div>\n\n\n\n\n<h2 class=\"wp-block-heading\">Informasjon<\/h2>\n\n\n\n<p>Frank Lidahl, daglig leder i Ranheim Fotball, innleder om bydelen og idretten. Jo Erik \u00d8verby, daglig leder i Sj\u00f8skogbekken barnehage, innleder om oppvekstmilj\u00f8 p\u00e5 Ranheim. Hva er bra i din bydel? Hva m\u00e5 bli bedre?<br><br>Alle bydeler fortjener gode bomilj\u00f8 med kulturtilbud, gr\u00f8ntomr\u00e5der, idretts- og fritidstilbud, gode boliger, trygge skoleveier og gode transportl\u00f8sninger.<br><br>Vi vil h\u00f8re dine innspill og gode ideer til hvordan vi kan utvikle Ranheim til \u00e5 bli en enda bedre bydel \u00e5 leve i!<br><br>Ta gjerne med deg en venn, eller fortell om m\u00f8te til noen som kan v\u00e6re interessert.<\/p>\n\n\n\n<p>Det blir enkel servering.<\/p>\n\n\n\n<p>Vel m\u00f8tt!<\/p>\n\n\n<div class=\"post-meta wp-block\">\n\t<div class=\"top\">\n\t\t<div class=\"sharing\">\n\t\t\t<a class=\"share-button share-link\" target=\"_blank\"><span class=\"screen-reader-text\">Del link<\/span><\/a>\n\t\t\t<a class=\"share-button share-twitter\" href=\"http:\/\/twitter.com\/share?text=\u00c5pent bydelsm\u00f8te p\u00e5 Ranheim&#038;url=https:\/\/hoyre.no\/trondheim\/arrangementer\/apent-bydelsmote-pa-ranheim\/&#038;hashtags=Hoyre\"><span class=\"screen-reader-text\">Del p\u00e5 twitter<\/span><\/a>\n\t\t\t<a class=\"share-button share-facebook\" href=\"https:\/\/www.facebook.com\/sharer\/sharer.php?u=https:\/\/hoyre.no\/trondheim\/arrangementer\/apent-bydelsmote-pa-ranheim\/\" target=\"_blank\"><span class=\"screen-reader-text\">Del p\u00e5 facebook<\/span><\/a>\n\t\t<\/div>\n\t<\/div>\n<\/div>\n","protected":false},"template":"","meta":{"teft_cards_image_url":"","teft_cards_custom_pretitle":"","teft_cards_image_id":252,"teft_cards_image_focal_point_x":0.5,"teft_cards_image_focal_point_y":0.5,"teft_cards_title":"","teft_cards_excerpt":"","teft_show_chapters":false,"event_organizer":[],"event_start_date":"2022-03-15T18:00:00","event_end_date":"2022-03-15T20:00:00","event_registration_url":"","event_registration_deadline":"","event_ticket_cost":"","event_venue_name":"Kulturtribunen, Ranheim Arena","event_venue_url":"","event_venue_address":""},"teft-events-category":[],"class_list":["post-250","teft-events","type-teft-events","status-publish","hentry"],"yoast_head":"<!-- This site is optimized with the Yoast SEO plugin v26.6 - https:\/\/yoast.com\/wordpress\/plugins\/seo\/ -->\n<title>\u00c5pent bydelsm\u00f8te p\u00e5 Ranheim - Trondheim H\u00f8yre<\/title>\n<meta name=\"robots\" content=\"index, follow, max-snippet:-1, max-image-preview:large, max-video-preview:-1\" \/>\n<link rel=\"canonical\" href=\"https:\/\/hoyre.no\/trondheim\/arrangementer\/apent-bydelsmote-pa-ranheim\/\" \/>\n<meta property=\"og:locale\" content=\"nb_NO\" \/>\n<meta property=\"og:type\" content=\"article\" \/>\n<meta property=\"og:title\" content=\"\u00c5pent bydelsm\u00f8te p\u00e5 Ranheim - Trondheim H\u00f8yre\" \/>\n<meta property=\"og:url\" content=\"https:\/\/hoyre.no\/trondheim\/arrangementer\/apent-bydelsmote-pa-ranheim\/\" \/>\n<meta property=\"og:site_name\" content=\"Trondheim H\u00f8yre\" \/>\n<meta property=\"article:modified_time\" content=\"2022-03-11T11:27:27+00:00\" \/>\n<meta property=\"og:image\" content=\"https:\/\/hoyre.no\/content\/uploads\/sites\/272\/2022\/03\/apens-bydelsmote-ranheim-2-1024x756.jpg\" \/>\n<meta name=\"twitter:card\" content=\"summary_large_image\" \/>\n<meta name=\"twitter:label1\" content=\"Ansl. lesetid\" \/>\n\t<meta name=\"twitter:data1\" content=\"1 minutt\" \/>\n<script type=\"application\/ld+json\" class=\"yoast-schema-graph\">{\"@context\":\"https:\/\/schema.org\",\"@graph\":[{\"@type\":\"WebPage\",\"@id\":\"https:\/\/hoyre.no\/trondheim\/arrangementer\/apent-bydelsmote-pa-ranheim\/\",\"url\":\"https:\/\/hoyre.no\/trondheim\/arrangementer\/apent-bydelsmote-pa-ranheim\/\",\"name\":\"\u00c5pent bydelsm\u00f8te p\u00e5 Ranheim - Trondheim H\u00f8yre\",\"isPartOf\":{\"@id\":\"https:\/\/hoyre.no\/trondheim\/#website\"},\"datePublished\":\"2022-03-11T11:13:28+00:00\",\"dateModified\":\"2022-03-11T11:27:27+00:00\",\"breadcrumb\":{\"@id\":\"https:\/\/hoyre.no\/trondheim\/arrangementer\/apent-bydelsmote-pa-ranheim\/#breadcrumb\"},\"inLanguage\":\"nb-NO\",\"potentialAction\":[{\"@type\":\"ReadAction\",\"target\":[\"https:\/\/hoyre.no\/trondheim\/arrangementer\/apent-bydelsmote-pa-ranheim\/\"]}]},{\"@type\":\"BreadcrumbList\",\"@id\":\"https:\/\/hoyre.no\/trondheim\/arrangementer\/apent-bydelsmote-pa-ranheim\/#breadcrumb\",\"itemListElement\":[{\"@type\":\"ListItem\",\"position\":1,\"name\":\"Til hoyre.no\",\"item\":\"https:\/\/hoyre.no\"},{\"@type\":\"ListItem\",\"position\":2,\"name\":\"Hjem\",\"item\":\"https:\/\/hoyre.no\/trondheim\/\"},{\"@type\":\"ListItem\",\"position\":3,\"name\":\"Arrangement\",\"item\":\"https:\/\/hoyre.no\/trondheim\/arrangementer\/\"},{\"@type\":\"ListItem\",\"position\":4,\"name\":\"\u00c5pent bydelsm\u00f8te p\u00e5 Ranheim\"}]},{\"@type\":\"WebSite\",\"@id\":\"https:\/\/hoyre.no\/trondheim\/#website\",\"url\":\"https:\/\/hoyre.no\/trondheim\/\",\"name\":\"Trondheim H\u00f8yre\",\"description\":\"Bare enda et H\u00f8yres nettsteder-nettsted\",\"inLanguage\":\"nb-NO\"}]}<\/script>\n<!-- \/ Yoast SEO plugin. -->","yoast_head_json":{"title":"\u00c5pent bydelsm\u00f8te p\u00e5 Ranheim - Trondheim H\u00f8yre","robots":{"index":"index","follow":"follow","max-snippet":"max-snippet:-1","max-image-preview":"max-image-preview:large","max-video-preview":"max-video-preview:-1"},"canonical":"https:\/\/hoyre.no\/trondheim\/arrangementer\/apent-bydelsmote-pa-ranheim\/","og_locale":"nb_NO","og_type":"article","og_title":"\u00c5pent bydelsm\u00f8te p\u00e5 Ranheim - Trondheim H\u00f8yre","og_url":"https:\/\/hoyre.no\/trondheim\/arrangementer\/apent-bydelsmote-pa-ranheim\/","og_site_name":"Trondheim H\u00f8yre","article_modified_time":"2022-03-11T11:27:27+00:00","og_image":[{"url":"https:\/\/hoyre.no\/content\/uploads\/sites\/272\/2022\/03\/apens-bydelsmote-ranheim-2-1024x756.jpg","width":"","height":"","type":""}],"twitter_card":"summary_large_image","twitter_misc":{"Ansl. lesetid":"1 minutt"},"schema":{"@context":"https:\/\/schema.org","@graph":[{"@type":"WebPage","@id":"https:\/\/hoyre.no\/trondheim\/arrangementer\/apent-bydelsmote-pa-ranheim\/","url":"https:\/\/hoyre.no\/trondheim\/arrangementer\/apent-bydelsmote-pa-ranheim\/","name":"\u00c5pent bydelsm\u00f8te p\u00e5 Ranheim - Trondheim H\u00f8yre","isPartOf":{"@id":"https:\/\/hoyre.no\/trondheim\/#website"},"datePublished":"2022-03-11T11:13:28+00:00","dateModified":"2022-03-11T11:27:27+00:00","breadcrumb":{"@id":"https:\/\/hoyre.no\/trondheim\/arrangementer\/apent-bydelsmote-pa-ranheim\/#breadcrumb"},"inLanguage":"nb-NO","potentialAction":[{"@type":"ReadAction","target":["https:\/\/hoyre.no\/trondheim\/arrangementer\/apent-bydelsmote-pa-ranheim\/"]}]},{"@type":"BreadcrumbList","@id":"https:\/\/hoyre.no\/trondheim\/arrangementer\/apent-bydelsmote-pa-ranheim\/#breadcrumb","itemListElement":[{"@type":"ListItem","position":1,"name":"Til hoyre.no","item":"https:\/\/hoyre.no"},{"@type":"ListItem","position":2,"name":"Hjem","item":"https:\/\/hoyre.no\/trondheim\/"},{"@type":"ListItem","position":3,"name":"Arrangement","item":"https:\/\/hoyre.no\/trondheim\/arrangementer\/"},{"@type":"ListItem","position":4,"name":"\u00c5pent bydelsm\u00f8te p\u00e5 Ranheim"}]},{"@type":"WebSite","@id":"https:\/\/hoyre.no\/trondheim\/#website","url":"https:\/\/hoyre.no\/trondheim\/","name":"Trondheim H\u00f8yre","description":"Bare enda et H\u00f8yres nettsteder-nettsted","inLanguage":"nb-NO"}]}},"distributor_meta":false,"distributor_terms":false,"distributor_media":false,"distributor_original_site_name":"Trondheim H\u00f8yre","distributor_original_site_url":"https:\/\/hoyre.no\/trondheim","push-errors":false,"_links":{"self":[{"href":"https:\/\/hoyre.no\/trondheim\/wp-json\/wp\/v2\/teft-events\/250","targetHints":{"allow":["GET"]}}],"collection":[{"href":"https:\/\/hoyre.no\/trondheim\/wp-json\/wp\/v2\/teft-events"}],"about":[{"href":"https:\/\/hoyre.no\/trondheim\/wp-json\/wp\/v2\/types\/teft-events"}],"wp:attachment":[{"href":"https:\/\/hoyre.no\/trondheim\/wp-json\/wp\/v2\/media?parent=250"}],"wp:term":[{"taxonomy":"teft-events-category","embeddable":true,"href":"https:\/\/hoyre.no\/trondheim\/wp-json\/wp\/v2\/teft-events-category?post=250"}],"curies":[{"name":"wp","href":"https:\/\/api.w.org\/{rel}","templated":true}]}}