{"id":298,"date":"2022-10-06T10:24:10","date_gmt":"2022-10-06T08:24:10","guid":{"rendered":"https:\/\/hoyre.no\/trondheim\/?post_type=teft-events&#038;p=298"},"modified":"2022-10-06T10:24:11","modified_gmt":"2022-10-06T08:24:11","slug":"nominasjonsmote-trondheim-hoyre","status":"publish","type":"teft-events","link":"https:\/\/hoyre.no\/trondheim\/arrangementer\/nominasjonsmote-trondheim-hoyre\/","title":{"rendered":"Nominasjonsm\u00f8te Trondheim H\u00f8yre"},"content":{"rendered":"\n<div class=\"wp-block-teft-event-top\">\n\n<div class=\"teft-event-date-top\">\n<div class=\"teft-event-date-wrapper\">\n\t<div class=\"date-square\" aria-hidden=\"true\">\n\t\t22\t\t\t<\/div>\n<\/div>\n\t<div class=\"top-text\">\n\t\t\t\t\t<p class=\"top-date-text\">l\u00f8rdag 22. oktober 2022<\/p>\n\t\t\t\t\t\t\t<p class=\"top-time-text\">10:00 &#8211; 14:00<\/p>\n\t\t\t\t\t\t<\/div>\n\t\t<div class=\"sharing\">\n\t\t<a class=\"share-button share-link copy-link\" data-copy=\"https:\/\/hoyre.no\/trondheim\/arrangementer\/nominasjonsmote-trondheim-hoyre\/\" target=\"_blank\"><span class=\"screen-reader-text\">Del link<\/span><\/a>\n\t\t<a class=\"share-button share-twitter\" href=\"http:\/\/twitter.com\/share?text=Nominasjonsm\u00f8te Trondheim H\u00f8yre&#038;url=https:\/\/hoyre.no\/trondheim\/arrangementer\/nominasjonsmote-trondheim-hoyre\/&#038;hashtags=Hoyre\" target=\"_blank\"><span class=\"screen-reader-text\">Del p\u00e5 twitter<\/span><\/a>\n\t\t<a class=\"share-button share-facebook\" href=\"https:\/\/www.facebook.com\/sharer\/sharer.php?u=https:\/\/hoyre.no\/trondheim\/arrangementer\/nominasjonsmote-trondheim-hoyre\/\" target=\"_blank\"><span class=\"screen-reader-text\">Del p\u00e5 facebook<\/span><\/a>\n\t<\/div>\n\t<\/div>\n<p class=\"preamble\">Velkommen til\u00a0nominasjonsm\u00f8te\u00a0i Trondheim H\u00f8yre! Nominasjonsm\u00f8tet skal velge kandidater til Trondheim H\u00f8yres liste til kommunevalget i 2023.\u00a0<\/p><figure class=\"hoyre-image-wrapper\"><div class=\"hoyre-image\"><img loading=\"lazy\" decoding=\"async\" width=\"1920\" height=\"1080\" src=\"https:\/\/hoyre.no\/content\/uploads\/sites\/272\/2022\/10\/unnamed.png\" class=\"attachment-scaled size-scaled\" alt=\"\" style=\"object-position: 50% 50%\" srcset=\"https:\/\/hoyre.no\/content\/uploads\/sites\/272\/2022\/10\/unnamed.png 1920w, https:\/\/hoyre.no\/content\/uploads\/sites\/272\/2022\/10\/unnamed-300x169.png 300w, https:\/\/hoyre.no\/content\/uploads\/sites\/272\/2022\/10\/unnamed-1024x576.png 1024w, https:\/\/hoyre.no\/content\/uploads\/sites\/272\/2022\/10\/unnamed-768x432.png 768w, https:\/\/hoyre.no\/content\/uploads\/sites\/272\/2022\/10\/unnamed-1536x864.png 1536w\" sizes=\"auto, (max-width: 1920px) 100vw, 1920px\" \/><\/div><\/figure>\n\n<div class=\"panel teft-details-panel\">\n\t\t<h3>Detaljer<\/h3>\n\n\t\t\t\t\t<dl class=\"info-misc-with-icons\">\n\t\t\t\t<dt class=\"venue\"><span class=\"screen-reader-text\">Stedet<\/span><\/dt>\n\t\t\t\t<dd>\n\t\t\t\t\t\t\t\t\t\t\t<span class=\"address-line-1\">Thon Hotell Prinsen 1. etasje<\/span>\n\t\t\t\t\t\t\t\t\t\t\t\t\t\t<\/dd>\n\t\t\t<\/dl>\n\t\t\t\t\t\t\t<dl class=\"info-misc-with-icons\">\n\t\t<dt class=\"time\"><span class=\"screen-reader-text\">Arrangement dato<\/span><\/dt>\n\t\t<dd class=\"time\">\n\t\t\tl\u00f8r 22. oktober 2022 fra  10:00 &#8211; 14:00\t\t<\/dd>\n\t<\/dl>\n\t\t\t\t<\/dl>\n<\/div>\n<\/div>\n\n\n\n\n<h2 class=\"wp-block-heading\">Informasjon<\/h2>\n\n\n\n<p><strong>Agenda for m\u00f8tet:<\/strong><\/p>\n\n\n\n<p>1.&nbsp;&nbsp;&nbsp;&nbsp;&nbsp;&nbsp;&nbsp;&nbsp;&nbsp;&nbsp;&nbsp;&nbsp;&nbsp;&nbsp;&nbsp;&nbsp;&nbsp;&nbsp;&nbsp;Godkjenning av innkalling og antall tilstedev\u00e6rende med stemmerett.<\/p>\n\n\n\n<p>2.&nbsp;&nbsp;&nbsp;&nbsp;&nbsp;&nbsp;&nbsp;&nbsp;&nbsp;&nbsp;&nbsp;&nbsp;&nbsp;&nbsp;&nbsp;&nbsp;&nbsp;&nbsp;&nbsp;Konstituering<\/p>\n\n\n\n<p>&nbsp; &nbsp; &nbsp; &nbsp; &nbsp; &nbsp; &nbsp; &nbsp; &nbsp; &nbsp; &nbsp; a. Valg av m\u00f8teleder<\/p>\n\n\n\n<p>&nbsp; &nbsp; &nbsp; &nbsp; &nbsp; &nbsp; &nbsp; &nbsp; &nbsp; &nbsp; &nbsp; b. Referent<\/p>\n\n\n\n<p>&nbsp; &nbsp; &nbsp; &nbsp; &nbsp; &nbsp; &nbsp; &nbsp; &nbsp; &nbsp; &nbsp; c. Tellekorps<\/p>\n\n\n\n<p>&nbsp; &nbsp; &nbsp; &nbsp; &nbsp; &nbsp; &nbsp; &nbsp; &nbsp; &nbsp; &nbsp; d. To personer til \u00e5 undertegne protokollen<\/p>\n\n\n\n<p>3.&nbsp;&nbsp;&nbsp;&nbsp;&nbsp;&nbsp;&nbsp;&nbsp;&nbsp;&nbsp;&nbsp;&nbsp;&nbsp;&nbsp;&nbsp;&nbsp;&nbsp;&nbsp;&nbsp;Nominasjon av H\u00f8yres kandidater til kommunevalg.<\/p>\n\n\n\n<p>4.&nbsp;&nbsp;&nbsp;&nbsp;&nbsp;&nbsp;&nbsp;&nbsp;&nbsp;&nbsp;&nbsp;&nbsp;&nbsp;&nbsp;&nbsp;&nbsp;&nbsp;&nbsp;&nbsp;Fullmakt til foreningsstyret til \u00e5 supplere listen ved eventuelle frafall.<\/p>\n\n\n\n<p>5.&nbsp;&nbsp;&nbsp;&nbsp;&nbsp;&nbsp;&nbsp;&nbsp;&nbsp;&nbsp;&nbsp;&nbsp;&nbsp;&nbsp;&nbsp;&nbsp;&nbsp;&nbsp;&nbsp;Valg av tillitsvalgte for listen. Disse har ansvar for \u00e5 sende listen til valgstyret i kommunen innen fristen, og v\u00e6re kontaktpersoner overfor myndighetene.<\/p>\n\n\n\n<p>For \u00e5 ha stemmerett p\u00e5 m\u00f8ter i H\u00f8yre kreves minst 4 ukers medlemskap og at medlemskontingenten er betalt f\u00f8r m\u00f8testart. Dette gjelder ogs\u00e5 medlemskap via godkjente foreninger i Unge H\u00f8yre, H\u00f8yres studenter eller Senior H\u00f8yre. Det tillates ikke bruk av fullmakter p\u00e5 m\u00f8ter i H\u00f8yre.<\/p>\n\n\n\n<p>For \u00e5 kunne delta p\u00e5 nominasjon av kandidater til kommunestyrevalg m\u00e5 man ved valget det nomineres til v\u00e6re stemmeberettiget i kommunen etter Valgloven.<\/p>\n\n\n\n<p>Sakspapirer og nominasjonskomiteens innstilling sendes ut 14 dager f\u00f8r&nbsp;m\u00f8te.&nbsp;&nbsp;<\/p>\n\n\n\n<p><a href=\"https:\/\/evt.ungpd.com\/Issues\/de2f1687-e810-4af6-9a4c-539ff8504288\/Click?ContactId=c47d9015-bbc0-46ec-b61d-4dc8177395d2&amp;url=https%3a%2f%2fhoyre.no%2fbetaling%2f\" target=\"_blank\" rel=\"noreferrer noopener\">Har du ikke betalt? Les mer her om hvordan du kan betale.<\/a><\/p>\n\n\n\n<p>Nominasjonskomiteen har laget et forslag til liste. Det er denne oversikten som er utgangspunktet for nominasjonsm\u00f8tet. Listen finner du <a href=\"https:\/\/hoyre.no\/trondheim\/aktuelt\/trondheim-hoyres-listeforslag-er-klart\/\">her<\/a>.<\/p>\n\n\n<div class=\"post-meta wp-block\">\n\t<div class=\"top\">\n\t\t<div class=\"sharing\">\n\t\t\t<a class=\"share-button share-link\" target=\"_blank\"><span class=\"screen-reader-text\">Del link<\/span><\/a>\n\t\t\t<a class=\"share-button share-twitter\" href=\"http:\/\/twitter.com\/share?text=Nominasjonsm\u00f8te Trondheim H\u00f8yre&#038;url=https:\/\/hoyre.no\/trondheim\/arrangementer\/nominasjonsmote-trondheim-hoyre\/&#038;hashtags=Hoyre\"><span class=\"screen-reader-text\">Del p\u00e5 twitter<\/span><\/a>\n\t\t\t<a class=\"share-button share-facebook\" href=\"https:\/\/www.facebook.com\/sharer\/sharer.php?u=https:\/\/hoyre.no\/trondheim\/arrangementer\/nominasjonsmote-trondheim-hoyre\/\" target=\"_blank\"><span class=\"screen-reader-text\">Del p\u00e5 facebook<\/span><\/a>\n\t\t<\/div>\n\t<\/div>\n<\/div>\n","protected":false},"template":"","meta":{"teft_cards_image_url":"","teft_cards_custom_pretitle":"","teft_cards_image_id":0,"teft_cards_image_focal_point_x":0,"teft_cards_image_focal_point_y":0,"teft_cards_title":"","teft_cards_excerpt":"","teft_show_chapters":false,"event_organizer":[],"event_start_date":"2022-10-22T10:00:00","event_end_date":"2022-10-22T14:00:00","event_registration_url":"","event_registration_deadline":"","event_ticket_cost":"","event_venue_name":"Thon Hotell Prinsen 1. etasje","event_venue_url":"","event_venue_address":""},"teft-events-category":[],"class_list":["post-298","teft-events","type-teft-events","status-publish","hentry"],"yoast_head":"<!-- This site is optimized with the Yoast SEO plugin v26.6 - https:\/\/yoast.com\/wordpress\/plugins\/seo\/ -->\n<title>Nominasjonsm\u00f8te Trondheim H\u00f8yre - Trondheim H\u00f8yre<\/title>\n<meta name=\"robots\" content=\"index, follow, max-snippet:-1, max-image-preview:large, max-video-preview:-1\" \/>\n<link rel=\"canonical\" href=\"https:\/\/hoyre.no\/trondheim\/arrangementer\/nominasjonsmote-trondheim-hoyre\/\" \/>\n<meta property=\"og:locale\" content=\"nb_NO\" \/>\n<meta property=\"og:type\" content=\"article\" \/>\n<meta property=\"og:title\" content=\"Nominasjonsm\u00f8te Trondheim H\u00f8yre\" \/>\n<meta property=\"og:description\" content=\"Velkommen til\u00a0nominasjonsm\u00f8te\u00a0i Trondheim H\u00f8yre! Nominasjonsm\u00f8tet skal velge kandidater til Trondheim H\u00f8yres liste til kommunevalget i 2023.\u00a0\" \/>\n<meta property=\"og:url\" content=\"https:\/\/hoyre.no\/trondheim\/arrangementer\/nominasjonsmote-trondheim-hoyre\/\" \/>\n<meta property=\"og:site_name\" content=\"Trondheim H\u00f8yre\" \/>\n<meta property=\"article:modified_time\" content=\"2022-10-06T08:24:11+00:00\" \/>\n<meta property=\"og:image\" content=\"https:\/\/hoyre.no\/content\/uploads\/sites\/272\/2022\/10\/unnamed.png\" \/>\n\t<meta property=\"og:image:width\" content=\"1920\" \/>\n\t<meta property=\"og:image:height\" content=\"1080\" \/>\n\t<meta property=\"og:image:type\" content=\"image\/png\" \/>\n<meta name=\"twitter:card\" content=\"summary_large_image\" \/>\n<meta name=\"twitter:label1\" content=\"Ansl. lesetid\" \/>\n\t<meta name=\"twitter:data1\" content=\"2 minutter\" \/>\n<script type=\"application\/ld+json\" class=\"yoast-schema-graph\">{\"@context\":\"https:\/\/schema.org\",\"@graph\":[{\"@type\":\"WebPage\",\"@id\":\"https:\/\/hoyre.no\/trondheim\/arrangementer\/nominasjonsmote-trondheim-hoyre\/\",\"url\":\"https:\/\/hoyre.no\/trondheim\/arrangementer\/nominasjonsmote-trondheim-hoyre\/\",\"name\":\"Nominasjonsm\u00f8te Trondheim H\u00f8yre - Trondheim H\u00f8yre\",\"isPartOf\":{\"@id\":\"https:\/\/hoyre.no\/trondheim\/#website\"},\"datePublished\":\"2022-10-06T08:24:10+00:00\",\"dateModified\":\"2022-10-06T08:24:11+00:00\",\"breadcrumb\":{\"@id\":\"https:\/\/hoyre.no\/trondheim\/arrangementer\/nominasjonsmote-trondheim-hoyre\/#breadcrumb\"},\"inLanguage\":\"nb-NO\",\"potentialAction\":[{\"@type\":\"ReadAction\",\"target\":[\"https:\/\/hoyre.no\/trondheim\/arrangementer\/nominasjonsmote-trondheim-hoyre\/\"]}]},{\"@type\":\"BreadcrumbList\",\"@id\":\"https:\/\/hoyre.no\/trondheim\/arrangementer\/nominasjonsmote-trondheim-hoyre\/#breadcrumb\",\"itemListElement\":[{\"@type\":\"ListItem\",\"position\":1,\"name\":\"Til hoyre.no\",\"item\":\"https:\/\/hoyre.no\"},{\"@type\":\"ListItem\",\"position\":2,\"name\":\"Hjem\",\"item\":\"https:\/\/hoyre.no\/trondheim\/\"},{\"@type\":\"ListItem\",\"position\":3,\"name\":\"Arrangement\",\"item\":\"https:\/\/hoyre.no\/trondheim\/arrangementer\/\"},{\"@type\":\"ListItem\",\"position\":4,\"name\":\"Nominasjonsm\u00f8te Trondheim H\u00f8yre\"}]},{\"@type\":\"WebSite\",\"@id\":\"https:\/\/hoyre.no\/trondheim\/#website\",\"url\":\"https:\/\/hoyre.no\/trondheim\/\",\"name\":\"Trondheim H\u00f8yre\",\"description\":\"Bare enda et H\u00f8yres nettsteder-nettsted\",\"inLanguage\":\"nb-NO\"}]}<\/script>\n<!-- \/ Yoast SEO plugin. -->","yoast_head_json":{"title":"Nominasjonsm\u00f8te Trondheim H\u00f8yre - Trondheim H\u00f8yre","robots":{"index":"index","follow":"follow","max-snippet":"max-snippet:-1","max-image-preview":"max-image-preview:large","max-video-preview":"max-video-preview:-1"},"canonical":"https:\/\/hoyre.no\/trondheim\/arrangementer\/nominasjonsmote-trondheim-hoyre\/","og_locale":"nb_NO","og_type":"article","og_title":"Nominasjonsm\u00f8te Trondheim H\u00f8yre","og_description":"Velkommen til\u00a0nominasjonsm\u00f8te\u00a0i Trondheim H\u00f8yre! Nominasjonsm\u00f8tet skal velge kandidater til Trondheim H\u00f8yres liste til kommunevalget i 2023.\u00a0","og_url":"https:\/\/hoyre.no\/trondheim\/arrangementer\/nominasjonsmote-trondheim-hoyre\/","og_site_name":"Trondheim H\u00f8yre","article_modified_time":"2022-10-06T08:24:11+00:00","og_image":[{"width":1920,"height":1080,"url":"https:\/\/hoyre.no\/content\/uploads\/sites\/272\/2022\/10\/unnamed.png","type":"image\/png"}],"twitter_card":"summary_large_image","twitter_misc":{"Ansl. lesetid":"2 minutter"},"schema":{"@context":"https:\/\/schema.org","@graph":[{"@type":"WebPage","@id":"https:\/\/hoyre.no\/trondheim\/arrangementer\/nominasjonsmote-trondheim-hoyre\/","url":"https:\/\/hoyre.no\/trondheim\/arrangementer\/nominasjonsmote-trondheim-hoyre\/","name":"Nominasjonsm\u00f8te Trondheim H\u00f8yre - Trondheim H\u00f8yre","isPartOf":{"@id":"https:\/\/hoyre.no\/trondheim\/#website"},"datePublished":"2022-10-06T08:24:10+00:00","dateModified":"2022-10-06T08:24:11+00:00","breadcrumb":{"@id":"https:\/\/hoyre.no\/trondheim\/arrangementer\/nominasjonsmote-trondheim-hoyre\/#breadcrumb"},"inLanguage":"nb-NO","potentialAction":[{"@type":"ReadAction","target":["https:\/\/hoyre.no\/trondheim\/arrangementer\/nominasjonsmote-trondheim-hoyre\/"]}]},{"@type":"BreadcrumbList","@id":"https:\/\/hoyre.no\/trondheim\/arrangementer\/nominasjonsmote-trondheim-hoyre\/#breadcrumb","itemListElement":[{"@type":"ListItem","position":1,"name":"Til hoyre.no","item":"https:\/\/hoyre.no"},{"@type":"ListItem","position":2,"name":"Hjem","item":"https:\/\/hoyre.no\/trondheim\/"},{"@type":"ListItem","position":3,"name":"Arrangement","item":"https:\/\/hoyre.no\/trondheim\/arrangementer\/"},{"@type":"ListItem","position":4,"name":"Nominasjonsm\u00f8te Trondheim H\u00f8yre"}]},{"@type":"WebSite","@id":"https:\/\/hoyre.no\/trondheim\/#website","url":"https:\/\/hoyre.no\/trondheim\/","name":"Trondheim H\u00f8yre","description":"Bare enda et H\u00f8yres nettsteder-nettsted","inLanguage":"nb-NO"}]}},"distributor_meta":false,"distributor_terms":false,"distributor_media":false,"distributor_original_site_name":"Trondheim H\u00f8yre","distributor_original_site_url":"https:\/\/hoyre.no\/trondheim","push-errors":false,"_links":{"self":[{"href":"https:\/\/hoyre.no\/trondheim\/wp-json\/wp\/v2\/teft-events\/298","targetHints":{"allow":["GET"]}}],"collection":[{"href":"https:\/\/hoyre.no\/trondheim\/wp-json\/wp\/v2\/teft-events"}],"about":[{"href":"https:\/\/hoyre.no\/trondheim\/wp-json\/wp\/v2\/types\/teft-events"}],"wp:attachment":[{"href":"https:\/\/hoyre.no\/trondheim\/wp-json\/wp\/v2\/media?parent=298"}],"wp:term":[{"taxonomy":"teft-events-category","embeddable":true,"href":"https:\/\/hoyre.no\/trondheim\/wp-json\/wp\/v2\/teft-events-category?post=298"}],"curies":[{"name":"wp","href":"https:\/\/api.w.org\/{rel}","templated":true}]}}