{"id":300,"date":"2022-10-06T10:28:10","date_gmt":"2022-10-06T08:28:10","guid":{"rendered":"https:\/\/hoyre.no\/trondheim\/?post_type=teft-events&#038;p=300"},"modified":"2022-10-06T10:28:11","modified_gmt":"2022-10-06T08:28:11","slug":"arsmote-og-programkonferanse-i-trondheim-hoyre","status":"publish","type":"teft-events","link":"https:\/\/hoyre.no\/trondheim\/arrangementer\/arsmote-og-programkonferanse-i-trondheim-hoyre\/","title":{"rendered":"\u00c5rsm\u00f8te og programkonferanse i Trondheim H\u00f8yre"},"content":{"rendered":"\n<div class=\"wp-block-teft-event-top\">\n\n<div class=\"teft-event-date-top\">\n<div class=\"teft-event-date-wrapper\">\n\t<div class=\"date-square\" aria-hidden=\"true\">\n\t\t07\t\t\t<\/div>\n<\/div>\n\t<div class=\"top-text\">\n\t\t\t\t\t<p class=\"top-date-text\">mandag 07. november 2022<\/p>\n\t\t\t\t\t\t\t<p class=\"top-time-text\">17:00 &#8211; 20:30<\/p>\n\t\t\t\t\t\t<\/div>\n\t\t<div class=\"sharing\">\n\t\t<a class=\"share-button share-link copy-link\" data-copy=\"https:\/\/hoyre.no\/trondheim\/arrangementer\/arsmote-og-programkonferanse-i-trondheim-hoyre\/\" target=\"_blank\"><span class=\"screen-reader-text\">Del link<\/span><\/a>\n\t\t<a class=\"share-button share-twitter\" href=\"http:\/\/twitter.com\/share?text=\u00c5rsm\u00f8te og programkonferanse i Trondheim H\u00f8yre&#038;url=https:\/\/hoyre.no\/trondheim\/arrangementer\/arsmote-og-programkonferanse-i-trondheim-hoyre\/&#038;hashtags=Hoyre\" target=\"_blank\"><span class=\"screen-reader-text\">Del p\u00e5 twitter<\/span><\/a>\n\t\t<a class=\"share-button share-facebook\" href=\"https:\/\/www.facebook.com\/sharer\/sharer.php?u=https:\/\/hoyre.no\/trondheim\/arrangementer\/arsmote-og-programkonferanse-i-trondheim-hoyre\/\" target=\"_blank\"><span class=\"screen-reader-text\">Del p\u00e5 facebook<\/span><\/a>\n\t<\/div>\n\t<\/div>\n<figure class=\"hoyre-image-wrapper\"><div class=\"hoyre-image\"><img loading=\"lazy\" decoding=\"async\" width=\"1920\" height=\"1080\" src=\"https:\/\/hoyre.no\/content\/uploads\/sites\/272\/2022\/10\/unnamed-1.png\" class=\"attachment-scaled size-scaled\" alt=\"\" style=\"object-position: 50% 50%\" srcset=\"https:\/\/hoyre.no\/content\/uploads\/sites\/272\/2022\/10\/unnamed-1.png 1920w, https:\/\/hoyre.no\/content\/uploads\/sites\/272\/2022\/10\/unnamed-1-300x169.png 300w, https:\/\/hoyre.no\/content\/uploads\/sites\/272\/2022\/10\/unnamed-1-1024x576.png 1024w, https:\/\/hoyre.no\/content\/uploads\/sites\/272\/2022\/10\/unnamed-1-768x432.png 768w, https:\/\/hoyre.no\/content\/uploads\/sites\/272\/2022\/10\/unnamed-1-1536x864.png 1536w\" sizes=\"auto, (max-width: 1920px) 100vw, 1920px\" \/><\/div><\/figure>\n\n<div class=\"panel teft-details-panel\">\n\t\t<h3>Detaljer<\/h3>\n\n\t\t\t\t\t\t\t<dl class=\"info-misc-with-icons\">\n\t\t<dt class=\"time\"><span class=\"screen-reader-text\">Arrangement dato<\/span><\/dt>\n\t\t<dd class=\"time\">\n\t\t\tman 7. november 2022 fra  17:00 &#8211; 20:30\t\t<\/dd>\n\t<\/dl>\n\t\t\t\t<\/dl>\n<\/div>\n<\/div>\n\n\n\n\n<h2 class=\"wp-block-heading\">Informasjon<\/h2>\n\n\n\n<p><strong>Kj\u00e6re medlem i Trondheim H\u00f8yre!<\/strong><\/p>\n\n\n\n<p>Velkommen til&nbsp;\u00e5rsm\u00f8te&nbsp;og programkonferanse i Trondheim H\u00f8yre. Du m\u00f8ter gode&nbsp;H\u00f8yre-venner, f\u00e5r inspirerende innledninger og mulighet til \u00e5 gi dine innspill til programkomiteen som n\u00e5 jobber med et f\u00f8rsteutkast til program. Dine innspill er viktige bidrag til&nbsp;Trondheim&nbsp;H\u00f8yres&nbsp;nye politikk og kan bli til praktisk politikk i&nbsp;Trondheim<strong>.&nbsp;&nbsp;<\/strong><\/p>\n\n\n\n<p><strong>\u00c5rsm\u00f8tet avholdes i \u00e5r den 7. november klokken 17.00-20.30 p\u00e5 Statens hus i Prisens gate.&nbsp;<\/strong>Etter m\u00f8tet blir det anledning til \u00e5 bli med p\u00e5 en sosial samling. Sted kommer vi tilbake til.<\/p>\n\n\n\n<p><strong>Program:<\/strong><\/p>\n\n\n\n<p>17.00-17.45: \u00c5rsm\u00f8tesaker<\/p>\n\n\n\n<p>17.45-18.00: Benstrekk<\/p>\n\n\n\n<p>18.00-20.30: Programkonferanse<\/p>\n\n\n\n<p>20.30: Sosial samling for de som \u00f8nsker<\/p>\n\n\n\n<p><strong>Saksliste til \u00e5rsm\u00f8tet:<\/strong><\/p>\n\n\n\n<ol class=\"wp-block-list\"><li>Godkjenning av innkalling og dagsorden<\/li><li>Konstituering<ol><li>Valg av dirigent, referent, tellekorps og protokollunderskrivere<\/li><\/ol><\/li><li>\u00c5pent eller lukket m\u00f8te<\/li><li>Styrets beretning<\/li><li>Rapport fra bystyregruppen<\/li><li>\u00d8konomistatus<\/li><li>Vedtektsendringer Trondheim H\u00f8yre<\/li><\/ol>\n\n\n\n<ol class=\"wp-block-list\"><li>Valg<ol><li>Valgkomiteens innstilling<\/li><li>Valg<\/li><li>Valg av utsendinger til Tr\u00f8ndelag H\u00f8yres&nbsp;\u00e5rsm\u00f8te<\/li><\/ol><\/li><li>Styrets innstilling p\u00e5 valg av valgkomit\u00e9 for neste&nbsp;\u00e5rsm\u00f8te<\/li><li>Kontingent<\/li><li>Innkomne saker<\/li><\/ol>\n\n\n\n<p><strong>Praktisk informasjon:<\/strong><\/p>\n\n\n\n<ul class=\"wp-block-list\"><li>Fristen for \u00e5 sende inn forslag, inkludert lovendringsforslag, er 17. oktober.<\/li><li>Den politiske diskusjonen vil p\u00e5 \u00e5rsm\u00f8tet knyttes til programarbeidet, og ordin\u00e6r resolusjonsbehandling foresl\u00e5s det derfor at utg\u00e5r..&nbsp;<\/li><li>Sakspapirer og nominasjonskomiteens innstilling sendes ut 14 dager f\u00f8r m\u00f8te.&nbsp;&nbsp;<\/li><\/ul>\n\n\n\n<p><a href=\"https:\/\/www.dropbox.com\/scl\/fi\/30njxopsgiocsdmmxfigu\/Vedtekter-Trondheim-H-yre-mars-2022.docx?dl=0&amp;rlkey=chekuup3cco7y30s1xdeiez95\" target=\"_blank\" rel=\"noreferrer noopener\">Trondheim H\u00f8yres vedtekter finner du her.<\/a><\/p>\n\n\n<div class=\"post-meta wp-block\">\n\t<div class=\"top\">\n\t\t<div class=\"sharing\">\n\t\t\t<a class=\"share-button share-link\" target=\"_blank\"><span class=\"screen-reader-text\">Del link<\/span><\/a>\n\t\t\t<a class=\"share-button share-twitter\" href=\"http:\/\/twitter.com\/share?text=\u00c5rsm\u00f8te og programkonferanse i Trondheim H\u00f8yre&#038;url=https:\/\/hoyre.no\/trondheim\/arrangementer\/arsmote-og-programkonferanse-i-trondheim-hoyre\/&#038;hashtags=Hoyre\"><span class=\"screen-reader-text\">Del p\u00e5 twitter<\/span><\/a>\n\t\t\t<a class=\"share-button share-facebook\" href=\"https:\/\/www.facebook.com\/sharer\/sharer.php?u=https:\/\/hoyre.no\/trondheim\/arrangementer\/arsmote-og-programkonferanse-i-trondheim-hoyre\/\" target=\"_blank\"><span class=\"screen-reader-text\">Del p\u00e5 facebook<\/span><\/a>\n\t\t<\/div>\n\t<\/div>\n<\/div>\n","protected":false},"template":"","meta":{"teft_cards_image_url":"","teft_cards_custom_pretitle":"","teft_cards_image_id":0,"teft_cards_image_focal_point_x":0,"teft_cards_image_focal_point_y":0,"teft_cards_title":"","teft_cards_excerpt":"","teft_show_chapters":false,"event_organizer":[],"event_start_date":"2022-11-07T17:00:00","event_end_date":"2022-11-07T20:30:00","event_registration_url":"","event_registration_deadline":"","event_ticket_cost":"","event_venue_name":"","event_venue_url":"","event_venue_address":""},"teft-events-category":[],"class_list":["post-300","teft-events","type-teft-events","status-publish","hentry"],"yoast_head":"<!-- This site is optimized with the Yoast SEO plugin v26.6 - https:\/\/yoast.com\/wordpress\/plugins\/seo\/ -->\n<title>\u00c5rsm\u00f8te og programkonferanse i Trondheim H\u00f8yre - Trondheim H\u00f8yre<\/title>\n<meta name=\"robots\" content=\"index, follow, max-snippet:-1, max-image-preview:large, max-video-preview:-1\" \/>\n<link rel=\"canonical\" href=\"https:\/\/hoyre.no\/trondheim\/arrangementer\/arsmote-og-programkonferanse-i-trondheim-hoyre\/\" \/>\n<meta property=\"og:locale\" content=\"nb_NO\" \/>\n<meta property=\"og:type\" content=\"article\" \/>\n<meta property=\"og:title\" content=\"\u00c5rsm\u00f8te og programkonferanse Trondheim H\u00f8yre\" \/>\n<meta property=\"og:url\" content=\"https:\/\/hoyre.no\/trondheim\/arrangementer\/arsmote-og-programkonferanse-i-trondheim-hoyre\/\" \/>\n<meta property=\"og:site_name\" content=\"Trondheim H\u00f8yre\" \/>\n<meta property=\"article:modified_time\" content=\"2022-10-06T08:28:11+00:00\" \/>\n<meta property=\"og:image\" content=\"https:\/\/hoyre.no\/content\/uploads\/sites\/272\/2022\/10\/unnamed-1.png\" \/>\n\t<meta property=\"og:image:width\" content=\"1920\" \/>\n\t<meta property=\"og:image:height\" content=\"1080\" \/>\n\t<meta property=\"og:image:type\" content=\"image\/png\" \/>\n<meta name=\"twitter:card\" content=\"summary_large_image\" \/>\n<meta name=\"twitter:label1\" content=\"Ansl. lesetid\" \/>\n\t<meta name=\"twitter:data1\" content=\"2 minutter\" \/>\n<script type=\"application\/ld+json\" class=\"yoast-schema-graph\">{\"@context\":\"https:\/\/schema.org\",\"@graph\":[{\"@type\":\"WebPage\",\"@id\":\"https:\/\/hoyre.no\/trondheim\/arrangementer\/arsmote-og-programkonferanse-i-trondheim-hoyre\/\",\"url\":\"https:\/\/hoyre.no\/trondheim\/arrangementer\/arsmote-og-programkonferanse-i-trondheim-hoyre\/\",\"name\":\"\u00c5rsm\u00f8te og programkonferanse i Trondheim H\u00f8yre - Trondheim H\u00f8yre\",\"isPartOf\":{\"@id\":\"https:\/\/hoyre.no\/trondheim\/#website\"},\"datePublished\":\"2022-10-06T08:28:10+00:00\",\"dateModified\":\"2022-10-06T08:28:11+00:00\",\"breadcrumb\":{\"@id\":\"https:\/\/hoyre.no\/trondheim\/arrangementer\/arsmote-og-programkonferanse-i-trondheim-hoyre\/#breadcrumb\"},\"inLanguage\":\"nb-NO\",\"potentialAction\":[{\"@type\":\"ReadAction\",\"target\":[\"https:\/\/hoyre.no\/trondheim\/arrangementer\/arsmote-og-programkonferanse-i-trondheim-hoyre\/\"]}]},{\"@type\":\"BreadcrumbList\",\"@id\":\"https:\/\/hoyre.no\/trondheim\/arrangementer\/arsmote-og-programkonferanse-i-trondheim-hoyre\/#breadcrumb\",\"itemListElement\":[{\"@type\":\"ListItem\",\"position\":1,\"name\":\"Til hoyre.no\",\"item\":\"https:\/\/hoyre.no\"},{\"@type\":\"ListItem\",\"position\":2,\"name\":\"Hjem\",\"item\":\"https:\/\/hoyre.no\/trondheim\/\"},{\"@type\":\"ListItem\",\"position\":3,\"name\":\"Arrangement\",\"item\":\"https:\/\/hoyre.no\/trondheim\/arrangementer\/\"},{\"@type\":\"ListItem\",\"position\":4,\"name\":\"\u00c5rsm\u00f8te og programkonferanse i Trondheim H\u00f8yre\"}]},{\"@type\":\"WebSite\",\"@id\":\"https:\/\/hoyre.no\/trondheim\/#website\",\"url\":\"https:\/\/hoyre.no\/trondheim\/\",\"name\":\"Trondheim H\u00f8yre\",\"description\":\"Bare enda et H\u00f8yres nettsteder-nettsted\",\"inLanguage\":\"nb-NO\"}]}<\/script>\n<!-- \/ Yoast SEO plugin. -->","yoast_head_json":{"title":"\u00c5rsm\u00f8te og programkonferanse i Trondheim H\u00f8yre - Trondheim H\u00f8yre","robots":{"index":"index","follow":"follow","max-snippet":"max-snippet:-1","max-image-preview":"max-image-preview:large","max-video-preview":"max-video-preview:-1"},"canonical":"https:\/\/hoyre.no\/trondheim\/arrangementer\/arsmote-og-programkonferanse-i-trondheim-hoyre\/","og_locale":"nb_NO","og_type":"article","og_title":"\u00c5rsm\u00f8te og programkonferanse Trondheim H\u00f8yre","og_url":"https:\/\/hoyre.no\/trondheim\/arrangementer\/arsmote-og-programkonferanse-i-trondheim-hoyre\/","og_site_name":"Trondheim H\u00f8yre","article_modified_time":"2022-10-06T08:28:11+00:00","og_image":[{"width":1920,"height":1080,"url":"https:\/\/hoyre.no\/content\/uploads\/sites\/272\/2022\/10\/unnamed-1.png","type":"image\/png"}],"twitter_card":"summary_large_image","twitter_misc":{"Ansl. lesetid":"2 minutter"},"schema":{"@context":"https:\/\/schema.org","@graph":[{"@type":"WebPage","@id":"https:\/\/hoyre.no\/trondheim\/arrangementer\/arsmote-og-programkonferanse-i-trondheim-hoyre\/","url":"https:\/\/hoyre.no\/trondheim\/arrangementer\/arsmote-og-programkonferanse-i-trondheim-hoyre\/","name":"\u00c5rsm\u00f8te og programkonferanse i Trondheim H\u00f8yre - Trondheim H\u00f8yre","isPartOf":{"@id":"https:\/\/hoyre.no\/trondheim\/#website"},"datePublished":"2022-10-06T08:28:10+00:00","dateModified":"2022-10-06T08:28:11+00:00","breadcrumb":{"@id":"https:\/\/hoyre.no\/trondheim\/arrangementer\/arsmote-og-programkonferanse-i-trondheim-hoyre\/#breadcrumb"},"inLanguage":"nb-NO","potentialAction":[{"@type":"ReadAction","target":["https:\/\/hoyre.no\/trondheim\/arrangementer\/arsmote-og-programkonferanse-i-trondheim-hoyre\/"]}]},{"@type":"BreadcrumbList","@id":"https:\/\/hoyre.no\/trondheim\/arrangementer\/arsmote-og-programkonferanse-i-trondheim-hoyre\/#breadcrumb","itemListElement":[{"@type":"ListItem","position":1,"name":"Til hoyre.no","item":"https:\/\/hoyre.no"},{"@type":"ListItem","position":2,"name":"Hjem","item":"https:\/\/hoyre.no\/trondheim\/"},{"@type":"ListItem","position":3,"name":"Arrangement","item":"https:\/\/hoyre.no\/trondheim\/arrangementer\/"},{"@type":"ListItem","position":4,"name":"\u00c5rsm\u00f8te og programkonferanse i Trondheim H\u00f8yre"}]},{"@type":"WebSite","@id":"https:\/\/hoyre.no\/trondheim\/#website","url":"https:\/\/hoyre.no\/trondheim\/","name":"Trondheim H\u00f8yre","description":"Bare enda et H\u00f8yres nettsteder-nettsted","inLanguage":"nb-NO"}]}},"distributor_meta":false,"distributor_terms":false,"distributor_media":false,"distributor_original_site_name":"Trondheim H\u00f8yre","distributor_original_site_url":"https:\/\/hoyre.no\/trondheim","push-errors":false,"_links":{"self":[{"href":"https:\/\/hoyre.no\/trondheim\/wp-json\/wp\/v2\/teft-events\/300","targetHints":{"allow":["GET"]}}],"collection":[{"href":"https:\/\/hoyre.no\/trondheim\/wp-json\/wp\/v2\/teft-events"}],"about":[{"href":"https:\/\/hoyre.no\/trondheim\/wp-json\/wp\/v2\/types\/teft-events"}],"wp:attachment":[{"href":"https:\/\/hoyre.no\/trondheim\/wp-json\/wp\/v2\/media?parent=300"}],"wp:term":[{"taxonomy":"teft-events-category","embeddable":true,"href":"https:\/\/hoyre.no\/trondheim\/wp-json\/wp\/v2\/teft-events-category?post=300"}],"curies":[{"name":"wp","href":"https:\/\/api.w.org\/{rel}","templated":true}]}}