{"id":400,"date":"2023-02-02T10:40:20","date_gmt":"2023-02-02T09:40:20","guid":{"rendered":"https:\/\/hoyre.no\/trondheim\/?post_type=teft-events&#038;p=400"},"modified":"2023-02-02T10:40:21","modified_gmt":"2023-02-02T09:40:21","slug":"kvinnepolitisk_utvalg","status":"publish","type":"teft-events","link":"https:\/\/hoyre.no\/trondheim\/arrangementer\/kvinnepolitisk_utvalg\/","title":{"rendered":"Kvinnepolitisk utvalg"},"content":{"rendered":"\n<div class=\"wp-block-teft-event-top\">\n\n<div class=\"teft-event-date-top\">\n<div class=\"teft-event-date-wrapper\">\n\t<div class=\"date-square\" aria-hidden=\"true\">\n\t\t09\t\t\t<\/div>\n<\/div>\n\t<div class=\"top-text\">\n\t\t\t\t\t<p class=\"top-date-text\">torsdag 09. februar 2023<\/p>\n\t\t\t\t\t\t\t<p class=\"top-time-text\">18:00 &#8211; 19:30<\/p>\n\t\t\t\t\t\t<\/div>\n\t\t<div class=\"sharing\">\n\t\t<a class=\"share-button share-link copy-link\" data-copy=\"https:\/\/hoyre.no\/trondheim\/arrangementer\/kvinnepolitisk_utvalg\/\" target=\"_blank\"><span class=\"screen-reader-text\">Del link<\/span><\/a>\n\t\t<a class=\"share-button share-twitter\" href=\"http:\/\/twitter.com\/share?text=Kvinnepolitisk utvalg&#038;url=https:\/\/hoyre.no\/trondheim\/arrangementer\/kvinnepolitisk_utvalg\/&#038;hashtags=Hoyre\" target=\"_blank\"><span class=\"screen-reader-text\">Del p\u00e5 twitter<\/span><\/a>\n\t\t<a class=\"share-button share-facebook\" href=\"https:\/\/www.facebook.com\/sharer\/sharer.php?u=https:\/\/hoyre.no\/trondheim\/arrangementer\/kvinnepolitisk_utvalg\/\" target=\"_blank\"><span class=\"screen-reader-text\">Del p\u00e5 facebook<\/span><\/a>\n\t<\/div>\n\t<\/div>\n<p class=\"preamble\">Trondheim H\u00f8yre \u00f8nsker \u00e5 bidra til at flere kvinner engasjerer seg i lokalpolitikken spesielt med tanke p\u00e5 at det er lokalvalg til h\u00f8sten.<br>Vi \u00f8nsker \u00e5 opprette et kvinnepolitisk utvalg. Tanken er at utvalget skal jobbe med saker som kvinner er spesielt opptatt av. Det kan v\u00e6re alt mulig, men dette \u00f8nsker vi ogs\u00e5 innspill p\u00e5 i m\u00f8tet.<br>Vi inviterer derfor medlemmer som \u00f8nsker \u00e5 engasjere seg i kvinnepolitiske sp\u00f8rsm\u00e5l til \u00e5 komme p\u00e5 m\u00f8te torsdag 9. februar kl 18-1930 p\u00e5 H\u00f8yres Kontor.<br>Velkommen og ta gjerne med en venninne\u00a0<img loading=\"lazy\" decoding=\"async\" height=\"16\" width=\"16\" src=\"https:\/\/static.xx.fbcdn.net\/images\/emoji.php\/v9\/t6c\/1\/16\/1f499.png\" alt=\"\ud83d\udc99\"><br><\/p><figure class=\"hoyre-image-wrapper\"><div class=\"hoyre-image\"><img loading=\"lazy\" decoding=\"async\" width=\"1550\" height=\"1293\" src=\"https:\/\/hoyre.no\/content\/uploads\/sites\/272\/2023\/02\/kvinnepolitisk-utvalg-scaled-e1675330621339.jpg\" class=\"attachment-scaled size-scaled\" alt=\"Cover_K_U\" style=\"object-position: 50% 50%\" srcset=\"https:\/\/hoyre.no\/content\/uploads\/sites\/272\/2023\/02\/kvinnepolitisk-utvalg-scaled-e1675330621339.jpg 1550w, https:\/\/hoyre.no\/content\/uploads\/sites\/272\/2023\/02\/kvinnepolitisk-utvalg-scaled-e1675330621339-300x250.jpg 300w, https:\/\/hoyre.no\/content\/uploads\/sites\/272\/2023\/02\/kvinnepolitisk-utvalg-scaled-e1675330621339-1024x854.jpg 1024w, https:\/\/hoyre.no\/content\/uploads\/sites\/272\/2023\/02\/kvinnepolitisk-utvalg-scaled-e1675330621339-768x641.jpg 768w, https:\/\/hoyre.no\/content\/uploads\/sites\/272\/2023\/02\/kvinnepolitisk-utvalg-scaled-e1675330621339-1536x1281.jpg 1536w\" sizes=\"auto, (max-width: 1550px) 100vw, 1550px\" \/><\/div><\/figure>\n\n<div class=\"wp-block wp-block-teft-event-registration-button\">\n\t<div class=\"registration-button-wrapper\">\n\t\t\t<a href=\"https:\/\/fb.me\/e\/428yEURDF\" class=\"wp-block-button__link\">Meld deg p\u00e5 her<\/a>\n\t\t\t\t\n\t<\/div>\n<\/div>\n\n<div class=\"panel teft-details-panel\">\n\t\t<h3>Detaljer<\/h3>\n\n\t\t\t\t\t<dl class=\"info-misc-with-icons\">\n\t\t\t\t<dt class=\"venue\"><span class=\"screen-reader-text\">Stedet<\/span><\/dt>\n\t\t\t\t<dd>\n\t\t\t\t\t\t\t\t\t\t<a href=\"https:\/\/goo.gl\/maps\/KDmvyEsKGqzDmDW7A\">H\u00f8yres Kontor<\/a>\n\t\t\t\t\t\t\t\t\t\t\t\t\t\t\t\t<span class=\"address-line-2\">Fjordgata 7, 7010 Trondheim<\/span>\n\t\t\t\t\t\t\t\t\t<\/dd>\n\t\t\t<\/dl>\n\t\t\t\t\t\t\t<dl class=\"info-misc-with-icons\">\n\t\t<dt class=\"time\"><span class=\"screen-reader-text\">Arrangement dato<\/span><\/dt>\n\t\t<dd class=\"time\">\n\t\t\ttor 9. februar 2023 fra  18:00 &#8211; 19:30\t\t<\/dd>\n\t<\/dl>\n\t\t\t\t\t\t<dl class=\"info-misc-with-icons\">\n\t\t<dt class=\"registration\"><span class=\"screen-reader-text\">P\u00e5meldingsdetajer<\/span><\/dt>\n\t\t<dd class=\"registration\">\n\t\t\tGratis\t\t\t\t\t\t\t<a href=\"https:\/\/fb.me\/e\/428yEURDF\">Registrer<\/a>\n\t\t\t\t\t<\/dd>\n\t<\/dl>\n\t\t<\/dl>\n<\/div>\n<\/div>\n\n\n\n\n<h2 class=\"wp-block-heading\">Informasjon<\/h2>\n\n\n\n<p><\/p>\n\n\n<div class=\"post-meta wp-block\">\n\t<div class=\"top\">\n\t\t<div class=\"sharing\">\n\t\t\t<a class=\"share-button share-link\" target=\"_blank\"><span class=\"screen-reader-text\">Del link<\/span><\/a>\n\t\t\t<a class=\"share-button share-twitter\" href=\"http:\/\/twitter.com\/share?text=Kvinnepolitisk utvalg&#038;url=https:\/\/hoyre.no\/trondheim\/arrangementer\/kvinnepolitisk_utvalg\/&#038;hashtags=Hoyre\"><span class=\"screen-reader-text\">Del p\u00e5 twitter<\/span><\/a>\n\t\t\t<a class=\"share-button share-facebook\" href=\"https:\/\/www.facebook.com\/sharer\/sharer.php?u=https:\/\/hoyre.no\/trondheim\/arrangementer\/kvinnepolitisk_utvalg\/\" target=\"_blank\"><span class=\"screen-reader-text\">Del p\u00e5 facebook<\/span><\/a>\n\t\t<\/div>\n\t<\/div>\n<\/div>\n","protected":false},"template":"","meta":{"teft_cards_image_url":"","teft_cards_custom_pretitle":"","teft_cards_image_id":0,"teft_cards_image_focal_point_x":0,"teft_cards_image_focal_point_y":0,"teft_cards_title":"","teft_cards_excerpt":"","teft_show_chapters":false,"event_organizer":[],"event_start_date":"2023-02-09T18:00:00","event_end_date":"2023-02-09T19:30:00","event_registration_url":"https:\/\/fb.me\/e\/428yEURDF","event_registration_deadline":"","event_ticket_cost":"Gratis","event_venue_name":"H\u00f8yres Kontor","event_venue_url":"https:\/\/goo.gl\/maps\/KDmvyEsKGqzDmDW7A","event_venue_address":"Fjordgata 7, 7010 Trondheim"},"teft-events-category":[],"class_list":["post-400","teft-events","type-teft-events","status-publish","hentry"],"yoast_head":"<!-- This site is optimized with the Yoast SEO plugin v26.6 - https:\/\/yoast.com\/wordpress\/plugins\/seo\/ -->\n<title>Kvinnepolitisk utvalg - Trondheim H\u00f8yre<\/title>\n<meta name=\"description\" content=\"Trondheim H\u00f8yre \u00f8nsker \u00e5 bidra til at flere kvinner engasjerer seg i lokalpolitikken spesielt med tanke p\u00e5 at det er lokalvalg til h\u00f8sten. Vi \u00f8nsker \u00e5 opprette et kvinnepolitisk utvalg. Tanken er at utvalget skal jobbe med saker som kvinner er spesielt opptatt av.\" \/>\n<meta name=\"robots\" content=\"index, follow, max-snippet:-1, max-image-preview:large, max-video-preview:-1\" \/>\n<link rel=\"canonical\" href=\"https:\/\/hoyre.no\/trondheim\/arrangementer\/kvinnepolitisk_utvalg\/\" \/>\n<meta property=\"og:locale\" content=\"nb_NO\" \/>\n<meta property=\"og:type\" content=\"article\" \/>\n<meta property=\"og:title\" content=\"Kvinnepolitisk utvalg - Trondheim H\u00f8yre\" \/>\n<meta property=\"og:description\" content=\"Trondheim H\u00f8yre \u00f8nsker \u00e5 bidra til at flere kvinner engasjerer seg i lokalpolitikken spesielt med tanke p\u00e5 at det er lokalvalg til h\u00f8sten. Vi \u00f8nsker \u00e5 opprette et kvinnepolitisk utvalg. Tanken er at utvalget skal jobbe med saker som kvinner er spesielt opptatt av.\" \/>\n<meta property=\"og:url\" content=\"https:\/\/hoyre.no\/trondheim\/arrangementer\/kvinnepolitisk_utvalg\/\" \/>\n<meta property=\"og:site_name\" content=\"Trondheim H\u00f8yre\" \/>\n<meta property=\"article:modified_time\" content=\"2023-02-02T09:40:21+00:00\" \/>\n<meta property=\"og:image\" content=\"https:\/\/static.xx.fbcdn.net\/images\/emoji.php\/v9\/t6c\/1\/16\/1f499.png\" \/>\n<meta name=\"twitter:card\" content=\"summary_large_image\" \/>\n<meta name=\"twitter:label1\" content=\"Ansl. lesetid\" \/>\n\t<meta name=\"twitter:data1\" content=\"1 minutt\" \/>\n<script type=\"application\/ld+json\" class=\"yoast-schema-graph\">{\"@context\":\"https:\/\/schema.org\",\"@graph\":[{\"@type\":\"WebPage\",\"@id\":\"https:\/\/hoyre.no\/trondheim\/arrangementer\/kvinnepolitisk_utvalg\/\",\"url\":\"https:\/\/hoyre.no\/trondheim\/arrangementer\/kvinnepolitisk_utvalg\/\",\"name\":\"Kvinnepolitisk utvalg - Trondheim H\u00f8yre\",\"isPartOf\":{\"@id\":\"https:\/\/hoyre.no\/trondheim\/#website\"},\"image\":{\"@id\":\"https:\/\/hoyre.no\/trondheim\/arrangementer\/kvinnepolitisk_utvalg\/#primaryimage\"},\"thumbnailUrl\":\"https:\/\/static.xx.fbcdn.net\/images\/emoji.php\/v9\/t6c\/1\/16\/1f499.png\",\"datePublished\":\"2023-02-02T09:40:20+00:00\",\"dateModified\":\"2023-02-02T09:40:21+00:00\",\"description\":\"Trondheim H\u00f8yre \u00f8nsker \u00e5 bidra til at flere kvinner engasjerer seg i lokalpolitikken spesielt med tanke p\u00e5 at det er lokalvalg til h\u00f8sten. Vi \u00f8nsker \u00e5 opprette et kvinnepolitisk utvalg. Tanken er at utvalget skal jobbe med saker som kvinner er spesielt opptatt av.\",\"breadcrumb\":{\"@id\":\"https:\/\/hoyre.no\/trondheim\/arrangementer\/kvinnepolitisk_utvalg\/#breadcrumb\"},\"inLanguage\":\"nb-NO\",\"potentialAction\":[{\"@type\":\"ReadAction\",\"target\":[\"https:\/\/hoyre.no\/trondheim\/arrangementer\/kvinnepolitisk_utvalg\/\"]}]},{\"@type\":\"ImageObject\",\"inLanguage\":\"nb-NO\",\"@id\":\"https:\/\/hoyre.no\/trondheim\/arrangementer\/kvinnepolitisk_utvalg\/#primaryimage\",\"url\":\"https:\/\/static.xx.fbcdn.net\/images\/emoji.php\/v9\/t6c\/1\/16\/1f499.png\",\"contentUrl\":\"https:\/\/static.xx.fbcdn.net\/images\/emoji.php\/v9\/t6c\/1\/16\/1f499.png\"},{\"@type\":\"BreadcrumbList\",\"@id\":\"https:\/\/hoyre.no\/trondheim\/arrangementer\/kvinnepolitisk_utvalg\/#breadcrumb\",\"itemListElement\":[{\"@type\":\"ListItem\",\"position\":1,\"name\":\"Til hoyre.no\",\"item\":\"https:\/\/hoyre.no\"},{\"@type\":\"ListItem\",\"position\":2,\"name\":\"Hjem\",\"item\":\"https:\/\/hoyre.no\/trondheim\/\"},{\"@type\":\"ListItem\",\"position\":3,\"name\":\"Arrangement\",\"item\":\"https:\/\/hoyre.no\/trondheim\/arrangementer\/\"},{\"@type\":\"ListItem\",\"position\":4,\"name\":\"Kvinnepolitisk utvalg\"}]},{\"@type\":\"WebSite\",\"@id\":\"https:\/\/hoyre.no\/trondheim\/#website\",\"url\":\"https:\/\/hoyre.no\/trondheim\/\",\"name\":\"Trondheim H\u00f8yre\",\"description\":\"Bare enda et H\u00f8yres nettsteder-nettsted\",\"inLanguage\":\"nb-NO\"}]}<\/script>\n<!-- \/ Yoast SEO plugin. -->","yoast_head_json":{"title":"Kvinnepolitisk utvalg - Trondheim H\u00f8yre","description":"Trondheim H\u00f8yre \u00f8nsker \u00e5 bidra til at flere kvinner engasjerer seg i lokalpolitikken spesielt med tanke p\u00e5 at det er lokalvalg til h\u00f8sten. Vi \u00f8nsker \u00e5 opprette et kvinnepolitisk utvalg. Tanken er at utvalget skal jobbe med saker som kvinner er spesielt opptatt av.","robots":{"index":"index","follow":"follow","max-snippet":"max-snippet:-1","max-image-preview":"max-image-preview:large","max-video-preview":"max-video-preview:-1"},"canonical":"https:\/\/hoyre.no\/trondheim\/arrangementer\/kvinnepolitisk_utvalg\/","og_locale":"nb_NO","og_type":"article","og_title":"Kvinnepolitisk utvalg - Trondheim H\u00f8yre","og_description":"Trondheim H\u00f8yre \u00f8nsker \u00e5 bidra til at flere kvinner engasjerer seg i lokalpolitikken spesielt med tanke p\u00e5 at det er lokalvalg til h\u00f8sten. Vi \u00f8nsker \u00e5 opprette et kvinnepolitisk utvalg. Tanken er at utvalget skal jobbe med saker som kvinner er spesielt opptatt av.","og_url":"https:\/\/hoyre.no\/trondheim\/arrangementer\/kvinnepolitisk_utvalg\/","og_site_name":"Trondheim H\u00f8yre","article_modified_time":"2023-02-02T09:40:21+00:00","og_image":[{"url":"https:\/\/static.xx.fbcdn.net\/images\/emoji.php\/v9\/t6c\/1\/16\/1f499.png","type":"","width":"","height":""}],"twitter_card":"summary_large_image","twitter_misc":{"Ansl. lesetid":"1 minutt"},"schema":{"@context":"https:\/\/schema.org","@graph":[{"@type":"WebPage","@id":"https:\/\/hoyre.no\/trondheim\/arrangementer\/kvinnepolitisk_utvalg\/","url":"https:\/\/hoyre.no\/trondheim\/arrangementer\/kvinnepolitisk_utvalg\/","name":"Kvinnepolitisk utvalg - Trondheim H\u00f8yre","isPartOf":{"@id":"https:\/\/hoyre.no\/trondheim\/#website"},"image":{"@id":"https:\/\/hoyre.no\/trondheim\/arrangementer\/kvinnepolitisk_utvalg\/#primaryimage"},"thumbnailUrl":"https:\/\/static.xx.fbcdn.net\/images\/emoji.php\/v9\/t6c\/1\/16\/1f499.png","datePublished":"2023-02-02T09:40:20+00:00","dateModified":"2023-02-02T09:40:21+00:00","description":"Trondheim H\u00f8yre \u00f8nsker \u00e5 bidra til at flere kvinner engasjerer seg i lokalpolitikken spesielt med tanke p\u00e5 at det er lokalvalg til h\u00f8sten. Vi \u00f8nsker \u00e5 opprette et kvinnepolitisk utvalg. Tanken er at utvalget skal jobbe med saker som kvinner er spesielt opptatt av.","breadcrumb":{"@id":"https:\/\/hoyre.no\/trondheim\/arrangementer\/kvinnepolitisk_utvalg\/#breadcrumb"},"inLanguage":"nb-NO","potentialAction":[{"@type":"ReadAction","target":["https:\/\/hoyre.no\/trondheim\/arrangementer\/kvinnepolitisk_utvalg\/"]}]},{"@type":"ImageObject","inLanguage":"nb-NO","@id":"https:\/\/hoyre.no\/trondheim\/arrangementer\/kvinnepolitisk_utvalg\/#primaryimage","url":"https:\/\/static.xx.fbcdn.net\/images\/emoji.php\/v9\/t6c\/1\/16\/1f499.png","contentUrl":"https:\/\/static.xx.fbcdn.net\/images\/emoji.php\/v9\/t6c\/1\/16\/1f499.png"},{"@type":"BreadcrumbList","@id":"https:\/\/hoyre.no\/trondheim\/arrangementer\/kvinnepolitisk_utvalg\/#breadcrumb","itemListElement":[{"@type":"ListItem","position":1,"name":"Til hoyre.no","item":"https:\/\/hoyre.no"},{"@type":"ListItem","position":2,"name":"Hjem","item":"https:\/\/hoyre.no\/trondheim\/"},{"@type":"ListItem","position":3,"name":"Arrangement","item":"https:\/\/hoyre.no\/trondheim\/arrangementer\/"},{"@type":"ListItem","position":4,"name":"Kvinnepolitisk utvalg"}]},{"@type":"WebSite","@id":"https:\/\/hoyre.no\/trondheim\/#website","url":"https:\/\/hoyre.no\/trondheim\/","name":"Trondheim H\u00f8yre","description":"Bare enda et H\u00f8yres nettsteder-nettsted","inLanguage":"nb-NO"}]}},"distributor_meta":false,"distributor_terms":false,"distributor_media":false,"distributor_original_site_name":"Trondheim H\u00f8yre","distributor_original_site_url":"https:\/\/hoyre.no\/trondheim","push-errors":false,"_links":{"self":[{"href":"https:\/\/hoyre.no\/trondheim\/wp-json\/wp\/v2\/teft-events\/400","targetHints":{"allow":["GET"]}}],"collection":[{"href":"https:\/\/hoyre.no\/trondheim\/wp-json\/wp\/v2\/teft-events"}],"about":[{"href":"https:\/\/hoyre.no\/trondheim\/wp-json\/wp\/v2\/types\/teft-events"}],"wp:attachment":[{"href":"https:\/\/hoyre.no\/trondheim\/wp-json\/wp\/v2\/media?parent=400"}],"wp:term":[{"taxonomy":"teft-events-category","embeddable":true,"href":"https:\/\/hoyre.no\/trondheim\/wp-json\/wp\/v2\/teft-events-category?post=400"}],"curies":[{"name":"wp","href":"https:\/\/api.w.org\/{rel}","templated":true}]}}