{"id":426,"date":"2023-02-23T10:05:15","date_gmt":"2023-02-23T09:05:15","guid":{"rendered":"https:\/\/hoyre.no\/trondheim\/?post_type=teft-events&#038;p=426"},"modified":"2023-02-23T10:05:16","modified_gmt":"2023-02-23T09:05:16","slug":"kvinnepolitisk_kulturaften","status":"publish","type":"teft-events","link":"https:\/\/hoyre.no\/trondheim\/arrangementer\/kvinnepolitisk_kulturaften\/","title":{"rendered":"Kvinnepolitisk kulturaften"},"content":{"rendered":"\n<div class=\"wp-block-teft-event-top\">\n\n<div class=\"teft-event-date-top\">\n<div class=\"teft-event-date-wrapper\">\n\t<div class=\"date-square\" aria-hidden=\"true\">\n\t\t07\t\t\t<\/div>\n<\/div>\n\t<div class=\"top-text\">\n\t\t\t\t\t<p class=\"top-date-text\">tirsdag 07. mars 2023<\/p>\n\t\t\t\t\t\t\t<p class=\"top-time-text\">17:45 &#8211; 20:45<\/p>\n\t\t\t\t\t\t<\/div>\n\t\t<div class=\"sharing\">\n\t\t<a class=\"share-button share-link copy-link\" data-copy=\"https:\/\/hoyre.no\/trondheim\/arrangementer\/kvinnepolitisk_kulturaften\/\" target=\"_blank\"><span class=\"screen-reader-text\">Del link<\/span><\/a>\n\t\t<a class=\"share-button share-twitter\" href=\"http:\/\/twitter.com\/share?text=Kvinnepolitisk kulturaften&#038;url=https:\/\/hoyre.no\/trondheim\/arrangementer\/kvinnepolitisk_kulturaften\/&#038;hashtags=Hoyre\" target=\"_blank\"><span class=\"screen-reader-text\">Del p\u00e5 twitter<\/span><\/a>\n\t\t<a class=\"share-button share-facebook\" href=\"https:\/\/www.facebook.com\/sharer\/sharer.php?u=https:\/\/hoyre.no\/trondheim\/arrangementer\/kvinnepolitisk_kulturaften\/\" target=\"_blank\"><span class=\"screen-reader-text\">Del p\u00e5 facebook<\/span><\/a>\n\t<\/div>\n\t<\/div>\n<p class=\"preamble\">Vil du bli med p\u00e5 omvisning p\u00e5 Tr\u00f8ndelag Teater?<br>Kvinnepolitisk utvalg i Trondheim H\u00f8yre inviterer til politisk kulturaften tirsdag 7. mars som opptakt til kvinnedagen.<\/p><figure class=\"hoyre-image-wrapper\"><div class=\"hoyre-image\"><img loading=\"lazy\" decoding=\"async\" width=\"1333\" height=\"917\" src=\"https:\/\/hoyre.no\/content\/uploads\/sites\/272\/2023\/02\/K.Kultur_Event.jpg\" class=\"attachment-scaled size-scaled\" alt=\"Kvinnepolitisk kulturaften\" style=\"object-position: 34% 52%\" srcset=\"https:\/\/hoyre.no\/content\/uploads\/sites\/272\/2023\/02\/K.Kultur_Event.jpg 1333w, https:\/\/hoyre.no\/content\/uploads\/sites\/272\/2023\/02\/K.Kultur_Event-300x206.jpg 300w, https:\/\/hoyre.no\/content\/uploads\/sites\/272\/2023\/02\/K.Kultur_Event-1024x704.jpg 1024w, https:\/\/hoyre.no\/content\/uploads\/sites\/272\/2023\/02\/K.Kultur_Event-768x528.jpg 768w\" sizes=\"auto, (max-width: 1333px) 100vw, 1333px\" \/><\/div><\/figure>\n\n<div class=\"wp-block wp-block-teft-event-registration-button\">\n\t<div class=\"registration-button-wrapper\">\n\t\t\t<a href=\"https:\/\/fb.me\/e\/3uO0gOiW1\" class=\"wp-block-button__link\">Meld deg p\u00e5 her<\/a>\n\t\t\t\t\n\t<\/div>\n<\/div>\n\n<div class=\"panel teft-details-panel\">\n\t\t<h3>Detaljer<\/h3>\n\n\t\t\t\t\t<dl class=\"info-misc-with-icons\">\n\t\t\t\t<dt class=\"venue\"><span class=\"screen-reader-text\">Stedet<\/span><\/dt>\n\t\t\t\t<dd>\n\t\t\t\t\t\t\t\t\t\t<a href=\"https:\/\/goo.gl\/maps\/MEkwu5vvkzZGMVEE6\">Oppm\u00f8te kl 17:45 utenfor den gamle hovedscenen<\/a>\n\t\t\t\t\t\t\t\t\t\t\t\t\t\t\t\t<span class=\"address-line-2\">Prinsens gt. 20, 7012 Trondheim<\/span>\n\t\t\t\t\t\t\t\t\t<\/dd>\n\t\t\t<\/dl>\n\t\t\t\t\t\t\t<dl class=\"info-misc-with-icons\">\n\t\t<dt class=\"time\"><span class=\"screen-reader-text\">Arrangement dato<\/span><\/dt>\n\t\t<dd class=\"time\">\n\t\t\ttir 7. mars 2023 fra  17:45 &#8211; 20:45\t\t<\/dd>\n\t<\/dl>\n\t\t\t\t\t\t<dl class=\"info-misc-with-icons\">\n\t\t<dt class=\"registration\"><span class=\"screen-reader-text\">P\u00e5meldingsdetajer<\/span><\/dt>\n\t\t<dd class=\"registration\">\n\t\t\tOrdin\u00e6r 300 kr \/\/ Honn\u00f8r 250 kr \/\/ Student 180 kr\t\t\t\t\t\t\t<a href=\"https:\/\/fb.me\/e\/3uO0gOiW1\">Registrer<\/a>\n\t\t\t\t\t<\/dd>\n\t<\/dl>\n\t\t<\/dl>\n<\/div>\n<\/div>\n\n\n\n\n<h2 class=\"wp-block-heading\">Informasjon<\/h2>\n\n\n\n<p>Berit Tiller, direkt\u00f8r ved Tr\u00f8ndelag Teater, leder oss igjennom teaterets historie og arkitektur etterfulgt av kulturpolitisk debatt blant deltagerne. Det blir mulighet for \u00e5 kj\u00f8pe forfriskninger. Deretter teaterforestilling.<br>Du kan velge \u00e5 v\u00e6re med p\u00e5 bare omvisning og debatt, bare teaterforestilling eller begge deler.<br>Omvisningen tirsdag 7. mars fra klokken 18:00. Oppm\u00f8te kl 17:45 utenfor den gamle hovedscenen.<br>Teaterforestilling Moral if\u00f8lge Medea fra klokken 19:30-20:45. Den enkelte betaler teaterbilletter selv. Vi har holdt av 10 plasser, f\u00f8rst til m\u00f8lla. Billetter kj\u00f8pes her:\u00a0<a href=\"https:\/\/billetter.trondelag-teater.no\/webshop\/webticket\/bestseatselect?eventId=1310\" target=\"_blank\" rel=\"noreferrer noopener\">https:\/\/www.trondelag-teater.no\/forestillinger\/moral-ifolge-medea<\/a><br>Ta gjerne med en venninne eller to.<br>Vi ses p\u00e5 Kvinnepolitisk kulturaften.<\/p>\n\n\n<div class=\"post-meta wp-block\">\n\t<div class=\"top\">\n\t\t<div class=\"sharing\">\n\t\t\t<a class=\"share-button share-link\" target=\"_blank\"><span class=\"screen-reader-text\">Del link<\/span><\/a>\n\t\t\t<a class=\"share-button share-twitter\" href=\"http:\/\/twitter.com\/share?text=Kvinnepolitisk kulturaften&#038;url=https:\/\/hoyre.no\/trondheim\/arrangementer\/kvinnepolitisk_kulturaften\/&#038;hashtags=Hoyre\"><span class=\"screen-reader-text\">Del p\u00e5 twitter<\/span><\/a>\n\t\t\t<a class=\"share-button share-facebook\" href=\"https:\/\/www.facebook.com\/sharer\/sharer.php?u=https:\/\/hoyre.no\/trondheim\/arrangementer\/kvinnepolitisk_kulturaften\/\" target=\"_blank\"><span class=\"screen-reader-text\">Del p\u00e5 facebook<\/span><\/a>\n\t\t<\/div>\n\t<\/div>\n<\/div>\n","protected":false},"template":"","meta":{"teft_cards_image_url":"","teft_cards_custom_pretitle":"","teft_cards_image_id":427,"teft_cards_image_focal_point_x":0.5,"teft_cards_image_focal_point_y":0.5,"teft_cards_title":"Kvinnepolitisk kulturaften","teft_cards_excerpt":"","teft_show_chapters":false,"event_organizer":[],"event_start_date":"2023-03-07T17:45:00","event_end_date":"2023-03-07T20:45:00","event_registration_url":"https:\/\/fb.me\/e\/3uO0gOiW1","event_registration_deadline":"","event_ticket_cost":"Ordin\u00e6r 300 kr \/\/ Honn\u00f8r 250 kr \/\/ Student 180 kr","event_venue_name":"Oppm\u00f8te kl 17:45 utenfor den gamle hovedscenen","event_venue_url":"https:\/\/goo.gl\/maps\/MEkwu5vvkzZGMVEE6","event_venue_address":"Prinsens gt. 20, 7012 Trondheim"},"teft-events-category":[],"class_list":["post-426","teft-events","type-teft-events","status-publish","hentry"],"yoast_head":"<!-- This site is optimized with the Yoast SEO plugin v26.6 - https:\/\/yoast.com\/wordpress\/plugins\/seo\/ -->\n<title>Kvinnepolitisk kulturaften - Trondheim H\u00f8yre<\/title>\n<meta name=\"description\" content=\"Vil du bli med p\u00e5 omvisning p\u00e5 Tr\u00f8ndelag Teater? Kvinnepolitisk utvalg i Trondheim H\u00f8yre inviterer til politisk kulturaften.\" \/>\n<meta name=\"robots\" content=\"index, follow, max-snippet:-1, max-image-preview:large, max-video-preview:-1\" \/>\n<link rel=\"canonical\" href=\"https:\/\/hoyre.no\/trondheim\/arrangementer\/kvinnepolitisk_kulturaften\/\" \/>\n<meta property=\"og:locale\" content=\"nb_NO\" \/>\n<meta property=\"og:type\" content=\"article\" \/>\n<meta property=\"og:title\" content=\"Kvinnepolitisk kulturaften\" \/>\n<meta property=\"og:description\" content=\"Vil du bli med p\u00e5 omvisning p\u00e5 Tr\u00f8ndelag Teater? Kvinnepolitisk utvalg i Trondheim H\u00f8yre inviterer til politisk kulturaften tirsdag 7. mars som opptakt til kvinnedagen.\" \/>\n<meta property=\"og:url\" content=\"https:\/\/hoyre.no\/trondheim\/arrangementer\/kvinnepolitisk_kulturaften\/\" \/>\n<meta property=\"og:site_name\" content=\"Trondheim H\u00f8yre\" \/>\n<meta property=\"article:modified_time\" content=\"2023-02-23T09:05:16+00:00\" \/>\n<meta property=\"og:image\" content=\"https:\/\/hoyre.no\/content\/uploads\/sites\/272\/2023\/02\/K.Kultur_Event.jpg\" \/>\n\t<meta property=\"og:image:width\" content=\"1333\" \/>\n\t<meta property=\"og:image:height\" content=\"917\" \/>\n\t<meta property=\"og:image:type\" content=\"image\/jpeg\" \/>\n<meta name=\"twitter:card\" content=\"summary_large_image\" \/>\n<meta name=\"twitter:label1\" content=\"Ansl. lesetid\" \/>\n\t<meta name=\"twitter:data1\" content=\"1 minutt\" \/>\n<script type=\"application\/ld+json\" class=\"yoast-schema-graph\">{\"@context\":\"https:\/\/schema.org\",\"@graph\":[{\"@type\":\"WebPage\",\"@id\":\"https:\/\/hoyre.no\/trondheim\/arrangementer\/kvinnepolitisk_kulturaften\/\",\"url\":\"https:\/\/hoyre.no\/trondheim\/arrangementer\/kvinnepolitisk_kulturaften\/\",\"name\":\"Kvinnepolitisk kulturaften - Trondheim H\u00f8yre\",\"isPartOf\":{\"@id\":\"https:\/\/hoyre.no\/trondheim\/#website\"},\"datePublished\":\"2023-02-23T09:05:15+00:00\",\"dateModified\":\"2023-02-23T09:05:16+00:00\",\"description\":\"Vil du bli med p\u00e5 omvisning p\u00e5 Tr\u00f8ndelag Teater? Kvinnepolitisk utvalg i Trondheim H\u00f8yre inviterer til politisk kulturaften.\",\"breadcrumb\":{\"@id\":\"https:\/\/hoyre.no\/trondheim\/arrangementer\/kvinnepolitisk_kulturaften\/#breadcrumb\"},\"inLanguage\":\"nb-NO\",\"potentialAction\":[{\"@type\":\"ReadAction\",\"target\":[\"https:\/\/hoyre.no\/trondheim\/arrangementer\/kvinnepolitisk_kulturaften\/\"]}]},{\"@type\":\"BreadcrumbList\",\"@id\":\"https:\/\/hoyre.no\/trondheim\/arrangementer\/kvinnepolitisk_kulturaften\/#breadcrumb\",\"itemListElement\":[{\"@type\":\"ListItem\",\"position\":1,\"name\":\"Til hoyre.no\",\"item\":\"https:\/\/hoyre.no\"},{\"@type\":\"ListItem\",\"position\":2,\"name\":\"Hjem\",\"item\":\"https:\/\/hoyre.no\/trondheim\/\"},{\"@type\":\"ListItem\",\"position\":3,\"name\":\"Arrangement\",\"item\":\"https:\/\/hoyre.no\/trondheim\/arrangementer\/\"},{\"@type\":\"ListItem\",\"position\":4,\"name\":\"Kvinnepolitisk kulturaften\"}]},{\"@type\":\"WebSite\",\"@id\":\"https:\/\/hoyre.no\/trondheim\/#website\",\"url\":\"https:\/\/hoyre.no\/trondheim\/\",\"name\":\"Trondheim H\u00f8yre\",\"description\":\"Bare enda et H\u00f8yres nettsteder-nettsted\",\"inLanguage\":\"nb-NO\"}]}<\/script>\n<!-- \/ Yoast SEO plugin. -->","yoast_head_json":{"title":"Kvinnepolitisk kulturaften - Trondheim H\u00f8yre","description":"Vil du bli med p\u00e5 omvisning p\u00e5 Tr\u00f8ndelag Teater? Kvinnepolitisk utvalg i Trondheim H\u00f8yre inviterer til politisk kulturaften.","robots":{"index":"index","follow":"follow","max-snippet":"max-snippet:-1","max-image-preview":"max-image-preview:large","max-video-preview":"max-video-preview:-1"},"canonical":"https:\/\/hoyre.no\/trondheim\/arrangementer\/kvinnepolitisk_kulturaften\/","og_locale":"nb_NO","og_type":"article","og_title":"Kvinnepolitisk kulturaften","og_description":"Vil du bli med p\u00e5 omvisning p\u00e5 Tr\u00f8ndelag Teater? Kvinnepolitisk utvalg i Trondheim H\u00f8yre inviterer til politisk kulturaften tirsdag 7. mars som opptakt til kvinnedagen.","og_url":"https:\/\/hoyre.no\/trondheim\/arrangementer\/kvinnepolitisk_kulturaften\/","og_site_name":"Trondheim H\u00f8yre","article_modified_time":"2023-02-23T09:05:16+00:00","og_image":[{"width":1333,"height":917,"url":"https:\/\/hoyre.no\/content\/uploads\/sites\/272\/2023\/02\/K.Kultur_Event.jpg","type":"image\/jpeg"}],"twitter_card":"summary_large_image","twitter_misc":{"Ansl. lesetid":"1 minutt"},"schema":{"@context":"https:\/\/schema.org","@graph":[{"@type":"WebPage","@id":"https:\/\/hoyre.no\/trondheim\/arrangementer\/kvinnepolitisk_kulturaften\/","url":"https:\/\/hoyre.no\/trondheim\/arrangementer\/kvinnepolitisk_kulturaften\/","name":"Kvinnepolitisk kulturaften - Trondheim H\u00f8yre","isPartOf":{"@id":"https:\/\/hoyre.no\/trondheim\/#website"},"datePublished":"2023-02-23T09:05:15+00:00","dateModified":"2023-02-23T09:05:16+00:00","description":"Vil du bli med p\u00e5 omvisning p\u00e5 Tr\u00f8ndelag Teater? Kvinnepolitisk utvalg i Trondheim H\u00f8yre inviterer til politisk kulturaften.","breadcrumb":{"@id":"https:\/\/hoyre.no\/trondheim\/arrangementer\/kvinnepolitisk_kulturaften\/#breadcrumb"},"inLanguage":"nb-NO","potentialAction":[{"@type":"ReadAction","target":["https:\/\/hoyre.no\/trondheim\/arrangementer\/kvinnepolitisk_kulturaften\/"]}]},{"@type":"BreadcrumbList","@id":"https:\/\/hoyre.no\/trondheim\/arrangementer\/kvinnepolitisk_kulturaften\/#breadcrumb","itemListElement":[{"@type":"ListItem","position":1,"name":"Til hoyre.no","item":"https:\/\/hoyre.no"},{"@type":"ListItem","position":2,"name":"Hjem","item":"https:\/\/hoyre.no\/trondheim\/"},{"@type":"ListItem","position":3,"name":"Arrangement","item":"https:\/\/hoyre.no\/trondheim\/arrangementer\/"},{"@type":"ListItem","position":4,"name":"Kvinnepolitisk kulturaften"}]},{"@type":"WebSite","@id":"https:\/\/hoyre.no\/trondheim\/#website","url":"https:\/\/hoyre.no\/trondheim\/","name":"Trondheim H\u00f8yre","description":"Bare enda et H\u00f8yres nettsteder-nettsted","inLanguage":"nb-NO"}]}},"distributor_meta":false,"distributor_terms":false,"distributor_media":false,"distributor_original_site_name":"Trondheim H\u00f8yre","distributor_original_site_url":"https:\/\/hoyre.no\/trondheim","push-errors":false,"_links":{"self":[{"href":"https:\/\/hoyre.no\/trondheim\/wp-json\/wp\/v2\/teft-events\/426","targetHints":{"allow":["GET"]}}],"collection":[{"href":"https:\/\/hoyre.no\/trondheim\/wp-json\/wp\/v2\/teft-events"}],"about":[{"href":"https:\/\/hoyre.no\/trondheim\/wp-json\/wp\/v2\/types\/teft-events"}],"wp:attachment":[{"href":"https:\/\/hoyre.no\/trondheim\/wp-json\/wp\/v2\/media?parent=426"}],"wp:term":[{"taxonomy":"teft-events-category","embeddable":true,"href":"https:\/\/hoyre.no\/trondheim\/wp-json\/wp\/v2\/teft-events-category?post=426"}],"curies":[{"name":"wp","href":"https:\/\/api.w.org\/{rel}","templated":true}]}}