{"id":488,"date":"2023-03-28T11:30:16","date_gmt":"2023-03-28T09:30:16","guid":{"rendered":"https:\/\/hoyre.no\/trondheim\/?post_type=teft-events&#038;p=488"},"modified":"2023-03-28T12:18:04","modified_gmt":"2023-03-28T10:18:04","slug":"programmote","status":"publish","type":"teft-events","link":"https:\/\/hoyre.no\/trondheim\/arrangementer\/programmote\/","title":{"rendered":"Programm\u00f8te"},"content":{"rendered":"\n<div class=\"wp-block-teft-event-top\">\n\n<div class=\"teft-event-date-top\">\n<div class=\"teft-event-date-wrapper\">\n\t<div class=\"date-square\" aria-hidden=\"true\">\n\t\t28\t\t\t<\/div>\n<\/div>\n\t<div class=\"top-text\">\n\t\t\t\t\t<p class=\"top-date-text\">tirsdag 28. mars 2023<\/p>\n\t\t\t\t\t\t\t<p class=\"top-time-text\">18:30 &#8211; 21:00<\/p>\n\t\t\t\t\t\t<\/div>\n\t\t<div class=\"sharing\">\n\t\t<a class=\"share-button share-link copy-link\" data-copy=\"https:\/\/hoyre.no\/trondheim\/arrangementer\/programmote\/\" target=\"_blank\"><span class=\"screen-reader-text\">Del link<\/span><\/a>\n\t\t<a class=\"share-button share-twitter\" href=\"http:\/\/twitter.com\/share?text=Programm\u00f8te&#038;url=https:\/\/hoyre.no\/trondheim\/arrangementer\/programmote\/&#038;hashtags=Hoyre\" target=\"_blank\"><span class=\"screen-reader-text\">Del p\u00e5 twitter<\/span><\/a>\n\t\t<a class=\"share-button share-facebook\" href=\"https:\/\/www.facebook.com\/sharer\/sharer.php?u=https:\/\/hoyre.no\/trondheim\/arrangementer\/programmote\/\" target=\"_blank\"><span class=\"screen-reader-text\">Del p\u00e5 facebook<\/span><\/a>\n\t<\/div>\n\t<\/div>\n<p class=\"preamble\">Vi skal vedta v\u00e5rt nye program\u00a0<img loading=\"lazy\" decoding=\"async\" height=\"16\" width=\"16\" src=\"https:\/\/static.xx.fbcdn.net\/images\/emoji.php\/v9\/t58\/1\/16\/1f929.png\" alt=\"\ud83e\udd29\"><br>P\u00e5 statens hus klokken 18.30 skjer det vi har ventet p\u00e5: vi skal vedta Trondheim H\u00f8yres program 2023 &#8211; 2027!\u00a0<img loading=\"lazy\" decoding=\"async\" height=\"16\" width=\"16\" src=\"https:\/\/static.xx.fbcdn.net\/images\/emoji.php\/v9\/t6c\/1\/16\/1f499.png\" alt=\"\ud83d\udc99\"><br>Etter v\u00e5r nye politikk er vedtatt g\u00e5r vi samlet til Kiegla for \u00e5 feire!\u00a0<img loading=\"lazy\" decoding=\"async\" height=\"16\" width=\"16\" src=\"https:\/\/static.xx.fbcdn.net\/images\/emoji.php\/v9\/t6d\/1\/16\/1f973.png\" alt=\"\ud83e\udd73\"><\/p><figure class=\"hoyre-image-wrapper\"><div class=\"hoyre-image\"><img loading=\"lazy\" decoding=\"async\" width=\"2500\" height=\"1718\" src=\"https:\/\/hoyre.no\/content\/uploads\/sites\/272\/2023\/03\/Topptekst-1-scaled.jpg\" class=\"attachment-scaled size-scaled\" alt=\"\" style=\"object-position: 50% 72%\" srcset=\"https:\/\/hoyre.no\/content\/uploads\/sites\/272\/2023\/03\/Topptekst-1-scaled.jpg 2500w, https:\/\/hoyre.no\/content\/uploads\/sites\/272\/2023\/03\/Topptekst-1-300x206.jpg 300w, https:\/\/hoyre.no\/content\/uploads\/sites\/272\/2023\/03\/Topptekst-1-1024x704.jpg 1024w, https:\/\/hoyre.no\/content\/uploads\/sites\/272\/2023\/03\/Topptekst-1-768x528.jpg 768w, https:\/\/hoyre.no\/content\/uploads\/sites\/272\/2023\/03\/Topptekst-1-1536x1056.jpg 1536w, https:\/\/hoyre.no\/content\/uploads\/sites\/272\/2023\/03\/Topptekst-1-2048x1408.jpg 2048w\" sizes=\"auto, (max-width: 2500px) 100vw, 2500px\" \/><\/div><\/figure>\n\n<div class=\"wp-block wp-block-teft-event-registration-button\">\n\t<div class=\"registration-button-wrapper\">\n\t\t\t<a href=\"https:\/\/fb.me\/e\/3tuTDx5RR\" class=\"wp-block-button__link\">Meld deg p\u00e5 her<\/a>\n\t\t\t\t\n\t<\/div>\n<\/div>\n\n<div class=\"panel teft-details-panel\">\n\t\t<h3>Detaljer<\/h3>\n\n\t\t\t\t\t<dl class=\"info-misc-with-icons\">\n\t\t\t\t<dt class=\"venue\"><span class=\"screen-reader-text\">Stedet<\/span><\/dt>\n\t\t\t\t<dd>\n\t\t\t\t\t\t\t\t\t\t<a href=\"https:\/\/goo.gl\/maps\/KYcZ5ojsZKNbuXgH7\">Statens Hus<\/a>\n\t\t\t\t\t\t\t\t\t\t\t\t\t\t\t\t<span class=\"address-line-2\">Prinsens gate. 1, 7013 Trondheim<\/span>\n\t\t\t\t\t\t\t\t\t<\/dd>\n\t\t\t<\/dl>\n\t\t\t\t\t\t\t<dl class=\"info-misc-with-icons\">\n\t\t<dt class=\"time\"><span class=\"screen-reader-text\">Arrangement dato<\/span><\/dt>\n\t\t<dd class=\"time\">\n\t\t\ttir 28. mars 2023 fra  18:30 &#8211; 21:00\t\t<\/dd>\n\t<\/dl>\n\t\t\t\t\t\t<dl class=\"info-misc-with-icons\">\n\t\t<dt class=\"registration\"><span class=\"screen-reader-text\">P\u00e5meldingsdetajer<\/span><\/dt>\n\t\t<dd class=\"registration\">\n\t\t\tGratis\t\t\t\t\t\t\t<a href=\"https:\/\/fb.me\/e\/3tuTDx5RR\">Registrer<\/a>\n\t\t\t\t\t<\/dd>\n\t<\/dl>\n\t\t<\/dl>\n<\/div>\n<\/div>\n\n\n\n\n<h2 class=\"wp-block-heading\">Informasjon<\/h2>\n\n\n\n<p><strong>Viktig info!<\/strong><\/p>\n\n\n\n<p>Hvis endringsforslaget ditt har blitt anbefalt avvist, og du enda vil opprettholde m\u00e5 du kontakte&nbsp;August Gr\u00f8ntvedt, enten fysisk eller per&nbsp;<a href=\"https:\/\/hoyre.no\/trondheim\/ansatte\/\">e-post<\/a><\/p>\n\n\n\n<p><strong>Programmet for m\u00f8te:<\/strong><br>18:30:<br>&#8211; Konstituering av m\u00f8te<br>&#8211; Valg av m\u00f8teleder<br>&#8211; Valg av referent<br>&#8211; Valg av redaksjonskomite<br>&#8211; Valg av tellekorps<br>18:45: Leder Trondheim H\u00f8yre \u00f8nsker velkommen og orienterer om prosessen<br>18:50: Programkomiteens leder orienterer om programmet<br>19:15: Behandling av programmet<\/p>\n\n\n\n<div class=\"wp-block-teft-factbox\"><div class=\"factbox-inner\"><div class=\"entry-content\"><h4 class=\"toggle\">Dokumenter<\/h4>\n<div class=\"wp-block-buttons is-layout-flex wp-block-buttons-is-layout-flex\">\n<div class=\"wp-block-button\"><a class=\"wp-block-button__link\" href=\"https:\/\/www.dropbox.com\/scl\/fi\/swcncs4ewktobe9b2h6xh\/Endingsforslag-med-innstilling-fra-redaksjon.xlsx?dl=0&amp;rlkey=x4uicabnyoyn1phhhwdb5cpx2\">Endringsforslag &#8211; Innstilling redaksjon<\/a><\/div>\n\n\n\n<div class=\"wp-block-button\"><a class=\"wp-block-button__link\" href=\"https:\/\/www.dropbox.com\/s\/v9lxhrikmzuh8xa\/Utkast%20-%20Program%202023-2027.pdf?dl=0\">Programforslag<\/a><\/div>\n<\/div>\n<\/div><\/div><\/div>\n\n\n<div class=\"post-meta wp-block\">\n\t<div class=\"top\">\n\t\t<div class=\"sharing\">\n\t\t\t<a class=\"share-button share-link\" target=\"_blank\"><span class=\"screen-reader-text\">Del link<\/span><\/a>\n\t\t\t<a class=\"share-button share-twitter\" href=\"http:\/\/twitter.com\/share?text=Programm\u00f8te&#038;url=https:\/\/hoyre.no\/trondheim\/arrangementer\/programmote\/&#038;hashtags=Hoyre\"><span class=\"screen-reader-text\">Del p\u00e5 twitter<\/span><\/a>\n\t\t\t<a class=\"share-button share-facebook\" href=\"https:\/\/www.facebook.com\/sharer\/sharer.php?u=https:\/\/hoyre.no\/trondheim\/arrangementer\/programmote\/\" target=\"_blank\"><span class=\"screen-reader-text\">Del p\u00e5 facebook<\/span><\/a>\n\t\t<\/div>\n\t<\/div>\n<\/div>\n","protected":false},"template":"","meta":{"teft_cards_image_url":"","teft_cards_custom_pretitle":"","teft_cards_image_id":476,"teft_cards_image_focal_point_x":0.5,"teft_cards_image_focal_point_y":0.5,"teft_cards_title":"","teft_cards_excerpt":"","teft_show_chapters":false,"event_organizer":[],"event_start_date":"2023-03-28T18:30:00","event_end_date":"2023-03-28T21:00:00","event_registration_url":"https:\/\/fb.me\/e\/3tuTDx5RR","event_registration_deadline":"","event_ticket_cost":"Gratis","event_venue_name":"Statens Hus","event_venue_url":"https:\/\/goo.gl\/maps\/KYcZ5ojsZKNbuXgH7","event_venue_address":"Prinsens gate. 1, 7013 Trondheim"},"teft-events-category":[],"class_list":["post-488","teft-events","type-teft-events","status-publish","hentry"],"yoast_head":"<!-- This site is optimized with the Yoast SEO plugin v26.6 - https:\/\/yoast.com\/wordpress\/plugins\/seo\/ -->\n<title>Programm\u00f8te - Trondheim H\u00f8yre<\/title>\n<meta name=\"robots\" content=\"index, follow, max-snippet:-1, max-image-preview:large, max-video-preview:-1\" \/>\n<link rel=\"canonical\" href=\"https:\/\/hoyre.no\/trondheim\/arrangementer\/programmote\/\" \/>\n<meta property=\"og:locale\" content=\"nb_NO\" \/>\n<meta property=\"og:type\" content=\"article\" \/>\n<meta property=\"og:title\" content=\"Programm\u00f8te - Trondheim H\u00f8yre\" \/>\n<meta property=\"og:url\" content=\"https:\/\/hoyre.no\/trondheim\/arrangementer\/programmote\/\" \/>\n<meta property=\"og:site_name\" content=\"Trondheim H\u00f8yre\" \/>\n<meta property=\"article:modified_time\" content=\"2023-03-28T10:18:04+00:00\" \/>\n<meta property=\"og:image\" content=\"https:\/\/hoyre.no\/content\/uploads\/sites\/272\/2023\/03\/Topptekst-1-1024x704.jpg\" \/>\n<meta name=\"twitter:card\" content=\"summary_large_image\" \/>\n<meta name=\"twitter:label1\" content=\"Ansl. lesetid\" \/>\n\t<meta name=\"twitter:data1\" content=\"2 minutter\" \/>\n<script type=\"application\/ld+json\" class=\"yoast-schema-graph\">{\"@context\":\"https:\/\/schema.org\",\"@graph\":[{\"@type\":\"WebPage\",\"@id\":\"https:\/\/hoyre.no\/trondheim\/arrangementer\/programmote\/\",\"url\":\"https:\/\/hoyre.no\/trondheim\/arrangementer\/programmote\/\",\"name\":\"Programm\u00f8te - Trondheim H\u00f8yre\",\"isPartOf\":{\"@id\":\"https:\/\/hoyre.no\/trondheim\/#website\"},\"image\":{\"@id\":\"https:\/\/hoyre.no\/trondheim\/arrangementer\/programmote\/#primaryimage\"},\"thumbnailUrl\":\"https:\/\/static.xx.fbcdn.net\/images\/emoji.php\/v9\/t58\/1\/16\/1f929.png\",\"datePublished\":\"2023-03-28T09:30:16+00:00\",\"dateModified\":\"2023-03-28T10:18:04+00:00\",\"breadcrumb\":{\"@id\":\"https:\/\/hoyre.no\/trondheim\/arrangementer\/programmote\/#breadcrumb\"},\"inLanguage\":\"nb-NO\",\"potentialAction\":[{\"@type\":\"ReadAction\",\"target\":[\"https:\/\/hoyre.no\/trondheim\/arrangementer\/programmote\/\"]}]},{\"@type\":\"ImageObject\",\"inLanguage\":\"nb-NO\",\"@id\":\"https:\/\/hoyre.no\/trondheim\/arrangementer\/programmote\/#primaryimage\",\"url\":\"https:\/\/static.xx.fbcdn.net\/images\/emoji.php\/v9\/t58\/1\/16\/1f929.png\",\"contentUrl\":\"https:\/\/static.xx.fbcdn.net\/images\/emoji.php\/v9\/t58\/1\/16\/1f929.png\"},{\"@type\":\"BreadcrumbList\",\"@id\":\"https:\/\/hoyre.no\/trondheim\/arrangementer\/programmote\/#breadcrumb\",\"itemListElement\":[{\"@type\":\"ListItem\",\"position\":1,\"name\":\"Til hoyre.no\",\"item\":\"https:\/\/hoyre.no\"},{\"@type\":\"ListItem\",\"position\":2,\"name\":\"Hjem\",\"item\":\"https:\/\/hoyre.no\/trondheim\/\"},{\"@type\":\"ListItem\",\"position\":3,\"name\":\"Arrangement\",\"item\":\"https:\/\/hoyre.no\/trondheim\/arrangementer\/\"},{\"@type\":\"ListItem\",\"position\":4,\"name\":\"Programm\u00f8te\"}]},{\"@type\":\"WebSite\",\"@id\":\"https:\/\/hoyre.no\/trondheim\/#website\",\"url\":\"https:\/\/hoyre.no\/trondheim\/\",\"name\":\"Trondheim H\u00f8yre\",\"description\":\"Bare enda et H\u00f8yres nettsteder-nettsted\",\"inLanguage\":\"nb-NO\"}]}<\/script>\n<!-- \/ Yoast SEO plugin. -->","yoast_head_json":{"title":"Programm\u00f8te - Trondheim H\u00f8yre","robots":{"index":"index","follow":"follow","max-snippet":"max-snippet:-1","max-image-preview":"max-image-preview:large","max-video-preview":"max-video-preview:-1"},"canonical":"https:\/\/hoyre.no\/trondheim\/arrangementer\/programmote\/","og_locale":"nb_NO","og_type":"article","og_title":"Programm\u00f8te - Trondheim H\u00f8yre","og_url":"https:\/\/hoyre.no\/trondheim\/arrangementer\/programmote\/","og_site_name":"Trondheim H\u00f8yre","article_modified_time":"2023-03-28T10:18:04+00:00","og_image":[{"url":"https:\/\/hoyre.no\/content\/uploads\/sites\/272\/2023\/03\/Topptekst-1-1024x704.jpg","width":"","height":"","type":""}],"twitter_card":"summary_large_image","twitter_misc":{"Ansl. lesetid":"2 minutter"},"schema":{"@context":"https:\/\/schema.org","@graph":[{"@type":"WebPage","@id":"https:\/\/hoyre.no\/trondheim\/arrangementer\/programmote\/","url":"https:\/\/hoyre.no\/trondheim\/arrangementer\/programmote\/","name":"Programm\u00f8te - Trondheim H\u00f8yre","isPartOf":{"@id":"https:\/\/hoyre.no\/trondheim\/#website"},"image":{"@id":"https:\/\/hoyre.no\/trondheim\/arrangementer\/programmote\/#primaryimage"},"thumbnailUrl":"https:\/\/static.xx.fbcdn.net\/images\/emoji.php\/v9\/t58\/1\/16\/1f929.png","datePublished":"2023-03-28T09:30:16+00:00","dateModified":"2023-03-28T10:18:04+00:00","breadcrumb":{"@id":"https:\/\/hoyre.no\/trondheim\/arrangementer\/programmote\/#breadcrumb"},"inLanguage":"nb-NO","potentialAction":[{"@type":"ReadAction","target":["https:\/\/hoyre.no\/trondheim\/arrangementer\/programmote\/"]}]},{"@type":"ImageObject","inLanguage":"nb-NO","@id":"https:\/\/hoyre.no\/trondheim\/arrangementer\/programmote\/#primaryimage","url":"https:\/\/static.xx.fbcdn.net\/images\/emoji.php\/v9\/t58\/1\/16\/1f929.png","contentUrl":"https:\/\/static.xx.fbcdn.net\/images\/emoji.php\/v9\/t58\/1\/16\/1f929.png"},{"@type":"BreadcrumbList","@id":"https:\/\/hoyre.no\/trondheim\/arrangementer\/programmote\/#breadcrumb","itemListElement":[{"@type":"ListItem","position":1,"name":"Til hoyre.no","item":"https:\/\/hoyre.no"},{"@type":"ListItem","position":2,"name":"Hjem","item":"https:\/\/hoyre.no\/trondheim\/"},{"@type":"ListItem","position":3,"name":"Arrangement","item":"https:\/\/hoyre.no\/trondheim\/arrangementer\/"},{"@type":"ListItem","position":4,"name":"Programm\u00f8te"}]},{"@type":"WebSite","@id":"https:\/\/hoyre.no\/trondheim\/#website","url":"https:\/\/hoyre.no\/trondheim\/","name":"Trondheim H\u00f8yre","description":"Bare enda et H\u00f8yres nettsteder-nettsted","inLanguage":"nb-NO"}]}},"distributor_meta":false,"distributor_terms":false,"distributor_media":false,"distributor_original_site_name":"Trondheim H\u00f8yre","distributor_original_site_url":"https:\/\/hoyre.no\/trondheim","push-errors":false,"_links":{"self":[{"href":"https:\/\/hoyre.no\/trondheim\/wp-json\/wp\/v2\/teft-events\/488","targetHints":{"allow":["GET"]}}],"collection":[{"href":"https:\/\/hoyre.no\/trondheim\/wp-json\/wp\/v2\/teft-events"}],"about":[{"href":"https:\/\/hoyre.no\/trondheim\/wp-json\/wp\/v2\/types\/teft-events"}],"wp:attachment":[{"href":"https:\/\/hoyre.no\/trondheim\/wp-json\/wp\/v2\/media?parent=488"}],"wp:term":[{"taxonomy":"teft-events-category","embeddable":true,"href":"https:\/\/hoyre.no\/trondheim\/wp-json\/wp\/v2\/teft-events-category?post=488"}],"curies":[{"name":"wp","href":"https:\/\/api.w.org\/{rel}","templated":true}]}}