{"id":667,"date":"2023-06-20T13:12:11","date_gmt":"2023-06-20T11:12:11","guid":{"rendered":"https:\/\/hoyre.no\/trondheim\/?post_type=teft-events&#038;p=667"},"modified":"2023-06-20T13:12:11","modified_gmt":"2023-06-20T11:12:11","slug":"medlemsmote-om-museumsstruktur","status":"publish","type":"teft-events","link":"https:\/\/hoyre.no\/trondheim\/arrangementer\/medlemsmote-om-museumsstruktur\/","title":{"rendered":"Medlemsm\u00f8te om museumsstruktur"},"content":{"rendered":"\n<div class=\"wp-block-teft-event-top\">\n\n<div class=\"teft-event-date-top\">\n<div class=\"teft-event-date-wrapper\">\n\t<div class=\"date-square\" aria-hidden=\"true\">\n\t\t08\t\t\t<\/div>\n<\/div>\n\t<div class=\"top-text\">\n\t\t\t\t\t<p class=\"top-date-text\">tirsdag 08. august 2023<\/p>\n\t\t\t\t\t\t\t<p class=\"top-time-text\">18:00 &#8211; 19:30<\/p>\n\t\t\t\t\t\t<\/div>\n\t\t<div class=\"sharing\">\n\t\t<a class=\"share-button share-link copy-link\" data-copy=\"https:\/\/hoyre.no\/trondheim\/arrangementer\/medlemsmote-om-museumsstruktur\/\" target=\"_blank\"><span class=\"screen-reader-text\">Del link<\/span><\/a>\n\t\t<a class=\"share-button share-twitter\" href=\"http:\/\/twitter.com\/share?text=Medlemsm\u00f8te om museumsstruktur&#038;url=https:\/\/hoyre.no\/trondheim\/arrangementer\/medlemsmote-om-museumsstruktur\/&#038;hashtags=Hoyre\" target=\"_blank\"><span class=\"screen-reader-text\">Del p\u00e5 twitter<\/span><\/a>\n\t\t<a class=\"share-button share-facebook\" href=\"https:\/\/www.facebook.com\/sharer\/sharer.php?u=https:\/\/hoyre.no\/trondheim\/arrangementer\/medlemsmote-om-museumsstruktur\/\" target=\"_blank\"><span class=\"screen-reader-text\">Del p\u00e5 facebook<\/span><\/a>\n\t<\/div>\n\t<\/div>\n<p class=\"preamble\">Leder av kulturkomiteen i Trondheim kommune, Nik. Haugr\u00f8nning, inviterer til et m\u00f8te hvor vi f\u00e5r opplyst saken om nytt sammensl\u00e5tt Kunst- og Designmuseum p\u00e5 Le\u00fcthenhaven.\u00a0<\/p><figure class=\"hoyre-image-wrapper\"><div class=\"hoyre-image\"><img loading=\"lazy\" decoding=\"async\" width=\"1920\" height=\"1005\" src=\"https:\/\/hoyre.no\/content\/uploads\/sites\/272\/2023\/06\/ID20_EVENT_001-1687257849388.png\" class=\"attachment-scaled size-scaled\" alt=\"\" style=\"object-position: 50% 50%\" srcset=\"https:\/\/hoyre.no\/content\/uploads\/sites\/272\/2023\/06\/ID20_EVENT_001-1687257849388.png 1920w, https:\/\/hoyre.no\/content\/uploads\/sites\/272\/2023\/06\/ID20_EVENT_001-1687257849388-300x157.png 300w, https:\/\/hoyre.no\/content\/uploads\/sites\/272\/2023\/06\/ID20_EVENT_001-1687257849388-1024x536.png 1024w, https:\/\/hoyre.no\/content\/uploads\/sites\/272\/2023\/06\/ID20_EVENT_001-1687257849388-768x402.png 768w, https:\/\/hoyre.no\/content\/uploads\/sites\/272\/2023\/06\/ID20_EVENT_001-1687257849388-1536x804.png 1536w\" sizes=\"auto, (max-width: 1920px) 100vw, 1920px\" \/><\/div><\/figure>\n\n<div class=\"wp-block wp-block-teft-event-registration-button\">\n\t<div class=\"registration-button-wrapper\">\n\t\t\t<a href=\"mailto:niklaus@haugronning.no\" class=\"wp-block-button__link\">Meld deg p\u00e5 her<\/a>\n\t\t\t\t\t\t\t<p class=\"registration-deadline\"><strong>P\u00e5meldingsfrist:<\/strong> fre 4. august 2023<\/p>\n\t\t\n\t<\/div>\n<\/div>\n\n<div class=\"panel teft-details-panel\">\n\t\t<h3>Detaljer<\/h3>\n\n\t\t\t\t\t<dl class=\"info-misc-with-icons\">\n\t\t\t\t<dt class=\"venue\"><span class=\"screen-reader-text\">Stedet<\/span><\/dt>\n\t\t\t\t<dd>\n\t\t\t\t\t\t\t\t\t\t\t<span class=\"address-line-1\">R\u00e5dhuset<\/span>\n\t\t\t\t\t\t\t\t\t\t\t\t\t\t\t\t<span class=\"address-line-2\">Munkegata 1<\/span>\n\t\t\t\t\t\t\t\t\t<\/dd>\n\t\t\t<\/dl>\n\t\t\t\t\t\t\t<dl class=\"info-misc-with-icons\">\n\t\t<dt class=\"time\"><span class=\"screen-reader-text\">Arrangement dato<\/span><\/dt>\n\t\t<dd class=\"time\">\n\t\t\ttir 8. august 2023 fra  18:00 &#8211; 19:30\t\t<\/dd>\n\t<\/dl>\n\t\t\t\t\t\t<dl class=\"info-misc-with-icons\">\n\t\t<dt class=\"registration\"><span class=\"screen-reader-text\">P\u00e5meldingsdetajer<\/span><\/dt>\n\t\t<dd class=\"registration\">\n\t\t\tGratis\t\t\t\t\t\t\t<a href=\"mailto:niklaus@haugronning.no\">Registrer<\/a>\n\t\t\t\t\t<\/dd>\n\t<\/dl>\n\t\t<\/dl>\n<\/div>\n<\/div>\n\n\n\n\n<h2 class=\"wp-block-heading\">Informasjon<\/h2>\n\n\n\n<p>H\u00f8yres programformulering er:\u00a0<br>Fortsatt v\u00e6re en p\u00e5driver for realisering av et nytt kunst- og designmuseum som et nasjonalt prosjekt.\u00a0\u00a0<\/p>\n\n\n\n<p>Det er viktig f\u00f8r vi tar en beslutning \u00e5 f\u00e5 belyst saken fra begge sider. Derfor har vi spurt og v\u00e6rt s\u00e5 heldige \u00e5 f\u00e5 med to av de aktive i saken, p\u00e5 hver sin side.&nbsp;<\/p>\n\n\n\n<p>Museumsdirekt\u00f8r Karen Espelund og<br>arkitekt i Pir2 Petter Paus.&nbsp;<\/p>\n\n\n\n<p>Dagsorden:&nbsp;<\/p>\n\n\n\n<ul class=\"wp-block-list\"><li>Nik Haugr\u00f8nning \u00f8nsker velkommen&nbsp;<\/li><li>Karen Espelund legger frem eksisterende planer&nbsp;&nbsp;<\/li><li>Petter Paus Pir 2 legger frem sines synspunkter, som motstander. Han vil ta et byutviklingsperspektiv og si litt om museenes plass i byen.&nbsp;<\/li><\/ul>\n\n\n\n<p>Konkrete sp\u00f8rsm\u00e5l fra de fremm\u00f8tte.&nbsp;&nbsp;<\/p>\n\n\n\n<p>Deretter fratrer partsrepresentantene og de involverte i saken diskuterer seg imellom.&nbsp;&nbsp;<\/p>\n\n\n\n<p>Sett av dagen, og kom og debatter!&nbsp;<\/p>\n\n\n\n<p>Det er \u00f8nskelig med p\u00e5melding senest fredag 4\/8 til\u00a0<a href=\"mailto:niklaus@haugronning.no\">niklaus@haugronning.no<\/a>\u00a0 eller \u00a0tlf 917 60 901.<\/p>\n\n\n<div class=\"post-meta wp-block\">\n\t<div class=\"top\">\n\t\t<div class=\"sharing\">\n\t\t\t<a class=\"share-button share-link\" target=\"_blank\"><span class=\"screen-reader-text\">Del link<\/span><\/a>\n\t\t\t<a class=\"share-button share-twitter\" href=\"http:\/\/twitter.com\/share?text=Medlemsm\u00f8te om museumsstruktur&#038;url=https:\/\/hoyre.no\/trondheim\/arrangementer\/medlemsmote-om-museumsstruktur\/&#038;hashtags=Hoyre\"><span class=\"screen-reader-text\">Del p\u00e5 twitter<\/span><\/a>\n\t\t\t<a class=\"share-button share-facebook\" href=\"https:\/\/www.facebook.com\/sharer\/sharer.php?u=https:\/\/hoyre.no\/trondheim\/arrangementer\/medlemsmote-om-museumsstruktur\/\" target=\"_blank\"><span class=\"screen-reader-text\">Del p\u00e5 facebook<\/span><\/a>\n\t\t<\/div>\n\t<\/div>\n<\/div>\n","protected":false},"template":"","meta":{"teft_cards_image_url":"","teft_cards_custom_pretitle":"","teft_cards_image_id":0,"teft_cards_image_focal_point_x":0,"teft_cards_image_focal_point_y":0,"teft_cards_title":"Medlemsm\u00f8te om museumsstruktur","teft_cards_excerpt":"","teft_show_chapters":false,"event_organizer":[],"event_start_date":"2023-08-08T18:00:00","event_end_date":"2023-08-08T19:30:00","event_registration_url":"mailto:niklaus@haugronning.no","event_registration_deadline":"2023-08-04T15:00:00","event_ticket_cost":"Gratis","event_venue_name":"R\u00e5dhuset","event_venue_url":"","event_venue_address":"Munkegata 1"},"teft-events-category":[],"class_list":["post-667","teft-events","type-teft-events","status-publish","hentry"],"yoast_head":"<!-- This site is optimized with the Yoast SEO plugin v26.6 - https:\/\/yoast.com\/wordpress\/plugins\/seo\/ -->\n<title>Medlemsm\u00f8te om museumsstruktur - Trondheim H\u00f8yre<\/title>\n<meta name=\"description\" content=\"Leder av kulturkomiteen i Trondheim kommune, Nik. Haugr\u00f8nning, inviterer til et m\u00f8te hvor vi f\u00e5r opplyst saken om nytt sammensl\u00e5tt Kunst- og Designmuseum p\u00e5 Le\u00fcthenhaven.\u00a0\" \/>\n<meta name=\"robots\" content=\"index, follow, max-snippet:-1, max-image-preview:large, max-video-preview:-1\" \/>\n<link rel=\"canonical\" href=\"https:\/\/hoyre.no\/trondheim\/arrangementer\/medlemsmote-om-museumsstruktur\/\" \/>\n<meta property=\"og:locale\" content=\"nb_NO\" \/>\n<meta property=\"og:type\" content=\"article\" \/>\n<meta property=\"og:title\" content=\"Medlemsm\u00f8te om museumsstruktur\" \/>\n<meta property=\"og:description\" content=\"Leder av kulturkomiteen i Trondheim kommune, Nik. Haugr\u00f8nning, inviterer til et m\u00f8te hvor vi f\u00e5r opplyst saken om nytt sammensl\u00e5tt Kunst- og Designmuseum p\u00e5 Le\u00fcthenhaven.\u00a0\" \/>\n<meta property=\"og:url\" content=\"https:\/\/hoyre.no\/trondheim\/arrangementer\/medlemsmote-om-museumsstruktur\/\" \/>\n<meta property=\"og:site_name\" content=\"Trondheim H\u00f8yre\" \/>\n<meta property=\"og:image\" content=\"https:\/\/hoyre.no\/content\/uploads\/sites\/272\/2023\/06\/ID20_EVENT_001-1687257849388-1024x536.png\" \/>\n\t<meta property=\"og:image:width\" content=\"1024\" \/>\n\t<meta property=\"og:image:height\" content=\"536\" \/>\n\t<meta property=\"og:image:type\" content=\"image\/png\" \/>\n<meta name=\"twitter:card\" content=\"summary_large_image\" \/>\n<meta name=\"twitter:label1\" content=\"Ansl. lesetid\" \/>\n\t<meta name=\"twitter:data1\" content=\"1 minutt\" \/>\n<script type=\"application\/ld+json\" class=\"yoast-schema-graph\">{\"@context\":\"https:\/\/schema.org\",\"@graph\":[{\"@type\":\"WebPage\",\"@id\":\"https:\/\/hoyre.no\/trondheim\/arrangementer\/medlemsmote-om-museumsstruktur\/\",\"url\":\"https:\/\/hoyre.no\/trondheim\/arrangementer\/medlemsmote-om-museumsstruktur\/\",\"name\":\"Medlemsm\u00f8te om museumsstruktur - Trondheim H\u00f8yre\",\"isPartOf\":{\"@id\":\"https:\/\/hoyre.no\/trondheim\/#website\"},\"datePublished\":\"2023-06-20T11:12:11+00:00\",\"description\":\"Leder av kulturkomiteen i Trondheim kommune, Nik. Haugr\u00f8nning, inviterer til et m\u00f8te hvor vi f\u00e5r opplyst saken om nytt sammensl\u00e5tt Kunst- og Designmuseum p\u00e5 Le\u00fcthenhaven.\u00a0\",\"breadcrumb\":{\"@id\":\"https:\/\/hoyre.no\/trondheim\/arrangementer\/medlemsmote-om-museumsstruktur\/#breadcrumb\"},\"inLanguage\":\"nb-NO\",\"potentialAction\":[{\"@type\":\"ReadAction\",\"target\":[\"https:\/\/hoyre.no\/trondheim\/arrangementer\/medlemsmote-om-museumsstruktur\/\"]}]},{\"@type\":\"BreadcrumbList\",\"@id\":\"https:\/\/hoyre.no\/trondheim\/arrangementer\/medlemsmote-om-museumsstruktur\/#breadcrumb\",\"itemListElement\":[{\"@type\":\"ListItem\",\"position\":1,\"name\":\"Til hoyre.no\",\"item\":\"https:\/\/hoyre.no\"},{\"@type\":\"ListItem\",\"position\":2,\"name\":\"Hjem\",\"item\":\"https:\/\/hoyre.no\/trondheim\/\"},{\"@type\":\"ListItem\",\"position\":3,\"name\":\"Arrangement\",\"item\":\"https:\/\/hoyre.no\/trondheim\/arrangementer\/\"},{\"@type\":\"ListItem\",\"position\":4,\"name\":\"Medlemsm\u00f8te om museumsstruktur\"}]},{\"@type\":\"WebSite\",\"@id\":\"https:\/\/hoyre.no\/trondheim\/#website\",\"url\":\"https:\/\/hoyre.no\/trondheim\/\",\"name\":\"Trondheim H\u00f8yre\",\"description\":\"Bare enda et H\u00f8yres nettsteder-nettsted\",\"inLanguage\":\"nb-NO\"}]}<\/script>\n<!-- \/ Yoast SEO plugin. -->","yoast_head_json":{"title":"Medlemsm\u00f8te om museumsstruktur - Trondheim H\u00f8yre","description":"Leder av kulturkomiteen i Trondheim kommune, Nik. Haugr\u00f8nning, inviterer til et m\u00f8te hvor vi f\u00e5r opplyst saken om nytt sammensl\u00e5tt Kunst- og Designmuseum p\u00e5 Le\u00fcthenhaven.\u00a0","robots":{"index":"index","follow":"follow","max-snippet":"max-snippet:-1","max-image-preview":"max-image-preview:large","max-video-preview":"max-video-preview:-1"},"canonical":"https:\/\/hoyre.no\/trondheim\/arrangementer\/medlemsmote-om-museumsstruktur\/","og_locale":"nb_NO","og_type":"article","og_title":"Medlemsm\u00f8te om museumsstruktur","og_description":"Leder av kulturkomiteen i Trondheim kommune, Nik. Haugr\u00f8nning, inviterer til et m\u00f8te hvor vi f\u00e5r opplyst saken om nytt sammensl\u00e5tt Kunst- og Designmuseum p\u00e5 Le\u00fcthenhaven.\u00a0","og_url":"https:\/\/hoyre.no\/trondheim\/arrangementer\/medlemsmote-om-museumsstruktur\/","og_site_name":"Trondheim H\u00f8yre","og_image":[{"width":1024,"height":536,"url":"https:\/\/hoyre.no\/content\/uploads\/sites\/272\/2023\/06\/ID20_EVENT_001-1687257849388-1024x536.png","type":"image\/png"}],"twitter_card":"summary_large_image","twitter_misc":{"Ansl. lesetid":"1 minutt"},"schema":{"@context":"https:\/\/schema.org","@graph":[{"@type":"WebPage","@id":"https:\/\/hoyre.no\/trondheim\/arrangementer\/medlemsmote-om-museumsstruktur\/","url":"https:\/\/hoyre.no\/trondheim\/arrangementer\/medlemsmote-om-museumsstruktur\/","name":"Medlemsm\u00f8te om museumsstruktur - Trondheim H\u00f8yre","isPartOf":{"@id":"https:\/\/hoyre.no\/trondheim\/#website"},"datePublished":"2023-06-20T11:12:11+00:00","description":"Leder av kulturkomiteen i Trondheim kommune, Nik. Haugr\u00f8nning, inviterer til et m\u00f8te hvor vi f\u00e5r opplyst saken om nytt sammensl\u00e5tt Kunst- og Designmuseum p\u00e5 Le\u00fcthenhaven.\u00a0","breadcrumb":{"@id":"https:\/\/hoyre.no\/trondheim\/arrangementer\/medlemsmote-om-museumsstruktur\/#breadcrumb"},"inLanguage":"nb-NO","potentialAction":[{"@type":"ReadAction","target":["https:\/\/hoyre.no\/trondheim\/arrangementer\/medlemsmote-om-museumsstruktur\/"]}]},{"@type":"BreadcrumbList","@id":"https:\/\/hoyre.no\/trondheim\/arrangementer\/medlemsmote-om-museumsstruktur\/#breadcrumb","itemListElement":[{"@type":"ListItem","position":1,"name":"Til hoyre.no","item":"https:\/\/hoyre.no"},{"@type":"ListItem","position":2,"name":"Hjem","item":"https:\/\/hoyre.no\/trondheim\/"},{"@type":"ListItem","position":3,"name":"Arrangement","item":"https:\/\/hoyre.no\/trondheim\/arrangementer\/"},{"@type":"ListItem","position":4,"name":"Medlemsm\u00f8te om museumsstruktur"}]},{"@type":"WebSite","@id":"https:\/\/hoyre.no\/trondheim\/#website","url":"https:\/\/hoyre.no\/trondheim\/","name":"Trondheim H\u00f8yre","description":"Bare enda et H\u00f8yres nettsteder-nettsted","inLanguage":"nb-NO"}]}},"distributor_meta":false,"distributor_terms":false,"distributor_media":false,"distributor_original_site_name":"Trondheim H\u00f8yre","distributor_original_site_url":"https:\/\/hoyre.no\/trondheim","push-errors":false,"_links":{"self":[{"href":"https:\/\/hoyre.no\/trondheim\/wp-json\/wp\/v2\/teft-events\/667","targetHints":{"allow":["GET"]}}],"collection":[{"href":"https:\/\/hoyre.no\/trondheim\/wp-json\/wp\/v2\/teft-events"}],"about":[{"href":"https:\/\/hoyre.no\/trondheim\/wp-json\/wp\/v2\/types\/teft-events"}],"wp:attachment":[{"href":"https:\/\/hoyre.no\/trondheim\/wp-json\/wp\/v2\/media?parent=667"}],"wp:term":[{"taxonomy":"teft-events-category","embeddable":true,"href":"https:\/\/hoyre.no\/trondheim\/wp-json\/wp\/v2\/teft-events-category?post=667"}],"curies":[{"name":"wp","href":"https:\/\/api.w.org\/{rel}","templated":true}]}}