{"id":721,"date":"2023-10-13T10:24:19","date_gmt":"2023-10-13T08:24:19","guid":{"rendered":"https:\/\/hoyre.no\/trondheim\/?post_type=teft-events&#038;p=721"},"modified":"2023-11-14T15:33:44","modified_gmt":"2023-11-14T14:33:44","slug":"arsmote-trondheim-hoyre-2023","status":"publish","type":"teft-events","link":"https:\/\/hoyre.no\/trondheim\/arrangementer\/arsmote-trondheim-hoyre-2023\/","title":{"rendered":"\u00c5rsm\u00f8te Trondheim H\u00f8yre 2023"},"content":{"rendered":"\n<div class=\"wp-block-teft-event-top\">\n\n<div class=\"teft-event-date-top\">\n<div class=\"teft-event-date-wrapper\">\n\t<div class=\"date-square\" aria-hidden=\"true\">\n\t\t28\t\t\t<\/div>\n<\/div>\n\t<div class=\"top-text\">\n\t\t\t\t\t<p class=\"top-date-text\">tirsdag 28. november 2023<\/p>\n\t\t\t\t\t\t\t<p class=\"top-time-text\">18:00 &#8211; 20:00<\/p>\n\t\t\t\t\t\t<\/div>\n\t\t<div class=\"sharing\">\n\t\t<a class=\"share-button share-link copy-link\" data-copy=\"https:\/\/hoyre.no\/trondheim\/arrangementer\/arsmote-trondheim-hoyre-2023\/\" target=\"_blank\"><span class=\"screen-reader-text\">Del link<\/span><\/a>\n\t\t<a class=\"share-button share-twitter\" href=\"http:\/\/twitter.com\/share?text=\u00c5rsm\u00f8te Trondheim H\u00f8yre 2023&#038;url=https:\/\/hoyre.no\/trondheim\/arrangementer\/arsmote-trondheim-hoyre-2023\/&#038;hashtags=Hoyre\" target=\"_blank\"><span class=\"screen-reader-text\">Del p\u00e5 twitter<\/span><\/a>\n\t\t<a class=\"share-button share-facebook\" href=\"https:\/\/www.facebook.com\/sharer\/sharer.php?u=https:\/\/hoyre.no\/trondheim\/arrangementer\/arsmote-trondheim-hoyre-2023\/\" target=\"_blank\"><span class=\"screen-reader-text\">Del p\u00e5 facebook<\/span><\/a>\n\t<\/div>\n\t<\/div>\n\n\n<div class=\"panel teft-details-panel\">\n\t\t<h3>Detaljer<\/h3>\n\n\t\t\t\t\t\t\t<dl class=\"info-misc-with-icons\">\n\t\t<dt class=\"time\"><span class=\"screen-reader-text\">Arrangement dato<\/span><\/dt>\n\t\t<dd class=\"time\">\n\t\t\ttir 28. november 2023 fra  18:00 &#8211; 20:00\t\t<\/dd>\n\t<\/dl>\n\t\t\t\t<\/dl>\n<\/div>\n<\/div>\n\n\n\n\n<h2 class=\"wp-block-heading\"><strong>Kj\u00e6re medlem i Trondheim H\u00f8yre!<\/strong><\/h2>\n\n\n\n<p>Velkommen til \u00e5rsm\u00f8te og programkonferanse i Trondheim H\u00f8yre. Du m\u00f8ter gode&nbsp;H\u00f8yre-venner , og kan v\u00e6re med p\u00e5 \u00e5 forme utviklingen i partiet fremover.&nbsp;<\/p>\n\n\n\n<p><strong>\u00c5rsm\u00f8tet avholdes i \u00e5r den 28. november klokken 18.00-20.00 p\u00e5 Statens hus i Prinsens gate 1.&nbsp;<\/strong>Etter m\u00f8tet blir det anledning til \u00e5 bli med p\u00e5 en sosial samling p\u00e5 Kieglekroa.<\/p>\n\n\n\n<p>Meld deg gjerne p\u00e5 Facebook-arrangementet for \u00e5 vise at du kommer: <a href=\"https:\/\/fb.me\/e\/4PqimeFQa\">https:\/\/fb.me\/e\/4PqimeFQa<\/a><\/p>\n\n\n\n<p><strong>Program:<\/strong><\/p>\n\n\n\n<p>18.00-20.00: \u00c5rsm\u00f8tesaker og resolusjonsbehandling<\/p>\n\n\n\n<p>20.30: Sosial samling for de som \u00f8nsker<\/p>\n\n\n\n<p><strong>Saksliste til \u00e5rsm\u00f8tet:<\/strong><\/p>\n\n\n\n<ol class=\"wp-block-list\">\n<li>Godkjenning av innkalling og dagsorden<\/li>\n\n\n\n<li>Konstituering\n<ul class=\"wp-block-list\">\n<li>Valg av dirigent, referent, tellekorps og protokollunderskrivere<\/li>\n<\/ul>\n<\/li>\n\n\n\n<li>\u00c5pent eller lukket m\u00f8te<\/li>\n\n\n\n<li>Styrets beretning<\/li>\n\n\n\n<li>Rapport fra bystyregruppen<\/li>\n\n\n\n<li>\u00d8konomistatus<\/li>\n\n\n\n<li>Vedtektsendringer Trondheim H\u00f8yre<\/li>\n\n\n\n<li>Valg\n<ul class=\"wp-block-list\">\n<li>Valgkomiteens innstilling<\/li>\n\n\n\n<li>Valg<\/li>\n\n\n\n<li>Valg av utsendinger til Tr\u00f8ndelag H\u00f8yres \u00e5rsm\u00f8te<\/li>\n<\/ul>\n<\/li>\n\n\n\n<li>Styrets innstilling p\u00e5 valg av valgkomit\u00e9 for neste \u00e5rsm\u00f8te<\/li>\n\n\n\n<li>Kontingent<\/li>\n\n\n\n<li>Innkomne saker<\/li>\n<\/ol>\n\n\n\n<p><strong>Praktisk informasjon:<\/strong><\/p>\n\n\n\n<ul class=\"wp-block-list\">\n<li>Fristen for \u00e5 sende inn forslag, inkludert lovendringsforslag, er 14. november.<\/li>\n\n\n\n<li>Den politiske diskusjonen vil p\u00e5 \u00e5rsm\u00f8tet knyttes til behandling av innsendte resolusjoner og uttalelser.&nbsp;<\/li>\n\n\n\n<li>Alle forslag sendes&nbsp;til leder Jens-Christian H\u00f8rl\u00f8ck (<a href=\"mailto:jc@apilar.no\">jc@acpilar.no<\/a>).<\/li>\n\n\n\n<li>Har du innspill eller forslag til hvem som burde sitte i styret, send de til valgkomit\u00e9ens leder Mari Holm L\u00f8nseth (<a href=\"mailto:mari.holm.lonseth@stortinget.no\">mari.holm.lonseth@stortinget.no<\/a>).<\/li>\n\n\n\n<li>Sakspapirer og valgkomiteens innstilling sendes ut 14 dager f\u00f8r m\u00f8te.&nbsp;<\/li>\n<\/ul>\n\n\n\n<p>Trondheim H\u00f8yres vedtekter finner du her:&nbsp;<\/p>\n\n\n\n<p><a href=\"https:\/\/www.dropbox.com\/scl\/fi\/30njxopsgiocsdmmxfigu\/Vedtekter-Trondheim-H-yre-mars-2022.docx?rlkey=chekuup3cco7y30s1xdeiez95&amp;dl=0\">https:\/\/www.dropbox.com\/scl\/fi\/30njxopsgiocsdmmxfigu\/Vedtekter-Trondheim-H-yre-mars-2022.docx?rlkey=chekuup3cco7y30s1xdeiez95&amp;dl=0<\/a><\/p>\n\n\n\n<h2 class=\"wp-block-heading\">\u00c5rsm\u00f8tepapirer<\/h2>\n\n\n\n<p>Dokumenter til \u00e5rsm\u00f8tet finner du her:<\/p>\n\n\n\n<p><a href=\"https:\/\/www.dropbox.com\/scl\/fo\/mrqntrbetgtjxv8xpvkbl\/h?rlkey=pi8xf75bym1ppjj7ulp8k7nvo&amp;dl=0\">https:\/\/www.dropbox.com\/scl\/fo\/mrqntrbetgtjxv8xpvkbl\/h?rlkey=pi8xf75bym1ppjj7ulp8k7nvo&amp;dl=0<\/a><\/p>\n\n\n<div class=\"post-meta wp-block\">\n\t<div class=\"top\">\n\t\t<div class=\"sharing\">\n\t\t\t<a class=\"share-button share-link\" target=\"_blank\"><span class=\"screen-reader-text\">Del link<\/span><\/a>\n\t\t\t<a class=\"share-button share-twitter\" href=\"http:\/\/twitter.com\/share?text=\u00c5rsm\u00f8te Trondheim H\u00f8yre 2023&#038;url=https:\/\/hoyre.no\/trondheim\/arrangementer\/arsmote-trondheim-hoyre-2023\/&#038;hashtags=Hoyre\"><span class=\"screen-reader-text\">Del p\u00e5 twitter<\/span><\/a>\n\t\t\t<a class=\"share-button share-facebook\" href=\"https:\/\/www.facebook.com\/sharer\/sharer.php?u=https:\/\/hoyre.no\/trondheim\/arrangementer\/arsmote-trondheim-hoyre-2023\/\" target=\"_blank\"><span class=\"screen-reader-text\">Del p\u00e5 facebook<\/span><\/a>\n\t\t<\/div>\n\t<\/div>\n<\/div>\n","protected":false},"template":"","meta":{"teft_cards_image_url":"","teft_cards_custom_pretitle":"","teft_cards_image_id":0,"teft_cards_image_focal_point_x":0,"teft_cards_image_focal_point_y":0,"teft_cards_title":"","teft_cards_excerpt":"","teft_show_chapters":false,"event_organizer":[],"event_start_date":"2023-11-28T18:00:00","event_end_date":"2023-11-28T20:00:00","event_registration_url":"","event_registration_deadline":"","event_ticket_cost":"","event_venue_name":"","event_venue_url":"https:\/\/maps.app.goo.gl\/xtmiPkhpiHRstFCC7","event_venue_address":"Statens hus, Prinsens gate 1, Trondheim"},"teft-events-category":[],"class_list":["post-721","teft-events","type-teft-events","status-publish","hentry"],"yoast_head":"<!-- This site is optimized with the Yoast SEO plugin v26.6 - https:\/\/yoast.com\/wordpress\/plugins\/seo\/ -->\n<title>\u00c5rsm\u00f8te Trondheim H\u00f8yre 2023 - Trondheim H\u00f8yre<\/title>\n<meta name=\"description\" content=\"Bli med \u00e5 forme partiets fremtid!\" \/>\n<meta name=\"robots\" content=\"index, follow, max-snippet:-1, max-image-preview:large, max-video-preview:-1\" \/>\n<link rel=\"canonical\" href=\"https:\/\/hoyre.no\/trondheim\/arrangementer\/arsmote-trondheim-hoyre-2023\/\" \/>\n<meta property=\"og:locale\" content=\"nb_NO\" \/>\n<meta property=\"og:type\" content=\"article\" \/>\n<meta property=\"og:title\" content=\"\u00c5rsm\u00f8te Trondheim H\u00f8yre 2023 - Trondheim H\u00f8yre\" \/>\n<meta property=\"og:description\" content=\"Bli med \u00e5 forme partiets fremtid!\" \/>\n<meta property=\"og:url\" content=\"https:\/\/hoyre.no\/trondheim\/arrangementer\/arsmote-trondheim-hoyre-2023\/\" \/>\n<meta property=\"og:site_name\" content=\"Trondheim H\u00f8yre\" \/>\n<meta property=\"article:modified_time\" content=\"2023-11-14T14:33:44+00:00\" \/>\n<meta property=\"og:image\" content=\"https:\/\/hoyre.no\/content\/uploads\/sites\/272\/2022\/11\/Hoyres-logo.png\" \/>\n\t<meta property=\"og:image:width\" content=\"1000\" \/>\n\t<meta property=\"og:image:height\" content=\"1000\" \/>\n\t<meta property=\"og:image:type\" content=\"image\/png\" \/>\n<meta name=\"twitter:card\" content=\"summary_large_image\" \/>\n<meta name=\"twitter:label1\" content=\"Ansl. lesetid\" \/>\n\t<meta name=\"twitter:data1\" content=\"2 minutter\" \/>\n<script type=\"application\/ld+json\" class=\"yoast-schema-graph\">{\"@context\":\"https:\/\/schema.org\",\"@graph\":[{\"@type\":\"WebPage\",\"@id\":\"https:\/\/hoyre.no\/trondheim\/arrangementer\/arsmote-trondheim-hoyre-2023\/\",\"url\":\"https:\/\/hoyre.no\/trondheim\/arrangementer\/arsmote-trondheim-hoyre-2023\/\",\"name\":\"\u00c5rsm\u00f8te Trondheim H\u00f8yre 2023 - Trondheim H\u00f8yre\",\"isPartOf\":{\"@id\":\"https:\/\/hoyre.no\/trondheim\/#website\"},\"datePublished\":\"2023-10-13T08:24:19+00:00\",\"dateModified\":\"2023-11-14T14:33:44+00:00\",\"description\":\"Bli med \u00e5 forme partiets fremtid!\",\"breadcrumb\":{\"@id\":\"https:\/\/hoyre.no\/trondheim\/arrangementer\/arsmote-trondheim-hoyre-2023\/#breadcrumb\"},\"inLanguage\":\"nb-NO\",\"potentialAction\":[{\"@type\":\"ReadAction\",\"target\":[\"https:\/\/hoyre.no\/trondheim\/arrangementer\/arsmote-trondheim-hoyre-2023\/\"]}]},{\"@type\":\"BreadcrumbList\",\"@id\":\"https:\/\/hoyre.no\/trondheim\/arrangementer\/arsmote-trondheim-hoyre-2023\/#breadcrumb\",\"itemListElement\":[{\"@type\":\"ListItem\",\"position\":1,\"name\":\"Til hoyre.no\",\"item\":\"https:\/\/hoyre.no\"},{\"@type\":\"ListItem\",\"position\":2,\"name\":\"Hjem\",\"item\":\"https:\/\/hoyre.no\/trondheim\/\"},{\"@type\":\"ListItem\",\"position\":3,\"name\":\"Arrangement\",\"item\":\"https:\/\/hoyre.no\/trondheim\/arrangementer\/\"},{\"@type\":\"ListItem\",\"position\":4,\"name\":\"\u00c5rsm\u00f8te Trondheim H\u00f8yre 2023\"}]},{\"@type\":\"WebSite\",\"@id\":\"https:\/\/hoyre.no\/trondheim\/#website\",\"url\":\"https:\/\/hoyre.no\/trondheim\/\",\"name\":\"Trondheim H\u00f8yre\",\"description\":\"Bare enda et H\u00f8yres nettsteder-nettsted\",\"inLanguage\":\"nb-NO\"}]}<\/script>\n<!-- \/ Yoast SEO plugin. -->","yoast_head_json":{"title":"\u00c5rsm\u00f8te Trondheim H\u00f8yre 2023 - Trondheim H\u00f8yre","description":"Bli med \u00e5 forme partiets fremtid!","robots":{"index":"index","follow":"follow","max-snippet":"max-snippet:-1","max-image-preview":"max-image-preview:large","max-video-preview":"max-video-preview:-1"},"canonical":"https:\/\/hoyre.no\/trondheim\/arrangementer\/arsmote-trondheim-hoyre-2023\/","og_locale":"nb_NO","og_type":"article","og_title":"\u00c5rsm\u00f8te Trondheim H\u00f8yre 2023 - Trondheim H\u00f8yre","og_description":"Bli med \u00e5 forme partiets fremtid!","og_url":"https:\/\/hoyre.no\/trondheim\/arrangementer\/arsmote-trondheim-hoyre-2023\/","og_site_name":"Trondheim H\u00f8yre","article_modified_time":"2023-11-14T14:33:44+00:00","og_image":[{"width":1000,"height":1000,"url":"https:\/\/hoyre.no\/content\/uploads\/sites\/272\/2022\/11\/Hoyres-logo.png","type":"image\/png"}],"twitter_card":"summary_large_image","twitter_misc":{"Ansl. lesetid":"2 minutter"},"schema":{"@context":"https:\/\/schema.org","@graph":[{"@type":"WebPage","@id":"https:\/\/hoyre.no\/trondheim\/arrangementer\/arsmote-trondheim-hoyre-2023\/","url":"https:\/\/hoyre.no\/trondheim\/arrangementer\/arsmote-trondheim-hoyre-2023\/","name":"\u00c5rsm\u00f8te Trondheim H\u00f8yre 2023 - Trondheim H\u00f8yre","isPartOf":{"@id":"https:\/\/hoyre.no\/trondheim\/#website"},"datePublished":"2023-10-13T08:24:19+00:00","dateModified":"2023-11-14T14:33:44+00:00","description":"Bli med \u00e5 forme partiets fremtid!","breadcrumb":{"@id":"https:\/\/hoyre.no\/trondheim\/arrangementer\/arsmote-trondheim-hoyre-2023\/#breadcrumb"},"inLanguage":"nb-NO","potentialAction":[{"@type":"ReadAction","target":["https:\/\/hoyre.no\/trondheim\/arrangementer\/arsmote-trondheim-hoyre-2023\/"]}]},{"@type":"BreadcrumbList","@id":"https:\/\/hoyre.no\/trondheim\/arrangementer\/arsmote-trondheim-hoyre-2023\/#breadcrumb","itemListElement":[{"@type":"ListItem","position":1,"name":"Til hoyre.no","item":"https:\/\/hoyre.no"},{"@type":"ListItem","position":2,"name":"Hjem","item":"https:\/\/hoyre.no\/trondheim\/"},{"@type":"ListItem","position":3,"name":"Arrangement","item":"https:\/\/hoyre.no\/trondheim\/arrangementer\/"},{"@type":"ListItem","position":4,"name":"\u00c5rsm\u00f8te Trondheim H\u00f8yre 2023"}]},{"@type":"WebSite","@id":"https:\/\/hoyre.no\/trondheim\/#website","url":"https:\/\/hoyre.no\/trondheim\/","name":"Trondheim H\u00f8yre","description":"Bare enda et H\u00f8yres nettsteder-nettsted","inLanguage":"nb-NO"}]}},"distributor_meta":false,"distributor_terms":false,"distributor_media":false,"distributor_original_site_name":"Trondheim H\u00f8yre","distributor_original_site_url":"https:\/\/hoyre.no\/trondheim","push-errors":false,"_links":{"self":[{"href":"https:\/\/hoyre.no\/trondheim\/wp-json\/wp\/v2\/teft-events\/721","targetHints":{"allow":["GET"]}}],"collection":[{"href":"https:\/\/hoyre.no\/trondheim\/wp-json\/wp\/v2\/teft-events"}],"about":[{"href":"https:\/\/hoyre.no\/trondheim\/wp-json\/wp\/v2\/types\/teft-events"}],"wp:attachment":[{"href":"https:\/\/hoyre.no\/trondheim\/wp-json\/wp\/v2\/media?parent=721"}],"wp:term":[{"taxonomy":"teft-events-category","embeddable":true,"href":"https:\/\/hoyre.no\/trondheim\/wp-json\/wp\/v2\/teft-events-category?post=721"}],"curies":[{"name":"wp","href":"https:\/\/api.w.org\/{rel}","templated":true}]}}