{"id":745,"date":"2026-03-03T08:34:16","date_gmt":"2026-03-03T07:34:16","guid":{"rendered":"https:\/\/hoyre.no\/trondheim\/?post_type=teft-events&#038;p=745"},"modified":"2026-03-05T12:12:18","modified_gmt":"2026-03-05T11:12:18","slug":"bla-medlemsdialog-med-ola-svenneby-andre-nestleder-i-hoyre","status":"publish","type":"teft-events","link":"https:\/\/hoyre.no\/trondheim\/arrangementer\/bla-medlemsdialog-med-ola-svenneby-andre-nestleder-i-hoyre\/","title":{"rendered":"Bl\u00e5 medlemsdialog med Ola Svenneby, andre nestleder i H\u00f8yre"},"content":{"rendered":"\n<div class=\"wp-block-teft-event-top\">\n\n<div class=\"teft-event-date-top\">\n<div class=\"teft-event-date-wrapper\">\n\t<div class=\"date-square\" aria-hidden=\"true\">\n\t\t18\t\t\t<\/div>\n<\/div>\n\t<div class=\"top-text\">\n\t\t\t\t\t<p class=\"top-date-text\">onsdag 18. mars 2026<\/p>\n\t\t\t\t\t\t\t<p class=\"top-time-text\">18:00 &#8211; 21:00<\/p>\n\t\t\t\t\t\t<\/div>\n\t\t<div class=\"sharing\">\n\t\t<a class=\"share-button share-link copy-link\" data-copy=\"https:\/\/hoyre.no\/trondheim\/arrangementer\/bla-medlemsdialog-med-ola-svenneby-andre-nestleder-i-hoyre\/\" target=\"_blank\"><span class=\"screen-reader-text\">Del link<\/span><\/a>\n\t\t<a class=\"share-button share-twitter\" href=\"http:\/\/twitter.com\/share?text=Bl\u00e5 medlemsdialog med Ola Svenneby, andre nestleder i H\u00f8yre&#038;url=https:\/\/hoyre.no\/trondheim\/arrangementer\/bla-medlemsdialog-med-ola-svenneby-andre-nestleder-i-hoyre\/&#038;hashtags=Hoyre\" target=\"_blank\"><span class=\"screen-reader-text\">Del p\u00e5 twitter<\/span><\/a>\n\t\t<a class=\"share-button share-facebook\" href=\"https:\/\/www.facebook.com\/sharer\/sharer.php?u=https:\/\/hoyre.no\/trondheim\/arrangementer\/bla-medlemsdialog-med-ola-svenneby-andre-nestleder-i-hoyre\/\" target=\"_blank\"><span class=\"screen-reader-text\">Del p\u00e5 facebook<\/span><\/a>\n\t<\/div>\n\t<\/div>\n<p class=\"preamble\">Trondheim H\u00f8yre inviterer alle medlemmer til \u00e5 m\u00f8te Ola Svenneby, andre nestleder i H\u00f8yre.<\/p><figure class=\"hoyre-image-wrapper\"><div class=\"hoyre-image\"><img loading=\"lazy\" decoding=\"async\" width=\"1536\" height=\"1024\" src=\"https:\/\/hoyre.no\/content\/uploads\/sites\/272\/2026\/03\/IMG_5555-1536x1024-1.jpeg\" class=\"attachment-scaled size-scaled\" alt=\"Ola Svenneby, andre nestleder i H\u00f8yre\" style=\"object-position: 50% 50%\" srcset=\"https:\/\/hoyre.no\/content\/uploads\/sites\/272\/2026\/03\/IMG_5555-1536x1024-1.jpeg 1536w, https:\/\/hoyre.no\/content\/uploads\/sites\/272\/2026\/03\/IMG_5555-1536x1024-1-300x200.jpeg 300w, https:\/\/hoyre.no\/content\/uploads\/sites\/272\/2026\/03\/IMG_5555-1536x1024-1-1024x683.jpeg 1024w, https:\/\/hoyre.no\/content\/uploads\/sites\/272\/2026\/03\/IMG_5555-1536x1024-1-768x512.jpeg 768w\" sizes=\"auto, (max-width: 1536px) 100vw, 1536px\" \/><\/div><\/figure>\n\n<div class=\"wp-block wp-block-teft-event-registration-button\">\n\t<div class=\"registration-button-wrapper\">\n\t\t\t<a href=\"https:\/\/forms.office.com\/r\/Vf57gXDUZ6\" class=\"wp-block-button__link\">Meld deg p\u00e5 her<\/a>\n\t\t\t\t\n\t<\/div>\n<\/div>\n\n<div class=\"panel teft-details-panel\">\n\t\t<h3>Detaljer<\/h3>\n\n\t\t\t\t\t<dl class=\"info-misc-with-icons\">\n\t\t\t\t<dt class=\"venue\"><span class=\"screen-reader-text\">Stedet<\/span><\/dt>\n\t\t\t\t<dd>\n\t\t\t\t\t\t\t\t\t\t<a href=\"https:\/\/maps.app.goo.gl\/2C7GxxBtyENzwjqc7\">And Friends (&amp; Friends), TMV-kaia 9, Trondheim<\/a>\n\t\t\t\t\t\t\t\t\t\t\t\t\t\t<\/dd>\n\t\t\t<\/dl>\n\t\t\t\t\t\t\t<dl class=\"info-misc-with-icons\">\n\t\t<dt class=\"time\"><span class=\"screen-reader-text\">Arrangement dato<\/span><\/dt>\n\t\t<dd class=\"time\">\n\t\t\tons 18. mars 2026 fra  18:00 &#8211; 21:00\t\t<\/dd>\n\t<\/dl>\n\t\t\t\t\t\t<dl class=\"info-misc-with-icons\">\n\t\t<dt class=\"registration\"><span class=\"screen-reader-text\">P\u00e5meldingsdetajer<\/span><\/dt>\n\t\t<dd class=\"registration\">\n\t\t\tGratis\t\t\t\t\t\t\t<a href=\"https:\/\/forms.office.com\/r\/Vf57gXDUZ6\">Registrer<\/a>\n\t\t\t\t\t<\/dd>\n\t<\/dl>\n\t\t<\/dl>\n<\/div>\n<\/div>\n\n\n\n\n<h2 class=\"wp-block-heading\">Informasjon<\/h2>\n\n\n\n<p>P\u00e5melding her:&nbsp;<a href=\"https:\/\/forms.office.com\/r\/Vf57gXDUZ6\" rel=\"noreferrer noopener\" target=\"_blank\">https:\/\/forms.office.com\/r\/Vf57gXDUZ6<\/a><\/p>\n\n\n\n<p>Vi opplever at det er mange som er interessert i \u00e5 m\u00f8te Ola Svenneby og diskutere politikk.\u00a0 Om du tenker deg i vei, men ikke har registrert din interesse, setter vi pris p\u00e5 at du\u00a0gj\u00f8r dette\u00a0innen 11. mars.\u00a0Det er til stor hjelp for oss som organiserer m\u00f8tet.\u00a0\u00a0Om du melder deg p\u00e5 kan du, om det blir aktuelt, bruke det samme skjemaet til \u00e5 melde deg av.<br><br><strong>Hva kan du forvente deg?<\/strong><br>Vil du h\u00f8re fra en av de mest markante unge stemmene i norsk politikk akkurat n\u00e5? Da b\u00f8r du f\u00e5 med deg m\u00f8tet med Ola Svenneby. Svenneby har gjort seg bemerket som en tydelig og engasjert politiker, kjent for \u00e5 l\u00f8fte frem generasjonsperspektiver, utfordre etablerte sannheter og sette ord p\u00e5 sp\u00f8rsm\u00e5l mange unge \u2013 og voksne \u2013 er opptatt av. Han kombinerer skarpe analyser med en jordn\u00e6r og direkte formidling som gj\u00f8r politiske temaer b\u00e5de forst\u00e5elige og relevante.<\/p>\n\n\n\n<p>Dette er i tillegg en ypperlig mulighet til \u00e5 treffe andre medlemmer av partiet.<\/p>\n\n\n\n<p>Dato: Onsdag 18. mars<br>Tid: 19:00 &#8211; 21:00<br>Sted: And Friends (&amp; Friends), TMV-kaia 9, Trondheim.<br>(ligger p\u00e5 rekka av restauranter og utesteder p\u00e5 Solsiden)<\/p>\n\n\n\n<p>M\u00f8tet avholdes p\u00e5 mesaninen (opp trappa).<\/p>\n\n\n\n<p>Du kan lese mer om &amp; Friends og se deres meny p\u00e5&nbsp;<a href=\"http:\/\/www.andfriendssolsiden.no\/\" target=\"_blank\" rel=\"noreferrer noopener\">www.andfriendssolsiden.no<\/a><\/p>\n\n\n\n<p>Det vil v\u00e6re mulig \u00e5 kj\u00f8pe mat og drikke, og vi anbefaler deg \u00e5 m\u00f8te opp fra kl 18:00.<\/p>\n\n\n\n<p>For \u00e5 kunne organisere m\u00f8tet p\u00e5 best mulig m\u00e5te, bl.a. med tanke p\u00e5 plass, er vi avhengig av \u00e5 vite hvor mange som kommer.&nbsp;Vi ber deg derfor \u00e5 melde deg p\u00e5 her s\u00e5 tidlig som mulig:&nbsp;<a href=\"https:\/\/forms.office.com\/r\/Vf57gXDUZ6\" target=\"_blank\" rel=\"noreferrer noopener\">https:\/\/forms.office.com\/r\/Vf57gXDUZ6<\/a>.&nbsp; Om du melder deg p\u00e5 kan du, om det blir aktuelt, bruke det samme skjemaet til \u00e5 melde deg av.<\/p>\n\n\n<div class=\"post-meta wp-block\">\n\t<div class=\"top\">\n\t\t<div class=\"sharing\">\n\t\t\t<a class=\"share-button share-link\" target=\"_blank\"><span class=\"screen-reader-text\">Del link<\/span><\/a>\n\t\t\t<a class=\"share-button share-twitter\" href=\"http:\/\/twitter.com\/share?text=Bl\u00e5 medlemsdialog med Ola Svenneby, andre nestleder i H\u00f8yre&#038;url=https:\/\/hoyre.no\/trondheim\/arrangementer\/bla-medlemsdialog-med-ola-svenneby-andre-nestleder-i-hoyre\/&#038;hashtags=Hoyre\"><span class=\"screen-reader-text\">Del p\u00e5 twitter<\/span><\/a>\n\t\t\t<a class=\"share-button share-facebook\" href=\"https:\/\/www.facebook.com\/sharer\/sharer.php?u=https:\/\/hoyre.no\/trondheim\/arrangementer\/bla-medlemsdialog-med-ola-svenneby-andre-nestleder-i-hoyre\/\" target=\"_blank\"><span class=\"screen-reader-text\">Del p\u00e5 facebook<\/span><\/a>\n\t\t<\/div>\n\t<\/div>\n<\/div>\n","protected":false},"template":"","meta":{"teft_cards_image_url":"","teft_cards_custom_pretitle":"","teft_cards_image_id":0,"teft_cards_image_focal_point_x":0,"teft_cards_image_focal_point_y":0,"teft_cards_title":"","teft_cards_excerpt":"","teft_show_chapters":false,"event_organizer":[],"event_start_date":"2026-03-18T18:00:00","event_end_date":"2026-03-18T21:00:00","event_registration_url":"https:\/\/forms.office.com\/r\/Vf57gXDUZ6","event_registration_deadline":"","event_ticket_cost":"Gratis","event_venue_name":"And Friends (& Friends), TMV-kaia 9, Trondheim","event_venue_url":"https:\/\/maps.app.goo.gl\/2C7GxxBtyENzwjqc7","event_venue_address":""},"teft-events-category":[],"class_list":["post-745","teft-events","type-teft-events","status-publish","hentry"],"yoast_head":"<!-- This site is optimized with the Yoast SEO plugin v26.6 - https:\/\/yoast.com\/wordpress\/plugins\/seo\/ -->\n<title>Bl\u00e5 medlemsdialog med Ola Svenneby, andre nestleder i H\u00f8yre - Trondheim H\u00f8yre<\/title>\n<meta name=\"robots\" content=\"index, follow, max-snippet:-1, max-image-preview:large, max-video-preview:-1\" \/>\n<link rel=\"canonical\" href=\"https:\/\/hoyre.no\/trondheim\/arrangementer\/bla-medlemsdialog-med-ola-svenneby-andre-nestleder-i-hoyre\/\" \/>\n<meta property=\"og:locale\" content=\"nb_NO\" \/>\n<meta property=\"og:type\" content=\"article\" \/>\n<meta property=\"og:title\" content=\"Bl\u00e5 medlemsdialog med Ola Svenneby, andre nestleder i H\u00f8yre - Trondheim H\u00f8yre\" \/>\n<meta property=\"og:url\" content=\"https:\/\/hoyre.no\/trondheim\/arrangementer\/bla-medlemsdialog-med-ola-svenneby-andre-nestleder-i-hoyre\/\" \/>\n<meta property=\"og:site_name\" content=\"Trondheim H\u00f8yre\" \/>\n<meta property=\"article:modified_time\" content=\"2026-03-05T11:12:18+00:00\" \/>\n<meta property=\"og:image\" content=\"https:\/\/hoyre.no\/content\/uploads\/sites\/272\/2022\/11\/Hoyres-logo.png\" \/>\n\t<meta property=\"og:image:width\" content=\"1000\" \/>\n\t<meta property=\"og:image:height\" content=\"1000\" \/>\n\t<meta property=\"og:image:type\" content=\"image\/png\" \/>\n<meta name=\"twitter:card\" content=\"summary_large_image\" \/>\n<meta name=\"twitter:label1\" content=\"Ansl. lesetid\" \/>\n\t<meta name=\"twitter:data1\" content=\"2 minutter\" \/>\n<script type=\"application\/ld+json\" class=\"yoast-schema-graph\">{\"@context\":\"https:\/\/schema.org\",\"@graph\":[{\"@type\":\"WebPage\",\"@id\":\"https:\/\/hoyre.no\/trondheim\/arrangementer\/bla-medlemsdialog-med-ola-svenneby-andre-nestleder-i-hoyre\/\",\"url\":\"https:\/\/hoyre.no\/trondheim\/arrangementer\/bla-medlemsdialog-med-ola-svenneby-andre-nestleder-i-hoyre\/\",\"name\":\"Bl\u00e5 medlemsdialog med Ola Svenneby, andre nestleder i H\u00f8yre - Trondheim H\u00f8yre\",\"isPartOf\":{\"@id\":\"https:\/\/hoyre.no\/trondheim\/#website\"},\"datePublished\":\"2026-03-03T07:34:16+00:00\",\"dateModified\":\"2026-03-05T11:12:18+00:00\",\"breadcrumb\":{\"@id\":\"https:\/\/hoyre.no\/trondheim\/arrangementer\/bla-medlemsdialog-med-ola-svenneby-andre-nestleder-i-hoyre\/#breadcrumb\"},\"inLanguage\":\"nb-NO\",\"potentialAction\":[{\"@type\":\"ReadAction\",\"target\":[\"https:\/\/hoyre.no\/trondheim\/arrangementer\/bla-medlemsdialog-med-ola-svenneby-andre-nestleder-i-hoyre\/\"]}]},{\"@type\":\"BreadcrumbList\",\"@id\":\"https:\/\/hoyre.no\/trondheim\/arrangementer\/bla-medlemsdialog-med-ola-svenneby-andre-nestleder-i-hoyre\/#breadcrumb\",\"itemListElement\":[{\"@type\":\"ListItem\",\"position\":1,\"name\":\"Til hoyre.no\",\"item\":\"https:\/\/hoyre.no\"},{\"@type\":\"ListItem\",\"position\":2,\"name\":\"Hjem\",\"item\":\"https:\/\/hoyre.no\/trondheim\/\"},{\"@type\":\"ListItem\",\"position\":3,\"name\":\"Arrangement\",\"item\":\"https:\/\/hoyre.no\/trondheim\/arrangementer\/\"},{\"@type\":\"ListItem\",\"position\":4,\"name\":\"Bl\u00e5 medlemsdialog med Ola Svenneby, andre nestleder i H\u00f8yre\"}]},{\"@type\":\"WebSite\",\"@id\":\"https:\/\/hoyre.no\/trondheim\/#website\",\"url\":\"https:\/\/hoyre.no\/trondheim\/\",\"name\":\"Trondheim H\u00f8yre\",\"description\":\"Bare enda et H\u00f8yres nettsteder-nettsted\",\"inLanguage\":\"nb-NO\"}]}<\/script>\n<!-- \/ Yoast SEO plugin. -->","yoast_head_json":{"title":"Bl\u00e5 medlemsdialog med Ola Svenneby, andre nestleder i H\u00f8yre - Trondheim H\u00f8yre","robots":{"index":"index","follow":"follow","max-snippet":"max-snippet:-1","max-image-preview":"max-image-preview:large","max-video-preview":"max-video-preview:-1"},"canonical":"https:\/\/hoyre.no\/trondheim\/arrangementer\/bla-medlemsdialog-med-ola-svenneby-andre-nestleder-i-hoyre\/","og_locale":"nb_NO","og_type":"article","og_title":"Bl\u00e5 medlemsdialog med Ola Svenneby, andre nestleder i H\u00f8yre - Trondheim H\u00f8yre","og_url":"https:\/\/hoyre.no\/trondheim\/arrangementer\/bla-medlemsdialog-med-ola-svenneby-andre-nestleder-i-hoyre\/","og_site_name":"Trondheim H\u00f8yre","article_modified_time":"2026-03-05T11:12:18+00:00","og_image":[{"width":1000,"height":1000,"url":"https:\/\/hoyre.no\/content\/uploads\/sites\/272\/2022\/11\/Hoyres-logo.png","type":"image\/png"}],"twitter_card":"summary_large_image","twitter_misc":{"Ansl. lesetid":"2 minutter"},"schema":{"@context":"https:\/\/schema.org","@graph":[{"@type":"WebPage","@id":"https:\/\/hoyre.no\/trondheim\/arrangementer\/bla-medlemsdialog-med-ola-svenneby-andre-nestleder-i-hoyre\/","url":"https:\/\/hoyre.no\/trondheim\/arrangementer\/bla-medlemsdialog-med-ola-svenneby-andre-nestleder-i-hoyre\/","name":"Bl\u00e5 medlemsdialog med Ola Svenneby, andre nestleder i H\u00f8yre - Trondheim H\u00f8yre","isPartOf":{"@id":"https:\/\/hoyre.no\/trondheim\/#website"},"datePublished":"2026-03-03T07:34:16+00:00","dateModified":"2026-03-05T11:12:18+00:00","breadcrumb":{"@id":"https:\/\/hoyre.no\/trondheim\/arrangementer\/bla-medlemsdialog-med-ola-svenneby-andre-nestleder-i-hoyre\/#breadcrumb"},"inLanguage":"nb-NO","potentialAction":[{"@type":"ReadAction","target":["https:\/\/hoyre.no\/trondheim\/arrangementer\/bla-medlemsdialog-med-ola-svenneby-andre-nestleder-i-hoyre\/"]}]},{"@type":"BreadcrumbList","@id":"https:\/\/hoyre.no\/trondheim\/arrangementer\/bla-medlemsdialog-med-ola-svenneby-andre-nestleder-i-hoyre\/#breadcrumb","itemListElement":[{"@type":"ListItem","position":1,"name":"Til hoyre.no","item":"https:\/\/hoyre.no"},{"@type":"ListItem","position":2,"name":"Hjem","item":"https:\/\/hoyre.no\/trondheim\/"},{"@type":"ListItem","position":3,"name":"Arrangement","item":"https:\/\/hoyre.no\/trondheim\/arrangementer\/"},{"@type":"ListItem","position":4,"name":"Bl\u00e5 medlemsdialog med Ola Svenneby, andre nestleder i H\u00f8yre"}]},{"@type":"WebSite","@id":"https:\/\/hoyre.no\/trondheim\/#website","url":"https:\/\/hoyre.no\/trondheim\/","name":"Trondheim H\u00f8yre","description":"Bare enda et H\u00f8yres nettsteder-nettsted","inLanguage":"nb-NO"}]}},"distributor_meta":false,"distributor_terms":false,"distributor_media":false,"distributor_original_site_name":"Trondheim H\u00f8yre","distributor_original_site_url":"https:\/\/hoyre.no\/trondheim","push-errors":false,"_links":{"self":[{"href":"https:\/\/hoyre.no\/trondheim\/wp-json\/wp\/v2\/teft-events\/745","targetHints":{"allow":["GET"]}}],"collection":[{"href":"https:\/\/hoyre.no\/trondheim\/wp-json\/wp\/v2\/teft-events"}],"about":[{"href":"https:\/\/hoyre.no\/trondheim\/wp-json\/wp\/v2\/types\/teft-events"}],"wp:attachment":[{"href":"https:\/\/hoyre.no\/trondheim\/wp-json\/wp\/v2\/media?parent=745"}],"wp:term":[{"taxonomy":"teft-events-category","embeddable":true,"href":"https:\/\/hoyre.no\/trondheim\/wp-json\/wp\/v2\/teft-events-category?post=745"}],"curies":[{"name":"wp","href":"https:\/\/api.w.org\/{rel}","templated":true}]}}