{"id":65,"date":"2023-08-27T14:28:11","date_gmt":"2023-08-27T12:28:11","guid":{"rendered":"https:\/\/hoyre.no\/tysnes\/?page_id=65"},"modified":"2025-02-14T13:19:03","modified_gmt":"2025-02-14T12:19:03","slug":"10-gode-grunnar","status":"publish","type":"page","link":"https:\/\/hoyre.no\/tysnes\/10-gode-grunnar\/","title":{"rendered":"10 gode grunnar"},"content":{"rendered":"\n<div class=\"wp-block-hoyre-hero with-image-gradient text-color-light  has-media alignfull has-background\"><div class=\"hoyre-hero has-image\"><h1 class=\"title\">10 gode grunnar til \u00e5 r\u00f8yste H\u00f8gre i Tysnes<\/h1><figure class=\"hoyre-image-wrapper\"><div class=\"hoyre-image\"><img loading=\"lazy\" decoding=\"async\" width=\"2500\" height=\"1667\" src=\"https:\/\/hoyre.no\/content\/uploads\/sites\/312\/2023\/08\/Tysnes-illustrasjonsbilde-foto-Agathe-Steen-8-scaled.jpg\" class=\"attachment-scaled size-scaled\" alt=\"\" style=\"object-position: 81% 55.00000000000001%\" srcset=\"https:\/\/hoyre.no\/content\/uploads\/sites\/312\/2023\/08\/Tysnes-illustrasjonsbilde-foto-Agathe-Steen-8-scaled.jpg 2500w, https:\/\/hoyre.no\/content\/uploads\/sites\/312\/2023\/08\/Tysnes-illustrasjonsbilde-foto-Agathe-Steen-8-300x200.jpg 300w, https:\/\/hoyre.no\/content\/uploads\/sites\/312\/2023\/08\/Tysnes-illustrasjonsbilde-foto-Agathe-Steen-8-1024x683.jpg 1024w, https:\/\/hoyre.no\/content\/uploads\/sites\/312\/2023\/08\/Tysnes-illustrasjonsbilde-foto-Agathe-Steen-8-768x512.jpg 768w, https:\/\/hoyre.no\/content\/uploads\/sites\/312\/2023\/08\/Tysnes-illustrasjonsbilde-foto-Agathe-Steen-8-1536x1024.jpg 1536w, https:\/\/hoyre.no\/content\/uploads\/sites\/312\/2023\/08\/Tysnes-illustrasjonsbilde-foto-Agathe-Steen-8-2048x1365.jpg 2048w\" sizes=\"auto, (max-width: 2500px) 100vw, 2500px\" \/><\/div><\/figure><\/div><\/div>\n\n\n\n\n<div class=\"wp-block-hoyre-banner alignwide undefined  is-style-blue\"><div class=\"banner-inner\"><figure class=\"hoyre-image-wrapper\"><div class=\"hoyre-image\"><img loading=\"lazy\" decoding=\"async\" width=\"2500\" height=\"1667\" src=\"https:\/\/hoyre.no\/content\/uploads\/sites\/312\/2023\/08\/Kristi-Pedersen-Madsen-i-Va\u030age-foto-Agathe-Steen-10-scaled.jpg\" class=\"attachment-scaled size-scaled\" alt=\"\" style=\"object-position: 48% 38%\" srcset=\"https:\/\/hoyre.no\/content\/uploads\/sites\/312\/2023\/08\/Kristi-Pedersen-Madsen-i-Va\u030age-foto-Agathe-Steen-10-scaled.jpg 2500w, https:\/\/hoyre.no\/content\/uploads\/sites\/312\/2023\/08\/Kristi-Pedersen-Madsen-i-Va\u030age-foto-Agathe-Steen-10-300x200.jpg 300w, https:\/\/hoyre.no\/content\/uploads\/sites\/312\/2023\/08\/Kristi-Pedersen-Madsen-i-Va\u030age-foto-Agathe-Steen-10-1024x683.jpg 1024w, https:\/\/hoyre.no\/content\/uploads\/sites\/312\/2023\/08\/Kristi-Pedersen-Madsen-i-Va\u030age-foto-Agathe-Steen-10-768x512.jpg 768w, https:\/\/hoyre.no\/content\/uploads\/sites\/312\/2023\/08\/Kristi-Pedersen-Madsen-i-Va\u030age-foto-Agathe-Steen-10-1536x1024.jpg 1536w, https:\/\/hoyre.no\/content\/uploads\/sites\/312\/2023\/08\/Kristi-Pedersen-Madsen-i-Va\u030age-foto-Agathe-Steen-10-2048x1365.jpg 2048w\" sizes=\"auto, (max-width: 2500px) 100vw, 2500px\" \/><\/div><\/figure><div class=\"banner-content\"><div class=\"entry-content\">\n<p>Tysnes er verdas vakraste plass. Eg vil jobbe for at Tysnes og skal bli verdas beste plass \u00e5 bu, arbeide og leve. P\u00e5 Tysnes skal det vere trygt \u00e5 vekse opp. Me skal ha gode kommunale tenester og levande bygder i heile kommunen.<\/p>\n\n\n\n<p>Eg er enormt motivert for \u00e5 bli Tysnes sin neste ordf\u00f8rar, og eg er klar til \u00e5 legge ned ein stor innsats for Tysnesingane i \u00e5ra som kjem. Riktig godt val!<\/p>\n\n\n\n<ul class=\"wp-block-list\">\n<li>Kristi Pedersen Madsen, gruppeleiar for Tysnes H\u00f8gre <\/li>\n<\/ul>\n\n\n\n<div class=\"wp-block-buttons is-layout-flex wp-block-buttons-is-layout-flex\"><\/div>\n<\/div><\/div><\/div><\/div>\n\n\n\n\n\t\t<div class=\"has-pale-blue-background-color is-layout-left alignwide alignwide wp-block-hoyre-media-text\">\n\t\t\t<div class=\"hoyre-media-text__media\">\n\t\t\t\t<img loading=\"lazy\" decoding=\"async\" width=\"1024\" height=\"683\" src=\"https:\/\/hoyre.no\/content\/uploads\/sites\/312\/2023\/08\/GettyImages-1152308900-1024x683.jpg\" class=\"hoyre-media-text__media-image\" alt=\"\" style=\"--focal: 50% 50%;\" srcset=\"https:\/\/hoyre.no\/content\/uploads\/sites\/312\/2023\/08\/GettyImages-1152308900-1024x683.jpg 1024w, https:\/\/hoyre.no\/content\/uploads\/sites\/312\/2023\/08\/GettyImages-1152308900-300x200.jpg 300w, https:\/\/hoyre.no\/content\/uploads\/sites\/312\/2023\/08\/GettyImages-1152308900-768x512.jpg 768w, https:\/\/hoyre.no\/content\/uploads\/sites\/312\/2023\/08\/GettyImages-1152308900-1536x1024.jpg 1536w, https:\/\/hoyre.no\/content\/uploads\/sites\/312\/2023\/08\/GettyImages-1152308900-2048x1365.jpg 2048w\" sizes=\"auto, (max-width: 1024px) 100vw, 1024px\" \/>\n\t\t\t<\/div>\n\t\t\t<div class=\"hoyre-media-text__content\">\n\t\t\t\t<div class=\"hoyre-media-text__content-inner\">\n\t\t\t\t\t\n\t\t\t<div class=\"hoyre-media-text__title-container\">\n\t\t\t\t\n\t\t\t\t<h2 class=\"hoyre-media-text__title\">1. Ei verdig eldreomsorg<\/h2>\n\t\t\t<\/div>\n\t\t\t\n\t\t\t\t\t<div class=\"hoyre-media-text__blocks\">\n<p>Tysnes skal vere eit aldersvennleg samfunn, med ei verdig eldreomsorg som skal gi alle ein trygg og god alderdom. Me m\u00e5 styrke heimetenesta slik at det er trygt \u00e5 bu heime lengst mogeleg, og me m\u00e5 sikre at me har nok omsorgsplassar og tilrettelagte bustader tilgjengeleg. For at v\u00e5re innbyggjarar skal f\u00e5 det beste tilbodet m\u00e5 me lukkast i \u00e5 rekruttere nok fagfolk og legge til rette for ein arbeidskvardag som passar dei tilsette i ulike livsfasar. Ny velferdsteknologi vil vere n\u00f8dvendig og eit supplement til varme hender, men vil aldri vere ein erstatning.<\/p>\n<\/div>\n\t\t\t\t\t\n\t\t\t\t<\/div>\n\t\t\t<\/div>\n\t\t<\/div>\n\t\t\n\n\n\t\t<div class=\"has-pink-background-color is-layout-right alignwide alignwide wp-block-hoyre-media-text\">\n\t\t\t<div class=\"hoyre-media-text__media\">\n\t\t\t\t<img loading=\"lazy\" decoding=\"async\" width=\"1024\" height=\"683\" src=\"https:\/\/hoyre.no\/content\/uploads\/sites\/312\/2023\/08\/GettyImages-983418152-1024x683.jpg\" class=\"hoyre-media-text__media-image\" alt=\"\" style=\"--focal: 50% 50%;\" srcset=\"https:\/\/hoyre.no\/content\/uploads\/sites\/312\/2023\/08\/GettyImages-983418152-1024x683.jpg 1024w, https:\/\/hoyre.no\/content\/uploads\/sites\/312\/2023\/08\/GettyImages-983418152-300x200.jpg 300w, https:\/\/hoyre.no\/content\/uploads\/sites\/312\/2023\/08\/GettyImages-983418152-768x512.jpg 768w, https:\/\/hoyre.no\/content\/uploads\/sites\/312\/2023\/08\/GettyImages-983418152-1536x1024.jpg 1536w, https:\/\/hoyre.no\/content\/uploads\/sites\/312\/2023\/08\/GettyImages-983418152-2048x1365.jpg 2048w\" sizes=\"auto, (max-width: 1024px) 100vw, 1024px\" \/>\n\t\t\t<\/div>\n\t\t\t<div class=\"hoyre-media-text__content\">\n\t\t\t\t<div class=\"hoyre-media-text__content-inner\">\n\t\t\t\t\t\n\t\t\t<div class=\"hoyre-media-text__title-container\">\n\t\t\t\t\n\t\t\t\t<h2 class=\"hoyre-media-text__title\">2. Ein familievennleg barnehagepolitikk<\/h2>\n\t\t\t<\/div>\n\t\t\t\n\t\t\t\t\t<div class=\"hoyre-media-text__blocks\">\n<p>H\u00f8gre meiner det er viktig \u00e5 satse p\u00e5 oppveksttilboda i kommunen for \u00e5 oppretthalde den positive trenden av tilflytting til Tysnes. Me vil ha eit mangfaldig barnehagetilbod med h\u00f8g kvalitet og godt innhald. Dei tilsette er dei viktigaste ressursane i barnehagane, og me meiner det er viktig \u00e5 gje tilbod om etter- og vidareutdanning til dei som ynskjer dette. Det er viktig \u00e5 ha ein barnehage der leik og trivsel st\u00e5r i fokus, og me er sv\u00e6rt opptatt av at tidleg innsats startar allereie i barnehagen!<\/p>\n<\/div>\n\t\t\t\t\t\n\t\t\t\t<\/div>\n\t\t\t<\/div>\n\t\t<\/div>\n\t\t\n\n\n\t\t<div class=\"has-pale-blue-background-color is-layout-left alignwide alignwide wp-block-hoyre-media-text\">\n\t\t\t<div class=\"hoyre-media-text__media\">\n\t\t\t\t<img loading=\"lazy\" decoding=\"async\" width=\"1024\" height=\"683\" src=\"https:\/\/hoyre.no\/content\/uploads\/sites\/312\/2023\/08\/GettyImages-687776655-1024x683.jpg\" class=\"hoyre-media-text__media-image\" alt=\"\" style=\"--focal: 50% 50%;\" srcset=\"https:\/\/hoyre.no\/content\/uploads\/sites\/312\/2023\/08\/GettyImages-687776655-1024x683.jpg 1024w, https:\/\/hoyre.no\/content\/uploads\/sites\/312\/2023\/08\/GettyImages-687776655-300x200.jpg 300w, https:\/\/hoyre.no\/content\/uploads\/sites\/312\/2023\/08\/GettyImages-687776655-768x512.jpg 768w, https:\/\/hoyre.no\/content\/uploads\/sites\/312\/2023\/08\/GettyImages-687776655-1536x1024.jpg 1536w, https:\/\/hoyre.no\/content\/uploads\/sites\/312\/2023\/08\/GettyImages-687776655-2048x1365.jpg 2048w\" sizes=\"auto, (max-width: 1024px) 100vw, 1024px\" \/>\n\t\t\t<\/div>\n\t\t\t<div class=\"hoyre-media-text__content\">\n\t\t\t\t<div class=\"hoyre-media-text__content-inner\">\n\t\t\t\t\t\n\t\t\t<div class=\"hoyre-media-text__title-container\">\n\t\t\t\t\n\t\t\t\t<h2 class=\"hoyre-media-text__title\">3. Ein god skule for alle<\/h2>\n\t\t\t<\/div>\n\t\t\t\n\t\t\t\t\t<div class=\"hoyre-media-text__blocks\">\n<p>Tysnes H\u00f8gre har store ambisjonar for Tysnes-skulane, fordi me veit at ein god skule er det viktigaste tiltaket for \u00e5 bekjempe sosiale forskjellar og gje gode forutsetningar for alle born. Me skal kjempe for ein inkluderande skule med h\u00f8g kvalitet, som gir like mogelegheiter for alle ungane v\u00e5re. Skulane i Tysnes skal vere ein arena for meistring og glede, og vere tilpassa kvar enkelt elev. Me ser og enorm verdi i tilbod som \u00abBl\u00e5 skule\u00bb og me ynskjer \u00e5 legge til rette for liknande satsingar p\u00e5 Uggdal og Onarheim skule. Me vil ogs\u00e5 fortsette satsinga p\u00e5 \u00abUngt entrepren\u00f8rskap\u00bb i skulen.<\/p>\n<\/div>\n\t\t\t\t\t\n\t\t\t\t<\/div>\n\t\t\t<\/div>\n\t\t<\/div>\n\t\t\n\n\n\t\t<div class=\"has-pale-green-background-color is-layout-right alignwide alignwide wp-block-hoyre-media-text\">\n\t\t\t<div class=\"hoyre-media-text__media\">\n\t\t\t\t<img loading=\"lazy\" decoding=\"async\" width=\"1024\" height=\"683\" src=\"https:\/\/hoyre.no\/content\/uploads\/sites\/312\/2023\/08\/GettyImages-1063392686-1024x683.jpg\" class=\"hoyre-media-text__media-image\" alt=\"\" style=\"--focal: 50% 50%;\" srcset=\"https:\/\/hoyre.no\/content\/uploads\/sites\/312\/2023\/08\/GettyImages-1063392686-1024x683.jpg 1024w, https:\/\/hoyre.no\/content\/uploads\/sites\/312\/2023\/08\/GettyImages-1063392686-300x200.jpg 300w, https:\/\/hoyre.no\/content\/uploads\/sites\/312\/2023\/08\/GettyImages-1063392686-768x512.jpg 768w, https:\/\/hoyre.no\/content\/uploads\/sites\/312\/2023\/08\/GettyImages-1063392686-1536x1024.jpg 1536w, https:\/\/hoyre.no\/content\/uploads\/sites\/312\/2023\/08\/GettyImages-1063392686-2048x1365.jpg 2048w\" sizes=\"auto, (max-width: 1024px) 100vw, 1024px\" \/>\n\t\t\t<\/div>\n\t\t\t<div class=\"hoyre-media-text__content\">\n\t\t\t\t<div class=\"hoyre-media-text__content-inner\">\n\t\t\t\t\t\n\t\t\t<div class=\"hoyre-media-text__title-container\">\n\t\t\t\t\n\t\t\t\t<h2 class=\"hoyre-media-text__title\">4. Rask psykisk helsehjelp<\/h2>\n\t\t\t<\/div>\n\t\t\t\n\t\t\t\t\t<div class=\"hoyre-media-text__blocks\">\n<p>Me veit at stadig fleire f\u00e5r psykiske helseutfordringar. Me veit ogs\u00e5 at \u00e5 vente p\u00e5 psykisk helsehjelp kan vere livsfarleg. Me vil jobbe for at alle som treng det f\u00e5r rask og god hjelp, gjennom blant anna gode l\u00e5gterskeltilbod og m\u00f8teplassar. Slik kan ein unng\u00e5 at problema veks seg end\u00e5 st\u00f8rre. Me meiner det m\u00e5 bli enklare \u00e5 f\u00e5 hjelp, og at me m\u00e5 bli flinkare til \u00e5 hjelpe born og unge der dei lever liva sine, som er i familien, i barnehagen og p\u00e5 skulen.<\/p>\n<\/div>\n\t\t\t\t\t\n\t\t\t\t<\/div>\n\t\t\t<\/div>\n\t\t<\/div>\n\t\t\n\n\n\t\t<div class=\"has-dark-blue-background-color is-layout-left alignwide alignwide wp-block-hoyre-media-text\">\n\t\t\t<div class=\"hoyre-media-text__media\">\n\t\t\t\t<img loading=\"lazy\" decoding=\"async\" width=\"1024\" height=\"683\" src=\"https:\/\/hoyre.no\/content\/uploads\/sites\/312\/2023\/08\/GettyImages-166229590-1024x683.jpg\" class=\"hoyre-media-text__media-image\" alt=\"\" style=\"--focal: 50% 50%;\" srcset=\"https:\/\/hoyre.no\/content\/uploads\/sites\/312\/2023\/08\/GettyImages-166229590-1024x683.jpg 1024w, https:\/\/hoyre.no\/content\/uploads\/sites\/312\/2023\/08\/GettyImages-166229590-300x200.jpg 300w, https:\/\/hoyre.no\/content\/uploads\/sites\/312\/2023\/08\/GettyImages-166229590-768x512.jpg 768w, https:\/\/hoyre.no\/content\/uploads\/sites\/312\/2023\/08\/GettyImages-166229590-1536x1024.jpg 1536w, https:\/\/hoyre.no\/content\/uploads\/sites\/312\/2023\/08\/GettyImages-166229590-2048x1365.jpg 2048w\" sizes=\"auto, (max-width: 1024px) 100vw, 1024px\" \/>\n\t\t\t<\/div>\n\t\t\t<div class=\"hoyre-media-text__content\">\n\t\t\t\t<div class=\"hoyre-media-text__content-inner\">\n\t\t\t\t\t\n\t\t\t<div class=\"hoyre-media-text__title-container\">\n\t\t\t\t\n\t\t\t\t<h2 class=\"hoyre-media-text__title\">5. P\u00e5 lag med n\u00e6ringslivet<\/h2>\n\t\t\t<\/div>\n\t\t\t\n\t\t\t\t\t<div class=\"hoyre-media-text__blocks\">\n<p>Me skal vere ein servicevennleg, l\u00f8ysingsorientert og proaktiv kommune som heiar fram det kreative og skapande n\u00e6ringslivet. H\u00f8gre vil alltid leite etter l\u00f8ysingar n\u00e5r nokon ynskjer \u00e5 etablere eller utvikle seg i kommunen v\u00e5r. Me vil legge til rette for ytterlegare vekst og investering ved \u00e5 stille areal tilgjengeleg og syte for kort behandlingstid i forvaltninga. Me vil ogs\u00e5 seie tydeleg nei til regjeringa sine n\u00e6ringsfiendtlege skatteaukingar og til innf\u00f8ringa av grunnrenteskatt.<\/p>\n<\/div>\n\t\t\t\t\t\n\t\t\t\t<\/div>\n\t\t\t<\/div>\n\t\t<\/div>\n\t\t\n\n\n\t\t<div class=\"has-pale-purple-background-color is-layout-right alignwide alignwide wp-block-hoyre-media-text\">\n\t\t\t<div class=\"hoyre-media-text__media\">\n\t\t\t\t<img loading=\"lazy\" decoding=\"async\" width=\"1024\" height=\"683\" src=\"https:\/\/hoyre.no\/content\/uploads\/sites\/312\/2023\/08\/Tysnes-illustrasjonsbilde-foto-Agathe-Steen-10-1024x683.jpg\" class=\"hoyre-media-text__media-image\" alt=\"\" style=\"--focal: 76% 52%;\" srcset=\"https:\/\/hoyre.no\/content\/uploads\/sites\/312\/2023\/08\/Tysnes-illustrasjonsbilde-foto-Agathe-Steen-10-1024x683.jpg 1024w, https:\/\/hoyre.no\/content\/uploads\/sites\/312\/2023\/08\/Tysnes-illustrasjonsbilde-foto-Agathe-Steen-10-300x200.jpg 300w, https:\/\/hoyre.no\/content\/uploads\/sites\/312\/2023\/08\/Tysnes-illustrasjonsbilde-foto-Agathe-Steen-10-768x512.jpg 768w, https:\/\/hoyre.no\/content\/uploads\/sites\/312\/2023\/08\/Tysnes-illustrasjonsbilde-foto-Agathe-Steen-10-1536x1024.jpg 1536w, https:\/\/hoyre.no\/content\/uploads\/sites\/312\/2023\/08\/Tysnes-illustrasjonsbilde-foto-Agathe-Steen-10-2048x1365.jpg 2048w\" sizes=\"auto, (max-width: 1024px) 100vw, 1024px\" \/>\n\t\t\t<\/div>\n\t\t\t<div class=\"hoyre-media-text__content\">\n\t\t\t\t<div class=\"hoyre-media-text__content-inner\">\n\t\t\t\t\t\n\t\t\t<div class=\"hoyre-media-text__title-container\">\n\t\t\t\t\n\t\t\t\t<h2 class=\"hoyre-media-text__title\">6. Effektiv drift med l\u00e5gast mogleg kommunale avgifter<\/h2>\n\t\t\t<\/div>\n\t\t\t\n\t\t\t\t\t<div class=\"hoyre-media-text__blocks\">\n<p>N\u00e5r det meste blir dyrare og renta aukar, meiner me det er viktig at politikarane prioriterer betre framfor \u00e5 auke skattar og avgifter. Dine skattepengar skal brukast p\u00e5 ein klok m\u00e5te. H\u00f8gre vil garantere at eigedomsskatten ikkje skal auke i \u00e5ra framover. M\u00e5let er p\u00e5 sikt \u00e5 avvikle denne skatten. I tillegg er me opptatt av at avgiftene knytt til vatn- og avl\u00f8p held seg stabile<\/p>\n<\/div>\n\t\t\t\t\t\n\t\t\t\t<\/div>\n\t\t\t<\/div>\n\t\t<\/div>\n\t\t\n\n\n\t\t<div class=\"has-pale-blue-background-color is-layout-left alignwide alignwide wp-block-hoyre-media-text\">\n\t\t\t<div class=\"hoyre-media-text__media\">\n\t\t\t\t<img loading=\"lazy\" decoding=\"async\" width=\"768\" height=\"440\" src=\"https:\/\/hoyre.no\/content\/uploads\/sites\/312\/2023\/08\/Hordfast-illustrasjon-SVV.jpeg\" class=\"hoyre-media-text__media-image\" alt=\"\" style=\"--focal: 61% 54%;\" srcset=\"https:\/\/hoyre.no\/content\/uploads\/sites\/312\/2023\/08\/Hordfast-illustrasjon-SVV.jpeg 768w, https:\/\/hoyre.no\/content\/uploads\/sites\/312\/2023\/08\/Hordfast-illustrasjon-SVV-300x172.jpeg 300w\" sizes=\"auto, (max-width: 768px) 100vw, 768px\" \/>\n\t\t\t<\/div>\n\t\t\t<div class=\"hoyre-media-text__content\">\n\t\t\t\t<div class=\"hoyre-media-text__content-inner\">\n\t\t\t\t\t\n\t\t\t<div class=\"hoyre-media-text__title-container\">\n\t\t\t\t\n\t\t\t\t<h2 class=\"hoyre-media-text__title\">7. Me heiar p\u00e5 Hordfast!<\/h2>\n\t\t\t<\/div>\n\t\t\t\n\t\t\t\t\t<div class=\"hoyre-media-text__blocks\">\n<p>Tysnes H\u00f8gre er for Hordfast, og kjem til \u00e5 jobba for s\u00e5 rask realisering av Hordfast som mogeleg. Dei neste \u00e5ra skal veg, bru og tunell detaljplanleggast. For Tysnes H\u00f8gre blir det difor viktig \u00e5 jobba for \u00e5 planlegga og realisera gode tilf\u00f8rselsvegar til E39 og syte for minst mogeleg negative konsekvensar for folk og milj\u00f8 i den vidare planlegginga av Hordfast. Me vil ogs\u00e5 jobbe for ferjesamband mellom E39 p\u00e5 Reksteren og Austevoll, og for innkorting av ferjesamband fr\u00e5 E39 p\u00e5 Tysnes til Kvinnherad, med veg og bru over Huglo.<\/p><p>Foto: Statens vegvesen (illustrasjon)<\/p>\n<\/div>\n\t\t\t\t\t\n\t\t\t\t<\/div>\n\t\t\t<\/div>\n\t\t<\/div>\n\t\t\n\n\n\t\t<div class=\"has-lightest-blue-background-color is-layout-right alignwide alignwide wp-block-hoyre-media-text\">\n\t\t\t<div class=\"hoyre-media-text__media\">\n\t\t\t\t<img loading=\"lazy\" decoding=\"async\" width=\"1024\" height=\"623\" src=\"https:\/\/hoyre.no\/content\/uploads\/sites\/312\/2023\/08\/Skjermbilde-2023-08-05-kl.-22.04.53-1024x623.png\" class=\"hoyre-media-text__media-image\" alt=\"\" style=\"--focal: 49% 74%;\" srcset=\"https:\/\/hoyre.no\/content\/uploads\/sites\/312\/2023\/08\/Skjermbilde-2023-08-05-kl.-22.04.53-1024x623.png 1024w, https:\/\/hoyre.no\/content\/uploads\/sites\/312\/2023\/08\/Skjermbilde-2023-08-05-kl.-22.04.53-300x182.png 300w, https:\/\/hoyre.no\/content\/uploads\/sites\/312\/2023\/08\/Skjermbilde-2023-08-05-kl.-22.04.53-768x467.png 768w, https:\/\/hoyre.no\/content\/uploads\/sites\/312\/2023\/08\/Skjermbilde-2023-08-05-kl.-22.04.53-1536x934.png 1536w, https:\/\/hoyre.no\/content\/uploads\/sites\/312\/2023\/08\/Skjermbilde-2023-08-05-kl.-22.04.53-2048x1246.png 2048w\" sizes=\"auto, (max-width: 1024px) 100vw, 1024px\" \/>\n\t\t\t<\/div>\n\t\t\t<div class=\"hoyre-media-text__content\">\n\t\t\t\t<div class=\"hoyre-media-text__content-inner\">\n\t\t\t\t\t\n\t\t\t<div class=\"hoyre-media-text__title-container\">\n\t\t\t\t\n\t\t\t\t<h2 class=\"hoyre-media-text__title\">8. Betre vegar<\/h2>\n\t\t\t<\/div>\n\t\t\t\n\t\t\t\t\t<div class=\"hoyre-media-text__blocks\">\n<p>I Tysnes har me kommunale vegar som strekker seg ut i alle krikar og krokar i kommunen. Gode kommunale vegar er viktig for \u00e5 komma seg trygt fram i kommunen. Difor ynskjer Tysnes H\u00f8gre \u00e5 arbeida m\u00e5lretta for \u00e5 redusera vedlikehaldsetterslepet p\u00e5 dei kommunale vegane v\u00e5re, ved \u00e5 prioritera asfaltering og gr\u00f8fterensk.<\/p><p>Ein stor del av vegane som krev vedlikehald p\u00e5 Tysnes er fylkesveg og difor fylket sitt ansvar \u00e5 drive vedlikehald med. Tysnes H\u00f8gre meiner det er viktig at ikkje kommunen brukar opp sine pengar p\u00e5 desse vegane, som heller burde g\u00e5tt til andre viktige kommunale tenester. Samstundes er me opptatt av at kommunen brukar si p\u00e5verknadskraft, og at me er tydleg ovanfor fylkeskommunen p\u00e5 korleis me ynskjer dei prioriterer midlane sine.<\/p>\n<\/div>\n\t\t\t\t\t\n\t\t\t\t<\/div>\n\t\t\t<\/div>\n\t\t<\/div>\n\t\t\n\n\n\t\t<div class=\"has-pale-blue-background-color is-layout-left alignwide alignwide wp-block-hoyre-media-text\">\n\t\t\t<div class=\"hoyre-media-text__media\">\n\t\t\t\t<img loading=\"lazy\" decoding=\"async\" width=\"1024\" height=\"683\" src=\"https:\/\/hoyre.no\/content\/uploads\/sites\/312\/2023\/08\/Tysnes-illustrasjonsbilde-foto-Agathe-Steen-14-1024x683.jpg\" class=\"hoyre-media-text__media-image\" alt=\"\" style=\"--focal: 50% 50%;\" srcset=\"https:\/\/hoyre.no\/content\/uploads\/sites\/312\/2023\/08\/Tysnes-illustrasjonsbilde-foto-Agathe-Steen-14-1024x683.jpg 1024w, https:\/\/hoyre.no\/content\/uploads\/sites\/312\/2023\/08\/Tysnes-illustrasjonsbilde-foto-Agathe-Steen-14-300x200.jpg 300w, https:\/\/hoyre.no\/content\/uploads\/sites\/312\/2023\/08\/Tysnes-illustrasjonsbilde-foto-Agathe-Steen-14-768x512.jpg 768w, https:\/\/hoyre.no\/content\/uploads\/sites\/312\/2023\/08\/Tysnes-illustrasjonsbilde-foto-Agathe-Steen-14-1536x1024.jpg 1536w, https:\/\/hoyre.no\/content\/uploads\/sites\/312\/2023\/08\/Tysnes-illustrasjonsbilde-foto-Agathe-Steen-14-2048x1365.jpg 2048w\" sizes=\"auto, (max-width: 1024px) 100vw, 1024px\" \/>\n\t\t\t<\/div>\n\t\t\t<div class=\"hoyre-media-text__content\">\n\t\t\t\t<div class=\"hoyre-media-text__content-inner\">\n\t\t\t\t\t\n\t\t\t<div class=\"hoyre-media-text__title-container\">\n\t\t\t\t\n\t\t\t\t<h2 class=\"hoyre-media-text__title\">9. Gode ferje-, b\u00e5t- og kollektivtilbod<\/h2>\n\t\t\t<\/div>\n\t\t\t\n\t\t\t\t\t<div class=\"hoyre-media-text__blocks\">\n<p>Som \u00f8ykommune er gode ferje- og b\u00e5ttilbod noko b\u00e5de folk og n\u00e6ringsliv er heilt avhengig av. Me kjem til \u00e5 kjempe for s\u00e5 gode ferje-, hurtigb\u00e5t- og kollektivtilbod som mogeleg. Me er i tillegg sv\u00e6rt opptatt av at situasjonen med fulle ferjer og full ferjekai i V\u00e5ge blir gjort noko med, og me vil difor b\u00e5de jobbe for at det blir satt inn ei ekstra ferje p\u00e5 V\u00e5ge-Halhjem i sommarhalv\u00e5ret og at fylkeskommunen skal gjere naudsynte oppgraderingar av ferjekaien i V\u00e5ge slik at lange k\u00f8ar ikkje skapar farlege situasjonar.<\/p><p>Me kjem til \u00e5 st\u00e5 p\u00e5 for at korrespondansen mellom buss, ferjer og b\u00e5t blir s\u00e5 god som den kan bli. Me meiner det er viktig \u00e5 oppretthalda bussruter i kommunen, men me ser samstundes at det kan vere fornuftig \u00e5 jobbe for meir fleksible kollektivl\u00f8ysingar, som bestillingsruter, der ein i st\u00f8rre grad kan nytta seg av mindre og meir milj\u00f8vennlege k\u00f8yret\u00f8y.<\/p>\n<\/div>\n\t\t\t\t\t\n\t\t\t\t<\/div>\n\t\t\t<\/div>\n\t\t<\/div>\n\t\t\n\n\n\t\t<div class=\"has-pale-green-background-color is-layout-right alignwide alignwide wp-block-hoyre-media-text\">\n\t\t\t<div class=\"hoyre-media-text__media\">\n\t\t\t\t<img loading=\"lazy\" decoding=\"async\" width=\"1024\" height=\"683\" src=\"https:\/\/hoyre.no\/content\/uploads\/sites\/312\/2023\/08\/Tysnes-illustrasjonsbilde-foto-Agathe-Steen-1-1024x683.jpg\" class=\"hoyre-media-text__media-image\" alt=\"\" style=\"--focal: 72% 52%;\" srcset=\"https:\/\/hoyre.no\/content\/uploads\/sites\/312\/2023\/08\/Tysnes-illustrasjonsbilde-foto-Agathe-Steen-1-1024x683.jpg 1024w, https:\/\/hoyre.no\/content\/uploads\/sites\/312\/2023\/08\/Tysnes-illustrasjonsbilde-foto-Agathe-Steen-1-300x200.jpg 300w, https:\/\/hoyre.no\/content\/uploads\/sites\/312\/2023\/08\/Tysnes-illustrasjonsbilde-foto-Agathe-Steen-1-768x512.jpg 768w, https:\/\/hoyre.no\/content\/uploads\/sites\/312\/2023\/08\/Tysnes-illustrasjonsbilde-foto-Agathe-Steen-1-1536x1024.jpg 1536w, https:\/\/hoyre.no\/content\/uploads\/sites\/312\/2023\/08\/Tysnes-illustrasjonsbilde-foto-Agathe-Steen-1-2048x1365.jpg 2048w\" sizes=\"auto, (max-width: 1024px) 100vw, 1024px\" \/>\n\t\t\t<\/div>\n\t\t\t<div class=\"hoyre-media-text__content\">\n\t\t\t\t<div class=\"hoyre-media-text__content-inner\">\n\t\t\t\t\t\n\t\t\t<div class=\"hoyre-media-text__title-container\">\n\t\t\t\t\n\t\t\t\t<h2 class=\"hoyre-media-text__title\">10. Ein gr\u00f8nare kommune<\/h2>\n\t\t\t<\/div>\n\t\t\t\n\t\t\t\t\t<div class=\"hoyre-media-text__blocks\">\n<p>Klima er v\u00e5r tids st\u00f8rste utfordring, og skal me unng\u00e5 global oppvarming, er me avhengig av at det blir satt inn tiltak som reduserer klimagassutsleppa. Me meiner det er viktig at kommunen ogs\u00e5 tar sin del av ansvaret. Tysnes skal vere ein klimaklok kommune, der me skal vere framoverlend med gode l\u00f8ysingar og effektive tiltak for v\u00e5re innbyggjarar og v\u00e5rt n\u00e6ringsliv. Tysnes H\u00f8gre vil sikre at klimaomstilling er ein sentral del av heile kommunens verksemd.<\/p>\n<\/div>\n\t\t\t\t\t\n\t\t\t\t<\/div>\n\t\t\t<\/div>\n\t\t<\/div>\n\t\t\n\n\n<div class=\"wp-block-hoyre-banner alignwide undefined\"><div class=\"banner-inner\"><figure class=\"hoyre-image-wrapper\"><div class=\"hoyre-image\"><img loading=\"lazy\" decoding=\"async\" width=\"1000\" height=\"1000\" src=\"https:\/\/hoyre.no\/content\/uploads\/sites\/312\/2022\/11\/Hoyres-logo.png\" class=\"attachment-scaled size-scaled\" alt=\"\" style=\"object-position: 50% 50%\" srcset=\"https:\/\/hoyre.no\/content\/uploads\/sites\/312\/2022\/11\/Hoyres-logo.png 1000w, https:\/\/hoyre.no\/content\/uploads\/sites\/312\/2022\/11\/Hoyres-logo-300x300.png 300w, https:\/\/hoyre.no\/content\/uploads\/sites\/312\/2022\/11\/Hoyres-logo-150x150.png 150w, https:\/\/hoyre.no\/content\/uploads\/sites\/312\/2022\/11\/Hoyres-logo-768x768.png 768w\" sizes=\"auto, (max-width: 1000px) 100vw, 1000px\" \/><\/div><\/figure><div class=\"banner-content\"><div class=\"entry-content\">\n<h2 class=\"wp-block-heading\">Vil du vite meir?<\/h2>\n\n\n\n<p>Her kan du lese heile v\u00e5rt valprogram for 2023-2027!<\/p>\n\n\n\n<div class=\"wp-block-buttons is-layout-flex wp-block-buttons-is-layout-flex\">\n<div class=\"wp-block-button\"><a class=\"wp-block-button__link wp-element-button\" href=\"https:\/\/hoyre.no\/tysnes\/valprogram-2023-2027\/\">trykk her for \u00e5 lesa meir<\/a><\/div>\n<\/div>\n<\/div><\/div><\/div><\/div>\n","protected":false},"excerpt":{"rendered":"","protected":false},"author":29319,"featured_media":0,"parent":0,"menu_order":0,"comment_status":"closed","ping_status":"closed","template":"","meta":{"teft_cards_image_url":"","teft_cards_custom_pretitle":"","teft_cards_image_id":0,"teft_cards_image_focal_point_x":0,"teft_cards_image_focal_point_y":0,"teft_cards_title":"","teft_cards_excerpt":"","teft_show_chapters":false,"footnotes":""},"class_list":["post-65","page","type-page","status-publish","hentry"],"yoast_head":"<!-- This site is optimized with the Yoast SEO plugin v26.6 - https:\/\/yoast.com\/wordpress\/plugins\/seo\/ -->\n<title>10 gode grunnar - Tysnes H\u00f8gre<\/title>\n<meta name=\"description\" content=\"Her er 10 gode grunnar til \u00e5 r\u00f8yste H\u00f8gre i Tysnes.\" \/>\n<meta name=\"robots\" content=\"index, follow, max-snippet:-1, max-image-preview:large, max-video-preview:-1\" \/>\n<link rel=\"canonical\" href=\"https:\/\/hoyre.no\/tysnes\/10-gode-grunnar\/\" \/>\n<meta property=\"og:locale\" content=\"nn_NO\" \/>\n<meta property=\"og:type\" content=\"article\" \/>\n<meta property=\"og:title\" content=\"10 gode grunnar - Tysnes H\u00f8gre\" \/>\n<meta property=\"og:description\" content=\"Her er 10 gode grunnar til \u00e5 r\u00f8yste H\u00f8gre i Tysnes.\" \/>\n<meta property=\"og:url\" content=\"https:\/\/hoyre.no\/tysnes\/10-gode-grunnar\/\" \/>\n<meta property=\"og:site_name\" content=\"Tysnes H\u00f8gre\" \/>\n<meta property=\"article:modified_time\" content=\"2025-02-14T12:19:03+00:00\" \/>\n<meta property=\"og:image\" content=\"https:\/\/hoyre.no\/content\/uploads\/sites\/312\/2022\/11\/Hoyres-logo.png\" \/>\n\t<meta property=\"og:image:width\" content=\"1000\" \/>\n\t<meta property=\"og:image:height\" content=\"1000\" \/>\n\t<meta property=\"og:image:type\" content=\"image\/png\" \/>\n<meta name=\"twitter:card\" content=\"summary_large_image\" \/>\n<meta name=\"twitter:label1\" content=\"Est. reading time\" \/>\n\t<meta name=\"twitter:data1\" content=\"6 minutt\" \/>\n<script type=\"application\/ld+json\" class=\"yoast-schema-graph\">{\"@context\":\"https:\/\/schema.org\",\"@graph\":[{\"@type\":\"WebPage\",\"@id\":\"https:\/\/hoyre.no\/tysnes\/10-gode-grunnar\/\",\"url\":\"https:\/\/hoyre.no\/tysnes\/10-gode-grunnar\/\",\"name\":\"10 gode grunnar - Tysnes H\u00f8gre\",\"isPartOf\":{\"@id\":\"https:\/\/hoyre.no\/tysnes\/#website\"},\"datePublished\":\"2023-08-27T12:28:11+00:00\",\"dateModified\":\"2025-02-14T12:19:03+00:00\",\"description\":\"Her er 10 gode grunnar til \u00e5 r\u00f8yste H\u00f8gre i Tysnes.\",\"breadcrumb\":{\"@id\":\"https:\/\/hoyre.no\/tysnes\/10-gode-grunnar\/#breadcrumb\"},\"inLanguage\":\"nn-NO\",\"potentialAction\":[{\"@type\":\"ReadAction\",\"target\":[\"https:\/\/hoyre.no\/tysnes\/10-gode-grunnar\/\"]}]},{\"@type\":\"BreadcrumbList\",\"@id\":\"https:\/\/hoyre.no\/tysnes\/10-gode-grunnar\/#breadcrumb\",\"itemListElement\":[{\"@type\":\"ListItem\",\"position\":1,\"name\":\"Til hoyre.no\",\"item\":\"https:\/\/hoyre.no\"},{\"@type\":\"ListItem\",\"position\":2,\"name\":\"Hjem\",\"item\":\"https:\/\/hoyre.no\/tysnes\/\"},{\"@type\":\"ListItem\",\"position\":3,\"name\":\"10 gode grunnar\"}]},{\"@type\":\"WebSite\",\"@id\":\"https:\/\/hoyre.no\/tysnes\/#website\",\"url\":\"https:\/\/hoyre.no\/tysnes\/\",\"name\":\"Tysnes H\u00f8gre\",\"description\":\"Bare enda et H\u00f8yres nettsteder-nettsted\",\"inLanguage\":\"nn-NO\"}]}<\/script>\n<!-- \/ Yoast SEO plugin. -->","yoast_head_json":{"title":"10 gode grunnar - Tysnes H\u00f8gre","description":"Her er 10 gode grunnar til \u00e5 r\u00f8yste H\u00f8gre i Tysnes.","robots":{"index":"index","follow":"follow","max-snippet":"max-snippet:-1","max-image-preview":"max-image-preview:large","max-video-preview":"max-video-preview:-1"},"canonical":"https:\/\/hoyre.no\/tysnes\/10-gode-grunnar\/","og_locale":"nn_NO","og_type":"article","og_title":"10 gode grunnar - Tysnes H\u00f8gre","og_description":"Her er 10 gode grunnar til \u00e5 r\u00f8yste H\u00f8gre i Tysnes.","og_url":"https:\/\/hoyre.no\/tysnes\/10-gode-grunnar\/","og_site_name":"Tysnes H\u00f8gre","article_modified_time":"2025-02-14T12:19:03+00:00","og_image":[{"width":1000,"height":1000,"url":"https:\/\/hoyre.no\/content\/uploads\/sites\/312\/2022\/11\/Hoyres-logo.png","type":"image\/png"}],"twitter_card":"summary_large_image","twitter_misc":{"Est. reading time":"6 minutt"},"schema":{"@context":"https:\/\/schema.org","@graph":[{"@type":"WebPage","@id":"https:\/\/hoyre.no\/tysnes\/10-gode-grunnar\/","url":"https:\/\/hoyre.no\/tysnes\/10-gode-grunnar\/","name":"10 gode grunnar - Tysnes H\u00f8gre","isPartOf":{"@id":"https:\/\/hoyre.no\/tysnes\/#website"},"datePublished":"2023-08-27T12:28:11+00:00","dateModified":"2025-02-14T12:19:03+00:00","description":"Her er 10 gode grunnar til \u00e5 r\u00f8yste H\u00f8gre i Tysnes.","breadcrumb":{"@id":"https:\/\/hoyre.no\/tysnes\/10-gode-grunnar\/#breadcrumb"},"inLanguage":"nn-NO","potentialAction":[{"@type":"ReadAction","target":["https:\/\/hoyre.no\/tysnes\/10-gode-grunnar\/"]}]},{"@type":"BreadcrumbList","@id":"https:\/\/hoyre.no\/tysnes\/10-gode-grunnar\/#breadcrumb","itemListElement":[{"@type":"ListItem","position":1,"name":"Til hoyre.no","item":"https:\/\/hoyre.no"},{"@type":"ListItem","position":2,"name":"Hjem","item":"https:\/\/hoyre.no\/tysnes\/"},{"@type":"ListItem","position":3,"name":"10 gode grunnar"}]},{"@type":"WebSite","@id":"https:\/\/hoyre.no\/tysnes\/#website","url":"https:\/\/hoyre.no\/tysnes\/","name":"Tysnes H\u00f8gre","description":"Bare enda et H\u00f8yres nettsteder-nettsted","inLanguage":"nn-NO"}]}},"distributor_meta":false,"distributor_terms":false,"distributor_media":false,"distributor_original_site_name":"Tysnes H\u00f8gre","distributor_original_site_url":"https:\/\/hoyre.no\/tysnes","push-errors":false,"_links":{"self":[{"href":"https:\/\/hoyre.no\/tysnes\/wp-json\/wp\/v2\/pages\/65","targetHints":{"allow":["GET"]}}],"collection":[{"href":"https:\/\/hoyre.no\/tysnes\/wp-json\/wp\/v2\/pages"}],"about":[{"href":"https:\/\/hoyre.no\/tysnes\/wp-json\/wp\/v2\/types\/page"}],"author":[{"embeddable":true,"href":"https:\/\/hoyre.no\/tysnes\/wp-json\/wp\/v2\/users\/29319"}],"replies":[{"embeddable":true,"href":"https:\/\/hoyre.no\/tysnes\/wp-json\/wp\/v2\/comments?post=65"}],"version-history":[{"count":5,"href":"https:\/\/hoyre.no\/tysnes\/wp-json\/wp\/v2\/pages\/65\/revisions"}],"predecessor-version":[{"id":84,"href":"https:\/\/hoyre.no\/tysnes\/wp-json\/wp\/v2\/pages\/65\/revisions\/84"}],"wp:attachment":[{"href":"https:\/\/hoyre.no\/tysnes\/wp-json\/wp\/v2\/media?parent=65"}],"curies":[{"name":"wp","href":"https:\/\/api.w.org\/{rel}","templated":true}]}}