{"id":75,"date":"2023-08-01T16:49:18","date_gmt":"2023-08-01T14:49:18","guid":{"rendered":"https:\/\/hoyre.no\/vagan\/?page_id=75"},"modified":"2025-01-24T16:17:23","modified_gmt":"2025-01-24T15:17:23","slug":"vidar-thom-benjaminsen-var-ordforerkandidat","status":"publish","type":"page","link":"https:\/\/hoyre.no\/vagan\/vidar-thom-benjaminsen-var-ordforerkandidat\/","title":{"rendered":"Vidar Thom Benjaminsen &#8211; v\u00e5r ordf\u00f8rerkandidat"},"content":{"rendered":"\n<div class=\"wp-block-hoyre-hero with-image-gradient text-color-light  has-media alignfull has-background\"><div class=\"hoyre-hero has-image\"><h1 class=\"title\"><br><br>Ordf\u00f8rer Vidar Thom Benjaminsen <\/h1><p class=\"preamble\"><br><\/p>\t\t\t<div class=\"post-meta wp-block teft-byline-wrapper\">\n\t\t\t\t<div class=\"top\">\n\t\t\t\t\t<div class=\"signature\">\n\t\t\t\t\t\t<div class=\"teft-byline\">\n\t\t\t\t\t\t\t\t\t\t\t\t\t\t<div>\n\t\t\t\t\t\t\t\t<h3>H\u00f8yres redaksjon<\/h3>\t\t\t\t\t\t\t\t\n\t\t\t\t\t\t\t\t\t\t\t\t\t\t\t\t\t<span class=\"date\">Sist oppdatert: 24. januar 2025<\/span>\n\t\t\t\t\t\t\t\t\t\t\t\t\t\t\t\t\t\t\t\t\t\t\t\t\t<span class=\"reading-time\" itemprop=\"timeRequired\" content=\"PT4M\"><em>Ca. 4 minutter lesetid<\/em><\/span>\n\t\t\t\t\t\t\t\t\t\t\t\t\t\t\t<\/div>\n\t\t\t\t\t\t<\/div>\n\t\t\t\t\t<\/div>\n\t\t\t\t\t\t<div class=\"sharing\">\n\t\t<a class=\"share-button share-link copy-link\" data-copy=\"https:\/\/hoyre.no\/vagan\/vidar-thom-benjaminsen-var-ordforerkandidat\/\" target=\"_blank\"><span class=\"screen-reader-text\">Del link<\/span><\/a>\n\t\t<a class=\"share-button share-twitter\" href=\"http:\/\/twitter.com\/share?text=Vidar Thom Benjaminsen &#8211; v\u00e5r ordf\u00f8rerkandidat&#038;url=https:\/\/hoyre.no\/vagan\/vidar-thom-benjaminsen-var-ordforerkandidat\/&#038;hashtags=Hoyre\" target=\"_blank\"><span class=\"screen-reader-text\">Del p\u00e5 twitter<\/span><\/a>\n\t\t<a class=\"share-button share-facebook\" href=\"https:\/\/www.facebook.com\/sharer\/sharer.php?u=https:\/\/hoyre.no\/vagan\/vidar-thom-benjaminsen-var-ordforerkandidat\/\" target=\"_blank\"><span class=\"screen-reader-text\">Del p\u00e5 facebook<\/span><\/a>\n\t<\/div>\n\t\t\t\t\t<\/div>\n\t\t\t<\/div>\n\n\t\t\t<figure class=\"hoyre-image-wrapper\"><div class=\"hoyre-image\"><img loading=\"lazy\" decoding=\"async\" width=\"2500\" height=\"1875\" src=\"https:\/\/hoyre.no\/content\/uploads\/sites\/114\/2023\/08\/IMG_1207-scaled.jpg\" class=\"attachment-scaled size-scaled\" alt=\"Vidar Thom\" style=\"object-position: 52% 83%\" srcset=\"https:\/\/hoyre.no\/content\/uploads\/sites\/114\/2023\/08\/IMG_1207-scaled.jpg 2500w, https:\/\/hoyre.no\/content\/uploads\/sites\/114\/2023\/08\/IMG_1207-300x225.jpg 300w, https:\/\/hoyre.no\/content\/uploads\/sites\/114\/2023\/08\/IMG_1207-1024x768.jpg 1024w, https:\/\/hoyre.no\/content\/uploads\/sites\/114\/2023\/08\/IMG_1207-768x576.jpg 768w, https:\/\/hoyre.no\/content\/uploads\/sites\/114\/2023\/08\/IMG_1207-1536x1152.jpg 1536w, https:\/\/hoyre.no\/content\/uploads\/sites\/114\/2023\/08\/IMG_1207-2048x1536.jpg 2048w\" sizes=\"auto, (max-width: 2500px) 100vw, 2500px\" \/><\/div><\/figure><\/div><\/div>\n\n\n\n\n\n\n<div class=\"wp-block-hoyre-banner undefined has-icon-title icon-heart\"><div class=\"banner-inner\"><div class=\"banner-content\"><div class=\"entry-content\">\n<h2 class=\"wp-block-heading\">Bli bedre kjent med Vidar!<\/h2>\n\n\n\n<p class=\"has-text-align-left\"><strong>Bosted:<\/strong> Svolv\u00e6r<\/p>\n\n\n\n<p class=\"has-text-align-left\"><strong>Jobb:<\/strong> Nestleder i Lofoten Industri AS<\/p>\n\n\n\n<p class=\"has-text-align-left\"><strong>Sivil status: <\/strong>Gift med Hanne og pappa til Andreas og Sander.<\/p>\n\n\n\n<p class=\"has-text-align-left\"><strong>Bakgrunn:<\/strong> Master i regnskap og revisjon fra NHH. Jobbet i Studentkortet og Safa Fisk etter endt utdannelse.<\/p>\n\n\n\n<p class=\"has-text-align-left\"><strong>Hvorfor meldte du deg inn i H\u00f8yre? <\/strong>Jeg har alltid v\u00e6rt engasjert i politikken og hatt et \u00f8nske om \u00e5 bidra. Da foresp\u00f8rselen kom i 2014 om \u00e5 melde meg inn og p\u00e5 sikt ta en aktiv del i partiet, var valget enkelt. Partipolitisk har jeg historisk sett v\u00e6rt enig med mange partier, men n\u00e5r man sammenligner de forskjellige programmene, tar diverse tester og lytter til politikerne, er det utvilsomt H\u00f8yre som er mitt hjerte n\u00e6rmest.<\/p>\n\n\n\n<p class=\"has-text-align-left\"><strong>Hva spiser du helst?:<\/strong> Jeg er veldig glad i fisk, kanskje spesielt torsk og kveite. Om sommeren er utvilsomt favoritten hvalkj\u00f8tt. Jeg er over gjennomsnittet glad i \u00e5 grille, ikke rent ulik diverse stereotyper man ser i TV-reklamer.<\/p>\n\n\n\n<p class=\"has-text-align-left\"><strong>Har du en funfact om deg selv? <\/strong>I skolevalget som 15-\u00e5ring stemte jeg faktisk KRF. Ikke fordi jeg er s\u00e5 veldig religi\u00f8s, men fordi jeg synes Kjell Magne Bondevik var en kjempegod statsminister.<\/p>\n\n\n\n<p class=\"has-text-align-left\"><strong>Hva gj\u00f8r du helst p\u00e5 fritiden? <\/strong>Jeg elsker \u00e5 v\u00e6re sammen med barna mine, og da m\u00e5 man tilpasse seg det de liker. Jeg sluttet selv med turn da jeg var 8 \u00e5r gammel, men de siste \u00e5rene har jeg v\u00e6rt i turnhallen hver eneste uke sammen med dem. Jeg kaller meg Norges tjukkeste turntrener, da flirer de h\u00f8flig. Fotball er jo mitt hjerte n\u00e6rmest, s\u00e5 de siste to \u00e5rene har jeg v\u00e6rt veldig engasjert i SIL fotball. Det er ikke mye som sl\u00e5r \u00e5 se idrettsgleden barna viser p\u00e5 fotballbanen. Ellers s\u00e5 er det veldig fint \u00e5 dra p\u00e5 ut p\u00e5 ski p\u00e5 vinteren, g\u00e5 p\u00e5 tur i marka p\u00e5 sommeren eller v\u00e6re sosial sammen med flotte mennesker.<\/p>\n\n\n\n<p class=\"has-text-align-left\"><strong>Hva er ditt favorittsted i Lofoten? <\/strong>Jeg elsker det aller meste, men om jeg skulle velge en plass er det kanskje familiehytta i Kabelv\u00e5gmarka. N\u00e5r hele familien samles p\u00e5 Thom-hytta, da er det god stemning.<\/p>\n\n\n\n<div class=\"wp-block-buttons is-layout-flex wp-block-buttons-is-layout-flex\"><\/div>\n<\/div><\/div><\/div><\/div>\n\n\n\n\n<figure class=\"wp-block-teft-gallery columns-3 count-3 rows-2 is-cropped\"><ul class=\"teft-gallery-grid\"><li class=\"teft-gallery-item \"><figure><a href=\"https:\/\/hoyre.no\/content\/uploads\/sites\/114\/2023\/08\/IMG_1207-scaled.jpg\" data-size=\"2500x1875\"><img loading=\"lazy\" decoding=\"async\" width=\"1024\" height=\"768\" src=\"https:\/\/hoyre.no\/content\/uploads\/sites\/114\/2023\/08\/IMG_1207-1024x768.jpg\" class=\"attachment-large size-large\" alt=\"Vidar Thom\" srcset=\"https:\/\/hoyre.no\/content\/uploads\/sites\/114\/2023\/08\/IMG_1207-1024x768.jpg 1024w, https:\/\/hoyre.no\/content\/uploads\/sites\/114\/2023\/08\/IMG_1207-300x225.jpg 300w, https:\/\/hoyre.no\/content\/uploads\/sites\/114\/2023\/08\/IMG_1207-768x576.jpg 768w, https:\/\/hoyre.no\/content\/uploads\/sites\/114\/2023\/08\/IMG_1207-1536x1152.jpg 1536w, https:\/\/hoyre.no\/content\/uploads\/sites\/114\/2023\/08\/IMG_1207-2048x1536.jpg 2048w\" sizes=\"auto, (max-width: 1024px) 100vw, 1024px\" \/ data-full-url=\"https:\/\/hoyre.no\/content\/uploads\/sites\/114\/2023\/08\/IMG_1207-scaled.jpg\" data-id=\"84\" data-caption=\"84\"\/><\/a><\/figure><\/li><li class=\"teft-gallery-item \"><figure><a href=\"https:\/\/hoyre.no\/content\/uploads\/sites\/114\/2023\/08\/IMG_1328-scaled.jpg\" data-size=\"2500x1875\"><img loading=\"lazy\" decoding=\"async\" width=\"1024\" height=\"768\" src=\"https:\/\/hoyre.no\/content\/uploads\/sites\/114\/2023\/08\/IMG_1328-1024x768.jpg\" class=\"attachment-large size-large\" alt=\"\" srcset=\"https:\/\/hoyre.no\/content\/uploads\/sites\/114\/2023\/08\/IMG_1328-1024x768.jpg 1024w, https:\/\/hoyre.no\/content\/uploads\/sites\/114\/2023\/08\/IMG_1328-300x225.jpg 300w, https:\/\/hoyre.no\/content\/uploads\/sites\/114\/2023\/08\/IMG_1328-768x576.jpg 768w, https:\/\/hoyre.no\/content\/uploads\/sites\/114\/2023\/08\/IMG_1328-1536x1152.jpg 1536w, https:\/\/hoyre.no\/content\/uploads\/sites\/114\/2023\/08\/IMG_1328-2048x1536.jpg 2048w\" sizes=\"auto, (max-width: 1024px) 100vw, 1024px\" \/ data-full-url=\"https:\/\/hoyre.no\/content\/uploads\/sites\/114\/2023\/08\/IMG_1328-scaled.jpg\" data-id=\"87\" data-caption=\"87\"\/><\/a><\/figure><\/li><li class=\"teft-gallery-item \"><figure><a href=\"https:\/\/hoyre.no\/content\/uploads\/sites\/114\/2023\/08\/IMG_1311-scaled.jpg\" data-size=\"1875x2500\"><img loading=\"lazy\" decoding=\"async\" width=\"768\" height=\"1024\" src=\"https:\/\/hoyre.no\/content\/uploads\/sites\/114\/2023\/08\/IMG_1311-768x1024.jpg\" class=\"attachment-large size-large\" alt=\"\" srcset=\"https:\/\/hoyre.no\/content\/uploads\/sites\/114\/2023\/08\/IMG_1311-768x1024.jpg 768w, https:\/\/hoyre.no\/content\/uploads\/sites\/114\/2023\/08\/IMG_1311-225x300.jpg 225w, https:\/\/hoyre.no\/content\/uploads\/sites\/114\/2023\/08\/IMG_1311-1152x1536.jpg 1152w, https:\/\/hoyre.no\/content\/uploads\/sites\/114\/2023\/08\/IMG_1311-1536x2048.jpg 1536w, https:\/\/hoyre.no\/content\/uploads\/sites\/114\/2023\/08\/IMG_1311-scaled.jpg 1875w\" sizes=\"auto, (max-width: 768px) 100vw, 768px\" \/ data-full-url=\"https:\/\/hoyre.no\/content\/uploads\/sites\/114\/2023\/08\/IMG_1311-scaled.jpg\" data-id=\"86\" data-caption=\"86\"\/><\/a><\/figure><\/li><\/ul><\/figure>\n\n\n\t<div class=\"wp-block-teft-cards alignwide teft-cards-grid default-size-3\">\n\t\t\t<\/div>\n\t\n\n\n<h2 class=\"wp-block-heading has-text-align-center\">Vidar sine ambisjoner for V\u00e5gan<\/h2>\n\n\n\n<p class=\"has-text-align-center\">Vi st\u00e5r ovenfor mange utfordringer framover, den aller st\u00f8rste er \u00f8konomien. Vi har over de fire siste \u00e5rene brukt opp hele bufferen v\u00e5r, og er ikke langt unna den beryktede Robek-listen. Vi m\u00e5, dessverre, f\u00e5 fart p\u00e5 omstillingsprosessen og gj\u00f8re besparelser der vi kan. S\u00e5 f\u00e5r vi samtidig v\u00e6re p\u00e5passelig og opprettholde tilbud, kvalitet og attraktivitet for oss innbyggere.<\/p>\n\n\n\n<p class=\"has-text-align-center\">Som politiker i V\u00e5gan er den viktigste oppgaven \u00e5 ta vare innbyggerne v\u00e5re. Legge til rette for at de skal ha:<\/p>\n\n\n\n<ul class=\"wp-block-list\">\n<li>Gode jobber \u00e5 g\u00e5 til<\/li>\n\n\n\n<li>Muligheten til \u00e5 kj\u00f8pe seg egen bolig<\/li>\n\n\n\n<li>Et rikt kulturliv<\/li>\n\n\n\n<li>Idrettstilbud til alle<\/li>\n\n\n\n<li>Et bra og verdig helsetilbud<\/li>\n\n\n\n<li>Vedlikeholdte parker og lekeplasser<\/li>\n\n\n\n<li>Trygge og gode skoler og barnehager, der folk bor<\/li>\n\n\n\n<li>En framtidsrettet milj\u00f8politikk<\/li>\n\n\n\n<li>En opplevelsesrik og trygg pensjonisttilv\u00e6relse<\/li>\n<\/ul>\n\n\n\n<p class=\"has-text-align-center\">Vidar \u00f8nsker, sammen med de andre 33 fantastiske kandidatene til H\u00f8yre, \u00e5 f\u00e5 orden p\u00e5 kommunen igjen. Vi \u00f8nsker at V\u00e5gan skal v\u00e6re en god kommune \u00e5 vokse opp i, arbeide, drive n\u00e6ring og bli gammel i.<\/p>\n\n\n\n<figure class=\"wp-block-image size-large\"><img loading=\"lazy\" decoding=\"async\" width=\"768\" height=\"1024\" src=\"https:\/\/hoyre.no\/content\/uploads\/sites\/114\/2023\/08\/IMG_0420-1-768x1024.jpg\" alt=\"\" class=\"wp-image-79\" srcset=\"https:\/\/hoyre.no\/content\/uploads\/sites\/114\/2023\/08\/IMG_0420-1-768x1024.jpg 768w, https:\/\/hoyre.no\/content\/uploads\/sites\/114\/2023\/08\/IMG_0420-1-225x300.jpg 225w, https:\/\/hoyre.no\/content\/uploads\/sites\/114\/2023\/08\/IMG_0420-1-1152x1536.jpg 1152w, https:\/\/hoyre.no\/content\/uploads\/sites\/114\/2023\/08\/IMG_0420-1-1536x2048.jpg 1536w, https:\/\/hoyre.no\/content\/uploads\/sites\/114\/2023\/08\/IMG_0420-1-scaled.jpg 1875w\" sizes=\"auto, (max-width: 768px) 100vw, 768px\" \/><\/figure>\n\n\n\n<figure class=\"wp-block-image size-large\"><img loading=\"lazy\" decoding=\"async\" width=\"1024\" height=\"768\" src=\"https:\/\/hoyre.no\/content\/uploads\/sites\/114\/2023\/08\/IMG_1138-1024x768.jpg\" alt=\"\" class=\"wp-image-83\" srcset=\"https:\/\/hoyre.no\/content\/uploads\/sites\/114\/2023\/08\/IMG_1138-1024x768.jpg 1024w, https:\/\/hoyre.no\/content\/uploads\/sites\/114\/2023\/08\/IMG_1138-300x225.jpg 300w, https:\/\/hoyre.no\/content\/uploads\/sites\/114\/2023\/08\/IMG_1138-768x576.jpg 768w, https:\/\/hoyre.no\/content\/uploads\/sites\/114\/2023\/08\/IMG_1138.jpg 1284w\" sizes=\"auto, (max-width: 1024px) 100vw, 1024px\" \/><\/figure>\n\n\n\n<figure class=\"wp-block-image size-large\"><img loading=\"lazy\" decoding=\"async\" width=\"768\" height=\"1024\" src=\"https:\/\/hoyre.no\/content\/uploads\/sites\/114\/2023\/08\/IMG_0805-768x1024.jpg\" alt=\"\" class=\"wp-image-77\" srcset=\"https:\/\/hoyre.no\/content\/uploads\/sites\/114\/2023\/08\/IMG_0805-768x1024.jpg 768w, https:\/\/hoyre.no\/content\/uploads\/sites\/114\/2023\/08\/IMG_0805-225x300.jpg 225w, https:\/\/hoyre.no\/content\/uploads\/sites\/114\/2023\/08\/IMG_0805-1152x1536.jpg 1152w, https:\/\/hoyre.no\/content\/uploads\/sites\/114\/2023\/08\/IMG_0805-1536x2048.jpg 1536w, https:\/\/hoyre.no\/content\/uploads\/sites\/114\/2023\/08\/IMG_0805-scaled.jpg 1875w\" sizes=\"auto, (max-width: 768px) 100vw, 768px\" \/><\/figure>\n\n\n\n<figure class=\"wp-block-image size-large\"><img loading=\"lazy\" decoding=\"async\" width=\"768\" height=\"1024\" src=\"https:\/\/hoyre.no\/content\/uploads\/sites\/114\/2023\/08\/IMG_1117-768x1024.jpg\" alt=\"\" class=\"wp-image-82\" srcset=\"https:\/\/hoyre.no\/content\/uploads\/sites\/114\/2023\/08\/IMG_1117-768x1024.jpg 768w, https:\/\/hoyre.no\/content\/uploads\/sites\/114\/2023\/08\/IMG_1117-225x300.jpg 225w, https:\/\/hoyre.no\/content\/uploads\/sites\/114\/2023\/08\/IMG_1117-1152x1536.jpg 1152w, https:\/\/hoyre.no\/content\/uploads\/sites\/114\/2023\/08\/IMG_1117-1536x2048.jpg 1536w, https:\/\/hoyre.no\/content\/uploads\/sites\/114\/2023\/08\/IMG_1117-scaled.jpg 1875w\" sizes=\"auto, (max-width: 768px) 100vw, 768px\" \/><\/figure>\n","protected":false},"excerpt":{"rendered":"<p>Vidar sine ambisjoner for V\u00e5gan Vi st\u00e5r ovenfor mange utfordringer framover, den aller st\u00f8rste er \u00f8konomien. Vi har over de fire siste \u00e5rene brukt opp hele bufferen v\u00e5r, og er ikke langt unna den beryktede Robek-listen. Vi m\u00e5, dessverre, f\u00e5 fart p\u00e5 omstillingsprosessen og gj\u00f8re besparelser der vi kan. S\u00e5 f\u00e5r vi samtidig v\u00e6re p\u00e5passelig [&hellip;]<\/p>\n","protected":false},"author":3547,"featured_media":0,"parent":0,"menu_order":0,"comment_status":"closed","ping_status":"closed","template":"","meta":{"teft_cards_image_url":"","teft_cards_custom_pretitle":"","teft_cards_image_id":0,"teft_cards_image_focal_point_x":0,"teft_cards_image_focal_point_y":0,"teft_cards_title":"","teft_cards_excerpt":"","teft_show_chapters":false,"footnotes":""},"class_list":["post-75","page","type-page","status-publish","hentry"],"yoast_head":"<!-- This site is optimized with the Yoast SEO plugin v26.6 - https:\/\/yoast.com\/wordpress\/plugins\/seo\/ -->\n<title>Vidar Thom Benjaminsen - v\u00e5r ordf\u00f8rerkandidat - V\u00e5gan H\u00f8yre<\/title>\n<meta name=\"description\" content=\"Bli kjent med H\u00f8yres ordf\u00f8rer i V\u00e5gan, Vidar Thom Benjaminsen.\" \/>\n<meta name=\"robots\" content=\"index, follow, max-snippet:-1, max-image-preview:large, max-video-preview:-1\" \/>\n<link rel=\"canonical\" href=\"https:\/\/hoyre.no\/vagan\/vidar-thom-benjaminsen-var-ordforerkandidat\/\" \/>\n<meta property=\"og:locale\" content=\"nb_NO\" \/>\n<meta property=\"og:type\" content=\"article\" \/>\n<meta property=\"og:title\" content=\"Vidar Thom Benjaminsen - v\u00e5r ordf\u00f8rerkandidat - V\u00e5gan H\u00f8yre\" \/>\n<meta property=\"og:description\" content=\"Bli kjent med H\u00f8yres ordf\u00f8rer i V\u00e5gan, Vidar Thom Benjaminsen.\" \/>\n<meta property=\"og:url\" content=\"https:\/\/hoyre.no\/vagan\/vidar-thom-benjaminsen-var-ordforerkandidat\/\" \/>\n<meta property=\"og:site_name\" content=\"V\u00e5gan H\u00f8yre\" \/>\n<meta property=\"article:modified_time\" content=\"2025-01-24T15:17:23+00:00\" \/>\n<meta property=\"og:image\" content=\"https:\/\/hoyre.no\/content\/uploads\/sites\/114\/2023\/08\/IMG_0420-1-768x1024.jpg\" \/>\n<meta name=\"twitter:card\" content=\"summary_large_image\" \/>\n<meta name=\"twitter:label1\" content=\"Ansl. lesetid\" \/>\n\t<meta name=\"twitter:data1\" content=\"4 minutter\" \/>\n<script type=\"application\/ld+json\" class=\"yoast-schema-graph\">{\"@context\":\"https:\/\/schema.org\",\"@graph\":[{\"@type\":\"WebPage\",\"@id\":\"https:\/\/hoyre.no\/vagan\/vidar-thom-benjaminsen-var-ordforerkandidat\/\",\"url\":\"https:\/\/hoyre.no\/vagan\/vidar-thom-benjaminsen-var-ordforerkandidat\/\",\"name\":\"Vidar Thom Benjaminsen - v\u00e5r ordf\u00f8rerkandidat - V\u00e5gan H\u00f8yre\",\"isPartOf\":{\"@id\":\"https:\/\/hoyre.no\/vagan\/#website\"},\"image\":{\"@id\":\"https:\/\/hoyre.no\/vagan\/vidar-thom-benjaminsen-var-ordforerkandidat\/#primaryimage\"},\"thumbnailUrl\":\"https:\/\/hoyre.no\/content\/uploads\/sites\/114\/2023\/08\/IMG_0420-1-768x1024.jpg\",\"datePublished\":\"2023-08-01T14:49:18+00:00\",\"dateModified\":\"2025-01-24T15:17:23+00:00\",\"description\":\"Bli kjent med H\u00f8yres ordf\u00f8rer i V\u00e5gan, Vidar Thom Benjaminsen.\",\"breadcrumb\":{\"@id\":\"https:\/\/hoyre.no\/vagan\/vidar-thom-benjaminsen-var-ordforerkandidat\/#breadcrumb\"},\"inLanguage\":\"nb-NO\",\"potentialAction\":[{\"@type\":\"ReadAction\",\"target\":[\"https:\/\/hoyre.no\/vagan\/vidar-thom-benjaminsen-var-ordforerkandidat\/\"]}]},{\"@type\":\"ImageObject\",\"inLanguage\":\"nb-NO\",\"@id\":\"https:\/\/hoyre.no\/vagan\/vidar-thom-benjaminsen-var-ordforerkandidat\/#primaryimage\",\"url\":\"https:\/\/hoyre.no\/content\/uploads\/sites\/114\/2023\/08\/IMG_0420-1-768x1024.jpg\",\"contentUrl\":\"https:\/\/hoyre.no\/content\/uploads\/sites\/114\/2023\/08\/IMG_0420-1-768x1024.jpg\"},{\"@type\":\"BreadcrumbList\",\"@id\":\"https:\/\/hoyre.no\/vagan\/vidar-thom-benjaminsen-var-ordforerkandidat\/#breadcrumb\",\"itemListElement\":[{\"@type\":\"ListItem\",\"position\":1,\"name\":\"Til hoyre.no\",\"item\":\"https:\/\/hoyre.no\"},{\"@type\":\"ListItem\",\"position\":2,\"name\":\"Hjem\",\"item\":\"https:\/\/hoyre.no\/vagan\/\"},{\"@type\":\"ListItem\",\"position\":3,\"name\":\"Vidar Thom Benjaminsen &#8211; v\u00e5r ordf\u00f8rerkandidat\"}]},{\"@type\":\"WebSite\",\"@id\":\"https:\/\/hoyre.no\/vagan\/#website\",\"url\":\"https:\/\/hoyre.no\/vagan\/\",\"name\":\"V\u00e5gan H\u00f8yre\",\"description\":\"Bare enda et H\u00f8yres nettsteder-nettsted\",\"inLanguage\":\"nb-NO\"}]}<\/script>\n<!-- \/ Yoast SEO plugin. -->","yoast_head_json":{"title":"Vidar Thom Benjaminsen - v\u00e5r ordf\u00f8rerkandidat - V\u00e5gan H\u00f8yre","description":"Bli kjent med H\u00f8yres ordf\u00f8rer i V\u00e5gan, Vidar Thom Benjaminsen.","robots":{"index":"index","follow":"follow","max-snippet":"max-snippet:-1","max-image-preview":"max-image-preview:large","max-video-preview":"max-video-preview:-1"},"canonical":"https:\/\/hoyre.no\/vagan\/vidar-thom-benjaminsen-var-ordforerkandidat\/","og_locale":"nb_NO","og_type":"article","og_title":"Vidar Thom Benjaminsen - v\u00e5r ordf\u00f8rerkandidat - V\u00e5gan H\u00f8yre","og_description":"Bli kjent med H\u00f8yres ordf\u00f8rer i V\u00e5gan, Vidar Thom Benjaminsen.","og_url":"https:\/\/hoyre.no\/vagan\/vidar-thom-benjaminsen-var-ordforerkandidat\/","og_site_name":"V\u00e5gan H\u00f8yre","article_modified_time":"2025-01-24T15:17:23+00:00","og_image":[{"url":"https:\/\/hoyre.no\/content\/uploads\/sites\/114\/2023\/08\/IMG_0420-1-768x1024.jpg","type":"","width":"","height":""}],"twitter_card":"summary_large_image","twitter_misc":{"Ansl. lesetid":"4 minutter"},"schema":{"@context":"https:\/\/schema.org","@graph":[{"@type":"WebPage","@id":"https:\/\/hoyre.no\/vagan\/vidar-thom-benjaminsen-var-ordforerkandidat\/","url":"https:\/\/hoyre.no\/vagan\/vidar-thom-benjaminsen-var-ordforerkandidat\/","name":"Vidar Thom Benjaminsen - v\u00e5r ordf\u00f8rerkandidat - V\u00e5gan H\u00f8yre","isPartOf":{"@id":"https:\/\/hoyre.no\/vagan\/#website"},"image":{"@id":"https:\/\/hoyre.no\/vagan\/vidar-thom-benjaminsen-var-ordforerkandidat\/#primaryimage"},"thumbnailUrl":"https:\/\/hoyre.no\/content\/uploads\/sites\/114\/2023\/08\/IMG_0420-1-768x1024.jpg","datePublished":"2023-08-01T14:49:18+00:00","dateModified":"2025-01-24T15:17:23+00:00","description":"Bli kjent med H\u00f8yres ordf\u00f8rer i V\u00e5gan, Vidar Thom Benjaminsen.","breadcrumb":{"@id":"https:\/\/hoyre.no\/vagan\/vidar-thom-benjaminsen-var-ordforerkandidat\/#breadcrumb"},"inLanguage":"nb-NO","potentialAction":[{"@type":"ReadAction","target":["https:\/\/hoyre.no\/vagan\/vidar-thom-benjaminsen-var-ordforerkandidat\/"]}]},{"@type":"ImageObject","inLanguage":"nb-NO","@id":"https:\/\/hoyre.no\/vagan\/vidar-thom-benjaminsen-var-ordforerkandidat\/#primaryimage","url":"https:\/\/hoyre.no\/content\/uploads\/sites\/114\/2023\/08\/IMG_0420-1-768x1024.jpg","contentUrl":"https:\/\/hoyre.no\/content\/uploads\/sites\/114\/2023\/08\/IMG_0420-1-768x1024.jpg"},{"@type":"BreadcrumbList","@id":"https:\/\/hoyre.no\/vagan\/vidar-thom-benjaminsen-var-ordforerkandidat\/#breadcrumb","itemListElement":[{"@type":"ListItem","position":1,"name":"Til hoyre.no","item":"https:\/\/hoyre.no"},{"@type":"ListItem","position":2,"name":"Hjem","item":"https:\/\/hoyre.no\/vagan\/"},{"@type":"ListItem","position":3,"name":"Vidar Thom Benjaminsen &#8211; v\u00e5r ordf\u00f8rerkandidat"}]},{"@type":"WebSite","@id":"https:\/\/hoyre.no\/vagan\/#website","url":"https:\/\/hoyre.no\/vagan\/","name":"V\u00e5gan H\u00f8yre","description":"Bare enda et H\u00f8yres nettsteder-nettsted","inLanguage":"nb-NO"}]}},"distributor_meta":false,"distributor_terms":false,"distributor_media":false,"distributor_original_site_name":"V\u00e5gan H\u00f8yre","distributor_original_site_url":"https:\/\/hoyre.no\/vagan","push-errors":false,"_links":{"self":[{"href":"https:\/\/hoyre.no\/vagan\/wp-json\/wp\/v2\/pages\/75","targetHints":{"allow":["GET"]}}],"collection":[{"href":"https:\/\/hoyre.no\/vagan\/wp-json\/wp\/v2\/pages"}],"about":[{"href":"https:\/\/hoyre.no\/vagan\/wp-json\/wp\/v2\/types\/page"}],"author":[{"embeddable":true,"href":"https:\/\/hoyre.no\/vagan\/wp-json\/wp\/v2\/users\/3547"}],"replies":[{"embeddable":true,"href":"https:\/\/hoyre.no\/vagan\/wp-json\/wp\/v2\/comments?post=75"}],"version-history":[{"count":5,"href":"https:\/\/hoyre.no\/vagan\/wp-json\/wp\/v2\/pages\/75\/revisions"}],"predecessor-version":[{"id":111,"href":"https:\/\/hoyre.no\/vagan\/wp-json\/wp\/v2\/pages\/75\/revisions\/111"}],"wp:attachment":[{"href":"https:\/\/hoyre.no\/vagan\/wp-json\/wp\/v2\/media?parent=75"}],"curies":[{"name":"wp","href":"https:\/\/api.w.org\/{rel}","templated":true}]}}