{"id":80,"date":"2023-08-16T14:12:42","date_gmt":"2023-08-16T12:12:42","guid":{"rendered":"https:\/\/hoyre.no\/vaksdal\/?page_id=80"},"modified":"2025-02-18T16:29:42","modified_gmt":"2025-02-18T15:29:42","slug":"10-gode-grunnar","status":"publish","type":"page","link":"https:\/\/hoyre.no\/vaksdal\/10-gode-grunnar\/","title":{"rendered":"10 gode grunnar"},"content":{"rendered":"\n<div class=\"wp-block-hoyre-hero with-image-gradient text-color-light  has-media alignfull has-background\"><div class=\"hoyre-hero has-image\"><h1 class=\"title\">10 gode grunnar til \u00e5 r\u00f8yste H\u00f8gre i Vaksdal<\/h1><figure class=\"hoyre-image-wrapper\"><div class=\"hoyre-image\"><img loading=\"lazy\" decoding=\"async\" width=\"2500\" height=\"1667\" src=\"https:\/\/hoyre.no\/content\/uploads\/sites\/315\/2023\/08\/Bla-Hortensia-foto-Agathe-Steen-7-scaled.jpg\" class=\"attachment-scaled size-scaled\" alt=\"\" style=\"object-position: 50% 50%\" srcset=\"https:\/\/hoyre.no\/content\/uploads\/sites\/315\/2023\/08\/Bla-Hortensia-foto-Agathe-Steen-7-scaled.jpg 2500w, https:\/\/hoyre.no\/content\/uploads\/sites\/315\/2023\/08\/Bla-Hortensia-foto-Agathe-Steen-7-300x200.jpg 300w, https:\/\/hoyre.no\/content\/uploads\/sites\/315\/2023\/08\/Bla-Hortensia-foto-Agathe-Steen-7-1024x683.jpg 1024w, https:\/\/hoyre.no\/content\/uploads\/sites\/315\/2023\/08\/Bla-Hortensia-foto-Agathe-Steen-7-768x512.jpg 768w, https:\/\/hoyre.no\/content\/uploads\/sites\/315\/2023\/08\/Bla-Hortensia-foto-Agathe-Steen-7-1536x1024.jpg 1536w, https:\/\/hoyre.no\/content\/uploads\/sites\/315\/2023\/08\/Bla-Hortensia-foto-Agathe-Steen-7-2048x1365.jpg 2048w\" sizes=\"auto, (max-width: 2500px) 100vw, 2500px\" \/><\/div><\/figure><\/div><\/div>\n\n\n\n\t\t<div class=\"has-pale-blue-background-color is-layout-top alignwide alignwide wp-block-hoyre-media-text\">\n\t\t\t<div class=\"hoyre-media-text__media\">\n\t\t\t\t\n\t\t\t<\/div>\n\t\t\t<div class=\"hoyre-media-text__content\">\n\t\t\t\t<div class=\"hoyre-media-text__content-inner\">\n\t\t\t\t\t\n\t\t\t<div class=\"hoyre-media-text__title-container\">\n\t\t\t\t\n\t\t\t\t<h2 class=\"hoyre-media-text__title\">V\u00e5re hovudsaker \ud83d\udc99<\/h2>\n\t\t\t<\/div>\n\t\t\t\n\t\t\t\t\t<div class=\"hoyre-media-text__blocks\">\n<p>\ud83d\udc99 P\u00e5 lag med jobbskaparane. Me treng gode rammevilk\u00e5r for n\u00e6ringslivet og landbruket, og \u00e5 sikra fleire lokale arbeidsplassar i perioden.<\/p><p>\ud83d\udc99 Du skal f\u00e5 behalde meir av inntekta di. Me vil jobba for reduksjon av eigedomsskatt for privatbustader i perioden.<\/p><p>\ud83d\udc99 Gode helse og omsorgstenester. Med gode bygg og kompetente tilsette skal me jobbe for betring av helse og omsorgstenestene.<\/p><p>\ud83d\udc99 Fjorden som reiseveg. Me ynskjer \u00e5 kartleggja og utvikla kommunale kaianlegg i perioden, for fritidsbruk og framtidsretta reiselivsutvikling.<\/p>\n<\/div>\n\t\t\t\t\t\n\t\t\t\t<\/div>\n\t\t\t<\/div>\n\t\t<\/div>\n\t\t\n\n\n\n\t\t<div class=\"has-lightest-blue-background-color is-layout-left alignwide alignwide wp-block-hoyre-media-text\">\n\t\t\t<div class=\"hoyre-media-text__media\">\n\t\t\t\t<img loading=\"lazy\" decoding=\"async\" width=\"1024\" height=\"683\" src=\"https:\/\/hoyre.no\/content\/uploads\/sites\/315\/2023\/08\/GettyImages-1204626618-1024x683.jpg\" class=\"hoyre-media-text__media-image\" alt=\"\" style=\"--focal: 50% 50%;\" srcset=\"https:\/\/hoyre.no\/content\/uploads\/sites\/315\/2023\/08\/GettyImages-1204626618-1024x683.jpg 1024w, https:\/\/hoyre.no\/content\/uploads\/sites\/315\/2023\/08\/GettyImages-1204626618-300x200.jpg 300w, https:\/\/hoyre.no\/content\/uploads\/sites\/315\/2023\/08\/GettyImages-1204626618-768x512.jpg 768w, https:\/\/hoyre.no\/content\/uploads\/sites\/315\/2023\/08\/GettyImages-1204626618-1536x1024.jpg 1536w, https:\/\/hoyre.no\/content\/uploads\/sites\/315\/2023\/08\/GettyImages-1204626618-2048x1365.jpg 2048w\" sizes=\"auto, (max-width: 1024px) 100vw, 1024px\" \/>\n\t\t\t<\/div>\n\t\t\t<div class=\"hoyre-media-text__content\">\n\t\t\t\t<div class=\"hoyre-media-text__content-inner\">\n\t\t\t\t\t\n\t\t\t<div class=\"hoyre-media-text__title-container\">\n\t\t\t\t\n\t\t\t\t<h2 class=\"hoyre-media-text__title\">1. Bygging av ny barnehage p\u00e5 Dale<\/h2>\n\t\t\t<\/div>\n\t\t\t\n\t\t\t\t\t<div class=\"hoyre-media-text__blocks\"><\/div>\n\t\t\t\t\t\n\t\t\t\t<\/div>\n\t\t\t<\/div>\n\t\t<\/div>\n\t\t\n\n\n\n\t\t<div class=\"has-pale-blue-background-color is-layout-right alignwide alignwide wp-block-hoyre-media-text\">\n\t\t\t<div class=\"hoyre-media-text__media\">\n\t\t\t\t<img loading=\"lazy\" decoding=\"async\" width=\"315\" height=\"315\" src=\"https:\/\/hoyre.no\/content\/uploads\/sites\/315\/2023\/06\/Klima-og-miljo.jpg\" class=\"hoyre-media-text__media-image\" alt=\"\" style=\"--focal: 50% 50%;\" srcset=\"https:\/\/hoyre.no\/content\/uploads\/sites\/315\/2023\/06\/Klima-og-miljo.jpg 315w, https:\/\/hoyre.no\/content\/uploads\/sites\/315\/2023\/06\/Klima-og-miljo-300x300.jpg 300w, https:\/\/hoyre.no\/content\/uploads\/sites\/315\/2023\/06\/Klima-og-miljo-150x150.jpg 150w\" sizes=\"auto, (max-width: 315px) 100vw, 315px\" \/>\n\t\t\t<\/div>\n\t\t\t<div class=\"hoyre-media-text__content\">\n\t\t\t\t<div class=\"hoyre-media-text__content-inner\">\n\t\t\t\t\t\n\t\t\t<div class=\"hoyre-media-text__title-container\">\n\t\t\t\t\n\t\t\t\t<h2 class=\"hoyre-media-text__title\">2. Utvikling av<br>n\u00e6ringsareal i heile kommunen<\/h2>\n\t\t\t<\/div>\n\t\t\t\n\t\t\t\t\t<div class=\"hoyre-media-text__blocks\"><\/div>\n\t\t\t\t\t\n\t\t\t\t<\/div>\n\t\t\t<\/div>\n\t\t<\/div>\n\t\t\n\n\n\t\t<div class=\"has-pale-purple-background-color is-layout-left alignwide alignwide wp-block-hoyre-media-text\">\n\t\t\t<div class=\"hoyre-media-text__media\">\n\t\t\t\t<img loading=\"lazy\" decoding=\"async\" width=\"1024\" height=\"683\" src=\"https:\/\/hoyre.no\/content\/uploads\/sites\/315\/2023\/08\/Brekke-i-Gulen-foto-Agathe-Steen-37-1024x683.jpg\" class=\"hoyre-media-text__media-image\" alt=\"\" style=\"--focal: 68% 66%;\" srcset=\"https:\/\/hoyre.no\/content\/uploads\/sites\/315\/2023\/08\/Brekke-i-Gulen-foto-Agathe-Steen-37-1024x683.jpg 1024w, https:\/\/hoyre.no\/content\/uploads\/sites\/315\/2023\/08\/Brekke-i-Gulen-foto-Agathe-Steen-37-300x200.jpg 300w, https:\/\/hoyre.no\/content\/uploads\/sites\/315\/2023\/08\/Brekke-i-Gulen-foto-Agathe-Steen-37-768x512.jpg 768w, https:\/\/hoyre.no\/content\/uploads\/sites\/315\/2023\/08\/Brekke-i-Gulen-foto-Agathe-Steen-37-1536x1024.jpg 1536w, https:\/\/hoyre.no\/content\/uploads\/sites\/315\/2023\/08\/Brekke-i-Gulen-foto-Agathe-Steen-37-2048x1365.jpg 2048w\" sizes=\"auto, (max-width: 1024px) 100vw, 1024px\" \/>\n\t\t\t<\/div>\n\t\t\t<div class=\"hoyre-media-text__content\">\n\t\t\t\t<div class=\"hoyre-media-text__content-inner\">\n\t\t\t\t\t\n\t\t\t<div class=\"hoyre-media-text__title-container\">\n\t\t\t\t\n\t\t\t\t<h2 class=\"hoyre-media-text__title\">3. Gradvis reduksjon av eigedomsskatt<\/h2>\n\t\t\t<\/div>\n\t\t\t\n\t\t\t\t\t<div class=\"hoyre-media-text__blocks\"><\/div>\n\t\t\t\t\t\n\t\t\t\t<\/div>\n\t\t\t<\/div>\n\t\t<\/div>\n\t\t\n\n\n\t\t<div class=\"has-lightest-blue-background-color is-layout-right alignwide alignwide wp-block-hoyre-media-text\">\n\t\t\t<div class=\"hoyre-media-text__media\">\n\t\t\t\t<img loading=\"lazy\" decoding=\"async\" width=\"1024\" height=\"683\" src=\"https:\/\/hoyre.no\/content\/uploads\/sites\/315\/2023\/08\/GettyImages-1199523702-1024x683.jpg\" class=\"hoyre-media-text__media-image\" alt=\"\" style=\"--focal: 58% 42%;\" srcset=\"https:\/\/hoyre.no\/content\/uploads\/sites\/315\/2023\/08\/GettyImages-1199523702-1024x683.jpg 1024w, https:\/\/hoyre.no\/content\/uploads\/sites\/315\/2023\/08\/GettyImages-1199523702-300x200.jpg 300w, https:\/\/hoyre.no\/content\/uploads\/sites\/315\/2023\/08\/GettyImages-1199523702-768x512.jpg 768w, https:\/\/hoyre.no\/content\/uploads\/sites\/315\/2023\/08\/GettyImages-1199523702-1536x1024.jpg 1536w, https:\/\/hoyre.no\/content\/uploads\/sites\/315\/2023\/08\/GettyImages-1199523702-2048x1365.jpg 2048w\" sizes=\"auto, (max-width: 1024px) 100vw, 1024px\" \/>\n\t\t\t<\/div>\n\t\t\t<div class=\"hoyre-media-text__content\">\n\t\t\t\t<div class=\"hoyre-media-text__content-inner\">\n\t\t\t\t\t\n\t\t\t<div class=\"hoyre-media-text__title-container\">\n\t\t\t\t\n\t\t\t\t<h2 class=\"hoyre-media-text__title\">4. Innf\u00f8ring av &laquo;leige til eige&raquo; til d\u00f8mes for unge i etableringsfasen<\/h2>\n\t\t\t<\/div>\n\t\t\t\n\t\t\t\t\t<div class=\"hoyre-media-text__blocks\"><\/div>\n\t\t\t\t\t\n\t\t\t\t<\/div>\n\t\t\t<\/div>\n\t\t<\/div>\n\t\t\n\n\n\t\t<div class=\"has-pale-green-background-color is-layout-left alignwide alignwide wp-block-hoyre-media-text\">\n\t\t\t<div class=\"hoyre-media-text__media\">\n\t\t\t\t<img loading=\"lazy\" decoding=\"async\" width=\"1024\" height=\"683\" src=\"https:\/\/hoyre.no\/content\/uploads\/sites\/315\/2023\/08\/Brekke-i-Gulen-foto-Agathe-Steen-8-1024x683.jpg\" class=\"hoyre-media-text__media-image\" alt=\"\" style=\"--focal: 50% 50%;\" srcset=\"https:\/\/hoyre.no\/content\/uploads\/sites\/315\/2023\/08\/Brekke-i-Gulen-foto-Agathe-Steen-8-1024x683.jpg 1024w, https:\/\/hoyre.no\/content\/uploads\/sites\/315\/2023\/08\/Brekke-i-Gulen-foto-Agathe-Steen-8-300x200.jpg 300w, https:\/\/hoyre.no\/content\/uploads\/sites\/315\/2023\/08\/Brekke-i-Gulen-foto-Agathe-Steen-8-768x512.jpg 768w, https:\/\/hoyre.no\/content\/uploads\/sites\/315\/2023\/08\/Brekke-i-Gulen-foto-Agathe-Steen-8-1536x1024.jpg 1536w, https:\/\/hoyre.no\/content\/uploads\/sites\/315\/2023\/08\/Brekke-i-Gulen-foto-Agathe-Steen-8-2048x1365.jpg 2048w\" sizes=\"auto, (max-width: 1024px) 100vw, 1024px\" \/>\n\t\t\t<\/div>\n\t\t\t<div class=\"hoyre-media-text__content\">\n\t\t\t\t<div class=\"hoyre-media-text__content-inner\">\n\t\t\t\t\t\n\t\t\t<div class=\"hoyre-media-text__title-container\">\n\t\t\t\t\n\t\t\t\t<h2 class=\"hoyre-media-text__title\">5. Gradvis auke i midlar til vedlikehald av kommunale vegar<\/h2>\n\t\t\t<\/div>\n\t\t\t\n\t\t\t\t\t<div class=\"hoyre-media-text__blocks\"><\/div>\n\t\t\t\t\t\n\t\t\t\t<\/div>\n\t\t\t<\/div>\n\t\t<\/div>\n\t\t\n\n\n\t\t<div class=\"has-dark-blue-background-color is-layout-right alignwide alignwide wp-block-hoyre-media-text\">\n\t\t\t<div class=\"hoyre-media-text__media\">\n\t\t\t\t<img loading=\"lazy\" decoding=\"async\" width=\"960\" height=\"640\" src=\"https:\/\/hoyre.no\/content\/uploads\/sites\/315\/2023\/08\/IMG_6963.jpg\" class=\"hoyre-media-text__media-image\" alt=\"\" style=\"--focal: 3% 49%;\" srcset=\"https:\/\/hoyre.no\/content\/uploads\/sites\/315\/2023\/08\/IMG_6963.jpg 960w, https:\/\/hoyre.no\/content\/uploads\/sites\/315\/2023\/08\/IMG_6963-300x200.jpg 300w, https:\/\/hoyre.no\/content\/uploads\/sites\/315\/2023\/08\/IMG_6963-768x512.jpg 768w\" sizes=\"auto, (max-width: 960px) 100vw, 960px\" \/>\n\t\t\t<\/div>\n\t\t\t<div class=\"hoyre-media-text__content\">\n\t\t\t\t<div class=\"hoyre-media-text__content-inner\">\n\t\t\t\t\t\n\t\t\t<div class=\"hoyre-media-text__title-container\">\n\t\t\t\t\n\t\t\t\t<h2 class=\"hoyre-media-text__title\">6. Fortsatt kamp for realisering av K5<\/h2>\n\t\t\t<\/div>\n\t\t\t\n\t\t\t\t\t<div class=\"hoyre-media-text__blocks\"><\/div>\n\t\t\t\t\t\n\t\t\t\t<\/div>\n\t\t\t<\/div>\n\t\t<\/div>\n\t\t\n\n\n\t\t<div class=\"has-pale-blue-background-color is-layout-left alignwide alignwide wp-block-hoyre-media-text\">\n\t\t\t<div class=\"hoyre-media-text__media\">\n\t\t\t\t<img loading=\"lazy\" decoding=\"async\" width=\"1024\" height=\"683\" src=\"https:\/\/hoyre.no\/content\/uploads\/sites\/315\/2023\/08\/GettyImages-1229882090-1024x683.jpg\" class=\"hoyre-media-text__media-image\" alt=\"\" style=\"--focal: 50% 50%;\" srcset=\"https:\/\/hoyre.no\/content\/uploads\/sites\/315\/2023\/08\/GettyImages-1229882090-1024x683.jpg 1024w, https:\/\/hoyre.no\/content\/uploads\/sites\/315\/2023\/08\/GettyImages-1229882090-300x200.jpg 300w, https:\/\/hoyre.no\/content\/uploads\/sites\/315\/2023\/08\/GettyImages-1229882090-768x512.jpg 768w, https:\/\/hoyre.no\/content\/uploads\/sites\/315\/2023\/08\/GettyImages-1229882090-1536x1024.jpg 1536w, https:\/\/hoyre.no\/content\/uploads\/sites\/315\/2023\/08\/GettyImages-1229882090-2048x1365.jpg 2048w\" sizes=\"auto, (max-width: 1024px) 100vw, 1024px\" \/>\n\t\t\t<\/div>\n\t\t\t<div class=\"hoyre-media-text__content\">\n\t\t\t\t<div class=\"hoyre-media-text__content-inner\">\n\t\t\t\t\t\n\t\t\t<div class=\"hoyre-media-text__title-container\">\n\t\t\t\t\n\t\t\t\t<h2 class=\"hoyre-media-text__title\">7. Sikra fleire nyetableringar av bedrifter i kommunen, gjennom arealplanar og tilrettelagte tiltak for etablerarar<\/h2>\n\t\t\t<\/div>\n\t\t\t\n\t\t\t\t\t<div class=\"hoyre-media-text__blocks\"><\/div>\n\t\t\t\t\t\n\t\t\t\t<\/div>\n\t\t\t<\/div>\n\t\t<\/div>\n\t\t\n\n\n\t\t<div class=\"has-pink-background-color is-layout-right alignwide alignwide wp-block-hoyre-media-text\">\n\t\t\t<div class=\"hoyre-media-text__media\">\n\t\t\t\t<img loading=\"lazy\" decoding=\"async\" width=\"1024\" height=\"683\" src=\"https:\/\/hoyre.no\/content\/uploads\/sites\/315\/2023\/08\/GettyImages-973279516-1024x683.jpg\" class=\"hoyre-media-text__media-image\" alt=\"\" style=\"--focal: 50% 50%;\" srcset=\"https:\/\/hoyre.no\/content\/uploads\/sites\/315\/2023\/08\/GettyImages-973279516-1024x683.jpg 1024w, https:\/\/hoyre.no\/content\/uploads\/sites\/315\/2023\/08\/GettyImages-973279516-300x200.jpg 300w, https:\/\/hoyre.no\/content\/uploads\/sites\/315\/2023\/08\/GettyImages-973279516-768x512.jpg 768w, https:\/\/hoyre.no\/content\/uploads\/sites\/315\/2023\/08\/GettyImages-973279516-1536x1024.jpg 1536w, https:\/\/hoyre.no\/content\/uploads\/sites\/315\/2023\/08\/GettyImages-973279516-2048x1365.jpg 2048w\" sizes=\"auto, (max-width: 1024px) 100vw, 1024px\" \/>\n\t\t\t<\/div>\n\t\t\t<div class=\"hoyre-media-text__content\">\n\t\t\t\t<div class=\"hoyre-media-text__content-inner\">\n\t\t\t\t\t\n\t\t\t<div class=\"hoyre-media-text__title-container\">\n\t\t\t\t\n\t\t\t\t<h2 class=\"hoyre-media-text__title\">8. Utviding av somarjobbordningane for ungdom<\/h2>\n\t\t\t<\/div>\n\t\t\t\n\t\t\t\t\t<div class=\"hoyre-media-text__blocks\"><\/div>\n\t\t\t\t\t\n\t\t\t\t<\/div>\n\t\t\t<\/div>\n\t\t<\/div>\n\t\t\n\n\n\t\t<div class=\"has-lightest-blue-background-color is-layout-left alignwide alignwide wp-block-hoyre-media-text\">\n\t\t\t<div class=\"hoyre-media-text__media\">\n\t\t\t\t<img loading=\"lazy\" decoding=\"async\" width=\"1024\" height=\"768\" src=\"https:\/\/hoyre.no\/content\/uploads\/sites\/315\/2023\/06\/Helsebygg-1024x768.jpg\" class=\"hoyre-media-text__media-image\" alt=\"\" style=\"--focal: 36% 50%;\" srcset=\"https:\/\/hoyre.no\/content\/uploads\/sites\/315\/2023\/06\/Helsebygg-1024x768.jpg 1024w, https:\/\/hoyre.no\/content\/uploads\/sites\/315\/2023\/06\/Helsebygg-300x225.jpg 300w, https:\/\/hoyre.no\/content\/uploads\/sites\/315\/2023\/06\/Helsebygg-768x576.jpg 768w, https:\/\/hoyre.no\/content\/uploads\/sites\/315\/2023\/06\/Helsebygg-1536x1152.jpg 1536w, https:\/\/hoyre.no\/content\/uploads\/sites\/315\/2023\/06\/Helsebygg.jpg 2048w\" sizes=\"auto, (max-width: 1024px) 100vw, 1024px\" \/>\n\t\t\t<\/div>\n\t\t\t<div class=\"hoyre-media-text__content\">\n\t\t\t\t<div class=\"hoyre-media-text__content-inner\">\n\t\t\t\t\t\n\t\t\t<div class=\"hoyre-media-text__title-container\">\n\t\t\t\t\n\t\t\t\t<h2 class=\"hoyre-media-text__title\">9. Tilpassing av det kommunale helsetilbodet, slik at best mogleg kvalitet vert gitt til dei som treng det<\/h2>\n\t\t\t<\/div>\n\t\t\t\n\t\t\t\t\t<div class=\"hoyre-media-text__blocks\"><\/div>\n\t\t\t\t\t\n\t\t\t\t<\/div>\n\t\t\t<\/div>\n\t\t<\/div>\n\t\t\n\n\n\t\t<div class=\"has-pale-purple-background-color is-layout-right alignwide alignwide wp-block-hoyre-media-text\">\n\t\t\t<div class=\"hoyre-media-text__media\">\n\t\t\t\t<img loading=\"lazy\" decoding=\"async\" width=\"1024\" height=\"683\" src=\"https:\/\/hoyre.no\/content\/uploads\/sites\/315\/2023\/08\/GettyImages-594375747-1024x683.jpg\" class=\"hoyre-media-text__media-image\" alt=\"\" style=\"--focal: 50% 50%;\" srcset=\"https:\/\/hoyre.no\/content\/uploads\/sites\/315\/2023\/08\/GettyImages-594375747-1024x683.jpg 1024w, https:\/\/hoyre.no\/content\/uploads\/sites\/315\/2023\/08\/GettyImages-594375747-300x200.jpg 300w, https:\/\/hoyre.no\/content\/uploads\/sites\/315\/2023\/08\/GettyImages-594375747-768x512.jpg 768w, https:\/\/hoyre.no\/content\/uploads\/sites\/315\/2023\/08\/GettyImages-594375747-1536x1024.jpg 1536w, https:\/\/hoyre.no\/content\/uploads\/sites\/315\/2023\/08\/GettyImages-594375747-2048x1365.jpg 2048w\" sizes=\"auto, (max-width: 1024px) 100vw, 1024px\" \/>\n\t\t\t<\/div>\n\t\t\t<div class=\"hoyre-media-text__content\">\n\t\t\t\t<div class=\"hoyre-media-text__content-inner\">\n\t\t\t\t\t\n\t\t\t<div class=\"hoyre-media-text__title-container\">\n\t\t\t\t\n\t\t\t\t<h2 class=\"hoyre-media-text__title\">10. Vidareutvikling av<br>inkluderingsfondet, for \u00e5 sikra fleire born og unge tilgang til organiserte fritidsaktivitetar<\/h2>\n\t\t\t<\/div>\n\t\t\t\n\t\t\t\t\t<div class=\"hoyre-media-text__blocks\"><\/div>\n\t\t\t\t\t\n\t\t\t\t<\/div>\n\t\t\t<\/div>\n\t\t<\/div>\n\t\t\n\n\n<div class=\"wp-block-hoyre-banner alignwide undefined\"><div class=\"banner-inner\"><figure class=\"hoyre-image-wrapper\"><div class=\"hoyre-image\"><img loading=\"lazy\" decoding=\"async\" width=\"1000\" height=\"1000\" src=\"https:\/\/hoyre.no\/content\/uploads\/sites\/315\/2022\/11\/Hoyres-logo.png\" class=\"attachment-scaled size-scaled\" alt=\"\" style=\"object-position: 50% 50%\" srcset=\"https:\/\/hoyre.no\/content\/uploads\/sites\/315\/2022\/11\/Hoyres-logo.png 1000w, https:\/\/hoyre.no\/content\/uploads\/sites\/315\/2022\/11\/Hoyres-logo-300x300.png 300w, https:\/\/hoyre.no\/content\/uploads\/sites\/315\/2022\/11\/Hoyres-logo-150x150.png 150w, https:\/\/hoyre.no\/content\/uploads\/sites\/315\/2022\/11\/Hoyres-logo-768x768.png 768w\" sizes=\"auto, (max-width: 1000px) 100vw, 1000px\" \/><\/div><\/figure><div class=\"banner-content\"><div class=\"entry-content\">\n<h2 class=\"wp-block-heading\">Vil du vite meir?<\/h2>\n\n\n\n<p>Her kan du lesa heile v\u00e5rt valprogram \ud83d\udc47<\/p>\n\n\n\n<div class=\"wp-block-buttons is-layout-flex wp-block-buttons-is-layout-flex\">\n<div class=\"wp-block-button\"><a class=\"wp-block-button__link\" href=\"https:\/\/hoyre.no\/vaksdal\/aktuelt\/vaksdal-hogre-partiprogram-2023-2027\/\">trykk her for \u00e5 lesa meir<\/a><\/div>\n<\/div>\n<\/div><\/div><\/div><\/div>\n","protected":false},"excerpt":{"rendered":"","protected":false},"author":29319,"featured_media":0,"parent":0,"menu_order":0,"comment_status":"closed","ping_status":"closed","template":"","meta":{"teft_cards_image_url":"","teft_cards_custom_pretitle":"","teft_cards_image_id":0,"teft_cards_image_focal_point_x":0,"teft_cards_image_focal_point_y":0,"teft_cards_title":"","teft_cards_excerpt":"","teft_show_chapters":false,"footnotes":""},"class_list":["post-80","page","type-page","status-publish","hentry"],"yoast_head":"<!-- This site is optimized with the Yoast SEO plugin v26.6 - https:\/\/yoast.com\/wordpress\/plugins\/seo\/ -->\n<title>10 gode grunnar - Vaksdal H\u00f8gre<\/title>\n<meta name=\"description\" content=\"10 gode grunnar til \u00e5 r\u00f8yste H\u00f8gre i Vaksdal.\" \/>\n<meta name=\"robots\" content=\"index, follow, max-snippet:-1, max-image-preview:large, max-video-preview:-1\" \/>\n<link rel=\"canonical\" href=\"https:\/\/hoyre.no\/vaksdal\/10-gode-grunnar\/\" \/>\n<meta property=\"og:locale\" content=\"nn_NO\" \/>\n<meta property=\"og:type\" content=\"article\" \/>\n<meta property=\"og:title\" content=\"10 gode grunnar - Vaksdal H\u00f8gre\" \/>\n<meta property=\"og:description\" content=\"10 gode grunnar til \u00e5 r\u00f8yste H\u00f8gre i Vaksdal.\" \/>\n<meta property=\"og:url\" content=\"https:\/\/hoyre.no\/vaksdal\/10-gode-grunnar\/\" \/>\n<meta property=\"og:site_name\" content=\"Vaksdal H\u00f8gre\" \/>\n<meta property=\"article:modified_time\" content=\"2025-02-18T15:29:42+00:00\" \/>\n<meta property=\"og:image\" content=\"https:\/\/hoyre.no\/content\/uploads\/sites\/315\/2022\/11\/Hoyres-logo.png\" \/>\n\t<meta property=\"og:image:width\" content=\"1000\" \/>\n\t<meta property=\"og:image:height\" content=\"1000\" \/>\n\t<meta property=\"og:image:type\" content=\"image\/png\" \/>\n<meta name=\"twitter:card\" content=\"summary_large_image\" \/>\n<meta name=\"twitter:label1\" content=\"Est. reading time\" \/>\n\t<meta name=\"twitter:data1\" content=\"1 minutt\" \/>\n<script type=\"application\/ld+json\" class=\"yoast-schema-graph\">{\"@context\":\"https:\/\/schema.org\",\"@graph\":[{\"@type\":\"WebPage\",\"@id\":\"https:\/\/hoyre.no\/vaksdal\/10-gode-grunnar\/\",\"url\":\"https:\/\/hoyre.no\/vaksdal\/10-gode-grunnar\/\",\"name\":\"10 gode grunnar - Vaksdal H\u00f8gre\",\"isPartOf\":{\"@id\":\"https:\/\/hoyre.no\/vaksdal\/#website\"},\"datePublished\":\"2023-08-16T12:12:42+00:00\",\"dateModified\":\"2025-02-18T15:29:42+00:00\",\"description\":\"10 gode grunnar til \u00e5 r\u00f8yste H\u00f8gre i Vaksdal.\",\"breadcrumb\":{\"@id\":\"https:\/\/hoyre.no\/vaksdal\/10-gode-grunnar\/#breadcrumb\"},\"inLanguage\":\"nn-NO\",\"potentialAction\":[{\"@type\":\"ReadAction\",\"target\":[\"https:\/\/hoyre.no\/vaksdal\/10-gode-grunnar\/\"]}]},{\"@type\":\"BreadcrumbList\",\"@id\":\"https:\/\/hoyre.no\/vaksdal\/10-gode-grunnar\/#breadcrumb\",\"itemListElement\":[{\"@type\":\"ListItem\",\"position\":1,\"name\":\"Til hoyre.no\",\"item\":\"https:\/\/hoyre.no\"},{\"@type\":\"ListItem\",\"position\":2,\"name\":\"Hjem\",\"item\":\"https:\/\/hoyre.no\/vaksdal\/\"},{\"@type\":\"ListItem\",\"position\":3,\"name\":\"10 gode grunnar\"}]},{\"@type\":\"WebSite\",\"@id\":\"https:\/\/hoyre.no\/vaksdal\/#website\",\"url\":\"https:\/\/hoyre.no\/vaksdal\/\",\"name\":\"Vaksdal H\u00f8gre\",\"description\":\"Bare enda et H\u00f8yres nettsteder-nettsted\",\"inLanguage\":\"nn-NO\"}]}<\/script>\n<!-- \/ Yoast SEO plugin. -->","yoast_head_json":{"title":"10 gode grunnar - Vaksdal H\u00f8gre","description":"10 gode grunnar til \u00e5 r\u00f8yste H\u00f8gre i Vaksdal.","robots":{"index":"index","follow":"follow","max-snippet":"max-snippet:-1","max-image-preview":"max-image-preview:large","max-video-preview":"max-video-preview:-1"},"canonical":"https:\/\/hoyre.no\/vaksdal\/10-gode-grunnar\/","og_locale":"nn_NO","og_type":"article","og_title":"10 gode grunnar - Vaksdal H\u00f8gre","og_description":"10 gode grunnar til \u00e5 r\u00f8yste H\u00f8gre i Vaksdal.","og_url":"https:\/\/hoyre.no\/vaksdal\/10-gode-grunnar\/","og_site_name":"Vaksdal H\u00f8gre","article_modified_time":"2025-02-18T15:29:42+00:00","og_image":[{"width":1000,"height":1000,"url":"https:\/\/hoyre.no\/content\/uploads\/sites\/315\/2022\/11\/Hoyres-logo.png","type":"image\/png"}],"twitter_card":"summary_large_image","twitter_misc":{"Est. reading time":"1 minutt"},"schema":{"@context":"https:\/\/schema.org","@graph":[{"@type":"WebPage","@id":"https:\/\/hoyre.no\/vaksdal\/10-gode-grunnar\/","url":"https:\/\/hoyre.no\/vaksdal\/10-gode-grunnar\/","name":"10 gode grunnar - Vaksdal H\u00f8gre","isPartOf":{"@id":"https:\/\/hoyre.no\/vaksdal\/#website"},"datePublished":"2023-08-16T12:12:42+00:00","dateModified":"2025-02-18T15:29:42+00:00","description":"10 gode grunnar til \u00e5 r\u00f8yste H\u00f8gre i Vaksdal.","breadcrumb":{"@id":"https:\/\/hoyre.no\/vaksdal\/10-gode-grunnar\/#breadcrumb"},"inLanguage":"nn-NO","potentialAction":[{"@type":"ReadAction","target":["https:\/\/hoyre.no\/vaksdal\/10-gode-grunnar\/"]}]},{"@type":"BreadcrumbList","@id":"https:\/\/hoyre.no\/vaksdal\/10-gode-grunnar\/#breadcrumb","itemListElement":[{"@type":"ListItem","position":1,"name":"Til hoyre.no","item":"https:\/\/hoyre.no"},{"@type":"ListItem","position":2,"name":"Hjem","item":"https:\/\/hoyre.no\/vaksdal\/"},{"@type":"ListItem","position":3,"name":"10 gode grunnar"}]},{"@type":"WebSite","@id":"https:\/\/hoyre.no\/vaksdal\/#website","url":"https:\/\/hoyre.no\/vaksdal\/","name":"Vaksdal H\u00f8gre","description":"Bare enda et H\u00f8yres nettsteder-nettsted","inLanguage":"nn-NO"}]}},"distributor_meta":false,"distributor_terms":false,"distributor_media":false,"distributor_original_site_name":"Vaksdal H\u00f8gre","distributor_original_site_url":"https:\/\/hoyre.no\/vaksdal","push-errors":false,"_links":{"self":[{"href":"https:\/\/hoyre.no\/vaksdal\/wp-json\/wp\/v2\/pages\/80","targetHints":{"allow":["GET"]}}],"collection":[{"href":"https:\/\/hoyre.no\/vaksdal\/wp-json\/wp\/v2\/pages"}],"about":[{"href":"https:\/\/hoyre.no\/vaksdal\/wp-json\/wp\/v2\/types\/page"}],"author":[{"embeddable":true,"href":"https:\/\/hoyre.no\/vaksdal\/wp-json\/wp\/v2\/users\/29319"}],"replies":[{"embeddable":true,"href":"https:\/\/hoyre.no\/vaksdal\/wp-json\/wp\/v2\/comments?post=80"}],"version-history":[{"count":6,"href":"https:\/\/hoyre.no\/vaksdal\/wp-json\/wp\/v2\/pages\/80\/revisions"}],"predecessor-version":[{"id":107,"href":"https:\/\/hoyre.no\/vaksdal\/wp-json\/wp\/v2\/pages\/80\/revisions\/107"}],"wp:attachment":[{"href":"https:\/\/hoyre.no\/vaksdal\/wp-json\/wp\/v2\/media?parent=80"}],"curies":[{"name":"wp","href":"https:\/\/api.w.org\/{rel}","templated":true}]}}