{"id":37,"date":"2023-08-18T14:23:34","date_gmt":"2023-08-18T12:23:34","guid":{"rendered":"https:\/\/hoyre.no\/vefsn\/?page_id=37"},"modified":"2025-01-24T15:38:10","modified_gmt":"2025-01-24T14:38:10","slug":"37-2","status":"publish","type":"page","link":"https:\/\/hoyre.no\/vefsn\/37-2\/","title":{"rendered":"Fem gode grunner til \u00e5 stemme H\u00f8yre i Vefsn"},"content":{"rendered":"\n<div class=\"wp-block-hoyre-hero with-image-gradient text-color-light  has-media alignfull has-background\"><div class=\"hoyre-hero has-image\"><h1 class=\"title\">Fem gode grunner til \u00e5 stemme H\u00f8yre i Vefsn<\/h1><figure class=\"hoyre-image-wrapper\"><div class=\"hoyre-image\"><img loading=\"lazy\" decoding=\"async\" width=\"2500\" height=\"1382\" src=\"https:\/\/hoyre.no\/content\/uploads\/sites\/116\/2023\/08\/AdobeStock_183230561-scaled.jpeg\" class=\"attachment-scaled size-scaled\" alt=\"\" style=\"object-position: 50% 50%\" srcset=\"https:\/\/hoyre.no\/content\/uploads\/sites\/116\/2023\/08\/AdobeStock_183230561-scaled.jpeg 2500w, https:\/\/hoyre.no\/content\/uploads\/sites\/116\/2023\/08\/AdobeStock_183230561-300x166.jpeg 300w, https:\/\/hoyre.no\/content\/uploads\/sites\/116\/2023\/08\/AdobeStock_183230561-1024x566.jpeg 1024w, https:\/\/hoyre.no\/content\/uploads\/sites\/116\/2023\/08\/AdobeStock_183230561-768x425.jpeg 768w, https:\/\/hoyre.no\/content\/uploads\/sites\/116\/2023\/08\/AdobeStock_183230561-1536x849.jpeg 1536w, https:\/\/hoyre.no\/content\/uploads\/sites\/116\/2023\/08\/AdobeStock_183230561-2048x1132.jpeg 2048w\" sizes=\"auto, (max-width: 2500px) 100vw, 2500px\" \/><\/div><\/figure><\/div><\/div>\n\n\n\n<div class=\"wp-block-media-text alignwide is-stacked-on-mobile is-image-fill\"><figure class=\"wp-block-media-text__media\" style=\"background-image:url('https:\/\/hoyre.no\/content\/uploads\/sites\/116\/2023\/08\/GettyImages-514112498-1024x722.jpg');background-position:100% 47%\"><img loading=\"lazy\" decoding=\"async\" width=\"1024\" height=\"722\" src=\"https:\/\/hoyre.no\/content\/uploads\/sites\/116\/2023\/08\/GettyImages-514112498-1024x722.jpg\" alt=\"\" class=\"wp-image-40 size-full\" srcset=\"https:\/\/hoyre.no\/content\/uploads\/sites\/116\/2023\/08\/GettyImages-514112498-1024x722.jpg 1024w, https:\/\/hoyre.no\/content\/uploads\/sites\/116\/2023\/08\/GettyImages-514112498-300x212.jpg 300w, https:\/\/hoyre.no\/content\/uploads\/sites\/116\/2023\/08\/GettyImages-514112498-768x542.jpg 768w, https:\/\/hoyre.no\/content\/uploads\/sites\/116\/2023\/08\/GettyImages-514112498-1536x1083.jpg 1536w, https:\/\/hoyre.no\/content\/uploads\/sites\/116\/2023\/08\/GettyImages-514112498-2048x1445.jpg 2048w\" sizes=\"auto, (max-width: 1024px) 100vw, 1024px\" \/><\/figure><div class=\"wp-block-media-text__content\">\n<h2 class=\"wp-block-heading\">1. H<strong>\u00f8yre vil m\u00f8te de eldre med engasjert og h\u00f8ykvalitets omsorg<\/strong><\/h2>\n\n\n\n<p>I 2030 vil vi v\u00e6re nesten 1000 eldre over 80 \u00e5r i Vefsn, som alle fortjener et verdig omsorgstilbud. Vefsn H\u00f8yre vil ta alle gode krefter i bruk, alle som kan v\u00e6re med p\u00e5 \u00e5 gi en verdig eldreomsorg. Valgfriheten n\u00e5r du eller dine trenger litt ekstra hjelp er en verdi vi m\u00e5 ta vare p\u00e5. Det m\u00e5 stilles krav til kvalitet og forutsigbarhet uavhengig av hvem som leverer tilbudet. \u00c5 bo i eget hjem er velferd \u2013 og de som vil, m\u00e5 f\u00e5 bo hjemme lenger. For \u00e5 f\u00e5 til dette vil Vefsn H\u00f8yre ta i bruk ny velferdsteknologi, som gj\u00f8r det enklere \u00e5 bo hjemme<strong>.<\/strong>&nbsp;&nbsp;<\/p>\n<\/div><\/div>\n\n\n\n<div class=\"wp-block-media-text alignwide has-media-on-the-right is-stacked-on-mobile is-image-fill\"><div class=\"wp-block-media-text__content\">\n<h2 class=\"wp-block-heading\">2. <strong>Vefsn H\u00f8yre er p\u00e5 lag med jobbskaperne<\/strong><\/h2>\n\n\n\n<p>Grunnplanken i det norske velferdssamfunnet er verdiskapingen i norske bedrifter. Vi i Vefsn H\u00f8yre vil arbeide for at v\u00e5r kommune skal v\u00e6re attraktiv for nyetableringer med opparbeidet areal slik at etableringer kan komme raskt i gang.Vefsn m\u00e5 ta en tydelig posisjon som en n\u00e6ringsvennlig, ambisi\u00f8s og konkurransedyktig kommune.<\/p>\n<\/div><figure class=\"wp-block-media-text__media\" style=\"background-image:url('https:\/\/hoyre.no\/content\/uploads\/sites\/116\/2023\/08\/GettyImages-640964975-1024x683.jpg');background-position:50% 50%\"><img loading=\"lazy\" decoding=\"async\" width=\"1024\" height=\"683\" src=\"https:\/\/hoyre.no\/content\/uploads\/sites\/116\/2023\/08\/GettyImages-640964975-1024x683.jpg\" alt=\"\" class=\"wp-image-41 size-full\" srcset=\"https:\/\/hoyre.no\/content\/uploads\/sites\/116\/2023\/08\/GettyImages-640964975-1024x683.jpg 1024w, https:\/\/hoyre.no\/content\/uploads\/sites\/116\/2023\/08\/GettyImages-640964975-300x200.jpg 300w, https:\/\/hoyre.no\/content\/uploads\/sites\/116\/2023\/08\/GettyImages-640964975-768x512.jpg 768w, https:\/\/hoyre.no\/content\/uploads\/sites\/116\/2023\/08\/GettyImages-640964975-1536x1024.jpg 1536w, https:\/\/hoyre.no\/content\/uploads\/sites\/116\/2023\/08\/GettyImages-640964975-2048x1365.jpg 2048w\" sizes=\"auto, (max-width: 1024px) 100vw, 1024px\" \/><\/figure><\/div>\n\n\n\n<div class=\"wp-block-media-text alignwide is-stacked-on-mobile is-image-fill\"><figure class=\"wp-block-media-text__media\" style=\"background-image:url('https:\/\/hoyre.no\/content\/uploads\/sites\/116\/2023\/08\/GettyImages-687776655-1024x683.jpg');background-position:50% 50%\"><img loading=\"lazy\" decoding=\"async\" width=\"1024\" height=\"683\" src=\"https:\/\/hoyre.no\/content\/uploads\/sites\/116\/2023\/08\/GettyImages-687776655-1024x683.jpg\" alt=\"\" class=\"wp-image-42 size-full\" srcset=\"https:\/\/hoyre.no\/content\/uploads\/sites\/116\/2023\/08\/GettyImages-687776655-1024x683.jpg 1024w, https:\/\/hoyre.no\/content\/uploads\/sites\/116\/2023\/08\/GettyImages-687776655-300x200.jpg 300w, https:\/\/hoyre.no\/content\/uploads\/sites\/116\/2023\/08\/GettyImages-687776655-768x512.jpg 768w, https:\/\/hoyre.no\/content\/uploads\/sites\/116\/2023\/08\/GettyImages-687776655-1536x1024.jpg 1536w, https:\/\/hoyre.no\/content\/uploads\/sites\/116\/2023\/08\/GettyImages-687776655-2048x1365.jpg 2048w\" sizes=\"auto, (max-width: 1024px) 100vw, 1024px\" \/><\/figure><div class=\"wp-block-media-text__content\">\n<h2 class=\"wp-block-heading\">3. <strong>Vefsn H\u00f8yre vil jobbe for en god skole med trivsel, mestring og l\u00e6ringsglede<\/strong> <\/h2>\n\n\n\n<p>Kvalitet i skolen blir da et viktig tema der vi \u00f8nsker \u00e5 gi flest mulig av l\u00e6rere i kommunen mulighet til videreutdanning og hindrer at l\u00e6rere slutter i skolen. Vi i Vefsn H\u00f8yre vil ha en skole med kvalitet og kunnskap, en skole med muligheter for alle der innsatsen settes inn tidlig, slik at flere elever opplever mestring og l\u00e6ringsglede, og flere fullf\u00f8rer og best\u00e5r skolel\u00f8pet.&nbsp; <strong>Vi \u00f8nsker \u00e5 beholde de skolebygg vi har<\/strong> og oppgradere til god standard I p\u00e5vente av utviklingen av innbyggertall I kommunen.<\/p>\n<\/div><\/div>\n\n\n\n<div class=\"wp-block-media-text alignwide has-media-on-the-right is-stacked-on-mobile is-image-fill\"><div class=\"wp-block-media-text__content\">\n<h2 class=\"wp-block-heading alignwide\">4. V<strong>efsn H\u00f8yre skal sikre god \u00f8konomisk styring av kommunen<\/strong><\/h2>\n\n\n\n<p>Hvor vi sammen med alle gode ansatte i Vefsn kommune skal jobbe for kontinuerlig forbedring av drift og utvikling. Vi \u00f8nsker \u00e5 sikre at de tjenestene kommunen leverer skal v\u00e6re konkurransedyktige slik at vi sikres at innbyggernes skattepenger brukes mest mulig rasjonelt.<br>Vefsn H\u00f8yre \u00f8nsker ogs\u00e5 \u00e5 holde kommunens gjeldsbyrde i sjakk for \u00e5 unng\u00e5 at det g\u00e5r bort penger til rentebetaling p\u00e5 bekostning av tjenester som skal leveres til innbyggerne!&nbsp;&nbsp;<\/p>\n<\/div><figure class=\"wp-block-media-text__media\" style=\"background-image:url('https:\/\/hoyre.no\/content\/uploads\/sites\/116\/2023\/08\/AdobeStock_624080860-1024x319.jpeg');background-position:50% 50%\"><img loading=\"lazy\" decoding=\"async\" width=\"1024\" height=\"319\" src=\"https:\/\/hoyre.no\/content\/uploads\/sites\/116\/2023\/08\/AdobeStock_624080860-1024x319.jpeg\" alt=\"\" class=\"wp-image-36 size-full\" srcset=\"https:\/\/hoyre.no\/content\/uploads\/sites\/116\/2023\/08\/AdobeStock_624080860-1024x319.jpeg 1024w, https:\/\/hoyre.no\/content\/uploads\/sites\/116\/2023\/08\/AdobeStock_624080860-300x94.jpeg 300w, https:\/\/hoyre.no\/content\/uploads\/sites\/116\/2023\/08\/AdobeStock_624080860-768x240.jpeg 768w, https:\/\/hoyre.no\/content\/uploads\/sites\/116\/2023\/08\/AdobeStock_624080860-1536x479.jpeg 1536w, https:\/\/hoyre.no\/content\/uploads\/sites\/116\/2023\/08\/AdobeStock_624080860-2048x639.jpeg 2048w\" sizes=\"auto, (max-width: 1024px) 100vw, 1024px\" \/><\/figure><\/div>\n\n\n\n<div class=\"wp-block-media-text alignwide is-stacked-on-mobile is-image-fill\"><figure class=\"wp-block-media-text__media\" style=\"background-image:url('https:\/\/hoyre.no\/content\/uploads\/sites\/116\/2023\/08\/GettyImages-1221748207-1024x683.jpg');background-position:50% 50%\"><img loading=\"lazy\" decoding=\"async\" width=\"1024\" height=\"683\" src=\"https:\/\/hoyre.no\/content\/uploads\/sites\/116\/2023\/08\/GettyImages-1221748207-1024x683.jpg\" alt=\"\" class=\"wp-image-43 size-full\" srcset=\"https:\/\/hoyre.no\/content\/uploads\/sites\/116\/2023\/08\/GettyImages-1221748207-1024x683.jpg 1024w, https:\/\/hoyre.no\/content\/uploads\/sites\/116\/2023\/08\/GettyImages-1221748207-300x200.jpg 300w, https:\/\/hoyre.no\/content\/uploads\/sites\/116\/2023\/08\/GettyImages-1221748207-768x512.jpg 768w, https:\/\/hoyre.no\/content\/uploads\/sites\/116\/2023\/08\/GettyImages-1221748207-1536x1024.jpg 1536w, https:\/\/hoyre.no\/content\/uploads\/sites\/116\/2023\/08\/GettyImages-1221748207-2048x1365.jpg 2048w\" sizes=\"auto, (max-width: 1024px) 100vw, 1024px\" \/><\/figure><div class=\"wp-block-media-text__content\">\n<h2 class=\"wp-block-heading\">5. <strong>Vefsn H\u00f8yre \u00f8nsker ETT felles sykehus sentralt plassert p\u00e5 Helgeland<\/strong><\/h2>\n\n\n\n<p><br>Dagens sykehusstruktur m\u00e5 best\u00e5 inntil et nytt felles sykehus for Helgeland er ferdigstilt. HVIS strukturen rokkes ved, og akuttberedskap tas bort, m\u00e5 dette kompenseres for med fast stasjonert Ambulansefly p\u00e5 Mosj\u00f8en&nbsp;<\/p>\n<\/div><\/div>\n\n\n\n\n<div class=\"wp-block-hoyre-banner alignwide undefined has-icon-title icon-heart\"><div class=\"banner-inner\"><figure class=\"hoyre-image-wrapper\"><div class=\"hoyre-image\"><img loading=\"lazy\" decoding=\"async\" width=\"2500\" height=\"1382\" src=\"https:\/\/hoyre.no\/content\/uploads\/sites\/116\/2023\/08\/AdobeStock_183230561-scaled.jpeg\" class=\"attachment-scaled size-scaled\" alt=\"\" style=\"object-position: 50% 50%\" srcset=\"https:\/\/hoyre.no\/content\/uploads\/sites\/116\/2023\/08\/AdobeStock_183230561-scaled.jpeg 2500w, https:\/\/hoyre.no\/content\/uploads\/sites\/116\/2023\/08\/AdobeStock_183230561-300x166.jpeg 300w, https:\/\/hoyre.no\/content\/uploads\/sites\/116\/2023\/08\/AdobeStock_183230561-1024x566.jpeg 1024w, https:\/\/hoyre.no\/content\/uploads\/sites\/116\/2023\/08\/AdobeStock_183230561-768x425.jpeg 768w, https:\/\/hoyre.no\/content\/uploads\/sites\/116\/2023\/08\/AdobeStock_183230561-1536x849.jpeg 1536w, https:\/\/hoyre.no\/content\/uploads\/sites\/116\/2023\/08\/AdobeStock_183230561-2048x1132.jpeg 2048w\" sizes=\"auto, (max-width: 2500px) 100vw, 2500px\" \/><\/div><\/figure><div class=\"banner-content\"><div class=\"entry-content\">\n<h2 class=\"wp-block-heading\">Fant du ikke din hjertesak?<\/h2>\n\n\n\n<p>Det er heldigvis mange gode grunner til \u00e5 stemme H\u00f8yre i Vefsn. Finn ut hva vi mener om din hjertesak ved \u00e5 lese programmet v\u00e5rt!<\/p>\n\n\n\n<div class=\"wp-block-buttons is-layout-flex wp-block-buttons-is-layout-flex\">\n<div class=\"wp-block-button has-custom-width wp-block-button__width-100 is-style-fill\"><a class=\"wp-block-button__link wp-element-button\" href=\"https:\/\/hoyre.no\/vefsn\/politikk\/\" target=\"_blank\" rel=\"noreferrer noopener\">Les vefsn h\u00f8yres valgprogram<\/a><\/div>\n<\/div>\n<\/div><\/div><\/div><\/div>\n\n\n\n<div class=\"wp-block hoyre-section alignfull has-background is-style-light-blue wp-block-hoyre-section\"><div class=\"inner-blocks alignwide\">\n\n<h2 class=\"wp-block-heading has-text-align-center\">Finn ditt n\u00e6rmeste valglokale<\/h2>\n\n\n\n<p class=\"has-text-align-center\">Du kan forh\u00e5ndsstemme fra 10. august til og med 8. september. I denne perioden kan du stemme i valglokaler over hele landet. Se oversikt over lokale valglokaler og \u00e5pningstider her:<\/p>\n\n\n\n<div class=\"wp-block-buttons is-layout-flex wp-block-buttons-is-layout-flex\">\n<div class=\"wp-block-button aligncenter\"><a class=\"wp-block-button__link wp-element-button\" href=\"https:\/\/www.valg.no\/valglokaler\/valglokaler2\/stem-pa-forhand\/?q=Vefsn#polling-place-form\" target=\"_blank\" rel=\"noreferrer noopener\">Lokaler for forh\u00e5ndsstemming<\/a><\/div>\n<\/div>\n\n\n\n<p class=\"has-text-align-center\">Valgdagene i \u00e5r er s\u00f8ndag 10. september og mandag 11. september. P\u00e5 valgdagen(e) m\u00e5 du stemme i Vefsn kommune. Se oversikt over lokale valglokaler og \u00e5pningstider her:<\/p>\n\n\n\n<div class=\"wp-block-buttons is-layout-flex wp-block-buttons-is-layout-flex\">\n<div class=\"wp-block-button aligncenter\"><a class=\"wp-block-button__link wp-element-button\" href=\"https:\/\/www.valg.no\/valglokaler\/valglokaler2\/stemme-pa-valgdagen\/?q=Vefsn#polling-place-form\" target=\"_blank\" rel=\"noreferrer noopener\">Valglokaler p\u00e5 valgdagen<\/a><\/div>\n<\/div>\n\n\n\n<p class=\"has-text-align-center\"><strong>Husk \u00e5 ta med legitimasjon n\u00e5r du skal stemme.<\/strong> <strong>Godt valg!<\/strong><\/p>\n\n<\/div><\/div>","protected":false},"excerpt":{"rendered":"<p>1. H\u00f8yre vil m\u00f8te de eldre med engasjert og h\u00f8ykvalitets omsorg I 2030 vil vi v\u00e6re nesten 1000 eldre over 80 \u00e5r i Vefsn, som alle fortjener et verdig omsorgstilbud. Vefsn H\u00f8yre vil ta alle gode krefter i bruk, alle som kan v\u00e6re med p\u00e5 \u00e5 gi en verdig eldreomsorg. Valgfriheten n\u00e5r du eller dine [&hellip;]<\/p>\n","protected":false},"author":3547,"featured_media":0,"parent":0,"menu_order":0,"comment_status":"closed","ping_status":"closed","template":"","meta":{"teft_cards_image_url":"","teft_cards_custom_pretitle":"","teft_cards_image_id":0,"teft_cards_image_focal_point_x":0,"teft_cards_image_focal_point_y":0,"teft_cards_title":"","teft_cards_excerpt":"","teft_show_chapters":false,"footnotes":""},"class_list":["post-37","page","type-page","status-publish","hentry"],"yoast_head":"<!-- This site is optimized with the Yoast SEO plugin v26.6 - https:\/\/yoast.com\/wordpress\/plugins\/seo\/ -->\n<title>Fem gode grunner til \u00e5 stemme H\u00f8yre i Vefsn - Vefsn H\u00f8yre<\/title>\n<meta name=\"robots\" content=\"index, follow, max-snippet:-1, max-image-preview:large, max-video-preview:-1\" \/>\n<link rel=\"canonical\" href=\"https:\/\/hoyre.no\/vefsn\/37-2\/\" \/>\n<meta property=\"og:locale\" content=\"nb_NO\" \/>\n<meta property=\"og:type\" content=\"article\" \/>\n<meta property=\"og:title\" content=\"Fem gode grunner til \u00e5 stemme H\u00f8yre i Vefsn - Vefsn H\u00f8yre\" \/>\n<meta property=\"og:description\" content=\"1. H\u00f8yre vil m\u00f8te de eldre med engasjert og h\u00f8ykvalitets omsorg I 2030 vil vi v\u00e6re nesten 1000 eldre over 80 \u00e5r i Vefsn, som alle fortjener et verdig omsorgstilbud. Vefsn H\u00f8yre vil ta alle gode krefter i bruk, alle som kan v\u00e6re med p\u00e5 \u00e5 gi en verdig eldreomsorg. Valgfriheten n\u00e5r du eller dine [&hellip;]\" \/>\n<meta property=\"og:url\" content=\"https:\/\/hoyre.no\/vefsn\/37-2\/\" \/>\n<meta property=\"og:site_name\" content=\"Vefsn H\u00f8yre\" \/>\n<meta property=\"article:modified_time\" content=\"2025-01-24T14:38:10+00:00\" \/>\n<meta property=\"og:image\" content=\"https:\/\/hoyre.no\/content\/uploads\/sites\/116\/2023\/08\/GettyImages-514112498-1024x722.jpg\" \/>\n<meta name=\"twitter:card\" content=\"summary_large_image\" \/>\n<meta name=\"twitter:label1\" content=\"Ansl. lesetid\" \/>\n\t<meta name=\"twitter:data1\" content=\"4 minutter\" \/>\n<script type=\"application\/ld+json\" class=\"yoast-schema-graph\">{\"@context\":\"https:\/\/schema.org\",\"@graph\":[{\"@type\":\"WebPage\",\"@id\":\"https:\/\/hoyre.no\/vefsn\/37-2\/\",\"url\":\"https:\/\/hoyre.no\/vefsn\/37-2\/\",\"name\":\"Fem gode grunner til \u00e5 stemme H\u00f8yre i Vefsn - Vefsn H\u00f8yre\",\"isPartOf\":{\"@id\":\"https:\/\/hoyre.no\/vefsn\/#website\"},\"image\":{\"@id\":\"https:\/\/hoyre.no\/vefsn\/37-2\/#primaryimage\"},\"thumbnailUrl\":\"https:\/\/hoyre.no\/content\/uploads\/sites\/116\/2023\/08\/GettyImages-514112498-1024x722.jpg\",\"datePublished\":\"2023-08-18T12:23:34+00:00\",\"dateModified\":\"2025-01-24T14:38:10+00:00\",\"breadcrumb\":{\"@id\":\"https:\/\/hoyre.no\/vefsn\/37-2\/#breadcrumb\"},\"inLanguage\":\"nb-NO\",\"potentialAction\":[{\"@type\":\"ReadAction\",\"target\":[\"https:\/\/hoyre.no\/vefsn\/37-2\/\"]}]},{\"@type\":\"ImageObject\",\"inLanguage\":\"nb-NO\",\"@id\":\"https:\/\/hoyre.no\/vefsn\/37-2\/#primaryimage\",\"url\":\"https:\/\/hoyre.no\/content\/uploads\/sites\/116\/2023\/08\/GettyImages-514112498-1024x722.jpg\",\"contentUrl\":\"https:\/\/hoyre.no\/content\/uploads\/sites\/116\/2023\/08\/GettyImages-514112498-1024x722.jpg\"},{\"@type\":\"BreadcrumbList\",\"@id\":\"https:\/\/hoyre.no\/vefsn\/37-2\/#breadcrumb\",\"itemListElement\":[{\"@type\":\"ListItem\",\"position\":1,\"name\":\"Til hoyre.no\",\"item\":\"https:\/\/hoyre.no\"},{\"@type\":\"ListItem\",\"position\":2,\"name\":\"Hjem\",\"item\":\"https:\/\/hoyre.no\/vefsn\/\"},{\"@type\":\"ListItem\",\"position\":3,\"name\":\"Fem gode grunner til \u00e5 stemme H\u00f8yre i Vefsn\"}]},{\"@type\":\"WebSite\",\"@id\":\"https:\/\/hoyre.no\/vefsn\/#website\",\"url\":\"https:\/\/hoyre.no\/vefsn\/\",\"name\":\"Vefsn H\u00f8yre\",\"description\":\"Bare enda et H\u00f8yres nettsteder-nettsted\",\"inLanguage\":\"nb-NO\"}]}<\/script>\n<!-- \/ Yoast SEO plugin. -->","yoast_head_json":{"title":"Fem gode grunner til \u00e5 stemme H\u00f8yre i Vefsn - Vefsn H\u00f8yre","robots":{"index":"index","follow":"follow","max-snippet":"max-snippet:-1","max-image-preview":"max-image-preview:large","max-video-preview":"max-video-preview:-1"},"canonical":"https:\/\/hoyre.no\/vefsn\/37-2\/","og_locale":"nb_NO","og_type":"article","og_title":"Fem gode grunner til \u00e5 stemme H\u00f8yre i Vefsn - Vefsn H\u00f8yre","og_description":"1. H\u00f8yre vil m\u00f8te de eldre med engasjert og h\u00f8ykvalitets omsorg I 2030 vil vi v\u00e6re nesten 1000 eldre over 80 \u00e5r i Vefsn, som alle fortjener et verdig omsorgstilbud. Vefsn H\u00f8yre vil ta alle gode krefter i bruk, alle som kan v\u00e6re med p\u00e5 \u00e5 gi en verdig eldreomsorg. Valgfriheten n\u00e5r du eller dine [&hellip;]","og_url":"https:\/\/hoyre.no\/vefsn\/37-2\/","og_site_name":"Vefsn H\u00f8yre","article_modified_time":"2025-01-24T14:38:10+00:00","og_image":[{"url":"https:\/\/hoyre.no\/content\/uploads\/sites\/116\/2023\/08\/GettyImages-514112498-1024x722.jpg","type":"","width":"","height":""}],"twitter_card":"summary_large_image","twitter_misc":{"Ansl. lesetid":"4 minutter"},"schema":{"@context":"https:\/\/schema.org","@graph":[{"@type":"WebPage","@id":"https:\/\/hoyre.no\/vefsn\/37-2\/","url":"https:\/\/hoyre.no\/vefsn\/37-2\/","name":"Fem gode grunner til \u00e5 stemme H\u00f8yre i Vefsn - Vefsn H\u00f8yre","isPartOf":{"@id":"https:\/\/hoyre.no\/vefsn\/#website"},"image":{"@id":"https:\/\/hoyre.no\/vefsn\/37-2\/#primaryimage"},"thumbnailUrl":"https:\/\/hoyre.no\/content\/uploads\/sites\/116\/2023\/08\/GettyImages-514112498-1024x722.jpg","datePublished":"2023-08-18T12:23:34+00:00","dateModified":"2025-01-24T14:38:10+00:00","breadcrumb":{"@id":"https:\/\/hoyre.no\/vefsn\/37-2\/#breadcrumb"},"inLanguage":"nb-NO","potentialAction":[{"@type":"ReadAction","target":["https:\/\/hoyre.no\/vefsn\/37-2\/"]}]},{"@type":"ImageObject","inLanguage":"nb-NO","@id":"https:\/\/hoyre.no\/vefsn\/37-2\/#primaryimage","url":"https:\/\/hoyre.no\/content\/uploads\/sites\/116\/2023\/08\/GettyImages-514112498-1024x722.jpg","contentUrl":"https:\/\/hoyre.no\/content\/uploads\/sites\/116\/2023\/08\/GettyImages-514112498-1024x722.jpg"},{"@type":"BreadcrumbList","@id":"https:\/\/hoyre.no\/vefsn\/37-2\/#breadcrumb","itemListElement":[{"@type":"ListItem","position":1,"name":"Til hoyre.no","item":"https:\/\/hoyre.no"},{"@type":"ListItem","position":2,"name":"Hjem","item":"https:\/\/hoyre.no\/vefsn\/"},{"@type":"ListItem","position":3,"name":"Fem gode grunner til \u00e5 stemme H\u00f8yre i Vefsn"}]},{"@type":"WebSite","@id":"https:\/\/hoyre.no\/vefsn\/#website","url":"https:\/\/hoyre.no\/vefsn\/","name":"Vefsn H\u00f8yre","description":"Bare enda et H\u00f8yres nettsteder-nettsted","inLanguage":"nb-NO"}]}},"distributor_meta":false,"distributor_terms":false,"distributor_media":false,"distributor_original_site_name":"Vefsn H\u00f8yre","distributor_original_site_url":"https:\/\/hoyre.no\/vefsn","push-errors":false,"_links":{"self":[{"href":"https:\/\/hoyre.no\/vefsn\/wp-json\/wp\/v2\/pages\/37","targetHints":{"allow":["GET"]}}],"collection":[{"href":"https:\/\/hoyre.no\/vefsn\/wp-json\/wp\/v2\/pages"}],"about":[{"href":"https:\/\/hoyre.no\/vefsn\/wp-json\/wp\/v2\/types\/page"}],"author":[{"embeddable":true,"href":"https:\/\/hoyre.no\/vefsn\/wp-json\/wp\/v2\/users\/3547"}],"replies":[{"embeddable":true,"href":"https:\/\/hoyre.no\/vefsn\/wp-json\/wp\/v2\/comments?post=37"}],"version-history":[{"count":5,"href":"https:\/\/hoyre.no\/vefsn\/wp-json\/wp\/v2\/pages\/37\/revisions"}],"predecessor-version":[{"id":57,"href":"https:\/\/hoyre.no\/vefsn\/wp-json\/wp\/v2\/pages\/37\/revisions\/57"}],"wp:attachment":[{"href":"https:\/\/hoyre.no\/vefsn\/wp-json\/wp\/v2\/media?parent=37"}],"curies":[{"name":"wp","href":"https:\/\/api.w.org\/{rel}","templated":true}]}}