{"id":535,"date":"2021-09-08T19:36:58","date_gmt":"2021-09-08T17:36:58","guid":{"rendered":"https:\/\/hoyre.no\/vestby\/?post_type=teft-events&#038;p=535"},"modified":"2021-09-08T19:36:59","modified_gmt":"2021-09-08T17:36:59","slug":"valgvake-2021","status":"publish","type":"teft-events","link":"https:\/\/hoyre.no\/vestby\/arrangementer\/valgvake-2021\/","title":{"rendered":"Valgvake 2021"},"content":{"rendered":"\n<div class=\"wp-block-teft-event-top\">\n\n<div class=\"teft-event-date-top\">\n<div class=\"teft-event-date-wrapper\">\n\t<div class=\"date-square\" aria-hidden=\"true\">\n\t\t13\t\t\t<\/div>\n<\/div>\n\t<div class=\"top-text\">\n\t\t\t\t\t<p class=\"top-date-text\">mandag 13. september 2021<\/p>\n\t\t\t\t\t\t\t<p class=\"top-time-text\">19:30 &#8211; 23:59<\/p>\n\t\t\t\t\t\t<\/div>\n\t\t<div class=\"sharing\">\n\t\t<a class=\"share-button share-link copy-link\" data-copy=\"https:\/\/hoyre.no\/vestby\/arrangementer\/valgvake-2021\/\" target=\"_blank\"><span class=\"screen-reader-text\">Del link<\/span><\/a>\n\t\t<a class=\"share-button share-twitter\" href=\"http:\/\/twitter.com\/share?text=Valgvake 2021&#038;url=https:\/\/hoyre.no\/vestby\/arrangementer\/valgvake-2021\/&#038;hashtags=Hoyre\" target=\"_blank\"><span class=\"screen-reader-text\">Del p\u00e5 twitter<\/span><\/a>\n\t\t<a class=\"share-button share-facebook\" href=\"https:\/\/www.facebook.com\/sharer\/sharer.php?u=https:\/\/hoyre.no\/vestby\/arrangementer\/valgvake-2021\/\" target=\"_blank\"><span class=\"screen-reader-text\">Del p\u00e5 facebook<\/span><\/a>\n\t<\/div>\n\t<\/div>\n<p class=\"preamble\">P\u00e5 vegne av styret er det en glede \u00e5 f\u00e5 invitere alle sammen til <strong>valgvake<\/strong> p\u00e5 mandag <strong>13. september.<\/strong><\/p><figure class=\"hoyre-image-wrapper\"><div class=\"hoyre-image\"><img loading=\"lazy\" decoding=\"async\" width=\"2048\" height=\"1536\" src=\"https:\/\/hoyre.no\/content\/uploads\/sites\/158\/2021\/09\/received_143126267939713.jpeg\" class=\"attachment-scaled size-scaled\" alt=\"\" style=\"object-position: 50% 50%\" srcset=\"https:\/\/hoyre.no\/content\/uploads\/sites\/158\/2021\/09\/received_143126267939713.jpeg 2048w, https:\/\/hoyre.no\/content\/uploads\/sites\/158\/2021\/09\/received_143126267939713-300x225.jpeg 300w, https:\/\/hoyre.no\/content\/uploads\/sites\/158\/2021\/09\/received_143126267939713-1024x768.jpeg 1024w, https:\/\/hoyre.no\/content\/uploads\/sites\/158\/2021\/09\/received_143126267939713-768x576.jpeg 768w, https:\/\/hoyre.no\/content\/uploads\/sites\/158\/2021\/09\/received_143126267939713-1536x1152.jpeg 1536w\" sizes=\"auto, (max-width: 2048px) 100vw, 2048px\" \/><\/div><\/figure>\n\n<div class=\"wp-block wp-block-teft-event-registration-button\">\n\t<div class=\"registration-button-wrapper\">\n\t\t\t<a href=\"https:\/\/forms.gle\/EMnHaWMr6fvzEneF9\" class=\"wp-block-button__link\">Meld deg p\u00e5 her<\/a>\n\t\t\t\t\n\t<\/div>\n<\/div>\n\n<div class=\"panel teft-details-panel\">\n\t\t<h3>Detaljer<\/h3>\n\n\t\t\t\t\t<dl class=\"info-misc-with-icons\">\n\t\t\t\t<dt class=\"venue\"><span class=\"screen-reader-text\">Stedet<\/span><\/dt>\n\t\t\t\t<dd>\n\t\t\t\t\t\t\t\t\t\t<a href=\"http:\/\/www.sonspa.no\">Son Spa<\/a>\n\t\t\t\t\t\t\t\t\t\t\t\t\t\t<\/dd>\n\t\t\t<\/dl>\n\t\t\t\t\t\t\t<dl class=\"info-misc-with-icons\">\n\t\t<dt class=\"time\"><span class=\"screen-reader-text\">Arrangement dato<\/span><\/dt>\n\t\t<dd class=\"time\">\n\t\t\tman 13. september 2021 fra  19:30 &#8211; 23:59\t\t<\/dd>\n\t<\/dl>\n\t\t\t\t\t\t<dl class=\"info-misc-with-icons\">\n\t\t<dt class=\"registration\"><span class=\"screen-reader-text\">P\u00e5meldingsdetajer<\/span><\/dt>\n\t\t<dd class=\"registration\">\n\t\t\tGratis\t\t\t\t\t\t\t<a href=\"https:\/\/forms.gle\/EMnHaWMr6fvzEneF9\">Registrer<\/a>\n\t\t\t\t\t<\/dd>\n\t<\/dl>\n\t\t<\/dl>\n<\/div>\n<\/div>\n\n\n\n\n<h2 class=\"wp-block-heading\">Informasjon<\/h2>\n\n\n\n<p>Vestby H\u00f8yre styret har gleden av \u00e5 f\u00e5 invitere v\u00e5re medlemmer til <strong>valgvake<\/strong> p\u00e5 mandag <strong>13. september p\u00e5 Son Spa fra kl. 19:30!<\/strong><\/p>\n\n\n\n<p>De frivillige i Vestby H\u00f8yre har gjort en fantastisk innsats s\u00e5 langt, og vi gleder oss til en hyggelig avslutning p\u00e5 valgkampen sammen med likesinnede H\u00f8yre-folk. Er vi heldige og valgvinden g\u00e5r i riktig retning i innspurten, kan vi f\u00e5 feire valgseier sammen \u2013 vi skal i alle fall gj\u00f8re v\u00e5rt beste for fornyet tillit fra velgerne!<\/p>\n\n\n\n<p>Grunnet begrensninger p\u00e5 antall personer i henhold til smittevernregler trenger vi p\u00e5melding- senest innen s\u00f8ndag 12. september.<\/p>\n\n\n\n<p>Vi serverer pizza \u2013 drikke dekkes av den enkelte.<\/p>\n\n\n\n<p>Hjertelig velkommen!<\/p>\n\n\n\n<p>Hilsen Styret i Vestby H\u00f8yre<\/p>\n\n\n<div class=\"post-meta wp-block\">\n\t<div class=\"top\">\n\t\t<div class=\"sharing\">\n\t\t\t<a class=\"share-button share-link\" target=\"_blank\"><span class=\"screen-reader-text\">Del link<\/span><\/a>\n\t\t\t<a class=\"share-button share-twitter\" href=\"http:\/\/twitter.com\/share?text=Valgvake 2021&#038;url=https:\/\/hoyre.no\/vestby\/arrangementer\/valgvake-2021\/&#038;hashtags=Hoyre\"><span class=\"screen-reader-text\">Del p\u00e5 twitter<\/span><\/a>\n\t\t\t<a class=\"share-button share-facebook\" href=\"https:\/\/www.facebook.com\/sharer\/sharer.php?u=https:\/\/hoyre.no\/vestby\/arrangementer\/valgvake-2021\/\" target=\"_blank\"><span class=\"screen-reader-text\">Del p\u00e5 facebook<\/span><\/a>\n\t\t<\/div>\n\t<\/div>\n<\/div>\n","protected":false},"template":"","meta":{"teft_cards_image_url":"","teft_cards_custom_pretitle":"","teft_cards_image_id":536,"teft_cards_image_focal_point_x":0.5,"teft_cards_image_focal_point_y":0.5,"teft_cards_title":"","teft_cards_excerpt":"","teft_show_chapters":false,"event_organizer":[],"event_start_date":"2021-09-13T19:30:00","event_end_date":"2021-09-13T23:59:00","event_registration_url":"https:\/\/forms.gle\/EMnHaWMr6fvzEneF9","event_registration_deadline":"","event_ticket_cost":"Gratis","event_venue_name":"Son Spa","event_venue_url":"www.sonspa.no","event_venue_address":""},"teft-events-category":[],"class_list":["post-535","teft-events","type-teft-events","status-publish","hentry"],"yoast_head":"<!-- This site is optimized with the Yoast SEO plugin v26.6 - https:\/\/yoast.com\/wordpress\/plugins\/seo\/ -->\n<title>Valgvake 2021 - Vestby H\u00f8yre<\/title>\n<meta name=\"robots\" content=\"index, follow, max-snippet:-1, max-image-preview:large, max-video-preview:-1\" \/>\n<link rel=\"canonical\" href=\"https:\/\/hoyre.no\/vestby\/arrangementer\/valgvake-2021\/\" \/>\n<meta property=\"og:locale\" content=\"nb_NO\" \/>\n<meta property=\"og:type\" content=\"article\" \/>\n<meta property=\"og:title\" content=\"Valgvake 2021 - Vestby H\u00f8yre\" \/>\n<meta property=\"og:url\" content=\"https:\/\/hoyre.no\/vestby\/arrangementer\/valgvake-2021\/\" \/>\n<meta property=\"og:site_name\" content=\"Vestby H\u00f8yre\" \/>\n<meta property=\"article:modified_time\" content=\"2021-09-08T17:36:59+00:00\" \/>\n<meta property=\"og:image\" content=\"https:\/\/hoyre.no\/content\/uploads\/sites\/158\/2021\/09\/received_143126267939713-1024x768.jpeg\" \/>\n<meta name=\"twitter:card\" content=\"summary_large_image\" \/>\n<meta name=\"twitter:label1\" content=\"Ansl. lesetid\" \/>\n\t<meta name=\"twitter:data1\" content=\"1 minutt\" \/>\n<script type=\"application\/ld+json\" class=\"yoast-schema-graph\">{\"@context\":\"https:\/\/schema.org\",\"@graph\":[{\"@type\":\"WebPage\",\"@id\":\"https:\/\/hoyre.no\/vestby\/arrangementer\/valgvake-2021\/\",\"url\":\"https:\/\/hoyre.no\/vestby\/arrangementer\/valgvake-2021\/\",\"name\":\"Valgvake 2021 - Vestby H\u00f8yre\",\"isPartOf\":{\"@id\":\"https:\/\/hoyre.no\/vestby\/#website\"},\"datePublished\":\"2021-09-08T17:36:58+00:00\",\"dateModified\":\"2021-09-08T17:36:59+00:00\",\"breadcrumb\":{\"@id\":\"https:\/\/hoyre.no\/vestby\/arrangementer\/valgvake-2021\/#breadcrumb\"},\"inLanguage\":\"nb-NO\",\"potentialAction\":[{\"@type\":\"ReadAction\",\"target\":[\"https:\/\/hoyre.no\/vestby\/arrangementer\/valgvake-2021\/\"]}]},{\"@type\":\"BreadcrumbList\",\"@id\":\"https:\/\/hoyre.no\/vestby\/arrangementer\/valgvake-2021\/#breadcrumb\",\"itemListElement\":[{\"@type\":\"ListItem\",\"position\":1,\"name\":\"Til hoyre.no\",\"item\":\"https:\/\/hoyre.no\"},{\"@type\":\"ListItem\",\"position\":2,\"name\":\"Hjem\",\"item\":\"https:\/\/hoyre.no\/vestby\/\"},{\"@type\":\"ListItem\",\"position\":3,\"name\":\"Arrangement\",\"item\":\"https:\/\/hoyre.no\/vestby\/arrangementer\/\"},{\"@type\":\"ListItem\",\"position\":4,\"name\":\"Valgvake 2021\"}]},{\"@type\":\"WebSite\",\"@id\":\"https:\/\/hoyre.no\/vestby\/#website\",\"url\":\"https:\/\/hoyre.no\/vestby\/\",\"name\":\"Vestby H\u00f8yre\",\"description\":\"Bare enda et H\u00f8yres nettsteder-nettsted\",\"inLanguage\":\"nb-NO\"}]}<\/script>\n<!-- \/ Yoast SEO plugin. -->","yoast_head_json":{"title":"Valgvake 2021 - Vestby H\u00f8yre","robots":{"index":"index","follow":"follow","max-snippet":"max-snippet:-1","max-image-preview":"max-image-preview:large","max-video-preview":"max-video-preview:-1"},"canonical":"https:\/\/hoyre.no\/vestby\/arrangementer\/valgvake-2021\/","og_locale":"nb_NO","og_type":"article","og_title":"Valgvake 2021 - Vestby H\u00f8yre","og_url":"https:\/\/hoyre.no\/vestby\/arrangementer\/valgvake-2021\/","og_site_name":"Vestby H\u00f8yre","article_modified_time":"2021-09-08T17:36:59+00:00","og_image":[{"url":"https:\/\/hoyre.no\/content\/uploads\/sites\/158\/2021\/09\/received_143126267939713-1024x768.jpeg","width":"","height":"","type":""}],"twitter_card":"summary_large_image","twitter_misc":{"Ansl. lesetid":"1 minutt"},"schema":{"@context":"https:\/\/schema.org","@graph":[{"@type":"WebPage","@id":"https:\/\/hoyre.no\/vestby\/arrangementer\/valgvake-2021\/","url":"https:\/\/hoyre.no\/vestby\/arrangementer\/valgvake-2021\/","name":"Valgvake 2021 - Vestby H\u00f8yre","isPartOf":{"@id":"https:\/\/hoyre.no\/vestby\/#website"},"datePublished":"2021-09-08T17:36:58+00:00","dateModified":"2021-09-08T17:36:59+00:00","breadcrumb":{"@id":"https:\/\/hoyre.no\/vestby\/arrangementer\/valgvake-2021\/#breadcrumb"},"inLanguage":"nb-NO","potentialAction":[{"@type":"ReadAction","target":["https:\/\/hoyre.no\/vestby\/arrangementer\/valgvake-2021\/"]}]},{"@type":"BreadcrumbList","@id":"https:\/\/hoyre.no\/vestby\/arrangementer\/valgvake-2021\/#breadcrumb","itemListElement":[{"@type":"ListItem","position":1,"name":"Til hoyre.no","item":"https:\/\/hoyre.no"},{"@type":"ListItem","position":2,"name":"Hjem","item":"https:\/\/hoyre.no\/vestby\/"},{"@type":"ListItem","position":3,"name":"Arrangement","item":"https:\/\/hoyre.no\/vestby\/arrangementer\/"},{"@type":"ListItem","position":4,"name":"Valgvake 2021"}]},{"@type":"WebSite","@id":"https:\/\/hoyre.no\/vestby\/#website","url":"https:\/\/hoyre.no\/vestby\/","name":"Vestby H\u00f8yre","description":"Bare enda et H\u00f8yres nettsteder-nettsted","inLanguage":"nb-NO"}]}},"distributor_meta":false,"distributor_terms":false,"distributor_media":false,"distributor_original_site_name":"Vestby H\u00f8yre","distributor_original_site_url":"https:\/\/hoyre.no\/vestby","push-errors":false,"_links":{"self":[{"href":"https:\/\/hoyre.no\/vestby\/wp-json\/wp\/v2\/teft-events\/535","targetHints":{"allow":["GET"]}}],"collection":[{"href":"https:\/\/hoyre.no\/vestby\/wp-json\/wp\/v2\/teft-events"}],"about":[{"href":"https:\/\/hoyre.no\/vestby\/wp-json\/wp\/v2\/types\/teft-events"}],"wp:attachment":[{"href":"https:\/\/hoyre.no\/vestby\/wp-json\/wp\/v2\/media?parent=535"}],"wp:term":[{"taxonomy":"teft-events-category","embeddable":true,"href":"https:\/\/hoyre.no\/vestby\/wp-json\/wp\/v2\/teft-events-category?post=535"}],"curies":[{"name":"wp","href":"https:\/\/api.w.org\/{rel}","templated":true}]}}