{"id":593,"date":"2023-02-06T20:34:53","date_gmt":"2023-02-06T19:34:53","guid":{"rendered":"https:\/\/hoyre.no\/vestby\/?post_type=teft-events&#038;p=593"},"modified":"2023-02-06T20:42:47","modified_gmt":"2023-02-06T19:42:47","slug":"dialogmote-om-utfordringene-i-ungdomsmiljoet-i-vestby","status":"publish","type":"teft-events","link":"https:\/\/hoyre.no\/vestby\/arrangementer\/dialogmote-om-utfordringene-i-ungdomsmiljoet-i-vestby\/","title":{"rendered":"Dialogm\u00f8te om utfordringene i ungdomsmilj\u00f8et i Vestby"},"content":{"rendered":"\n<div class=\"wp-block-teft-event-top\">\n\n<div class=\"teft-event-date-top\">\n<div class=\"teft-event-date-wrapper\">\n\t<div class=\"date-square\" aria-hidden=\"true\">\n\t\t14\t\t\t<\/div>\n<\/div>\n\t<div class=\"top-text\">\n\t\t\t\t\t<p class=\"top-date-text\">tirsdag 14. februar 2023<\/p>\n\t\t\t\t\t\t\t<p class=\"top-time-text\">18:00 &#8211; 20:00<\/p>\n\t\t\t\t\t\t<\/div>\n\t\t<div class=\"sharing\">\n\t\t<a class=\"share-button share-link copy-link\" data-copy=\"https:\/\/hoyre.no\/vestby\/arrangementer\/dialogmote-om-utfordringene-i-ungdomsmiljoet-i-vestby\/\" target=\"_blank\"><span class=\"screen-reader-text\">Del link<\/span><\/a>\n\t\t<a class=\"share-button share-twitter\" href=\"http:\/\/twitter.com\/share?text=Dialogm\u00f8te om utfordringene i ungdomsmilj\u00f8et i Vestby&#038;url=https:\/\/hoyre.no\/vestby\/arrangementer\/dialogmote-om-utfordringene-i-ungdomsmiljoet-i-vestby\/&#038;hashtags=Hoyre\" target=\"_blank\"><span class=\"screen-reader-text\">Del p\u00e5 twitter<\/span><\/a>\n\t\t<a class=\"share-button share-facebook\" href=\"https:\/\/www.facebook.com\/sharer\/sharer.php?u=https:\/\/hoyre.no\/vestby\/arrangementer\/dialogmote-om-utfordringene-i-ungdomsmiljoet-i-vestby\/\" target=\"_blank\"><span class=\"screen-reader-text\">Del p\u00e5 facebook<\/span><\/a>\n\t<\/div>\n\t<\/div>\n<p class=\"preamble\">Vi vet at det er utfordringer med vold, trusler, rus, mobbing og utenforskap blant mange av ungdommene v\u00e5re. Dette bekymrer oss alle. Hva kan vi gj\u00f8re? Hva gj\u00f8r kommunen og politikerne? Hva kan den enkelte gj\u00f8re? Vi \u00f8nsker dialog om dette.<\/p><figure class=\"hoyre-image-wrapper\"><div class=\"hoyre-image\"><img loading=\"lazy\" decoding=\"async\" width=\"2500\" height=\"1667\" src=\"https:\/\/hoyre.no\/content\/uploads\/sites\/158\/2021\/05\/GettyImages-1166432412-scaled.jpg\" class=\"attachment-scaled size-scaled\" alt=\"\" style=\"object-position: 50% 50%\" srcset=\"https:\/\/hoyre.no\/content\/uploads\/sites\/158\/2021\/05\/GettyImages-1166432412-scaled.jpg 2500w, https:\/\/hoyre.no\/content\/uploads\/sites\/158\/2021\/05\/GettyImages-1166432412-300x200.jpg 300w, https:\/\/hoyre.no\/content\/uploads\/sites\/158\/2021\/05\/GettyImages-1166432412-1024x683.jpg 1024w, https:\/\/hoyre.no\/content\/uploads\/sites\/158\/2021\/05\/GettyImages-1166432412-768x512.jpg 768w, https:\/\/hoyre.no\/content\/uploads\/sites\/158\/2021\/05\/GettyImages-1166432412-1536x1024.jpg 1536w, https:\/\/hoyre.no\/content\/uploads\/sites\/158\/2021\/05\/GettyImages-1166432412-2048x1365.jpg 2048w\" sizes=\"auto, (max-width: 2500px) 100vw, 2500px\" \/><\/div><\/figure>\n\n<div class=\"panel teft-details-panel\">\n\t\t<h3>Detaljer<\/h3>\n\n\t\t\t\t\t<dl class=\"info-misc-with-icons\">\n\t\t\t\t<dt class=\"venue\"><span class=\"screen-reader-text\">Stedet<\/span><\/dt>\n\t\t\t\t<dd>\n\t\t\t\t\t\t\t\t\t\t\t<span class=\"address-line-1\">Vestby Ungdomsskole<\/span>\n\t\t\t\t\t\t\t\t\t\t\t\t\t\t<\/dd>\n\t\t\t<\/dl>\n\t\t\t\t\t\t\t<dl class=\"info-misc-with-icons\">\n\t\t<dt class=\"time\"><span class=\"screen-reader-text\">Arrangement dato<\/span><\/dt>\n\t\t<dd class=\"time\">\n\t\t\ttir 14. februar 2023 fra  18:00 &#8211; 20:00\t\t<\/dd>\n\t<\/dl>\n\t\t\t\t\t\t<dl class=\"info-misc-with-icons\">\n\t\t<dt class=\"registration\"><span class=\"screen-reader-text\">P\u00e5meldingsdetajer<\/span><\/dt>\n\t\t<dd class=\"registration\">\n\t\t\tGratis\t\t\t\t\t<\/dd>\n\t<\/dl>\n\t\t<\/dl>\n<\/div>\n<\/div>\n\n\n\n\n<h2 class=\"wp-block-heading\">Informasjon<\/h2>\n\n\n\n<p>Hva gj\u00f8r vi med utfordringene i ungdomsmilj\u00f8et v\u00e5rt?<\/p>\n\n\n\n<p>Vi vet at det er utfordringer med vold, trusler, rus, mobbing og utenforskap blant mange av ungdommene v\u00e5re. Dette bekymrer oss alle.<\/p>\n\n\n\n<p>Hva kan vi gj\u00f8re? Hva gj\u00f8r kommunen og politikerne? Hva kan den enkelte gj\u00f8re? Vi \u00f8nsker dialog om dette.<\/p>\n\n\n\n<p>Vi \u00f8nsker derfor \u00e5 invitere foreldre, foresatte, naboer, ungdommene og de som m\u00e5tte \u00f8nske til et dialogm\u00f8te.<\/p>\n\n\n\n<p>Kan vi bli litt klokere sammen?<\/p>\n\n\n\n<p>Alle politiske partier er invitert, det kommer to representanter fra helse og livsmestring og skoleomr\u00e5dene i Vestby kommune.<\/p>\n\n\n\n<p>Sidsel Randem vil innlede m\u00f8tet.<br>Vi h\u00e5per mange har anledning til \u00e5 komme!<\/p>\n\n\n\n<p>Sted: Vestby Ungdomsskole i \u00abFuglereiret\u00bb<br>Dato: 14.02.2023 klokka 18:00<\/p>\n\n\n\n<p>Arrang\u00f8rer: Vestby H\u00f8yre, Vestby MDG, Vestby Venstre og Vestby FrP<\/p>\n\n\n<div class=\"post-meta wp-block\">\n\t<div class=\"top\">\n\t\t<div class=\"sharing\">\n\t\t\t<a class=\"share-button share-link\" target=\"_blank\"><span class=\"screen-reader-text\">Del link<\/span><\/a>\n\t\t\t<a class=\"share-button share-twitter\" href=\"http:\/\/twitter.com\/share?text=Dialogm\u00f8te om utfordringene i ungdomsmilj\u00f8et i Vestby&#038;url=https:\/\/hoyre.no\/vestby\/arrangementer\/dialogmote-om-utfordringene-i-ungdomsmiljoet-i-vestby\/&#038;hashtags=Hoyre\"><span class=\"screen-reader-text\">Del p\u00e5 twitter<\/span><\/a>\n\t\t\t<a class=\"share-button share-facebook\" href=\"https:\/\/www.facebook.com\/sharer\/sharer.php?u=https:\/\/hoyre.no\/vestby\/arrangementer\/dialogmote-om-utfordringene-i-ungdomsmiljoet-i-vestby\/\" target=\"_blank\"><span class=\"screen-reader-text\">Del p\u00e5 facebook<\/span><\/a>\n\t\t<\/div>\n\t<\/div>\n<\/div>\n","protected":false},"template":"","meta":{"teft_cards_image_url":"","teft_cards_custom_pretitle":"","teft_cards_image_id":206,"teft_cards_image_focal_point_x":0.5,"teft_cards_image_focal_point_y":0.5,"teft_cards_title":"","teft_cards_excerpt":"","teft_show_chapters":false,"event_organizer":[],"event_start_date":"2023-02-14T18:00:00","event_end_date":"2023-02-14T20:00:00","event_registration_url":"","event_registration_deadline":"","event_ticket_cost":"Gratis","event_venue_name":"Vestby Ungdomsskole","event_venue_url":"","event_venue_address":""},"teft-events-category":[],"class_list":["post-593","teft-events","type-teft-events","status-publish","hentry"],"yoast_head":"<!-- This site is optimized with the Yoast SEO plugin v26.6 - https:\/\/yoast.com\/wordpress\/plugins\/seo\/ -->\n<title>Dialogm\u00f8te om utfordringene i ungdomsmilj\u00f8et i Vestby - Vestby H\u00f8yre<\/title>\n<meta name=\"description\" content=\"Vi vet at det er utfordringer med vold, trusler, rus, mobbing og utenforskap blant mange av ungdommene v\u00e5re. Dette bekymrer oss alle.\" \/>\n<meta name=\"robots\" content=\"index, follow, max-snippet:-1, max-image-preview:large, max-video-preview:-1\" \/>\n<link rel=\"canonical\" href=\"https:\/\/hoyre.no\/vestby\/arrangementer\/dialogmote-om-utfordringene-i-ungdomsmiljoet-i-vestby\/\" \/>\n<meta property=\"og:locale\" content=\"nb_NO\" \/>\n<meta property=\"og:type\" content=\"article\" \/>\n<meta property=\"og:title\" content=\"Dialogm\u00f8te om utfordringene i ungdomsmilj\u00f8et i Vestby - Vestby H\u00f8yre\" \/>\n<meta property=\"og:description\" content=\"Vi vet at det er utfordringer med vold, trusler, rus, mobbing og utenforskap blant mange av ungdommene v\u00e5re. Dette bekymrer oss alle.\" \/>\n<meta property=\"og:url\" content=\"https:\/\/hoyre.no\/vestby\/arrangementer\/dialogmote-om-utfordringene-i-ungdomsmiljoet-i-vestby\/\" \/>\n<meta property=\"og:site_name\" content=\"Vestby H\u00f8yre\" \/>\n<meta property=\"article:modified_time\" content=\"2023-02-06T19:42:47+00:00\" \/>\n<meta property=\"og:image\" content=\"https:\/\/hoyre.no\/content\/uploads\/sites\/158\/2021\/05\/GettyImages-1166432412-1024x683.jpg\" \/>\n<meta name=\"twitter:card\" content=\"summary_large_image\" \/>\n<meta name=\"twitter:label1\" content=\"Ansl. lesetid\" \/>\n\t<meta name=\"twitter:data1\" content=\"1 minutt\" \/>\n<script type=\"application\/ld+json\" class=\"yoast-schema-graph\">{\"@context\":\"https:\/\/schema.org\",\"@graph\":[{\"@type\":\"WebPage\",\"@id\":\"https:\/\/hoyre.no\/vestby\/arrangementer\/dialogmote-om-utfordringene-i-ungdomsmiljoet-i-vestby\/\",\"url\":\"https:\/\/hoyre.no\/vestby\/arrangementer\/dialogmote-om-utfordringene-i-ungdomsmiljoet-i-vestby\/\",\"name\":\"Dialogm\u00f8te om utfordringene i ungdomsmilj\u00f8et i Vestby - Vestby H\u00f8yre\",\"isPartOf\":{\"@id\":\"https:\/\/hoyre.no\/vestby\/#website\"},\"datePublished\":\"2023-02-06T19:34:53+00:00\",\"dateModified\":\"2023-02-06T19:42:47+00:00\",\"description\":\"Vi vet at det er utfordringer med vold, trusler, rus, mobbing og utenforskap blant mange av ungdommene v\u00e5re. Dette bekymrer oss alle.\",\"breadcrumb\":{\"@id\":\"https:\/\/hoyre.no\/vestby\/arrangementer\/dialogmote-om-utfordringene-i-ungdomsmiljoet-i-vestby\/#breadcrumb\"},\"inLanguage\":\"nb-NO\",\"potentialAction\":[{\"@type\":\"ReadAction\",\"target\":[\"https:\/\/hoyre.no\/vestby\/arrangementer\/dialogmote-om-utfordringene-i-ungdomsmiljoet-i-vestby\/\"]}]},{\"@type\":\"BreadcrumbList\",\"@id\":\"https:\/\/hoyre.no\/vestby\/arrangementer\/dialogmote-om-utfordringene-i-ungdomsmiljoet-i-vestby\/#breadcrumb\",\"itemListElement\":[{\"@type\":\"ListItem\",\"position\":1,\"name\":\"Til hoyre.no\",\"item\":\"https:\/\/hoyre.no\"},{\"@type\":\"ListItem\",\"position\":2,\"name\":\"Hjem\",\"item\":\"https:\/\/hoyre.no\/vestby\/\"},{\"@type\":\"ListItem\",\"position\":3,\"name\":\"Arrangement\",\"item\":\"https:\/\/hoyre.no\/vestby\/arrangementer\/\"},{\"@type\":\"ListItem\",\"position\":4,\"name\":\"Dialogm\u00f8te om utfordringene i ungdomsmilj\u00f8et i Vestby\"}]},{\"@type\":\"WebSite\",\"@id\":\"https:\/\/hoyre.no\/vestby\/#website\",\"url\":\"https:\/\/hoyre.no\/vestby\/\",\"name\":\"Vestby H\u00f8yre\",\"description\":\"Bare enda et H\u00f8yres nettsteder-nettsted\",\"inLanguage\":\"nb-NO\"}]}<\/script>\n<!-- \/ Yoast SEO plugin. -->","yoast_head_json":{"title":"Dialogm\u00f8te om utfordringene i ungdomsmilj\u00f8et i Vestby - Vestby H\u00f8yre","description":"Vi vet at det er utfordringer med vold, trusler, rus, mobbing og utenforskap blant mange av ungdommene v\u00e5re. Dette bekymrer oss alle.","robots":{"index":"index","follow":"follow","max-snippet":"max-snippet:-1","max-image-preview":"max-image-preview:large","max-video-preview":"max-video-preview:-1"},"canonical":"https:\/\/hoyre.no\/vestby\/arrangementer\/dialogmote-om-utfordringene-i-ungdomsmiljoet-i-vestby\/","og_locale":"nb_NO","og_type":"article","og_title":"Dialogm\u00f8te om utfordringene i ungdomsmilj\u00f8et i Vestby - Vestby H\u00f8yre","og_description":"Vi vet at det er utfordringer med vold, trusler, rus, mobbing og utenforskap blant mange av ungdommene v\u00e5re. Dette bekymrer oss alle.","og_url":"https:\/\/hoyre.no\/vestby\/arrangementer\/dialogmote-om-utfordringene-i-ungdomsmiljoet-i-vestby\/","og_site_name":"Vestby H\u00f8yre","article_modified_time":"2023-02-06T19:42:47+00:00","og_image":[{"url":"https:\/\/hoyre.no\/content\/uploads\/sites\/158\/2021\/05\/GettyImages-1166432412-1024x683.jpg","width":"","height":"","type":""}],"twitter_card":"summary_large_image","twitter_misc":{"Ansl. lesetid":"1 minutt"},"schema":{"@context":"https:\/\/schema.org","@graph":[{"@type":"WebPage","@id":"https:\/\/hoyre.no\/vestby\/arrangementer\/dialogmote-om-utfordringene-i-ungdomsmiljoet-i-vestby\/","url":"https:\/\/hoyre.no\/vestby\/arrangementer\/dialogmote-om-utfordringene-i-ungdomsmiljoet-i-vestby\/","name":"Dialogm\u00f8te om utfordringene i ungdomsmilj\u00f8et i Vestby - Vestby H\u00f8yre","isPartOf":{"@id":"https:\/\/hoyre.no\/vestby\/#website"},"datePublished":"2023-02-06T19:34:53+00:00","dateModified":"2023-02-06T19:42:47+00:00","description":"Vi vet at det er utfordringer med vold, trusler, rus, mobbing og utenforskap blant mange av ungdommene v\u00e5re. Dette bekymrer oss alle.","breadcrumb":{"@id":"https:\/\/hoyre.no\/vestby\/arrangementer\/dialogmote-om-utfordringene-i-ungdomsmiljoet-i-vestby\/#breadcrumb"},"inLanguage":"nb-NO","potentialAction":[{"@type":"ReadAction","target":["https:\/\/hoyre.no\/vestby\/arrangementer\/dialogmote-om-utfordringene-i-ungdomsmiljoet-i-vestby\/"]}]},{"@type":"BreadcrumbList","@id":"https:\/\/hoyre.no\/vestby\/arrangementer\/dialogmote-om-utfordringene-i-ungdomsmiljoet-i-vestby\/#breadcrumb","itemListElement":[{"@type":"ListItem","position":1,"name":"Til hoyre.no","item":"https:\/\/hoyre.no"},{"@type":"ListItem","position":2,"name":"Hjem","item":"https:\/\/hoyre.no\/vestby\/"},{"@type":"ListItem","position":3,"name":"Arrangement","item":"https:\/\/hoyre.no\/vestby\/arrangementer\/"},{"@type":"ListItem","position":4,"name":"Dialogm\u00f8te om utfordringene i ungdomsmilj\u00f8et i Vestby"}]},{"@type":"WebSite","@id":"https:\/\/hoyre.no\/vestby\/#website","url":"https:\/\/hoyre.no\/vestby\/","name":"Vestby H\u00f8yre","description":"Bare enda et H\u00f8yres nettsteder-nettsted","inLanguage":"nb-NO"}]}},"distributor_meta":false,"distributor_terms":false,"distributor_media":false,"distributor_original_site_name":"Vestby H\u00f8yre","distributor_original_site_url":"https:\/\/hoyre.no\/vestby","push-errors":false,"_links":{"self":[{"href":"https:\/\/hoyre.no\/vestby\/wp-json\/wp\/v2\/teft-events\/593","targetHints":{"allow":["GET"]}}],"collection":[{"href":"https:\/\/hoyre.no\/vestby\/wp-json\/wp\/v2\/teft-events"}],"about":[{"href":"https:\/\/hoyre.no\/vestby\/wp-json\/wp\/v2\/types\/teft-events"}],"wp:attachment":[{"href":"https:\/\/hoyre.no\/vestby\/wp-json\/wp\/v2\/media?parent=593"}],"wp:term":[{"taxonomy":"teft-events-category","embeddable":true,"href":"https:\/\/hoyre.no\/vestby\/wp-json\/wp\/v2\/teft-events-category?post=593"}],"curies":[{"name":"wp","href":"https:\/\/api.w.org\/{rel}","templated":true}]}}