{"id":595,"date":"2023-02-06T20:40:59","date_gmt":"2023-02-06T19:40:59","guid":{"rendered":"https:\/\/hoyre.no\/vestby\/?post_type=teft-events&#038;p=595"},"modified":"2023-02-06T20:42:11","modified_gmt":"2023-02-06T19:42:11","slug":"mot-var-ordforerkandidat-2","status":"publish","type":"teft-events","link":"https:\/\/hoyre.no\/vestby\/arrangementer\/mot-var-ordforerkandidat-2\/","title":{"rendered":"M\u00f8t v\u00e5r ordf\u00f8rerkandidat!"},"content":{"rendered":"\n<div class=\"wp-block-teft-event-top\">\n\n<div class=\"teft-event-date-top\">\n<div class=\"teft-event-date-wrapper\">\n\t<div class=\"date-square\" aria-hidden=\"true\">\n\t\t04\t\t\t<\/div>\n<\/div>\n\t<div class=\"top-text\">\n\t\t\t\t\t<p class=\"top-date-text\">l\u00f8rdag 04. mars 2023<\/p>\n\t\t\t\t\t\t\t<p class=\"top-time-text\">12:00 &#8211; 13:30<\/p>\n\t\t\t\t\t\t<\/div>\n\t\t<div class=\"sharing\">\n\t\t<a class=\"share-button share-link copy-link\" data-copy=\"https:\/\/hoyre.no\/vestby\/arrangementer\/mot-var-ordforerkandidat-2\/\" target=\"_blank\"><span class=\"screen-reader-text\">Del link<\/span><\/a>\n\t\t<a class=\"share-button share-twitter\" href=\"http:\/\/twitter.com\/share?text=M\u00f8t v\u00e5r ordf\u00f8rerkandidat!&#038;url=https:\/\/hoyre.no\/vestby\/arrangementer\/mot-var-ordforerkandidat-2\/&#038;hashtags=Hoyre\" target=\"_blank\"><span class=\"screen-reader-text\">Del p\u00e5 twitter<\/span><\/a>\n\t\t<a class=\"share-button share-facebook\" href=\"https:\/\/www.facebook.com\/sharer\/sharer.php?u=https:\/\/hoyre.no\/vestby\/arrangementer\/mot-var-ordforerkandidat-2\/\" target=\"_blank\"><span class=\"screen-reader-text\">Del p\u00e5 facebook<\/span><\/a>\n\t<\/div>\n\t<\/div>\n<p class=\"preamble\">L\u00f8rdag 04.mars fra kl. 12 kan du m\u00f8te v\u00e5r ordf\u00f8rerkandidat\u00a0<a href=\"https:\/\/www.facebook.com\/ashild.thomassen?__tn__=-]K*F\">\u00c5shild Marie Fagerjord<\/a>\u00a0og andre H\u00f8yre-politikere p\u00e5 Villa Vestby p\u00e5 Vestby Storsenter.<\/p><figure class=\"hoyre-image-wrapper\"><div class=\"hoyre-image\"><img loading=\"lazy\" decoding=\"async\" width=\"1080\" height=\"1080\" src=\"https:\/\/hoyre.no\/content\/uploads\/sites\/158\/2023\/02\/Ashild-3.jpg\" class=\"attachment-scaled size-scaled\" alt=\"\" style=\"object-position: 50% 50%\" srcset=\"https:\/\/hoyre.no\/content\/uploads\/sites\/158\/2023\/02\/Ashild-3.jpg 1080w, https:\/\/hoyre.no\/content\/uploads\/sites\/158\/2023\/02\/Ashild-3-300x300.jpg 300w, https:\/\/hoyre.no\/content\/uploads\/sites\/158\/2023\/02\/Ashild-3-1024x1024.jpg 1024w, https:\/\/hoyre.no\/content\/uploads\/sites\/158\/2023\/02\/Ashild-3-150x150.jpg 150w, https:\/\/hoyre.no\/content\/uploads\/sites\/158\/2023\/02\/Ashild-3-768x768.jpg 768w\" sizes=\"auto, (max-width: 1080px) 100vw, 1080px\" \/><\/div><\/figure>\n\n<div class=\"panel teft-details-panel\">\n\t\t<h3>Detaljer<\/h3>\n\n\t\t\t\t\t<dl class=\"info-misc-with-icons\">\n\t\t\t\t<dt class=\"venue\"><span class=\"screen-reader-text\">Stedet<\/span><\/dt>\n\t\t\t\t<dd>\n\t\t\t\t\t\t\t\t\t\t<a href=\"https:\/\/goo.gl\/maps\/gofmznfMzJ6nuECP6\">Vestby Storsenter <\/a>\n\t\t\t\t\t\t\t\t\t\t\t\t\t\t\t\t<span class=\"address-line-2\">Senterveien 6, 1540 Vestby <\/span>\n\t\t\t\t\t\t\t\t\t<\/dd>\n\t\t\t<\/dl>\n\t\t\t\t\t\t\t<dl class=\"info-misc-with-icons\">\n\t\t<dt class=\"time\"><span class=\"screen-reader-text\">Arrangement dato<\/span><\/dt>\n\t\t<dd class=\"time\">\n\t\t\tl\u00f8r 4. mars 2023 fra  12:00 &#8211; 13:30\t\t<\/dd>\n\t<\/dl>\n\t\t\t\t\t\t<dl class=\"info-misc-with-icons\">\n\t\t<dt class=\"registration\"><span class=\"screen-reader-text\">P\u00e5meldingsdetajer<\/span><\/dt>\n\t\t<dd class=\"registration\">\n\t\t\tGratis\t\t\t\t\t<\/dd>\n\t<\/dl>\n\t\t<\/dl>\n<\/div>\n<\/div>\n\n\n\n\n<h2 class=\"wp-block-heading\">Informasjon<\/h2>\n\n\n\n<p>L\u00f8rdag 04. mars fra kl. 12 kan du m\u00f8te v\u00e5r ordf\u00f8rerkandidat&nbsp;<a href=\"https:\/\/www.facebook.com\/ashild.thomassen?__tn__=-]K*F\">\u00c5shild Marie Fagerjord<\/a>&nbsp;og andre H\u00f8yre-politikere p\u00e5 Villa Vestby p\u00e5 Vestby Storsenter.<img loading=\"lazy\" decoding=\"async\" height=\"16\" width=\"16\" src=\"https:\/\/static.xx.fbcdn.net\/images\/emoji.php\/v9\/t51\/1\/16\/1f603.png\" alt=\"\ud83d\ude03\"><\/p>\n\n\n\n<p>Kom innom oss for \u00e5 sl\u00e5 av en prat over en kaffekopp, vi vil veldig gjerne ha innspill og h\u00f8re hva som opptar deg.<img loading=\"lazy\" decoding=\"async\" height=\"16\" width=\"16\" alt=\"\ud83d\udc99\" src=\"https:\/\/static.xx.fbcdn.net\/images\/emoji.php\/v9\/t6c\/1\/16\/1f499.png\"><\/p>\n\n\n<div class=\"post-meta wp-block\">\n\t<div class=\"top\">\n\t\t<div class=\"sharing\">\n\t\t\t<a class=\"share-button share-link\" target=\"_blank\"><span class=\"screen-reader-text\">Del link<\/span><\/a>\n\t\t\t<a class=\"share-button share-twitter\" href=\"http:\/\/twitter.com\/share?text=M\u00f8t v\u00e5r ordf\u00f8rerkandidat!&#038;url=https:\/\/hoyre.no\/vestby\/arrangementer\/mot-var-ordforerkandidat-2\/&#038;hashtags=Hoyre\"><span class=\"screen-reader-text\">Del p\u00e5 twitter<\/span><\/a>\n\t\t\t<a class=\"share-button share-facebook\" href=\"https:\/\/www.facebook.com\/sharer\/sharer.php?u=https:\/\/hoyre.no\/vestby\/arrangementer\/mot-var-ordforerkandidat-2\/\" target=\"_blank\"><span class=\"screen-reader-text\">Del p\u00e5 facebook<\/span><\/a>\n\t\t<\/div>\n\t<\/div>\n<\/div>\n","protected":false},"template":"","meta":{"teft_cards_image_url":"","teft_cards_custom_pretitle":"","teft_cards_image_id":592,"teft_cards_image_focal_point_x":0.5,"teft_cards_image_focal_point_y":0.5,"teft_cards_title":"","teft_cards_excerpt":"","teft_show_chapters":false,"event_organizer":[],"event_start_date":"2023-03-04T12:00:00","event_end_date":"2023-03-04T13:30:00","event_registration_url":"","event_registration_deadline":"","event_ticket_cost":"Gratis","event_venue_name":"Vestby Storsenter ","event_venue_url":"https:\/\/goo.gl\/maps\/gofmznfMzJ6nuECP6","event_venue_address":"Senterveien 6, 1540 Vestby "},"teft-events-category":[],"class_list":["post-595","teft-events","type-teft-events","status-publish","hentry"],"yoast_head":"<!-- This site is optimized with the Yoast SEO plugin v26.6 - https:\/\/yoast.com\/wordpress\/plugins\/seo\/ -->\n<title>M\u00f8t v\u00e5r ordf\u00f8rerkandidat! - Vestby H\u00f8yre<\/title>\n<meta name=\"description\" content=\"M\u00f8t v\u00e5r ordf\u00f8rerkandidat\u00a0\u00c5shild Marie Fagerjord\u00a0og andre H\u00f8yre-politikere p\u00e5 Villa Vestby p\u00e5 Vestby Storsenter.\" \/>\n<meta name=\"robots\" content=\"index, follow, max-snippet:-1, max-image-preview:large, max-video-preview:-1\" \/>\n<link rel=\"canonical\" href=\"https:\/\/hoyre.no\/vestby\/arrangementer\/mot-var-ordforerkandidat-2\/\" \/>\n<meta property=\"og:locale\" content=\"nb_NO\" \/>\n<meta property=\"og:type\" content=\"article\" \/>\n<meta property=\"og:title\" content=\"M\u00f8t v\u00e5r ordf\u00f8rerkandidat! - Vestby H\u00f8yre\" \/>\n<meta property=\"og:description\" content=\"M\u00f8t v\u00e5r ordf\u00f8rerkandidat\u00a0\u00c5shild Marie Fagerjord\u00a0og andre H\u00f8yre-politikere p\u00e5 Villa Vestby p\u00e5 Vestby Storsenter.\" \/>\n<meta property=\"og:url\" content=\"https:\/\/hoyre.no\/vestby\/arrangementer\/mot-var-ordforerkandidat-2\/\" \/>\n<meta property=\"og:site_name\" content=\"Vestby H\u00f8yre\" \/>\n<meta property=\"article:modified_time\" content=\"2023-02-06T19:42:11+00:00\" \/>\n<meta property=\"og:image\" content=\"https:\/\/hoyre.no\/content\/uploads\/sites\/158\/2023\/02\/Ashild-3-1024x1024.jpg\" \/>\n<meta name=\"twitter:card\" content=\"summary_large_image\" \/>\n<meta name=\"twitter:label1\" content=\"Ansl. lesetid\" \/>\n\t<meta name=\"twitter:data1\" content=\"1 minutt\" \/>\n<script type=\"application\/ld+json\" class=\"yoast-schema-graph\">{\"@context\":\"https:\/\/schema.org\",\"@graph\":[{\"@type\":\"WebPage\",\"@id\":\"https:\/\/hoyre.no\/vestby\/arrangementer\/mot-var-ordforerkandidat-2\/\",\"url\":\"https:\/\/hoyre.no\/vestby\/arrangementer\/mot-var-ordforerkandidat-2\/\",\"name\":\"M\u00f8t v\u00e5r ordf\u00f8rerkandidat! - Vestby H\u00f8yre\",\"isPartOf\":{\"@id\":\"https:\/\/hoyre.no\/vestby\/#website\"},\"image\":{\"@id\":\"https:\/\/hoyre.no\/vestby\/arrangementer\/mot-var-ordforerkandidat-2\/#primaryimage\"},\"thumbnailUrl\":\"https:\/\/static.xx.fbcdn.net\/images\/emoji.php\/v9\/t51\/1\/16\/1f603.png\",\"datePublished\":\"2023-02-06T19:40:59+00:00\",\"dateModified\":\"2023-02-06T19:42:11+00:00\",\"description\":\"M\u00f8t v\u00e5r ordf\u00f8rerkandidat\u00a0\u00c5shild Marie Fagerjord\u00a0og andre H\u00f8yre-politikere p\u00e5 Villa Vestby p\u00e5 Vestby Storsenter.\",\"breadcrumb\":{\"@id\":\"https:\/\/hoyre.no\/vestby\/arrangementer\/mot-var-ordforerkandidat-2\/#breadcrumb\"},\"inLanguage\":\"nb-NO\",\"potentialAction\":[{\"@type\":\"ReadAction\",\"target\":[\"https:\/\/hoyre.no\/vestby\/arrangementer\/mot-var-ordforerkandidat-2\/\"]}]},{\"@type\":\"ImageObject\",\"inLanguage\":\"nb-NO\",\"@id\":\"https:\/\/hoyre.no\/vestby\/arrangementer\/mot-var-ordforerkandidat-2\/#primaryimage\",\"url\":\"https:\/\/static.xx.fbcdn.net\/images\/emoji.php\/v9\/t51\/1\/16\/1f603.png\",\"contentUrl\":\"https:\/\/static.xx.fbcdn.net\/images\/emoji.php\/v9\/t51\/1\/16\/1f603.png\"},{\"@type\":\"BreadcrumbList\",\"@id\":\"https:\/\/hoyre.no\/vestby\/arrangementer\/mot-var-ordforerkandidat-2\/#breadcrumb\",\"itemListElement\":[{\"@type\":\"ListItem\",\"position\":1,\"name\":\"Til hoyre.no\",\"item\":\"https:\/\/hoyre.no\"},{\"@type\":\"ListItem\",\"position\":2,\"name\":\"Hjem\",\"item\":\"https:\/\/hoyre.no\/vestby\/\"},{\"@type\":\"ListItem\",\"position\":3,\"name\":\"Arrangement\",\"item\":\"https:\/\/hoyre.no\/vestby\/arrangementer\/\"},{\"@type\":\"ListItem\",\"position\":4,\"name\":\"M\u00f8t v\u00e5r ordf\u00f8rerkandidat!\"}]},{\"@type\":\"WebSite\",\"@id\":\"https:\/\/hoyre.no\/vestby\/#website\",\"url\":\"https:\/\/hoyre.no\/vestby\/\",\"name\":\"Vestby H\u00f8yre\",\"description\":\"Bare enda et H\u00f8yres nettsteder-nettsted\",\"inLanguage\":\"nb-NO\"}]}<\/script>\n<!-- \/ Yoast SEO plugin. -->","yoast_head_json":{"title":"M\u00f8t v\u00e5r ordf\u00f8rerkandidat! - Vestby H\u00f8yre","description":"M\u00f8t v\u00e5r ordf\u00f8rerkandidat\u00a0\u00c5shild Marie Fagerjord\u00a0og andre H\u00f8yre-politikere p\u00e5 Villa Vestby p\u00e5 Vestby Storsenter.","robots":{"index":"index","follow":"follow","max-snippet":"max-snippet:-1","max-image-preview":"max-image-preview:large","max-video-preview":"max-video-preview:-1"},"canonical":"https:\/\/hoyre.no\/vestby\/arrangementer\/mot-var-ordforerkandidat-2\/","og_locale":"nb_NO","og_type":"article","og_title":"M\u00f8t v\u00e5r ordf\u00f8rerkandidat! - Vestby H\u00f8yre","og_description":"M\u00f8t v\u00e5r ordf\u00f8rerkandidat\u00a0\u00c5shild Marie Fagerjord\u00a0og andre H\u00f8yre-politikere p\u00e5 Villa Vestby p\u00e5 Vestby Storsenter.","og_url":"https:\/\/hoyre.no\/vestby\/arrangementer\/mot-var-ordforerkandidat-2\/","og_site_name":"Vestby H\u00f8yre","article_modified_time":"2023-02-06T19:42:11+00:00","og_image":[{"url":"https:\/\/hoyre.no\/content\/uploads\/sites\/158\/2023\/02\/Ashild-3-1024x1024.jpg","width":"","height":"","type":""}],"twitter_card":"summary_large_image","twitter_misc":{"Ansl. lesetid":"1 minutt"},"schema":{"@context":"https:\/\/schema.org","@graph":[{"@type":"WebPage","@id":"https:\/\/hoyre.no\/vestby\/arrangementer\/mot-var-ordforerkandidat-2\/","url":"https:\/\/hoyre.no\/vestby\/arrangementer\/mot-var-ordforerkandidat-2\/","name":"M\u00f8t v\u00e5r ordf\u00f8rerkandidat! - Vestby H\u00f8yre","isPartOf":{"@id":"https:\/\/hoyre.no\/vestby\/#website"},"image":{"@id":"https:\/\/hoyre.no\/vestby\/arrangementer\/mot-var-ordforerkandidat-2\/#primaryimage"},"thumbnailUrl":"https:\/\/static.xx.fbcdn.net\/images\/emoji.php\/v9\/t51\/1\/16\/1f603.png","datePublished":"2023-02-06T19:40:59+00:00","dateModified":"2023-02-06T19:42:11+00:00","description":"M\u00f8t v\u00e5r ordf\u00f8rerkandidat\u00a0\u00c5shild Marie Fagerjord\u00a0og andre H\u00f8yre-politikere p\u00e5 Villa Vestby p\u00e5 Vestby Storsenter.","breadcrumb":{"@id":"https:\/\/hoyre.no\/vestby\/arrangementer\/mot-var-ordforerkandidat-2\/#breadcrumb"},"inLanguage":"nb-NO","potentialAction":[{"@type":"ReadAction","target":["https:\/\/hoyre.no\/vestby\/arrangementer\/mot-var-ordforerkandidat-2\/"]}]},{"@type":"ImageObject","inLanguage":"nb-NO","@id":"https:\/\/hoyre.no\/vestby\/arrangementer\/mot-var-ordforerkandidat-2\/#primaryimage","url":"https:\/\/static.xx.fbcdn.net\/images\/emoji.php\/v9\/t51\/1\/16\/1f603.png","contentUrl":"https:\/\/static.xx.fbcdn.net\/images\/emoji.php\/v9\/t51\/1\/16\/1f603.png"},{"@type":"BreadcrumbList","@id":"https:\/\/hoyre.no\/vestby\/arrangementer\/mot-var-ordforerkandidat-2\/#breadcrumb","itemListElement":[{"@type":"ListItem","position":1,"name":"Til hoyre.no","item":"https:\/\/hoyre.no"},{"@type":"ListItem","position":2,"name":"Hjem","item":"https:\/\/hoyre.no\/vestby\/"},{"@type":"ListItem","position":3,"name":"Arrangement","item":"https:\/\/hoyre.no\/vestby\/arrangementer\/"},{"@type":"ListItem","position":4,"name":"M\u00f8t v\u00e5r ordf\u00f8rerkandidat!"}]},{"@type":"WebSite","@id":"https:\/\/hoyre.no\/vestby\/#website","url":"https:\/\/hoyre.no\/vestby\/","name":"Vestby H\u00f8yre","description":"Bare enda et H\u00f8yres nettsteder-nettsted","inLanguage":"nb-NO"}]}},"distributor_meta":false,"distributor_terms":false,"distributor_media":false,"distributor_original_site_name":"Vestby H\u00f8yre","distributor_original_site_url":"https:\/\/hoyre.no\/vestby","push-errors":false,"_links":{"self":[{"href":"https:\/\/hoyre.no\/vestby\/wp-json\/wp\/v2\/teft-events\/595","targetHints":{"allow":["GET"]}}],"collection":[{"href":"https:\/\/hoyre.no\/vestby\/wp-json\/wp\/v2\/teft-events"}],"about":[{"href":"https:\/\/hoyre.no\/vestby\/wp-json\/wp\/v2\/types\/teft-events"}],"wp:attachment":[{"href":"https:\/\/hoyre.no\/vestby\/wp-json\/wp\/v2\/media?parent=595"}],"wp:term":[{"taxonomy":"teft-events-category","embeddable":true,"href":"https:\/\/hoyre.no\/vestby\/wp-json\/wp\/v2\/teft-events-category?post=595"}],"curies":[{"name":"wp","href":"https:\/\/api.w.org\/{rel}","templated":true}]}}