{"id":88,"date":"2021-05-23T14:52:57","date_gmt":"2021-05-23T12:52:57","guid":{"rendered":"https:\/\/hoyre.no\/vestby\/?post_type=teft-events&#038;p=88"},"modified":"2021-05-27T14:23:33","modified_gmt":"2021-05-27T12:23:33","slug":"hoyre-walk","status":"publish","type":"teft-events","link":"https:\/\/hoyre.no\/vestby\/arrangementer\/hoyre-walk\/","title":{"rendered":"H\u00f8yre Walk"},"content":{"rendered":"\n<div class=\"wp-block-teft-event-top\">\n\n<div class=\"teft-event-date-top\">\n<div class=\"teft-event-date-wrapper\">\n\t<div class=\"date-square\" aria-hidden=\"true\">\n\t\t29\t\t\t<\/div>\n<\/div>\n\t<div class=\"top-text\">\n\t\t\t\t\t<p class=\"top-date-text\">l\u00f8rdag 29. mai 2021<\/p>\n\t\t\t\t\t\t\t<p class=\"top-time-text\">12:00 &#8211; 14:00<\/p>\n\t\t\t\t\t\t<\/div>\n\t\t<div class=\"sharing\">\n\t\t<a class=\"share-button share-link copy-link\" data-copy=\"https:\/\/hoyre.no\/vestby\/arrangementer\/hoyre-walk\/\" target=\"_blank\"><span class=\"screen-reader-text\">Del link<\/span><\/a>\n\t\t<a class=\"share-button share-twitter\" href=\"http:\/\/twitter.com\/share?text=H\u00f8yre Walk&#038;url=https:\/\/hoyre.no\/vestby\/arrangementer\/hoyre-walk\/&#038;hashtags=Hoyre\" target=\"_blank\"><span class=\"screen-reader-text\">Del p\u00e5 twitter<\/span><\/a>\n\t\t<a class=\"share-button share-facebook\" href=\"https:\/\/www.facebook.com\/sharer\/sharer.php?u=https:\/\/hoyre.no\/vestby\/arrangementer\/hoyre-walk\/\" target=\"_blank\"><span class=\"screen-reader-text\">Del p\u00e5 facebook<\/span><\/a>\n\t<\/div>\n\t<\/div>\n<p class=\"preamble\">29. mai er det 100 dager igjen til Stortingsvalget, og H\u00f8yre markerer dette med en &laquo;100 dager igjen kampanje&raquo; som et av flere aktiviteter frem til valgdagen. Vi starter l\u00f8rdag 29. mai med <strong>H\u00f8yre Walk<\/strong> i hele Norge.<\/p>\n\n<div class=\"panel teft-details-panel\">\n\t\t<h3>Detaljer<\/h3>\n\n\t\t\t\t\t<dl class=\"info-misc-with-icons\">\n\t\t\t\t<dt class=\"venue\"><span class=\"screen-reader-text\">Stedet<\/span><\/dt>\n\t\t\t\t<dd>\n\t\t\t\t\t\t\t\t\t\t\t<span class=\"address-line-1\">Vestby Kommune <\/span>\n\t\t\t\t\t\t\t\t\t\t\t\t\t\t<\/dd>\n\t\t\t<\/dl>\n\t\t\t\t\t\t\t<dl class=\"info-misc-with-icons\">\n\t\t<dt class=\"time\"><span class=\"screen-reader-text\">Arrangement dato<\/span><\/dt>\n\t\t<dd class=\"time\">\n\t\t\tl\u00f8r 29. mai 2021 fra  12:00 &#8211; 14:00\t\t<\/dd>\n\t<\/dl>\n\t\t\t\t\t\t<dl class=\"info-misc-with-icons\">\n\t\t<dt class=\"registration\"><span class=\"screen-reader-text\">P\u00e5meldingsdetajer<\/span><\/dt>\n\t\t<dd class=\"registration\">\n\t\t\tGratis\t\t\t\t\t<\/dd>\n\t<\/dl>\n\t\t<\/dl>\n<\/div>\n<\/div>\n\n\n\n\n<h2 class=\"wp-block-heading\">Informasjon<\/h2>\n\n\n\n<p>Vestby H\u00f8yre oppfordrer s\u00e5 mange av sine medlemmer til \u00e5 bli med p\u00e5 H\u00f8yre Walk! Vestby H\u00f8yre politikere og styret tar p\u00e5 seg den bl\u00e5 jakken og vil v\u00e6re synlige rundt om i Vestby Kommune. Stopp oss gjerne og ta en prat. Vi ser frem til \u00e5 treffe dere p\u00e5 turen og gleder oss til mange gode samtaler. <\/p>\n\n\n\n<p>Kl 12.30 vil du ogs\u00e5 ha mulighet til \u00e5 treffe Erna Solberg p\u00e5 hennes tur. Arrangementet streames live <a href=\"https:\/\/www.facebook.com\/hoyre\" target=\"_blank\" rel=\"noreferrer noopener\">her<\/a> <\/p>\n\n\n\n<p>Av hensyn til gjeldende smittevern vil vi g\u00e5 maks 5 i gruppe p\u00e5 turen, og holder god avstand. <\/p>\n\n\n\n<p>Vi sees!<\/p>\n\n\n<div class=\"post-meta wp-block\">\n\t<div class=\"top\">\n\t\t<div class=\"sharing\">\n\t\t\t<a class=\"share-button share-link\" target=\"_blank\"><span class=\"screen-reader-text\">Del link<\/span><\/a>\n\t\t\t<a class=\"share-button share-twitter\" href=\"http:\/\/twitter.com\/share?text=H\u00f8yre Walk&#038;url=https:\/\/hoyre.no\/vestby\/arrangementer\/hoyre-walk\/&#038;hashtags=Hoyre\"><span class=\"screen-reader-text\">Del p\u00e5 twitter<\/span><\/a>\n\t\t\t<a class=\"share-button share-facebook\" href=\"https:\/\/www.facebook.com\/sharer\/sharer.php?u=https:\/\/hoyre.no\/vestby\/arrangementer\/hoyre-walk\/\" target=\"_blank\"><span class=\"screen-reader-text\">Del p\u00e5 facebook<\/span><\/a>\n\t\t<\/div>\n\t<\/div>\n<\/div>\n","protected":false},"template":"","meta":{"teft_cards_image_url":"","teft_cards_custom_pretitle":"","teft_cards_image_id":236,"teft_cards_image_focal_point_x":0.5,"teft_cards_image_focal_point_y":0.5,"teft_cards_title":"","teft_cards_excerpt":"","teft_show_chapters":false,"event_organizer":[],"event_start_date":"2021-05-29T12:00:00","event_end_date":"2021-05-29T14:00:00","event_registration_url":"","event_registration_deadline":"","event_ticket_cost":"Gratis","event_venue_name":"Vestby Kommune ","event_venue_url":"","event_venue_address":""},"teft-events-category":[22],"class_list":["post-88","teft-events","type-teft-events","status-publish","hentry","teft-events-category-hoyreaktivitet"],"yoast_head":"<!-- This site is optimized with the Yoast SEO plugin v26.6 - https:\/\/yoast.com\/wordpress\/plugins\/seo\/ -->\n<title>H\u00f8yre Walk - Vestby H\u00f8yre<\/title>\n<meta name=\"description\" content=\"Vestby H\u00f8yre markerer 100 dager igjen til stortingsvalget med \u00e5 deltar i i nasjonal &quot;H\u00f8yre Walk&quot;. Vi gleder oss til \u00e5 se dere 29 mai!\" \/>\n<meta name=\"robots\" content=\"index, follow, max-snippet:-1, max-image-preview:large, max-video-preview:-1\" \/>\n<link rel=\"canonical\" href=\"https:\/\/hoyre.no\/vestby\/arrangementer\/hoyre-walk\/\" \/>\n<meta property=\"og:locale\" content=\"nb_NO\" \/>\n<meta property=\"og:type\" content=\"article\" \/>\n<meta property=\"og:title\" content=\"H\u00f8yre Walk - Vestby H\u00f8yre\" \/>\n<meta property=\"og:description\" content=\"Vestby H\u00f8yre markerer 100 dager igjen til stortingsvalget med \u00e5 deltar i i nasjonal &quot;H\u00f8yre Walk&quot;. Vi gleder oss til \u00e5 se dere 29 mai!\" \/>\n<meta property=\"og:url\" content=\"https:\/\/hoyre.no\/vestby\/arrangementer\/hoyre-walk\/\" \/>\n<meta property=\"og:site_name\" content=\"Vestby H\u00f8yre\" \/>\n<meta property=\"article:modified_time\" content=\"2021-05-27T12:23:33+00:00\" \/>\n<meta property=\"og:image\" content=\"https:\/\/hoyre.no\/content\/uploads\/sites\/158\/2021\/05\/100dager-1024x490.png\" \/>\n<meta name=\"twitter:card\" content=\"summary_large_image\" \/>\n<meta name=\"twitter:label1\" content=\"Ansl. lesetid\" \/>\n\t<meta name=\"twitter:data1\" content=\"1 minutt\" \/>\n<script type=\"application\/ld+json\" class=\"yoast-schema-graph\">{\"@context\":\"https:\/\/schema.org\",\"@graph\":[{\"@type\":\"WebPage\",\"@id\":\"https:\/\/hoyre.no\/vestby\/arrangementer\/hoyre-walk\/\",\"url\":\"https:\/\/hoyre.no\/vestby\/arrangementer\/hoyre-walk\/\",\"name\":\"H\u00f8yre Walk - Vestby H\u00f8yre\",\"isPartOf\":{\"@id\":\"https:\/\/hoyre.no\/vestby\/#website\"},\"datePublished\":\"2021-05-23T12:52:57+00:00\",\"dateModified\":\"2021-05-27T12:23:33+00:00\",\"description\":\"Vestby H\u00f8yre markerer 100 dager igjen til stortingsvalget med \u00e5 deltar i i nasjonal \\\"H\u00f8yre Walk\\\". Vi gleder oss til \u00e5 se dere 29 mai!\",\"breadcrumb\":{\"@id\":\"https:\/\/hoyre.no\/vestby\/arrangementer\/hoyre-walk\/#breadcrumb\"},\"inLanguage\":\"nb-NO\",\"potentialAction\":[{\"@type\":\"ReadAction\",\"target\":[\"https:\/\/hoyre.no\/vestby\/arrangementer\/hoyre-walk\/\"]}]},{\"@type\":\"BreadcrumbList\",\"@id\":\"https:\/\/hoyre.no\/vestby\/arrangementer\/hoyre-walk\/#breadcrumb\",\"itemListElement\":[{\"@type\":\"ListItem\",\"position\":1,\"name\":\"Til hoyre.no\",\"item\":\"https:\/\/hoyre.no\"},{\"@type\":\"ListItem\",\"position\":2,\"name\":\"Hjem\",\"item\":\"https:\/\/hoyre.no\/vestby\/\"},{\"@type\":\"ListItem\",\"position\":3,\"name\":\"Arrangement\",\"item\":\"https:\/\/hoyre.no\/vestby\/arrangementer\/\"},{\"@type\":\"ListItem\",\"position\":4,\"name\":\"H\u00f8yre Walk\"}]},{\"@type\":\"WebSite\",\"@id\":\"https:\/\/hoyre.no\/vestby\/#website\",\"url\":\"https:\/\/hoyre.no\/vestby\/\",\"name\":\"Vestby H\u00f8yre\",\"description\":\"Bare enda et H\u00f8yres nettsteder-nettsted\",\"inLanguage\":\"nb-NO\"}]}<\/script>\n<!-- \/ Yoast SEO plugin. -->","yoast_head_json":{"title":"H\u00f8yre Walk - Vestby H\u00f8yre","description":"Vestby H\u00f8yre markerer 100 dager igjen til stortingsvalget med \u00e5 deltar i i nasjonal \"H\u00f8yre Walk\". Vi gleder oss til \u00e5 se dere 29 mai!","robots":{"index":"index","follow":"follow","max-snippet":"max-snippet:-1","max-image-preview":"max-image-preview:large","max-video-preview":"max-video-preview:-1"},"canonical":"https:\/\/hoyre.no\/vestby\/arrangementer\/hoyre-walk\/","og_locale":"nb_NO","og_type":"article","og_title":"H\u00f8yre Walk - Vestby H\u00f8yre","og_description":"Vestby H\u00f8yre markerer 100 dager igjen til stortingsvalget med \u00e5 deltar i i nasjonal \"H\u00f8yre Walk\". Vi gleder oss til \u00e5 se dere 29 mai!","og_url":"https:\/\/hoyre.no\/vestby\/arrangementer\/hoyre-walk\/","og_site_name":"Vestby H\u00f8yre","article_modified_time":"2021-05-27T12:23:33+00:00","og_image":[{"url":"https:\/\/hoyre.no\/content\/uploads\/sites\/158\/2021\/05\/100dager-1024x490.png","width":"","height":"","type":""}],"twitter_card":"summary_large_image","twitter_misc":{"Ansl. lesetid":"1 minutt"},"schema":{"@context":"https:\/\/schema.org","@graph":[{"@type":"WebPage","@id":"https:\/\/hoyre.no\/vestby\/arrangementer\/hoyre-walk\/","url":"https:\/\/hoyre.no\/vestby\/arrangementer\/hoyre-walk\/","name":"H\u00f8yre Walk - Vestby H\u00f8yre","isPartOf":{"@id":"https:\/\/hoyre.no\/vestby\/#website"},"datePublished":"2021-05-23T12:52:57+00:00","dateModified":"2021-05-27T12:23:33+00:00","description":"Vestby H\u00f8yre markerer 100 dager igjen til stortingsvalget med \u00e5 deltar i i nasjonal \"H\u00f8yre Walk\". Vi gleder oss til \u00e5 se dere 29 mai!","breadcrumb":{"@id":"https:\/\/hoyre.no\/vestby\/arrangementer\/hoyre-walk\/#breadcrumb"},"inLanguage":"nb-NO","potentialAction":[{"@type":"ReadAction","target":["https:\/\/hoyre.no\/vestby\/arrangementer\/hoyre-walk\/"]}]},{"@type":"BreadcrumbList","@id":"https:\/\/hoyre.no\/vestby\/arrangementer\/hoyre-walk\/#breadcrumb","itemListElement":[{"@type":"ListItem","position":1,"name":"Til hoyre.no","item":"https:\/\/hoyre.no"},{"@type":"ListItem","position":2,"name":"Hjem","item":"https:\/\/hoyre.no\/vestby\/"},{"@type":"ListItem","position":3,"name":"Arrangement","item":"https:\/\/hoyre.no\/vestby\/arrangementer\/"},{"@type":"ListItem","position":4,"name":"H\u00f8yre Walk"}]},{"@type":"WebSite","@id":"https:\/\/hoyre.no\/vestby\/#website","url":"https:\/\/hoyre.no\/vestby\/","name":"Vestby H\u00f8yre","description":"Bare enda et H\u00f8yres nettsteder-nettsted","inLanguage":"nb-NO"}]}},"distributor_meta":false,"distributor_terms":false,"distributor_media":false,"distributor_original_site_name":"Vestby H\u00f8yre","distributor_original_site_url":"https:\/\/hoyre.no\/vestby","push-errors":false,"_links":{"self":[{"href":"https:\/\/hoyre.no\/vestby\/wp-json\/wp\/v2\/teft-events\/88","targetHints":{"allow":["GET"]}}],"collection":[{"href":"https:\/\/hoyre.no\/vestby\/wp-json\/wp\/v2\/teft-events"}],"about":[{"href":"https:\/\/hoyre.no\/vestby\/wp-json\/wp\/v2\/types\/teft-events"}],"wp:attachment":[{"href":"https:\/\/hoyre.no\/vestby\/wp-json\/wp\/v2\/media?parent=88"}],"wp:term":[{"taxonomy":"teft-events-category","embeddable":true,"href":"https:\/\/hoyre.no\/vestby\/wp-json\/wp\/v2\/teft-events-category?post=88"}],"curies":[{"name":"wp","href":"https:\/\/api.w.org\/{rel}","templated":true}]}}