{"id":885,"date":"2023-06-18T20:34:39","date_gmt":"2023-06-18T18:34:39","guid":{"rendered":"https:\/\/hoyre.no\/vestby\/?post_type=teft-events&#038;p=885"},"modified":"2023-06-18T20:34:40","modified_gmt":"2023-06-18T18:34:40","slug":"stand-4","status":"publish","type":"teft-events","link":"https:\/\/hoyre.no\/vestby\/arrangementer\/stand-4\/","title":{"rendered":"Stand"},"content":{"rendered":"\n<div class=\"wp-block-teft-event-top\">\n\n<div class=\"teft-event-date-top\">\n<div class=\"teft-event-date-wrapper\">\n\t<div class=\"date-square\" aria-hidden=\"true\">\n\t\t01\t\t\t<\/div>\n<\/div>\n\t<div class=\"top-text\">\n\t\t\t\t\t<p class=\"top-date-text\">l\u00f8rdag 01. juli 2023<\/p>\n\t\t\t\t\t\t\t<p class=\"top-time-text\">10:30 &#8211; 14:00<\/p>\n\t\t\t\t\t\t<\/div>\n\t\t<div class=\"sharing\">\n\t\t<a class=\"share-button share-link copy-link\" data-copy=\"https:\/\/hoyre.no\/vestby\/arrangementer\/stand-4\/\" target=\"_blank\"><span class=\"screen-reader-text\">Del link<\/span><\/a>\n\t\t<a class=\"share-button share-twitter\" href=\"http:\/\/twitter.com\/share?text=Stand&#038;url=https:\/\/hoyre.no\/vestby\/arrangementer\/stand-4\/&#038;hashtags=Hoyre\" target=\"_blank\"><span class=\"screen-reader-text\">Del p\u00e5 twitter<\/span><\/a>\n\t\t<a class=\"share-button share-facebook\" href=\"https:\/\/www.facebook.com\/sharer\/sharer.php?u=https:\/\/hoyre.no\/vestby\/arrangementer\/stand-4\/\" target=\"_blank\"><span class=\"screen-reader-text\">Del p\u00e5 facebook<\/span><\/a>\n\t<\/div>\n\t<\/div>\n<p class=\"preamble\">Vestby H\u00f8yre er tilstede p\u00e5 Vestby Storsenter og inviterer til en hyggelig prat om hvorfor vi \u00f8nsker et politisk maktskifte i kommunen v\u00e5r<\/p><figure class=\"hoyre-image-wrapper\"><div class=\"hoyre-image\"><img loading=\"lazy\" decoding=\"async\" width=\"2500\" height=\"1875\" src=\"https:\/\/hoyre.no\/content\/uploads\/sites\/158\/2023\/06\/pro-tFrK4U1J-scaled.jpeg\" class=\"attachment-scaled size-scaled\" alt=\"\" style=\"object-position: 50% 50%\" srcset=\"https:\/\/hoyre.no\/content\/uploads\/sites\/158\/2023\/06\/pro-tFrK4U1J-scaled.jpeg 2500w, https:\/\/hoyre.no\/content\/uploads\/sites\/158\/2023\/06\/pro-tFrK4U1J-300x225.jpeg 300w, https:\/\/hoyre.no\/content\/uploads\/sites\/158\/2023\/06\/pro-tFrK4U1J-1024x768.jpeg 1024w, https:\/\/hoyre.no\/content\/uploads\/sites\/158\/2023\/06\/pro-tFrK4U1J-768x576.jpeg 768w, https:\/\/hoyre.no\/content\/uploads\/sites\/158\/2023\/06\/pro-tFrK4U1J-1536x1152.jpeg 1536w, https:\/\/hoyre.no\/content\/uploads\/sites\/158\/2023\/06\/pro-tFrK4U1J-2048x1536.jpeg 2048w\" sizes=\"auto, (max-width: 2500px) 100vw, 2500px\" \/><\/div><\/figure>\n\n<div class=\"panel teft-details-panel\">\n\t\t<h3>Detaljer<\/h3>\n\n\t\t\t\t\t<dl class=\"info-misc-with-icons\">\n\t\t\t\t<dt class=\"venue\"><span class=\"screen-reader-text\">Stedet<\/span><\/dt>\n\t\t\t\t<dd>\n\t\t\t\t\t\t\t\t\t\t\t<span class=\"address-line-1\">Vestby Storsenter <\/span>\n\t\t\t\t\t\t\t\t\t\t\t\t\t\t<\/dd>\n\t\t\t<\/dl>\n\t\t\t\t\t\t\t<dl class=\"info-misc-with-icons\">\n\t\t<dt class=\"time\"><span class=\"screen-reader-text\">Arrangement dato<\/span><\/dt>\n\t\t<dd class=\"time\">\n\t\t\tl\u00f8r 1. juli 2023 fra  10:30 &#8211; 14:00\t\t<\/dd>\n\t<\/dl>\n\t\t\t\t<\/dl>\n<\/div>\n<\/div>\n\n\n\n\n<h2 class=\"wp-block-heading\">Informasjon<\/h2>\n\n\n\n<p>Vestby H\u00f8yre er tilstede p\u00e5 Vestby Storsenter og inviterer til en hyggelig prat om hvorfor vi \u00f8nsker et politisk maktskifte i kommunen v\u00e5r.<\/p>\n\n\n<div class=\"post-meta wp-block\">\n\t<div class=\"top\">\n\t\t<div class=\"sharing\">\n\t\t\t<a class=\"share-button share-link\" target=\"_blank\"><span class=\"screen-reader-text\">Del link<\/span><\/a>\n\t\t\t<a class=\"share-button share-twitter\" href=\"http:\/\/twitter.com\/share?text=Stand&#038;url=https:\/\/hoyre.no\/vestby\/arrangementer\/stand-4\/&#038;hashtags=Hoyre\"><span class=\"screen-reader-text\">Del p\u00e5 twitter<\/span><\/a>\n\t\t\t<a class=\"share-button share-facebook\" href=\"https:\/\/www.facebook.com\/sharer\/sharer.php?u=https:\/\/hoyre.no\/vestby\/arrangementer\/stand-4\/\" target=\"_blank\"><span class=\"screen-reader-text\">Del p\u00e5 facebook<\/span><\/a>\n\t\t<\/div>\n\t<\/div>\n<\/div>\n","protected":false},"template":"","meta":{"teft_cards_image_url":"","teft_cards_custom_pretitle":"","teft_cards_image_id":870,"teft_cards_image_focal_point_x":0.5,"teft_cards_image_focal_point_y":0.5,"teft_cards_title":"","teft_cards_excerpt":"","teft_show_chapters":false,"event_organizer":[],"event_start_date":"2023-07-01T10:30:00","event_end_date":"2023-07-01T14:00:00","event_registration_url":"","event_registration_deadline":"","event_ticket_cost":"","event_venue_name":"Vestby Storsenter ","event_venue_url":"","event_venue_address":""},"teft-events-category":[48],"class_list":["post-885","teft-events","type-teft-events","status-publish","hentry","teft-events-category-kommunevalg-aktiviteter"],"yoast_head":"<!-- This site is optimized with the Yoast SEO plugin v26.6 - https:\/\/yoast.com\/wordpress\/plugins\/seo\/ -->\n<title>Stand - Vestby H\u00f8yre<\/title>\n<meta name=\"robots\" content=\"index, follow, max-snippet:-1, max-image-preview:large, max-video-preview:-1\" \/>\n<link rel=\"canonical\" href=\"https:\/\/hoyre.no\/vestby\/arrangementer\/stand-4\/\" \/>\n<meta property=\"og:locale\" content=\"nb_NO\" \/>\n<meta property=\"og:type\" content=\"article\" \/>\n<meta property=\"og:title\" content=\"Stand - Vestby H\u00f8yre\" \/>\n<meta property=\"og:url\" content=\"https:\/\/hoyre.no\/vestby\/arrangementer\/stand-4\/\" \/>\n<meta property=\"og:site_name\" content=\"Vestby H\u00f8yre\" \/>\n<meta property=\"article:modified_time\" content=\"2023-06-18T18:34:40+00:00\" \/>\n<meta property=\"og:image\" content=\"https:\/\/hoyre.no\/content\/uploads\/sites\/158\/2023\/06\/pro-tFrK4U1J-1024x768.jpeg\" \/>\n<meta name=\"twitter:card\" content=\"summary_large_image\" \/>\n<meta name=\"twitter:label1\" content=\"Ansl. lesetid\" \/>\n\t<meta name=\"twitter:data1\" content=\"1 minutt\" \/>\n<script type=\"application\/ld+json\" class=\"yoast-schema-graph\">{\"@context\":\"https:\/\/schema.org\",\"@graph\":[{\"@type\":\"WebPage\",\"@id\":\"https:\/\/hoyre.no\/vestby\/arrangementer\/stand-4\/\",\"url\":\"https:\/\/hoyre.no\/vestby\/arrangementer\/stand-4\/\",\"name\":\"Stand - Vestby H\u00f8yre\",\"isPartOf\":{\"@id\":\"https:\/\/hoyre.no\/vestby\/#website\"},\"datePublished\":\"2023-06-18T18:34:39+00:00\",\"dateModified\":\"2023-06-18T18:34:40+00:00\",\"breadcrumb\":{\"@id\":\"https:\/\/hoyre.no\/vestby\/arrangementer\/stand-4\/#breadcrumb\"},\"inLanguage\":\"nb-NO\",\"potentialAction\":[{\"@type\":\"ReadAction\",\"target\":[\"https:\/\/hoyre.no\/vestby\/arrangementer\/stand-4\/\"]}]},{\"@type\":\"BreadcrumbList\",\"@id\":\"https:\/\/hoyre.no\/vestby\/arrangementer\/stand-4\/#breadcrumb\",\"itemListElement\":[{\"@type\":\"ListItem\",\"position\":1,\"name\":\"Til hoyre.no\",\"item\":\"https:\/\/hoyre.no\"},{\"@type\":\"ListItem\",\"position\":2,\"name\":\"Hjem\",\"item\":\"https:\/\/hoyre.no\/vestby\/\"},{\"@type\":\"ListItem\",\"position\":3,\"name\":\"Arrangement\",\"item\":\"https:\/\/hoyre.no\/vestby\/arrangementer\/\"},{\"@type\":\"ListItem\",\"position\":4,\"name\":\"Stand\"}]},{\"@type\":\"WebSite\",\"@id\":\"https:\/\/hoyre.no\/vestby\/#website\",\"url\":\"https:\/\/hoyre.no\/vestby\/\",\"name\":\"Vestby H\u00f8yre\",\"description\":\"Bare enda et H\u00f8yres nettsteder-nettsted\",\"inLanguage\":\"nb-NO\"}]}<\/script>\n<!-- \/ Yoast SEO plugin. -->","yoast_head_json":{"title":"Stand - Vestby H\u00f8yre","robots":{"index":"index","follow":"follow","max-snippet":"max-snippet:-1","max-image-preview":"max-image-preview:large","max-video-preview":"max-video-preview:-1"},"canonical":"https:\/\/hoyre.no\/vestby\/arrangementer\/stand-4\/","og_locale":"nb_NO","og_type":"article","og_title":"Stand - Vestby H\u00f8yre","og_url":"https:\/\/hoyre.no\/vestby\/arrangementer\/stand-4\/","og_site_name":"Vestby H\u00f8yre","article_modified_time":"2023-06-18T18:34:40+00:00","og_image":[{"url":"https:\/\/hoyre.no\/content\/uploads\/sites\/158\/2023\/06\/pro-tFrK4U1J-1024x768.jpeg","width":"","height":"","type":""}],"twitter_card":"summary_large_image","twitter_misc":{"Ansl. lesetid":"1 minutt"},"schema":{"@context":"https:\/\/schema.org","@graph":[{"@type":"WebPage","@id":"https:\/\/hoyre.no\/vestby\/arrangementer\/stand-4\/","url":"https:\/\/hoyre.no\/vestby\/arrangementer\/stand-4\/","name":"Stand - Vestby H\u00f8yre","isPartOf":{"@id":"https:\/\/hoyre.no\/vestby\/#website"},"datePublished":"2023-06-18T18:34:39+00:00","dateModified":"2023-06-18T18:34:40+00:00","breadcrumb":{"@id":"https:\/\/hoyre.no\/vestby\/arrangementer\/stand-4\/#breadcrumb"},"inLanguage":"nb-NO","potentialAction":[{"@type":"ReadAction","target":["https:\/\/hoyre.no\/vestby\/arrangementer\/stand-4\/"]}]},{"@type":"BreadcrumbList","@id":"https:\/\/hoyre.no\/vestby\/arrangementer\/stand-4\/#breadcrumb","itemListElement":[{"@type":"ListItem","position":1,"name":"Til hoyre.no","item":"https:\/\/hoyre.no"},{"@type":"ListItem","position":2,"name":"Hjem","item":"https:\/\/hoyre.no\/vestby\/"},{"@type":"ListItem","position":3,"name":"Arrangement","item":"https:\/\/hoyre.no\/vestby\/arrangementer\/"},{"@type":"ListItem","position":4,"name":"Stand"}]},{"@type":"WebSite","@id":"https:\/\/hoyre.no\/vestby\/#website","url":"https:\/\/hoyre.no\/vestby\/","name":"Vestby H\u00f8yre","description":"Bare enda et H\u00f8yres nettsteder-nettsted","inLanguage":"nb-NO"}]}},"distributor_meta":false,"distributor_terms":false,"distributor_media":false,"distributor_original_site_name":"Vestby H\u00f8yre","distributor_original_site_url":"https:\/\/hoyre.no\/vestby","push-errors":false,"_links":{"self":[{"href":"https:\/\/hoyre.no\/vestby\/wp-json\/wp\/v2\/teft-events\/885","targetHints":{"allow":["GET"]}}],"collection":[{"href":"https:\/\/hoyre.no\/vestby\/wp-json\/wp\/v2\/teft-events"}],"about":[{"href":"https:\/\/hoyre.no\/vestby\/wp-json\/wp\/v2\/types\/teft-events"}],"wp:attachment":[{"href":"https:\/\/hoyre.no\/vestby\/wp-json\/wp\/v2\/media?parent=885"}],"wp:term":[{"taxonomy":"teft-events-category","embeddable":true,"href":"https:\/\/hoyre.no\/vestby\/wp-json\/wp\/v2\/teft-events-category?post=885"}],"curies":[{"name":"wp","href":"https:\/\/api.w.org\/{rel}","templated":true}]}}