{"id":164,"date":"2023-05-18T19:14:25","date_gmt":"2023-05-18T17:14:25","guid":{"rendered":"https:\/\/hoyre.no\/vestfold\/?page_id=164"},"modified":"2024-08-15T11:12:52","modified_gmt":"2024-08-15T09:12:52","slug":"10-grunner-til-a-stemme-hoyre-i-vestfold","status":"publish","type":"page","link":"https:\/\/hoyre.no\/vestfold\/10-grunner-til-a-stemme-hoyre-i-vestfold\/","title":{"rendered":"10 grunner til \u00e5 stemme H\u00f8yre i Vestfold"},"content":{"rendered":"\n<div class=\"wp-block-hoyre-hero with-image-gradient text-color-light  has-media alignfull has-background\"><div class=\"hoyre-hero has-image\"><h1 class=\"title\">Ti grunner til \u00e5 stemme H\u00f8yre i Vestfold<\/h1><figure class=\"hoyre-image-wrapper\"><div class=\"hoyre-image\"><img loading=\"lazy\" decoding=\"async\" width=\"2500\" height=\"1674\" src=\"https:\/\/hoyre.no\/content\/uploads\/sites\/428\/2023\/05\/GettyImages-1208049895-scaled.jpg\" class=\"attachment-scaled size-scaled\" alt=\"Horten\" style=\"object-position: 50% 50%\" srcset=\"https:\/\/hoyre.no\/content\/uploads\/sites\/428\/2023\/05\/GettyImages-1208049895-scaled.jpg 2500w, https:\/\/hoyre.no\/content\/uploads\/sites\/428\/2023\/05\/GettyImages-1208049895-300x201.jpg 300w, https:\/\/hoyre.no\/content\/uploads\/sites\/428\/2023\/05\/GettyImages-1208049895-1024x685.jpg 1024w, https:\/\/hoyre.no\/content\/uploads\/sites\/428\/2023\/05\/GettyImages-1208049895-768x514.jpg 768w, https:\/\/hoyre.no\/content\/uploads\/sites\/428\/2023\/05\/GettyImages-1208049895-1536x1028.jpg 1536w, https:\/\/hoyre.no\/content\/uploads\/sites\/428\/2023\/05\/GettyImages-1208049895-2048x1371.jpg 2048w\" sizes=\"auto, (max-width: 2500px) 100vw, 2500px\" \/><\/div><\/figure><\/div><\/div>\n\n\n\n\n<div class=\"wp-block-hoyre-banner alignwide undefined  is-style-blue\" id=\"ordforerkandidat\"><div class=\"banner-inner\"><figure class=\"hoyre-image-wrapper\"><div class=\"hoyre-image\"><img loading=\"lazy\" decoding=\"async\" width=\"2500\" height=\"1667\" src=\"https:\/\/hoyre.no\/content\/uploads\/sites\/428\/2023\/05\/Vestfold-Hoyre-3779-scaled.jpg\" class=\"attachment-scaled size-scaled\" alt=\"\" style=\"object-position: 43% 34%\" srcset=\"https:\/\/hoyre.no\/content\/uploads\/sites\/428\/2023\/05\/Vestfold-Hoyre-3779-scaled.jpg 2500w, https:\/\/hoyre.no\/content\/uploads\/sites\/428\/2023\/05\/Vestfold-Hoyre-3779-300x200.jpg 300w, https:\/\/hoyre.no\/content\/uploads\/sites\/428\/2023\/05\/Vestfold-Hoyre-3779-1024x683.jpg 1024w, https:\/\/hoyre.no\/content\/uploads\/sites\/428\/2023\/05\/Vestfold-Hoyre-3779-768x512.jpg 768w, https:\/\/hoyre.no\/content\/uploads\/sites\/428\/2023\/05\/Vestfold-Hoyre-3779-1536x1024.jpg 1536w, https:\/\/hoyre.no\/content\/uploads\/sites\/428\/2023\/05\/Vestfold-Hoyre-3779-2048x1365.jpg 2048w\" sizes=\"auto, (max-width: 2500px) 100vw, 2500px\" \/><\/div><\/figure><div class=\"banner-content\"><div class=\"entry-content\">\n<h2 class=\"wp-block-heading\">Vestfold p\u00e5 sitt beste<\/h2>\n\n\n\n<p>Et Vestfold p\u00e5 sitt beste er et Vestfold med muligheter for alle.<\/p>\n\n\n\n<div class=\"wp-block-buttons is-layout-flex wp-block-buttons-is-layout-flex\">\n<div class=\"wp-block-button\"><a class=\"wp-block-button__link wp-element-button\" href=\"https:\/\/hoyre.no\/vestfold\/fylkesordforerkandidat\/\">BLI BEDRE KJENT MED Fylkesordf\u00f8rerkandidat anne<\/a><\/div>\n<\/div>\n\n\n\n<p>&nbsp;<\/p>\n<\/div><\/div><\/div><\/div>\n\n\n\n\n\t\t<div class=\"has-pink-background-color is-layout-left alignwide alignwide wp-block-hoyre-media-text\">\n\t\t\t<div class=\"hoyre-media-text__media\">\n\t\t\t\t<img loading=\"lazy\" decoding=\"async\" width=\"1024\" height=\"683\" src=\"https:\/\/hoyre.no\/content\/uploads\/sites\/428\/2023\/05\/GettyImages-648945872-1024x683.jpg\" class=\"hoyre-media-text__media-image\" alt=\"\" style=\"--focal: 50% 50%;\" srcset=\"https:\/\/hoyre.no\/content\/uploads\/sites\/428\/2023\/05\/GettyImages-648945872-1024x683.jpg 1024w, https:\/\/hoyre.no\/content\/uploads\/sites\/428\/2023\/05\/GettyImages-648945872-300x200.jpg 300w, https:\/\/hoyre.no\/content\/uploads\/sites\/428\/2023\/05\/GettyImages-648945872-768x512.jpg 768w, https:\/\/hoyre.no\/content\/uploads\/sites\/428\/2023\/05\/GettyImages-648945872-1536x1024.jpg 1536w, https:\/\/hoyre.no\/content\/uploads\/sites\/428\/2023\/05\/GettyImages-648945872-2048x1365.jpg 2048w\" sizes=\"auto, (max-width: 1024px) 100vw, 1024px\" \/>\n\t\t\t<\/div>\n\t\t\t<div class=\"hoyre-media-text__content\">\n\t\t\t\t<div class=\"hoyre-media-text__content-inner\">\n\t\t\t\t\t\n\t\t\t<div class=\"hoyre-media-text__title-container\">\n\t\t\t\t\n\t\t\t\t<h2 class=\"hoyre-media-text__title\">1. <strong>Vi er p\u00e5 lag med kommunen<\/strong><\/h2>\n\t\t\t<\/div>\n\t\t\t\n\t\t\t\t\t<div class=\"hoyre-media-text__blocks\">\n<p>Vestfold H\u00f8yre vil samarbeide med kommunene for \u00e5 utvikle Vestfolds gode lokalsamfunn, med vekt p\u00e5 livskvalitet for innbyggerne. Kommunene i Vestfold utgj\u00f8r et felles bo- og arbeidsmarked med korte avstander og variert arbeids- og n\u00e6ringsliv. Med n\u00e6rhet til Oslo, Drammen og Grenland, og gode kommunikasjonsmuligheter, er Vestfold attraktivt for b\u00e5de n\u00e6ringslivet og som bosted for innbyggere i alle aldersgrupper. H\u00f8yre vil at Vestfold skal v\u00e6re f\u00f8rstevalget n\u00e5r unge, etter endt utdanning, velger seg et sted \u00e5 bo og arbeide.\u00a0Vestfold H\u00f8yre vil i samarbeid med kommunene s\u00f8rge for at det alltid er attraktive og tilgjengelige n\u00e6ringsarealer i fylket.\u00a0<\/p>\n<\/div>\n\t\t\t\t\t\n\t\t\t\t<\/div>\n\t\t\t<\/div>\n\t\t<\/div>\n\t\t\n\n\n\t\t<div class=\"has-pale-green-background-color is-layout-right alignwide alignwide wp-block-hoyre-media-text\">\n\t\t\t<div class=\"hoyre-media-text__media\">\n\t\t\t\t<img loading=\"lazy\" decoding=\"async\" width=\"1024\" height=\"683\" src=\"https:\/\/hoyre.no\/content\/uploads\/sites\/428\/2023\/05\/GettyImages-1358927610-1024x683.jpg\" class=\"hoyre-media-text__media-image\" alt=\"\" style=\"--focal: 50% 50%;\" srcset=\"https:\/\/hoyre.no\/content\/uploads\/sites\/428\/2023\/05\/GettyImages-1358927610-1024x683.jpg 1024w, https:\/\/hoyre.no\/content\/uploads\/sites\/428\/2023\/05\/GettyImages-1358927610-300x200.jpg 300w, https:\/\/hoyre.no\/content\/uploads\/sites\/428\/2023\/05\/GettyImages-1358927610-768x512.jpg 768w, https:\/\/hoyre.no\/content\/uploads\/sites\/428\/2023\/05\/GettyImages-1358927610-1536x1025.jpg 1536w, https:\/\/hoyre.no\/content\/uploads\/sites\/428\/2023\/05\/GettyImages-1358927610-2048x1366.jpg 2048w\" sizes=\"auto, (max-width: 1024px) 100vw, 1024px\" \/>\n\t\t\t<\/div>\n\t\t\t<div class=\"hoyre-media-text__content\">\n\t\t\t\t<div class=\"hoyre-media-text__content-inner\">\n\t\t\t\t\t\n\t\t\t<div class=\"hoyre-media-text__title-container\">\n\t\t\t\t\n\t\t\t\t<h2 class=\"hoyre-media-text__title\">2. Vi er p\u00e5 lag med jobbskaperne<\/h2>\n\t\t\t<\/div>\n\t\t\t\n\t\t\t\t\t<div class=\"hoyre-media-text__blocks\">\n<p>Gode lokalsamfunn krever solide bedrifter. Det gir arbeidsplasser og trygghet for den enkelte. Vestfold H\u00f8yre vil legge til rette for at nye jobber skapes, og at fylkeskommunen oppleves som en fremoverlent medspiller for n\u00e6ringslivet. Vi skal lytte til bedriftenes behov, drive forutsigbar n\u00e6ringspolitikk, og si ja n\u00e5r vi kan og nei n\u00e5r vi m\u00e5. Enten det handler om \u00e5 f\u00e5 tilgang p\u00e5 kvalifisert arbeidskraft, arealer eller sikre effektiv saksbehandling, skal vi spille p\u00e5 lag med de som skaper jobber i Vestfold. H\u00f8yre vil ha gode, forutsigbare rammebetingelser for n\u00e6ringslivet.<\/p>\n<\/div>\n\t\t\t\t\t\n\t\t\t\t<\/div>\n\t\t\t<\/div>\n\t\t<\/div>\n\t\t\n\n\n\t\t<div class=\"has-lightest-blue-background-color is-layout-left alignwide alignwide wp-block-hoyre-media-text\">\n\t\t\t<div class=\"hoyre-media-text__media\">\n\t\t\t\t<img loading=\"lazy\" decoding=\"async\" width=\"1024\" height=\"683\" src=\"https:\/\/hoyre.no\/content\/uploads\/sites\/428\/2023\/05\/GettyImages-1132974918-1024x683.jpg\" class=\"hoyre-media-text__media-image\" alt=\"\" style=\"--focal: 50% 50%;\" srcset=\"https:\/\/hoyre.no\/content\/uploads\/sites\/428\/2023\/05\/GettyImages-1132974918-1024x683.jpg 1024w, https:\/\/hoyre.no\/content\/uploads\/sites\/428\/2023\/05\/GettyImages-1132974918-300x200.jpg 300w, https:\/\/hoyre.no\/content\/uploads\/sites\/428\/2023\/05\/GettyImages-1132974918-768x512.jpg 768w, https:\/\/hoyre.no\/content\/uploads\/sites\/428\/2023\/05\/GettyImages-1132974918-1536x1024.jpg 1536w, https:\/\/hoyre.no\/content\/uploads\/sites\/428\/2023\/05\/GettyImages-1132974918-2048x1365.jpg 2048w\" sizes=\"auto, (max-width: 1024px) 100vw, 1024px\" \/>\n\t\t\t<\/div>\n\t\t\t<div class=\"hoyre-media-text__content\">\n\t\t\t\t<div class=\"hoyre-media-text__content-inner\">\n\t\t\t\t\t\n\t\t\t<div class=\"hoyre-media-text__title-container\">\n\t\t\t\t\n\t\t\t\t<h2 class=\"hoyre-media-text__title\">3. Valgfrihet<\/h2>\n\t\t\t<\/div>\n\t\t\t\n\t\t\t\t\t<div class=\"hoyre-media-text__blocks\">\n<p>Valgfrihet for den enkelte er en kjerneverdi for H\u00f8yre. Valgfrihet for elever handler ikke bare om fag og beliggenhet, men ogs\u00e5 muligheten til \u00e5 starte p\u00e5 nytt i et annet milj\u00f8 enn der eleven kommer fra. H\u00f8yre er mer opptatt av kvaliteten i tjenestene, enn hvem som leverer dem. Den enkelte skal ha friheten til selv \u00e5 velge barnehage, videreg\u00e5ende skole, sykehjem, hjemmehjelp og behandlingsalternativ.\u00a0<\/p>\n<\/div>\n\t\t\t\t\t\n\t\t\t\t<\/div>\n\t\t\t<\/div>\n\t\t<\/div>\n\t\t\n\n\n\t\t<div class=\"has-pale-purple-background-color is-layout-right alignwide alignwide wp-block-hoyre-media-text\">\n\t\t\t<div class=\"hoyre-media-text__media\">\n\t\t\t\t<img loading=\"lazy\" decoding=\"async\" width=\"1024\" height=\"683\" src=\"https:\/\/hoyre.no\/content\/uploads\/sites\/428\/2023\/05\/GettyImages-648945872-1024x683.jpg\" class=\"hoyre-media-text__media-image\" alt=\"\" style=\"--focal: 50% 50%;\" srcset=\"https:\/\/hoyre.no\/content\/uploads\/sites\/428\/2023\/05\/GettyImages-648945872-1024x683.jpg 1024w, https:\/\/hoyre.no\/content\/uploads\/sites\/428\/2023\/05\/GettyImages-648945872-300x200.jpg 300w, https:\/\/hoyre.no\/content\/uploads\/sites\/428\/2023\/05\/GettyImages-648945872-768x512.jpg 768w, https:\/\/hoyre.no\/content\/uploads\/sites\/428\/2023\/05\/GettyImages-648945872-1536x1024.jpg 1536w, https:\/\/hoyre.no\/content\/uploads\/sites\/428\/2023\/05\/GettyImages-648945872-2048x1365.jpg 2048w\" sizes=\"auto, (max-width: 1024px) 100vw, 1024px\" \/>\n\t\t\t<\/div>\n\t\t\t<div class=\"hoyre-media-text__content\">\n\t\t\t\t<div class=\"hoyre-media-text__content-inner\">\n\t\t\t\t\t\n\t\t\t<div class=\"hoyre-media-text__title-container\">\n\t\t\t\t\n\t\t\t\t<h2 class=\"hoyre-media-text__title\">4. <strong>Kunnskapsskole som gir muligheter for alle<\/strong><\/h2>\n\t\t\t<\/div>\n\t\t\t\n\t\t\t\t\t<div class=\"hoyre-media-text__blocks\">\n<p>V\u00e5r viktigste oppgave er \u00e5 gi unge i Vestfold den kompetansen de trenger til \u00e5 bygge seg sin egen fremtid, med aktiv deltagelse i samfunnet. Vestfold H\u00f8yre vil at flere fullf\u00f8rer videreg\u00e5ende oppl\u00e6ring. H\u00f8yre vil ha en videreg\u00e5ende skole med h\u00f8y kvalitet i undervisningen, som legger til rette for l\u00e6ring og mestring, formidler kunnskap og gj\u00f8r elevene godt rustet for videre studier og arbeid.<\/p>\n<\/div>\n\t\t\t\t\t\n\t\t\t\t<\/div>\n\t\t\t<\/div>\n\t\t<\/div>\n\t\t\n\n\n\t\t<div class=\"has-pale-blue-background-color is-layout-left alignwide alignwide wp-block-hoyre-media-text\">\n\t\t\t<div class=\"hoyre-media-text__media\">\n\t\t\t\t<img loading=\"lazy\" decoding=\"async\" width=\"1024\" height=\"683\" src=\"https:\/\/hoyre.no\/content\/uploads\/sites\/428\/2023\/05\/Tog-6030-1024x683.jpg\" class=\"hoyre-media-text__media-image\" alt=\"Jernbane\" style=\"--focal: 50% 50%;\" srcset=\"https:\/\/hoyre.no\/content\/uploads\/sites\/428\/2023\/05\/Tog-6030-1024x683.jpg 1024w, https:\/\/hoyre.no\/content\/uploads\/sites\/428\/2023\/05\/Tog-6030-300x200.jpg 300w, https:\/\/hoyre.no\/content\/uploads\/sites\/428\/2023\/05\/Tog-6030-768x512.jpg 768w, https:\/\/hoyre.no\/content\/uploads\/sites\/428\/2023\/05\/Tog-6030-1536x1024.jpg 1536w, https:\/\/hoyre.no\/content\/uploads\/sites\/428\/2023\/05\/Tog-6030-2048x1365.jpg 2048w\" sizes=\"auto, (max-width: 1024px) 100vw, 1024px\" \/>\n\t\t\t<\/div>\n\t\t\t<div class=\"hoyre-media-text__content\">\n\t\t\t\t<div class=\"hoyre-media-text__content-inner\">\n\t\t\t\t\t\n\t\t\t<div class=\"hoyre-media-text__title-container\">\n\t\t\t\t\n\t\t\t\t<h2 class=\"hoyre-media-text__title\">5. Dobbeltspor gjennom hele Vestfold<\/h2>\n\t\t\t<\/div>\n\t\t\t\n\t\t\t\t\t<div class=\"hoyre-media-text__blocks\">\n<p>Dobbeltsporet jernbane gjennom Vestfold vil v\u00e6re sv\u00e6rt viktig for fylkets samferdsel. Dagens tras\u00e9 med dobbeltspor nord for T\u00f8nsberg, og enkeltspor frem til Larvik, tilfredsstiller ikke fremtidens behov for jernbane i Vestfold. H\u00f8yre vil f\u00e5 fart p\u00e5 utbyggingen av dobbeltsporet jernbane gjennom Vestfold.\u00a0<\/p>\n<\/div>\n\t\t\t\t\t\n\t\t\t\t<\/div>\n\t\t\t<\/div>\n\t\t<\/div>\n\t\t\n\n\n\t\t<div class=\"has-pink-background-color is-layout-right alignwide alignwide wp-block-hoyre-media-text\">\n\t\t\t<div class=\"hoyre-media-text__media\">\n\t\t\t\t<img loading=\"lazy\" decoding=\"async\" width=\"1024\" height=\"683\" src=\"https:\/\/hoyre.no\/content\/uploads\/sites\/428\/2023\/05\/GettyImages-475017119-1024x683.jpg\" class=\"hoyre-media-text__media-image\" alt=\"Oslofjorden\" style=\"--focal: 50% 50%;\" srcset=\"https:\/\/hoyre.no\/content\/uploads\/sites\/428\/2023\/05\/GettyImages-475017119-1024x683.jpg 1024w, https:\/\/hoyre.no\/content\/uploads\/sites\/428\/2023\/05\/GettyImages-475017119-300x200.jpg 300w, https:\/\/hoyre.no\/content\/uploads\/sites\/428\/2023\/05\/GettyImages-475017119-768x512.jpg 768w, https:\/\/hoyre.no\/content\/uploads\/sites\/428\/2023\/05\/GettyImages-475017119-1536x1024.jpg 1536w, https:\/\/hoyre.no\/content\/uploads\/sites\/428\/2023\/05\/GettyImages-475017119-2048x1365.jpg 2048w\" sizes=\"auto, (max-width: 1024px) 100vw, 1024px\" \/>\n\t\t\t<\/div>\n\t\t\t<div class=\"hoyre-media-text__content\">\n\t\t\t\t<div class=\"hoyre-media-text__content-inner\">\n\t\t\t\t\t\n\t\t\t<div class=\"hoyre-media-text__title-container\">\n\t\t\t\t\n\t\t\t\t<h2 class=\"hoyre-media-text__title\">6. Frisk Oslofjord<\/h2>\n\t\t\t<\/div>\n\t\t\t\n\t\t\t\t\t<div class=\"hoyre-media-text__blocks\">\n<p>Oslofjorden er avgj\u00f8rende for innbyggernes livskvalitet og rekreasjon, er v\u00e5rt felles matfat og viktig for v\u00e5r attraktivitet som bostedsregion og turistdestinasjon. Dessverre er fjorden forurenset av avrenning fra landbruket og tilf\u00f8rsel av n\u00e6ringssalter fra husholdninger, industri og vassdragene. H\u00f8yre vil snu utviklingen i Oslofjorden og sette inn store ressurser b\u00e5de lokalt, regionalt og nasjonalt for \u00e5 f\u00e5 en frisk Oslofjord. H\u00f8yre vil at staten tar sin del av utgiftene til rensing av avl\u00f8psvann.\u00a0<\/p>\n<\/div>\n\t\t\t\t\t\n\t\t\t\t<\/div>\n\t\t\t<\/div>\n\t\t<\/div>\n\t\t\n\n\n\t\t<div class=\"has-pale-green-background-color is-layout-left alignwide alignwide wp-block-hoyre-media-text\">\n\t\t\t<div class=\"hoyre-media-text__media\">\n\t\t\t\t<img loading=\"lazy\" decoding=\"async\" width=\"1024\" height=\"720\" src=\"https:\/\/hoyre.no\/content\/uploads\/sites\/428\/2023\/05\/GettyImages-648669234-1024x720.jpg\" class=\"hoyre-media-text__media-image\" alt=\"busskilt\" style=\"--focal: 84% 27%;\" srcset=\"https:\/\/hoyre.no\/content\/uploads\/sites\/428\/2023\/05\/GettyImages-648669234-1024x720.jpg 1024w, https:\/\/hoyre.no\/content\/uploads\/sites\/428\/2023\/05\/GettyImages-648669234-300x211.jpg 300w, https:\/\/hoyre.no\/content\/uploads\/sites\/428\/2023\/05\/GettyImages-648669234-768x540.jpg 768w, https:\/\/hoyre.no\/content\/uploads\/sites\/428\/2023\/05\/GettyImages-648669234-1536x1079.jpg 1536w, https:\/\/hoyre.no\/content\/uploads\/sites\/428\/2023\/05\/GettyImages-648669234-2048x1439.jpg 2048w\" sizes=\"auto, (max-width: 1024px) 100vw, 1024px\" \/>\n\t\t\t<\/div>\n\t\t\t<div class=\"hoyre-media-text__content\">\n\t\t\t\t<div class=\"hoyre-media-text__content-inner\">\n\t\t\t\t\t\n\t\t\t<div class=\"hoyre-media-text__title-container\">\n\t\t\t\t\n\t\t\t\t<h2 class=\"hoyre-media-text__title\">7. <strong>Vi vil ha deg raskere frem og tryggere hjem<\/strong><\/h2>\n\t\t\t<\/div>\n\t\t\t\n\t\t\t\t\t<div class=\"hoyre-media-text__blocks\">\n<p>H\u00f8yres viktigste m\u00e5l med samferdselspolitikken er \u00e5 binde hele Vestfold sammen. God infrastruktur gj\u00f8r at flere kommer seg raskt og trygt dit de skal, og at n\u00e6ringslivet f\u00e5r varene sine raskere frem. H\u00f8yre vil ha h\u00f8y kvalitet p\u00e5 fylkesveiene. Det skal lukte av nylagt asfalt i Vestfold om v\u00e5ren. Vi vil ha gode og trygge gang- og sykkelveier og en sikker skolevei. Kollektivtrafikken i hele Vestfold skal bli mer fleksibel og knytte bygd og by bedre sammen.\u00a0<\/p>\n<\/div>\n\t\t\t\t\t\n\t\t\t\t<\/div>\n\t\t\t<\/div>\n\t\t<\/div>\n\t\t\n\n\n\t\t<div class=\"has-lightest-blue-background-color is-layout-right alignwide alignwide wp-block-hoyre-media-text\">\n\t\t\t<div class=\"hoyre-media-text__media\">\n\t\t\t\t<img loading=\"lazy\" decoding=\"async\" width=\"1024\" height=\"640\" src=\"https:\/\/hoyre.no\/content\/uploads\/sites\/428\/2023\/05\/GettyImages-1256108501-1024x640.jpg\" class=\"hoyre-media-text__media-image\" alt=\"\" style=\"--focal: 50% 50%;\" srcset=\"https:\/\/hoyre.no\/content\/uploads\/sites\/428\/2023\/05\/GettyImages-1256108501-1024x640.jpg 1024w, https:\/\/hoyre.no\/content\/uploads\/sites\/428\/2023\/05\/GettyImages-1256108501-300x188.jpg 300w, https:\/\/hoyre.no\/content\/uploads\/sites\/428\/2023\/05\/GettyImages-1256108501-768x480.jpg 768w, https:\/\/hoyre.no\/content\/uploads\/sites\/428\/2023\/05\/GettyImages-1256108501-1536x961.jpg 1536w, https:\/\/hoyre.no\/content\/uploads\/sites\/428\/2023\/05\/GettyImages-1256108501-2048x1281.jpg 2048w\" sizes=\"auto, (max-width: 1024px) 100vw, 1024px\" \/>\n\t\t\t<\/div>\n\t\t\t<div class=\"hoyre-media-text__content\">\n\t\t\t\t<div class=\"hoyre-media-text__content-inner\">\n\t\t\t\t\t\n\t\t\t<div class=\"hoyre-media-text__title-container\">\n\t\t\t\t\n\t\t\t\t<h2 class=\"hoyre-media-text__title\">8. <strong>Arealforvaltning og -utvikling<\/strong><\/h2>\n\t\t\t<\/div>\n\t\t\t\n\t\t\t\t\t<div class=\"hoyre-media-text__blocks\">\n<p>I Vestfold er presset p\u00e5 arealer stort. Balansen mellom \u00e5 bevare verdifulle rekreasjons- og landbruksarealer og utvikle infrastruktur som boligfelt, vei og n\u00e6ringsarealer, er krevende. Vestfold H\u00f8yre\u00a0vil\u00a0styrke samspillet mellom fylkeskommunen, kommunene og n\u00e6ringslivet om en b\u00e6rekraftig utvikling.\u00a0<\/p>\n<\/div>\n\t\t\t\t\t\n\t\t\t\t<\/div>\n\t\t\t<\/div>\n\t\t<\/div>\n\t\t\n\n\n\t\t<div class=\"has-pale-purple-background-color is-layout-left alignwide alignwide wp-block-hoyre-media-text\">\n\t\t\t<div class=\"hoyre-media-text__media\">\n\t\t\t\t<img loading=\"lazy\" decoding=\"async\" width=\"1024\" height=\"683\" src=\"https:\/\/hoyre.no\/content\/uploads\/sites\/428\/2023\/05\/GettyImages-1151450738-1024x683.jpg\" class=\"hoyre-media-text__media-image\" alt=\"\" style=\"--focal: 50% 50%;\" srcset=\"https:\/\/hoyre.no\/content\/uploads\/sites\/428\/2023\/05\/GettyImages-1151450738-1024x683.jpg 1024w, https:\/\/hoyre.no\/content\/uploads\/sites\/428\/2023\/05\/GettyImages-1151450738-300x200.jpg 300w, https:\/\/hoyre.no\/content\/uploads\/sites\/428\/2023\/05\/GettyImages-1151450738-768x512.jpg 768w, https:\/\/hoyre.no\/content\/uploads\/sites\/428\/2023\/05\/GettyImages-1151450738-1536x1024.jpg 1536w, https:\/\/hoyre.no\/content\/uploads\/sites\/428\/2023\/05\/GettyImages-1151450738-2048x1365.jpg 2048w\" sizes=\"auto, (max-width: 1024px) 100vw, 1024px\" \/>\n\t\t\t<\/div>\n\t\t\t<div class=\"hoyre-media-text__content\">\n\t\t\t\t<div class=\"hoyre-media-text__content-inner\">\n\t\t\t\t\t\n\t\t\t<div class=\"hoyre-media-text__title-container\">\n\t\t\t\t\n\t\t\t\t<h2 class=\"hoyre-media-text__title\"><strong>9. Vi vil kutte utslippene, ikke utviklingen<\/strong><\/h2>\n\t\t\t<\/div>\n\t\t\t\n\t\t\t\t\t<div class=\"hoyre-media-text__blocks\">\n<p>H\u00f8yre vil ha en offensiv klimapolitikk som bidrar til \u00e5 kutte utslippene, men ikke utviklingen i samfunnet. Det skal v\u00e6re l\u00f8nnsomt for bedriftene \u00e5 omstille seg til gr\u00f8nnere l\u00f8sninger. Vi vil ha nye gr\u00f8nne n\u00e6ringer som hydrogen, havvind, solkraft, ammoniakk og batterifabrikker til Vestfold. Vi vil utvikle Den Magiske Fabrikken, og legge til rette for at Torp Sandefjord lufthavn leder an i utviklingen som gr\u00f8nn flyplass. H\u00f8yre vil gj\u00f8re det lettere \u00e5 velge milj\u00f8vennlig, enten det er ved \u00e5 bedre kollektivtilbudet der folk bor eller ved \u00e5 stimulerer til smartere energil\u00f8sninger i hjemmet. Med H\u00f8yre blir Vestfold et gr\u00f8nnere fylke.<\/p>\n<\/div>\n\t\t\t\t\t\n\t\t\t\t<\/div>\n\t\t\t<\/div>\n\t\t<\/div>\n\t\t\n\n\n\t\t<div class=\"has-pale-blue-background-color is-layout-right alignwide alignwide wp-block-hoyre-media-text\">\n\t\t\t<div class=\"hoyre-media-text__media\">\n\t\t\t\t<img loading=\"lazy\" decoding=\"async\" width=\"1024\" height=\"683\" src=\"https:\/\/hoyre.no\/content\/uploads\/sites\/428\/2023\/05\/GettyImages-648945872-1024x683.jpg\" class=\"hoyre-media-text__media-image\" alt=\"\" style=\"--focal: 5% 35%;\" srcset=\"https:\/\/hoyre.no\/content\/uploads\/sites\/428\/2023\/05\/GettyImages-648945872-1024x683.jpg 1024w, https:\/\/hoyre.no\/content\/uploads\/sites\/428\/2023\/05\/GettyImages-648945872-300x200.jpg 300w, https:\/\/hoyre.no\/content\/uploads\/sites\/428\/2023\/05\/GettyImages-648945872-768x512.jpg 768w, https:\/\/hoyre.no\/content\/uploads\/sites\/428\/2023\/05\/GettyImages-648945872-1536x1024.jpg 1536w, https:\/\/hoyre.no\/content\/uploads\/sites\/428\/2023\/05\/GettyImages-648945872-2048x1365.jpg 2048w\" sizes=\"auto, (max-width: 1024px) 100vw, 1024px\" \/>\n\t\t\t<\/div>\n\t\t\t<div class=\"hoyre-media-text__content\">\n\t\t\t\t<div class=\"hoyre-media-text__content-inner\">\n\t\t\t\t\t\n\t\t\t<div class=\"hoyre-media-text__title-container\">\n\t\t\t\t\n\t\t\t\t<h2 class=\"hoyre-media-text__title\">10. En felles Vestfoldkultur<\/h2>\n\t\t\t<\/div>\n\t\t\t\n\t\t\t\t\t<div class=\"hoyre-media-text__blocks\">\n<p>Tilgangen p\u00e5 kulturopplevelser er n\u00f8dvendig for at regionen ikke bare skal v\u00e6re et fint sted \u00e5 bo, men ogs\u00e5 et godt sted \u00e5 leve. Vestfold har lange tradisjoner med kulturbaserte arbeidsplasser. Kultur og idrett bidrar til integrering. \u00c5 l\u00e6re andre kulturer \u00e5 kjenne, vil utvikle samfunnet v\u00e5rt med en felles forst\u00e5else p\u00e5 tvers av etnisitet, religion og nasjonalitet. H\u00f8yre vil legge til rette for st\u00f8rst mulig frivillig engasjement i b\u00e5de idrett og kulturliv, og skal i den sammenheng gi praktisk bistand og \u00f8konomisk st\u00f8tte. Vi vil gi alle muligheter til gode kultur- og idrettsopplevelser, uavhengig av st\u00f8rrelsen p\u00e5 lommeboken.\u00a0<\/p>\n<\/div>\n\t\t\t\t\t\n\t\t\t\t<\/div>\n\t\t\t<\/div>\n\t\t<\/div>\n\t\t\n\n\n<div class=\"wp-block-teft-file icon-link-block\"><a href=\"https:\/\/hoyre.no\/content\/uploads\/sites\/428\/2023\/05\/Vestfold-Hoyre-Fylkestingsprogram-2024-2027.pdf\" download><span class=\"file-title\">Les hele programmet v\u00e5rt for 2023-2027 her:<\/span><span class=\"file-name\"><\/span><\/a><\/div>\n","protected":false},"excerpt":{"rendered":"","protected":false},"author":29643,"featured_media":0,"parent":0,"menu_order":0,"comment_status":"closed","ping_status":"closed","template":"","meta":{"teft_cards_image_url":"","teft_cards_custom_pretitle":"","teft_cards_image_id":162,"teft_cards_image_focal_point_x":0.5,"teft_cards_image_focal_point_y":0.5,"teft_cards_title":"","teft_cards_excerpt":"","teft_show_chapters":false,"footnotes":""},"class_list":["post-164","page","type-page","status-publish","hentry"],"yoast_head":"<!-- This site is optimized with the Yoast SEO plugin v26.6 - https:\/\/yoast.com\/wordpress\/plugins\/seo\/ -->\n<title>10 grunner til \u00e5 stemme H\u00f8yre i Vestfold - Vestfold H\u00f8yre<\/title>\n<meta name=\"robots\" content=\"index, follow, max-snippet:-1, max-image-preview:large, max-video-preview:-1\" \/>\n<link rel=\"canonical\" href=\"https:\/\/hoyre.no\/vestfold\/10-grunner-til-a-stemme-hoyre-i-vestfold\/\" \/>\n<meta property=\"og:locale\" content=\"nb_NO\" \/>\n<meta property=\"og:type\" content=\"article\" \/>\n<meta property=\"og:title\" content=\"10 grunner til \u00e5 stemme H\u00f8yre i Vestfold - Vestfold H\u00f8yre\" \/>\n<meta property=\"og:url\" content=\"https:\/\/hoyre.no\/vestfold\/10-grunner-til-a-stemme-hoyre-i-vestfold\/\" \/>\n<meta property=\"og:site_name\" content=\"Vestfold H\u00f8yre\" \/>\n<meta property=\"article:publisher\" content=\"https:\/\/www.facebook.com\/vestfold.hoyre\" \/>\n<meta property=\"article:modified_time\" content=\"2024-08-15T09:12:52+00:00\" \/>\n<meta property=\"og:image\" content=\"https:\/\/hoyre.no\/content\/uploads\/sites\/428\/2023\/05\/GettyImages-1208049895-1024x685.jpg\" \/>\n<meta name=\"twitter:card\" content=\"summary_large_image\" \/>\n<meta name=\"twitter:label1\" content=\"Ansl. lesetid\" \/>\n\t<meta name=\"twitter:data1\" content=\"5 minutter\" \/>\n<script type=\"application\/ld+json\" class=\"yoast-schema-graph\">{\"@context\":\"https:\/\/schema.org\",\"@graph\":[{\"@type\":\"WebPage\",\"@id\":\"https:\/\/hoyre.no\/vestfold\/10-grunner-til-a-stemme-hoyre-i-vestfold\/\",\"url\":\"https:\/\/hoyre.no\/vestfold\/10-grunner-til-a-stemme-hoyre-i-vestfold\/\",\"name\":\"10 grunner til \u00e5 stemme H\u00f8yre i Vestfold - Vestfold H\u00f8yre\",\"isPartOf\":{\"@id\":\"https:\/\/hoyre.no\/vestfold\/#website\"},\"datePublished\":\"2023-05-18T17:14:25+00:00\",\"dateModified\":\"2024-08-15T09:12:52+00:00\",\"breadcrumb\":{\"@id\":\"https:\/\/hoyre.no\/vestfold\/10-grunner-til-a-stemme-hoyre-i-vestfold\/#breadcrumb\"},\"inLanguage\":\"nb-NO\",\"potentialAction\":[{\"@type\":\"ReadAction\",\"target\":[\"https:\/\/hoyre.no\/vestfold\/10-grunner-til-a-stemme-hoyre-i-vestfold\/\"]}]},{\"@type\":\"BreadcrumbList\",\"@id\":\"https:\/\/hoyre.no\/vestfold\/10-grunner-til-a-stemme-hoyre-i-vestfold\/#breadcrumb\",\"itemListElement\":[{\"@type\":\"ListItem\",\"position\":1,\"name\":\"Til hoyre.no\",\"item\":\"https:\/\/hoyre.no\"},{\"@type\":\"ListItem\",\"position\":2,\"name\":\"Hjem\",\"item\":\"https:\/\/hoyre.no\/vestfold\/\"},{\"@type\":\"ListItem\",\"position\":3,\"name\":\"10 grunner til \u00e5 stemme H\u00f8yre i Vestfold\"}]},{\"@type\":\"WebSite\",\"@id\":\"https:\/\/hoyre.no\/vestfold\/#website\",\"url\":\"https:\/\/hoyre.no\/vestfold\/\",\"name\":\"Vestfold H\u00f8yre\",\"description\":\"Bare enda et H\u00f8yres nettsteder-nettsted\",\"publisher\":{\"@id\":\"https:\/\/hoyre.no\/vestfold\/#organization\"},\"inLanguage\":\"nb-NO\"},{\"@type\":\"Organization\",\"@id\":\"https:\/\/hoyre.no\/vestfold\/#organization\",\"name\":\"Vestfold H\u00f8yre\",\"url\":\"https:\/\/hoyre.no\/vestfold\/\",\"logo\":{\"@type\":\"ImageObject\",\"inLanguage\":\"nb-NO\",\"@id\":\"https:\/\/hoyre.no\/vestfold\/#\/schema\/logo\/image\/\",\"url\":\"https:\/\/hoyre.no\/content\/uploads\/sites\/428\/2023\/02\/hoyre_logo.png\",\"contentUrl\":\"https:\/\/hoyre.no\/content\/uploads\/sites\/428\/2023\/02\/hoyre_logo.png\",\"width\":1000,\"height\":1000,\"caption\":\"Vestfold H\u00f8yre\"},\"image\":{\"@id\":\"https:\/\/hoyre.no\/vestfold\/#\/schema\/logo\/image\/\"},\"sameAs\":[\"https:\/\/www.facebook.com\/vestfold.hoyre\"]}]}<\/script>\n<!-- \/ Yoast SEO plugin. -->","yoast_head_json":{"title":"10 grunner til \u00e5 stemme H\u00f8yre i Vestfold - Vestfold H\u00f8yre","robots":{"index":"index","follow":"follow","max-snippet":"max-snippet:-1","max-image-preview":"max-image-preview:large","max-video-preview":"max-video-preview:-1"},"canonical":"https:\/\/hoyre.no\/vestfold\/10-grunner-til-a-stemme-hoyre-i-vestfold\/","og_locale":"nb_NO","og_type":"article","og_title":"10 grunner til \u00e5 stemme H\u00f8yre i Vestfold - Vestfold H\u00f8yre","og_url":"https:\/\/hoyre.no\/vestfold\/10-grunner-til-a-stemme-hoyre-i-vestfold\/","og_site_name":"Vestfold H\u00f8yre","article_publisher":"https:\/\/www.facebook.com\/vestfold.hoyre","article_modified_time":"2024-08-15T09:12:52+00:00","og_image":[{"url":"https:\/\/hoyre.no\/content\/uploads\/sites\/428\/2023\/05\/GettyImages-1208049895-1024x685.jpg","width":"","height":"","type":""}],"twitter_card":"summary_large_image","twitter_misc":{"Ansl. lesetid":"5 minutter"},"schema":{"@context":"https:\/\/schema.org","@graph":[{"@type":"WebPage","@id":"https:\/\/hoyre.no\/vestfold\/10-grunner-til-a-stemme-hoyre-i-vestfold\/","url":"https:\/\/hoyre.no\/vestfold\/10-grunner-til-a-stemme-hoyre-i-vestfold\/","name":"10 grunner til \u00e5 stemme H\u00f8yre i Vestfold - Vestfold H\u00f8yre","isPartOf":{"@id":"https:\/\/hoyre.no\/vestfold\/#website"},"datePublished":"2023-05-18T17:14:25+00:00","dateModified":"2024-08-15T09:12:52+00:00","breadcrumb":{"@id":"https:\/\/hoyre.no\/vestfold\/10-grunner-til-a-stemme-hoyre-i-vestfold\/#breadcrumb"},"inLanguage":"nb-NO","potentialAction":[{"@type":"ReadAction","target":["https:\/\/hoyre.no\/vestfold\/10-grunner-til-a-stemme-hoyre-i-vestfold\/"]}]},{"@type":"BreadcrumbList","@id":"https:\/\/hoyre.no\/vestfold\/10-grunner-til-a-stemme-hoyre-i-vestfold\/#breadcrumb","itemListElement":[{"@type":"ListItem","position":1,"name":"Til hoyre.no","item":"https:\/\/hoyre.no"},{"@type":"ListItem","position":2,"name":"Hjem","item":"https:\/\/hoyre.no\/vestfold\/"},{"@type":"ListItem","position":3,"name":"10 grunner til \u00e5 stemme H\u00f8yre i Vestfold"}]},{"@type":"WebSite","@id":"https:\/\/hoyre.no\/vestfold\/#website","url":"https:\/\/hoyre.no\/vestfold\/","name":"Vestfold H\u00f8yre","description":"Bare enda et H\u00f8yres nettsteder-nettsted","publisher":{"@id":"https:\/\/hoyre.no\/vestfold\/#organization"},"inLanguage":"nb-NO"},{"@type":"Organization","@id":"https:\/\/hoyre.no\/vestfold\/#organization","name":"Vestfold H\u00f8yre","url":"https:\/\/hoyre.no\/vestfold\/","logo":{"@type":"ImageObject","inLanguage":"nb-NO","@id":"https:\/\/hoyre.no\/vestfold\/#\/schema\/logo\/image\/","url":"https:\/\/hoyre.no\/content\/uploads\/sites\/428\/2023\/02\/hoyre_logo.png","contentUrl":"https:\/\/hoyre.no\/content\/uploads\/sites\/428\/2023\/02\/hoyre_logo.png","width":1000,"height":1000,"caption":"Vestfold H\u00f8yre"},"image":{"@id":"https:\/\/hoyre.no\/vestfold\/#\/schema\/logo\/image\/"},"sameAs":["https:\/\/www.facebook.com\/vestfold.hoyre"]}]}},"distributor_meta":false,"distributor_terms":false,"distributor_media":false,"distributor_original_site_name":"Vestfold H\u00f8yre","distributor_original_site_url":"https:\/\/hoyre.no\/vestfold","push-errors":false,"_links":{"self":[{"href":"https:\/\/hoyre.no\/vestfold\/wp-json\/wp\/v2\/pages\/164","targetHints":{"allow":["GET"]}}],"collection":[{"href":"https:\/\/hoyre.no\/vestfold\/wp-json\/wp\/v2\/pages"}],"about":[{"href":"https:\/\/hoyre.no\/vestfold\/wp-json\/wp\/v2\/types\/page"}],"author":[{"embeddable":true,"href":"https:\/\/hoyre.no\/vestfold\/wp-json\/wp\/v2\/users\/29643"}],"replies":[{"embeddable":true,"href":"https:\/\/hoyre.no\/vestfold\/wp-json\/wp\/v2\/comments?post=164"}],"version-history":[{"count":8,"href":"https:\/\/hoyre.no\/vestfold\/wp-json\/wp\/v2\/pages\/164\/revisions"}],"predecessor-version":[{"id":446,"href":"https:\/\/hoyre.no\/vestfold\/wp-json\/wp\/v2\/pages\/164\/revisions\/446"}],"wp:attachment":[{"href":"https:\/\/hoyre.no\/vestfold\/wp-json\/wp\/v2\/media?parent=164"}],"curies":[{"name":"wp","href":"https:\/\/api.w.org\/{rel}","templated":true}]}}