{"id":750,"date":"2023-04-11T21:20:23","date_gmt":"2023-04-11T19:20:23","guid":{"rendered":"https:\/\/hoyre.no\/vestland\/?page_id=750"},"modified":"2025-02-14T12:25:17","modified_gmt":"2025-02-14T11:25:17","slug":"silja-ekeland-bjorkly-var-fylkesordforerkandidat","status":"publish","type":"page","link":"https:\/\/hoyre.no\/vestland\/silja-ekeland-bjorkly-var-fylkesordforerkandidat\/","title":{"rendered":"Silja Ekeland Bj\u00f8rkly- gruppeleder"},"content":{"rendered":"\n<div class=\"wp-block-hoyre-hero with-image-gradient text-color-light  has-media alignfull has-background\"><div class=\"hoyre-hero has-image\"><h1 class=\"title\">Bli kjent med Silja Ekeland Bj\u00f8rkly<\/h1><p class=\"preamble\">Gruppeleder i fylkestingsgruppen.<\/p>\t\t\t<div class=\"post-meta wp-block teft-byline-wrapper\">\n\t\t\t\t<div class=\"top\">\n\t\t\t\t\t<div class=\"signature\">\n\t\t\t\t\t\t<div class=\"teft-byline\">\n\t\t\t\t\t\t\t\t\t\t\t\t\t\t<div>\n\t\t\t\t\t\t\t\t<h3>H\u00f8yres redaksjon<\/h3>\t\t\t\t\t\t\t\t\n\t\t\t\t\t\t\t\t\t\t\t\t\t\t\t\t\t<span class=\"date\">Sist oppdatert: 14. februar 2025<\/span>\n\t\t\t\t\t\t\t\t\t\t\t\t\t\t\t\t\t\t\t\t\t\t\t\t\t<span class=\"reading-time\" itemprop=\"timeRequired\" content=\"PT3M\"><em>Ca. 3 minutter lesetid<\/em><\/span>\n\t\t\t\t\t\t\t\t\t\t\t\t\t\t\t<\/div>\n\t\t\t\t\t\t<\/div>\n\t\t\t\t\t<\/div>\n\t\t\t\t\t\t<div class=\"sharing\">\n\t\t<a class=\"share-button share-link copy-link\" data-copy=\"https:\/\/hoyre.no\/vestland\/silja-ekeland-bjorkly-var-fylkesordforerkandidat\/\" target=\"_blank\"><span class=\"screen-reader-text\">Del link<\/span><\/a>\n\t\t<a class=\"share-button share-twitter\" href=\"http:\/\/twitter.com\/share?text=Silja Ekeland Bj\u00f8rkly- gruppeleder&#038;url=https:\/\/hoyre.no\/vestland\/silja-ekeland-bjorkly-var-fylkesordforerkandidat\/&#038;hashtags=Hoyre\" target=\"_blank\"><span class=\"screen-reader-text\">Del p\u00e5 twitter<\/span><\/a>\n\t\t<a class=\"share-button share-facebook\" href=\"https:\/\/www.facebook.com\/sharer\/sharer.php?u=https:\/\/hoyre.no\/vestland\/silja-ekeland-bjorkly-var-fylkesordforerkandidat\/\" target=\"_blank\"><span class=\"screen-reader-text\">Del p\u00e5 facebook<\/span><\/a>\n\t<\/div>\n\t\t\t\t\t<\/div>\n\t\t\t<\/div>\n\n\t\t\t<figure class=\"hoyre-image-wrapper\"><div class=\"hoyre-image\"><img loading=\"lazy\" decoding=\"async\" width=\"2500\" height=\"1667\" src=\"https:\/\/hoyre.no\/content\/uploads\/sites\/15\/2023\/05\/Silja-best-18-Siljas-favoritt-scaled.jpg\" class=\"attachment-scaled size-scaled\" alt=\"\" style=\"object-position: 37% 72%\" srcset=\"https:\/\/hoyre.no\/content\/uploads\/sites\/15\/2023\/05\/Silja-best-18-Siljas-favoritt-scaled.jpg 2500w, https:\/\/hoyre.no\/content\/uploads\/sites\/15\/2023\/05\/Silja-best-18-Siljas-favoritt-300x200.jpg 300w, https:\/\/hoyre.no\/content\/uploads\/sites\/15\/2023\/05\/Silja-best-18-Siljas-favoritt-1024x683.jpg 1024w, https:\/\/hoyre.no\/content\/uploads\/sites\/15\/2023\/05\/Silja-best-18-Siljas-favoritt-768x512.jpg 768w, https:\/\/hoyre.no\/content\/uploads\/sites\/15\/2023\/05\/Silja-best-18-Siljas-favoritt-1536x1025.jpg 1536w, https:\/\/hoyre.no\/content\/uploads\/sites\/15\/2023\/05\/Silja-best-18-Siljas-favoritt-2048x1366.jpg 2048w\" sizes=\"auto, (max-width: 2500px) 100vw, 2500px\" \/><\/div><\/figure><\/div><\/div>\n\n\n\n\n<div class=\"wp-block-buttons is-layout-flex wp-block-buttons-is-layout-flex\">\n<div class=\"wp-block-button\"><a class=\"wp-block-button__link wp-element-button\" href=\"https:\/\/hoyre.no\/personprofiler\/silja-ekeland-bjorkly\/\" target=\"_blank\" rel=\"noreferrer noopener\">KOM I KONTAKT MED SILJA<\/a><\/div>\n\n\n\n<div class=\"wp-block-button\"><a class=\"wp-block-button__link wp-element-button\" href=\"https:\/\/www.facebook.com\/siljaekelandbjorkly\" target=\"_blank\" rel=\"noreferrer noopener\">F\u00d8LG SILJA P\u00c5 FACEBOOK<\/a><\/div>\n\n\n\n<div class=\"wp-block-button\"><a class=\"wp-block-button__link wp-element-button\" href=\"https:\/\/www.facebook.com\/vestlandhogre\" target=\"_blank\" rel=\"noreferrer noopener\">F\u00d8LG VESTLAND H\u00d8YRE P\u00c5 FACEBOOK<\/a><\/div>\n<\/div>\n\n\n\n\n<div class=\"wp-block-columns are-vertically-aligned-center is-layout-flex wp-container-core-columns-is-layout-9d6595d7 wp-block-columns-is-layout-flex\">\n<div class=\"wp-block-column is-vertically-aligned-center is-layout-flow wp-block-column-is-layout-flow\" style=\"flex-basis:100%\">\n<div class=\"wp-block-hoyre-banner undefined has-icon-title icon-heart\"><div class=\"banner-inner\"><div class=\"banner-content\"><div class=\"entry-content\">\n<h2 class=\"wp-block-heading\"> Bli bedre kjent med Silja<\/h2>\n\n\n\n<p class=\"has-text-align-left\"><strong>Bosted:<\/strong> Bergen<\/p>\n\n\n\n<p class=\"has-text-align-left\"><strong>Sivilstatus:<\/strong> Gift, mor til to barn og en hund<\/p>\n\n\n\n<p class=\"has-text-align-left\"><strong>Jobb:<\/strong> Gruppeleder<\/p>\n<\/div><\/div><\/div><\/div>\n\n\n\n<div class=\"wp-block-columns is-layout-flex wp-container-core-columns-is-layout-9d6595d7 wp-block-columns-is-layout-flex\">\n<div class=\"wp-block-column is-layout-flow wp-block-column-is-layout-flow\" style=\"flex-basis:100%\">\n<figure class=\"wp-block-teft-gallery columns-3 count-4 rows-2 is-cropped\"><ul class=\"teft-gallery-grid\"><li class=\"teft-gallery-item \"><figure><a href=\"https:\/\/hoyre.no\/content\/uploads\/sites\/15\/2023\/04\/241373652_10158474856001051_8340286898789883854_n.jpg\" data-size=\"960x720\"><img loading=\"lazy\" decoding=\"async\" width=\"960\" height=\"720\" src=\"https:\/\/hoyre.no\/content\/uploads\/sites\/15\/2023\/04\/241373652_10158474856001051_8340286898789883854_n.jpg\" class=\"attachment-large size-large\" alt=\"\" srcset=\"https:\/\/hoyre.no\/content\/uploads\/sites\/15\/2023\/04\/241373652_10158474856001051_8340286898789883854_n.jpg 960w, https:\/\/hoyre.no\/content\/uploads\/sites\/15\/2023\/04\/241373652_10158474856001051_8340286898789883854_n-300x225.jpg 300w, https:\/\/hoyre.no\/content\/uploads\/sites\/15\/2023\/04\/241373652_10158474856001051_8340286898789883854_n-768x576.jpg 768w\" sizes=\"auto, (max-width: 960px) 100vw, 960px\" \/ data-full-url=\"https:\/\/hoyre.no\/content\/uploads\/sites\/15\/2023\/04\/241373652_10158474856001051_8340286898789883854_n.jpg\" data-id=\"757\" data-caption=\"757\"\/><\/a><\/figure><\/li><li class=\"teft-gallery-item \"><figure><a href=\"https:\/\/hoyre.no\/content\/uploads\/sites\/15\/2023\/04\/20210701_213107-scaled.jpg\" data-size=\"1875x2500\"><img loading=\"lazy\" decoding=\"async\" width=\"768\" height=\"1024\" src=\"https:\/\/hoyre.no\/content\/uploads\/sites\/15\/2023\/04\/20210701_213107-768x1024.jpg\" class=\"attachment-large size-large\" alt=\"\" srcset=\"https:\/\/hoyre.no\/content\/uploads\/sites\/15\/2023\/04\/20210701_213107-768x1024.jpg 768w, https:\/\/hoyre.no\/content\/uploads\/sites\/15\/2023\/04\/20210701_213107-225x300.jpg 225w, https:\/\/hoyre.no\/content\/uploads\/sites\/15\/2023\/04\/20210701_213107-1152x1536.jpg 1152w, https:\/\/hoyre.no\/content\/uploads\/sites\/15\/2023\/04\/20210701_213107-1536x2048.jpg 1536w, https:\/\/hoyre.no\/content\/uploads\/sites\/15\/2023\/04\/20210701_213107-scaled.jpg 1875w\" sizes=\"auto, (max-width: 768px) 100vw, 768px\" \/ data-full-url=\"https:\/\/hoyre.no\/content\/uploads\/sites\/15\/2023\/04\/20210701_213107-scaled.jpg\" data-id=\"763\" data-caption=\"763\"\/><\/a><\/figure><\/li><li class=\"teft-gallery-item \"><figure><a href=\"https:\/\/hoyre.no\/content\/uploads\/sites\/15\/2023\/04\/20210822_162109-scaled.jpg\" data-size=\"1875x2500\"><img loading=\"lazy\" decoding=\"async\" width=\"768\" height=\"1024\" src=\"https:\/\/hoyre.no\/content\/uploads\/sites\/15\/2023\/04\/20210822_162109-768x1024.jpg\" class=\"attachment-large size-large\" alt=\"\" srcset=\"https:\/\/hoyre.no\/content\/uploads\/sites\/15\/2023\/04\/20210822_162109-768x1024.jpg 768w, https:\/\/hoyre.no\/content\/uploads\/sites\/15\/2023\/04\/20210822_162109-225x300.jpg 225w, https:\/\/hoyre.no\/content\/uploads\/sites\/15\/2023\/04\/20210822_162109-1152x1536.jpg 1152w, https:\/\/hoyre.no\/content\/uploads\/sites\/15\/2023\/04\/20210822_162109-1536x2048.jpg 1536w, https:\/\/hoyre.no\/content\/uploads\/sites\/15\/2023\/04\/20210822_162109-scaled.jpg 1875w\" sizes=\"auto, (max-width: 768px) 100vw, 768px\" \/ data-full-url=\"https:\/\/hoyre.no\/content\/uploads\/sites\/15\/2023\/04\/20210822_162109-scaled.jpg\" data-id=\"765\" data-caption=\"765\"\/><\/a><\/figure><\/li><li class=\"teft-gallery-item \"><figure><a href=\"https:\/\/hoyre.no\/content\/uploads\/sites\/15\/2023\/04\/20210808_170657-scaled.jpg\" data-size=\"1875x2500\"><img loading=\"lazy\" decoding=\"async\" width=\"768\" height=\"1024\" src=\"https:\/\/hoyre.no\/content\/uploads\/sites\/15\/2023\/04\/20210808_170657-768x1024.jpg\" class=\"attachment-large size-large\" alt=\"\" srcset=\"https:\/\/hoyre.no\/content\/uploads\/sites\/15\/2023\/04\/20210808_170657-768x1024.jpg 768w, https:\/\/hoyre.no\/content\/uploads\/sites\/15\/2023\/04\/20210808_170657-225x300.jpg 225w, https:\/\/hoyre.no\/content\/uploads\/sites\/15\/2023\/04\/20210808_170657-1152x1536.jpg 1152w, https:\/\/hoyre.no\/content\/uploads\/sites\/15\/2023\/04\/20210808_170657-1536x2048.jpg 1536w, https:\/\/hoyre.no\/content\/uploads\/sites\/15\/2023\/04\/20210808_170657-scaled.jpg 1875w\" sizes=\"auto, (max-width: 768px) 100vw, 768px\" \/ data-full-url=\"https:\/\/hoyre.no\/content\/uploads\/sites\/15\/2023\/04\/20210808_170657-scaled.jpg\" data-id=\"764\" data-caption=\"764\"\/><\/a><\/figure><\/li><\/ul><\/figure>\n<\/div>\n<\/div>\n\n\n\n<div class=\"wp-block-hoyre-banner undefined\"><div class=\"banner-inner\"><div class=\"banner-content\"><div class=\"entry-content\">\n<p class=\"has-text-align-left\"><strong>Bakgrunn:<\/strong> Bachelor i sammenliknende politikk p\u00e5 Universitetet i Bergen. Har v\u00e6rt aktiv i politikken hele sitt voksne liv, men har ogs\u00e5 jobbet som daglig leder i Boligmentoren, Norges Huseierforbund f\u00f8r hun ble gruppeleder i 2015.<\/p>\n\n\n\n<p class=\"has-text-align-left\"><strong>Politisk erfaring:<\/strong> Vararepresentant i Bystyret i Bergen fra 1999-2001. Fylkestingsrepresentant fra 2013 til idag, og fylkesutvalgsmedlem fra 2015 til idag. Stortingsrepresentant for Hordaland fra 2001-2005.<\/p>\n\n\n\n<p class=\"has-text-align-left\"><strong>Hvorfor meldte du deg inn i H\u00f8yre?<\/strong> Det begynte med et stort engasjement for norsk EU-medlemsskap. I tillegg var skolepolitikk viktig for meg, og der mente jeg at H\u00f8yre hadde de beste l\u00f8sningene.<\/p>\n\n\n\n<div class=\"wp-block-buttons is-layout-flex wp-block-buttons-is-layout-flex\"><\/div>\n<\/div><\/div><\/div><\/div>\n\n\n\n<div class=\"wp-block-columns are-vertically-aligned-center is-layout-flex wp-container-core-columns-is-layout-9d6595d7 wp-block-columns-is-layout-flex\">\n<div class=\"wp-block-column is-vertically-aligned-center is-layout-flow wp-block-column-is-layout-flow\" style=\"flex-basis:100%\">\n<figure class=\"wp-block-teft-gallery columns-3 count-3 rows-2 is-cropped is-style-grid\"><ul class=\"teft-gallery-grid\"><li class=\"teft-gallery-item \"><figure><a href=\"https:\/\/hoyre.no\/content\/uploads\/sites\/15\/2023\/04\/20210904_122601-scaled.jpg\" data-size=\"1875x2500\"><img loading=\"lazy\" decoding=\"async\" width=\"768\" height=\"1024\" src=\"https:\/\/hoyre.no\/content\/uploads\/sites\/15\/2023\/04\/20210904_122601-768x1024.jpg\" class=\"attachment-large size-large\" alt=\"\" srcset=\"https:\/\/hoyre.no\/content\/uploads\/sites\/15\/2023\/04\/20210904_122601-768x1024.jpg 768w, https:\/\/hoyre.no\/content\/uploads\/sites\/15\/2023\/04\/20210904_122601-225x300.jpg 225w, https:\/\/hoyre.no\/content\/uploads\/sites\/15\/2023\/04\/20210904_122601-1152x1536.jpg 1152w, https:\/\/hoyre.no\/content\/uploads\/sites\/15\/2023\/04\/20210904_122601-1536x2048.jpg 1536w, https:\/\/hoyre.no\/content\/uploads\/sites\/15\/2023\/04\/20210904_122601-scaled.jpg 1875w\" sizes=\"auto, (max-width: 768px) 100vw, 768px\" \/ data-full-url=\"https:\/\/hoyre.no\/content\/uploads\/sites\/15\/2023\/04\/20210904_122601-scaled.jpg\" data-id=\"762\" data-caption=\"762\"\/><\/a><\/figure><\/li><li class=\"teft-gallery-item \"><figure><a href=\"https:\/\/hoyre.no\/content\/uploads\/sites\/15\/2023\/04\/70575234_3546349852057949_8551572515342778368_n.jpg\" data-size=\"1193x2048\"><img loading=\"lazy\" decoding=\"async\" width=\"597\" height=\"1024\" src=\"https:\/\/hoyre.no\/content\/uploads\/sites\/15\/2023\/04\/70575234_3546349852057949_8551572515342778368_n-597x1024.jpg\" class=\"attachment-large size-large\" alt=\"\" srcset=\"https:\/\/hoyre.no\/content\/uploads\/sites\/15\/2023\/04\/70575234_3546349852057949_8551572515342778368_n-597x1024.jpg 597w, https:\/\/hoyre.no\/content\/uploads\/sites\/15\/2023\/04\/70575234_3546349852057949_8551572515342778368_n-175x300.jpg 175w, https:\/\/hoyre.no\/content\/uploads\/sites\/15\/2023\/04\/70575234_3546349852057949_8551572515342778368_n-768x1318.jpg 768w, https:\/\/hoyre.no\/content\/uploads\/sites\/15\/2023\/04\/70575234_3546349852057949_8551572515342778368_n-895x1536.jpg 895w, https:\/\/hoyre.no\/content\/uploads\/sites\/15\/2023\/04\/70575234_3546349852057949_8551572515342778368_n.jpg 1193w\" sizes=\"auto, (max-width: 597px) 100vw, 597px\" \/ data-full-url=\"https:\/\/hoyre.no\/content\/uploads\/sites\/15\/2023\/04\/70575234_3546349852057949_8551572515342778368_n.jpg\" data-id=\"759\" data-caption=\"759\"\/><\/a><\/figure><\/li><li class=\"teft-gallery-item \"><figure><a href=\"https:\/\/hoyre.no\/content\/uploads\/sites\/15\/2023\/04\/219688861_10158400756006051_152900697641191929_n.jpg\" data-size=\"1440x1372\"><img loading=\"lazy\" decoding=\"async\" width=\"1024\" height=\"976\" src=\"https:\/\/hoyre.no\/content\/uploads\/sites\/15\/2023\/04\/219688861_10158400756006051_152900697641191929_n-1024x976.jpg\" class=\"attachment-large size-large\" alt=\"\" srcset=\"https:\/\/hoyre.no\/content\/uploads\/sites\/15\/2023\/04\/219688861_10158400756006051_152900697641191929_n-1024x976.jpg 1024w, https:\/\/hoyre.no\/content\/uploads\/sites\/15\/2023\/04\/219688861_10158400756006051_152900697641191929_n-300x286.jpg 300w, https:\/\/hoyre.no\/content\/uploads\/sites\/15\/2023\/04\/219688861_10158400756006051_152900697641191929_n-768x732.jpg 768w, https:\/\/hoyre.no\/content\/uploads\/sites\/15\/2023\/04\/219688861_10158400756006051_152900697641191929_n.jpg 1440w\" sizes=\"auto, (max-width: 1024px) 100vw, 1024px\" \/ data-full-url=\"https:\/\/hoyre.no\/content\/uploads\/sites\/15\/2023\/04\/219688861_10158400756006051_152900697641191929_n.jpg\" data-id=\"758\" data-caption=\"758\"\/><\/a><\/figure><\/li><\/ul><\/figure>\n<\/div>\n<\/div>\n\n\n\t<div class=\"wp-block-teft-cards alignwide teft-cards-grid default-size-3\">\n\t\t\t<\/div>\n\t<\/div>\n<\/div>\n\n\n\n<div class=\"wp-block-hoyre-banner undefined\"><div class=\"banner-inner\"><div class=\"banner-content\"><div class=\"entry-content\">\n<p class=\"has-text-align-left\"><strong>Hva gj\u00f8r deg skikkelig glad, og hva provoserer deg? <\/strong>Det \u00e5 m\u00f8te en logrende hund n\u00e5r jeg kommer hjem er noe som gj\u00f8r meg veldig glad. Ellers syns jeg det er veldig kjekt n\u00e5r vi f\u00e5r nye medlemmer i H\u00f8yre. Urettferdighet og urimelighet provoserer meg.<\/p>\n\n\n\n<p class=\"has-text-align-left\"><strong>Fritidsinteresser?<\/strong> Det \u00e5 g\u00e5 p\u00e5 tur med hunden min og skjemme ham bort kan vel kalles en fritidsinteresse? Ellers liker jeg \u00e5 v\u00e6re p\u00e5 hytten med familien, lese en god bok og reise p\u00e5 tur med familien eller venner.<\/p>\n<\/div><\/div><\/div><\/div>\n\n\n\n<figure class=\"wp-block-teft-gallery columns-3 count-3 rows-2 is-cropped\"><ul class=\"teft-gallery-grid\"><li class=\"teft-gallery-item \"><figure><a href=\"https:\/\/hoyre.no\/content\/uploads\/sites\/15\/2023\/01\/D6A3572-2-scaled.jpg\" data-size=\"2500x1667\"><img loading=\"lazy\" decoding=\"async\" width=\"1024\" height=\"683\" src=\"https:\/\/hoyre.no\/content\/uploads\/sites\/15\/2023\/01\/D6A3572-2-1024x683.jpg\" class=\"attachment-large size-large\" alt=\"\" srcset=\"https:\/\/hoyre.no\/content\/uploads\/sites\/15\/2023\/01\/D6A3572-2-1024x683.jpg 1024w, https:\/\/hoyre.no\/content\/uploads\/sites\/15\/2023\/01\/D6A3572-2-300x200.jpg 300w, https:\/\/hoyre.no\/content\/uploads\/sites\/15\/2023\/01\/D6A3572-2-768x512.jpg 768w, https:\/\/hoyre.no\/content\/uploads\/sites\/15\/2023\/01\/D6A3572-2-1536x1024.jpg 1536w, https:\/\/hoyre.no\/content\/uploads\/sites\/15\/2023\/01\/D6A3572-2-2048x1365.jpg 2048w\" sizes=\"auto, (max-width: 1024px) 100vw, 1024px\" \/ data-full-url=\"https:\/\/hoyre.no\/content\/uploads\/sites\/15\/2023\/01\/D6A3572-2-scaled.jpg\" data-id=\"651\" data-caption=\"651\"\/><\/a><\/figure><\/li><li class=\"teft-gallery-item \"><figure><a href=\"https:\/\/hoyre.no\/content\/uploads\/sites\/15\/2023\/03\/568A5836-2-scaled.jpg\" data-size=\"2500x1667\"><img loading=\"lazy\" decoding=\"async\" width=\"1024\" height=\"683\" src=\"https:\/\/hoyre.no\/content\/uploads\/sites\/15\/2023\/03\/568A5836-2-1024x683.jpg\" class=\"attachment-large size-large\" alt=\"Bilde av Erna Solberg og Silja Ekeland Bj\u00f8rkly\" srcset=\"https:\/\/hoyre.no\/content\/uploads\/sites\/15\/2023\/03\/568A5836-2-1024x683.jpg 1024w, https:\/\/hoyre.no\/content\/uploads\/sites\/15\/2023\/03\/568A5836-2-300x200.jpg 300w, https:\/\/hoyre.no\/content\/uploads\/sites\/15\/2023\/03\/568A5836-2-768x512.jpg 768w, https:\/\/hoyre.no\/content\/uploads\/sites\/15\/2023\/03\/568A5836-2-1536x1025.jpg 1536w, https:\/\/hoyre.no\/content\/uploads\/sites\/15\/2023\/03\/568A5836-2-2048x1366.jpg 2048w\" sizes=\"auto, (max-width: 1024px) 100vw, 1024px\" \/ data-full-url=\"https:\/\/hoyre.no\/content\/uploads\/sites\/15\/2023\/03\/568A5836-2-scaled.jpg\" data-id=\"699\" data-caption=\"699\"\/><\/a><\/figure><\/li><li class=\"teft-gallery-item \"><figure><a href=\"https:\/\/hoyre.no\/content\/uploads\/sites\/15\/2023\/04\/52770889090_466a339547_o-scaled.jpg\" data-size=\"2500x1667\"><img loading=\"lazy\" decoding=\"async\" width=\"1024\" height=\"683\" src=\"https:\/\/hoyre.no\/content\/uploads\/sites\/15\/2023\/04\/52770889090_466a339547_o-1024x683.jpg\" class=\"attachment-large size-large\" alt=\"\" srcset=\"https:\/\/hoyre.no\/content\/uploads\/sites\/15\/2023\/04\/52770889090_466a339547_o-1024x683.jpg 1024w, https:\/\/hoyre.no\/content\/uploads\/sites\/15\/2023\/04\/52770889090_466a339547_o-300x200.jpg 300w, https:\/\/hoyre.no\/content\/uploads\/sites\/15\/2023\/04\/52770889090_466a339547_o-768x512.jpg 768w, https:\/\/hoyre.no\/content\/uploads\/sites\/15\/2023\/04\/52770889090_466a339547_o-1536x1024.jpg 1536w, https:\/\/hoyre.no\/content\/uploads\/sites\/15\/2023\/04\/52770889090_466a339547_o-2048x1365.jpg 2048w\" sizes=\"auto, (max-width: 1024px) 100vw, 1024px\" \/ data-full-url=\"https:\/\/hoyre.no\/content\/uploads\/sites\/15\/2023\/04\/52770889090_466a339547_o-scaled.jpg\" data-id=\"768\" data-caption=\"768\"\/><\/a><\/figure><\/li><\/ul><\/figure>\n","protected":false},"excerpt":{"rendered":"","protected":false},"author":464,"featured_media":0,"parent":0,"menu_order":0,"comment_status":"closed","ping_status":"closed","template":"","meta":{"teft_cards_image_url":"","teft_cards_custom_pretitle":"","teft_cards_image_id":943,"teft_cards_image_focal_point_x":0.5,"teft_cards_image_focal_point_y":0.5,"teft_cards_title":"","teft_cards_excerpt":"","teft_show_chapters":false,"footnotes":""},"class_list":["post-750","page","type-page","status-publish","hentry"],"yoast_head":"<!-- This site is optimized with the Yoast SEO plugin v26.6 - https:\/\/yoast.com\/wordpress\/plugins\/seo\/ -->\n<title>Silja Ekeland Bj\u00f8rkly- gruppeleder - Vestland H\u00f8gre<\/title>\n<meta name=\"description\" content=\"Bli bedre kjent med gruppeleder i Vestland H\u00f8gre, Silja Ekeland Bj\u00f8rkly.\" \/>\n<meta name=\"robots\" content=\"index, follow, max-snippet:-1, max-image-preview:large, max-video-preview:-1\" \/>\n<link rel=\"canonical\" href=\"https:\/\/hoyre.no\/vestland\/silja-ekeland-bjorkly-var-fylkesordforerkandidat\/\" \/>\n<meta property=\"og:locale\" content=\"nb_NO\" \/>\n<meta property=\"og:type\" content=\"article\" \/>\n<meta property=\"og:title\" content=\"Silja Ekeland Bj\u00f8rkly- gruppeleder - Vestland H\u00f8gre\" \/>\n<meta property=\"og:description\" content=\"Bli bedre kjent med gruppeleder i Vestland H\u00f8gre, Silja Ekeland Bj\u00f8rkly.\" \/>\n<meta property=\"og:url\" content=\"https:\/\/hoyre.no\/vestland\/silja-ekeland-bjorkly-var-fylkesordforerkandidat\/\" \/>\n<meta property=\"og:site_name\" content=\"Vestland H\u00f8gre\" \/>\n<meta property=\"article:modified_time\" content=\"2025-02-14T11:25:17+00:00\" \/>\n<meta property=\"og:image\" content=\"https:\/\/hoyre.no\/content\/uploads\/sites\/15\/2023\/05\/Silja-best-11-min-fav-1024x683.jpg\" \/>\n<meta name=\"twitter:card\" content=\"summary_large_image\" \/>\n<meta name=\"twitter:label1\" content=\"Ansl. lesetid\" \/>\n\t<meta name=\"twitter:data1\" content=\"2 minutter\" \/>\n<script type=\"application\/ld+json\" class=\"yoast-schema-graph\">{\"@context\":\"https:\/\/schema.org\",\"@graph\":[{\"@type\":\"WebPage\",\"@id\":\"https:\/\/hoyre.no\/vestland\/silja-ekeland-bjorkly-var-fylkesordforerkandidat\/\",\"url\":\"https:\/\/hoyre.no\/vestland\/silja-ekeland-bjorkly-var-fylkesordforerkandidat\/\",\"name\":\"Silja Ekeland Bj\u00f8rkly- gruppeleder - Vestland H\u00f8gre\",\"isPartOf\":{\"@id\":\"https:\/\/hoyre.no\/vestland\/#website\"},\"datePublished\":\"2023-04-11T19:20:23+00:00\",\"dateModified\":\"2025-02-14T11:25:17+00:00\",\"description\":\"Bli bedre kjent med gruppeleder i Vestland H\u00f8gre, Silja Ekeland Bj\u00f8rkly.\",\"breadcrumb\":{\"@id\":\"https:\/\/hoyre.no\/vestland\/silja-ekeland-bjorkly-var-fylkesordforerkandidat\/#breadcrumb\"},\"inLanguage\":\"nb-NO\",\"potentialAction\":[{\"@type\":\"ReadAction\",\"target\":[\"https:\/\/hoyre.no\/vestland\/silja-ekeland-bjorkly-var-fylkesordforerkandidat\/\"]}]},{\"@type\":\"BreadcrumbList\",\"@id\":\"https:\/\/hoyre.no\/vestland\/silja-ekeland-bjorkly-var-fylkesordforerkandidat\/#breadcrumb\",\"itemListElement\":[{\"@type\":\"ListItem\",\"position\":1,\"name\":\"Til hoyre.no\",\"item\":\"https:\/\/hoyre.no\"},{\"@type\":\"ListItem\",\"position\":2,\"name\":\"Hjem\",\"item\":\"https:\/\/hoyre.no\/vestland\/\"},{\"@type\":\"ListItem\",\"position\":3,\"name\":\"Silja Ekeland Bj\u00f8rkly- gruppeleder\"}]},{\"@type\":\"WebSite\",\"@id\":\"https:\/\/hoyre.no\/vestland\/#website\",\"url\":\"https:\/\/hoyre.no\/vestland\/\",\"name\":\"Vestland H\u00f8gre\",\"description\":\"Bare enda et H\u00f8yres nettsteder-nettsted\",\"inLanguage\":\"nb-NO\"}]}<\/script>\n<!-- \/ Yoast SEO plugin. -->","yoast_head_json":{"title":"Silja Ekeland Bj\u00f8rkly- gruppeleder - Vestland H\u00f8gre","description":"Bli bedre kjent med gruppeleder i Vestland H\u00f8gre, Silja Ekeland Bj\u00f8rkly.","robots":{"index":"index","follow":"follow","max-snippet":"max-snippet:-1","max-image-preview":"max-image-preview:large","max-video-preview":"max-video-preview:-1"},"canonical":"https:\/\/hoyre.no\/vestland\/silja-ekeland-bjorkly-var-fylkesordforerkandidat\/","og_locale":"nb_NO","og_type":"article","og_title":"Silja Ekeland Bj\u00f8rkly- gruppeleder - Vestland H\u00f8gre","og_description":"Bli bedre kjent med gruppeleder i Vestland H\u00f8gre, Silja Ekeland Bj\u00f8rkly.","og_url":"https:\/\/hoyre.no\/vestland\/silja-ekeland-bjorkly-var-fylkesordforerkandidat\/","og_site_name":"Vestland H\u00f8gre","article_modified_time":"2025-02-14T11:25:17+00:00","og_image":[{"url":"https:\/\/hoyre.no\/content\/uploads\/sites\/15\/2023\/05\/Silja-best-11-min-fav-1024x683.jpg","width":"","height":"","type":""}],"twitter_card":"summary_large_image","twitter_misc":{"Ansl. lesetid":"2 minutter"},"schema":{"@context":"https:\/\/schema.org","@graph":[{"@type":"WebPage","@id":"https:\/\/hoyre.no\/vestland\/silja-ekeland-bjorkly-var-fylkesordforerkandidat\/","url":"https:\/\/hoyre.no\/vestland\/silja-ekeland-bjorkly-var-fylkesordforerkandidat\/","name":"Silja Ekeland Bj\u00f8rkly- gruppeleder - Vestland H\u00f8gre","isPartOf":{"@id":"https:\/\/hoyre.no\/vestland\/#website"},"datePublished":"2023-04-11T19:20:23+00:00","dateModified":"2025-02-14T11:25:17+00:00","description":"Bli bedre kjent med gruppeleder i Vestland H\u00f8gre, Silja Ekeland Bj\u00f8rkly.","breadcrumb":{"@id":"https:\/\/hoyre.no\/vestland\/silja-ekeland-bjorkly-var-fylkesordforerkandidat\/#breadcrumb"},"inLanguage":"nb-NO","potentialAction":[{"@type":"ReadAction","target":["https:\/\/hoyre.no\/vestland\/silja-ekeland-bjorkly-var-fylkesordforerkandidat\/"]}]},{"@type":"BreadcrumbList","@id":"https:\/\/hoyre.no\/vestland\/silja-ekeland-bjorkly-var-fylkesordforerkandidat\/#breadcrumb","itemListElement":[{"@type":"ListItem","position":1,"name":"Til hoyre.no","item":"https:\/\/hoyre.no"},{"@type":"ListItem","position":2,"name":"Hjem","item":"https:\/\/hoyre.no\/vestland\/"},{"@type":"ListItem","position":3,"name":"Silja Ekeland Bj\u00f8rkly- gruppeleder"}]},{"@type":"WebSite","@id":"https:\/\/hoyre.no\/vestland\/#website","url":"https:\/\/hoyre.no\/vestland\/","name":"Vestland H\u00f8gre","description":"Bare enda et H\u00f8yres nettsteder-nettsted","inLanguage":"nb-NO"}]}},"distributor_meta":false,"distributor_terms":false,"distributor_media":false,"distributor_original_site_name":"Vestland H\u00f8gre","distributor_original_site_url":"https:\/\/hoyre.no\/vestland","push-errors":false,"_links":{"self":[{"href":"https:\/\/hoyre.no\/vestland\/wp-json\/wp\/v2\/pages\/750","targetHints":{"allow":["GET"]}}],"collection":[{"href":"https:\/\/hoyre.no\/vestland\/wp-json\/wp\/v2\/pages"}],"about":[{"href":"https:\/\/hoyre.no\/vestland\/wp-json\/wp\/v2\/types\/page"}],"author":[{"embeddable":true,"href":"https:\/\/hoyre.no\/vestland\/wp-json\/wp\/v2\/users\/464"}],"replies":[{"embeddable":true,"href":"https:\/\/hoyre.no\/vestland\/wp-json\/wp\/v2\/comments?post=750"}],"version-history":[{"count":22,"href":"https:\/\/hoyre.no\/vestland\/wp-json\/wp\/v2\/pages\/750\/revisions"}],"predecessor-version":[{"id":1295,"href":"https:\/\/hoyre.no\/vestland\/wp-json\/wp\/v2\/pages\/750\/revisions\/1295"}],"wp:attachment":[{"href":"https:\/\/hoyre.no\/vestland\/wp-json\/wp\/v2\/media?parent=750"}],"curies":[{"name":"wp","href":"https:\/\/api.w.org\/{rel}","templated":true}]}}