{"id":1355,"date":"2026-04-20T12:19:47","date_gmt":"2026-04-20T10:19:47","guid":{"rendered":"https:\/\/hoyre.no\/vestland\/?post_type=teft-events&#038;p=1355"},"modified":"2026-04-20T12:22:02","modified_gmt":"2026-04-20T10:22:02","slug":"engasjert-kom-til-stord-4-mai","status":"publish","type":"teft-events","link":"https:\/\/hoyre.no\/vestland\/arrangementer\/engasjert-kom-til-stord-4-mai\/","title":{"rendered":"Engasjert? Kom til Stord 4. mai!"},"content":{"rendered":"\n<div class=\"wp-block-teft-event-top\">\n\n<div class=\"teft-event-date-top\">\n<div class=\"teft-event-date-wrapper\">\n\t<div class=\"date-square\" aria-hidden=\"true\">\n\t\t04\t\t\t<\/div>\n<\/div>\n\t<div class=\"top-text\">\n\t\t\t\t\t<p class=\"top-date-text\">mandag 04. mai 2026<\/p>\n\t\t\t\t\t\t\t<p class=\"top-time-text\">18:00 &#8211; 19:30<\/p>\n\t\t\t\t\t\t<\/div>\n\t\t<div class=\"sharing\">\n\t\t<a class=\"share-button share-link copy-link\" data-copy=\"https:\/\/hoyre.no\/vestland\/arrangementer\/engasjert-kom-til-stord-4-mai\/\" target=\"_blank\"><span class=\"screen-reader-text\">Del link<\/span><\/a>\n\t\t<a class=\"share-button share-twitter\" href=\"http:\/\/twitter.com\/share?text=Engasjert? Kom til Stord 4. mai!&#038;url=https:\/\/hoyre.no\/vestland\/arrangementer\/engasjert-kom-til-stord-4-mai\/&#038;hashtags=Hoyre\" target=\"_blank\"><span class=\"screen-reader-text\">Del p\u00e5 twitter<\/span><\/a>\n\t\t<a class=\"share-button share-facebook\" href=\"https:\/\/www.facebook.com\/sharer\/sharer.php?u=https:\/\/hoyre.no\/vestland\/arrangementer\/engasjert-kom-til-stord-4-mai\/\" target=\"_blank\"><span class=\"screen-reader-text\">Del p\u00e5 facebook<\/span><\/a>\n\t<\/div>\n\t<\/div>\n<p class=\"preamble\">Velkommen til \u00e5pent m\u00f8te den 4.mai kl.18.00 &#8211; 19.30 p\u00e5 Stord. Denne kvelden f\u00e5r du m\u00f8te Erna Solberg, stortingsrepresentant og tidlegare statsminister, saman med Liv Kari Eskeland, 1. vara til Stortinget og Silja Ekeland Bj\u00f8rkly, fylkesleiar og gruppeleiar for H\u00f8gre i Vestland. Vi vonar \u00e5 sj\u00e5 deg! <\/p><figure class=\"hoyre-image-wrapper\"><div class=\"hoyre-image\"><img loading=\"lazy\" decoding=\"async\" width=\"1920\" height=\"1080\" src=\"https:\/\/hoyre.no\/content\/uploads\/sites\/15\/2026\/04\/Engasjert-Vi-treng-fleire-kvinner-i-poltikken.png\" class=\"attachment-scaled size-scaled\" alt=\"\" style=\"object-position: 50% 50%\" srcset=\"https:\/\/hoyre.no\/content\/uploads\/sites\/15\/2026\/04\/Engasjert-Vi-treng-fleire-kvinner-i-poltikken.png 1920w, https:\/\/hoyre.no\/content\/uploads\/sites\/15\/2026\/04\/Engasjert-Vi-treng-fleire-kvinner-i-poltikken-300x169.png 300w, https:\/\/hoyre.no\/content\/uploads\/sites\/15\/2026\/04\/Engasjert-Vi-treng-fleire-kvinner-i-poltikken-1024x576.png 1024w, https:\/\/hoyre.no\/content\/uploads\/sites\/15\/2026\/04\/Engasjert-Vi-treng-fleire-kvinner-i-poltikken-768x432.png 768w, https:\/\/hoyre.no\/content\/uploads\/sites\/15\/2026\/04\/Engasjert-Vi-treng-fleire-kvinner-i-poltikken-1536x864.png 1536w\" sizes=\"auto, (max-width: 1920px) 100vw, 1920px\" \/><\/div><\/figure>\n\n<div class=\"wp-block wp-block-teft-event-registration-button\">\n\t<div class=\"registration-button-wrapper\">\n\t\t\t<a href=\"https:\/\/docs.google.com\/forms\/d\/e\/1FAIpQLSd90s-npYqTrbFFj7sS9hxFdhFzCU9K7zWMEsmQ6yw4Zrv1rw\/viewform?usp=header\" class=\"wp-block-button__link\">Meld deg p\u00e5 her<\/a>\n\t\t\t\t\n\t<\/div>\n<\/div>\n\n<div class=\"panel teft-details-panel\">\n\t\t<h3>Detaljer<\/h3>\n\n\t\t\t\t\t<dl class=\"info-misc-with-icons\">\n\t\t\t\t<dt class=\"venue\"><span class=\"screen-reader-text\">Stedet<\/span><\/dt>\n\t\t\t\t<dd>\n\t\t\t\t\t\t\t\t\t\t<a href=\"https:\/\/www.google.com\/maps\/dir\/Bergen+busstasjon,+5015+Bergen\/Vabakkjen+6,+5411+Stord\/@60.0806565,4.7617494,9z\/data=!3m1!4b1!4m13!4m12!1m5!1m1!1s0x463cfeac35fdabf5:0x967251ff78b06e8!2m2!1d5.33386!2d60.38811!1m5!1m1!1s0x463c79280fde1abf:0x976e92bd6f26effb!2m2!1d5.4847747!2d59.7738447?entry=ttu&#038;g_ep=EgoyMDI2MDQxNS4wIKXMDSoASAFQAw%3D%3D\">Atheno, Vabakkjen 6 (5411 Stord)<\/a>\n\t\t\t\t\t\t\t\t\t\t\t\t\t\t<\/dd>\n\t\t\t<\/dl>\n\t\t\t\t\t\t\t<dl class=\"info-misc-with-icons\">\n\t\t<dt class=\"time\"><span class=\"screen-reader-text\">Arrangement dato<\/span><\/dt>\n\t\t<dd class=\"time\">\n\t\t\tman 4. mai 2026 fra  18:00 &#8211; 19:30\t\t<\/dd>\n\t<\/dl>\n\t\t\t\t\t\t<dl class=\"info-misc-with-icons\">\n\t\t<dt class=\"registration\"><span class=\"screen-reader-text\">P\u00e5meldingsdetajer<\/span><\/dt>\n\t\t<dd class=\"registration\">\n\t\t\tGratis \t\t\t\t\t\t\t<a href=\"https:\/\/docs.google.com\/forms\/d\/e\/1FAIpQLSd90s-npYqTrbFFj7sS9hxFdhFzCU9K7zWMEsmQ6yw4Zrv1rw\/viewform?usp=header\">Registrer<\/a>\n\t\t\t\t\t<\/dd>\n\t<\/dl>\n\t\t<\/dl>\n<\/div>\n<\/div>\n\n\n\n\n<h2 class=\"wp-block-heading\">Informasjon<\/h2>\n\n\n\n<p>Vil du vere med og p\u00e5verke og lurer p\u00e5 korleis du kan bidra?<\/p>\n\n\n\n<p>Bli med p\u00e5 arrangementet \u00abEngasjert? Vi treng fleire kvinner i politikken! \u00bb m\u00e5ndag 4. mai kl. 18.00\u201319.30.<\/p>\n\n\n\n<p>Denne kvelden f\u00e5r du m\u00f8te Erna Solberg, stortingsrepresentant og tidlegare statsminister, saman med Liv Kari Eskeland, 1. vara til Stortinget og Silja Ekeland Bj\u00f8rkly, fylkesleiar og gruppeleiar for H\u00f8gre i Vestland.<\/p>\n\n\n\n<p>Kvelden blir stappa med gode innlegg, panelsamtale og noko \u00e5 bite i.<\/p>\n\n\n\n<p>Har du eit engasjement for lokalsamfunnet ditt? Sm\u00e5 eller store saker \u2013 di stemme betyr noko. Vi treng deg!<\/p>\n\n\n\n<p>Ta med ei venninne eller to, mannen eller naboen. Me sj\u00e5ast den 4. mai!<\/p>\n\n\n\n<figure class=\"wp-block-image size-large\"><img loading=\"lazy\" decoding=\"async\" width=\"1024\" height=\"576\" src=\"https:\/\/hoyre.no\/content\/uploads\/sites\/15\/2026\/04\/Engasjert-Vi-treng-fleire-kvinner-i-poltikken-1-1024x576.png\" alt=\"\" class=\"wp-image-1357\" srcset=\"https:\/\/hoyre.no\/content\/uploads\/sites\/15\/2026\/04\/Engasjert-Vi-treng-fleire-kvinner-i-poltikken-1-1024x576.png 1024w, https:\/\/hoyre.no\/content\/uploads\/sites\/15\/2026\/04\/Engasjert-Vi-treng-fleire-kvinner-i-poltikken-1-300x169.png 300w, https:\/\/hoyre.no\/content\/uploads\/sites\/15\/2026\/04\/Engasjert-Vi-treng-fleire-kvinner-i-poltikken-1-768x432.png 768w, https:\/\/hoyre.no\/content\/uploads\/sites\/15\/2026\/04\/Engasjert-Vi-treng-fleire-kvinner-i-poltikken-1-1536x864.png 1536w, https:\/\/hoyre.no\/content\/uploads\/sites\/15\/2026\/04\/Engasjert-Vi-treng-fleire-kvinner-i-poltikken-1.png 1920w\" sizes=\"auto, (max-width: 1024px) 100vw, 1024px\" \/><\/figure>\n\n\n<div class=\"post-meta wp-block\">\n\t<div class=\"top\">\n\t\t<div class=\"sharing\">\n\t\t\t<a class=\"share-button share-link\" target=\"_blank\"><span class=\"screen-reader-text\">Del link<\/span><\/a>\n\t\t\t<a class=\"share-button share-twitter\" href=\"http:\/\/twitter.com\/share?text=Engasjert? Kom til Stord 4. mai!&#038;url=https:\/\/hoyre.no\/vestland\/arrangementer\/engasjert-kom-til-stord-4-mai\/&#038;hashtags=Hoyre\"><span class=\"screen-reader-text\">Del p\u00e5 twitter<\/span><\/a>\n\t\t\t<a class=\"share-button share-facebook\" href=\"https:\/\/www.facebook.com\/sharer\/sharer.php?u=https:\/\/hoyre.no\/vestland\/arrangementer\/engasjert-kom-til-stord-4-mai\/\" target=\"_blank\"><span class=\"screen-reader-text\">Del p\u00e5 facebook<\/span><\/a>\n\t\t<\/div>\n\t<\/div>\n<\/div>\n","protected":false},"template":"","meta":{"teft_cards_image_url":"","teft_cards_custom_pretitle":"","teft_cards_image_id":1357,"teft_cards_image_focal_point_x":0.5,"teft_cards_image_focal_point_y":0.5,"teft_cards_title":"","teft_cards_excerpt":"","teft_show_chapters":false,"event_organizer":[],"event_start_date":"2026-05-04T18:00:00","event_end_date":"2026-05-04T19:30:00","event_registration_url":"https:\/\/docs.google.com\/forms\/d\/e\/1FAIpQLSd90s-npYqTrbFFj7sS9hxFdhFzCU9K7zWMEsmQ6yw4Zrv1rw\/viewform?usp=header","event_registration_deadline":"","event_ticket_cost":"Gratis ","event_venue_name":"Atheno, Vabakkjen 6 (5411 Stord)","event_venue_url":"https:\/\/www.google.com\/maps\/dir\/Bergen+busstasjon,+5015+Bergen\/Vabakkjen+6,+5411+Stord\/@60.0806565,4.7617494,9z\/data=!3m1!4b1!4m13!4m12!1m5!1m1!1s0x463cfeac35fdabf5:0x967251ff78b06e8!2m2!1d5.33386!2d60.38811!1m5!1m1!1s0x463c79280fde1abf:0x976e92bd6f26effb!2m2!1d5.4847747!2d59.7738447?entry=ttu&g_ep=EgoyMDI2MDQxNS4wIKXMDSoASAFQAw%3D%3D","event_venue_address":""},"teft-events-category":[],"class_list":["post-1355","teft-events","type-teft-events","status-publish","hentry"],"yoast_head":"<!-- This site is optimized with the Yoast SEO plugin v26.6 - https:\/\/yoast.com\/wordpress\/plugins\/seo\/ -->\n<title>Engasjert? Kom til Stord 4. mai! - Vestland H\u00f8gre<\/title>\n<meta name=\"robots\" content=\"index, follow, max-snippet:-1, max-image-preview:large, max-video-preview:-1\" \/>\n<link rel=\"canonical\" href=\"https:\/\/hoyre.no\/vestland\/arrangementer\/engasjert-kom-til-stord-4-mai\/\" \/>\n<meta property=\"og:locale\" content=\"nb_NO\" \/>\n<meta property=\"og:type\" content=\"article\" \/>\n<meta property=\"og:title\" content=\"Engasjert? Kom til Stord 4. mai! - Vestland H\u00f8gre\" \/>\n<meta property=\"og:url\" content=\"https:\/\/hoyre.no\/vestland\/arrangementer\/engasjert-kom-til-stord-4-mai\/\" \/>\n<meta property=\"og:site_name\" content=\"Vestland H\u00f8gre\" \/>\n<meta property=\"article:modified_time\" content=\"2026-04-20T10:22:02+00:00\" \/>\n<meta property=\"og:image\" content=\"https:\/\/hoyre.no\/content\/uploads\/sites\/15\/2026\/04\/Engasjert-Vi-treng-fleire-kvinner-i-poltikken-1-1024x576.png\" \/>\n<meta name=\"twitter:card\" content=\"summary_large_image\" \/>\n<meta name=\"twitter:label1\" content=\"Ansl. lesetid\" \/>\n\t<meta name=\"twitter:data1\" content=\"2 minutter\" \/>\n<script type=\"application\/ld+json\" class=\"yoast-schema-graph\">{\"@context\":\"https:\/\/schema.org\",\"@graph\":[{\"@type\":\"WebPage\",\"@id\":\"https:\/\/hoyre.no\/vestland\/arrangementer\/engasjert-kom-til-stord-4-mai\/\",\"url\":\"https:\/\/hoyre.no\/vestland\/arrangementer\/engasjert-kom-til-stord-4-mai\/\",\"name\":\"Engasjert? Kom til Stord 4. mai! - Vestland H\u00f8gre\",\"isPartOf\":{\"@id\":\"https:\/\/hoyre.no\/vestland\/#website\"},\"image\":{\"@id\":\"https:\/\/hoyre.no\/vestland\/arrangementer\/engasjert-kom-til-stord-4-mai\/#primaryimage\"},\"thumbnailUrl\":\"https:\/\/hoyre.no\/content\/uploads\/sites\/15\/2026\/04\/Engasjert-Vi-treng-fleire-kvinner-i-poltikken-1-1024x576.png\",\"datePublished\":\"2026-04-20T10:19:47+00:00\",\"dateModified\":\"2026-04-20T10:22:02+00:00\",\"breadcrumb\":{\"@id\":\"https:\/\/hoyre.no\/vestland\/arrangementer\/engasjert-kom-til-stord-4-mai\/#breadcrumb\"},\"inLanguage\":\"nb-NO\",\"potentialAction\":[{\"@type\":\"ReadAction\",\"target\":[\"https:\/\/hoyre.no\/vestland\/arrangementer\/engasjert-kom-til-stord-4-mai\/\"]}]},{\"@type\":\"ImageObject\",\"inLanguage\":\"nb-NO\",\"@id\":\"https:\/\/hoyre.no\/vestland\/arrangementer\/engasjert-kom-til-stord-4-mai\/#primaryimage\",\"url\":\"https:\/\/hoyre.no\/content\/uploads\/sites\/15\/2026\/04\/Engasjert-Vi-treng-fleire-kvinner-i-poltikken-1-1024x576.png\",\"contentUrl\":\"https:\/\/hoyre.no\/content\/uploads\/sites\/15\/2026\/04\/Engasjert-Vi-treng-fleire-kvinner-i-poltikken-1-1024x576.png\"},{\"@type\":\"BreadcrumbList\",\"@id\":\"https:\/\/hoyre.no\/vestland\/arrangementer\/engasjert-kom-til-stord-4-mai\/#breadcrumb\",\"itemListElement\":[{\"@type\":\"ListItem\",\"position\":1,\"name\":\"Til hoyre.no\",\"item\":\"https:\/\/hoyre.no\"},{\"@type\":\"ListItem\",\"position\":2,\"name\":\"Hjem\",\"item\":\"https:\/\/hoyre.no\/vestland\/\"},{\"@type\":\"ListItem\",\"position\":3,\"name\":\"Arrangement\",\"item\":\"https:\/\/hoyre.no\/vestland\/arrangementer\/\"},{\"@type\":\"ListItem\",\"position\":4,\"name\":\"Engasjert? Kom til Stord 4. mai!\"}]},{\"@type\":\"WebSite\",\"@id\":\"https:\/\/hoyre.no\/vestland\/#website\",\"url\":\"https:\/\/hoyre.no\/vestland\/\",\"name\":\"Vestland H\u00f8gre\",\"description\":\"Bare enda et H\u00f8yres nettsteder-nettsted\",\"inLanguage\":\"nb-NO\"}]}<\/script>\n<!-- \/ Yoast SEO plugin. -->","yoast_head_json":{"title":"Engasjert? Kom til Stord 4. mai! - Vestland H\u00f8gre","robots":{"index":"index","follow":"follow","max-snippet":"max-snippet:-1","max-image-preview":"max-image-preview:large","max-video-preview":"max-video-preview:-1"},"canonical":"https:\/\/hoyre.no\/vestland\/arrangementer\/engasjert-kom-til-stord-4-mai\/","og_locale":"nb_NO","og_type":"article","og_title":"Engasjert? Kom til Stord 4. mai! - Vestland H\u00f8gre","og_url":"https:\/\/hoyre.no\/vestland\/arrangementer\/engasjert-kom-til-stord-4-mai\/","og_site_name":"Vestland H\u00f8gre","article_modified_time":"2026-04-20T10:22:02+00:00","og_image":[{"url":"https:\/\/hoyre.no\/content\/uploads\/sites\/15\/2026\/04\/Engasjert-Vi-treng-fleire-kvinner-i-poltikken-1-1024x576.png","width":"","height":"","type":""}],"twitter_card":"summary_large_image","twitter_misc":{"Ansl. lesetid":"2 minutter"},"schema":{"@context":"https:\/\/schema.org","@graph":[{"@type":"WebPage","@id":"https:\/\/hoyre.no\/vestland\/arrangementer\/engasjert-kom-til-stord-4-mai\/","url":"https:\/\/hoyre.no\/vestland\/arrangementer\/engasjert-kom-til-stord-4-mai\/","name":"Engasjert? Kom til Stord 4. mai! - Vestland H\u00f8gre","isPartOf":{"@id":"https:\/\/hoyre.no\/vestland\/#website"},"image":{"@id":"https:\/\/hoyre.no\/vestland\/arrangementer\/engasjert-kom-til-stord-4-mai\/#primaryimage"},"thumbnailUrl":"https:\/\/hoyre.no\/content\/uploads\/sites\/15\/2026\/04\/Engasjert-Vi-treng-fleire-kvinner-i-poltikken-1-1024x576.png","datePublished":"2026-04-20T10:19:47+00:00","dateModified":"2026-04-20T10:22:02+00:00","breadcrumb":{"@id":"https:\/\/hoyre.no\/vestland\/arrangementer\/engasjert-kom-til-stord-4-mai\/#breadcrumb"},"inLanguage":"nb-NO","potentialAction":[{"@type":"ReadAction","target":["https:\/\/hoyre.no\/vestland\/arrangementer\/engasjert-kom-til-stord-4-mai\/"]}]},{"@type":"ImageObject","inLanguage":"nb-NO","@id":"https:\/\/hoyre.no\/vestland\/arrangementer\/engasjert-kom-til-stord-4-mai\/#primaryimage","url":"https:\/\/hoyre.no\/content\/uploads\/sites\/15\/2026\/04\/Engasjert-Vi-treng-fleire-kvinner-i-poltikken-1-1024x576.png","contentUrl":"https:\/\/hoyre.no\/content\/uploads\/sites\/15\/2026\/04\/Engasjert-Vi-treng-fleire-kvinner-i-poltikken-1-1024x576.png"},{"@type":"BreadcrumbList","@id":"https:\/\/hoyre.no\/vestland\/arrangementer\/engasjert-kom-til-stord-4-mai\/#breadcrumb","itemListElement":[{"@type":"ListItem","position":1,"name":"Til hoyre.no","item":"https:\/\/hoyre.no"},{"@type":"ListItem","position":2,"name":"Hjem","item":"https:\/\/hoyre.no\/vestland\/"},{"@type":"ListItem","position":3,"name":"Arrangement","item":"https:\/\/hoyre.no\/vestland\/arrangementer\/"},{"@type":"ListItem","position":4,"name":"Engasjert? Kom til Stord 4. mai!"}]},{"@type":"WebSite","@id":"https:\/\/hoyre.no\/vestland\/#website","url":"https:\/\/hoyre.no\/vestland\/","name":"Vestland H\u00f8gre","description":"Bare enda et H\u00f8yres nettsteder-nettsted","inLanguage":"nb-NO"}]}},"distributor_meta":false,"distributor_terms":false,"distributor_media":false,"distributor_original_site_name":"Vestland H\u00f8gre","distributor_original_site_url":"https:\/\/hoyre.no\/vestland","push-errors":false,"_links":{"self":[{"href":"https:\/\/hoyre.no\/vestland\/wp-json\/wp\/v2\/teft-events\/1355","targetHints":{"allow":["GET"]}}],"collection":[{"href":"https:\/\/hoyre.no\/vestland\/wp-json\/wp\/v2\/teft-events"}],"about":[{"href":"https:\/\/hoyre.no\/vestland\/wp-json\/wp\/v2\/types\/teft-events"}],"wp:attachment":[{"href":"https:\/\/hoyre.no\/vestland\/wp-json\/wp\/v2\/media?parent=1355"}],"wp:term":[{"taxonomy":"teft-events-category","embeddable":true,"href":"https:\/\/hoyre.no\/vestland\/wp-json\/wp\/v2\/teft-events-category?post=1355"}],"curies":[{"name":"wp","href":"https:\/\/api.w.org\/{rel}","templated":true}]}}