{"id":1364,"date":"2026-04-20T13:35:14","date_gmt":"2026-04-20T11:35:14","guid":{"rendered":"https:\/\/hoyre.no\/vestland\/?post_type=teft-events&#038;p=1364"},"modified":"2026-04-20T13:35:14","modified_gmt":"2026-04-20T11:35:14","slug":"ope-mote-med-ove-trellevik","status":"publish","type":"teft-events","link":"https:\/\/hoyre.no\/vestland\/arrangementer\/ope-mote-med-ove-trellevik\/","title":{"rendered":"Ope m\u00f8te med Ove Trellevik"},"content":{"rendered":"\n<div class=\"wp-block-teft-event-top\">\n\n<div class=\"teft-event-date-top\">\n<div class=\"teft-event-date-wrapper\">\n\t<div class=\"date-square\" aria-hidden=\"true\">\n\t\t27\t\t\t<\/div>\n<\/div>\n\t<div class=\"top-text\">\n\t\t\t\t\t<p class=\"top-date-text\">mandag 27. april 2026<\/p>\n\t\t\t\t\t\t\t<p class=\"top-time-text\">18:00 &#8211; 19:30<\/p>\n\t\t\t\t\t\t<\/div>\n\t\t<div class=\"sharing\">\n\t\t<a class=\"share-button share-link copy-link\" data-copy=\"https:\/\/hoyre.no\/vestland\/arrangementer\/ope-mote-med-ove-trellevik\/\" target=\"_blank\"><span class=\"screen-reader-text\">Del link<\/span><\/a>\n\t\t<a class=\"share-button share-twitter\" href=\"http:\/\/twitter.com\/share?text=Ope m\u00f8te med Ove Trellevik&#038;url=https:\/\/hoyre.no\/vestland\/arrangementer\/ope-mote-med-ove-trellevik\/&#038;hashtags=Hoyre\" target=\"_blank\"><span class=\"screen-reader-text\">Del p\u00e5 twitter<\/span><\/a>\n\t\t<a class=\"share-button share-facebook\" href=\"https:\/\/www.facebook.com\/sharer\/sharer.php?u=https:\/\/hoyre.no\/vestland\/arrangementer\/ope-mote-med-ove-trellevik\/\" target=\"_blank\"><span class=\"screen-reader-text\">Del p\u00e5 facebook<\/span><\/a>\n\t<\/div>\n\t<\/div>\n<p class=\"preamble\">Velkommen til m\u00f8te med stortingsrepresentant Ove Trellevik. Tema for kvelden er samferdsle &#8211; eit viktig tema for Vestland. Her f\u00e5r du h\u00f8ve til \u00e5 h\u00f8yre meir om p\u00e5g\u00e5ande arbeid, framtidige planar og politiske prioriteringar innan veg, transport og infrastruktur. Vel m\u00f8tt! <\/p>\n\n<div class=\"wp-block wp-block-teft-event-registration-button\">\n\t<div class=\"registration-button-wrapper\">\n\t\t\t<a href=\"https:\/\/www.facebook.com\/events\/1644080316714141\/?acontext=%7B%22event_action_history%22%3A[%7B%22mechanism%22%3A%22your_upcoming_events_unit%22%2C%22surface%22%3A%22bookmark%22%7D]%2C%22ref_notif_type%22%3Anull%7D\" class=\"wp-block-button__link\">Meld deg p\u00e5 her<\/a>\n\t\t\t\t\n\t<\/div>\n<\/div>\n\n<div class=\"panel teft-details-panel\">\n\t\t<h3>Detaljer<\/h3>\n\n\t\t\t\t\t<dl class=\"info-misc-with-icons\">\n\t\t\t\t<dt class=\"venue\"><span class=\"screen-reader-text\">Stedet<\/span><\/dt>\n\t\t\t\t<dd>\n\t\t\t\t\t\t\t\t\t\t<a href=\"https:\/\/maps.app.goo.gl\/4ECJ7pGjoZQqESeT9\">Blix Hotell, Vik\u00f8yri <\/a>\n\t\t\t\t\t\t\t\t\t\t\t\t\t\t\t\t<span class=\"address-line-2\">Blix Hotell, Vik\u00f8yri <\/span>\n\t\t\t\t\t\t\t\t\t<\/dd>\n\t\t\t<\/dl>\n\t\t\t\t\t\t\t<dl class=\"info-misc-with-icons\">\n\t\t<dt class=\"time\"><span class=\"screen-reader-text\">Arrangement dato<\/span><\/dt>\n\t\t<dd class=\"time\">\n\t\t\tman 27. april 2026 fra  18:00 &#8211; 19:30\t\t<\/dd>\n\t<\/dl>\n\t\t\t\t\t\t<dl class=\"info-misc-with-icons\">\n\t\t<dt class=\"registration\"><span class=\"screen-reader-text\">P\u00e5meldingsdetajer<\/span><\/dt>\n\t\t<dd class=\"registration\">\n\t\t\tGratis\t\t\t\t\t\t\t<a href=\"https:\/\/www.facebook.com\/events\/1644080316714141\/?acontext=%7B%22event_action_history%22%3A%5B%7B%22mechanism%22%3A%22your_upcoming_events_unit%22%2C%22surface%22%3A%22bookmark%22%7D%5D%2C%22ref_notif_type%22%3Anull%7D\">Registrer<\/a>\n\t\t\t\t\t<\/dd>\n\t<\/dl>\n\t\t<\/dl>\n<\/div>\n<\/div>\n\n\n\n\n<h2 class=\"wp-block-heading\">Informasjon<\/h2>\n\n\n\n<p>Velkomen til ope m\u00f8te med stortingsrepresentant Ove Trellevik!<\/p>\n\n\n\n<p>Tema for kvelden er samferdsle, eit aktuelt tema for b\u00e5de kvardagen og framtida i Vik, og resten av Vestland. Her f\u00e5r du h\u00f8ve til \u00e5 h\u00f8yre meir om p\u00e5g\u00e5ande arbeid, framtidige planar og politiske prioriteringar innan veg, transport og infrastruktur<img loading=\"lazy\" decoding=\"async\" height=\"16\" width=\"16\" alt=\"\ud83d\udee3\ufe0f\" src=\"https:\/\/static.xx.fbcdn.net\/images\/emoji.php\/v9\/tdb\/2\/16\/1f6e3.png\"><img loading=\"lazy\" decoding=\"async\" height=\"16\" width=\"16\" alt=\"\ud83d\udcaa\ud83c\udffb\" src=\"https:\/\/static.xx.fbcdn.net\/images\/emoji.php\/v9\/t46\/2\/16\/1f4aa_1f3fb.png\"><\/p>\n\n\n\n<p>M\u00f8tet er ope for alle som \u00f8nskjer \u00e5 delta, og vi oppmodar b\u00e5de engasjerte innbyggjarar, n\u00e6ringsliv og andre interesserte til \u00e5 m\u00f8te opp. Det blir god moglegheit for \u00e5 stille sp\u00f8rsm\u00e5l, dele erfaringar og komme med innspel direkte til Ove.&nbsp;<\/p>\n\n\n\n<p><img loading=\"lazy\" decoding=\"async\" height=\"16\" width=\"16\" alt=\"\ud83d\udccd\" src=\"https:\/\/static.xx.fbcdn.net\/images\/emoji.php\/v9\/tcc\/2\/16\/1f4cd.png\">Stad: Blix Hotell (Sentrumsgata 44, 6893 Vik\u00f8yri)&nbsp;<br><img loading=\"lazy\" decoding=\"async\" height=\"16\" width=\"16\" alt=\"\ud83d\uddd3\ufe0f\" src=\"https:\/\/static.xx.fbcdn.net\/images\/emoji.php\/v9\/tfb\/2\/16\/1f5d3.png\">Dato: 27. april&nbsp;<br><img loading=\"lazy\" decoding=\"async\" height=\"16\" width=\"16\" alt=\"\u23f0\" src=\"https:\/\/static.xx.fbcdn.net\/images\/emoji.php\/v9\/tb5\/2\/16\/23f0.png\">Tid: Klokka 18.00 &#8211; 19.30<\/p>\n\n\n\n<p>Har du sp\u00f8rsm\u00e5l i forkant av m\u00f8tet, kan varaordf\u00f8rar Marta Vange kontaktast.<\/p>\n\n\n\n<p>Vel m\u00f8tt!<\/p>\n\n\n<div class=\"post-meta wp-block\">\n\t<div class=\"top\">\n\t\t<div class=\"sharing\">\n\t\t\t<a class=\"share-button share-link\" target=\"_blank\"><span class=\"screen-reader-text\">Del link<\/span><\/a>\n\t\t\t<a class=\"share-button share-twitter\" href=\"http:\/\/twitter.com\/share?text=Ope m\u00f8te med Ove Trellevik&#038;url=https:\/\/hoyre.no\/vestland\/arrangementer\/ope-mote-med-ove-trellevik\/&#038;hashtags=Hoyre\"><span class=\"screen-reader-text\">Del p\u00e5 twitter<\/span><\/a>\n\t\t\t<a class=\"share-button share-facebook\" href=\"https:\/\/www.facebook.com\/sharer\/sharer.php?u=https:\/\/hoyre.no\/vestland\/arrangementer\/ope-mote-med-ove-trellevik\/\" target=\"_blank\"><span class=\"screen-reader-text\">Del p\u00e5 facebook<\/span><\/a>\n\t\t<\/div>\n\t<\/div>\n<\/div>\n","protected":false},"template":"","meta":{"teft_cards_image_url":"","teft_cards_custom_pretitle":"","teft_cards_image_id":1361,"teft_cards_image_focal_point_x":0.49,"teft_cards_image_focal_point_y":0.52,"teft_cards_title":"","teft_cards_excerpt":"","teft_show_chapters":false,"event_organizer":[],"event_start_date":"2026-04-27T18:00:00","event_end_date":"2026-04-27T19:30:00","event_registration_url":"https:\/\/www.facebook.com\/events\/1644080316714141\/?acontext=%7B%22event_action_history%22%3A[%7B%22mechanism%22%3A%22your_upcoming_events_unit%22%2C%22surface%22%3A%22bookmark%22%7D]%2C%22ref_notif_type%22%3Anull%7D","event_registration_deadline":"","event_ticket_cost":"Gratis","event_venue_name":"Blix Hotell, Vik\u00f8yri ","event_venue_url":"https:\/\/maps.app.goo.gl\/4ECJ7pGjoZQqESeT9","event_venue_address":"Blix Hotell, Vik\u00f8yri "},"teft-events-category":[],"class_list":["post-1364","teft-events","type-teft-events","status-publish","hentry"],"yoast_head":"<!-- This site is optimized with the Yoast SEO plugin v26.6 - https:\/\/yoast.com\/wordpress\/plugins\/seo\/ -->\n<title>Ope m\u00f8te med Ove Trellevik - Vestland H\u00f8gre<\/title>\n<meta name=\"robots\" content=\"index, follow, max-snippet:-1, max-image-preview:large, max-video-preview:-1\" \/>\n<link rel=\"canonical\" href=\"https:\/\/hoyre.no\/vestland\/arrangementer\/ope-mote-med-ove-trellevik\/\" \/>\n<meta property=\"og:locale\" content=\"nb_NO\" \/>\n<meta property=\"og:type\" content=\"article\" \/>\n<meta property=\"og:title\" content=\"Ope m\u00f8te med Ove Trellevik - Vestland H\u00f8gre\" \/>\n<meta property=\"og:url\" content=\"https:\/\/hoyre.no\/vestland\/arrangementer\/ope-mote-med-ove-trellevik\/\" \/>\n<meta property=\"og:site_name\" content=\"Vestland H\u00f8gre\" \/>\n<meta property=\"og:image\" content=\"https:\/\/hoyre.no\/content\/uploads\/sites\/15\/2026\/04\/Ope-mote-med-Ove-Trellevik-1024x576.png\" \/>\n<meta name=\"twitter:card\" content=\"summary_large_image\" \/>\n<meta name=\"twitter:label1\" content=\"Ansl. lesetid\" \/>\n\t<meta name=\"twitter:data1\" content=\"2 minutter\" \/>\n<script type=\"application\/ld+json\" class=\"yoast-schema-graph\">{\"@context\":\"https:\/\/schema.org\",\"@graph\":[{\"@type\":\"WebPage\",\"@id\":\"https:\/\/hoyre.no\/vestland\/arrangementer\/ope-mote-med-ove-trellevik\/\",\"url\":\"https:\/\/hoyre.no\/vestland\/arrangementer\/ope-mote-med-ove-trellevik\/\",\"name\":\"Ope m\u00f8te med Ove Trellevik - Vestland H\u00f8gre\",\"isPartOf\":{\"@id\":\"https:\/\/hoyre.no\/vestland\/#website\"},\"image\":{\"@id\":\"https:\/\/hoyre.no\/vestland\/arrangementer\/ope-mote-med-ove-trellevik\/#primaryimage\"},\"thumbnailUrl\":\"https:\/\/static.xx.fbcdn.net\/images\/emoji.php\/v9\/tdb\/2\/16\/1f6e3.png\",\"datePublished\":\"2026-04-20T11:35:14+00:00\",\"breadcrumb\":{\"@id\":\"https:\/\/hoyre.no\/vestland\/arrangementer\/ope-mote-med-ove-trellevik\/#breadcrumb\"},\"inLanguage\":\"nb-NO\",\"potentialAction\":[{\"@type\":\"ReadAction\",\"target\":[\"https:\/\/hoyre.no\/vestland\/arrangementer\/ope-mote-med-ove-trellevik\/\"]}]},{\"@type\":\"ImageObject\",\"inLanguage\":\"nb-NO\",\"@id\":\"https:\/\/hoyre.no\/vestland\/arrangementer\/ope-mote-med-ove-trellevik\/#primaryimage\",\"url\":\"https:\/\/static.xx.fbcdn.net\/images\/emoji.php\/v9\/tdb\/2\/16\/1f6e3.png\",\"contentUrl\":\"https:\/\/static.xx.fbcdn.net\/images\/emoji.php\/v9\/tdb\/2\/16\/1f6e3.png\"},{\"@type\":\"BreadcrumbList\",\"@id\":\"https:\/\/hoyre.no\/vestland\/arrangementer\/ope-mote-med-ove-trellevik\/#breadcrumb\",\"itemListElement\":[{\"@type\":\"ListItem\",\"position\":1,\"name\":\"Til hoyre.no\",\"item\":\"https:\/\/hoyre.no\"},{\"@type\":\"ListItem\",\"position\":2,\"name\":\"Hjem\",\"item\":\"https:\/\/hoyre.no\/vestland\/\"},{\"@type\":\"ListItem\",\"position\":3,\"name\":\"Arrangement\",\"item\":\"https:\/\/hoyre.no\/vestland\/arrangementer\/\"},{\"@type\":\"ListItem\",\"position\":4,\"name\":\"Ope m\u00f8te med Ove Trellevik\"}]},{\"@type\":\"WebSite\",\"@id\":\"https:\/\/hoyre.no\/vestland\/#website\",\"url\":\"https:\/\/hoyre.no\/vestland\/\",\"name\":\"Vestland H\u00f8gre\",\"description\":\"Bare enda et H\u00f8yres nettsteder-nettsted\",\"inLanguage\":\"nb-NO\"}]}<\/script>\n<!-- \/ Yoast SEO plugin. -->","yoast_head_json":{"title":"Ope m\u00f8te med Ove Trellevik - Vestland H\u00f8gre","robots":{"index":"index","follow":"follow","max-snippet":"max-snippet:-1","max-image-preview":"max-image-preview:large","max-video-preview":"max-video-preview:-1"},"canonical":"https:\/\/hoyre.no\/vestland\/arrangementer\/ope-mote-med-ove-trellevik\/","og_locale":"nb_NO","og_type":"article","og_title":"Ope m\u00f8te med Ove Trellevik - Vestland H\u00f8gre","og_url":"https:\/\/hoyre.no\/vestland\/arrangementer\/ope-mote-med-ove-trellevik\/","og_site_name":"Vestland H\u00f8gre","og_image":[{"url":"https:\/\/hoyre.no\/content\/uploads\/sites\/15\/2026\/04\/Ope-mote-med-Ove-Trellevik-1024x576.png","width":"","height":"","type":""}],"twitter_card":"summary_large_image","twitter_misc":{"Ansl. lesetid":"2 minutter"},"schema":{"@context":"https:\/\/schema.org","@graph":[{"@type":"WebPage","@id":"https:\/\/hoyre.no\/vestland\/arrangementer\/ope-mote-med-ove-trellevik\/","url":"https:\/\/hoyre.no\/vestland\/arrangementer\/ope-mote-med-ove-trellevik\/","name":"Ope m\u00f8te med Ove Trellevik - Vestland H\u00f8gre","isPartOf":{"@id":"https:\/\/hoyre.no\/vestland\/#website"},"image":{"@id":"https:\/\/hoyre.no\/vestland\/arrangementer\/ope-mote-med-ove-trellevik\/#primaryimage"},"thumbnailUrl":"https:\/\/static.xx.fbcdn.net\/images\/emoji.php\/v9\/tdb\/2\/16\/1f6e3.png","datePublished":"2026-04-20T11:35:14+00:00","breadcrumb":{"@id":"https:\/\/hoyre.no\/vestland\/arrangementer\/ope-mote-med-ove-trellevik\/#breadcrumb"},"inLanguage":"nb-NO","potentialAction":[{"@type":"ReadAction","target":["https:\/\/hoyre.no\/vestland\/arrangementer\/ope-mote-med-ove-trellevik\/"]}]},{"@type":"ImageObject","inLanguage":"nb-NO","@id":"https:\/\/hoyre.no\/vestland\/arrangementer\/ope-mote-med-ove-trellevik\/#primaryimage","url":"https:\/\/static.xx.fbcdn.net\/images\/emoji.php\/v9\/tdb\/2\/16\/1f6e3.png","contentUrl":"https:\/\/static.xx.fbcdn.net\/images\/emoji.php\/v9\/tdb\/2\/16\/1f6e3.png"},{"@type":"BreadcrumbList","@id":"https:\/\/hoyre.no\/vestland\/arrangementer\/ope-mote-med-ove-trellevik\/#breadcrumb","itemListElement":[{"@type":"ListItem","position":1,"name":"Til hoyre.no","item":"https:\/\/hoyre.no"},{"@type":"ListItem","position":2,"name":"Hjem","item":"https:\/\/hoyre.no\/vestland\/"},{"@type":"ListItem","position":3,"name":"Arrangement","item":"https:\/\/hoyre.no\/vestland\/arrangementer\/"},{"@type":"ListItem","position":4,"name":"Ope m\u00f8te med Ove Trellevik"}]},{"@type":"WebSite","@id":"https:\/\/hoyre.no\/vestland\/#website","url":"https:\/\/hoyre.no\/vestland\/","name":"Vestland H\u00f8gre","description":"Bare enda et H\u00f8yres nettsteder-nettsted","inLanguage":"nb-NO"}]}},"distributor_meta":false,"distributor_terms":false,"distributor_media":false,"distributor_original_site_name":"Vestland H\u00f8gre","distributor_original_site_url":"https:\/\/hoyre.no\/vestland","push-errors":false,"_links":{"self":[{"href":"https:\/\/hoyre.no\/vestland\/wp-json\/wp\/v2\/teft-events\/1364","targetHints":{"allow":["GET"]}}],"collection":[{"href":"https:\/\/hoyre.no\/vestland\/wp-json\/wp\/v2\/teft-events"}],"about":[{"href":"https:\/\/hoyre.no\/vestland\/wp-json\/wp\/v2\/types\/teft-events"}],"wp:attachment":[{"href":"https:\/\/hoyre.no\/vestland\/wp-json\/wp\/v2\/media?parent=1364"}],"wp:term":[{"taxonomy":"teft-events-category","embeddable":true,"href":"https:\/\/hoyre.no\/vestland\/wp-json\/wp\/v2\/teft-events-category?post=1364"}],"curies":[{"name":"wp","href":"https:\/\/api.w.org\/{rel}","templated":true}]}}