{"id":100,"date":"2023-06-06T00:12:06","date_gmt":"2023-06-05T22:12:06","guid":{"rendered":"https:\/\/hoyre.no\/vestvagoy\/?page_id=100"},"modified":"2023-06-06T18:00:02","modified_gmt":"2023-06-06T16:00:02","slug":"en-gronn-utvikling","status":"publish","type":"page","link":"https:\/\/hoyre.no\/vestvagoy\/politikk\/en-gronn-utvikling\/","title":{"rendered":"En gr\u00f8nn utvikling"},"content":{"rendered":"\n<div class=\"wp-block-hoyre-hero with-image-gradient text-color-light  has-media alignfull has-background\"><div class=\"hoyre-hero has-image\"><h1 class=\"title\">En gr\u00f8nn utvikling<\/h1><p class=\"preamble\">De menneskeskapte klimaendringene er det st\u00f8rste problemet verden st\u00e5r overfor. H\u00f8yere temperaturer, ekstremv\u00e6r og svekkede \u00f8kosystemer setter selve livsgrunnlaget v\u00e5rt p\u00e5 spill og truer fremtidig velferd og vekst. For \u00e5 forhindre dette er vi n\u00f8dt til \u00e5 kutte utslippene v\u00e5re.\u00a0 H\u00f8yre vil imidlertid kutte utslippene, ikke utviklingen.<\/p>\t\t\t<div class=\"post-meta wp-block teft-byline-wrapper\">\n\t\t\t\t<div class=\"top\">\n\t\t\t\t\t<div class=\"signature\">\n\t\t\t\t\t\t<div class=\"teft-byline\">\n\t\t\t\t\t\t\t\t\t\t\t\t\t\t<div>\n\t\t\t\t\t\t\t\t<h3>H\u00f8yres redaksjon<\/h3>\t\t\t\t\t\t\t\t\n\t\t\t\t\t\t\t\t\t\t\t\t\t\t\t\t\t<span class=\"date\">Sist oppdatert: 6. juni 2023<\/span>\n\t\t\t\t\t\t\t\t\t\t\t\t\t\t\t\t\t\t\t\t\t\t\t\t\t<span class=\"reading-time\" itemprop=\"timeRequired\" content=\"PT3M\"><em>Ca. 3 minutter lesetid<\/em><\/span>\n\t\t\t\t\t\t\t\t\t\t\t\t\t\t\t<\/div>\n\t\t\t\t\t\t<\/div>\n\t\t\t\t\t<\/div>\n\t\t\t\t\t\t<div class=\"sharing\">\n\t\t<a class=\"share-button share-link copy-link\" data-copy=\"https:\/\/hoyre.no\/vestvagoy\/politikk\/en-gronn-utvikling\/\" target=\"_blank\"><span class=\"screen-reader-text\">Del link<\/span><\/a>\n\t\t<a class=\"share-button share-twitter\" href=\"http:\/\/twitter.com\/share?text=En gr\u00f8nn utvikling&#038;url=https:\/\/hoyre.no\/vestvagoy\/politikk\/en-gronn-utvikling\/&#038;hashtags=Hoyre\" target=\"_blank\"><span class=\"screen-reader-text\">Del p\u00e5 twitter<\/span><\/a>\n\t\t<a class=\"share-button share-facebook\" href=\"https:\/\/www.facebook.com\/sharer\/sharer.php?u=https:\/\/hoyre.no\/vestvagoy\/politikk\/en-gronn-utvikling\/\" target=\"_blank\"><span class=\"screen-reader-text\">Del p\u00e5 facebook<\/span><\/a>\n\t<\/div>\n\t\t\t\t\t<\/div>\n\t\t\t<\/div>\n\n\t\t\t<figure class=\"hoyre-image-wrapper\"><div class=\"hoyre-image\"><img loading=\"lazy\" decoding=\"async\" width=\"2500\" height=\"1875\" src=\"https:\/\/hoyre.no\/content\/uploads\/sites\/118\/2023\/06\/IMG_5407-scaled.jpeg\" class=\"attachment-scaled size-scaled\" alt=\"\" style=\"object-position: 52% 76%\" srcset=\"https:\/\/hoyre.no\/content\/uploads\/sites\/118\/2023\/06\/IMG_5407-scaled.jpeg 2500w, https:\/\/hoyre.no\/content\/uploads\/sites\/118\/2023\/06\/IMG_5407-300x225.jpeg 300w, https:\/\/hoyre.no\/content\/uploads\/sites\/118\/2023\/06\/IMG_5407-1024x768.jpeg 1024w, https:\/\/hoyre.no\/content\/uploads\/sites\/118\/2023\/06\/IMG_5407-768x576.jpeg 768w, https:\/\/hoyre.no\/content\/uploads\/sites\/118\/2023\/06\/IMG_5407-1536x1152.jpeg 1536w, https:\/\/hoyre.no\/content\/uploads\/sites\/118\/2023\/06\/IMG_5407-2048x1536.jpeg 2048w\" sizes=\"auto, (max-width: 2500px) 100vw, 2500px\" \/><\/div><\/figure><\/div><\/div>\n\n\n\n\n<p>De menneskeskapte klimaendringene er det st\u00f8rste problemet verden st\u00e5r overfor. H\u00f8yere temperaturer, ekstremv\u00e6r og svekkede \u00f8kosystemer setter selve livsgrunnlaget v\u00e5rt p\u00e5 spill og truer fremtidig velferd og vekst. For \u00e5 forhindre dette er vi n\u00f8dt til \u00e5 kutte utslippene v\u00e5re.&nbsp; H\u00f8yre vil imidlertid kutte utslippene, ikke utviklingen. Dette gj\u00f8r vi gjennom \u00e5 gj\u00f8re det l\u00f8nnsomt for bedriftene \u00e5 omstille seg til gr\u00f8nnere l\u00f8sninger og satse p\u00e5 nye gr\u00f8nne n\u00e6ringer. Vestv\u00e5g\u00f8y H\u00f8yre skal gjennom m\u00e5lrettet arbeid v\u00e6re garantisten for en gr\u00f8nn utvikling i kommunen.<\/p>\n\n\n\n<p><strong>Vestv\u00e5g\u00f8y H\u00f8yre vil:<\/strong><\/p>\n\n\n\n<h3 class=\"wp-block-heading\">Ta en aktiv rolle i utvikling av programmet De gr\u00f8nne \u00f8yene.<\/h3>\n\n\n\n<p>Vi \u00f8nsker gjennom kommunale vedtak \u00e5 stimulere til aktiv gr\u00f8nn utvikling.<\/p>\n\n\n\n<p>Vestv\u00e5g\u00f8y H\u00f8yre vil gjennom kommunalt planverk bidra gr\u00f8nt fokus.<\/p>\n\n\n\n<p>Vi vil sikre at kommunen er omstillingsdyktig for utvikling av gr\u00f8nne strukturer.&nbsp;&nbsp;&nbsp;&nbsp;&nbsp;&nbsp;&nbsp;&nbsp;&nbsp;&nbsp;&nbsp;&nbsp;&nbsp;&nbsp;<\/p>\n\n\n\n<h3 class=\"wp-block-heading\">Gjennomf\u00f8re gr\u00f8nne tiltak i offentlig sektor<\/h3>\n\n\n\n<p>Vestv\u00e5g\u00f8y H\u00f8yre vil arbeide for mest mulig energi effektivitet i offentlige bygg gjennom automatisering og styring av energikrevende utrustning. LED skal brukes i s\u00e5 stor utstrekning som mulig, samt varmegjenvinning og varmepumper der dette lar seg gj\u00f8re.<\/p>\n\n\n\n<p>Vestv\u00e5g\u00f8y H\u00f8yre vil etablere effektstyring p\u00e5 kommunale bygg og utrustning hvor det er mulig.<\/p>\n\n\n\n<p>Vi \u00f8nsker \u00e5 tilby driftspersonell utdanning med fokus p\u00e5 EN\u00d8K, samt gjennomf\u00f8re brukeroppl\u00e6ring og bevisstgj\u00f8ring for en bedre energiutnyttelse.<\/p>\n\n\n\n<p>Vestv\u00e5g\u00f8y H\u00f8yre vil sikre at kommunen f\u00f8lge gr\u00f8nne krav i forbindelse med offentlig anskaffelse.<\/p>\n\n\n\n<h3 class=\"wp-block-heading\">St\u00f8tte et milj\u00f8vennlig reiseliv og forbedret kollektivtilbud<\/h3>\n\n\n\n<p>Vestv\u00e5g\u00f8y H\u00f8yre vil tilrettelegge for gr\u00f8nn nyetablering i reiselivet, herunder klimavennlig cruisetrafikk.<\/p>\n\n\n\n<p>Vi vil i samarbeid med fylkeskommunen aktivt arbeide for et forbedret kollektivtilbud i hele kommunen.<\/p>\n\n\n\n<h3 class=\"wp-block-heading\">Etablere et gr\u00f8nt n\u00e6rings- og utviklingsfond<\/h3>\n\n\n\n<p>Vi \u00f8nsker \u00e5 etablere et gr\u00f8nt n\u00e6rings- og utviklingsfond for \u00e5 stimulere bedrifter som tar milj\u00f8ansvar.<\/p>\n\n\n\n<h3 class=\"wp-block-heading\">S\u00f8ke st\u00f8tte til klimatiltak gjennom ordningen Klimasats<\/h3>\n\n\n\n<p>Vestv\u00e5g\u00f8y H\u00f8yre vil v\u00e6re en p\u00e5driver for at kommunen utvikler klimatiltak som det s\u00f8kes st\u00f8tte til gjennom ordningen Klimasats. Klimasats er en egen ordning startet av H\u00f8yre i 2016 som fremmer klimatiltak i kommuner og fylkeskommuner ved st\u00f8tte og kunnskapsutveksling som medvirker til reduksjon i klimagassutslipp og omstilling til lavutslippssamfunnet.<\/p>\n\n\n\n\n<div class=\"wp-block-buttons is-layout-flex wp-block-buttons-is-layout-flex\">\n<div class=\"wp-block-button\"><a class=\"wp-block-button__link\" href=\"https:\/\/hoyre.no\/vestvagoy\/politikk\/\">Tilbake til politikk<\/a><\/div>\n<\/div>\n","protected":false},"excerpt":{"rendered":"","protected":false},"author":41535,"featured_media":0,"parent":37,"menu_order":0,"comment_status":"closed","ping_status":"closed","template":"","meta":{"teft_cards_image_url":"","teft_cards_custom_pretitle":"","teft_cards_image_id":101,"teft_cards_image_focal_point_x":0.5,"teft_cards_image_focal_point_y":0.78,"teft_cards_title":"","teft_cards_excerpt":"","teft_show_chapters":false,"footnotes":""},"class_list":["post-100","page","type-page","status-publish","hentry"],"yoast_head":"<!-- This site is optimized with the Yoast SEO plugin v26.6 - https:\/\/yoast.com\/wordpress\/plugins\/seo\/ -->\n<title>En gr\u00f8nn utvikling - Vestv\u00e5g\u00f8y H\u00f8yre<\/title>\n<meta name=\"robots\" content=\"index, follow, max-snippet:-1, max-image-preview:large, max-video-preview:-1\" \/>\n<link rel=\"canonical\" href=\"https:\/\/hoyre.no\/vestvagoy\/politikk\/en-gronn-utvikling\/\" \/>\n<meta property=\"og:locale\" content=\"nb_NO\" \/>\n<meta property=\"og:type\" content=\"article\" \/>\n<meta property=\"og:title\" content=\"En gr\u00f8nn utvikling - Vestv\u00e5g\u00f8y H\u00f8yre\" \/>\n<meta property=\"og:url\" content=\"https:\/\/hoyre.no\/vestvagoy\/politikk\/en-gronn-utvikling\/\" \/>\n<meta property=\"og:site_name\" content=\"Vestv\u00e5g\u00f8y H\u00f8yre\" \/>\n<meta property=\"article:modified_time\" content=\"2023-06-06T16:00:02+00:00\" \/>\n<meta property=\"og:image\" content=\"https:\/\/hoyre.no\/content\/uploads\/sites\/118\/2023\/06\/IMG_5407-1024x768.jpeg\" \/>\n<meta name=\"twitter:card\" content=\"summary_large_image\" \/>\n<meta name=\"twitter:label1\" content=\"Ansl. lesetid\" \/>\n\t<meta name=\"twitter:data1\" content=\"3 minutter\" \/>\n<script type=\"application\/ld+json\" class=\"yoast-schema-graph\">{\"@context\":\"https:\/\/schema.org\",\"@graph\":[{\"@type\":\"WebPage\",\"@id\":\"https:\/\/hoyre.no\/vestvagoy\/politikk\/en-gronn-utvikling\/\",\"url\":\"https:\/\/hoyre.no\/vestvagoy\/politikk\/en-gronn-utvikling\/\",\"name\":\"En gr\u00f8nn utvikling - Vestv\u00e5g\u00f8y H\u00f8yre\",\"isPartOf\":{\"@id\":\"https:\/\/hoyre.no\/vestvagoy\/#website\"},\"datePublished\":\"2023-06-05T22:12:06+00:00\",\"dateModified\":\"2023-06-06T16:00:02+00:00\",\"breadcrumb\":{\"@id\":\"https:\/\/hoyre.no\/vestvagoy\/politikk\/en-gronn-utvikling\/#breadcrumb\"},\"inLanguage\":\"nb-NO\",\"potentialAction\":[{\"@type\":\"ReadAction\",\"target\":[\"https:\/\/hoyre.no\/vestvagoy\/politikk\/en-gronn-utvikling\/\"]}]},{\"@type\":\"BreadcrumbList\",\"@id\":\"https:\/\/hoyre.no\/vestvagoy\/politikk\/en-gronn-utvikling\/#breadcrumb\",\"itemListElement\":[{\"@type\":\"ListItem\",\"position\":1,\"name\":\"Til hoyre.no\",\"item\":\"https:\/\/hoyre.no\"},{\"@type\":\"ListItem\",\"position\":2,\"name\":\"Hjem\",\"item\":\"https:\/\/hoyre.no\/vestvagoy\/\"},{\"@type\":\"ListItem\",\"position\":3,\"name\":\"Politikk\",\"item\":\"https:\/\/hoyre.no\/vestvagoy\/politikk\/\"},{\"@type\":\"ListItem\",\"position\":4,\"name\":\"En gr\u00f8nn utvikling\"}]},{\"@type\":\"WebSite\",\"@id\":\"https:\/\/hoyre.no\/vestvagoy\/#website\",\"url\":\"https:\/\/hoyre.no\/vestvagoy\/\",\"name\":\"Vestv\u00e5g\u00f8y H\u00f8yre\",\"description\":\"Bare enda et H\u00f8yres nettsteder-nettsted\",\"inLanguage\":\"nb-NO\"}]}<\/script>\n<!-- \/ Yoast SEO plugin. -->","yoast_head_json":{"title":"En gr\u00f8nn utvikling - Vestv\u00e5g\u00f8y H\u00f8yre","robots":{"index":"index","follow":"follow","max-snippet":"max-snippet:-1","max-image-preview":"max-image-preview:large","max-video-preview":"max-video-preview:-1"},"canonical":"https:\/\/hoyre.no\/vestvagoy\/politikk\/en-gronn-utvikling\/","og_locale":"nb_NO","og_type":"article","og_title":"En gr\u00f8nn utvikling - Vestv\u00e5g\u00f8y H\u00f8yre","og_url":"https:\/\/hoyre.no\/vestvagoy\/politikk\/en-gronn-utvikling\/","og_site_name":"Vestv\u00e5g\u00f8y H\u00f8yre","article_modified_time":"2023-06-06T16:00:02+00:00","og_image":[{"url":"https:\/\/hoyre.no\/content\/uploads\/sites\/118\/2023\/06\/IMG_5407-1024x768.jpeg","width":"","height":"","type":""}],"twitter_card":"summary_large_image","twitter_misc":{"Ansl. lesetid":"3 minutter"},"schema":{"@context":"https:\/\/schema.org","@graph":[{"@type":"WebPage","@id":"https:\/\/hoyre.no\/vestvagoy\/politikk\/en-gronn-utvikling\/","url":"https:\/\/hoyre.no\/vestvagoy\/politikk\/en-gronn-utvikling\/","name":"En gr\u00f8nn utvikling - Vestv\u00e5g\u00f8y H\u00f8yre","isPartOf":{"@id":"https:\/\/hoyre.no\/vestvagoy\/#website"},"datePublished":"2023-06-05T22:12:06+00:00","dateModified":"2023-06-06T16:00:02+00:00","breadcrumb":{"@id":"https:\/\/hoyre.no\/vestvagoy\/politikk\/en-gronn-utvikling\/#breadcrumb"},"inLanguage":"nb-NO","potentialAction":[{"@type":"ReadAction","target":["https:\/\/hoyre.no\/vestvagoy\/politikk\/en-gronn-utvikling\/"]}]},{"@type":"BreadcrumbList","@id":"https:\/\/hoyre.no\/vestvagoy\/politikk\/en-gronn-utvikling\/#breadcrumb","itemListElement":[{"@type":"ListItem","position":1,"name":"Til hoyre.no","item":"https:\/\/hoyre.no"},{"@type":"ListItem","position":2,"name":"Hjem","item":"https:\/\/hoyre.no\/vestvagoy\/"},{"@type":"ListItem","position":3,"name":"Politikk","item":"https:\/\/hoyre.no\/vestvagoy\/politikk\/"},{"@type":"ListItem","position":4,"name":"En gr\u00f8nn utvikling"}]},{"@type":"WebSite","@id":"https:\/\/hoyre.no\/vestvagoy\/#website","url":"https:\/\/hoyre.no\/vestvagoy\/","name":"Vestv\u00e5g\u00f8y H\u00f8yre","description":"Bare enda et H\u00f8yres nettsteder-nettsted","inLanguage":"nb-NO"}]}},"distributor_meta":false,"distributor_terms":false,"distributor_media":false,"distributor_original_site_name":"Vestv\u00e5g\u00f8y H\u00f8yre","distributor_original_site_url":"https:\/\/hoyre.no\/vestvagoy","push-errors":false,"_links":{"self":[{"href":"https:\/\/hoyre.no\/vestvagoy\/wp-json\/wp\/v2\/pages\/100","targetHints":{"allow":["GET"]}}],"collection":[{"href":"https:\/\/hoyre.no\/vestvagoy\/wp-json\/wp\/v2\/pages"}],"about":[{"href":"https:\/\/hoyre.no\/vestvagoy\/wp-json\/wp\/v2\/types\/page"}],"author":[{"embeddable":true,"href":"https:\/\/hoyre.no\/vestvagoy\/wp-json\/wp\/v2\/users\/41535"}],"replies":[{"embeddable":true,"href":"https:\/\/hoyre.no\/vestvagoy\/wp-json\/wp\/v2\/comments?post=100"}],"version-history":[{"count":2,"href":"https:\/\/hoyre.no\/vestvagoy\/wp-json\/wp\/v2\/pages\/100\/revisions"}],"predecessor-version":[{"id":133,"href":"https:\/\/hoyre.no\/vestvagoy\/wp-json\/wp\/v2\/pages\/100\/revisions\/133"}],"up":[{"embeddable":true,"href":"https:\/\/hoyre.no\/vestvagoy\/wp-json\/wp\/v2\/pages\/37"}],"wp:attachment":[{"href":"https:\/\/hoyre.no\/vestvagoy\/wp-json\/wp\/v2\/media?parent=100"}],"curies":[{"name":"wp","href":"https:\/\/api.w.org\/{rel}","templated":true}]}}