{"id":92,"date":"2023-06-06T00:07:26","date_gmt":"2023-06-05T22:07:26","guid":{"rendered":"https:\/\/hoyre.no\/vestvagoy\/?page_id=92"},"modified":"2023-06-06T18:00:51","modified_gmt":"2023-06-06T16:00:51","slug":"oppvekst","status":"publish","type":"page","link":"https:\/\/hoyre.no\/vestvagoy\/politikk\/oppvekst\/","title":{"rendered":"Oppvekst"},"content":{"rendered":"\n<div class=\"wp-block-hoyre-hero with-image-gradient text-color-light  has-media alignfull has-background\"><div class=\"hoyre-hero has-image\"><h1 class=\"title\">Oppvekst<\/h1><p class=\"preamble\">H\u00f8yre \u00f8nsker en skole med kvalitet og kunnskap, hvor alle elever har like muligheter og hvor innsatsen settes inn tidlig nok, slik at flere elever kjenner l\u00e6ringsglede og flere fullf\u00f8rer og best\u00e5r skolel\u00f8pet. <\/p>\t\t\t<div class=\"post-meta wp-block teft-byline-wrapper\">\n\t\t\t\t<div class=\"top\">\n\t\t\t\t\t<div class=\"signature\">\n\t\t\t\t\t\t<div class=\"teft-byline\">\n\t\t\t\t\t\t\t\t\t\t\t\t\t\t<div>\n\t\t\t\t\t\t\t\t<h3>H\u00f8yres redaksjon<\/h3>\t\t\t\t\t\t\t\t\n\t\t\t\t\t\t\t\t\t\t\t\t\t\t\t\t\t<span class=\"date\">Sist oppdatert: 6. juni 2023<\/span>\n\t\t\t\t\t\t\t\t\t\t\t\t\t\t\t\t\t\t\t\t\t\t\t\t\t<span class=\"reading-time\" itemprop=\"timeRequired\" content=\"PT3M\"><em>Ca. 3 minutter lesetid<\/em><\/span>\n\t\t\t\t\t\t\t\t\t\t\t\t\t\t\t<\/div>\n\t\t\t\t\t\t<\/div>\n\t\t\t\t\t<\/div>\n\t\t\t\t\t\t<div class=\"sharing\">\n\t\t<a class=\"share-button share-link copy-link\" data-copy=\"https:\/\/hoyre.no\/vestvagoy\/politikk\/oppvekst\/\" target=\"_blank\"><span class=\"screen-reader-text\">Del link<\/span><\/a>\n\t\t<a class=\"share-button share-twitter\" href=\"http:\/\/twitter.com\/share?text=Oppvekst&#038;url=https:\/\/hoyre.no\/vestvagoy\/politikk\/oppvekst\/&#038;hashtags=Hoyre\" target=\"_blank\"><span class=\"screen-reader-text\">Del p\u00e5 twitter<\/span><\/a>\n\t\t<a class=\"share-button share-facebook\" href=\"https:\/\/www.facebook.com\/sharer\/sharer.php?u=https:\/\/hoyre.no\/vestvagoy\/politikk\/oppvekst\/\" target=\"_blank\"><span class=\"screen-reader-text\">Del p\u00e5 facebook<\/span><\/a>\n\t<\/div>\n\t\t\t\t\t<\/div>\n\t\t\t<\/div>\n\n\t\t\t<figure class=\"hoyre-image-wrapper\"><div class=\"hoyre-image\"><img loading=\"lazy\" decoding=\"async\" width=\"2500\" height=\"1667\" src=\"https:\/\/hoyre.no\/content\/uploads\/sites\/118\/2023\/06\/GettyImages-497326755-scaled.jpg\" class=\"attachment-scaled size-scaled\" alt=\"\" style=\"object-position: 56.99999999999999% 43%\" srcset=\"https:\/\/hoyre.no\/content\/uploads\/sites\/118\/2023\/06\/GettyImages-497326755-scaled.jpg 2500w, https:\/\/hoyre.no\/content\/uploads\/sites\/118\/2023\/06\/GettyImages-497326755-300x200.jpg 300w, https:\/\/hoyre.no\/content\/uploads\/sites\/118\/2023\/06\/GettyImages-497326755-1024x683.jpg 1024w, https:\/\/hoyre.no\/content\/uploads\/sites\/118\/2023\/06\/GettyImages-497326755-768x512.jpg 768w, https:\/\/hoyre.no\/content\/uploads\/sites\/118\/2023\/06\/GettyImages-497326755-1536x1024.jpg 1536w, https:\/\/hoyre.no\/content\/uploads\/sites\/118\/2023\/06\/GettyImages-497326755-2048x1366.jpg 2048w\" sizes=\"auto, (max-width: 2500px) 100vw, 2500px\" \/><\/div><\/figure><\/div><\/div>\n\n\n\n\n<h3 class=\"wp-block-heading\">Muligheter for alle i skolen<\/h3>\n\n\n\n<p>H\u00f8yres politikk for oppvekst er at barnets beste alltid skal komme f\u00f8rst. Barn og unge er forskjellige, med ulike og sammensatte behov, derfor mener vi at det viktigste er \u00e5 tilpasse innsatsen etter behovet. Det offentliges oppgave er \u00e5 st\u00f8tte opp under familiene, ikke \u00e5 styre dem. Menneskets egenverdi, valgfrihet og selvrespekt st\u00e5r sentralt i H\u00f8yres familiepolitikk. H\u00f8yre \u00f8nsker en skole med kvalitet og kunnskap, hvor alle elever har like muligheter og hvor innsatsen settes inn tidlig nok, slik at flere elever kjenner l\u00e6ringsglede og flere fullf\u00f8rer og best\u00e5r skolel\u00f8pet. Innen oppvekst har Vestv\u00e5g\u00f8y H\u00f8yre fem s\u00e6rskilte satsningsomr\u00e5der<strong>.<\/strong><\/p>\n\n\n\n<p><strong>Vestv\u00e5g\u00f8y H\u00f8yre vil:<\/strong><\/p>\n\n\n\n<h3 class=\"wp-block-heading\">Sikre at elever i Vestv\u00e5g\u00f8yskolen har h\u00f8y kvalitet p\u00e5 undervisningen<\/h3>\n\n\n\n<p>Vestv\u00e5g\u00f8y H\u00f8yre vil utvikle en konkret strategiplan for kvalitetsutvikling i Vestv\u00e5g\u00f8yskolen med m\u00e5lbare indikatorer.<\/p>\n\n\n\n<p>For \u00e5 oppn\u00e5 h\u00f8y kvalitet p\u00e5 undervisningen vil vi prioritere incentiver for at l\u00e6rere i Vestv\u00e5g\u00f8yskolen skal ha fagutdanning. Dette \u00f8nsker vi \u00e5 oppn\u00e5 gjennom mer m\u00e5lrettet rekruttering, kompetanseheving, videreutdanning og stipendordninger.<\/p>\n\n\n\n<p>Vestv\u00e5g\u00f8y H\u00f8yre \u00f8nsker \u00e5 bidra til utdanning av flere fagarbeidere innenfor blant annet havbruk, byggfag og helse gjennom st\u00f8tte til private initiativ til etablering av videreg\u00e5ende skoler og h\u00f8yskoletilbud.<\/p>\n\n\n\n<h3 class=\"wp-block-heading\">\u00d8ke satsningen p\u00e5 elevenes sosiale mestring og l\u00e6ringsresultater gjennom tverrsektorielt samarbeid.<\/h3>\n\n\n\n<p>Vestv\u00e5g\u00f8y H\u00f8yre vil arbeide for at elevenes psykiske helse og sosiale mestring styrkes ved \u00e5 sikre god tilgang og tilstrekkelige ressurser fra blant annet helsesykepleiere, skolepsykolog og milj\u00f8tjeneste. Ressursene \u00f8nskes rettet mot tverrfaglig tidlig innsats, forebygging og helsefremming i barnehage og skole.<\/p>\n\n\n\n<p>Vestv\u00e5g\u00f8y H\u00f8yre vil arbeide for trygge og inkluderende skolemilj\u00f8, ha nullvisjon for mobbing og fortsette satsingen p\u00e5 MOT i ungdomsskolen og Lions quest\/Mitt valg i barneskolen, samt sikre at alle elever har muligheten til \u00e5 gi regelmessig tilbakemelding p\u00e5 hvordan de trives og l\u00e6rer p\u00e5 skolen.<\/p>\n\n\n\n<p>Vi vil styrke en helhetlig veiledningstjeneste som sikrer at ungdomsskoleelever f\u00e5r mulighet til \u00e5 ta bevisste utdannings- og\/eller yrkesvalg.<\/p>\n\n\n\n<p>Vestv\u00e5g\u00f8y H\u00f8yre vil v\u00e6re en p\u00e5driver for \u00e5 f\u00e5 til hybelhus med oppf\u00f8lging for videreg\u00e5ende elever p\u00e5 Leknes.<\/p>\n\n\n\n<p>For at alle barn og unge i Vestv\u00e5g\u00f8y skal kunne delta p\u00e5 minst \u00e9n fritidsaktivitet i uka, uavhengig av foreldrenes lommebok, \u00f8nsker vi \u00e5 innf\u00f8re fritidskortet i Vestv\u00e5g\u00f8y. Mange familier i Vestv\u00e5g\u00f8y sliter med \u00e5 f\u00e5 endene til \u00e5 m\u00f8tes, og m\u00e5 prioritere mat p\u00e5 bordet foran aktiviteter for barna sine.<\/p>\n\n\n\n<h3 class=\"wp-block-heading\">Bygge folkebadet p\u00e5 Leknes<\/h3>\n\n\n\n<p>Folkebadet skal bli Vestv\u00e5g\u00f8ys nye samlingspunkt! Vestv\u00e5g\u00f8y H\u00f8yre vil investere i styrket folkehelse, fysisk aktivitet, sosialt fellesskap, og gode sv\u00f8mme- og livbergingsferdigheter gjennom bygging og utvikling av et folkebad. Vi \u00f8nsker et godt funksjonelt folkebad med gode forhold for idrett og vannlek.<\/p>\n\n\n\n<h3 class=\"wp-block-heading\">Bidra til et godt og variert skole- og barnehagetilbud<\/h3>\n\n\n\n<p>Vestv\u00e5g\u00f8y H\u00f8yre vil st\u00f8tte gode og varierte skole- og barnehagetilbud fra offentlige og private akt\u00f8rer. Vi vil sikre gode muligheter for fysisk aktivitet, blant annet ved \u00e5 oppgradere uteomr\u00e5dene ved skoler og barnehager, samt prioritere og gjennomf\u00f8re planmessige trafikksikkerhetstiltak ved skolene.<\/p>\n\n\n\n<h3 class=\"wp-block-heading\">Ta et st\u00f8rre politisk ansvar og eierskap som god skoleeier, og styre kommunalomr\u00e5det oppvekst etter tydelige politiske m\u00e5lsettinger i tett samhandling med fagmilj\u00f8ene<\/h3>\n\n\n\n<p>For \u00e5 sikre en god samhandling mellom politisk niv\u00e5 og administrasjonen \u00f8nsker vi \u00e5 opprette en egen politisk komite for kommunalomr\u00e5det oppvekst.<\/p>\n\n\n\n\n<div class=\"wp-block-buttons is-layout-flex wp-block-buttons-is-layout-flex\">\n<div class=\"wp-block-button\"><a class=\"wp-block-button__link\" href=\"https:\/\/hoyre.no\/vestvagoy\/politikk\/\">Tilbake til politikk<\/a><\/div>\n<\/div>\n","protected":false},"excerpt":{"rendered":"","protected":false},"author":41535,"featured_media":0,"parent":37,"menu_order":0,"comment_status":"closed","ping_status":"closed","template":"","meta":{"teft_cards_image_url":"","teft_cards_custom_pretitle":"","teft_cards_image_id":93,"teft_cards_image_focal_point_x":0.61,"teft_cards_image_focal_point_y":0.39,"teft_cards_title":"","teft_cards_excerpt":"","teft_show_chapters":false,"footnotes":""},"class_list":["post-92","page","type-page","status-publish","hentry"],"yoast_head":"<!-- This site is optimized with the Yoast SEO plugin v26.6 - https:\/\/yoast.com\/wordpress\/plugins\/seo\/ -->\n<title>Oppvekst - Vestv\u00e5g\u00f8y H\u00f8yre<\/title>\n<meta name=\"robots\" content=\"index, follow, max-snippet:-1, max-image-preview:large, max-video-preview:-1\" \/>\n<link rel=\"canonical\" href=\"https:\/\/hoyre.no\/vestvagoy\/politikk\/oppvekst\/\" \/>\n<meta property=\"og:locale\" content=\"nb_NO\" \/>\n<meta property=\"og:type\" content=\"article\" \/>\n<meta property=\"og:title\" content=\"Oppvekst - Vestv\u00e5g\u00f8y H\u00f8yre\" \/>\n<meta property=\"og:url\" content=\"https:\/\/hoyre.no\/vestvagoy\/politikk\/oppvekst\/\" \/>\n<meta property=\"og:site_name\" content=\"Vestv\u00e5g\u00f8y H\u00f8yre\" \/>\n<meta property=\"article:modified_time\" content=\"2023-06-06T16:00:51+00:00\" \/>\n<meta property=\"og:image\" content=\"https:\/\/hoyre.no\/content\/uploads\/sites\/118\/2023\/06\/GettyImages-497326755-1024x683.jpg\" \/>\n<meta name=\"twitter:card\" content=\"summary_large_image\" \/>\n<meta name=\"twitter:label1\" content=\"Ansl. lesetid\" \/>\n\t<meta name=\"twitter:data1\" content=\"4 minutter\" \/>\n<script type=\"application\/ld+json\" class=\"yoast-schema-graph\">{\"@context\":\"https:\/\/schema.org\",\"@graph\":[{\"@type\":\"WebPage\",\"@id\":\"https:\/\/hoyre.no\/vestvagoy\/politikk\/oppvekst\/\",\"url\":\"https:\/\/hoyre.no\/vestvagoy\/politikk\/oppvekst\/\",\"name\":\"Oppvekst - Vestv\u00e5g\u00f8y H\u00f8yre\",\"isPartOf\":{\"@id\":\"https:\/\/hoyre.no\/vestvagoy\/#website\"},\"datePublished\":\"2023-06-05T22:07:26+00:00\",\"dateModified\":\"2023-06-06T16:00:51+00:00\",\"breadcrumb\":{\"@id\":\"https:\/\/hoyre.no\/vestvagoy\/politikk\/oppvekst\/#breadcrumb\"},\"inLanguage\":\"nb-NO\",\"potentialAction\":[{\"@type\":\"ReadAction\",\"target\":[\"https:\/\/hoyre.no\/vestvagoy\/politikk\/oppvekst\/\"]}]},{\"@type\":\"BreadcrumbList\",\"@id\":\"https:\/\/hoyre.no\/vestvagoy\/politikk\/oppvekst\/#breadcrumb\",\"itemListElement\":[{\"@type\":\"ListItem\",\"position\":1,\"name\":\"Til hoyre.no\",\"item\":\"https:\/\/hoyre.no\"},{\"@type\":\"ListItem\",\"position\":2,\"name\":\"Hjem\",\"item\":\"https:\/\/hoyre.no\/vestvagoy\/\"},{\"@type\":\"ListItem\",\"position\":3,\"name\":\"Politikk\",\"item\":\"https:\/\/hoyre.no\/vestvagoy\/politikk\/\"},{\"@type\":\"ListItem\",\"position\":4,\"name\":\"Oppvekst\"}]},{\"@type\":\"WebSite\",\"@id\":\"https:\/\/hoyre.no\/vestvagoy\/#website\",\"url\":\"https:\/\/hoyre.no\/vestvagoy\/\",\"name\":\"Vestv\u00e5g\u00f8y H\u00f8yre\",\"description\":\"Bare enda et H\u00f8yres nettsteder-nettsted\",\"inLanguage\":\"nb-NO\"}]}<\/script>\n<!-- \/ Yoast SEO plugin. -->","yoast_head_json":{"title":"Oppvekst - Vestv\u00e5g\u00f8y H\u00f8yre","robots":{"index":"index","follow":"follow","max-snippet":"max-snippet:-1","max-image-preview":"max-image-preview:large","max-video-preview":"max-video-preview:-1"},"canonical":"https:\/\/hoyre.no\/vestvagoy\/politikk\/oppvekst\/","og_locale":"nb_NO","og_type":"article","og_title":"Oppvekst - Vestv\u00e5g\u00f8y H\u00f8yre","og_url":"https:\/\/hoyre.no\/vestvagoy\/politikk\/oppvekst\/","og_site_name":"Vestv\u00e5g\u00f8y H\u00f8yre","article_modified_time":"2023-06-06T16:00:51+00:00","og_image":[{"url":"https:\/\/hoyre.no\/content\/uploads\/sites\/118\/2023\/06\/GettyImages-497326755-1024x683.jpg","width":"","height":"","type":""}],"twitter_card":"summary_large_image","twitter_misc":{"Ansl. lesetid":"4 minutter"},"schema":{"@context":"https:\/\/schema.org","@graph":[{"@type":"WebPage","@id":"https:\/\/hoyre.no\/vestvagoy\/politikk\/oppvekst\/","url":"https:\/\/hoyre.no\/vestvagoy\/politikk\/oppvekst\/","name":"Oppvekst - Vestv\u00e5g\u00f8y H\u00f8yre","isPartOf":{"@id":"https:\/\/hoyre.no\/vestvagoy\/#website"},"datePublished":"2023-06-05T22:07:26+00:00","dateModified":"2023-06-06T16:00:51+00:00","breadcrumb":{"@id":"https:\/\/hoyre.no\/vestvagoy\/politikk\/oppvekst\/#breadcrumb"},"inLanguage":"nb-NO","potentialAction":[{"@type":"ReadAction","target":["https:\/\/hoyre.no\/vestvagoy\/politikk\/oppvekst\/"]}]},{"@type":"BreadcrumbList","@id":"https:\/\/hoyre.no\/vestvagoy\/politikk\/oppvekst\/#breadcrumb","itemListElement":[{"@type":"ListItem","position":1,"name":"Til hoyre.no","item":"https:\/\/hoyre.no"},{"@type":"ListItem","position":2,"name":"Hjem","item":"https:\/\/hoyre.no\/vestvagoy\/"},{"@type":"ListItem","position":3,"name":"Politikk","item":"https:\/\/hoyre.no\/vestvagoy\/politikk\/"},{"@type":"ListItem","position":4,"name":"Oppvekst"}]},{"@type":"WebSite","@id":"https:\/\/hoyre.no\/vestvagoy\/#website","url":"https:\/\/hoyre.no\/vestvagoy\/","name":"Vestv\u00e5g\u00f8y H\u00f8yre","description":"Bare enda et H\u00f8yres nettsteder-nettsted","inLanguage":"nb-NO"}]}},"distributor_meta":false,"distributor_terms":false,"distributor_media":false,"distributor_original_site_name":"Vestv\u00e5g\u00f8y H\u00f8yre","distributor_original_site_url":"https:\/\/hoyre.no\/vestvagoy","push-errors":false,"_links":{"self":[{"href":"https:\/\/hoyre.no\/vestvagoy\/wp-json\/wp\/v2\/pages\/92","targetHints":{"allow":["GET"]}}],"collection":[{"href":"https:\/\/hoyre.no\/vestvagoy\/wp-json\/wp\/v2\/pages"}],"about":[{"href":"https:\/\/hoyre.no\/vestvagoy\/wp-json\/wp\/v2\/types\/page"}],"author":[{"embeddable":true,"href":"https:\/\/hoyre.no\/vestvagoy\/wp-json\/wp\/v2\/users\/41535"}],"replies":[{"embeddable":true,"href":"https:\/\/hoyre.no\/vestvagoy\/wp-json\/wp\/v2\/comments?post=92"}],"version-history":[{"count":2,"href":"https:\/\/hoyre.no\/vestvagoy\/wp-json\/wp\/v2\/pages\/92\/revisions"}],"predecessor-version":[{"id":135,"href":"https:\/\/hoyre.no\/vestvagoy\/wp-json\/wp\/v2\/pages\/92\/revisions\/135"}],"up":[{"embeddable":true,"href":"https:\/\/hoyre.no\/vestvagoy\/wp-json\/wp\/v2\/pages\/37"}],"wp:attachment":[{"href":"https:\/\/hoyre.no\/vestvagoy\/wp-json\/wp\/v2\/media?parent=92"}],"curies":[{"name":"wp","href":"https:\/\/api.w.org\/{rel}","templated":true}]}}