{"id":37,"date":"2023-06-16T11:40:52","date_gmt":"2023-06-16T09:40:52","guid":{"rendered":"https:\/\/hoyre.no\/vindafjord\/?page_id=37"},"modified":"2025-02-04T12:04:49","modified_gmt":"2025-02-04T11:04:49","slug":"10-grunnar-til-a-stemme-hogre-i-vindafjord","status":"publish","type":"page","link":"https:\/\/hoyre.no\/vindafjord\/10-grunnar-til-a-stemme-hogre-i-vindafjord\/","title":{"rendered":"10 grunnar til \u00e5 stemme H\u00f8gre i Vindafjord"},"content":{"rendered":"\n<div class=\"wp-block-hoyre-hero with-image-gradient text-color-light  has-media alignfull has-background\"><div class=\"hoyre-hero has-image\"><h1 class=\"title\">10 grunnar til \u00e5 stemme H\u00f8gre i Vindafjord<\/h1><figure class=\"hoyre-image-wrapper\"><div class=\"hoyre-image\"><img loading=\"lazy\" decoding=\"async\" width=\"2500\" height=\"1300\" src=\"https:\/\/hoyre.no\/content\/uploads\/sites\/205\/2023\/06\/Sandeid-scaled.jpg\" class=\"attachment-scaled size-scaled\" alt=\"\" style=\"object-position: 50% 50%\" srcset=\"https:\/\/hoyre.no\/content\/uploads\/sites\/205\/2023\/06\/Sandeid-scaled.jpg 2500w, https:\/\/hoyre.no\/content\/uploads\/sites\/205\/2023\/06\/Sandeid-300x156.jpg 300w, https:\/\/hoyre.no\/content\/uploads\/sites\/205\/2023\/06\/Sandeid-1024x533.jpg 1024w, https:\/\/hoyre.no\/content\/uploads\/sites\/205\/2023\/06\/Sandeid-768x399.jpg 768w, https:\/\/hoyre.no\/content\/uploads\/sites\/205\/2023\/06\/Sandeid-1536x799.jpg 1536w, https:\/\/hoyre.no\/content\/uploads\/sites\/205\/2023\/06\/Sandeid-2048x1065.jpg 2048w\" sizes=\"auto, (max-width: 2500px) 100vw, 2500px\" \/><\/div><\/figure><\/div><\/div>\n\n\n\n<div class=\"wp-block-hoyre-banner alignwide undefined\"><div class=\"banner-inner\"><figure class=\"hoyre-image-wrapper\"><div class=\"hoyre-image\"><img loading=\"lazy\" decoding=\"async\" width=\"1362\" height=\"2048\" src=\"https:\/\/hoyre.no\/content\/uploads\/sites\/205\/2023\/06\/modolf.jpg\" class=\"attachment-scaled size-scaled\" alt=\"\" style=\"object-position: 50% 50%\" srcset=\"https:\/\/hoyre.no\/content\/uploads\/sites\/205\/2023\/06\/modolf.jpg 1362w, https:\/\/hoyre.no\/content\/uploads\/sites\/205\/2023\/06\/modolf-200x300.jpg 200w, https:\/\/hoyre.no\/content\/uploads\/sites\/205\/2023\/06\/modolf-681x1024.jpg 681w, https:\/\/hoyre.no\/content\/uploads\/sites\/205\/2023\/06\/modolf-768x1155.jpg 768w, https:\/\/hoyre.no\/content\/uploads\/sites\/205\/2023\/06\/modolf-1022x1536.jpg 1022w\" sizes=\"auto, (max-width: 1362px) 100vw, 1362px\" \/><\/div><\/figure><div class=\"banner-content\"><div class=\"entry-content\">\n<h2 class=\"wp-block-heading\">Muligheiter for alle!<\/h2>\n\n\n\n<p>Me har arva eit samfunn prega av tillit, opne tilh\u00f8ve, sm\u00e5 forskjellar, h\u00f8g verdiskaping og velutbygde velferdsordningar. Det er v\u00e5r plikt \u00e5 ivareta og vidareutvikla dette samfunnet for framtidige generasjonar. Me vil endra for \u00e5 bevara. Med det meiner me \u00e5 beskytta og bevara grunnleggjande verdiar knytta til menneskeverdet, demokratiet og rettsstaten. Me m\u00e5 gjera n\u00f8dvendige endringar i dag av omsyn til klima og milj\u00f8, \u00f8konomisk og sosial berekraft og velferda til framtidige generasjonar.<\/p>\n\n\n\n<div class=\"wp-block-buttons alignwide is-layout-flex wp-block-buttons-is-layout-flex\"><\/div>\n<\/div><\/div><\/div><\/div>\n\n\n\n\n\t\t<div class=\"has-pale-green-background-color is-layout-left alignwide alignwide wp-block-hoyre-media-text\">\n\t\t\t<div class=\"hoyre-media-text__media\">\n\t\t\t\t<img loading=\"lazy\" decoding=\"async\" width=\"1024\" height=\"683\" src=\"https:\/\/hoyre.no\/content\/uploads\/sites\/205\/2023\/06\/GettyImages-846017896-1024x683.jpg\" class=\"hoyre-media-text__media-image\" alt=\"\" style=\"--focal: 50% 50%;\" srcset=\"https:\/\/hoyre.no\/content\/uploads\/sites\/205\/2023\/06\/GettyImages-846017896-1024x683.jpg 1024w, https:\/\/hoyre.no\/content\/uploads\/sites\/205\/2023\/06\/GettyImages-846017896-300x200.jpg 300w, https:\/\/hoyre.no\/content\/uploads\/sites\/205\/2023\/06\/GettyImages-846017896-768x512.jpg 768w, https:\/\/hoyre.no\/content\/uploads\/sites\/205\/2023\/06\/GettyImages-846017896-1536x1024.jpg 1536w, https:\/\/hoyre.no\/content\/uploads\/sites\/205\/2023\/06\/GettyImages-846017896-2048x1365.jpg 2048w\" sizes=\"auto, (max-width: 1024px) 100vw, 1024px\" \/>\n\t\t\t<\/div>\n\t\t\t<div class=\"hoyre-media-text__content\">\n\t\t\t\t<div class=\"hoyre-media-text__content-inner\">\n\t\t\t\t\t\n\t\t\t<div class=\"hoyre-media-text__title-container\">\n\t\t\t\t\n\t\t\t\t<h2 class=\"hoyre-media-text__title\">1. Vera ein JA-kommune <\/h2>\n\t\t\t<\/div>\n\t\t\t\n\t\t\t\t\t<div class=\"hoyre-media-text__blocks\">\n<p>Vindafjord H\u00f8gre vil s\u00f8rge for at begrepet \u00abVi er til for innbyggjarane v\u00e5re\u00bb vert l\u00f8fta fram i kommuneorganisasjonen. Og s\u00f8rge for at n\u00e6ringsliv og\u00a0 innbyggjarane i kontakt med kommunen m\u00f8ter ei gjennomg\u00e5ande positiv og tenestevillig haldning. Me skal bli kjent som ein \u00abJA-kommune\u00bb som ogs\u00e5 vil tiltrekkja seg nye innbyggjarar og ny verksemd.<\/p>\n<\/div>\n\t\t\t\t\t\n\t\t\t\t<\/div>\n\t\t\t<\/div>\n\t\t<\/div>\n\t\t\n\n\n\n\t\t<div class=\"has-lightest-blue-background-color is-layout-right alignwide alignwide wp-block-hoyre-media-text\">\n\t\t\t<div class=\"hoyre-media-text__media\">\n\t\t\t\t<img loading=\"lazy\" decoding=\"async\" width=\"1024\" height=\"566\" src=\"https:\/\/hoyre.no\/content\/uploads\/sites\/205\/2023\/06\/GettyImages-473032112-1024x566.jpg\" class=\"hoyre-media-text__media-image\" alt=\"\" style=\"--focal: 50% 50%;\" srcset=\"https:\/\/hoyre.no\/content\/uploads\/sites\/205\/2023\/06\/GettyImages-473032112-1024x566.jpg 1024w, https:\/\/hoyre.no\/content\/uploads\/sites\/205\/2023\/06\/GettyImages-473032112-300x166.jpg 300w, https:\/\/hoyre.no\/content\/uploads\/sites\/205\/2023\/06\/GettyImages-473032112-768x425.jpg 768w, https:\/\/hoyre.no\/content\/uploads\/sites\/205\/2023\/06\/GettyImages-473032112-1536x850.jpg 1536w, https:\/\/hoyre.no\/content\/uploads\/sites\/205\/2023\/06\/GettyImages-473032112-2048x1133.jpg 2048w\" sizes=\"auto, (max-width: 1024px) 100vw, 1024px\" \/>\n\t\t\t<\/div>\n\t\t\t<div class=\"hoyre-media-text__content\">\n\t\t\t\t<div class=\"hoyre-media-text__content-inner\">\n\t\t\t\t\t\n\t\t\t<div class=\"hoyre-media-text__title-container\">\n\t\t\t\t\n\t\t\t\t<h2 class=\"hoyre-media-text__title\">2. Gratis SFO<\/h2>\n\t\t\t<\/div>\n\t\t\t\n\t\t\t\t\t<div class=\"hoyre-media-text__blocks\">\n<p>Me vil at at alle barn og unge skal ha trygge og gode oppvekstvilk\u00e5r med like moglegheiter. H\u00f8gre vil at du skal vera sjefen i eige liv. Me verdset difor fleksible og tilpassa tilbod, slik at du kan bestemma kva som er best for deg og din familie.<\/p>\n<\/div>\n\t\t\t\t\t\n\t\t\t\t<\/div>\n\t\t\t<\/div>\n\t\t<\/div>\n\t\t\n\n\n\t\t<div class=\"has-pink-background-color is-layout-left alignwide alignwide wp-block-hoyre-media-text\">\n\t\t\t<div class=\"hoyre-media-text__media\">\n\t\t\t\t<img loading=\"lazy\" decoding=\"async\" width=\"1024\" height=\"683\" src=\"https:\/\/hoyre.no\/content\/uploads\/sites\/205\/2023\/06\/GettyImages-1216408189-1024x683.jpg\" class=\"hoyre-media-text__media-image\" alt=\"\" style=\"--focal: 50% 50%;\" srcset=\"https:\/\/hoyre.no\/content\/uploads\/sites\/205\/2023\/06\/GettyImages-1216408189-1024x683.jpg 1024w, https:\/\/hoyre.no\/content\/uploads\/sites\/205\/2023\/06\/GettyImages-1216408189-300x200.jpg 300w, https:\/\/hoyre.no\/content\/uploads\/sites\/205\/2023\/06\/GettyImages-1216408189-768x512.jpg 768w, https:\/\/hoyre.no\/content\/uploads\/sites\/205\/2023\/06\/GettyImages-1216408189-1536x1024.jpg 1536w, https:\/\/hoyre.no\/content\/uploads\/sites\/205\/2023\/06\/GettyImages-1216408189-2048x1365.jpg 2048w\" sizes=\"auto, (max-width: 1024px) 100vw, 1024px\" \/>\n\t\t\t<\/div>\n\t\t\t<div class=\"hoyre-media-text__content\">\n\t\t\t\t<div class=\"hoyre-media-text__content-inner\">\n\t\t\t\t\t\n\t\t\t<div class=\"hoyre-media-text__title-container\">\n\t\t\t\t\n\t\t\t\t<h2 class=\"hoyre-media-text__title\">3. H\u00f8g kvalitet i skulen med gode skulemilj\u00f8\u00a0<\/h2>\n\t\t\t<\/div>\n\t\t\t\n\t\t\t\t\t<div class=\"hoyre-media-text__blocks\">\n<p>For oss i Vindafjord H\u00f8gre er det viktig at alle barn opplev meistring og l\u00e6ringsglede innanfor trygge og gode oppvekstmilj\u00f8. Me vil ha ein skulestruktur som sikrar god fagleg kvalitet og eit godt l\u00e6ringsmilj\u00f8 for b\u00e5de barn og tilsette.<\/p>\n<\/div>\n\t\t\t\t\t\n\t\t\t\t<\/div>\n\t\t\t<\/div>\n\t\t<\/div>\n\t\t\n\n\n\t\t<div class=\"has-pale-blue-background-color is-layout-right alignwide alignwide wp-block-hoyre-media-text\">\n\t\t\t<div class=\"hoyre-media-text__media\">\n\t\t\t\t<img loading=\"lazy\" decoding=\"async\" width=\"1024\" height=\"654\" src=\"https:\/\/hoyre.no\/content\/uploads\/sites\/205\/2023\/06\/GettyImages-1152836719-1024x654.jpg\" class=\"hoyre-media-text__media-image\" alt=\"\" style=\"--focal: 50% 50%;\" srcset=\"https:\/\/hoyre.no\/content\/uploads\/sites\/205\/2023\/06\/GettyImages-1152836719-1024x654.jpg 1024w, https:\/\/hoyre.no\/content\/uploads\/sites\/205\/2023\/06\/GettyImages-1152836719-300x192.jpg 300w, https:\/\/hoyre.no\/content\/uploads\/sites\/205\/2023\/06\/GettyImages-1152836719-768x490.jpg 768w, https:\/\/hoyre.no\/content\/uploads\/sites\/205\/2023\/06\/GettyImages-1152836719-1536x981.jpg 1536w, https:\/\/hoyre.no\/content\/uploads\/sites\/205\/2023\/06\/GettyImages-1152836719-2048x1308.jpg 2048w\" sizes=\"auto, (max-width: 1024px) 100vw, 1024px\" \/>\n\t\t\t<\/div>\n\t\t\t<div class=\"hoyre-media-text__content\">\n\t\t\t\t<div class=\"hoyre-media-text__content-inner\">\n\t\t\t\t\t\n\t\t\t<div class=\"hoyre-media-text__title-container\">\n\t\t\t\t\n\t\t\t\t<h2 class=\"hoyre-media-text__title\">4. Vera ein kommune med godt serviceniv\u00e5 og effektiv drift<\/h2>\n\t\t\t<\/div>\n\t\t\t\n\t\t\t\t\t<div class=\"hoyre-media-text__blocks\">\n<p>Vindafjord skal vere ein kommune med godt serviceniv\u00e5, effektiv drift og \u00f8konomisk handlingsrom. Arbeida for godt leiarskap, eit betre arbeidsmilj\u00f8 og l\u00e5gare sjukefr\u00e5v\u00e6r.<\/p>\n<\/div>\n\t\t\t\t\t\n\t\t\t\t<\/div>\n\t\t\t<\/div>\n\t\t<\/div>\n\t\t\n\n\n\t\t<div class=\"has-pale-purple-background-color is-layout-left alignwide alignwide wp-block-hoyre-media-text\">\n\t\t\t<div class=\"hoyre-media-text__media\">\n\t\t\t\t<img loading=\"lazy\" decoding=\"async\" width=\"1024\" height=\"575\" src=\"https:\/\/hoyre.no\/content\/uploads\/sites\/205\/2023\/06\/GettyImages-1330263557-1024x575.jpg\" class=\"hoyre-media-text__media-image\" alt=\"\" style=\"--focal: 50% 50%;\" srcset=\"https:\/\/hoyre.no\/content\/uploads\/sites\/205\/2023\/06\/GettyImages-1330263557-1024x575.jpg 1024w, https:\/\/hoyre.no\/content\/uploads\/sites\/205\/2023\/06\/GettyImages-1330263557-300x169.jpg 300w, https:\/\/hoyre.no\/content\/uploads\/sites\/205\/2023\/06\/GettyImages-1330263557-768x432.jpg 768w, https:\/\/hoyre.no\/content\/uploads\/sites\/205\/2023\/06\/GettyImages-1330263557-1536x863.jpg 1536w, https:\/\/hoyre.no\/content\/uploads\/sites\/205\/2023\/06\/GettyImages-1330263557-2048x1151.jpg 2048w\" sizes=\"auto, (max-width: 1024px) 100vw, 1024px\" \/>\n\t\t\t<\/div>\n\t\t\t<div class=\"hoyre-media-text__content\">\n\t\t\t\t<div class=\"hoyre-media-text__content-inner\">\n\t\t\t\t\t\n\t\t\t<div class=\"hoyre-media-text__title-container\">\n\t\t\t\t\n\t\t\t\t<h2 class=\"hoyre-media-text__title\">5. Fyrstegongsetablerarar skal f\u00e5 fritak fr\u00e5 eigedomsskatt dei f\u00f8rste 5 \u00e5ra<\/h2>\n\t\t\t<\/div>\n\t\t\t\n\t\t\t\t\t<div class=\"hoyre-media-text__blocks\">\n<p>Vindafjord H\u00f8gre vil leggja til rette for at dei som bur i kommunen trivest der, og at fleire buset seg i Vindafjord. Vindafjord H\u00f8gre vil at kommunen skal ta eit st\u00f8rre ansvar i \u00e5 tilretteleggja bustadtomter gjennom byggjefelt, husklynger og enkelttomter. Det m\u00e5 spesielt leggjast til rette for f\u00f8rstegongsetablerarar og for sentrumsn\u00e6re butilbod for innbyggjarar som treng eller vil trenge omsorgstenester fr\u00e5 kommunen.<\/p>\n<\/div>\n\t\t\t\t\t\n\t\t\t\t<\/div>\n\t\t\t<\/div>\n\t\t<\/div>\n\t\t\n\n\n\t\t<div class=\"has-dark-blue-background-color is-layout-right alignwide alignwide wp-block-hoyre-media-text\">\n\t\t\t<div class=\"hoyre-media-text__media\">\n\t\t\t\t<img loading=\"lazy\" decoding=\"async\" width=\"1024\" height=\"683\" src=\"https:\/\/hoyre.no\/content\/uploads\/sites\/205\/2023\/06\/GettyImages-1053414448-1024x683.jpg\" class=\"hoyre-media-text__media-image\" alt=\"\" style=\"--focal: 35% 55%;\" srcset=\"https:\/\/hoyre.no\/content\/uploads\/sites\/205\/2023\/06\/GettyImages-1053414448-1024x683.jpg 1024w, https:\/\/hoyre.no\/content\/uploads\/sites\/205\/2023\/06\/GettyImages-1053414448-300x200.jpg 300w, https:\/\/hoyre.no\/content\/uploads\/sites\/205\/2023\/06\/GettyImages-1053414448-768x512.jpg 768w, https:\/\/hoyre.no\/content\/uploads\/sites\/205\/2023\/06\/GettyImages-1053414448-1536x1024.jpg 1536w, https:\/\/hoyre.no\/content\/uploads\/sites\/205\/2023\/06\/GettyImages-1053414448-2048x1365.jpg 2048w\" sizes=\"auto, (max-width: 1024px) 100vw, 1024px\" \/>\n\t\t\t<\/div>\n\t\t\t<div class=\"hoyre-media-text__content\">\n\t\t\t\t<div class=\"hoyre-media-text__content-inner\">\n\t\t\t\t\t\n\t\t\t<div class=\"hoyre-media-text__title-container\">\n\t\t\t\t\n\t\t\t\t<h2 class=\"hoyre-media-text__title\">6. Ein aldersvenleg kommune med fokus p\u00e5 helsef\u00f8rebygging<\/h2>\n\t\t\t<\/div>\n\t\t\t\n\t\t\t\t\t<div class=\"hoyre-media-text__blocks\">\n<p>Personar over 70 \u00e5r skal f\u00e5 tilbod om bes\u00f8k i heimen for avklara kva ein treng gjera for \u00e5 bu heime lenger, og samtidig f\u00e5 gode r\u00e5d om f\u00f8rebyggjande helsetiltak. For \u00e5 klare dette m\u00e5 me ha eit samarbeid\u00a0 med andre kommunar eller leige av tenester m\u00e5 vurderast for \u00e5 kunna gi eit forsvarleg helsetilbod.<\/p>\n<\/div>\n\t\t\t\t\t\n\t\t\t\t<\/div>\n\t\t\t<\/div>\n\t\t<\/div>\n\t\t\n\n\n\t\t<div class=\"has-pale-green-background-color is-layout-left alignwide alignwide wp-block-hoyre-media-text\">\n\t\t\t<div class=\"hoyre-media-text__media\">\n\t\t\t\t<img loading=\"lazy\" decoding=\"async\" width=\"1024\" height=\"683\" src=\"https:\/\/hoyre.no\/content\/uploads\/sites\/205\/2023\/06\/GettyImages-1329997503-1024x683.jpg\" class=\"hoyre-media-text__media-image\" alt=\"\" style=\"--focal: 50% 50%;\" srcset=\"https:\/\/hoyre.no\/content\/uploads\/sites\/205\/2023\/06\/GettyImages-1329997503-1024x683.jpg 1024w, https:\/\/hoyre.no\/content\/uploads\/sites\/205\/2023\/06\/GettyImages-1329997503-300x200.jpg 300w, https:\/\/hoyre.no\/content\/uploads\/sites\/205\/2023\/06\/GettyImages-1329997503-768x512.jpg 768w, https:\/\/hoyre.no\/content\/uploads\/sites\/205\/2023\/06\/GettyImages-1329997503-1536x1025.jpg 1536w, https:\/\/hoyre.no\/content\/uploads\/sites\/205\/2023\/06\/GettyImages-1329997503-2048x1366.jpg 2048w\" sizes=\"auto, (max-width: 1024px) 100vw, 1024px\" \/>\n\t\t\t<\/div>\n\t\t\t<div class=\"hoyre-media-text__content\">\n\t\t\t\t<div class=\"hoyre-media-text__content-inner\">\n\t\t\t\t\t\n\t\t\t<div class=\"hoyre-media-text__title-container\">\n\t\t\t\t\n\t\t\t\t<h2 class=\"hoyre-media-text__title\">7. Vera ein del av ein sterk og samstemt Haugalandsregion med \u00d8len som eit naturleg regiondelsenter\u00a0<\/h2>\n\t\t\t<\/div>\n\t\t\t\n\t\t\t\t\t<div class=\"hoyre-media-text__blocks\">\n<p>Vindafjord H\u00f8yre meiner dette arbeidet m\u00e5 fortsetja i \u00e5ra framover, for \u00e5 f\u00e5 ein meir framtidsretta og robust struktur, som i st\u00f8rre grad samsvarar med ein felles bu- og arbeidsmarknad.<\/p>\n<\/div>\n\t\t\t\t\t\n\t\t\t\t<\/div>\n\t\t\t<\/div>\n\t\t<\/div>\n\t\t\n\n\n\t\t<div class=\"has-pale-blue-background-color is-layout-right alignwide alignwide wp-block-hoyre-media-text\">\n\t\t\t<div class=\"hoyre-media-text__media\">\n\t\t\t\t<img loading=\"lazy\" decoding=\"async\" width=\"1024\" height=\"683\" src=\"https:\/\/hoyre.no\/content\/uploads\/sites\/205\/2023\/06\/GettyImages-621350462-1024x683.jpg\" class=\"hoyre-media-text__media-image\" alt=\"\" style=\"--focal: 50% 50%;\" srcset=\"https:\/\/hoyre.no\/content\/uploads\/sites\/205\/2023\/06\/GettyImages-621350462-1024x683.jpg 1024w, https:\/\/hoyre.no\/content\/uploads\/sites\/205\/2023\/06\/GettyImages-621350462-300x200.jpg 300w, https:\/\/hoyre.no\/content\/uploads\/sites\/205\/2023\/06\/GettyImages-621350462-768x512.jpg 768w, https:\/\/hoyre.no\/content\/uploads\/sites\/205\/2023\/06\/GettyImages-621350462-1536x1024.jpg 1536w, https:\/\/hoyre.no\/content\/uploads\/sites\/205\/2023\/06\/GettyImages-621350462-2048x1365.jpg 2048w\" sizes=\"auto, (max-width: 1024px) 100vw, 1024px\" \/>\n\t\t\t<\/div>\n\t\t\t<div class=\"hoyre-media-text__content\">\n\t\t\t\t<div class=\"hoyre-media-text__content-inner\">\n\t\t\t\t\t\n\t\t\t<div class=\"hoyre-media-text__title-container\">\n\t\t\t\t\n\t\t\t\t<h2 class=\"hoyre-media-text__title\">8. Sikra attraktive bolig- og n\u00e6ringstomter<\/h2>\n\t\t\t<\/div>\n\t\t\t\n\t\t\t\t\t<div class=\"hoyre-media-text__blocks\">\n<p>Vindafjord H\u00f8gre vil at kommunen m\u00e5 ogs\u00e5 ta eit st\u00f8rre ansvar i \u00e5 tilretteleggja bustadtomter gjennom byggjefelt, husklynger og enkelttomter. Det m\u00e5 spesielt leggjast til rette for f\u00f8rstegongsetablerarar og for sentrumsn\u00e6re butilbod for innbyggjarar som treng eller vil trenge omsorgstenester fr\u00e5 kommunen. <\/p><p><\/p>\n<\/div>\n\t\t\t\t\t\n\t\t\t\t<\/div>\n\t\t\t<\/div>\n\t\t<\/div>\n\t\t\n\n\n\t\t<div class=\"has-pale-grey-background-color is-layout-left alignwide alignwide wp-block-hoyre-media-text\">\n\t\t\t<div class=\"hoyre-media-text__media\">\n\t\t\t\t<img loading=\"lazy\" decoding=\"async\" width=\"1024\" height=\"680\" src=\"https:\/\/hoyre.no\/content\/uploads\/sites\/205\/2023\/06\/GettyImages-492779192-1024x680.jpg\" class=\"hoyre-media-text__media-image\" alt=\"\" style=\"--focal: 50% 50%;\" srcset=\"https:\/\/hoyre.no\/content\/uploads\/sites\/205\/2023\/06\/GettyImages-492779192-1024x680.jpg 1024w, https:\/\/hoyre.no\/content\/uploads\/sites\/205\/2023\/06\/GettyImages-492779192-300x199.jpg 300w, https:\/\/hoyre.no\/content\/uploads\/sites\/205\/2023\/06\/GettyImages-492779192-768x510.jpg 768w, https:\/\/hoyre.no\/content\/uploads\/sites\/205\/2023\/06\/GettyImages-492779192-1536x1020.jpg 1536w, https:\/\/hoyre.no\/content\/uploads\/sites\/205\/2023\/06\/GettyImages-492779192-2048x1360.jpg 2048w\" sizes=\"auto, (max-width: 1024px) 100vw, 1024px\" \/>\n\t\t\t<\/div>\n\t\t\t<div class=\"hoyre-media-text__content\">\n\t\t\t\t<div class=\"hoyre-media-text__content-inner\">\n\t\t\t\t\t\n\t\t\t<div class=\"hoyre-media-text__title-container\">\n\t\t\t\t\n\t\t\t\t<h2 class=\"hoyre-media-text__title\">9. Jobba for realisering av ny E134<\/h2>\n\t\t\t<\/div>\n\t\t\t\n\t\t\t\t\t<div class=\"hoyre-media-text__blocks\">\n<p>Vindafjord H\u00f8gre vil  arbeide for auka l\u00f8yvingar til samferdsle slik at E134, parsellen Bakka-Solheim kan ha framdrift. Vi \u00f8nskjer ogs\u00e5 utbetring av dei d\u00e5rlegaste parsellane p\u00e5 riks- og fylkesvegane, spesielt gjelder dette krysset i \u00d8len sentrum mellom Eiodalen\/E134\/\u00d8len sentrum.<\/p>\n<\/div>\n\t\t\t\t\t\n\t\t\t\t<\/div>\n\t\t\t<\/div>\n\t\t<\/div>\n\t\t\n\n\n\t\t<div class=\"has-pale-purple-background-color is-layout-right alignwide alignwide wp-block-hoyre-media-text\">\n\t\t\t<div class=\"hoyre-media-text__media\">\n\t\t\t\t<img loading=\"lazy\" decoding=\"async\" width=\"1024\" height=\"683\" src=\"https:\/\/hoyre.no\/content\/uploads\/sites\/205\/2023\/06\/GettyImages-535587483-1024x683.jpg\" class=\"hoyre-media-text__media-image\" alt=\"\" style=\"--focal: 50% 50%;\" srcset=\"https:\/\/hoyre.no\/content\/uploads\/sites\/205\/2023\/06\/GettyImages-535587483-1024x683.jpg 1024w, https:\/\/hoyre.no\/content\/uploads\/sites\/205\/2023\/06\/GettyImages-535587483-300x200.jpg 300w, https:\/\/hoyre.no\/content\/uploads\/sites\/205\/2023\/06\/GettyImages-535587483-768x512.jpg 768w, https:\/\/hoyre.no\/content\/uploads\/sites\/205\/2023\/06\/GettyImages-535587483-1536x1024.jpg 1536w, https:\/\/hoyre.no\/content\/uploads\/sites\/205\/2023\/06\/GettyImages-535587483-2048x1365.jpg 2048w\" sizes=\"auto, (max-width: 1024px) 100vw, 1024px\" \/>\n\t\t\t<\/div>\n\t\t\t<div class=\"hoyre-media-text__content\">\n\t\t\t\t<div class=\"hoyre-media-text__content-inner\">\n\t\t\t\t\t\n\t\t\t<div class=\"hoyre-media-text__title-container\">\n\t\t\t\t\n\t\t\t\t<h2 class=\"hoyre-media-text__title\">10. Kommunen skal st\u00f8tta opp om frivillig arbeid og tilby gratis saksbehandling for frivillige lag og organisasjonar<\/h2>\n\t\t\t<\/div>\n\t\t\t\n\t\t\t\t\t<div class=\"hoyre-media-text__blocks\">\n<p>Ingen i Vindafjord skal kjenna seg einsame og dei som treng det skal f\u00e5 hjelp \u2013 Frivillighetssentralen m\u00e5 koordiner dette arbeidet.\u00a0Frivillige lag og organisasjonar tar ein stor del av ansvaret for velferda i kommunen. Desse skal i st\u00f8rre grad f\u00e5 h\u00f8ve til \u00e5 p\u00e5verka utviklinga i kommunen gjennom dialogm\u00f8ter.<\/p>\n<\/div>\n\t\t\t\t\t\n\t\t\t\t<\/div>\n\t\t\t<\/div>\n\t\t<\/div>\n\t\t","protected":false},"excerpt":{"rendered":"","protected":false},"author":10416,"featured_media":0,"parent":0,"menu_order":0,"comment_status":"closed","ping_status":"closed","template":"","meta":{"teft_cards_image_url":"","teft_cards_custom_pretitle":"","teft_cards_image_id":73,"teft_cards_image_focal_point_x":0.5,"teft_cards_image_focal_point_y":0.5,"teft_cards_title":"","teft_cards_excerpt":"","teft_show_chapters":false,"footnotes":""},"class_list":["post-37","page","type-page","status-publish","hentry"],"yoast_head":"<!-- This site is optimized with the Yoast SEO plugin v26.6 - https:\/\/yoast.com\/wordpress\/plugins\/seo\/ -->\n<title>10 grunnar til \u00e5 stemme H\u00f8gre i Vindafjord - Vindafjord H\u00f8yre<\/title>\n<meta name=\"robots\" content=\"index, follow, max-snippet:-1, max-image-preview:large, max-video-preview:-1\" \/>\n<link rel=\"canonical\" href=\"https:\/\/hoyre.no\/vindafjord\/10-grunnar-til-a-stemme-hogre-i-vindafjord\/\" \/>\n<meta property=\"og:locale\" content=\"nn_NO\" \/>\n<meta property=\"og:type\" content=\"article\" \/>\n<meta property=\"og:title\" content=\"10 grunnar til \u00e5 stemme H\u00f8gre i Vindafjord - Vindafjord H\u00f8yre\" \/>\n<meta property=\"og:url\" content=\"https:\/\/hoyre.no\/vindafjord\/10-grunnar-til-a-stemme-hogre-i-vindafjord\/\" \/>\n<meta property=\"og:site_name\" content=\"Vindafjord H\u00f8yre\" \/>\n<meta property=\"article:modified_time\" content=\"2025-02-04T11:04:49+00:00\" \/>\n<meta property=\"og:image\" content=\"https:\/\/hoyre.no\/content\/uploads\/sites\/205\/2023\/06\/Sandeid-1024x533.jpg\" \/>\n<meta name=\"twitter:card\" content=\"summary_large_image\" \/>\n<meta name=\"twitter:label1\" content=\"Est. reading time\" \/>\n\t<meta name=\"twitter:data1\" content=\"3 minutt\" \/>\n<script type=\"application\/ld+json\" class=\"yoast-schema-graph\">{\"@context\":\"https:\/\/schema.org\",\"@graph\":[{\"@type\":\"WebPage\",\"@id\":\"https:\/\/hoyre.no\/vindafjord\/10-grunnar-til-a-stemme-hogre-i-vindafjord\/\",\"url\":\"https:\/\/hoyre.no\/vindafjord\/10-grunnar-til-a-stemme-hogre-i-vindafjord\/\",\"name\":\"10 grunnar til \u00e5 stemme H\u00f8gre i Vindafjord - Vindafjord H\u00f8yre\",\"isPartOf\":{\"@id\":\"https:\/\/hoyre.no\/vindafjord\/#website\"},\"datePublished\":\"2023-06-16T09:40:52+00:00\",\"dateModified\":\"2025-02-04T11:04:49+00:00\",\"breadcrumb\":{\"@id\":\"https:\/\/hoyre.no\/vindafjord\/10-grunnar-til-a-stemme-hogre-i-vindafjord\/#breadcrumb\"},\"inLanguage\":\"nn-NO\",\"potentialAction\":[{\"@type\":\"ReadAction\",\"target\":[\"https:\/\/hoyre.no\/vindafjord\/10-grunnar-til-a-stemme-hogre-i-vindafjord\/\"]}]},{\"@type\":\"BreadcrumbList\",\"@id\":\"https:\/\/hoyre.no\/vindafjord\/10-grunnar-til-a-stemme-hogre-i-vindafjord\/#breadcrumb\",\"itemListElement\":[{\"@type\":\"ListItem\",\"position\":1,\"name\":\"Til hoyre.no\",\"item\":\"https:\/\/hoyre.no\"},{\"@type\":\"ListItem\",\"position\":2,\"name\":\"Hjem\",\"item\":\"https:\/\/hoyre.no\/vindafjord\/\"},{\"@type\":\"ListItem\",\"position\":3,\"name\":\"10 grunnar til \u00e5 stemme H\u00f8gre i Vindafjord\"}]},{\"@type\":\"WebSite\",\"@id\":\"https:\/\/hoyre.no\/vindafjord\/#website\",\"url\":\"https:\/\/hoyre.no\/vindafjord\/\",\"name\":\"Vindafjord H\u00f8yre\",\"description\":\"Bare enda et H\u00f8yres nettsteder-nettsted\",\"inLanguage\":\"nn-NO\"}]}<\/script>\n<!-- \/ Yoast SEO plugin. -->","yoast_head_json":{"title":"10 grunnar til \u00e5 stemme H\u00f8gre i Vindafjord - Vindafjord H\u00f8yre","robots":{"index":"index","follow":"follow","max-snippet":"max-snippet:-1","max-image-preview":"max-image-preview:large","max-video-preview":"max-video-preview:-1"},"canonical":"https:\/\/hoyre.no\/vindafjord\/10-grunnar-til-a-stemme-hogre-i-vindafjord\/","og_locale":"nn_NO","og_type":"article","og_title":"10 grunnar til \u00e5 stemme H\u00f8gre i Vindafjord - Vindafjord H\u00f8yre","og_url":"https:\/\/hoyre.no\/vindafjord\/10-grunnar-til-a-stemme-hogre-i-vindafjord\/","og_site_name":"Vindafjord H\u00f8yre","article_modified_time":"2025-02-04T11:04:49+00:00","og_image":[{"url":"https:\/\/hoyre.no\/content\/uploads\/sites\/205\/2023\/06\/Sandeid-1024x533.jpg","width":"","height":"","type":""}],"twitter_card":"summary_large_image","twitter_misc":{"Est. reading time":"3 minutt"},"schema":{"@context":"https:\/\/schema.org","@graph":[{"@type":"WebPage","@id":"https:\/\/hoyre.no\/vindafjord\/10-grunnar-til-a-stemme-hogre-i-vindafjord\/","url":"https:\/\/hoyre.no\/vindafjord\/10-grunnar-til-a-stemme-hogre-i-vindafjord\/","name":"10 grunnar til \u00e5 stemme H\u00f8gre i Vindafjord - Vindafjord H\u00f8yre","isPartOf":{"@id":"https:\/\/hoyre.no\/vindafjord\/#website"},"datePublished":"2023-06-16T09:40:52+00:00","dateModified":"2025-02-04T11:04:49+00:00","breadcrumb":{"@id":"https:\/\/hoyre.no\/vindafjord\/10-grunnar-til-a-stemme-hogre-i-vindafjord\/#breadcrumb"},"inLanguage":"nn-NO","potentialAction":[{"@type":"ReadAction","target":["https:\/\/hoyre.no\/vindafjord\/10-grunnar-til-a-stemme-hogre-i-vindafjord\/"]}]},{"@type":"BreadcrumbList","@id":"https:\/\/hoyre.no\/vindafjord\/10-grunnar-til-a-stemme-hogre-i-vindafjord\/#breadcrumb","itemListElement":[{"@type":"ListItem","position":1,"name":"Til hoyre.no","item":"https:\/\/hoyre.no"},{"@type":"ListItem","position":2,"name":"Hjem","item":"https:\/\/hoyre.no\/vindafjord\/"},{"@type":"ListItem","position":3,"name":"10 grunnar til \u00e5 stemme H\u00f8gre i Vindafjord"}]},{"@type":"WebSite","@id":"https:\/\/hoyre.no\/vindafjord\/#website","url":"https:\/\/hoyre.no\/vindafjord\/","name":"Vindafjord H\u00f8yre","description":"Bare enda et H\u00f8yres nettsteder-nettsted","inLanguage":"nn-NO"}]}},"distributor_meta":false,"distributor_terms":false,"distributor_media":false,"distributor_original_site_name":"Vindafjord H\u00f8yre","distributor_original_site_url":"https:\/\/hoyre.no\/vindafjord","push-errors":false,"_links":{"self":[{"href":"https:\/\/hoyre.no\/vindafjord\/wp-json\/wp\/v2\/pages\/37","targetHints":{"allow":["GET"]}}],"collection":[{"href":"https:\/\/hoyre.no\/vindafjord\/wp-json\/wp\/v2\/pages"}],"about":[{"href":"https:\/\/hoyre.no\/vindafjord\/wp-json\/wp\/v2\/types\/page"}],"author":[{"embeddable":true,"href":"https:\/\/hoyre.no\/vindafjord\/wp-json\/wp\/v2\/users\/10416"}],"replies":[{"embeddable":true,"href":"https:\/\/hoyre.no\/vindafjord\/wp-json\/wp\/v2\/comments?post=37"}],"version-history":[{"count":4,"href":"https:\/\/hoyre.no\/vindafjord\/wp-json\/wp\/v2\/pages\/37\/revisions"}],"predecessor-version":[{"id":86,"href":"https:\/\/hoyre.no\/vindafjord\/wp-json\/wp\/v2\/pages\/37\/revisions\/86"}],"wp:attachment":[{"href":"https:\/\/hoyre.no\/vindafjord\/wp-json\/wp\/v2\/media?parent=37"}],"curies":[{"name":"wp","href":"https:\/\/api.w.org\/{rel}","templated":true}]}}