{"id":59,"date":"2023-07-14T15:47:40","date_gmt":"2023-07-14T13:47:40","guid":{"rendered":"https:\/\/hoyre.no\/voss\/?page_id=59"},"modified":"2025-02-18T16:32:22","modified_gmt":"2025-02-18T15:32:22","slug":"valprogram-2023-2027","status":"publish","type":"page","link":"https:\/\/hoyre.no\/voss\/valprogram-2023-2027\/","title":{"rendered":"Valprogram 2023-2027"},"content":{"rendered":"\n<div class=\"wp-block-hoyre-hero with-image-gradient text-color-light  has-media alignfull has-background\"><div class=\"hoyre-hero has-image\"><h1 class=\"title\">Valprogram<br>2023-2027<\/h1><p class=\"preamble\">Les meir om kva me g\u00e5r til val p\u00e5 i Voss herad!<\/p>\t\t\t<div class=\"post-meta wp-block teft-byline-wrapper\">\n\t\t\t\t<div class=\"top\">\n\t\t\t\t\t<div class=\"signature\">\n\t\t\t\t\t\t<div class=\"teft-byline\">\n\t\t\t\t\t\t\t\t\t\t\t\t\t\t<div>\n\t\t\t\t\t\t\t\t<h3>H\u00f8yres redaksjon<\/h3>\t\t\t\t\t\t\t\t\n\t\t\t\t\t\t\t\t\t\t\t\t\t\t\t\t\t<span class=\"date\">Sist oppdatert: 18. februar 2025<\/span>\n\t\t\t\t\t\t\t\t\t\t\t\t\t\t\t\t\t\t\t\t\t\t\t\t\t<span class=\"reading-time\" itemprop=\"timeRequired\" content=\"PT2M\"><em>Ca. 2 minutter lesetid<\/em><\/span>\n\t\t\t\t\t\t\t\t\t\t\t\t\t\t\t<\/div>\n\t\t\t\t\t\t<\/div>\n\t\t\t\t\t<\/div>\n\t\t\t\t\t\t<div class=\"sharing\">\n\t\t<a class=\"share-button share-link copy-link\" data-copy=\"https:\/\/hoyre.no\/voss\/valprogram-2023-2027\/\" target=\"_blank\"><span class=\"screen-reader-text\">Del link<\/span><\/a>\n\t\t<a class=\"share-button share-twitter\" href=\"http:\/\/twitter.com\/share?text=Valprogram 2023-2027&#038;url=https:\/\/hoyre.no\/voss\/valprogram-2023-2027\/&#038;hashtags=Hoyre\" target=\"_blank\"><span class=\"screen-reader-text\">Del p\u00e5 twitter<\/span><\/a>\n\t\t<a class=\"share-button share-facebook\" href=\"https:\/\/www.facebook.com\/sharer\/sharer.php?u=https:\/\/hoyre.no\/voss\/valprogram-2023-2027\/\" target=\"_blank\"><span class=\"screen-reader-text\">Del p\u00e5 facebook<\/span><\/a>\n\t<\/div>\n\t\t\t\t\t<\/div>\n\t\t\t<\/div>\n\n\t\t\t<figure class=\"hoyre-image-wrapper\"><div class=\"hoyre-image\"><img loading=\"lazy\" decoding=\"async\" width=\"2500\" height=\"1667\" src=\"https:\/\/hoyre.no\/content\/uploads\/sites\/311\/2023\/07\/Voss-landskap-4-bilde-fra-Iril-scaled.jpg\" class=\"attachment-scaled size-scaled\" alt=\"\" style=\"object-position: 44% 49%\" srcset=\"https:\/\/hoyre.no\/content\/uploads\/sites\/311\/2023\/07\/Voss-landskap-4-bilde-fra-Iril-scaled.jpg 2500w, https:\/\/hoyre.no\/content\/uploads\/sites\/311\/2023\/07\/Voss-landskap-4-bilde-fra-Iril-300x200.jpg 300w, https:\/\/hoyre.no\/content\/uploads\/sites\/311\/2023\/07\/Voss-landskap-4-bilde-fra-Iril-1024x683.jpg 1024w, https:\/\/hoyre.no\/content\/uploads\/sites\/311\/2023\/07\/Voss-landskap-4-bilde-fra-Iril-768x512.jpg 768w, https:\/\/hoyre.no\/content\/uploads\/sites\/311\/2023\/07\/Voss-landskap-4-bilde-fra-Iril-1536x1024.jpg 1536w, https:\/\/hoyre.no\/content\/uploads\/sites\/311\/2023\/07\/Voss-landskap-4-bilde-fra-Iril-2048x1365.jpg 2048w\" sizes=\"auto, (max-width: 2500px) 100vw, 2500px\" \/><\/div><\/figure><\/div><\/div>\n\n\n\n\n<p>Voss H\u00f8gre ynskjer at Voss skal verta ein end\u00e5 betre stad \u00e5 verta f\u00f8dd, veksa opp, utdanna seg, bu, etablera verksemd, arbeida og verta gamal.<\/p>\n\n\n\n<p>Me vil f\u00f8ra ein politikk som byggjer p\u00e5 lokalt folkestyre, personleg fridom og sosialt ansvar, og vera opne og lyttande til alle innspel, slik at me saman kan utvikla Voss vidare inn i framtida. Voss H\u00f8gre vil st\u00f8 opp om aktivitetar og tiltak som gjer det enklare og meir attraktivt \u00e5 busetja seg i bygda. Det at ungdomen vel \u00e5 busetja seg her, er sj\u00f8lve grunnlaget for gode tenester, bu-milj\u00f8 og auka folketal.<\/p>\n\n\n\n<p>Voss H\u00f8gre vil arbeida for \u00e5 gjenreisa prioriteringsdebatten i lokalpolitikken, fremja ansvar, og arbeida langsiktig og heilskapleg. Oppg\u00e5vene som ligg framfor oss, gjer at Voss herad lyt nytta inntektene sine godt for \u00e5 sikra tenester med god kvalitet. I lokalpolitikken m\u00e5 me som politikarar visa ansvar og prioritera det viktigaste f\u00f8rst:<\/p>\n\n\n\n<div class=\"wp-block-media-text is-stacked-on-mobile is-image-fill alignwide\" style=\"grid-template-columns:29% auto\"><figure class=\"wp-block-media-text__media\" style=\"background-image:url('https:\/\/hoyre.no\/content\/uploads\/sites\/311\/2023\/07\/Skjermbilde-2023-07-14-kl.-15.30.38-1024x887.png');background-position:50% 50%\"><img loading=\"lazy\" decoding=\"async\" width=\"1024\" height=\"887\" src=\"https:\/\/hoyre.no\/content\/uploads\/sites\/311\/2023\/07\/Skjermbilde-2023-07-14-kl.-15.30.38-1024x887.png\" alt=\"\" class=\"wp-image-69 size-full\" srcset=\"https:\/\/hoyre.no\/content\/uploads\/sites\/311\/2023\/07\/Skjermbilde-2023-07-14-kl.-15.30.38-1024x887.png 1024w, https:\/\/hoyre.no\/content\/uploads\/sites\/311\/2023\/07\/Skjermbilde-2023-07-14-kl.-15.30.38-300x260.png 300w, https:\/\/hoyre.no\/content\/uploads\/sites\/311\/2023\/07\/Skjermbilde-2023-07-14-kl.-15.30.38-768x665.png 768w, https:\/\/hoyre.no\/content\/uploads\/sites\/311\/2023\/07\/Skjermbilde-2023-07-14-kl.-15.30.38.png 1520w\" sizes=\"auto, (max-width: 1024px) 100vw, 1024px\" \/><\/figure><div class=\"wp-block-media-text__content\">\n<ul class=\"wp-block-list\" id=\"block-49624a5e-5c96-4976-9983-16ce27198695\">\n<li>Gode oppvekstvilk\u00e5r for born og unge, i eit trygt lokalsamfunn.<\/li>\n\n\n\n<li>Kunnskap og kvalitet i skulen.<\/li>\n\n\n\n<li>Omsorgstenester med god kvalitet, og valfridom for dei som nyttar desse tenestene.<\/li>\n\n\n\n<li>Gode rammevilk\u00e5r for n\u00e6ringslivet, slik at me tryggjer eksisterande arbeidsplassar og gjer det attraktivt \u00e5 etablere nye.<\/li>\n\n\n\n<li>Betre og tryggare vegar i heradet v\u00e5rt.<\/li>\n<\/ul>\n<\/div><\/div>\n\n\n\n<p>Det skal leggjast til rette for nye bustader, n\u00e6ringsliv og arbeidsplassar i alle delar av heradet. Voss herad skal vera ein god plass \u00e5 bu og arbeida for alle.&nbsp;<\/p>\n\n\n\n<h3 class=\"wp-block-heading\" id=\"h-les-heile-valprogrammet-vart-her\">Les heile valprogrammet v\u00e5rt her:<\/h3>\n\n\n\n<div class=\"wp-block-teft-file icon-link-block\"><a href=\"https:\/\/hoyre.no\/content\/uploads\/sites\/311\/2023\/07\/Voss-Hogre-program-2023-2027.pdf\" download><span class=\"file-title\">Voss H\u00f8gre valprogram 2023-2027<\/span><span class=\"file-name\"><\/span><\/a><\/div>\n\n\n\n\n<div class=\"wp-block-hoyre-banner alignwide undefined  is-style-blue\"><div class=\"banner-inner\"><figure class=\"hoyre-image-wrapper\"><div class=\"hoyre-image\"><img loading=\"lazy\" decoding=\"async\" width=\"2500\" height=\"1406\" src=\"https:\/\/hoyre.no\/content\/uploads\/sites\/311\/2023\/07\/Voss-sauer-bilde-fra-Iril-scaled.jpg\" class=\"attachment-scaled size-scaled\" alt=\"\" style=\"object-position: 59% 57.99999999999999%\" srcset=\"https:\/\/hoyre.no\/content\/uploads\/sites\/311\/2023\/07\/Voss-sauer-bilde-fra-Iril-scaled.jpg 2500w, https:\/\/hoyre.no\/content\/uploads\/sites\/311\/2023\/07\/Voss-sauer-bilde-fra-Iril-300x169.jpg 300w, https:\/\/hoyre.no\/content\/uploads\/sites\/311\/2023\/07\/Voss-sauer-bilde-fra-Iril-1024x576.jpg 1024w, https:\/\/hoyre.no\/content\/uploads\/sites\/311\/2023\/07\/Voss-sauer-bilde-fra-Iril-768x432.jpg 768w, https:\/\/hoyre.no\/content\/uploads\/sites\/311\/2023\/07\/Voss-sauer-bilde-fra-Iril-1536x864.jpg 1536w, https:\/\/hoyre.no\/content\/uploads\/sites\/311\/2023\/07\/Voss-sauer-bilde-fra-Iril-2048x1152.jpg 2048w\" sizes=\"auto, (max-width: 2500px) 100vw, 2500px\" \/><\/div><\/figure><div class=\"banner-content\"><div class=\"entry-content\">\n<h2 class=\"wp-block-heading\" id=\"h-vil-du-ha-kortversjonen\">Vil du ha kortversjonen?<\/h2>\n\n\n\n<p>Her er 6 gode grunnar til \u00e5 r\u00f8yste i Voss herad \ud83d\udc47<\/p>\n\n\n\n<div class=\"wp-block-buttons is-layout-flex wp-block-buttons-is-layout-flex\">\n<div class=\"wp-block-button\"><a class=\"wp-block-button__link wp-element-button\" href=\"https:\/\/hoyre.no\/voss\/7-gode-grunnar\/\">trykk her for \u00e5 lesa meir<\/a><\/div>\n<\/div>\n<\/div><\/div><\/div><\/div>\n","protected":false},"excerpt":{"rendered":"","protected":false},"author":29319,"featured_media":0,"parent":0,"menu_order":0,"comment_status":"closed","ping_status":"closed","template":"","meta":{"teft_cards_image_url":"","teft_cards_custom_pretitle":"","teft_cards_image_id":0,"teft_cards_image_focal_point_x":0,"teft_cards_image_focal_point_y":0,"teft_cards_title":"","teft_cards_excerpt":"","teft_show_chapters":false,"footnotes":""},"class_list":["post-59","page","type-page","status-publish","hentry"],"yoast_head":"<!-- This site is optimized with the Yoast SEO plugin v26.6 - https:\/\/yoast.com\/wordpress\/plugins\/seo\/ -->\n<title>Valprogram 2023-2027 - Voss H\u00f8gre<\/title>\n<meta name=\"robots\" content=\"index, follow, max-snippet:-1, max-image-preview:large, max-video-preview:-1\" \/>\n<link rel=\"canonical\" href=\"https:\/\/hoyre.no\/voss\/valprogram-2023-2027\/\" \/>\n<meta property=\"og:locale\" content=\"nn_NO\" \/>\n<meta property=\"og:type\" content=\"article\" \/>\n<meta property=\"og:title\" content=\"Valprogram 2023-2027 - Voss H\u00f8gre\" \/>\n<meta property=\"og:url\" content=\"https:\/\/hoyre.no\/voss\/valprogram-2023-2027\/\" \/>\n<meta property=\"og:site_name\" content=\"Voss H\u00f8gre\" \/>\n<meta property=\"article:modified_time\" content=\"2025-02-18T15:32:22+00:00\" \/>\n<meta property=\"og:image\" content=\"https:\/\/hoyre.no\/content\/uploads\/sites\/311\/2023\/07\/Skjermbilde-2023-07-14-kl.-15.30.38-1024x887.png\" \/>\n<meta name=\"twitter:card\" content=\"summary_large_image\" \/>\n<meta name=\"twitter:label1\" content=\"Est. reading time\" \/>\n\t<meta name=\"twitter:data1\" content=\"2 minutt\" \/>\n<script type=\"application\/ld+json\" class=\"yoast-schema-graph\">{\"@context\":\"https:\/\/schema.org\",\"@graph\":[{\"@type\":\"WebPage\",\"@id\":\"https:\/\/hoyre.no\/voss\/valprogram-2023-2027\/\",\"url\":\"https:\/\/hoyre.no\/voss\/valprogram-2023-2027\/\",\"name\":\"Valprogram 2023-2027 - Voss H\u00f8gre\",\"isPartOf\":{\"@id\":\"https:\/\/hoyre.no\/voss\/#website\"},\"image\":{\"@id\":\"https:\/\/hoyre.no\/voss\/valprogram-2023-2027\/#primaryimage\"},\"thumbnailUrl\":\"https:\/\/hoyre.no\/content\/uploads\/sites\/311\/2023\/07\/Skjermbilde-2023-07-14-kl.-15.30.38-1024x887.png\",\"datePublished\":\"2023-07-14T13:47:40+00:00\",\"dateModified\":\"2025-02-18T15:32:22+00:00\",\"breadcrumb\":{\"@id\":\"https:\/\/hoyre.no\/voss\/valprogram-2023-2027\/#breadcrumb\"},\"inLanguage\":\"nn-NO\",\"potentialAction\":[{\"@type\":\"ReadAction\",\"target\":[\"https:\/\/hoyre.no\/voss\/valprogram-2023-2027\/\"]}]},{\"@type\":\"ImageObject\",\"inLanguage\":\"nn-NO\",\"@id\":\"https:\/\/hoyre.no\/voss\/valprogram-2023-2027\/#primaryimage\",\"url\":\"https:\/\/hoyre.no\/content\/uploads\/sites\/311\/2023\/07\/Skjermbilde-2023-07-14-kl.-15.30.38-1024x887.png\",\"contentUrl\":\"https:\/\/hoyre.no\/content\/uploads\/sites\/311\/2023\/07\/Skjermbilde-2023-07-14-kl.-15.30.38-1024x887.png\"},{\"@type\":\"BreadcrumbList\",\"@id\":\"https:\/\/hoyre.no\/voss\/valprogram-2023-2027\/#breadcrumb\",\"itemListElement\":[{\"@type\":\"ListItem\",\"position\":1,\"name\":\"Til hoyre.no\",\"item\":\"https:\/\/hoyre.no\"},{\"@type\":\"ListItem\",\"position\":2,\"name\":\"Hjem\",\"item\":\"https:\/\/hoyre.no\/voss\/\"},{\"@type\":\"ListItem\",\"position\":3,\"name\":\"Valprogram 2023-2027\"}]},{\"@type\":\"WebSite\",\"@id\":\"https:\/\/hoyre.no\/voss\/#website\",\"url\":\"https:\/\/hoyre.no\/voss\/\",\"name\":\"Voss H\u00f8gre\",\"description\":\"Bare enda et H\u00f8yres nettsteder-nettsted\",\"inLanguage\":\"nn-NO\"}]}<\/script>\n<!-- \/ Yoast SEO plugin. -->","yoast_head_json":{"title":"Valprogram 2023-2027 - Voss H\u00f8gre","robots":{"index":"index","follow":"follow","max-snippet":"max-snippet:-1","max-image-preview":"max-image-preview:large","max-video-preview":"max-video-preview:-1"},"canonical":"https:\/\/hoyre.no\/voss\/valprogram-2023-2027\/","og_locale":"nn_NO","og_type":"article","og_title":"Valprogram 2023-2027 - Voss H\u00f8gre","og_url":"https:\/\/hoyre.no\/voss\/valprogram-2023-2027\/","og_site_name":"Voss H\u00f8gre","article_modified_time":"2025-02-18T15:32:22+00:00","og_image":[{"url":"https:\/\/hoyre.no\/content\/uploads\/sites\/311\/2023\/07\/Skjermbilde-2023-07-14-kl.-15.30.38-1024x887.png","type":"","width":"","height":""}],"twitter_card":"summary_large_image","twitter_misc":{"Est. reading time":"2 minutt"},"schema":{"@context":"https:\/\/schema.org","@graph":[{"@type":"WebPage","@id":"https:\/\/hoyre.no\/voss\/valprogram-2023-2027\/","url":"https:\/\/hoyre.no\/voss\/valprogram-2023-2027\/","name":"Valprogram 2023-2027 - Voss H\u00f8gre","isPartOf":{"@id":"https:\/\/hoyre.no\/voss\/#website"},"image":{"@id":"https:\/\/hoyre.no\/voss\/valprogram-2023-2027\/#primaryimage"},"thumbnailUrl":"https:\/\/hoyre.no\/content\/uploads\/sites\/311\/2023\/07\/Skjermbilde-2023-07-14-kl.-15.30.38-1024x887.png","datePublished":"2023-07-14T13:47:40+00:00","dateModified":"2025-02-18T15:32:22+00:00","breadcrumb":{"@id":"https:\/\/hoyre.no\/voss\/valprogram-2023-2027\/#breadcrumb"},"inLanguage":"nn-NO","potentialAction":[{"@type":"ReadAction","target":["https:\/\/hoyre.no\/voss\/valprogram-2023-2027\/"]}]},{"@type":"ImageObject","inLanguage":"nn-NO","@id":"https:\/\/hoyre.no\/voss\/valprogram-2023-2027\/#primaryimage","url":"https:\/\/hoyre.no\/content\/uploads\/sites\/311\/2023\/07\/Skjermbilde-2023-07-14-kl.-15.30.38-1024x887.png","contentUrl":"https:\/\/hoyre.no\/content\/uploads\/sites\/311\/2023\/07\/Skjermbilde-2023-07-14-kl.-15.30.38-1024x887.png"},{"@type":"BreadcrumbList","@id":"https:\/\/hoyre.no\/voss\/valprogram-2023-2027\/#breadcrumb","itemListElement":[{"@type":"ListItem","position":1,"name":"Til hoyre.no","item":"https:\/\/hoyre.no"},{"@type":"ListItem","position":2,"name":"Hjem","item":"https:\/\/hoyre.no\/voss\/"},{"@type":"ListItem","position":3,"name":"Valprogram 2023-2027"}]},{"@type":"WebSite","@id":"https:\/\/hoyre.no\/voss\/#website","url":"https:\/\/hoyre.no\/voss\/","name":"Voss H\u00f8gre","description":"Bare enda et H\u00f8yres nettsteder-nettsted","inLanguage":"nn-NO"}]}},"distributor_meta":false,"distributor_terms":false,"distributor_media":false,"distributor_original_site_name":"Voss H\u00f8gre","distributor_original_site_url":"https:\/\/hoyre.no\/voss","push-errors":false,"_links":{"self":[{"href":"https:\/\/hoyre.no\/voss\/wp-json\/wp\/v2\/pages\/59","targetHints":{"allow":["GET"]}}],"collection":[{"href":"https:\/\/hoyre.no\/voss\/wp-json\/wp\/v2\/pages"}],"about":[{"href":"https:\/\/hoyre.no\/voss\/wp-json\/wp\/v2\/types\/page"}],"author":[{"embeddable":true,"href":"https:\/\/hoyre.no\/voss\/wp-json\/wp\/v2\/users\/29319"}],"replies":[{"embeddable":true,"href":"https:\/\/hoyre.no\/voss\/wp-json\/wp\/v2\/comments?post=59"}],"version-history":[{"count":9,"href":"https:\/\/hoyre.no\/voss\/wp-json\/wp\/v2\/pages\/59\/revisions"}],"predecessor-version":[{"id":99,"href":"https:\/\/hoyre.no\/voss\/wp-json\/wp\/v2\/pages\/59\/revisions\/99"}],"wp:attachment":[{"href":"https:\/\/hoyre.no\/voss\/wp-json\/wp\/v2\/media?parent=59"}],"curies":[{"name":"wp","href":"https:\/\/api.w.org\/{rel}","templated":true}]}}